{"id":2855,"date":"2026-02-25T11:47:39","date_gmt":"2026-02-25T10:47:39","guid":{"rendered":"http:\/\/fundaciomallorcaturisme.net\/destinos\/serra-de-tramuntana\/pollenca\/"},"modified":"2026-02-25T11:48:56","modified_gmt":"2026-02-25T10:48:56","slug":"pollenca","status":"publish","type":"page","link":"https:\/\/fundaciomallorcaturisme.net\/en\/destinations\/serra-de-tramuntana\/pollenca\/","title":{"rendered":"Pollen\u00e7a"},"content":{"rendered":"","protected":false},"excerpt":{"rendered":"","protected":false},"author":1,"featured_media":1010,"parent":2804,"menu_order":0,"comment_status":"open","ping_status":"open","template":"page-templates\/contenido_flexible.php","meta":{"_acf_changed":false,"footnotes":""},"class_list":["post-2855","page","type-page","status-publish","has-post-thumbnail","hentry"],"acf":{"contenido_flexible":[{"acf_fc_layout":"cabecera","titulo":"<h1>Pollen\u00e7a<\/h1>","titulo_grande":false,"subtitulo":"","texto":"","enlace":"","flecha_abajo":false,"tiene_video":false,"video":"","imagenx1":1010,"imagenx2":1010,"logos":[]},{"acf_fc_layout":"texto_simple","pretitulo":"","titulo":"","texto":"<p>Pollen\u00e7a, Puerto de Pollen\u00e7a, Cala San\u00a0Vicente\u00a0y Formentor constituyen una de las zonas m\u00e1s bellas de nuestra isla y, sin lugar a dudas, un <strong>lugar <\/strong>muy <strong>atractivo <\/strong>para\u00a0visitar en cualquier \u00e9poca del a\u00f1o.<\/p>\n<p>Pollen\u00e7a tiene una bah\u00eda de aguas tranquilas, con <strong>playas c\u00f3modas<\/strong>\u00a0y, al mismo tiempo,\u00a0<strong>peque\u00f1as calas<\/strong> de aguas\u00a0transparentes como cala B\u00f3quer, cala Figuera o cala Murta. Tambi\u00e9n tiene <strong>peque\u00f1as colinas<\/strong> como la\u00a0del Calvari, la\u00a0de Santu\u00efri, el monte de Maria o el de Almadraba y <strong>monta\u00f1as de altura<\/strong> considerable, como el Tomir, el monte Gros de Ternelles o el monte de Ca, entre los cuales podemos encontrar rincones paradis\u00edacos como la Cala San\u00a0Vicente\u00a0y Formentor.<\/p>\n<p>Pero el sol y la playa no son los \u00fanicos alicientes. El t\u00e9rmino municipal cuenta con una gran diversidad de <strong>h\u00e1bitats litorales<\/strong> de diferentes tipolog\u00edas \u2014arenosos, pedregosos, de acantilados, islotes costeros, zonas h\u00famedas (la\u00a0Albufereta y la Gola), sistemas agr\u00edcolas (cereales, olivares...), pastos naturales, chaparral, pinares, encinares y zonas de alta monta\u00f1a\u2014, que proporcionan una <strong>diversidad elevada<\/strong> de comunidades vegetales que favorecen la presencia de una numerosa variedad de especies de p\u00e1jaros. Si a todo eso le\u00a0sumamos que el t\u00e9rmino est\u00e1 estrat\u00e9gicamente situado justo en medio de las principales rutas migratorias, el resultado es que es <strong>uno de los mejores lugares<\/strong> de las Islas Baleares para acoger una <a href=\"https:\/\/www.pollensa.com\/es\/que-hacer\/ornitologia\">fauna ornitol\u00f3gica<\/a> excelente.<\/p>\n<p>Las rutas de <a href=\"https:\/\/www.pollensa.com\/es\/que-hacer\/senderismo\">senderismo <\/a>y de <a href=\"https:\/\/www.pollensa.com\/es\/que-hacer\/cicloturismo\">cicloturismo <\/a>en Pollen\u00e7a son una parte importante de la visita.<\/p>\n<p>La villa de <a href=\"https:\/\/www.pollensa.com\/es\/\">Pollen\u00e7a <\/a>tambi\u00e9n ofrece un atractivo especial, que se puede descubrir haciendo un recorrido por el <strong>n\u00facleo urbano<\/strong>: la tradici\u00f3n, la historia, la arquitectura y la cultura son algunos de los ingredientes b\u00e1sicos que ofrece al visitante. <strong>Sitios emblem\u00e1ticos<\/strong> como el Calvari o el Puente Romano, las interesantes colecciones del Museo, el Festival de Pollen\u00e7a o numerosas exposiciones de arte llenan\u00a0de atractivo la visita al n\u00facleo de Pollen\u00e7a.<\/p>\n<p><strong>Formentor <\/strong>ha sido escenario de inspiraci\u00f3n de artistas, con el mirador del Colomer, la playa de Formentor y, por descontado, el faro, situado en el cabo\u00a0de Formentor. Esta pen\u00ednsula est\u00e1 constituida por las \u00faltimas monta\u00f1as\u00a0de la sierra de Tramuntana y ofrece calas y rincones de <strong>gran belleza<\/strong>.\u00a0<\/p>","cta":"","2_columnas":false,"color_de_fondo":""}]},"yoast_head":"<!-- This site is optimized with the Yoast SEO plugin v27.7 - https:\/\/yoast.com\/product\/yoast-seo-wordpress\/ -->\n<title>Pollen\u00e7a - Consell de Mallorca<\/title>\n<meta name=\"robots\" content=\"index, follow, max-snippet:-1, max-image-preview:large, max-video-preview:-1\" \/>\n<link rel=\"canonical\" href=\"https:\/\/fundaciomallorcaturisme.net\/en\/destinations\/serra-de-tramuntana\/pollenca\/\" \/>\n<meta property=\"og:locale\" content=\"en_US\" \/>\n<meta property=\"og:type\" content=\"article\" \/>\n<meta property=\"og:title\" content=\"Pollen\u00e7a - Consell de Mallorca\" \/>\n<meta property=\"og:url\" content=\"https:\/\/fundaciomallorcaturisme.net\/en\/destinations\/serra-de-tramuntana\/pollenca\/\" \/>\n<meta property=\"og:site_name\" content=\"Consell de Mallorca\" \/>\n<meta property=\"article:publisher\" content=\"https:\/\/www.facebook.com\/ConselldeMca\/\" \/>\n<meta property=\"article:modified_time\" content=\"2026-02-25T10:48:56+00:00\" \/>\n<meta property=\"og:image\" content=\"https:\/\/fundaciomallorcaturisme.net\/wp-content\/uploads\/2026\/02\/687ca625-b4f8-ded7-a5c7-443f9cb82e51.jpg\" \/>\n\t<meta property=\"og:image:width\" content=\"825\" \/>\n\t<meta property=\"og:image:height\" content=\"463\" \/>\n\t<meta property=\"og:image:type\" content=\"image\/jpeg\" \/>\n<meta name=\"twitter:card\" content=\"summary_large_image\" \/>\n<meta name=\"twitter:site\" content=\"@ConselldeMca\" \/>\n<script type=\"application\/ld+json\" class=\"yoast-schema-graph\">{\"@context\":\"https:\\\/\\\/schema.org\",\"@graph\":[{\"@type\":\"WebPage\",\"@id\":\"https:\\\/\\\/fundaciomallorcaturisme.net\\\/en\\\/destinations\\\/serra-de-tramuntana\\\/pollenca\\\/\",\"url\":\"https:\\\/\\\/fundaciomallorcaturisme.net\\\/en\\\/destinations\\\/serra-de-tramuntana\\\/pollenca\\\/\",\"name\":\"Pollen\u00e7a - Consell de Mallorca\",\"isPartOf\":{\"@id\":\"https:\\\/\\\/fundaciomallorcaturisme.net\\\/en\\\/#website\"},\"primaryImageOfPage\":{\"@id\":\"https:\\\/\\\/fundaciomallorcaturisme.net\\\/en\\\/destinations\\\/serra-de-tramuntana\\\/pollenca\\\/#primaryimage\"},\"image\":{\"@id\":\"https:\\\/\\\/fundaciomallorcaturisme.net\\\/en\\\/destinations\\\/serra-de-tramuntana\\\/pollenca\\\/#primaryimage\"},\"thumbnailUrl\":\"https:\\\/\\\/fundaciomallorcaturisme.net\\\/wp-content\\\/uploads\\\/2026\\\/02\\\/687ca625-b4f8-ded7-a5c7-443f9cb82e51.jpg\",\"datePublished\":\"2026-02-25T10:47:39+00:00\",\"dateModified\":\"2026-02-25T10:48:56+00:00\",\"breadcrumb\":{\"@id\":\"https:\\\/\\\/fundaciomallorcaturisme.net\\\/en\\\/destinations\\\/serra-de-tramuntana\\\/pollenca\\\/#breadcrumb\"},\"inLanguage\":\"en-US\",\"potentialAction\":[{\"@type\":\"ReadAction\",\"target\":[\"https:\\\/\\\/fundaciomallorcaturisme.net\\\/en\\\/destinations\\\/serra-de-tramuntana\\\/pollenca\\\/\"]}]},{\"@type\":\"ImageObject\",\"inLanguage\":\"en-US\",\"@id\":\"https:\\\/\\\/fundaciomallorcaturisme.net\\\/en\\\/destinations\\\/serra-de-tramuntana\\\/pollenca\\\/#primaryimage\",\"url\":\"https:\\\/\\\/fundaciomallorcaturisme.net\\\/wp-content\\\/uploads\\\/2026\\\/02\\\/687ca625-b4f8-ded7-a5c7-443f9cb82e51.jpg\",\"contentUrl\":\"https:\\\/\\\/fundaciomallorcaturisme.net\\\/wp-content\\\/uploads\\\/2026\\\/02\\\/687ca625-b4f8-ded7-a5c7-443f9cb82e51.jpg\",\"width\":825,\"height\":463},{\"@type\":\"BreadcrumbList\",\"@id\":\"https:\\\/\\\/fundaciomallorcaturisme.net\\\/en\\\/destinations\\\/serra-de-tramuntana\\\/pollenca\\\/#breadcrumb\",\"itemListElement\":[{\"@type\":\"ListItem\",\"position\":1,\"name\":\"Home\",\"item\":\"https:\\\/\\\/fundaciomallorcaturisme.net\\\/en\\\/\"},{\"@type\":\"ListItem\",\"position\":2,\"name\":\"Destinations\",\"item\":\"https:\\\/\\\/fundaciomallorcaturisme.net\\\/en\\\/destinations\\\/\"},{\"@type\":\"ListItem\",\"position\":3,\"name\":\"Serra de Tramuntana\",\"item\":\"https:\\\/\\\/fundaciomallorcaturisme.net\\\/en\\\/destinations\\\/serra-de-tramuntana\\\/\"},{\"@type\":\"ListItem\",\"position\":4,\"name\":\"Pollen\u00e7a\"}]},{\"@type\":\"WebSite\",\"@id\":\"https:\\\/\\\/fundaciomallorcaturisme.net\\\/en\\\/#website\",\"url\":\"https:\\\/\\\/fundaciomallorcaturisme.net\\\/en\\\/\",\"name\":\"Consell de Mallorca\",\"description\":\"\",\"publisher\":{\"@id\":\"https:\\\/\\\/fundaciomallorcaturisme.net\\\/en\\\/#organization\"},\"alternateName\":\"Mallorca Turisme\",\"potentialAction\":[{\"@type\":\"SearchAction\",\"target\":{\"@type\":\"EntryPoint\",\"urlTemplate\":\"https:\\\/\\\/fundaciomallorcaturisme.net\\\/en\\\/?s={search_term_string}\"},\"query-input\":{\"@type\":\"PropertyValueSpecification\",\"valueRequired\":true,\"valueName\":\"search_term_string\"}}],\"inLanguage\":\"en-US\"},{\"@type\":\"Organization\",\"@id\":\"https:\\\/\\\/fundaciomallorcaturisme.net\\\/en\\\/#organization\",\"name\":\"Consell de Mallorca\",\"alternateName\":\"Mallorca Turisme\",\"url\":\"https:\\\/\\\/fundaciomallorcaturisme.net\\\/en\\\/\",\"logo\":{\"@type\":\"ImageObject\",\"inLanguage\":\"en-US\",\"@id\":\"https:\\\/\\\/fundaciomallorcaturisme.net\\\/en\\\/#\\\/schema\\\/logo\\\/image\\\/\",\"url\":\"http:\\\/\\\/fundaciomallorcaturisme.net\\\/wp-content\\\/uploads\\\/2026\\\/03\\\/logo.webp\",\"contentUrl\":\"http:\\\/\\\/fundaciomallorcaturisme.net\\\/wp-content\\\/uploads\\\/2026\\\/03\\\/logo.webp\",\"width\":696,\"height\":570,\"caption\":\"Consell de Mallorca\"},\"image\":{\"@id\":\"https:\\\/\\\/fundaciomallorcaturisme.net\\\/en\\\/#\\\/schema\\\/logo\\\/image\\\/\"},\"sameAs\":[\"https:\\\/\\\/www.facebook.com\\\/ConselldeMca\\\/\",\"https:\\\/\\\/x.com\\\/ConselldeMca\",\"https:\\\/\\\/www.instagram.com\\\/conselldemca\\\/\",\"https:\\\/\\\/www.youtube.com\\\/user\\\/conselldemallorca\"]}]}<\/script>\n<!-- \/ Yoast SEO plugin. -->","yoast_head_json":{"title":"Pollen\u00e7a - Consell de Mallorca","robots":{"index":"index","follow":"follow","max-snippet":"max-snippet:-1","max-image-preview":"max-image-preview:large","max-video-preview":"max-video-preview:-1"},"canonical":"https:\/\/fundaciomallorcaturisme.net\/en\/destinations\/serra-de-tramuntana\/pollenca\/","og_locale":"en_US","og_type":"article","og_title":"Pollen\u00e7a - Consell de Mallorca","og_url":"https:\/\/fundaciomallorcaturisme.net\/en\/destinations\/serra-de-tramuntana\/pollenca\/","og_site_name":"Consell de Mallorca","article_publisher":"https:\/\/www.facebook.com\/ConselldeMca\/","article_modified_time":"2026-02-25T10:48:56+00:00","og_image":[{"width":825,"height":463,"url":"https:\/\/fundaciomallorcaturisme.net\/wp-content\/uploads\/2026\/02\/687ca625-b4f8-ded7-a5c7-443f9cb82e51.jpg","type":"image\/jpeg"}],"twitter_card":"summary_large_image","twitter_site":"@ConselldeMca","schema":{"@context":"https:\/\/schema.org","@graph":[{"@type":"WebPage","@id":"https:\/\/fundaciomallorcaturisme.net\/en\/destinations\/serra-de-tramuntana\/pollenca\/","url":"https:\/\/fundaciomallorcaturisme.net\/en\/destinations\/serra-de-tramuntana\/pollenca\/","name":"Pollen\u00e7a - Consell de Mallorca","isPartOf":{"@id":"https:\/\/fundaciomallorcaturisme.net\/en\/#website"},"primaryImageOfPage":{"@id":"https:\/\/fundaciomallorcaturisme.net\/en\/destinations\/serra-de-tramuntana\/pollenca\/#primaryimage"},"image":{"@id":"https:\/\/fundaciomallorcaturisme.net\/en\/destinations\/serra-de-tramuntana\/pollenca\/#primaryimage"},"thumbnailUrl":"https:\/\/fundaciomallorcaturisme.net\/wp-content\/uploads\/2026\/02\/687ca625-b4f8-ded7-a5c7-443f9cb82e51.jpg","datePublished":"2026-02-25T10:47:39+00:00","dateModified":"2026-02-25T10:48:56+00:00","breadcrumb":{"@id":"https:\/\/fundaciomallorcaturisme.net\/en\/destinations\/serra-de-tramuntana\/pollenca\/#breadcrumb"},"inLanguage":"en-US","potentialAction":[{"@type":"ReadAction","target":["https:\/\/fundaciomallorcaturisme.net\/en\/destinations\/serra-de-tramuntana\/pollenca\/"]}]},{"@type":"ImageObject","inLanguage":"en-US","@id":"https:\/\/fundaciomallorcaturisme.net\/en\/destinations\/serra-de-tramuntana\/pollenca\/#primaryimage","url":"https:\/\/fundaciomallorcaturisme.net\/wp-content\/uploads\/2026\/02\/687ca625-b4f8-ded7-a5c7-443f9cb82e51.jpg","contentUrl":"https:\/\/fundaciomallorcaturisme.net\/wp-content\/uploads\/2026\/02\/687ca625-b4f8-ded7-a5c7-443f9cb82e51.jpg","width":825,"height":463},{"@type":"BreadcrumbList","@id":"https:\/\/fundaciomallorcaturisme.net\/en\/destinations\/serra-de-tramuntana\/pollenca\/#breadcrumb","itemListElement":[{"@type":"ListItem","position":1,"name":"Home","item":"https:\/\/fundaciomallorcaturisme.net\/en\/"},{"@type":"ListItem","position":2,"name":"Destinations","item":"https:\/\/fundaciomallorcaturisme.net\/en\/destinations\/"},{"@type":"ListItem","position":3,"name":"Serra de Tramuntana","item":"https:\/\/fundaciomallorcaturisme.net\/en\/destinations\/serra-de-tramuntana\/"},{"@type":"ListItem","position":4,"name":"Pollen\u00e7a"}]},{"@type":"WebSite","@id":"https:\/\/fundaciomallorcaturisme.net\/en\/#website","url":"https:\/\/fundaciomallorcaturisme.net\/en\/","name":"Consell de Mallorca","description":"","publisher":{"@id":"https:\/\/fundaciomallorcaturisme.net\/en\/#organization"},"alternateName":"Mallorca Turisme","potentialAction":[{"@type":"SearchAction","target":{"@type":"EntryPoint","urlTemplate":"https:\/\/fundaciomallorcaturisme.net\/en\/?s={search_term_string}"},"query-input":{"@type":"PropertyValueSpecification","valueRequired":true,"valueName":"search_term_string"}}],"inLanguage":"en-US"},{"@type":"Organization","@id":"https:\/\/fundaciomallorcaturisme.net\/en\/#organization","name":"Consell de Mallorca","alternateName":"Mallorca Turisme","url":"https:\/\/fundaciomallorcaturisme.net\/en\/","logo":{"@type":"ImageObject","inLanguage":"en-US","@id":"https:\/\/fundaciomallorcaturisme.net\/en\/#\/schema\/logo\/image\/","url":"http:\/\/fundaciomallorcaturisme.net\/wp-content\/uploads\/2026\/03\/logo.webp","contentUrl":"http:\/\/fundaciomallorcaturisme.net\/wp-content\/uploads\/2026\/03\/logo.webp","width":696,"height":570,"caption":"Consell de Mallorca"},"image":{"@id":"https:\/\/fundaciomallorcaturisme.net\/en\/#\/schema\/logo\/image\/"},"sameAs":["https:\/\/www.facebook.com\/ConselldeMca\/","https:\/\/x.com\/ConselldeMca","https:\/\/www.instagram.com\/conselldemca\/","https:\/\/www.youtube.com\/user\/conselldemallorca"]}]}},"_links":{"self":[{"href":"https:\/\/fundaciomallorcaturisme.net\/en\/wp-json\/wp\/v2\/pages\/2855","targetHints":{"allow":["GET"]}}],"collection":[{"href":"https:\/\/fundaciomallorcaturisme.net\/en\/wp-json\/wp\/v2\/pages"}],"about":[{"href":"https:\/\/fundaciomallorcaturisme.net\/en\/wp-json\/wp\/v2\/types\/page"}],"author":[{"embeddable":true,"href":"https:\/\/fundaciomallorcaturisme.net\/en\/wp-json\/wp\/v2\/users\/1"}],"replies":[{"embeddable":true,"href":"https:\/\/fundaciomallorcaturisme.net\/en\/wp-json\/wp\/v2\/comments?post=2855"}],"version-history":[{"count":0,"href":"https:\/\/fundaciomallorcaturisme.net\/en\/wp-json\/wp\/v2\/pages\/2855\/revisions"}],"up":[{"embeddable":true,"href":"https:\/\/fundaciomallorcaturisme.net\/en\/wp-json\/wp\/v2\/pages\/2804"}],"wp:featuredmedia":[{"embeddable":true,"href":"https:\/\/fundaciomallorcaturisme.net\/en\/wp-json\/wp\/v2\/media\/1010"}],"wp:attachment":[{"href":"https:\/\/fundaciomallorcaturisme.net\/en\/wp-json\/wp\/v2\/media?parent=2855"}],"curies":[{"name":"wp","href":"https:\/\/api.w.org\/{rel}","templated":true}]}}