{"id":2205,"date":"2026-02-09T17:57:27","date_gmt":"2026-02-09T16:57:27","guid":{"rendered":"http:\/\/fundaciomallorcaturisme.net\/summit\/"},"modified":"2026-04-09T14:01:34","modified_gmt":"2026-04-09T12:01:34","slug":"summit","status":"publish","type":"page","link":"https:\/\/fundaciomallorcaturisme.net\/en\/summit\/","title":{"rendered":"Summit"},"content":{"rendered":"","protected":false},"excerpt":{"rendered":"","protected":false},"author":1,"featured_media":0,"parent":0,"menu_order":0,"comment_status":"closed","ping_status":"closed","template":"page-templates\/contenido_flexible.php","meta":{"_acf_changed":false,"footnotes":""},"class_list":["post-2205","page","type-page","status-publish","hentry"],"acf":{"contenido_flexible":[{"acf_fc_layout":"cabecera","titulo":"<h1>Mallorca Sustainable Destinations Summit<\/h1>","titulo_grande":false,"subtitulo":"Leading the global conversation on the future of sustainable tourism","texto":"<strong>Mallorca<\/strong> periodically becomes the <strong>meeting point<\/strong> for the world's leading experts to <strong>debate, share, and design<\/strong> the <strong>strategies<\/strong> that will <strong>transform tourism<\/strong> into a driving force for the global common good.","enlace":"","flecha_abajo":true,"tiene_video":false,"video":null,"imagenx1":654,"imagenx2":655,"logos":""},{"acf_fc_layout":"texto_con_imagen","pretitulo":"What is the Summit?","titulo":"An international benchmark <span>in responsible tourism<\/span>","subtitulo":"","texto":"<strong>Organised by the Mallorca Tourism Foundation<\/strong>, in collaboration with the Consell de Mallorca and the Sustainable Tourism Observatory (STO Mallorca), this event has the strategic support of UN Tourism.\r\n\r\n<strong>The Summit was created with the aim of being a space for the exchange of disruptive ideas and practical solutions<\/strong>, consolidating our island as a living laboratory for sustainability and a role model for other international destinations.","cta":"","imagen":658,"tiene_video":true,"enlace_video":{"title":"ver v\u00eddeo","url":"https:\/\/www.youtube.com\/watch?v=Fa2kB51Cq5k","target":"_blank"},"logos":"","color_de_fondo":"#ffffff","texto_en_blanco":false,"son_enlaces":false,"elementos":null,"imagen_izquierda":false,"margen_superior":60,"margen_inferior":""},{"acf_fc_layout":"texto_con_imagen","pretitulo":"Objectives and purpose","titulo":"<span>Transforming tourism<\/span> into a force for change","subtitulo":"","texto":"The <strong>main objective of the Summit<\/strong> is to facilitate a <strong>practical exchange of successful strategies and impactful experiences<\/strong> between opinion leaders and decision-makers. We focus on three fundamental pillars:","cta":"","imagen":668,"tiene_video":false,"enlace_video":null,"logos":"","color_de_fondo":"#ffffff","texto_en_blanco":false,"son_enlaces":false,"elementos":[{"enlace":null,"icono":669,"titulo":"Strategic leadership","descripcion":"We bring together high-level experts from across the tourism industry and allied sectors.","color_de_fondo":"#365abd","texto_blanco":false},{"enlace":null,"icono":670,"titulo":"Evidence and science","descripcion":"We analyse real data to guide the transformation process towards sustainability.","color_de_fondo":"#365abd","texto_blanco":false},{"enlace":null,"icono":671,"titulo":"Sinergia global","descripcion":"Fomentamos la colaboraci\u00f3n internacional para afrontar los retos ambientales y sociales del sector.","color_de_fondo":"#365abd","texto_blanco":false}],"imagen_izquierda":true,"margen_superior":"","margen_inferior":""},{"acf_fc_layout":"grid_elementos_flexible","pretitulo":"An immersive programme","titulo":"Beyond the conferences","texto":"The <strong>Summit is designed to generate knowledge<\/strong> both inside and<br> outside the debate rooms. Its usual structure includes:","texto_secundario":"","cta":"","logos":"","alineacion":"centrado","elementos":[{"icono":675,"titulo":"Panels and interviews","enlace":"","descripcion":"In-depth debates on the role of destinations in sustainable transformation.","color_de_fondo":"#ffffff","texto_blanco":false},{"icono":676,"titulo":"Mallorca Responsible\u2028Tourism Week","enlace":"","descripcion":"A week dedicated to responsible tourism, creating synergies with other science and environmental film forums.","color_de_fondo":"#ffffff","texto_blanco":false},{"icono":677,"titulo":"Technical visits programme","enlace":"","descripcion":"An opportunity for speakers and participants to discover successful local projects on the island first-hand.","color_de_fondo":"#ffffff","texto_blanco":false}],"estilo":"centrado","color_de_fondo":"#365abd","texto_blanco":true,"ilustracion":692},{"acf_fc_layout":"blog","pretitulo":"Next events","titulo":"Upcoming editions and updates","enlace":{"title":"Latest News","url":"http:\/\/fundaciomallorcaturisme.net\/en\/blog\/","target":""}},{"acf_fc_layout":"texto_full","texto":"viumallorca"},{"acf_fc_layout":"grid_elementos_flexible","pretitulo":"Design your perfect trip","titulo":"Have you chosen a <span>destination yet?<\/span>","texto":"We want your experience in Mallorca to be perfect from the very first moment. Here you will find everything from how to get here and where to stay, to practical documentation and the means of transport available to you.","texto_secundario":"","cta":"","logos":"","alineacion":"izquierda","elementos":[{"icono":"","titulo":"How to get there and get around the island","enlace":"http:\/\/fundaciomallorcaturisme.net\/en\/plan\/transport\/","descripcion":"","color_de_fondo":"#9bcbeb","texto_blanco":true},{"icono":"","titulo":"Find the ideal accommodation","enlace":"http:\/\/fundaciomallorcaturisme.net\/en\/plan\/accommodation\/","descripcion":"","color_de_fondo":"#ef9600","texto_blanco":false},{"icono":"","titulo":"Travel by ferry and bus","enlace":"http:\/\/fundaciomallorcaturisme.net\/en\/plan\/transport\/","descripcion":"","color_de_fondo":"#365abd","texto_blanco":true},{"icono":"","titulo":"Practical information","enlace":"http:\/\/fundaciomallorcaturisme.net\/en\/plan\/practical-information\/","descripcion":"","color_de_fondo":"#ffc600","texto_blanco":false}],"estilo":"fila","color_de_fondo":"","texto_blanco":false,"ilustracion":""}]},"yoast_head":"<!-- This site is optimized with the Yoast SEO plugin v27.7 - https:\/\/yoast.com\/product\/yoast-seo-wordpress\/ -->\n<title>Mallorca Tourism Summit | Fundaci\u00f3n Turismo Responsable<\/title>\n<meta name=\"description\" content=\"Mallorca es punto de encuentro internacional sobre sostenibilidad e innovaci\u00f3n tur\u00edstica. El futuro del sector en el Mallorca Tourism Summit.\" \/>\n<meta name=\"robots\" content=\"index, follow, max-snippet:-1, max-image-preview:large, max-video-preview:-1\" \/>\n<link rel=\"canonical\" href=\"https:\/\/fundaciomallorcaturisme.net\/en\/summit\/\" \/>\n<meta property=\"og:locale\" content=\"en_US\" \/>\n<meta property=\"og:type\" content=\"article\" \/>\n<meta property=\"og:title\" content=\"Mallorca Tourism Summit | Fundaci\u00f3n Turismo Responsable\" \/>\n<meta property=\"og:description\" content=\"Mallorca es punto de encuentro internacional sobre sostenibilidad e innovaci\u00f3n tur\u00edstica. El futuro del sector en el Mallorca Tourism Summit.\" \/>\n<meta property=\"og:url\" content=\"https:\/\/fundaciomallorcaturisme.net\/en\/summit\/\" \/>\n<meta property=\"og:site_name\" content=\"Consell de Mallorca\" \/>\n<meta property=\"article:publisher\" content=\"https:\/\/www.facebook.com\/ConselldeMca\/\" \/>\n<meta property=\"article:modified_time\" content=\"2026-04-09T12:01:34+00:00\" \/>\n<meta property=\"og:image\" content=\"https:\/\/fundaciomallorcaturisme.net\/wp-content\/uploads\/2026\/02\/planificax2.jpg\" \/>\n\t<meta property=\"og:image:width\" content=\"1346\" \/>\n\t<meta property=\"og:image:height\" content=\"1094\" \/>\n\t<meta property=\"og:image:type\" content=\"image\/jpeg\" \/>\n<meta name=\"twitter:card\" content=\"summary_large_image\" \/>\n<meta name=\"twitter:site\" content=\"@ConselldeMca\" \/>\n<script type=\"application\/ld+json\" class=\"yoast-schema-graph\">{\"@context\":\"https:\\\/\\\/schema.org\",\"@graph\":[{\"@type\":\"WebPage\",\"@id\":\"https:\\\/\\\/fundaciomallorcaturisme.net\\\/en\\\/summit\\\/\",\"url\":\"https:\\\/\\\/fundaciomallorcaturisme.net\\\/en\\\/summit\\\/\",\"name\":\"Mallorca Tourism Summit | Fundaci\u00f3n Turismo Responsable\",\"isPartOf\":{\"@id\":\"https:\\\/\\\/fundaciomallorcaturisme.net\\\/en\\\/#website\"},\"datePublished\":\"2026-02-09T16:57:27+00:00\",\"dateModified\":\"2026-04-09T12:01:34+00:00\",\"description\":\"Mallorca es punto de encuentro internacional sobre sostenibilidad e innovaci\u00f3n tur\u00edstica. El futuro del sector en el Mallorca Tourism Summit.\",\"breadcrumb\":{\"@id\":\"https:\\\/\\\/fundaciomallorcaturisme.net\\\/en\\\/summit\\\/#breadcrumb\"},\"inLanguage\":\"en-US\",\"potentialAction\":[{\"@type\":\"ReadAction\",\"target\":[\"https:\\\/\\\/fundaciomallorcaturisme.net\\\/en\\\/summit\\\/\"]}]},{\"@type\":\"BreadcrumbList\",\"@id\":\"https:\\\/\\\/fundaciomallorcaturisme.net\\\/en\\\/summit\\\/#breadcrumb\",\"itemListElement\":[{\"@type\":\"ListItem\",\"position\":1,\"name\":\"Home\",\"item\":\"https:\\\/\\\/fundaciomallorcaturisme.net\\\/en\\\/\"},{\"@type\":\"ListItem\",\"position\":2,\"name\":\"Summit\"}]},{\"@type\":\"WebSite\",\"@id\":\"https:\\\/\\\/fundaciomallorcaturisme.net\\\/en\\\/#website\",\"url\":\"https:\\\/\\\/fundaciomallorcaturisme.net\\\/en\\\/\",\"name\":\"Consell de Mallorca\",\"description\":\"\",\"publisher\":{\"@id\":\"https:\\\/\\\/fundaciomallorcaturisme.net\\\/en\\\/#organization\"},\"alternateName\":\"Mallorca Turisme\",\"potentialAction\":[{\"@type\":\"SearchAction\",\"target\":{\"@type\":\"EntryPoint\",\"urlTemplate\":\"https:\\\/\\\/fundaciomallorcaturisme.net\\\/en\\\/?s={search_term_string}\"},\"query-input\":{\"@type\":\"PropertyValueSpecification\",\"valueRequired\":true,\"valueName\":\"search_term_string\"}}],\"inLanguage\":\"en-US\"},{\"@type\":\"Organization\",\"@id\":\"https:\\\/\\\/fundaciomallorcaturisme.net\\\/en\\\/#organization\",\"name\":\"Consell de Mallorca\",\"alternateName\":\"Mallorca Turisme\",\"url\":\"https:\\\/\\\/fundaciomallorcaturisme.net\\\/en\\\/\",\"logo\":{\"@type\":\"ImageObject\",\"inLanguage\":\"en-US\",\"@id\":\"https:\\\/\\\/fundaciomallorcaturisme.net\\\/en\\\/#\\\/schema\\\/logo\\\/image\\\/\",\"url\":\"http:\\\/\\\/fundaciomallorcaturisme.net\\\/wp-content\\\/uploads\\\/2026\\\/03\\\/logo.webp\",\"contentUrl\":\"http:\\\/\\\/fundaciomallorcaturisme.net\\\/wp-content\\\/uploads\\\/2026\\\/03\\\/logo.webp\",\"width\":696,\"height\":570,\"caption\":\"Consell de Mallorca\"},\"image\":{\"@id\":\"https:\\\/\\\/fundaciomallorcaturisme.net\\\/en\\\/#\\\/schema\\\/logo\\\/image\\\/\"},\"sameAs\":[\"https:\\\/\\\/www.facebook.com\\\/ConselldeMca\\\/\",\"https:\\\/\\\/x.com\\\/ConselldeMca\",\"https:\\\/\\\/www.instagram.com\\\/conselldemca\\\/\",\"https:\\\/\\\/www.youtube.com\\\/user\\\/conselldemallorca\"]}]}<\/script>\n<!-- \/ Yoast SEO plugin. -->","yoast_head_json":{"title":"Mallorca Tourism Summit | Fundaci\u00f3n Turismo Responsable","description":"Mallorca es punto de encuentro internacional sobre sostenibilidad e innovaci\u00f3n tur\u00edstica. El futuro del sector en el Mallorca Tourism Summit.","robots":{"index":"index","follow":"follow","max-snippet":"max-snippet:-1","max-image-preview":"max-image-preview:large","max-video-preview":"max-video-preview:-1"},"canonical":"https:\/\/fundaciomallorcaturisme.net\/en\/summit\/","og_locale":"en_US","og_type":"article","og_title":"Mallorca Tourism Summit | Fundaci\u00f3n Turismo Responsable","og_description":"Mallorca es punto de encuentro internacional sobre sostenibilidad e innovaci\u00f3n tur\u00edstica. El futuro del sector en el Mallorca Tourism Summit.","og_url":"https:\/\/fundaciomallorcaturisme.net\/en\/summit\/","og_site_name":"Consell de Mallorca","article_publisher":"https:\/\/www.facebook.com\/ConselldeMca\/","article_modified_time":"2026-04-09T12:01:34+00:00","og_image":[{"width":1346,"height":1094,"url":"https:\/\/fundaciomallorcaturisme.net\/wp-content\/uploads\/2026\/02\/planificax2.jpg","type":"image\/jpeg"}],"twitter_card":"summary_large_image","twitter_site":"@ConselldeMca","schema":{"@context":"https:\/\/schema.org","@graph":[{"@type":"WebPage","@id":"https:\/\/fundaciomallorcaturisme.net\/en\/summit\/","url":"https:\/\/fundaciomallorcaturisme.net\/en\/summit\/","name":"Mallorca Tourism Summit | Fundaci\u00f3n Turismo Responsable","isPartOf":{"@id":"https:\/\/fundaciomallorcaturisme.net\/en\/#website"},"datePublished":"2026-02-09T16:57:27+00:00","dateModified":"2026-04-09T12:01:34+00:00","description":"Mallorca es punto de encuentro internacional sobre sostenibilidad e innovaci\u00f3n tur\u00edstica. El futuro del sector en el Mallorca Tourism Summit.","breadcrumb":{"@id":"https:\/\/fundaciomallorcaturisme.net\/en\/summit\/#breadcrumb"},"inLanguage":"en-US","potentialAction":[{"@type":"ReadAction","target":["https:\/\/fundaciomallorcaturisme.net\/en\/summit\/"]}]},{"@type":"BreadcrumbList","@id":"https:\/\/fundaciomallorcaturisme.net\/en\/summit\/#breadcrumb","itemListElement":[{"@type":"ListItem","position":1,"name":"Home","item":"https:\/\/fundaciomallorcaturisme.net\/en\/"},{"@type":"ListItem","position":2,"name":"Summit"}]},{"@type":"WebSite","@id":"https:\/\/fundaciomallorcaturisme.net\/en\/#website","url":"https:\/\/fundaciomallorcaturisme.net\/en\/","name":"Consell de Mallorca","description":"","publisher":{"@id":"https:\/\/fundaciomallorcaturisme.net\/en\/#organization"},"alternateName":"Mallorca Turisme","potentialAction":[{"@type":"SearchAction","target":{"@type":"EntryPoint","urlTemplate":"https:\/\/fundaciomallorcaturisme.net\/en\/?s={search_term_string}"},"query-input":{"@type":"PropertyValueSpecification","valueRequired":true,"valueName":"search_term_string"}}],"inLanguage":"en-US"},{"@type":"Organization","@id":"https:\/\/fundaciomallorcaturisme.net\/en\/#organization","name":"Consell de Mallorca","alternateName":"Mallorca Turisme","url":"https:\/\/fundaciomallorcaturisme.net\/en\/","logo":{"@type":"ImageObject","inLanguage":"en-US","@id":"https:\/\/fundaciomallorcaturisme.net\/en\/#\/schema\/logo\/image\/","url":"http:\/\/fundaciomallorcaturisme.net\/wp-content\/uploads\/2026\/03\/logo.webp","contentUrl":"http:\/\/fundaciomallorcaturisme.net\/wp-content\/uploads\/2026\/03\/logo.webp","width":696,"height":570,"caption":"Consell de Mallorca"},"image":{"@id":"https:\/\/fundaciomallorcaturisme.net\/en\/#\/schema\/logo\/image\/"},"sameAs":["https:\/\/www.facebook.com\/ConselldeMca\/","https:\/\/x.com\/ConselldeMca","https:\/\/www.instagram.com\/conselldemca\/","https:\/\/www.youtube.com\/user\/conselldemallorca"]}]}},"_links":{"self":[{"href":"https:\/\/fundaciomallorcaturisme.net\/en\/wp-json\/wp\/v2\/pages\/2205","targetHints":{"allow":["GET"]}}],"collection":[{"href":"https:\/\/fundaciomallorcaturisme.net\/en\/wp-json\/wp\/v2\/pages"}],"about":[{"href":"https:\/\/fundaciomallorcaturisme.net\/en\/wp-json\/wp\/v2\/types\/page"}],"author":[{"embeddable":true,"href":"https:\/\/fundaciomallorcaturisme.net\/en\/wp-json\/wp\/v2\/users\/1"}],"replies":[{"embeddable":true,"href":"https:\/\/fundaciomallorcaturisme.net\/en\/wp-json\/wp\/v2\/comments?post=2205"}],"version-history":[{"count":5,"href":"https:\/\/fundaciomallorcaturisme.net\/en\/wp-json\/wp\/v2\/pages\/2205\/revisions"}],"predecessor-version":[{"id":4790,"href":"https:\/\/fundaciomallorcaturisme.net\/en\/wp-json\/wp\/v2\/pages\/2205\/revisions\/4790"}],"wp:attachment":[{"href":"https:\/\/fundaciomallorcaturisme.net\/en\/wp-json\/wp\/v2\/media?parent=2205"}],"curies":[{"name":"wp","href":"https:\/\/api.w.org\/{rel}","templated":true}]}}