{"id":4539,"date":"2026-03-24T14:54:43","date_gmt":"2026-03-24T13:54:43","guid":{"rendered":"http:\/\/fundaciomallorcaturisme.net\/aviso-legal\/"},"modified":"2026-07-20T13:35:15","modified_gmt":"2026-07-20T11:35:15","slug":"aviso-legal","status":"publish","type":"page","link":"https:\/\/fundaciomallorcaturisme.net\/de\/aviso-legal\/","title":{"rendered":"Aviso legal"},"content":{"rendered":"","protected":false},"excerpt":{"rendered":"","protected":false},"author":1,"featured_media":0,"parent":0,"menu_order":0,"comment_status":"closed","ping_status":"closed","template":"page-templates\/contenido_flexible.php","meta":{"_acf_changed":false,"footnotes":""},"class_list":["post-4539","page","type-page","status-publish","hentry"],"acf":{"contenido_flexible":[{"acf_fc_layout":"texto_simple","pretitulo":"","titulo":"","texto":"<h2 style=\"text-align: center;\">RECHTLICHER HINWEIS<\/h2>\r\n<p style=\"text-align: left;\">Gem\u00e4\u00df den Artikeln 10 und 11 des spanischen Gesetzes 34\/2002 vom 11. Juli \u00fcber Dienste der Informationsgesellschaft und den elektronischen Gesch\u00e4ftsverkehr (LSSI-CE) werden Nutzern und Besuchern die rechtlichen Angaben zu der Einrichtung zur Verf\u00fcgung gestellt, die Inhaberin der unter der Internetadresse fundaciomallorcaturisme.net erreichbaren Website ist.<\/p>\r\n&nbsp;\r\n<h3 class=\"PDq2pG_selectionAnchorContainer\" data-start=\"10342\" data-end=\"10367\" data-section-id=\"1spcslu\">INHABERIN DER WEBSITE<\/h3>\r\n<ul>\r\n \t<li style=\"text-align: left;\"><strong>Name:<\/strong> FUNDACI\u00d3 TURISME RESPONSABLE DE MALLORCA<\/li>\r\n \t<li style=\"text-align: left;\"><strong>Steueridentifikationsnummer (CIF):<\/strong> G57594558<\/li>\r\n \t<li style=\"text-align: left;\"><strong>Anschrift:<\/strong> Plaza del Hospital, 4, 2\u00ba. 07012, PALMA, ILLES BALEARS<\/li>\r\n \t<li style=\"text-align: left;\"><strong>Telefon:<\/strong> 971 219 648<\/li>\r\n \t<li style=\"text-align: left;\"><strong>E-Mail:<\/strong> gestio.ftrm@conselldemallorca.net<\/li>\r\n \t<li style=\"text-align: left;\"><strong>Registerangaben:<\/strong> Eingetragen im Einheitlichen Stiftungsregister der Balearen unter der Nummer 100.000.000.268.<\/li>\r\n \t<li style=\"text-align: left;\"><strong>T\u00e4tigkeit:<\/strong> Stiftung.<\/li>\r\n<\/ul>\r\n&nbsp;\r\n<h3>ORDNUNGSGEM\u00c4SSE NUTZUNG DER WEBSITE<\/h3>\r\n<p class=\"PDq2pG_selectionAnchorContainer\" data-start=\"10804\" data-end=\"11343\">Diese Nutzungsbedingungen regeln den Zugang zur Website fundaciomallorcaturisme.net und deren Nutzung. Die Nutzung dieser Website verleiht der zugreifenden Person ab dem Zeitpunkt des Zugriffs und des Beginns der Navigation, einschlie\u00dflich des Aufrufs beliebiger Inhalte, den Status eines Nutzers. Ab diesem Zeitpunkt akzeptiert der Nutzer ausdr\u00fccklich diese allgemeinen Bedingungen. Ebenso akzeptiert der Nutzer die besonderen Bedingungen, die f\u00fcr die verschiedenen von der Einrichtung auf der Website angebotenen Dienstleistungen gelten.<\/p>\r\n<p data-start=\"11345\" data-end=\"11669\">Mit der Annahme dieser Bedingungen verpflichtet sich der Nutzer, die Website, ihre Inhalte und ihre Dienstleistungen im Einklang mit dem Gesetz, den guten Sitten und der \u00f6ffentlichen Ordnung zu nutzen und dabei die Sorgfalt walten zu lassen, die der Art der \u00fcber die Website in Anspruch genommenen Dienstleistung entspricht.<\/p>\r\n&nbsp;\r\n<h3 style=\"text-align: left;\">\u00c4NDERUNGEN<\/h3>\r\n<p style=\"text-align: left;\">Die Einrichtung beh\u00e4lt sich das Recht vor, diese Bedingungen jederzeit einseitig und ohne vorherige Ank\u00fcndigung zu \u00e4ndern. In solchen F\u00e4llen werden die \u00c4nderungen so fr\u00fch wie m\u00f6glich ver\u00f6ffentlicht und bekannt gegeben. Ebenso beh\u00e4lt sich die Einrichtung das Recht vor, die Gestaltung und Konfiguration der Website jederzeit einseitig und ohne vorherige Ank\u00fcndigung zu \u00e4ndern.<\/p>\r\n&nbsp;\r\n<h3 style=\"text-align: left;\">LINKS ZU DRITTANBIETERN<\/h3>\r\n<p style=\"text-align: left;\">Dieser rechtliche Hinweis bezieht sich ausschlie\u00dflich auf die Website und die Inhalte der Einrichtung und gilt nicht f\u00fcr Links oder Websites Dritter, die \u00fcber die Website zug\u00e4nglich sind. Die Einrichtung ist weder f\u00fcr die Inhalte einer Website verantwortlich, auf die ein Link f\u00fchrt, noch f\u00fcr Links, die auf einer Website enthalten sind, die \u00fcber die Website der Einrichtung aufgerufen wird.<\/p>\r\n&nbsp;\r\n<h3 style=\"text-align: left;\">URHEBERRECHT UND GEWERBLICHE SCHUTZRECHTE<\/h3>\r\n<p class=\"PDq2pG_selectionAnchorContainer\" data-start=\"12533\" data-end=\"13005\">Alle Inhalte der Website stehen im ausschlie\u00dflichen Eigentum der Einrichtung. Hierzu z\u00e4hlen insbesondere, jedoch nicht abschlie\u00dfend, das Grafikdesign, der Quellcode, die Logos, Texte, Grafiken, Illustrationen, Fotografien und sonstigen Elemente, die auf der Website erscheinen. Ebenso sind die auf der Website enthaltenen Handelsnamen, Marken und sonstigen Kennzeichen jeglicher Art durch die geltenden Rechtsvorschriften zum geistigen und gewerblichen Eigentum gesch\u00fctzt.<\/p>\r\n<p data-start=\"13007\" data-end=\"13455\">Der Einrichtung steht das ausschlie\u00dfliche Recht zu, die Verwertungsrechte an diesem geistigen Eigentum in jeder Form auszu\u00fcben, insbesondere die Rechte zur Vervielf\u00e4ltigung, Verbreitung und \u00f6ffentlichen Wiedergabe. Dem Nutzer ist jede nicht genehmigte vollst\u00e4ndige oder teilweise Nutzung von Inhalten der Website untersagt, die von den geistigen oder gewerblichen Schutzrechten der Einrichtung an der Website und\/oder ihren Inhalten erfasst werden.<\/p>\r\n<p data-start=\"13457\" data-end=\"13871\">Die Einrichtung beh\u00e4lt sich das Recht vor, rechtliche Schritte jeder Art gegen Nutzer einzuleiten, die Handlungen vornehmen, welche die Vervielf\u00e4ltigung, Verbreitung, Vermarktung, Bearbeitung oder allgemein jede andere Form der Verwertung s\u00e4mtlicher oder eines Teils der Website-Inhalte auf irgendeine Weise beinhalten und eine Verletzung der entsprechenden geistigen und\/oder gewerblichen Schutzrechte darstellen.<\/p>\r\n&nbsp;\r\n<h3 style=\"text-align: left;\">MITTEILUNGEN<\/h3>\r\n<p class=\"PDq2pG_selectionAnchorContainer\" data-start=\"13891\" data-end=\"14446\">Im Sinne dieser allgemeinen Bedingungen ist f\u00fcr jede erforderliche Kommunikation zwischen der Einrichtung und dem Nutzer E-Mail zu verwenden. Mitteilungen der Einrichtung an den Nutzer erfolgen auf Grundlage der Daten, die dieser bei der Registrierung auf der Website oder bei der Interaktion mit ihr angegeben hat. Die personenbezogenen Daten des Nutzers werden unter strikter Einhaltung der geltenden Rechtsvorschriften verarbeitet, wie in unserer unter fundaciomallorcaturisme.net\/politica-privacidad verf\u00fcgbaren Datenschutzerkl\u00e4rung n\u00e4her beschrieben.<\/p>\r\n<p data-start=\"14448\" data-end=\"14704\">Der Nutzer stimmt ausdr\u00fccklich zu, dass E-Mail als g\u00fcltiges \u00dcbermittlungsverfahren f\u00fcr alle Mitteilungen verwendet wird, die im Zusammenhang mit der Nutzung der Website und\/oder dem Abschluss von Vertr\u00e4gen \u00fcber die dort angebotenen Dienstleistungen stehen.<\/p>\r\n&nbsp;\r\n<h3 style=\"text-align: left;\">ANWENDBARES RECHT UND GERICHTSSTAND<\/h3>\r\n<p class=\"PDq2pG_selectionAnchorContainer\" data-start=\"14747\" data-end=\"14930\">Diese Bedingungen unterliegen dem spanischen Recht. Dieses findet auf alle in diesem Vertrag nicht geregelten Fragen hinsichtlich der Auslegung, G\u00fcltigkeit und Durchf\u00fchrung Anwendung.<\/p>\r\n<p data-start=\"14932\" data-end=\"15330\" data-is-last-node=\"\" data-is-only-node=\"\">Zur Beilegung s\u00e4mtlicher Streitigkeiten, die sich im Zusammenhang mit der Auslegung oder Durchf\u00fchrung dieser Vertragsbedingungen ergeben k\u00f6nnen, unterwerfen sich die Parteien den Gerichten von Palma. Hiervon ausgenommen sind F\u00e4lle, in denen der Nutzer nach den geltenden Rechtsvorschriften als Verbraucher oder Nutzer gilt; in diesen F\u00e4llen sind die Gerichte am Wohnsitz des Verbrauchers zust\u00e4ndig.<\/p>","cta":"","2_columnas":false,"color_de_fondo":""}]},"yoast_head":"<!-- This site is optimized with the Yoast SEO plugin v27.7 - https:\/\/yoast.com\/product\/yoast-seo-wordpress\/ -->\n<title>Aviso legal - Consell de Mallorca<\/title>\n<meta name=\"robots\" content=\"index, follow, max-snippet:-1, max-image-preview:large, max-video-preview:-1\" \/>\n<link rel=\"canonical\" href=\"https:\/\/fundaciomallorcaturisme.net\/de\/aviso-legal\/\" \/>\n<meta property=\"og:locale\" content=\"de_DE\" \/>\n<meta property=\"og:type\" content=\"article\" \/>\n<meta property=\"og:title\" content=\"Aviso legal - Consell de Mallorca\" \/>\n<meta property=\"og:url\" content=\"https:\/\/fundaciomallorcaturisme.net\/de\/aviso-legal\/\" \/>\n<meta property=\"og:site_name\" content=\"Consell de Mallorca\" \/>\n<meta property=\"article:publisher\" content=\"https:\/\/www.facebook.com\/ConselldeMca\/\" \/>\n<meta property=\"article:modified_time\" content=\"2026-07-20T11:35:15+00:00\" \/>\n<meta property=\"og:image\" content=\"https:\/\/fundaciomallorcaturisme.net\/wp-content\/uploads\/2026\/02\/planificax2.jpg\" \/>\n\t<meta property=\"og:image:width\" content=\"1346\" \/>\n\t<meta property=\"og:image:height\" content=\"1094\" \/>\n\t<meta property=\"og:image:type\" content=\"image\/jpeg\" \/>\n<meta name=\"twitter:card\" content=\"summary_large_image\" \/>\n<meta name=\"twitter:site\" content=\"@ConselldeMca\" \/>\n<script type=\"application\/ld+json\" class=\"yoast-schema-graph\">{\"@context\":\"https:\\\/\\\/schema.org\",\"@graph\":[{\"@type\":\"WebPage\",\"@id\":\"https:\\\/\\\/fundaciomallorcaturisme.net\\\/de\\\/aviso-legal\\\/\",\"url\":\"https:\\\/\\\/fundaciomallorcaturisme.net\\\/de\\\/aviso-legal\\\/\",\"name\":\"Aviso legal - Consell de Mallorca\",\"isPartOf\":{\"@id\":\"https:\\\/\\\/fundaciomallorcaturisme.net\\\/de\\\/#website\"},\"datePublished\":\"2026-03-24T13:54:43+00:00\",\"dateModified\":\"2026-07-20T11:35:15+00:00\",\"breadcrumb\":{\"@id\":\"https:\\\/\\\/fundaciomallorcaturisme.net\\\/de\\\/aviso-legal\\\/#breadcrumb\"},\"inLanguage\":\"de\",\"potentialAction\":[{\"@type\":\"ReadAction\",\"target\":[\"https:\\\/\\\/fundaciomallorcaturisme.net\\\/de\\\/aviso-legal\\\/\"]}]},{\"@type\":\"BreadcrumbList\",\"@id\":\"https:\\\/\\\/fundaciomallorcaturisme.net\\\/de\\\/aviso-legal\\\/#breadcrumb\",\"itemListElement\":[{\"@type\":\"ListItem\",\"position\":1,\"name\":\"Startseite\",\"item\":\"https:\\\/\\\/fundaciomallorcaturisme.net\\\/de\\\/\"},{\"@type\":\"ListItem\",\"position\":2,\"name\":\"Aviso legal\"}]},{\"@type\":\"WebSite\",\"@id\":\"https:\\\/\\\/fundaciomallorcaturisme.net\\\/de\\\/#website\",\"url\":\"https:\\\/\\\/fundaciomallorcaturisme.net\\\/de\\\/\",\"name\":\"Consell de Mallorca\",\"description\":\"\",\"publisher\":{\"@id\":\"https:\\\/\\\/fundaciomallorcaturisme.net\\\/de\\\/#organization\"},\"alternateName\":\"Mallorca Turisme\",\"potentialAction\":[{\"@type\":\"SearchAction\",\"target\":{\"@type\":\"EntryPoint\",\"urlTemplate\":\"https:\\\/\\\/fundaciomallorcaturisme.net\\\/de\\\/?s={search_term_string}\"},\"query-input\":{\"@type\":\"PropertyValueSpecification\",\"valueRequired\":true,\"valueName\":\"search_term_string\"}}],\"inLanguage\":\"de\"},{\"@type\":\"Organization\",\"@id\":\"https:\\\/\\\/fundaciomallorcaturisme.net\\\/de\\\/#organization\",\"name\":\"Consell de Mallorca\",\"alternateName\":\"Mallorca Turisme\",\"url\":\"https:\\\/\\\/fundaciomallorcaturisme.net\\\/de\\\/\",\"logo\":{\"@type\":\"ImageObject\",\"inLanguage\":\"de\",\"@id\":\"https:\\\/\\\/fundaciomallorcaturisme.net\\\/de\\\/#\\\/schema\\\/logo\\\/image\\\/\",\"url\":\"http:\\\/\\\/fundaciomallorcaturisme.net\\\/wp-content\\\/uploads\\\/2026\\\/03\\\/logo.webp\",\"contentUrl\":\"http:\\\/\\\/fundaciomallorcaturisme.net\\\/wp-content\\\/uploads\\\/2026\\\/03\\\/logo.webp\",\"width\":696,\"height\":570,\"caption\":\"Consell de Mallorca\"},\"image\":{\"@id\":\"https:\\\/\\\/fundaciomallorcaturisme.net\\\/de\\\/#\\\/schema\\\/logo\\\/image\\\/\"},\"sameAs\":[\"https:\\\/\\\/www.facebook.com\\\/ConselldeMca\\\/\",\"https:\\\/\\\/x.com\\\/ConselldeMca\",\"https:\\\/\\\/www.instagram.com\\\/conselldemca\\\/\",\"https:\\\/\\\/www.youtube.com\\\/user\\\/conselldemallorca\"]}]}<\/script>\n<!-- \/ Yoast SEO plugin. -->","yoast_head_json":{"title":"Aviso legal - Consell de Mallorca","robots":{"index":"index","follow":"follow","max-snippet":"max-snippet:-1","max-image-preview":"max-image-preview:large","max-video-preview":"max-video-preview:-1"},"canonical":"https:\/\/fundaciomallorcaturisme.net\/de\/aviso-legal\/","og_locale":"de_DE","og_type":"article","og_title":"Aviso legal - Consell de Mallorca","og_url":"https:\/\/fundaciomallorcaturisme.net\/de\/aviso-legal\/","og_site_name":"Consell de Mallorca","article_publisher":"https:\/\/www.facebook.com\/ConselldeMca\/","article_modified_time":"2026-07-20T11:35:15+00:00","og_image":[{"width":1346,"height":1094,"url":"https:\/\/fundaciomallorcaturisme.net\/wp-content\/uploads\/2026\/02\/planificax2.jpg","type":"image\/jpeg"}],"twitter_card":"summary_large_image","twitter_site":"@ConselldeMca","schema":{"@context":"https:\/\/schema.org","@graph":[{"@type":"WebPage","@id":"https:\/\/fundaciomallorcaturisme.net\/de\/aviso-legal\/","url":"https:\/\/fundaciomallorcaturisme.net\/de\/aviso-legal\/","name":"Aviso legal - Consell de Mallorca","isPartOf":{"@id":"https:\/\/fundaciomallorcaturisme.net\/de\/#website"},"datePublished":"2026-03-24T13:54:43+00:00","dateModified":"2026-07-20T11:35:15+00:00","breadcrumb":{"@id":"https:\/\/fundaciomallorcaturisme.net\/de\/aviso-legal\/#breadcrumb"},"inLanguage":"de","potentialAction":[{"@type":"ReadAction","target":["https:\/\/fundaciomallorcaturisme.net\/de\/aviso-legal\/"]}]},{"@type":"BreadcrumbList","@id":"https:\/\/fundaciomallorcaturisme.net\/de\/aviso-legal\/#breadcrumb","itemListElement":[{"@type":"ListItem","position":1,"name":"Startseite","item":"https:\/\/fundaciomallorcaturisme.net\/de\/"},{"@type":"ListItem","position":2,"name":"Aviso legal"}]},{"@type":"WebSite","@id":"https:\/\/fundaciomallorcaturisme.net\/de\/#website","url":"https:\/\/fundaciomallorcaturisme.net\/de\/","name":"Consell de Mallorca","description":"","publisher":{"@id":"https:\/\/fundaciomallorcaturisme.net\/de\/#organization"},"alternateName":"Mallorca Turisme","potentialAction":[{"@type":"SearchAction","target":{"@type":"EntryPoint","urlTemplate":"https:\/\/fundaciomallorcaturisme.net\/de\/?s={search_term_string}"},"query-input":{"@type":"PropertyValueSpecification","valueRequired":true,"valueName":"search_term_string"}}],"inLanguage":"de"},{"@type":"Organization","@id":"https:\/\/fundaciomallorcaturisme.net\/de\/#organization","name":"Consell de Mallorca","alternateName":"Mallorca Turisme","url":"https:\/\/fundaciomallorcaturisme.net\/de\/","logo":{"@type":"ImageObject","inLanguage":"de","@id":"https:\/\/fundaciomallorcaturisme.net\/de\/#\/schema\/logo\/image\/","url":"http:\/\/fundaciomallorcaturisme.net\/wp-content\/uploads\/2026\/03\/logo.webp","contentUrl":"http:\/\/fundaciomallorcaturisme.net\/wp-content\/uploads\/2026\/03\/logo.webp","width":696,"height":570,"caption":"Consell de Mallorca"},"image":{"@id":"https:\/\/fundaciomallorcaturisme.net\/de\/#\/schema\/logo\/image\/"},"sameAs":["https:\/\/www.facebook.com\/ConselldeMca\/","https:\/\/x.com\/ConselldeMca","https:\/\/www.instagram.com\/conselldemca\/","https:\/\/www.youtube.com\/user\/conselldemallorca"]}]}},"_links":{"self":[{"href":"https:\/\/fundaciomallorcaturisme.net\/de\/wp-json\/wp\/v2\/pages\/4539","targetHints":{"allow":["GET"]}}],"collection":[{"href":"https:\/\/fundaciomallorcaturisme.net\/de\/wp-json\/wp\/v2\/pages"}],"about":[{"href":"https:\/\/fundaciomallorcaturisme.net\/de\/wp-json\/wp\/v2\/types\/page"}],"author":[{"embeddable":true,"href":"https:\/\/fundaciomallorcaturisme.net\/de\/wp-json\/wp\/v2\/users\/1"}],"replies":[{"embeddable":true,"href":"https:\/\/fundaciomallorcaturisme.net\/de\/wp-json\/wp\/v2\/comments?post=4539"}],"version-history":[{"count":4,"href":"https:\/\/fundaciomallorcaturisme.net\/de\/wp-json\/wp\/v2\/pages\/4539\/revisions"}],"predecessor-version":[{"id":5287,"href":"https:\/\/fundaciomallorcaturisme.net\/de\/wp-json\/wp\/v2\/pages\/4539\/revisions\/5287"}],"wp:attachment":[{"href":"https:\/\/fundaciomallorcaturisme.net\/de\/wp-json\/wp\/v2\/media?parent=4539"}],"curies":[{"name":"wp","href":"https:\/\/api.w.org\/{rel}","templated":true}]}}