{"id":3280,"date":"2026-02-26T09:07:18","date_gmt":"2026-02-26T08:07:18","guid":{"rendered":"http:\/\/fundaciomallorcaturisme.net\/plane\/unterkuenfte\/"},"modified":"2026-03-19T11:30:49","modified_gmt":"2026-03-19T10:30:49","slug":"unterkuenfte","status":"publish","type":"page","link":"https:\/\/fundaciomallorcaturisme.net\/de\/plane\/unterkuenfte\/","title":{"rendered":"Unterk\u00fcnfte"},"content":{"rendered":"","protected":false},"excerpt":{"rendered":"","protected":false},"author":1,"featured_media":0,"parent":2165,"menu_order":0,"comment_status":"open","ping_status":"open","template":"page-templates\/contenido_flexible.php","meta":{"_acf_changed":false,"footnotes":""},"class_list":["post-3280","page","type-page","status-publish","hentry"],"acf":{"contenido_flexible":[{"acf_fc_layout":"cabecera","titulo":"<h1>Unterk\u00fcnfte auf Mallorca: Unz\u00e4hlige M\u00f6glichkeiten<\/h1>","titulo_grande":false,"subtitulo":"","texto":"","enlace":"","flecha_abajo":false,"tiene_video":false,"video":"","imagenx1":"","imagenx2":"","logos":""},{"acf_fc_layout":"texto_simple","pretitulo":"","titulo":"","texto":"Mallorca verf\u00fcgt \u00fcber ein Angebot an Unterk\u00fcnften, das so weitreichend und vielf\u00e4ltig ist wie seine Landschaften. Von den gro\u00dfen internationalen Hotelketten, die hier ihren unternehmerischen Weg begannen, bis hin zu kleinen Bergh\u00fctten \u2013 unsere Betriebe investieren st\u00e4ndig in Innovationen, um weiterhin weltweit als Referenz zu gelten.\r\n\r\nEs gibt ein klares Bekenntnis zu nachhaltigem Wachstum und \u00f6kologischem Management; viele unserer Hotels integrieren Technologien zur Wasser- und Energieeinsparung, wie zum Beispiel Solaranlagen, um das Paradies, das uns umgibt, zu sch\u00fctzen.\r\n<h2>Hotels und Apartments: Komfort am Meer und in der Stadt<\/h2>\r\nDie meisten Unterk\u00fcnfte konzentrieren sich auf unsere touristischen K\u00fcstenzonen, sowohl in der N\u00e4he weitl\u00e4ufiger Sandstr\u00e4nde als auch an intimen Buchten. Sie finden alles \u2013 von gro\u00dfen Hotels mit Rundum-Service bis hin zu exquisiten, detailverliebten Boutique-Hotels.\r\n\r\nWenn Sie eine eher urbane Umgebung bevorzugen: Palma hat sich zu einem kosmopolitischen Reiseziel entwickelt, mit einer Auswahl an Unterk\u00fcnften in emblematischen Geb\u00e4uden und alten Pal\u00e4sten, die Geschichte und Moderne mitten in der Altstadt verbinden.\r\n\r\n<a href=\"http:\/\/fundaciomallorcaturisme.net\/de\/reiseziele\/reiseziele-am-strand\/\">Strandreiseziele<\/a>\r\n<h2>Landhotels und Agroturismos: Das unbekannte Mallorca<\/h2>\r\nF\u00fcr diejenigen, die den belebteren Gegenden entfliehen m\u00f6chten, bieten die Landhotels in den D\u00f6rfern im Landesinneren die M\u00f6glichkeit, in das authentische Mallorca mit seinen Br\u00e4uchen und Menschen einzutauchen, indem sie sich perfekt in die Umgebung zwischen Bergen und Feldern integrieren.\r\n\r\n<a href=\"http:\/\/fundaciomallorcaturisme.net\/de\/reiseziele\/reiseziele-im-landesinneren-2\/\">Reiseziele im Landesinneren<\/a>\r\n<h3>Agroturismos: Geschichte und mediterrane Tradition<\/h3>\r\nAlte landwirtschaftliche Anwesen und Herrenh\u00e4user aus dem 16. Jahrhundert wurden liebevoll renoviert, um Besucher zu empfangen, die einen etwas anderen Urlaub suchen. Diese Unterk\u00fcnfte f\u00fchren ihren landwirtschaftlichen Betrieb fort und sind von einer mediterranen und famili\u00e4ren Atmosph\u00e4re gepr\u00e4gt.\r\n\r\nViele zeichnen sich durch ihre Exklusivit\u00e4t und einen erstklassigen Kundenservice aus. Sie befinden sich haupts\u00e4chlich in der Serra de Tramuntana und im Pla de Mallorca und sind stets mit modernster Technik ausgestattet, ohne dabei ihren historischen Kern zu verlieren.\r\n<h2>Natur und Spiritualit\u00e4t: Bergh\u00fctten und Herbergen<\/h2>\r\nWenn Sie den direkten Kontakt zur Natur suchen, bietet Mallorca Bergh\u00fctten und Campingzonen in Schutzgebieten an, die vom Consell de Mallorca und IBANAT verwaltet werden. Wildes Campen ist nicht gestattet, um den Schutz unserer \u00d6kosysteme zu gew\u00e4hrleisten.\r\n<h3>Ruhe und Panoramablicke in religi\u00f6sen Geb\u00e4uden<\/h3>\r\nEine einzigartige Option sind die G\u00e4steh\u00e4user in Kl\u00f6stern, Heiligt\u00fcmern und Einsiedeleien. Diese befinden sich oft in erh\u00f6hter Lage mit au\u00dfergew\u00f6hnlicher Aussicht und bieten einen Aufenthalt voller Frieden und Spiritualit\u00e4t. Es ist der ideale R\u00fcckzugsort f\u00fcr Wanderer, die durch Landschaften von gro\u00dfer Sch\u00f6nheit und absoluter Stille ziehen m\u00f6chten.\r\n<h2>Ferienvermietung in Wohnh\u00e4usern (ETV)<\/h2>\r\nAls Alternative zur traditionellen Unterkunft k\u00f6nnen Sie sich f\u00fcr Wohnh\u00e4user entscheiden, die f\u00fcr kurze Zeitr\u00e4ume vermietet werden. Diese finden sich \u00fcberall auf der Insel: auf dem Land, in den Bergen oder an der K\u00fcste. Zu Ihrer Sicherheit sollten Sie immer darauf achten, dass diese \u00fcber eine entsprechende Registrierungsnummer verf\u00fcgen, um den Qualit\u00e4tsvorschriften zu entsprechen.\r\n<h2>Entdecken Sie Mallorca weiter<\/h2>","cta":"","2_columnas":false,"color_de_fondo":""}]},"yoast_head":"<!-- This site is optimized with the Yoast SEO plugin v27.7 - https:\/\/yoast.com\/product\/yoast-seo-wordpress\/ -->\n<title>Unterk\u00fcnfte - Consell de Mallorca<\/title>\n<meta name=\"robots\" content=\"index, follow, max-snippet:-1, max-image-preview:large, max-video-preview:-1\" \/>\n<link rel=\"canonical\" href=\"https:\/\/fundaciomallorcaturisme.net\/de\/plane\/unterkuenfte\/\" \/>\n<meta property=\"og:locale\" content=\"de_DE\" \/>\n<meta property=\"og:type\" content=\"article\" \/>\n<meta property=\"og:title\" content=\"Unterk\u00fcnfte - Consell de Mallorca\" \/>\n<meta property=\"og:url\" content=\"https:\/\/fundaciomallorcaturisme.net\/de\/plane\/unterkuenfte\/\" \/>\n<meta property=\"og:site_name\" content=\"Consell de Mallorca\" \/>\n<meta property=\"article:publisher\" content=\"https:\/\/www.facebook.com\/ConselldeMca\/\" \/>\n<meta property=\"article:modified_time\" content=\"2026-03-19T10:30:49+00:00\" \/>\n<meta property=\"og:image\" content=\"https:\/\/fundaciomallorcaturisme.net\/wp-content\/uploads\/2026\/02\/planificax2.jpg\" \/>\n\t<meta property=\"og:image:width\" content=\"1346\" \/>\n\t<meta property=\"og:image:height\" content=\"1094\" \/>\n\t<meta property=\"og:image:type\" content=\"image\/jpeg\" \/>\n<meta name=\"twitter:card\" content=\"summary_large_image\" \/>\n<meta name=\"twitter:site\" content=\"@ConselldeMca\" \/>\n<script type=\"application\/ld+json\" class=\"yoast-schema-graph\">{\"@context\":\"https:\\\/\\\/schema.org\",\"@graph\":[{\"@type\":\"WebPage\",\"@id\":\"https:\\\/\\\/fundaciomallorcaturisme.net\\\/de\\\/plane\\\/unterkuenfte\\\/\",\"url\":\"https:\\\/\\\/fundaciomallorcaturisme.net\\\/de\\\/plane\\\/unterkuenfte\\\/\",\"name\":\"Unterk\u00fcnfte - Consell de Mallorca\",\"isPartOf\":{\"@id\":\"https:\\\/\\\/fundaciomallorcaturisme.net\\\/de\\\/#website\"},\"datePublished\":\"2026-02-26T08:07:18+00:00\",\"dateModified\":\"2026-03-19T10:30:49+00:00\",\"breadcrumb\":{\"@id\":\"https:\\\/\\\/fundaciomallorcaturisme.net\\\/de\\\/plane\\\/unterkuenfte\\\/#breadcrumb\"},\"inLanguage\":\"de\",\"potentialAction\":[{\"@type\":\"ReadAction\",\"target\":[\"https:\\\/\\\/fundaciomallorcaturisme.net\\\/de\\\/plane\\\/unterkuenfte\\\/\"]}]},{\"@type\":\"BreadcrumbList\",\"@id\":\"https:\\\/\\\/fundaciomallorcaturisme.net\\\/de\\\/plane\\\/unterkuenfte\\\/#breadcrumb\",\"itemListElement\":[{\"@type\":\"ListItem\",\"position\":1,\"name\":\"Startseite\",\"item\":\"https:\\\/\\\/fundaciomallorcaturisme.net\\\/de\\\/\"},{\"@type\":\"ListItem\",\"position\":2,\"name\":\"Plane\",\"item\":\"https:\\\/\\\/fundaciomallorcaturisme.net\\\/de\\\/plane\\\/\"},{\"@type\":\"ListItem\",\"position\":3,\"name\":\"Unterk\u00fcnfte\"}]},{\"@type\":\"WebSite\",\"@id\":\"https:\\\/\\\/fundaciomallorcaturisme.net\\\/de\\\/#website\",\"url\":\"https:\\\/\\\/fundaciomallorcaturisme.net\\\/de\\\/\",\"name\":\"Consell de Mallorca\",\"description\":\"\",\"publisher\":{\"@id\":\"https:\\\/\\\/fundaciomallorcaturisme.net\\\/de\\\/#organization\"},\"alternateName\":\"Mallorca Turisme\",\"potentialAction\":[{\"@type\":\"SearchAction\",\"target\":{\"@type\":\"EntryPoint\",\"urlTemplate\":\"https:\\\/\\\/fundaciomallorcaturisme.net\\\/de\\\/?s={search_term_string}\"},\"query-input\":{\"@type\":\"PropertyValueSpecification\",\"valueRequired\":true,\"valueName\":\"search_term_string\"}}],\"inLanguage\":\"de\"},{\"@type\":\"Organization\",\"@id\":\"https:\\\/\\\/fundaciomallorcaturisme.net\\\/de\\\/#organization\",\"name\":\"Consell de Mallorca\",\"alternateName\":\"Mallorca Turisme\",\"url\":\"https:\\\/\\\/fundaciomallorcaturisme.net\\\/de\\\/\",\"logo\":{\"@type\":\"ImageObject\",\"inLanguage\":\"de\",\"@id\":\"https:\\\/\\\/fundaciomallorcaturisme.net\\\/de\\\/#\\\/schema\\\/logo\\\/image\\\/\",\"url\":\"http:\\\/\\\/fundaciomallorcaturisme.net\\\/wp-content\\\/uploads\\\/2026\\\/03\\\/logo.webp\",\"contentUrl\":\"http:\\\/\\\/fundaciomallorcaturisme.net\\\/wp-content\\\/uploads\\\/2026\\\/03\\\/logo.webp\",\"width\":696,\"height\":570,\"caption\":\"Consell de Mallorca\"},\"image\":{\"@id\":\"https:\\\/\\\/fundaciomallorcaturisme.net\\\/de\\\/#\\\/schema\\\/logo\\\/image\\\/\"},\"sameAs\":[\"https:\\\/\\\/www.facebook.com\\\/ConselldeMca\\\/\",\"https:\\\/\\\/x.com\\\/ConselldeMca\",\"https:\\\/\\\/www.instagram.com\\\/conselldemca\\\/\",\"https:\\\/\\\/www.youtube.com\\\/user\\\/conselldemallorca\"]}]}<\/script>\n<!-- \/ Yoast SEO plugin. -->","yoast_head_json":{"title":"Unterk\u00fcnfte - Consell de Mallorca","robots":{"index":"index","follow":"follow","max-snippet":"max-snippet:-1","max-image-preview":"max-image-preview:large","max-video-preview":"max-video-preview:-1"},"canonical":"https:\/\/fundaciomallorcaturisme.net\/de\/plane\/unterkuenfte\/","og_locale":"de_DE","og_type":"article","og_title":"Unterk\u00fcnfte - Consell de Mallorca","og_url":"https:\/\/fundaciomallorcaturisme.net\/de\/plane\/unterkuenfte\/","og_site_name":"Consell de Mallorca","article_publisher":"https:\/\/www.facebook.com\/ConselldeMca\/","article_modified_time":"2026-03-19T10:30:49+00:00","og_image":[{"width":1346,"height":1094,"url":"https:\/\/fundaciomallorcaturisme.net\/wp-content\/uploads\/2026\/02\/planificax2.jpg","type":"image\/jpeg"}],"twitter_card":"summary_large_image","twitter_site":"@ConselldeMca","schema":{"@context":"https:\/\/schema.org","@graph":[{"@type":"WebPage","@id":"https:\/\/fundaciomallorcaturisme.net\/de\/plane\/unterkuenfte\/","url":"https:\/\/fundaciomallorcaturisme.net\/de\/plane\/unterkuenfte\/","name":"Unterk\u00fcnfte - Consell de Mallorca","isPartOf":{"@id":"https:\/\/fundaciomallorcaturisme.net\/de\/#website"},"datePublished":"2026-02-26T08:07:18+00:00","dateModified":"2026-03-19T10:30:49+00:00","breadcrumb":{"@id":"https:\/\/fundaciomallorcaturisme.net\/de\/plane\/unterkuenfte\/#breadcrumb"},"inLanguage":"de","potentialAction":[{"@type":"ReadAction","target":["https:\/\/fundaciomallorcaturisme.net\/de\/plane\/unterkuenfte\/"]}]},{"@type":"BreadcrumbList","@id":"https:\/\/fundaciomallorcaturisme.net\/de\/plane\/unterkuenfte\/#breadcrumb","itemListElement":[{"@type":"ListItem","position":1,"name":"Startseite","item":"https:\/\/fundaciomallorcaturisme.net\/de\/"},{"@type":"ListItem","position":2,"name":"Plane","item":"https:\/\/fundaciomallorcaturisme.net\/de\/plane\/"},{"@type":"ListItem","position":3,"name":"Unterk\u00fcnfte"}]},{"@type":"WebSite","@id":"https:\/\/fundaciomallorcaturisme.net\/de\/#website","url":"https:\/\/fundaciomallorcaturisme.net\/de\/","name":"Consell de Mallorca","description":"","publisher":{"@id":"https:\/\/fundaciomallorcaturisme.net\/de\/#organization"},"alternateName":"Mallorca Turisme","potentialAction":[{"@type":"SearchAction","target":{"@type":"EntryPoint","urlTemplate":"https:\/\/fundaciomallorcaturisme.net\/de\/?s={search_term_string}"},"query-input":{"@type":"PropertyValueSpecification","valueRequired":true,"valueName":"search_term_string"}}],"inLanguage":"de"},{"@type":"Organization","@id":"https:\/\/fundaciomallorcaturisme.net\/de\/#organization","name":"Consell de Mallorca","alternateName":"Mallorca Turisme","url":"https:\/\/fundaciomallorcaturisme.net\/de\/","logo":{"@type":"ImageObject","inLanguage":"de","@id":"https:\/\/fundaciomallorcaturisme.net\/de\/#\/schema\/logo\/image\/","url":"http:\/\/fundaciomallorcaturisme.net\/wp-content\/uploads\/2026\/03\/logo.webp","contentUrl":"http:\/\/fundaciomallorcaturisme.net\/wp-content\/uploads\/2026\/03\/logo.webp","width":696,"height":570,"caption":"Consell de Mallorca"},"image":{"@id":"https:\/\/fundaciomallorcaturisme.net\/de\/#\/schema\/logo\/image\/"},"sameAs":["https:\/\/www.facebook.com\/ConselldeMca\/","https:\/\/x.com\/ConselldeMca","https:\/\/www.instagram.com\/conselldemca\/","https:\/\/www.youtube.com\/user\/conselldemallorca"]}]}},"_links":{"self":[{"href":"https:\/\/fundaciomallorcaturisme.net\/de\/wp-json\/wp\/v2\/pages\/3280","targetHints":{"allow":["GET"]}}],"collection":[{"href":"https:\/\/fundaciomallorcaturisme.net\/de\/wp-json\/wp\/v2\/pages"}],"about":[{"href":"https:\/\/fundaciomallorcaturisme.net\/de\/wp-json\/wp\/v2\/types\/page"}],"author":[{"embeddable":true,"href":"https:\/\/fundaciomallorcaturisme.net\/de\/wp-json\/wp\/v2\/users\/1"}],"replies":[{"embeddable":true,"href":"https:\/\/fundaciomallorcaturisme.net\/de\/wp-json\/wp\/v2\/comments?post=3280"}],"version-history":[{"count":1,"href":"https:\/\/fundaciomallorcaturisme.net\/de\/wp-json\/wp\/v2\/pages\/3280\/revisions"}],"predecessor-version":[{"id":4315,"href":"https:\/\/fundaciomallorcaturisme.net\/de\/wp-json\/wp\/v2\/pages\/3280\/revisions\/4315"}],"up":[{"embeddable":true,"href":"https:\/\/fundaciomallorcaturisme.net\/de\/wp-json\/wp\/v2\/pages\/2165"}],"wp:attachment":[{"href":"https:\/\/fundaciomallorcaturisme.net\/de\/wp-json\/wp\/v2\/media?parent=3280"}],"curies":[{"name":"wp","href":"https:\/\/api.w.org\/{rel}","templated":true}]}}