{"id":3278,"date":"2026-02-26T09:07:18","date_gmt":"2026-02-26T08:07:18","guid":{"rendered":"http:\/\/fundaciomallorcaturisme.net\/plane\/praktische-informationen\/"},"modified":"2026-03-19T11:34:40","modified_gmt":"2026-03-19T10:34:40","slug":"praktische-informationen","status":"publish","type":"page","link":"https:\/\/fundaciomallorcaturisme.net\/de\/plane\/praktische-informationen\/","title":{"rendered":"Praktische Informationen"},"content":{"rendered":"","protected":false},"excerpt":{"rendered":"","protected":false},"author":1,"featured_media":0,"parent":2165,"menu_order":0,"comment_status":"open","ping_status":"open","template":"page-templates\/contenido_flexible.php","meta":{"_acf_changed":false,"footnotes":""},"class_list":["post-3278","page","type-page","status-publish","hentry"],"acf":{"contenido_flexible":[{"acf_fc_layout":"cabecera","titulo":"<h1>Praktische Informationen: Der essenzielle Leitfaden f\u00fcr Ihren Aufenthalt auf Mallorca<\/h1>","titulo_grande":false,"subtitulo":"","texto":"","enlace":"","flecha_abajo":false,"tiene_video":false,"video":"","imagenx1":"","imagenx2":"","logos":""},{"acf_fc_layout":"texto_simple","pretitulo":"","titulo":"","texto":"Hier ist die vollst\u00e4ndige \u00dcbersetzung des Leitfadens ins Deutsche, formatiert f\u00fcr dein CMS und unter Beibehaltung aller HTML-Strukturen:\r\n\r\nDie Planung einer Reise erfordert die Kenntnis der Details, die den Aufenthalt komfortabel und sicher machen. Hier finden Sie alle technischen und logistischen Informationen sowie Sicherheitstipps, damit Ihre einzige Sorge darin besteht, die Insel zu genie\u00dfen.\r\n<h2>Offizielle Ressourcen und Besucherbetreuung<\/h2>\r\nBevor Sie beginnen, empfehlen wir Ihnen, unsere allgemeinen Informationen zu konsultieren und die erforderlichen grafischen Ressourcen herunterzuladen:\r\n<h3>Tourismus-Informationsb\u00fcros<\/h3>\r\nMallorca verf\u00fcgt \u00fcber eine Vielzahl von B\u00fcros, die \u00fcber das gesamte Territorium verteilt sind. Allgemeine Informationspunkte finden Sie am Flughafen, am Hafen und im Zentrum von Palma, sowie lokale B\u00fcros in den meisten Gemeinden und Touristenzonen, um spezifische Fragen zur Umgebung zu kl\u00e4ren.\r\n<h2>Geld, Steuern und Kommunikation<\/h2>\r\nGeld und Zahlungen: Wir verf\u00fcgen \u00fcber ein weitreichendes Netz von 24h-Geldautomaten. Die meisten Karten (Visa, MasterCard, Maestro) werden in fast allen Betrieben akzeptiert. Wechselstuben befinden sich am Flughafen und in einigen Hotels.\r\n\r\nTrinkgeld: Es ist \u00fcblich, in Bars, Restaurants und Taxis Trinkgeld zu geben, obwohl es keinen festen Prozentsatz gibt.\r\n\r\nTax Free: Personen mit Wohnsitz au\u00dferhalb der EU k\u00f6nnen die Mehrwertsteuer-R\u00fcckerstattung in Gesch\u00e4ften mit dem DIVA-Formular beantragen und dieses vor der Abreise an Terminals in Flugh\u00e4fen oder H\u00e4fen validieren.\r\n\r\nSteuer f\u00fcr nachhaltigen Tourismus (ITS): Sie wird auf alle Aufenthalte erhoben, um die Umweltauswirkungen des Tourismus auszugleichen.\r\n<h3>Elektrizit\u00e4t, Uhrzeit und Konnektivit\u00e4t<\/h3>\r\n<h2>\u00d6ffnungszeiten und Feiertagskalender<\/h2>\r\n<ul>\r\n \t<li>Verwaltung: 9:00 bis 14:00 Uhr.<\/li>\r\n \t<li>Gesch\u00e4fte: Normalerweise von 10:00 bis 13:00 Uhr und von 17:00 bis 20:00 Uhr. In Palma und Touristengebieten oft durchgehend von 9:00 bis 21:00 Uhr ge\u00f6ffnet.<\/li>\r\n \t<li>Restaurants: K\u00fcche von 13:00 bis 15:00 Uhr und von 20:00 bis 23:00 Uhr ge\u00f6ffnet (wobei immer mehr Lokale eine durchgehende K\u00fcche anbieten).<\/li>\r\n \t<li>Banken: 8:30 bis 14:00 Uhr.<\/li>\r\n \t<li>Wasser: Das Leitungswasser ist gr\u00f6\u00dftenteils trinkbar, obwohl ein Gro\u00dfteil der Bev\u00f6lkerung den Konsum von abgef\u00fclltem Wasser bevorzugt.<\/li>\r\n<\/ul>\r\n<h3>Regelm\u00e4\u00dfige Feiertage auf Mallorca<\/h3>\r\n<ul>\r\n \t<li>1. Januar (Neujahr), 6. Januar (Heilige Drei K\u00f6nige), 1. M\u00e4rz (Tag der Balearen), Gr\u00fcndonnerstag und Karfreitag, Ostermontag, 1. Mai (Tag der Arbeit), 15. August (Mari\u00e4 Himmelfahrt), 12. Oktober (Nationalfeiertag), 1. November (Allerheiligen), 6. Dezember (Tag der Verfassung), 8. Dezember (Unbefleckte Empf\u00e4ngnis), 25. und 26. Dezember (Weihnachten).<\/li>\r\n<\/ul>\r\n<h2>Gesundheit und Notf\u00e4lle<\/h2>\r\n<ul>\r\n \t<li>Notrufnummer: 112 (Kostenlos, 24h und mehrsprachig).<\/li>\r\n \t<li>Medizinische Versorgung: Wir verf\u00fcgen \u00fcber ein vollst\u00e4ndiges Netz an \u00f6ffentlichen Krankenh\u00e4usern und privaten Kliniken. Es ist unerl\u00e4sslich, dass EU-B\u00fcrger mit der Europ\u00e4ischen Krankenversicherungskarte reisen.<\/li>\r\n \t<li>Apotheken: Folgen den Gesch\u00e4ftszeiten, es gibt jedoch immer Notdienst-Apotheken f\u00fcr n\u00e4chtliche Notf\u00e4lle oder Feiertage.<\/li>\r\n \t<li>Impfungen: Derzeit wird die Impfung gegen Covid-19 empfohlen.<\/li>\r\n<\/ul>\r\n<h2>Tipps, Sicherheit und Vorsichtsma\u00dfnahmen<\/h2>\r\nFr\u00fchzeitig buchen: Besonders im Sommer empfehlen wir, Fl\u00fcge, Unterk\u00fcnfte, Mietwagen und Restaurants rechtzeitig zu reservieren.\r\n<h3>Verkehrsregeln und Mobilit\u00e4t<\/h3>\r\n<ul>\r\n \t<li>Anforderungen: Mindestalter 18 Jahre und g\u00fcltiger F\u00fchrerschein (International je nach Herkunftsland).<\/li>\r\n \t<li>Regeln: Es herrscht Rechtsverkehr. Tempolimits: 50 km\/h (innerorts), 80 km\/h (Landstra\u00dfe), 120 km\/h (Autobahn). Anschnallpflicht f\u00fcr alle Insassen.<\/li>\r\n \t<li>Kinder: Es ist verboten, Kinder auf dem Arm zu halten. Bei einer K\u00f6rpergr\u00f6\u00dfe unter 135 cm m\u00fcssen zugelassene Kindersitze auf den R\u00fccksitzen verwendet werden.<\/li>\r\n \t<li>Einschr\u00e4nkungen: Die Stra\u00dfe Ma-2210 (Formentor) hat zu bestimmten Zeiten eingeschr\u00e4nkten Zugang. Konsultieren Sie die offizielle Verkehrs\u00fcbersicht.<\/li>\r\n \t<li>Motorr\u00e4der und Fahrr\u00e4der: Helmpflicht. F\u00fcr Fahrr\u00e4der gilt die Pflicht auf Landstra\u00dfen sowie f\u00fcr Personen unter 16 Jahren auch in der Stadt.<\/li>\r\n<\/ul>\r\n<a href=\"http:\/\/fundaciomallorcaturisme.net\/de\/plane\/transport\/\">Transport auf Mallorca<\/a>\r\n<h3>Pr\u00e4vention von Diebstahl und Betrug<\/h3>\r\nMallorca ist sicher, aber achten Sie in belebten Zonen (Str\u00e4nde, Hotels, Flugh\u00e4fen) auf Ihr Eigentum. Lassen Sie keine Wertgegenst\u00e4nde im Auto. Vermeiden Sie Stra\u00dfenspiele wie das H\u00fctchenspiel (es handelt sich um Betrug) und seien Sie misstrauisch gegen\u00fcber Personen, die auf der Stra\u00dfe beharrlich Waren anbieten. Im Falle eines Diebstahls erstatten Sie Anzeige bei der Nationalpolizei oder rufen Sie 902 102 112 an (Touristenbetreuung).\r\n<h3>Sonnenschutz und Brandschutz<\/h3>\r\n<ul>\r\n \t<li>Sonne: Verwenden Sie hohen Lichtschutzfaktor und vermeiden Sie die pralle Mittagssonne.<\/li>\r\n \t<li>Feuer: Vom 1. Mai bis zum 15. Oktober ist es streng verboten, in der Natur Feuer zu machen, um Waldbr\u00e4nde zu verhindern.<\/li>\r\n<\/ul>\r\n<h2>Reiseservices: Konsulate und Gep\u00e4ckaufbewahrung<\/h2>\r\n<ul>\r\n \t<li>Konsulate: Palma verf\u00fcgt \u00fcber zahlreiche ausl\u00e4ndische Vertretungen f\u00fcr Notf\u00e4lle oder Dokumentenangelegenheiten.<\/li>\r\n \t<li>Gep\u00e4ckaufbewahrung: Wenn Sie die Insel ohne Gep\u00e4ck erkunden m\u00f6chten, finden Sie 24h-Schlie\u00dff\u00e4cher und Aufbewahrungsdienste im Zentrum von Palma und an strategischen Verkehrsknotenpunkten.<\/li>\r\n<\/ul>\r\n<h2>Entdecken Sie Mallorca weiter<\/h2>","cta":"","2_columnas":false,"color_de_fondo":""}]},"yoast_head":"<!-- This site is optimized with the Yoast SEO plugin v27.7 - https:\/\/yoast.com\/product\/yoast-seo-wordpress\/ -->\n<title>Praktische Informationen - Consell de Mallorca<\/title>\n<meta name=\"robots\" content=\"index, follow, max-snippet:-1, max-image-preview:large, max-video-preview:-1\" \/>\n<link rel=\"canonical\" href=\"https:\/\/fundaciomallorcaturisme.net\/de\/plane\/praktische-informationen\/\" \/>\n<meta property=\"og:locale\" content=\"de_DE\" \/>\n<meta property=\"og:type\" content=\"article\" \/>\n<meta property=\"og:title\" content=\"Praktische Informationen - Consell de Mallorca\" \/>\n<meta property=\"og:url\" content=\"https:\/\/fundaciomallorcaturisme.net\/de\/plane\/praktische-informationen\/\" \/>\n<meta property=\"og:site_name\" content=\"Consell de Mallorca\" \/>\n<meta property=\"article:publisher\" content=\"https:\/\/www.facebook.com\/ConselldeMca\/\" \/>\n<meta property=\"article:modified_time\" content=\"2026-03-19T10:34:40+00:00\" \/>\n<meta property=\"og:image\" content=\"https:\/\/fundaciomallorcaturisme.net\/wp-content\/uploads\/2026\/02\/planificax2.jpg\" \/>\n\t<meta property=\"og:image:width\" content=\"1346\" \/>\n\t<meta property=\"og:image:height\" content=\"1094\" \/>\n\t<meta property=\"og:image:type\" content=\"image\/jpeg\" \/>\n<meta name=\"twitter:card\" content=\"summary_large_image\" \/>\n<meta name=\"twitter:site\" content=\"@ConselldeMca\" \/>\n<script type=\"application\/ld+json\" class=\"yoast-schema-graph\">{\"@context\":\"https:\\\/\\\/schema.org\",\"@graph\":[{\"@type\":\"WebPage\",\"@id\":\"https:\\\/\\\/fundaciomallorcaturisme.net\\\/de\\\/plane\\\/praktische-informationen\\\/\",\"url\":\"https:\\\/\\\/fundaciomallorcaturisme.net\\\/de\\\/plane\\\/praktische-informationen\\\/\",\"name\":\"Praktische Informationen - Consell de Mallorca\",\"isPartOf\":{\"@id\":\"https:\\\/\\\/fundaciomallorcaturisme.net\\\/de\\\/#website\"},\"datePublished\":\"2026-02-26T08:07:18+00:00\",\"dateModified\":\"2026-03-19T10:34:40+00:00\",\"breadcrumb\":{\"@id\":\"https:\\\/\\\/fundaciomallorcaturisme.net\\\/de\\\/plane\\\/praktische-informationen\\\/#breadcrumb\"},\"inLanguage\":\"de\",\"potentialAction\":[{\"@type\":\"ReadAction\",\"target\":[\"https:\\\/\\\/fundaciomallorcaturisme.net\\\/de\\\/plane\\\/praktische-informationen\\\/\"]}]},{\"@type\":\"BreadcrumbList\",\"@id\":\"https:\\\/\\\/fundaciomallorcaturisme.net\\\/de\\\/plane\\\/praktische-informationen\\\/#breadcrumb\",\"itemListElement\":[{\"@type\":\"ListItem\",\"position\":1,\"name\":\"Startseite\",\"item\":\"https:\\\/\\\/fundaciomallorcaturisme.net\\\/de\\\/\"},{\"@type\":\"ListItem\",\"position\":2,\"name\":\"Plane\",\"item\":\"https:\\\/\\\/fundaciomallorcaturisme.net\\\/de\\\/plane\\\/\"},{\"@type\":\"ListItem\",\"position\":3,\"name\":\"Praktische Informationen\"}]},{\"@type\":\"WebSite\",\"@id\":\"https:\\\/\\\/fundaciomallorcaturisme.net\\\/de\\\/#website\",\"url\":\"https:\\\/\\\/fundaciomallorcaturisme.net\\\/de\\\/\",\"name\":\"Consell de Mallorca\",\"description\":\"\",\"publisher\":{\"@id\":\"https:\\\/\\\/fundaciomallorcaturisme.net\\\/de\\\/#organization\"},\"alternateName\":\"Mallorca Turisme\",\"potentialAction\":[{\"@type\":\"SearchAction\",\"target\":{\"@type\":\"EntryPoint\",\"urlTemplate\":\"https:\\\/\\\/fundaciomallorcaturisme.net\\\/de\\\/?s={search_term_string}\"},\"query-input\":{\"@type\":\"PropertyValueSpecification\",\"valueRequired\":true,\"valueName\":\"search_term_string\"}}],\"inLanguage\":\"de\"},{\"@type\":\"Organization\",\"@id\":\"https:\\\/\\\/fundaciomallorcaturisme.net\\\/de\\\/#organization\",\"name\":\"Consell de Mallorca\",\"alternateName\":\"Mallorca Turisme\",\"url\":\"https:\\\/\\\/fundaciomallorcaturisme.net\\\/de\\\/\",\"logo\":{\"@type\":\"ImageObject\",\"inLanguage\":\"de\",\"@id\":\"https:\\\/\\\/fundaciomallorcaturisme.net\\\/de\\\/#\\\/schema\\\/logo\\\/image\\\/\",\"url\":\"http:\\\/\\\/fundaciomallorcaturisme.net\\\/wp-content\\\/uploads\\\/2026\\\/03\\\/logo.webp\",\"contentUrl\":\"http:\\\/\\\/fundaciomallorcaturisme.net\\\/wp-content\\\/uploads\\\/2026\\\/03\\\/logo.webp\",\"width\":696,\"height\":570,\"caption\":\"Consell de Mallorca\"},\"image\":{\"@id\":\"https:\\\/\\\/fundaciomallorcaturisme.net\\\/de\\\/#\\\/schema\\\/logo\\\/image\\\/\"},\"sameAs\":[\"https:\\\/\\\/www.facebook.com\\\/ConselldeMca\\\/\",\"https:\\\/\\\/x.com\\\/ConselldeMca\",\"https:\\\/\\\/www.instagram.com\\\/conselldemca\\\/\",\"https:\\\/\\\/www.youtube.com\\\/user\\\/conselldemallorca\"]}]}<\/script>\n<!-- \/ Yoast SEO plugin. -->","yoast_head_json":{"title":"Praktische Informationen - Consell de Mallorca","robots":{"index":"index","follow":"follow","max-snippet":"max-snippet:-1","max-image-preview":"max-image-preview:large","max-video-preview":"max-video-preview:-1"},"canonical":"https:\/\/fundaciomallorcaturisme.net\/de\/plane\/praktische-informationen\/","og_locale":"de_DE","og_type":"article","og_title":"Praktische Informationen - Consell de Mallorca","og_url":"https:\/\/fundaciomallorcaturisme.net\/de\/plane\/praktische-informationen\/","og_site_name":"Consell de Mallorca","article_publisher":"https:\/\/www.facebook.com\/ConselldeMca\/","article_modified_time":"2026-03-19T10:34:40+00:00","og_image":[{"width":1346,"height":1094,"url":"https:\/\/fundaciomallorcaturisme.net\/wp-content\/uploads\/2026\/02\/planificax2.jpg","type":"image\/jpeg"}],"twitter_card":"summary_large_image","twitter_site":"@ConselldeMca","schema":{"@context":"https:\/\/schema.org","@graph":[{"@type":"WebPage","@id":"https:\/\/fundaciomallorcaturisme.net\/de\/plane\/praktische-informationen\/","url":"https:\/\/fundaciomallorcaturisme.net\/de\/plane\/praktische-informationen\/","name":"Praktische Informationen - Consell de Mallorca","isPartOf":{"@id":"https:\/\/fundaciomallorcaturisme.net\/de\/#website"},"datePublished":"2026-02-26T08:07:18+00:00","dateModified":"2026-03-19T10:34:40+00:00","breadcrumb":{"@id":"https:\/\/fundaciomallorcaturisme.net\/de\/plane\/praktische-informationen\/#breadcrumb"},"inLanguage":"de","potentialAction":[{"@type":"ReadAction","target":["https:\/\/fundaciomallorcaturisme.net\/de\/plane\/praktische-informationen\/"]}]},{"@type":"BreadcrumbList","@id":"https:\/\/fundaciomallorcaturisme.net\/de\/plane\/praktische-informationen\/#breadcrumb","itemListElement":[{"@type":"ListItem","position":1,"name":"Startseite","item":"https:\/\/fundaciomallorcaturisme.net\/de\/"},{"@type":"ListItem","position":2,"name":"Plane","item":"https:\/\/fundaciomallorcaturisme.net\/de\/plane\/"},{"@type":"ListItem","position":3,"name":"Praktische Informationen"}]},{"@type":"WebSite","@id":"https:\/\/fundaciomallorcaturisme.net\/de\/#website","url":"https:\/\/fundaciomallorcaturisme.net\/de\/","name":"Consell de Mallorca","description":"","publisher":{"@id":"https:\/\/fundaciomallorcaturisme.net\/de\/#organization"},"alternateName":"Mallorca Turisme","potentialAction":[{"@type":"SearchAction","target":{"@type":"EntryPoint","urlTemplate":"https:\/\/fundaciomallorcaturisme.net\/de\/?s={search_term_string}"},"query-input":{"@type":"PropertyValueSpecification","valueRequired":true,"valueName":"search_term_string"}}],"inLanguage":"de"},{"@type":"Organization","@id":"https:\/\/fundaciomallorcaturisme.net\/de\/#organization","name":"Consell de Mallorca","alternateName":"Mallorca Turisme","url":"https:\/\/fundaciomallorcaturisme.net\/de\/","logo":{"@type":"ImageObject","inLanguage":"de","@id":"https:\/\/fundaciomallorcaturisme.net\/de\/#\/schema\/logo\/image\/","url":"http:\/\/fundaciomallorcaturisme.net\/wp-content\/uploads\/2026\/03\/logo.webp","contentUrl":"http:\/\/fundaciomallorcaturisme.net\/wp-content\/uploads\/2026\/03\/logo.webp","width":696,"height":570,"caption":"Consell de Mallorca"},"image":{"@id":"https:\/\/fundaciomallorcaturisme.net\/de\/#\/schema\/logo\/image\/"},"sameAs":["https:\/\/www.facebook.com\/ConselldeMca\/","https:\/\/x.com\/ConselldeMca","https:\/\/www.instagram.com\/conselldemca\/","https:\/\/www.youtube.com\/user\/conselldemallorca"]}]}},"_links":{"self":[{"href":"https:\/\/fundaciomallorcaturisme.net\/de\/wp-json\/wp\/v2\/pages\/3278","targetHints":{"allow":["GET"]}}],"collection":[{"href":"https:\/\/fundaciomallorcaturisme.net\/de\/wp-json\/wp\/v2\/pages"}],"about":[{"href":"https:\/\/fundaciomallorcaturisme.net\/de\/wp-json\/wp\/v2\/types\/page"}],"author":[{"embeddable":true,"href":"https:\/\/fundaciomallorcaturisme.net\/de\/wp-json\/wp\/v2\/users\/1"}],"replies":[{"embeddable":true,"href":"https:\/\/fundaciomallorcaturisme.net\/de\/wp-json\/wp\/v2\/comments?post=3278"}],"version-history":[{"count":1,"href":"https:\/\/fundaciomallorcaturisme.net\/de\/wp-json\/wp\/v2\/pages\/3278\/revisions"}],"predecessor-version":[{"id":4318,"href":"https:\/\/fundaciomallorcaturisme.net\/de\/wp-json\/wp\/v2\/pages\/3278\/revisions\/4318"}],"up":[{"embeddable":true,"href":"https:\/\/fundaciomallorcaturisme.net\/de\/wp-json\/wp\/v2\/pages\/2165"}],"wp:attachment":[{"href":"https:\/\/fundaciomallorcaturisme.net\/de\/wp-json\/wp\/v2\/media?parent=3278"}],"curies":[{"name":"wp","href":"https:\/\/api.w.org\/{rel}","templated":true}]}}