{"id":3276,"date":"2026-02-26T09:07:18","date_gmt":"2026-02-26T08:07:18","guid":{"rendered":"http:\/\/fundaciomallorcaturisme.net\/reiseziele\/reiseziele-am-strand\/"},"modified":"2026-03-19T10:56:18","modified_gmt":"2026-03-19T09:56:18","slug":"reiseziele-am-strand","status":"publish","type":"page","link":"https:\/\/fundaciomallorcaturisme.net\/de\/reiseziele\/reiseziele-am-strand\/","title":{"rendered":"Reiseziele am Strand"},"content":{"rendered":"","protected":false},"excerpt":{"rendered":"","protected":false},"author":1,"featured_media":0,"parent":1521,"menu_order":0,"comment_status":"open","ping_status":"open","template":"page-templates\/contenido_flexible.php","meta":{"_acf_changed":false,"footnotes":""},"class_list":["post-3276","page","type-page","status-publish","hentry"],"acf":{"contenido_flexible":[{"acf_fc_layout":"cabecera","titulo":"<h1>Strandziele auf Mallorca: Traumhafte Buchten und Sandstr\u00e4nde<\/h1>","titulo_grande":false,"subtitulo":"","texto":"","enlace":"","flecha_abajo":false,"tiene_video":false,"video":"","imagenx1":"","imagenx2":"","logos":""},{"acf_fc_layout":"texto_simple","pretitulo":"","titulo":"","texto":"Die Insel Mallorca ist international bekannt f\u00fcr ihr warmes Klima und einige der besten Str\u00e4nde des Mittelmeers. Mit fast 300 Str\u00e4nden entlang der gesamten K\u00fcste ist Vielfalt unser Markenzeichen: von weitl\u00e4ufigen wei\u00dfen Sandstr\u00e4nden bis hin zu abgelegenen Felsbuchten mit t\u00fcrkisblauem, glasklarem Wasser. Diese Vielfalt ist der Hauptgrund, warum Touristen aus aller Welt Mallorca als ihr ideales Urlaubsziel w\u00e4hlen.\r\n<h2>Finden Sie Ihren idealen Strand: Von Ruhe bis zum Full-Service<\/h2>\r\nJe nach Interesse k\u00f6nnen Sie w\u00e4hlen, ob Sie sich in wundersch\u00f6nen Buchten mit transparentem Wasser verstecken oder Str\u00e4nde mit allen notwendigen Dienstleistungen wie Sonnenliegen, Schirmen und Strandbars (Chiringuitos) genie\u00dfen m\u00f6chten.\r\n<h3>Geografische Vielfalt und einzigartige Landschaften<\/h3>\r\nIn allen Teilen der Insel verbergen sich charmante Ecken. Im Norden Mallorcas \u00fcberwiegen Sand- und Kiesstr\u00e4nde mit kristallklarem, erfrischendem Wasser. In der Region Levante bestechen Str\u00e4nde mit feinem wei\u00dfen Sand und t\u00fcrkisfarbenem Wasser; viele von ihnen sind naturbelassen und erfordern einen angenehmen Fu\u00dfweg durch W\u00e4lder oder \u00fcber Felsen, wie die ber\u00fchmten Buchten Cala Agulla, Cala Mesquida oder Cala Millor.\r\n\r\nEine Besonderheit der mallorquinischen Str\u00e4nde ist ihre Entstehung an den M\u00fcndungen von Sturzb\u00e4chen (Torrents) \u2013 ein einzigartiges geografisches Ph\u00e4nomen aufgrund der fehlenden Fl\u00fcsse auf der Insel, das Landschaften von besonderer Sch\u00f6nheit schafft.\r\n<h2>Str\u00e4nde mit Service, Freizeitangebot und Barrierefreiheit<\/h2>\r\nIn den etablierten Tourismusgebieten wie Palma, Calvi\u00e0 oder Alc\u00fadia bieten die Str\u00e4nde zahlreiche Annehmlichkeiten f\u00fcr Entspannung und Spa\u00df: Tretboote, Wasseraktivit\u00e4ten wie Kitesurfen oder das lustige \u201eBanana-Boot\u201c.\r\n<h3>Inklusiver Tourismus und Sicherheit<\/h3>\r\nVerpflichtet zur Barrierefreiheit, bieten Str\u00e4nde wie die Playa de Palma, Can Pere Antoni oder die Platja de Son Maties Rampen f\u00fcr Personen mit eingeschr\u00e4nkter Mobilit\u00e4t und angepasste St\u00fchle, um jedem ein sicheres Badeerlebnis zu garantieren.\r\n<h3>Ikonische Ziele und Freizeitzonen<\/h3>\r\nDie Playa de Palma (die Can Pastilla, s\u2019Arenal und Cala Estancia umfasst) ist eines der am besten angebundenen und gepflegten Ziele. Magaluf in Calvi\u00e0 hingegen sticht als Zentrum f\u00fcr Unterhaltung mit einem breiten Freizeitangebot hervor. Wenn Sie Orte suchen, die von der Europ\u00e4ischen Union f\u00fcr ihre Sch\u00f6nheit und Sicherheit ausgezeichnet wurden, d\u00fcrfen Sie Calas de Mallorca in Manacor oder die emblematische Playa de Formentor nicht verpassen, von der aus man an klaren Tagen bis zur Insel Menorca sehen kann.\r\n<h2>FKK-Tradition auf Mallorca<\/h2>\r\nDie Insel hat eine tief verwurzelte Tradition an FKK-Str\u00e4nden. Anh\u00e4nger des Nudismus finden ihr Paradies an ikonischen Orten wie Es Trenc (Campos) oder der Playa del Mago (Portals Vells) \u2013 Umgebungen von gro\u00dfem nat\u00fcrlichem Wert, in denen diese Praxis voll integriert ist.\r\n<h2>Sicherheit und Wassersport: Praktische Tipps<\/h2>\r\nDie Insellage Mallorcas bestimmt den Rhythmus des Meeres. Wenn der Wind aus Norden weht, weisen die Str\u00e4nde an dieser Seite starken Wellengang auf \u2013 ideal zum Windsurfen oder Wellenreiten, erfordern jedoch Vorsicht beim Kajakfahren. Das Gleiche gilt, wenn der Wind aus dem S\u00fcden weht.\r\n<h3>Das Flaggen-System<\/h3>\r\nBevor Sie baden gehen, ist es wichtig, den Zustand des Meeres anhand der Sicherheitsflaggen zu pr\u00fcfen:\r\n<ul>\r\n \t<li>Gr\u00fcn: Optimale Bedingungen, keine Gefahr.<\/li>\r\n \t<li>Gelb: Vorsicht geboten.<\/li>\r\n \t<li>Rot: Badeverbot aufgrund von schlechtem Meereszustand.<\/li>\r\n<\/ul>\r\n<h2>Alle Str\u00e4nde, die Sie auf Mallorca besuchen k\u00f6nnen<\/h2>\r\n<ul>\r\n \t<li><a href=\"http:\/\/fundaciomallorcaturisme.net\/de\/was-man-unternehmen-kann\/straende\/\">Liste der Str\u00e4nde<\/a><\/li>\r\n<\/ul>","cta":"","2_columnas":false,"color_de_fondo":""}]},"yoast_head":"<!-- This site is optimized with the Yoast SEO plugin v27.7 - https:\/\/yoast.com\/product\/yoast-seo-wordpress\/ -->\n<title>Reiseziele am Strand - Consell de Mallorca<\/title>\n<meta name=\"robots\" content=\"index, follow, max-snippet:-1, max-image-preview:large, max-video-preview:-1\" \/>\n<link rel=\"canonical\" href=\"https:\/\/fundaciomallorcaturisme.net\/de\/reiseziele\/reiseziele-am-strand\/\" \/>\n<meta property=\"og:locale\" content=\"de_DE\" \/>\n<meta property=\"og:type\" content=\"article\" \/>\n<meta property=\"og:title\" content=\"Reiseziele am Strand - Consell de Mallorca\" \/>\n<meta property=\"og:url\" content=\"https:\/\/fundaciomallorcaturisme.net\/de\/reiseziele\/reiseziele-am-strand\/\" \/>\n<meta property=\"og:site_name\" content=\"Consell de Mallorca\" \/>\n<meta property=\"article:publisher\" content=\"https:\/\/www.facebook.com\/ConselldeMca\/\" \/>\n<meta property=\"article:modified_time\" content=\"2026-03-19T09:56:18+00:00\" \/>\n<meta property=\"og:image\" content=\"https:\/\/fundaciomallorcaturisme.net\/wp-content\/uploads\/2026\/02\/planificax2.jpg\" \/>\n\t<meta property=\"og:image:width\" content=\"1346\" \/>\n\t<meta property=\"og:image:height\" content=\"1094\" \/>\n\t<meta property=\"og:image:type\" content=\"image\/jpeg\" \/>\n<meta name=\"twitter:card\" content=\"summary_large_image\" \/>\n<meta name=\"twitter:site\" content=\"@ConselldeMca\" \/>\n<script type=\"application\/ld+json\" class=\"yoast-schema-graph\">{\"@context\":\"https:\\\/\\\/schema.org\",\"@graph\":[{\"@type\":\"WebPage\",\"@id\":\"https:\\\/\\\/fundaciomallorcaturisme.net\\\/de\\\/reiseziele\\\/reiseziele-am-strand\\\/\",\"url\":\"https:\\\/\\\/fundaciomallorcaturisme.net\\\/de\\\/reiseziele\\\/reiseziele-am-strand\\\/\",\"name\":\"Reiseziele am Strand - Consell de Mallorca\",\"isPartOf\":{\"@id\":\"https:\\\/\\\/fundaciomallorcaturisme.net\\\/de\\\/#website\"},\"datePublished\":\"2026-02-26T08:07:18+00:00\",\"dateModified\":\"2026-03-19T09:56:18+00:00\",\"breadcrumb\":{\"@id\":\"https:\\\/\\\/fundaciomallorcaturisme.net\\\/de\\\/reiseziele\\\/reiseziele-am-strand\\\/#breadcrumb\"},\"inLanguage\":\"de\",\"potentialAction\":[{\"@type\":\"ReadAction\",\"target\":[\"https:\\\/\\\/fundaciomallorcaturisme.net\\\/de\\\/reiseziele\\\/reiseziele-am-strand\\\/\"]}]},{\"@type\":\"BreadcrumbList\",\"@id\":\"https:\\\/\\\/fundaciomallorcaturisme.net\\\/de\\\/reiseziele\\\/reiseziele-am-strand\\\/#breadcrumb\",\"itemListElement\":[{\"@type\":\"ListItem\",\"position\":1,\"name\":\"Startseite\",\"item\":\"https:\\\/\\\/fundaciomallorcaturisme.net\\\/de\\\/\"},{\"@type\":\"ListItem\",\"position\":2,\"name\":\"Reiseziele\",\"item\":\"https:\\\/\\\/fundaciomallorcaturisme.net\\\/de\\\/reiseziele\\\/\"},{\"@type\":\"ListItem\",\"position\":3,\"name\":\"Reiseziele am Strand\"}]},{\"@type\":\"WebSite\",\"@id\":\"https:\\\/\\\/fundaciomallorcaturisme.net\\\/de\\\/#website\",\"url\":\"https:\\\/\\\/fundaciomallorcaturisme.net\\\/de\\\/\",\"name\":\"Consell de Mallorca\",\"description\":\"\",\"publisher\":{\"@id\":\"https:\\\/\\\/fundaciomallorcaturisme.net\\\/de\\\/#organization\"},\"alternateName\":\"Mallorca Turisme\",\"potentialAction\":[{\"@type\":\"SearchAction\",\"target\":{\"@type\":\"EntryPoint\",\"urlTemplate\":\"https:\\\/\\\/fundaciomallorcaturisme.net\\\/de\\\/?s={search_term_string}\"},\"query-input\":{\"@type\":\"PropertyValueSpecification\",\"valueRequired\":true,\"valueName\":\"search_term_string\"}}],\"inLanguage\":\"de\"},{\"@type\":\"Organization\",\"@id\":\"https:\\\/\\\/fundaciomallorcaturisme.net\\\/de\\\/#organization\",\"name\":\"Consell de Mallorca\",\"alternateName\":\"Mallorca Turisme\",\"url\":\"https:\\\/\\\/fundaciomallorcaturisme.net\\\/de\\\/\",\"logo\":{\"@type\":\"ImageObject\",\"inLanguage\":\"de\",\"@id\":\"https:\\\/\\\/fundaciomallorcaturisme.net\\\/de\\\/#\\\/schema\\\/logo\\\/image\\\/\",\"url\":\"http:\\\/\\\/fundaciomallorcaturisme.net\\\/wp-content\\\/uploads\\\/2026\\\/03\\\/logo.webp\",\"contentUrl\":\"http:\\\/\\\/fundaciomallorcaturisme.net\\\/wp-content\\\/uploads\\\/2026\\\/03\\\/logo.webp\",\"width\":696,\"height\":570,\"caption\":\"Consell de Mallorca\"},\"image\":{\"@id\":\"https:\\\/\\\/fundaciomallorcaturisme.net\\\/de\\\/#\\\/schema\\\/logo\\\/image\\\/\"},\"sameAs\":[\"https:\\\/\\\/www.facebook.com\\\/ConselldeMca\\\/\",\"https:\\\/\\\/x.com\\\/ConselldeMca\",\"https:\\\/\\\/www.instagram.com\\\/conselldemca\\\/\",\"https:\\\/\\\/www.youtube.com\\\/user\\\/conselldemallorca\"]}]}<\/script>\n<!-- \/ Yoast SEO plugin. -->","yoast_head_json":{"title":"Reiseziele am Strand - Consell de Mallorca","robots":{"index":"index","follow":"follow","max-snippet":"max-snippet:-1","max-image-preview":"max-image-preview:large","max-video-preview":"max-video-preview:-1"},"canonical":"https:\/\/fundaciomallorcaturisme.net\/de\/reiseziele\/reiseziele-am-strand\/","og_locale":"de_DE","og_type":"article","og_title":"Reiseziele am Strand - Consell de Mallorca","og_url":"https:\/\/fundaciomallorcaturisme.net\/de\/reiseziele\/reiseziele-am-strand\/","og_site_name":"Consell de Mallorca","article_publisher":"https:\/\/www.facebook.com\/ConselldeMca\/","article_modified_time":"2026-03-19T09:56:18+00:00","og_image":[{"width":1346,"height":1094,"url":"https:\/\/fundaciomallorcaturisme.net\/wp-content\/uploads\/2026\/02\/planificax2.jpg","type":"image\/jpeg"}],"twitter_card":"summary_large_image","twitter_site":"@ConselldeMca","schema":{"@context":"https:\/\/schema.org","@graph":[{"@type":"WebPage","@id":"https:\/\/fundaciomallorcaturisme.net\/de\/reiseziele\/reiseziele-am-strand\/","url":"https:\/\/fundaciomallorcaturisme.net\/de\/reiseziele\/reiseziele-am-strand\/","name":"Reiseziele am Strand - Consell de Mallorca","isPartOf":{"@id":"https:\/\/fundaciomallorcaturisme.net\/de\/#website"},"datePublished":"2026-02-26T08:07:18+00:00","dateModified":"2026-03-19T09:56:18+00:00","breadcrumb":{"@id":"https:\/\/fundaciomallorcaturisme.net\/de\/reiseziele\/reiseziele-am-strand\/#breadcrumb"},"inLanguage":"de","potentialAction":[{"@type":"ReadAction","target":["https:\/\/fundaciomallorcaturisme.net\/de\/reiseziele\/reiseziele-am-strand\/"]}]},{"@type":"BreadcrumbList","@id":"https:\/\/fundaciomallorcaturisme.net\/de\/reiseziele\/reiseziele-am-strand\/#breadcrumb","itemListElement":[{"@type":"ListItem","position":1,"name":"Startseite","item":"https:\/\/fundaciomallorcaturisme.net\/de\/"},{"@type":"ListItem","position":2,"name":"Reiseziele","item":"https:\/\/fundaciomallorcaturisme.net\/de\/reiseziele\/"},{"@type":"ListItem","position":3,"name":"Reiseziele am Strand"}]},{"@type":"WebSite","@id":"https:\/\/fundaciomallorcaturisme.net\/de\/#website","url":"https:\/\/fundaciomallorcaturisme.net\/de\/","name":"Consell de Mallorca","description":"","publisher":{"@id":"https:\/\/fundaciomallorcaturisme.net\/de\/#organization"},"alternateName":"Mallorca Turisme","potentialAction":[{"@type":"SearchAction","target":{"@type":"EntryPoint","urlTemplate":"https:\/\/fundaciomallorcaturisme.net\/de\/?s={search_term_string}"},"query-input":{"@type":"PropertyValueSpecification","valueRequired":true,"valueName":"search_term_string"}}],"inLanguage":"de"},{"@type":"Organization","@id":"https:\/\/fundaciomallorcaturisme.net\/de\/#organization","name":"Consell de Mallorca","alternateName":"Mallorca Turisme","url":"https:\/\/fundaciomallorcaturisme.net\/de\/","logo":{"@type":"ImageObject","inLanguage":"de","@id":"https:\/\/fundaciomallorcaturisme.net\/de\/#\/schema\/logo\/image\/","url":"http:\/\/fundaciomallorcaturisme.net\/wp-content\/uploads\/2026\/03\/logo.webp","contentUrl":"http:\/\/fundaciomallorcaturisme.net\/wp-content\/uploads\/2026\/03\/logo.webp","width":696,"height":570,"caption":"Consell de Mallorca"},"image":{"@id":"https:\/\/fundaciomallorcaturisme.net\/de\/#\/schema\/logo\/image\/"},"sameAs":["https:\/\/www.facebook.com\/ConselldeMca\/","https:\/\/x.com\/ConselldeMca","https:\/\/www.instagram.com\/conselldemca\/","https:\/\/www.youtube.com\/user\/conselldemallorca"]}]}},"_links":{"self":[{"href":"https:\/\/fundaciomallorcaturisme.net\/de\/wp-json\/wp\/v2\/pages\/3276","targetHints":{"allow":["GET"]}}],"collection":[{"href":"https:\/\/fundaciomallorcaturisme.net\/de\/wp-json\/wp\/v2\/pages"}],"about":[{"href":"https:\/\/fundaciomallorcaturisme.net\/de\/wp-json\/wp\/v2\/types\/page"}],"author":[{"embeddable":true,"href":"https:\/\/fundaciomallorcaturisme.net\/de\/wp-json\/wp\/v2\/users\/1"}],"replies":[{"embeddable":true,"href":"https:\/\/fundaciomallorcaturisme.net\/de\/wp-json\/wp\/v2\/comments?post=3276"}],"version-history":[{"count":1,"href":"https:\/\/fundaciomallorcaturisme.net\/de\/wp-json\/wp\/v2\/pages\/3276\/revisions"}],"predecessor-version":[{"id":4310,"href":"https:\/\/fundaciomallorcaturisme.net\/de\/wp-json\/wp\/v2\/pages\/3276\/revisions\/4310"}],"up":[{"embeddable":true,"href":"https:\/\/fundaciomallorcaturisme.net\/de\/wp-json\/wp\/v2\/pages\/1521"}],"wp:attachment":[{"href":"https:\/\/fundaciomallorcaturisme.net\/de\/wp-json\/wp\/v2\/media?parent=3276"}],"curies":[{"name":"wp","href":"https:\/\/api.w.org\/{rel}","templated":true}]}}