{"id":3275,"date":"2026-02-26T09:07:18","date_gmt":"2026-02-26T08:07:18","guid":{"rendered":"http:\/\/fundaciomallorcaturisme.net\/reiseziele\/reiseziele-im-landesinneren-2\/"},"modified":"2026-04-09T13:56:59","modified_gmt":"2026-04-09T11:56:59","slug":"reiseziele-im-landesinneren-2","status":"publish","type":"page","link":"https:\/\/fundaciomallorcaturisme.net\/de\/reiseziele\/reiseziele-im-landesinneren-2\/","title":{"rendered":"Reiseziele im Landesinneren"},"content":{"rendered":"","protected":false},"excerpt":{"rendered":"","protected":false},"author":1,"featured_media":0,"parent":1521,"menu_order":0,"comment_status":"open","ping_status":"open","template":"page-templates\/contenido_flexible.php","meta":{"_acf_changed":false,"footnotes":""},"class_list":["post-3275","page","type-page","status-publish","hentry"],"acf":{"contenido_flexible":[{"acf_fc_layout":"cabecera","titulo":"<h1>Reiseziele im Inselinneren: Entdecken Sie das l\u00e4ndliche und authentische Mallorca<\/h1>","titulo_grande":false,"subtitulo":"","texto":"","enlace":"","flecha_abajo":false,"tiene_video":false,"video":"","imagenx1":"","imagenx2":"","logos":""},{"acf_fc_layout":"texto_simple","pretitulo":"","titulo":"","texto":"Mallorca ist viel mehr als nur ein Sonnen- und Strandziel. Das Inselinnere l\u00e4dt dazu ein, in das l\u00e4ndliche Mallorca einzutauchen \u2013 ein ideales Refugium f\u00fcr alle, die Ruhe und Gelassenheit abseits der belebten Touristenzentren suchen. Hier liegt die reinste Essenz der \u201eInsel der Ruhe\u201c.\r\n<h2>D\u00f6rfer mit Charme: Erbe, M\u00e4rkte und Tradition<\/h2>\r\nIn den D\u00f6rfern im Landesinneren, besonders in den kleinsten, verl\u00e4uft das Leben in einem anderen Rhythmus. Authentizit\u00e4t atmet man in jedem Winkel ihres Erbes: Pfarrkirchen, Einsiedeleien, Kl\u00f6ster und die ikonischen Windm\u00fchlen, die die Landschaft pr\u00e4gen.\r\n\r\nEin Spaziergang \u00fcber die Wochenm\u00e4rkte oder die Teilnahme an den Volksfesten ist der perfekte Weg, um die traditionelle mallorquinische Kultur aufzusaugen. Orte in den Regionen Es Pla oder Es Raiguer bieten ein einzigartiges Fenster in die lebendige Geschichte unseres Landes.\r\n<h2>Pl\u00e4ne f\u00fcr Familien und Aktivtourismus<\/h2>\r\nDas Landesinnere bietet eine F\u00fclle an Erlebnissen f\u00fcr alle Altersgruppen. Es ist der perfekte Schauplatz f\u00fcr Wanderungen und Radtouren mit Routen, die zu versteckten Heiligt\u00fcmern und Einsiedeleien in den H\u00fcgeln f\u00fchren.\r\n<ul>\r\n \t<li>Kultur und Wein: Gef\u00fchrte Touren durch Weinkeller (\u00d6notourismus) und \u00d6lm\u00fchlen, um die \u00d6lherstellung zu entdecken.<\/li>\r\n \t<li>Herrenh\u00e4user: Besuche der emblematischen \u201ePossessions\u201c, Zeugen der herrschaftlichen und landwirtschaftlichen Vergangenheit der Insel.<\/li>\r\n \t<li>Handwerk: Werkst\u00e4tten, in denen Kunsthandwerker jahrhundertealte Berufe am Leben erhalten.<\/li>\r\n<\/ul>\r\n<a href=\"https:\/\/fundaciomallorcaturisme.net\/de\/was-man-unternehmen-kann\/kunst-und-kultur\/\">Kunst und Kultur auf Mallorca<\/a>\r\n<h2>Eine Landschaft zum Verlieben: Die Mandelbl\u00fcte<\/h2>\r\nDie Landschaft im Inneren ist von erstaunlicher Vielfalt. Sie kombiniert Steineichenw\u00e4lder, Pinienhaine und Garrigues mit Trockenfeldern: Getreide, Johannisbrotb\u00e4ume, Olivenb\u00e4ume und weitl\u00e4ufige Weinberge.\r\n\r\nBesondere Erw\u00e4hnung verdient das Spektakel der Mandelbl\u00fcte. Zwischen Januar und M\u00e4rz f\u00e4rben sich die Felder wei\u00df und rosa und schaffen ein Bild, das Reisende und Fotografen verzaubert, die diesen Teil der Insel im Winter besuchen.\r\n<h2>Unterkunft mit Essenz und traditionelle Gastronomie<\/h2>\r\nF\u00fcr ein vollst\u00e4ndiges Erlebnis bietet das Landesinneren einzigartige Unterkunftsm\u00f6glichkeiten: von Stadthotels in den historischen Zentren bis hin zu Agrotourismen auf Landg\u00fctern mit landwirtschaftlichem Betrieb. Sogar einige Kl\u00f6ster bieten Aufenthalte f\u00fcr diejenigen an, die einen spirituellen R\u00fcckzugsort in Kontakt mit der Natur suchen.\r\n<h3>Die \u201eCellers\u201c und die lokale K\u00fcche<\/h3>\r\nDas [gastronomische Angebot] ist reichhaltig und vielf\u00e4ltig. In diesen D\u00f6rfern gibt es zahlreiche Restaurants mit lokaler K\u00fcche und die typischen \u201eCellers\u201c \u2013 ehemalige Weinkeller, die in Tempel der traditionellen K\u00fcche umgewandelt wurden \u2013, in denen man die authentischsten Gerichte Mallorcas probieren kann.","cta":"","2_columnas":false,"color_de_fondo":""}]},"yoast_head":"<!-- This site is optimized with the Yoast SEO plugin v27.7 - https:\/\/yoast.com\/product\/yoast-seo-wordpress\/ -->\n<title>Reiseziele im Landesinneren - Consell de Mallorca<\/title>\n<meta name=\"robots\" content=\"index, follow, max-snippet:-1, max-image-preview:large, max-video-preview:-1\" \/>\n<link rel=\"canonical\" href=\"https:\/\/fundaciomallorcaturisme.net\/de\/reiseziele\/reiseziele-im-landesinneren-2\/\" \/>\n<meta property=\"og:locale\" content=\"de_DE\" \/>\n<meta property=\"og:type\" content=\"article\" \/>\n<meta property=\"og:title\" content=\"Reiseziele im Landesinneren - Consell de Mallorca\" \/>\n<meta property=\"og:url\" content=\"https:\/\/fundaciomallorcaturisme.net\/de\/reiseziele\/reiseziele-im-landesinneren-2\/\" \/>\n<meta property=\"og:site_name\" content=\"Consell de Mallorca\" \/>\n<meta property=\"article:publisher\" content=\"https:\/\/www.facebook.com\/ConselldeMca\/\" \/>\n<meta property=\"article:modified_time\" content=\"2026-04-09T11:56:59+00:00\" \/>\n<meta property=\"og:image\" content=\"https:\/\/fundaciomallorcaturisme.net\/wp-content\/uploads\/2026\/02\/planificax2.jpg\" \/>\n\t<meta property=\"og:image:width\" content=\"1346\" \/>\n\t<meta property=\"og:image:height\" content=\"1094\" \/>\n\t<meta property=\"og:image:type\" content=\"image\/jpeg\" \/>\n<meta name=\"twitter:card\" content=\"summary_large_image\" \/>\n<meta name=\"twitter:site\" content=\"@ConselldeMca\" \/>\n<script type=\"application\/ld+json\" class=\"yoast-schema-graph\">{\"@context\":\"https:\\\/\\\/schema.org\",\"@graph\":[{\"@type\":\"WebPage\",\"@id\":\"https:\\\/\\\/fundaciomallorcaturisme.net\\\/de\\\/reiseziele\\\/reiseziele-im-landesinneren-2\\\/\",\"url\":\"https:\\\/\\\/fundaciomallorcaturisme.net\\\/de\\\/reiseziele\\\/reiseziele-im-landesinneren-2\\\/\",\"name\":\"Reiseziele im Landesinneren - Consell de Mallorca\",\"isPartOf\":{\"@id\":\"https:\\\/\\\/fundaciomallorcaturisme.net\\\/de\\\/#website\"},\"datePublished\":\"2026-02-26T08:07:18+00:00\",\"dateModified\":\"2026-04-09T11:56:59+00:00\",\"breadcrumb\":{\"@id\":\"https:\\\/\\\/fundaciomallorcaturisme.net\\\/de\\\/reiseziele\\\/reiseziele-im-landesinneren-2\\\/#breadcrumb\"},\"inLanguage\":\"de\",\"potentialAction\":[{\"@type\":\"ReadAction\",\"target\":[\"https:\\\/\\\/fundaciomallorcaturisme.net\\\/de\\\/reiseziele\\\/reiseziele-im-landesinneren-2\\\/\"]}]},{\"@type\":\"BreadcrumbList\",\"@id\":\"https:\\\/\\\/fundaciomallorcaturisme.net\\\/de\\\/reiseziele\\\/reiseziele-im-landesinneren-2\\\/#breadcrumb\",\"itemListElement\":[{\"@type\":\"ListItem\",\"position\":1,\"name\":\"Startseite\",\"item\":\"https:\\\/\\\/fundaciomallorcaturisme.net\\\/de\\\/\"},{\"@type\":\"ListItem\",\"position\":2,\"name\":\"Reiseziele\",\"item\":\"https:\\\/\\\/fundaciomallorcaturisme.net\\\/de\\\/reiseziele\\\/\"},{\"@type\":\"ListItem\",\"position\":3,\"name\":\"Reiseziele im Landesinneren\"}]},{\"@type\":\"WebSite\",\"@id\":\"https:\\\/\\\/fundaciomallorcaturisme.net\\\/de\\\/#website\",\"url\":\"https:\\\/\\\/fundaciomallorcaturisme.net\\\/de\\\/\",\"name\":\"Consell de Mallorca\",\"description\":\"\",\"publisher\":{\"@id\":\"https:\\\/\\\/fundaciomallorcaturisme.net\\\/de\\\/#organization\"},\"alternateName\":\"Mallorca Turisme\",\"potentialAction\":[{\"@type\":\"SearchAction\",\"target\":{\"@type\":\"EntryPoint\",\"urlTemplate\":\"https:\\\/\\\/fundaciomallorcaturisme.net\\\/de\\\/?s={search_term_string}\"},\"query-input\":{\"@type\":\"PropertyValueSpecification\",\"valueRequired\":true,\"valueName\":\"search_term_string\"}}],\"inLanguage\":\"de\"},{\"@type\":\"Organization\",\"@id\":\"https:\\\/\\\/fundaciomallorcaturisme.net\\\/de\\\/#organization\",\"name\":\"Consell de Mallorca\",\"alternateName\":\"Mallorca Turisme\",\"url\":\"https:\\\/\\\/fundaciomallorcaturisme.net\\\/de\\\/\",\"logo\":{\"@type\":\"ImageObject\",\"inLanguage\":\"de\",\"@id\":\"https:\\\/\\\/fundaciomallorcaturisme.net\\\/de\\\/#\\\/schema\\\/logo\\\/image\\\/\",\"url\":\"http:\\\/\\\/fundaciomallorcaturisme.net\\\/wp-content\\\/uploads\\\/2026\\\/03\\\/logo.webp\",\"contentUrl\":\"http:\\\/\\\/fundaciomallorcaturisme.net\\\/wp-content\\\/uploads\\\/2026\\\/03\\\/logo.webp\",\"width\":696,\"height\":570,\"caption\":\"Consell de Mallorca\"},\"image\":{\"@id\":\"https:\\\/\\\/fundaciomallorcaturisme.net\\\/de\\\/#\\\/schema\\\/logo\\\/image\\\/\"},\"sameAs\":[\"https:\\\/\\\/www.facebook.com\\\/ConselldeMca\\\/\",\"https:\\\/\\\/x.com\\\/ConselldeMca\",\"https:\\\/\\\/www.instagram.com\\\/conselldemca\\\/\",\"https:\\\/\\\/www.youtube.com\\\/user\\\/conselldemallorca\"]}]}<\/script>\n<!-- \/ Yoast SEO plugin. -->","yoast_head_json":{"title":"Reiseziele im Landesinneren - Consell de Mallorca","robots":{"index":"index","follow":"follow","max-snippet":"max-snippet:-1","max-image-preview":"max-image-preview:large","max-video-preview":"max-video-preview:-1"},"canonical":"https:\/\/fundaciomallorcaturisme.net\/de\/reiseziele\/reiseziele-im-landesinneren-2\/","og_locale":"de_DE","og_type":"article","og_title":"Reiseziele im Landesinneren - Consell de Mallorca","og_url":"https:\/\/fundaciomallorcaturisme.net\/de\/reiseziele\/reiseziele-im-landesinneren-2\/","og_site_name":"Consell de Mallorca","article_publisher":"https:\/\/www.facebook.com\/ConselldeMca\/","article_modified_time":"2026-04-09T11:56:59+00:00","og_image":[{"width":1346,"height":1094,"url":"https:\/\/fundaciomallorcaturisme.net\/wp-content\/uploads\/2026\/02\/planificax2.jpg","type":"image\/jpeg"}],"twitter_card":"summary_large_image","twitter_site":"@ConselldeMca","schema":{"@context":"https:\/\/schema.org","@graph":[{"@type":"WebPage","@id":"https:\/\/fundaciomallorcaturisme.net\/de\/reiseziele\/reiseziele-im-landesinneren-2\/","url":"https:\/\/fundaciomallorcaturisme.net\/de\/reiseziele\/reiseziele-im-landesinneren-2\/","name":"Reiseziele im Landesinneren - Consell de Mallorca","isPartOf":{"@id":"https:\/\/fundaciomallorcaturisme.net\/de\/#website"},"datePublished":"2026-02-26T08:07:18+00:00","dateModified":"2026-04-09T11:56:59+00:00","breadcrumb":{"@id":"https:\/\/fundaciomallorcaturisme.net\/de\/reiseziele\/reiseziele-im-landesinneren-2\/#breadcrumb"},"inLanguage":"de","potentialAction":[{"@type":"ReadAction","target":["https:\/\/fundaciomallorcaturisme.net\/de\/reiseziele\/reiseziele-im-landesinneren-2\/"]}]},{"@type":"BreadcrumbList","@id":"https:\/\/fundaciomallorcaturisme.net\/de\/reiseziele\/reiseziele-im-landesinneren-2\/#breadcrumb","itemListElement":[{"@type":"ListItem","position":1,"name":"Startseite","item":"https:\/\/fundaciomallorcaturisme.net\/de\/"},{"@type":"ListItem","position":2,"name":"Reiseziele","item":"https:\/\/fundaciomallorcaturisme.net\/de\/reiseziele\/"},{"@type":"ListItem","position":3,"name":"Reiseziele im Landesinneren"}]},{"@type":"WebSite","@id":"https:\/\/fundaciomallorcaturisme.net\/de\/#website","url":"https:\/\/fundaciomallorcaturisme.net\/de\/","name":"Consell de Mallorca","description":"","publisher":{"@id":"https:\/\/fundaciomallorcaturisme.net\/de\/#organization"},"alternateName":"Mallorca Turisme","potentialAction":[{"@type":"SearchAction","target":{"@type":"EntryPoint","urlTemplate":"https:\/\/fundaciomallorcaturisme.net\/de\/?s={search_term_string}"},"query-input":{"@type":"PropertyValueSpecification","valueRequired":true,"valueName":"search_term_string"}}],"inLanguage":"de"},{"@type":"Organization","@id":"https:\/\/fundaciomallorcaturisme.net\/de\/#organization","name":"Consell de Mallorca","alternateName":"Mallorca Turisme","url":"https:\/\/fundaciomallorcaturisme.net\/de\/","logo":{"@type":"ImageObject","inLanguage":"de","@id":"https:\/\/fundaciomallorcaturisme.net\/de\/#\/schema\/logo\/image\/","url":"http:\/\/fundaciomallorcaturisme.net\/wp-content\/uploads\/2026\/03\/logo.webp","contentUrl":"http:\/\/fundaciomallorcaturisme.net\/wp-content\/uploads\/2026\/03\/logo.webp","width":696,"height":570,"caption":"Consell de Mallorca"},"image":{"@id":"https:\/\/fundaciomallorcaturisme.net\/de\/#\/schema\/logo\/image\/"},"sameAs":["https:\/\/www.facebook.com\/ConselldeMca\/","https:\/\/x.com\/ConselldeMca","https:\/\/www.instagram.com\/conselldemca\/","https:\/\/www.youtube.com\/user\/conselldemallorca"]}]}},"_links":{"self":[{"href":"https:\/\/fundaciomallorcaturisme.net\/de\/wp-json\/wp\/v2\/pages\/3275","targetHints":{"allow":["GET"]}}],"collection":[{"href":"https:\/\/fundaciomallorcaturisme.net\/de\/wp-json\/wp\/v2\/pages"}],"about":[{"href":"https:\/\/fundaciomallorcaturisme.net\/de\/wp-json\/wp\/v2\/types\/page"}],"author":[{"embeddable":true,"href":"https:\/\/fundaciomallorcaturisme.net\/de\/wp-json\/wp\/v2\/users\/1"}],"replies":[{"embeddable":true,"href":"https:\/\/fundaciomallorcaturisme.net\/de\/wp-json\/wp\/v2\/comments?post=3275"}],"version-history":[{"count":2,"href":"https:\/\/fundaciomallorcaturisme.net\/de\/wp-json\/wp\/v2\/pages\/3275\/revisions"}],"predecessor-version":[{"id":4785,"href":"https:\/\/fundaciomallorcaturisme.net\/de\/wp-json\/wp\/v2\/pages\/3275\/revisions\/4785"}],"up":[{"embeddable":true,"href":"https:\/\/fundaciomallorcaturisme.net\/de\/wp-json\/wp\/v2\/pages\/1521"}],"wp:attachment":[{"href":"https:\/\/fundaciomallorcaturisme.net\/de\/wp-json\/wp\/v2\/media?parent=3275"}],"curies":[{"name":"wp","href":"https:\/\/api.w.org\/{rel}","templated":true}]}}