{"id":3271,"date":"2026-02-26T09:07:12","date_gmt":"2026-02-26T08:07:12","guid":{"rendered":"http:\/\/fundaciomallorcaturisme.net\/was-man-unternehmen-kann\/straende\/"},"modified":"2026-03-19T17:03:23","modified_gmt":"2026-03-19T16:03:23","slug":"straende","status":"publish","type":"page","link":"https:\/\/fundaciomallorcaturisme.net\/de\/was-man-unternehmen-kann\/straende\/","title":{"rendered":"Str\u00e4nde"},"content":{"rendered":"","protected":false},"excerpt":{"rendered":"","protected":false},"author":1,"featured_media":0,"parent":2189,"menu_order":0,"comment_status":"open","ping_status":"open","template":"page-templates\/contenido_flexible.php","meta":{"_acf_changed":false,"footnotes":""},"class_list":["post-3271","page","type-page","status-publish","hentry"],"acf":{"contenido_flexible":[{"acf_fc_layout":"cabecera","titulo":"<h1>Str\u00e4nde auf Mallorca: Die besten Buchten und Sandstr\u00e4nde des Mittelmeers<\/h1>","titulo_grande":false,"subtitulo":"","texto":"","enlace":"","flecha_abajo":false,"tiene_video":false,"video":"","imagenx1":"","imagenx2":"","logos":""},{"acf_fc_layout":"texto_simple","pretitulo":"","titulo":"","texto":"Mallorca ist dank seines warmen Klimas und seiner beeindruckenden K\u00fcste ein internationaler Ma\u00dfstab. Mit fast 300 Str\u00e4nden, die \u00fcber die gesamte K\u00fcste verteilt sind, bietet die Insel eine unendliche Vielfalt an M\u00f6glichkeiten. Von weitl\u00e4ufigen Sandstr\u00e4nden mit kristallklarem Wasser bis hin zu versteckten, von Pinien umgebenen Felsbuchten sind die Str\u00e4nde Mallorcas der Hauptgrund f\u00fcr Millionen von Reisenden, die das Paradies suchen.\r\n<h2>Unber\u00fchrte Buchten und charmante Ecken auf Mallorca<\/h2>\r\nWenn Sie den Menschenmassen entfliehen und sich mit der reinsten Natur verbinden m\u00f6chten, h\u00fctet die Insel Sch\u00e4tze von unsch\u00e4tzbarem Wert. Mallorca besticht durch seine Str\u00e4nde, die an Sturmbachm\u00fcndungen (Torrents) entstanden sind und weltweit einzigartige Landschaften bilden.\r\n<h3>Der Llevant und die Authentizit\u00e4t des S\u00fcdens<\/h3>\r\nIm S\u00fcden und Osten befinden sich einige der begehrtesten Str\u00e4nde wegen ihres feinen, wei\u00dfen Sandes:\r\n<ul>\r\n \t<li>Es Trenc (Campos): Wahrscheinlich der ikonischste Strand der Insel, ber\u00fchmt f\u00fcr sein karibisches Aussehen und seine FKK-Tradition.<\/li>\r\n \t<li>Cala Agulla und Cala Mesquida: Gesch\u00fctzte Enklaven in Capdepera, umgeben von D\u00fcnen und Pinien.<\/li>\r\n \t<li>Cala Varques und Cala Llombards: Traumhafte Ecken mit t\u00fcrkisfarbenem Wasser, ideal f\u00fcr diejenigen, die Ruhe suchen.<\/li>\r\n \t<li>Cala Mondrag\u00f3: Mitten in einem Naturpark gelegen, verbindet sie biologische Vielfalt mit einer unvergleichlichen K\u00fcstensch\u00f6nheit.<\/li>\r\n<\/ul>\r\n<h3>Sch\u00e4tze der Serra de Tramuntana<\/h3>\r\nIm Norden und Westen wird die Landschaft rauer und spektakul\u00e4rer:\r\n<ul>\r\n \t<li>Sa Calobra: Ein Naturdenkmal, an dem der Torrent de Pareis das Meer umarmt. Wegen seiner geologischen Spektakularit\u00e4t ist dies einer der meistbesuchten Orte.<\/li>\r\n \t<li>Cala Dei\u00e0 und Cala Banyalbufar: Kleine Felsbuchten mit k\u00fchlem Wasser, die die Essenz der mallorquinischen Berge widerspiegeln.<\/li>\r\n \t<li>Playa de Formentor: Ber\u00fchmt f\u00fcr ihre Aussicht und ihren Pinienwald, von dem aus man an klaren Tagen Menorca sehen kann.<\/li>\r\n<\/ul>\r\n<h2>Familienstr\u00e4nde mit Service: Komfort und Spa\u00df<\/h2>\r\nF\u00fcr diejenigen, die mit der Familie reisen oder alle Annehmlichkeiten (Liegen, Sonnenschirme und Strandbars) suchen, bieten Zonen wie Alc\u00fadia, Palma oder Calvi\u00e0 erstklassige Infrastrukturen.\r\n<ul>\r\n \t<li>Playa de Muro und Playa de Alc\u00fadia: F\u00fcr ihre Sicherheit und Qualit\u00e4t ausgezeichnet, sind sie dank ihres flachen Wassers und feinen Sandes ideal f\u00fcr Kinder.<\/li>\r\n \t<li>Cala Millor und Cala d\u2019Or: Touristenzentren mit einem kompletten Angebot an Freizeit, Gastronomie und Wassersportaktivit\u00e4ten.<\/li>\r\n \t<li>Playa de Palma: Die am besten angebundene und gepflegte Zone, ideal um Erholung mit der N\u00e4he zum Stadtzentrum zu verbinden.<\/li>\r\n<\/ul>\r\n<h3>Barrierefreiheit und Sicherheit an unserer K\u00fcste<\/h3>\r\nDie Fundaci\u00f3n Mallorca Turisme f\u00f6rdert einen inklusiven Tourismus. Daher verf\u00fcgen Str\u00e4nde wie Can Pere Antoni oder die Platja de Son Maties \u00fcber Rampen f\u00fcr Personen mit eingeschr\u00e4nkter Mobilit\u00e4t und angepasste Amphibien-Rollst\u00fchle.\r\n<blockquote>Hinweis: Achten Sie vor dem Baden immer auf die Farbe der Flagge: Gr\u00fcn (sicher), Gelb (Vorsicht) oder Rot (verboten).<\/blockquote>\r\n<h2>Einzigartige Erlebnisse: Sport, FKK und Nachhaltigkeit<\/h2>\r\nMallorca passt sich jedem Lebensstil an:\r\n<ul>\r\n \t<li>Wassersport: Wenn der Nordwind weht, werden die Str\u00e4nde von Alc\u00fadia und Can Picafort zum Epizentrum f\u00fcr Windsurfen und Surfen.<\/li>\r\n \t<li>FKK-Tradition: Neben Es Trenc ist die Playa del Mago (Portals Vells) ein historischer Ort f\u00fcr den Nudismus in einer diskreten und sch\u00f6nen Umgebung.<\/li>\r\n<\/ul>\r\n<h2>Entdecken Sie Mallorca weiter<\/h2>","cta":"","2_columnas":false,"color_de_fondo":""}]},"yoast_head":"<!-- This site is optimized with the Yoast SEO plugin v27.7 - https:\/\/yoast.com\/product\/yoast-seo-wordpress\/ -->\n<title>Str\u00e4nde - Consell de Mallorca<\/title>\n<meta name=\"robots\" content=\"index, follow, max-snippet:-1, max-image-preview:large, max-video-preview:-1\" \/>\n<link rel=\"canonical\" href=\"https:\/\/fundaciomallorcaturisme.net\/de\/was-man-unternehmen-kann\/straende\/\" \/>\n<meta property=\"og:locale\" content=\"de_DE\" \/>\n<meta property=\"og:type\" content=\"article\" \/>\n<meta property=\"og:title\" content=\"Str\u00e4nde - Consell de Mallorca\" \/>\n<meta property=\"og:url\" content=\"https:\/\/fundaciomallorcaturisme.net\/de\/was-man-unternehmen-kann\/straende\/\" \/>\n<meta property=\"og:site_name\" content=\"Consell de Mallorca\" \/>\n<meta property=\"article:publisher\" content=\"https:\/\/www.facebook.com\/ConselldeMca\/\" \/>\n<meta property=\"article:modified_time\" content=\"2026-03-19T16:03:23+00:00\" \/>\n<meta property=\"og:image\" content=\"https:\/\/fundaciomallorcaturisme.net\/wp-content\/uploads\/2026\/02\/planificax2.jpg\" \/>\n\t<meta property=\"og:image:width\" content=\"1346\" \/>\n\t<meta property=\"og:image:height\" content=\"1094\" \/>\n\t<meta property=\"og:image:type\" content=\"image\/jpeg\" \/>\n<meta name=\"twitter:card\" content=\"summary_large_image\" \/>\n<meta name=\"twitter:site\" content=\"@ConselldeMca\" \/>\n<script type=\"application\/ld+json\" class=\"yoast-schema-graph\">{\"@context\":\"https:\\\/\\\/schema.org\",\"@graph\":[{\"@type\":\"WebPage\",\"@id\":\"https:\\\/\\\/fundaciomallorcaturisme.net\\\/de\\\/was-man-unternehmen-kann\\\/straende\\\/\",\"url\":\"https:\\\/\\\/fundaciomallorcaturisme.net\\\/de\\\/was-man-unternehmen-kann\\\/straende\\\/\",\"name\":\"Str\u00e4nde - Consell de Mallorca\",\"isPartOf\":{\"@id\":\"https:\\\/\\\/fundaciomallorcaturisme.net\\\/de\\\/#website\"},\"datePublished\":\"2026-02-26T08:07:12+00:00\",\"dateModified\":\"2026-03-19T16:03:23+00:00\",\"breadcrumb\":{\"@id\":\"https:\\\/\\\/fundaciomallorcaturisme.net\\\/de\\\/was-man-unternehmen-kann\\\/straende\\\/#breadcrumb\"},\"inLanguage\":\"de\",\"potentialAction\":[{\"@type\":\"ReadAction\",\"target\":[\"https:\\\/\\\/fundaciomallorcaturisme.net\\\/de\\\/was-man-unternehmen-kann\\\/straende\\\/\"]}]},{\"@type\":\"BreadcrumbList\",\"@id\":\"https:\\\/\\\/fundaciomallorcaturisme.net\\\/de\\\/was-man-unternehmen-kann\\\/straende\\\/#breadcrumb\",\"itemListElement\":[{\"@type\":\"ListItem\",\"position\":1,\"name\":\"Startseite\",\"item\":\"https:\\\/\\\/fundaciomallorcaturisme.net\\\/de\\\/\"},{\"@type\":\"ListItem\",\"position\":2,\"name\":\"Was Man Unternehmen Kann\",\"item\":\"https:\\\/\\\/fundaciomallorcaturisme.net\\\/de\\\/was-man-unternehmen-kann\\\/\"},{\"@type\":\"ListItem\",\"position\":3,\"name\":\"Str\u00e4nde\"}]},{\"@type\":\"WebSite\",\"@id\":\"https:\\\/\\\/fundaciomallorcaturisme.net\\\/de\\\/#website\",\"url\":\"https:\\\/\\\/fundaciomallorcaturisme.net\\\/de\\\/\",\"name\":\"Consell de Mallorca\",\"description\":\"\",\"publisher\":{\"@id\":\"https:\\\/\\\/fundaciomallorcaturisme.net\\\/de\\\/#organization\"},\"alternateName\":\"Mallorca Turisme\",\"potentialAction\":[{\"@type\":\"SearchAction\",\"target\":{\"@type\":\"EntryPoint\",\"urlTemplate\":\"https:\\\/\\\/fundaciomallorcaturisme.net\\\/de\\\/?s={search_term_string}\"},\"query-input\":{\"@type\":\"PropertyValueSpecification\",\"valueRequired\":true,\"valueName\":\"search_term_string\"}}],\"inLanguage\":\"de\"},{\"@type\":\"Organization\",\"@id\":\"https:\\\/\\\/fundaciomallorcaturisme.net\\\/de\\\/#organization\",\"name\":\"Consell de Mallorca\",\"alternateName\":\"Mallorca Turisme\",\"url\":\"https:\\\/\\\/fundaciomallorcaturisme.net\\\/de\\\/\",\"logo\":{\"@type\":\"ImageObject\",\"inLanguage\":\"de\",\"@id\":\"https:\\\/\\\/fundaciomallorcaturisme.net\\\/de\\\/#\\\/schema\\\/logo\\\/image\\\/\",\"url\":\"http:\\\/\\\/fundaciomallorcaturisme.net\\\/wp-content\\\/uploads\\\/2026\\\/03\\\/logo.webp\",\"contentUrl\":\"http:\\\/\\\/fundaciomallorcaturisme.net\\\/wp-content\\\/uploads\\\/2026\\\/03\\\/logo.webp\",\"width\":696,\"height\":570,\"caption\":\"Consell de Mallorca\"},\"image\":{\"@id\":\"https:\\\/\\\/fundaciomallorcaturisme.net\\\/de\\\/#\\\/schema\\\/logo\\\/image\\\/\"},\"sameAs\":[\"https:\\\/\\\/www.facebook.com\\\/ConselldeMca\\\/\",\"https:\\\/\\\/x.com\\\/ConselldeMca\",\"https:\\\/\\\/www.instagram.com\\\/conselldemca\\\/\",\"https:\\\/\\\/www.youtube.com\\\/user\\\/conselldemallorca\"]}]}<\/script>\n<!-- \/ Yoast SEO plugin. -->","yoast_head_json":{"title":"Str\u00e4nde - Consell de Mallorca","robots":{"index":"index","follow":"follow","max-snippet":"max-snippet:-1","max-image-preview":"max-image-preview:large","max-video-preview":"max-video-preview:-1"},"canonical":"https:\/\/fundaciomallorcaturisme.net\/de\/was-man-unternehmen-kann\/straende\/","og_locale":"de_DE","og_type":"article","og_title":"Str\u00e4nde - Consell de Mallorca","og_url":"https:\/\/fundaciomallorcaturisme.net\/de\/was-man-unternehmen-kann\/straende\/","og_site_name":"Consell de Mallorca","article_publisher":"https:\/\/www.facebook.com\/ConselldeMca\/","article_modified_time":"2026-03-19T16:03:23+00:00","og_image":[{"width":1346,"height":1094,"url":"https:\/\/fundaciomallorcaturisme.net\/wp-content\/uploads\/2026\/02\/planificax2.jpg","type":"image\/jpeg"}],"twitter_card":"summary_large_image","twitter_site":"@ConselldeMca","schema":{"@context":"https:\/\/schema.org","@graph":[{"@type":"WebPage","@id":"https:\/\/fundaciomallorcaturisme.net\/de\/was-man-unternehmen-kann\/straende\/","url":"https:\/\/fundaciomallorcaturisme.net\/de\/was-man-unternehmen-kann\/straende\/","name":"Str\u00e4nde - Consell de Mallorca","isPartOf":{"@id":"https:\/\/fundaciomallorcaturisme.net\/de\/#website"},"datePublished":"2026-02-26T08:07:12+00:00","dateModified":"2026-03-19T16:03:23+00:00","breadcrumb":{"@id":"https:\/\/fundaciomallorcaturisme.net\/de\/was-man-unternehmen-kann\/straende\/#breadcrumb"},"inLanguage":"de","potentialAction":[{"@type":"ReadAction","target":["https:\/\/fundaciomallorcaturisme.net\/de\/was-man-unternehmen-kann\/straende\/"]}]},{"@type":"BreadcrumbList","@id":"https:\/\/fundaciomallorcaturisme.net\/de\/was-man-unternehmen-kann\/straende\/#breadcrumb","itemListElement":[{"@type":"ListItem","position":1,"name":"Startseite","item":"https:\/\/fundaciomallorcaturisme.net\/de\/"},{"@type":"ListItem","position":2,"name":"Was Man Unternehmen Kann","item":"https:\/\/fundaciomallorcaturisme.net\/de\/was-man-unternehmen-kann\/"},{"@type":"ListItem","position":3,"name":"Str\u00e4nde"}]},{"@type":"WebSite","@id":"https:\/\/fundaciomallorcaturisme.net\/de\/#website","url":"https:\/\/fundaciomallorcaturisme.net\/de\/","name":"Consell de Mallorca","description":"","publisher":{"@id":"https:\/\/fundaciomallorcaturisme.net\/de\/#organization"},"alternateName":"Mallorca Turisme","potentialAction":[{"@type":"SearchAction","target":{"@type":"EntryPoint","urlTemplate":"https:\/\/fundaciomallorcaturisme.net\/de\/?s={search_term_string}"},"query-input":{"@type":"PropertyValueSpecification","valueRequired":true,"valueName":"search_term_string"}}],"inLanguage":"de"},{"@type":"Organization","@id":"https:\/\/fundaciomallorcaturisme.net\/de\/#organization","name":"Consell de Mallorca","alternateName":"Mallorca Turisme","url":"https:\/\/fundaciomallorcaturisme.net\/de\/","logo":{"@type":"ImageObject","inLanguage":"de","@id":"https:\/\/fundaciomallorcaturisme.net\/de\/#\/schema\/logo\/image\/","url":"http:\/\/fundaciomallorcaturisme.net\/wp-content\/uploads\/2026\/03\/logo.webp","contentUrl":"http:\/\/fundaciomallorcaturisme.net\/wp-content\/uploads\/2026\/03\/logo.webp","width":696,"height":570,"caption":"Consell de Mallorca"},"image":{"@id":"https:\/\/fundaciomallorcaturisme.net\/de\/#\/schema\/logo\/image\/"},"sameAs":["https:\/\/www.facebook.com\/ConselldeMca\/","https:\/\/x.com\/ConselldeMca","https:\/\/www.instagram.com\/conselldemca\/","https:\/\/www.youtube.com\/user\/conselldemallorca"]}]}},"_links":{"self":[{"href":"https:\/\/fundaciomallorcaturisme.net\/de\/wp-json\/wp\/v2\/pages\/3271","targetHints":{"allow":["GET"]}}],"collection":[{"href":"https:\/\/fundaciomallorcaturisme.net\/de\/wp-json\/wp\/v2\/pages"}],"about":[{"href":"https:\/\/fundaciomallorcaturisme.net\/de\/wp-json\/wp\/v2\/types\/page"}],"author":[{"embeddable":true,"href":"https:\/\/fundaciomallorcaturisme.net\/de\/wp-json\/wp\/v2\/users\/1"}],"replies":[{"embeddable":true,"href":"https:\/\/fundaciomallorcaturisme.net\/de\/wp-json\/wp\/v2\/comments?post=3271"}],"version-history":[{"count":1,"href":"https:\/\/fundaciomallorcaturisme.net\/de\/wp-json\/wp\/v2\/pages\/3271\/revisions"}],"predecessor-version":[{"id":4338,"href":"https:\/\/fundaciomallorcaturisme.net\/de\/wp-json\/wp\/v2\/pages\/3271\/revisions\/4338"}],"up":[{"embeddable":true,"href":"https:\/\/fundaciomallorcaturisme.net\/de\/wp-json\/wp\/v2\/pages\/2189"}],"wp:attachment":[{"href":"https:\/\/fundaciomallorcaturisme.net\/de\/wp-json\/wp\/v2\/media?parent=3271"}],"curies":[{"name":"wp","href":"https:\/\/api.w.org\/{rel}","templated":true}]}}