{"id":3269,"date":"2026-02-26T09:07:12","date_gmt":"2026-02-26T08:07:12","guid":{"rendered":"http:\/\/fundaciomallorcaturisme.net\/was-man-unternehmen-kann\/natur\/"},"modified":"2026-03-19T16:58:06","modified_gmt":"2026-03-19T15:58:06","slug":"natur","status":"publish","type":"page","link":"https:\/\/fundaciomallorcaturisme.net\/de\/was-man-unternehmen-kann\/natur\/","title":{"rendered":"Natur"},"content":{"rendered":"","protected":false},"excerpt":{"rendered":"","protected":false},"author":1,"featured_media":0,"parent":2189,"menu_order":0,"comment_status":"open","ping_status":"open","template":"page-templates\/contenido_flexible.php","meta":{"_acf_changed":false,"footnotes":""},"class_list":["post-3269","page","type-page","status-publish","hentry"],"acf":{"contenido_flexible":[{"acf_fc_layout":"cabecera","titulo":"<h1>Natur auf Mallorca: Einzigartige \u00d6kosysteme und Biodiversit\u00e4t<\/h1>","titulo_grande":false,"subtitulo":"","texto":"","enlace":"","flecha_abajo":false,"tiene_video":false,"video":"","imagenx1":"","imagenx2":"","logos":""},{"acf_fc_layout":"texto_simple","pretitulo":"","titulo":"","texto":"Mallorca ist nicht nur Meer; die Insel \u00fcberrascht den Besucher durch die gro\u00dfe Anzahl an Naturlandschaften, die sie h\u00fctet, und ihre erstaunliche Vielfalt an Landschaften. Die Artenvielfalt Mallorcas ist au\u00dfergew\u00f6hnlich hoch, und dank ihrer Insellage verf\u00fcgen wir \u00fcber eine bedeutende Anzahl endemischer Arten \u2013 sowohl in der Flora als auch in der Fauna \u2013, die Sie an keinem anderen Ort der Welt finden werden.\r\n\r\nAls Teil unseres Engagements f\u00fcr nachhaltigen Tourismus verf\u00fcgt die Insel \u00fcber ein ausgedehntes Netz an Schutzgebieten: 20 % des mallorquinischen Territoriums sind Teil des Natura-2000-Netzwerks der Europ\u00e4ischen Union. Von den imposanten Gipfeln der Serra de Tramuntana bis hin zu lebendigen Feuchtgebieten, D\u00fcnensystemen und Meeresreservaten bietet Mallorca unendliche M\u00f6glichkeiten, sich mit der unber\u00fchrten Natur zu verbinden.\r\n<h2>Naturr\u00e4ume: Die Sch\u00e4tze der mallorquinischen Geografie<\/h2>\r\nDie Naturparks Mallorcas zu erkunden bedeutet, die reinste Essenz des Mittelmeers zu entdecken. Die Insel bietet ein Netz von Schutzgebieten, die ideal zum Wandern und f\u00fcr die Naturfotografie sind. Unter ihnen ragen emblematische Orte heraus, die man gesehen haben muss:\r\n<ul>\r\n \t<li>Torrent de Pareis: Dies ist zweifellos einer der spektakul\u00e4rsten Ausfl\u00fcge auf Mallorca. Diese beeindruckende, 3 Kilometer lange Schlucht mitten in der Serra de Tramuntana ist ein Naturdenkmal, das durch seine Vertikalit\u00e4t und wilde Sch\u00f6nheit besticht.<\/li>\r\n \t<li>Naturpark s\u2019Albufera de Mallorca: Das weitl\u00e4ufigste Feuchtgebiet der Balearen. Ein lebenswichtiges \u00d6kosystem, in dem Wasser und Vegetation einen einzigartigen R\u00fcckzugsort f\u00fcr die Artenvielfalt schaffen.<\/li>\r\n \t<li>Naturpark Mondrag\u00f3: Ber\u00fchmt f\u00fcr seine wei\u00dfen Sandbuchten, seine D\u00fcnensysteme und seine Olivenbaumw\u00e4lder (Acebuche), ist er das perfekte Beispiel f\u00fcr ein unber\u00fchrtes K\u00fcsten\u00f6kosystem.<\/li>\r\n \t<li>Naturpark sa Dragonera: Eine kleine Insel, die vor der K\u00fcste von Andratx aus dem Meer ragt, Heimat endemischer Eidechsen (Sargantanas) und ein wichtiger Enklave f\u00fcr Meeresv\u00f6gel.<\/li>\r\n \t<li>Naturreservat s\u2019Albufereta: Ein Ort der Ruhe in der Bucht von Pollen\u00e7a, der f\u00fcr den Schutz der einheimischen Flora und als Rastplatz f\u00fcr Zugv\u00f6gel von wesentlicher Bedeutung ist.<\/li>\r\n<\/ul>\r\n<h2>Vogelbeobachtung: Das Epizentrum des Birdwatchings im Mittelmeer<\/h2>\r\nMallorca ist ein privilegierter Ort f\u00fcr den ornithologischen Tourismus, mit etwa 350 Vogelarten, die im Laufe des Jahres beobachtet werden k\u00f6nnen. Unsere strategische Lage innerhalb der westlichen europ\u00e4ischen Migrationsroute macht die Insel zu einer nat\u00fcrlichen \u201eTankstelle\u201c, an der Tausende von V\u00f6geln rasten und Nahrung finden.\r\n\r\nUm die Vogelbeobachtung auf Mallorca in vollen Z\u00fcgen zu genie\u00dfen, sind das Fr\u00fchjahr und der Herbst die empfehlenswertesten Zeiten, da die Artenvielfalt w\u00e4hrend der Vogelz\u00fcge ihren H\u00f6hepunkt erreicht.\r\n<h3>Emblematische Arten und Endemismen auf Mallorca<\/h3>\r\nNeben dem Reichtum der Migrationen sch\u00e4tzen Birdwatching-Begeisterte besonders das Vorkommen endemischer Juwelen und gesch\u00fctzter Greifv\u00f6gel:\r\n<ul>\r\n \t<li>Endemismen: Die Balearengrasm\u00fccke (Sylvia balearica) und die Balearen-Sturmtaucher (Puffinus mauretanicus), der am st\u00e4rksten bedrohte Vogel Europas.<\/li>\r\n \t<li>Greifv\u00f6gel: Der majest\u00e4tische M\u00f6nchsgeier (Aegypius monachus) \u2014 Mallorca ist der einzige Ort der Welt, an dem er direkt am Meer nistet \u2014, der Fischadler, der Eleonorenfalke und der Habichtsadler.<\/li>\r\n \t<li>Feuchtwasserv\u00f6gel: In Gebieten wie S'Albufera ist es \u00fcblich, den Purpurreiher, das Purpurhuhn, den Stelzenl\u00e4ufer, das Kammbl\u00e4sshuhn oder den Seggenrohrs\u00e4nger zu sichten.<\/li>\r\n<\/ul>\r\n<h2>Meeresreservate: Den blauen Schatz Mallorcas sch\u00fctzen<\/h2>\r\nMallorcas Engagement f\u00fcr die Umwelt erstreckt sich weit \u00fcber seine K\u00fcsten hinaus. Die Meeresreservate Mallorcas sind grundlegende Schutzgebiete, in denen die Nutzung und Ausbeutung der Meeresumwelt reguliert wird. Das Ziel ist klar: die nat\u00fcrliche Regeneration der Fischereiressourcen zu f\u00f6rdern und die repr\u00e4sentativsten \u00d6kosysteme unseres Meeres, wie die Posidonia-Seegraswiesen, zu erhalten.\r\n\r\nDiese Unterwasser-Heiligt\u00fcmer sch\u00fctzen nicht nur die Artenvielfalt, sondern bieten auch unvergleichliche Szenarien f\u00fcr verantwortungsvolles Tauchen und Schnorcheln, was es erm\u00f6glicht, das Meeresleben in seinem reinsten Zustand zu beobachten.\r\n<h3>Die 6 Meeresreservate Mallorcas<\/h3>\r\nDerzeit verf\u00fcgt die Insel \u00fcber sechs Gebiete mit besonderem Schutz, die strategisch \u00fcber die gesamte mallorquinische K\u00fcste verteilt sind:\r\n<ul>\r\n \t<li>Meeresreservat der Bucht von Palma: Sch\u00fctzt den Meeresgrund emblematischer Zonen wie Cala Blava, Santa Marta, Maioris und Son Ver\u00ed.<\/li>\r\n \t<li>Meeresreservat Migjorn: Ein ausgedehntes Gebiet, das von Cala Figuera und Col\u00f2nia de Sant Jordi bis hin zu Marqu\u00e8s del Palmer und S\u2019Estanyol reicht.<\/li>\r\n \t<li>Reservate El Toro und Illes Malgrats (Calvi\u00e0): Zwei der spektakul\u00e4rsten Gebiete zum Tauchen auf Mallorca aufgrund der hohen Dichte und Gr\u00f6\u00dfe der Meeresfauna.<\/li>\r\n \t<li>Meeresreservat Llevant (Art\u00e0): Entscheidend f\u00fcr die Erhaltung der Arten im Nordosten der Insel und ihrer unber\u00fchrten Unterwasserlandschaften.<\/li>\r\n \t<li>Reservat Freu de Sa Dragonera (Sant Elm): Ein nat\u00fcrlicher Kanal von h\u00f6chstem \u00f6kologischem Wert, der zwischen der Westk\u00fcste und dem Naturpark sa Dragonera liegt.<\/li>\r\n<\/ul>\r\n<h2>Entdecken Sie Mallorca weiter<\/h2>","cta":"","2_columnas":false,"color_de_fondo":""}]},"yoast_head":"<!-- This site is optimized with the Yoast SEO plugin v27.7 - https:\/\/yoast.com\/product\/yoast-seo-wordpress\/ -->\n<title>Natur - Consell de Mallorca<\/title>\n<meta name=\"robots\" content=\"index, follow, max-snippet:-1, max-image-preview:large, max-video-preview:-1\" \/>\n<link rel=\"canonical\" href=\"https:\/\/fundaciomallorcaturisme.net\/de\/was-man-unternehmen-kann\/natur\/\" \/>\n<meta property=\"og:locale\" content=\"de_DE\" \/>\n<meta property=\"og:type\" content=\"article\" \/>\n<meta property=\"og:title\" content=\"Natur - Consell de Mallorca\" \/>\n<meta property=\"og:url\" content=\"https:\/\/fundaciomallorcaturisme.net\/de\/was-man-unternehmen-kann\/natur\/\" \/>\n<meta property=\"og:site_name\" content=\"Consell de Mallorca\" \/>\n<meta property=\"article:publisher\" content=\"https:\/\/www.facebook.com\/ConselldeMca\/\" \/>\n<meta property=\"article:modified_time\" content=\"2026-03-19T15:58:06+00:00\" \/>\n<meta property=\"og:image\" content=\"https:\/\/fundaciomallorcaturisme.net\/wp-content\/uploads\/2026\/02\/planificax2.jpg\" \/>\n\t<meta property=\"og:image:width\" content=\"1346\" \/>\n\t<meta property=\"og:image:height\" content=\"1094\" \/>\n\t<meta property=\"og:image:type\" content=\"image\/jpeg\" \/>\n<meta name=\"twitter:card\" content=\"summary_large_image\" \/>\n<meta name=\"twitter:site\" content=\"@ConselldeMca\" \/>\n<script type=\"application\/ld+json\" class=\"yoast-schema-graph\">{\"@context\":\"https:\\\/\\\/schema.org\",\"@graph\":[{\"@type\":\"WebPage\",\"@id\":\"https:\\\/\\\/fundaciomallorcaturisme.net\\\/de\\\/was-man-unternehmen-kann\\\/natur\\\/\",\"url\":\"https:\\\/\\\/fundaciomallorcaturisme.net\\\/de\\\/was-man-unternehmen-kann\\\/natur\\\/\",\"name\":\"Natur - Consell de Mallorca\",\"isPartOf\":{\"@id\":\"https:\\\/\\\/fundaciomallorcaturisme.net\\\/de\\\/#website\"},\"datePublished\":\"2026-02-26T08:07:12+00:00\",\"dateModified\":\"2026-03-19T15:58:06+00:00\",\"breadcrumb\":{\"@id\":\"https:\\\/\\\/fundaciomallorcaturisme.net\\\/de\\\/was-man-unternehmen-kann\\\/natur\\\/#breadcrumb\"},\"inLanguage\":\"de\",\"potentialAction\":[{\"@type\":\"ReadAction\",\"target\":[\"https:\\\/\\\/fundaciomallorcaturisme.net\\\/de\\\/was-man-unternehmen-kann\\\/natur\\\/\"]}]},{\"@type\":\"BreadcrumbList\",\"@id\":\"https:\\\/\\\/fundaciomallorcaturisme.net\\\/de\\\/was-man-unternehmen-kann\\\/natur\\\/#breadcrumb\",\"itemListElement\":[{\"@type\":\"ListItem\",\"position\":1,\"name\":\"Startseite\",\"item\":\"https:\\\/\\\/fundaciomallorcaturisme.net\\\/de\\\/\"},{\"@type\":\"ListItem\",\"position\":2,\"name\":\"Was Man Unternehmen Kann\",\"item\":\"https:\\\/\\\/fundaciomallorcaturisme.net\\\/de\\\/was-man-unternehmen-kann\\\/\"},{\"@type\":\"ListItem\",\"position\":3,\"name\":\"Natur\"}]},{\"@type\":\"WebSite\",\"@id\":\"https:\\\/\\\/fundaciomallorcaturisme.net\\\/de\\\/#website\",\"url\":\"https:\\\/\\\/fundaciomallorcaturisme.net\\\/de\\\/\",\"name\":\"Consell de Mallorca\",\"description\":\"\",\"publisher\":{\"@id\":\"https:\\\/\\\/fundaciomallorcaturisme.net\\\/de\\\/#organization\"},\"alternateName\":\"Mallorca Turisme\",\"potentialAction\":[{\"@type\":\"SearchAction\",\"target\":{\"@type\":\"EntryPoint\",\"urlTemplate\":\"https:\\\/\\\/fundaciomallorcaturisme.net\\\/de\\\/?s={search_term_string}\"},\"query-input\":{\"@type\":\"PropertyValueSpecification\",\"valueRequired\":true,\"valueName\":\"search_term_string\"}}],\"inLanguage\":\"de\"},{\"@type\":\"Organization\",\"@id\":\"https:\\\/\\\/fundaciomallorcaturisme.net\\\/de\\\/#organization\",\"name\":\"Consell de Mallorca\",\"alternateName\":\"Mallorca Turisme\",\"url\":\"https:\\\/\\\/fundaciomallorcaturisme.net\\\/de\\\/\",\"logo\":{\"@type\":\"ImageObject\",\"inLanguage\":\"de\",\"@id\":\"https:\\\/\\\/fundaciomallorcaturisme.net\\\/de\\\/#\\\/schema\\\/logo\\\/image\\\/\",\"url\":\"http:\\\/\\\/fundaciomallorcaturisme.net\\\/wp-content\\\/uploads\\\/2026\\\/03\\\/logo.webp\",\"contentUrl\":\"http:\\\/\\\/fundaciomallorcaturisme.net\\\/wp-content\\\/uploads\\\/2026\\\/03\\\/logo.webp\",\"width\":696,\"height\":570,\"caption\":\"Consell de Mallorca\"},\"image\":{\"@id\":\"https:\\\/\\\/fundaciomallorcaturisme.net\\\/de\\\/#\\\/schema\\\/logo\\\/image\\\/\"},\"sameAs\":[\"https:\\\/\\\/www.facebook.com\\\/ConselldeMca\\\/\",\"https:\\\/\\\/x.com\\\/ConselldeMca\",\"https:\\\/\\\/www.instagram.com\\\/conselldemca\\\/\",\"https:\\\/\\\/www.youtube.com\\\/user\\\/conselldemallorca\"]}]}<\/script>\n<!-- \/ Yoast SEO plugin. -->","yoast_head_json":{"title":"Natur - Consell de Mallorca","robots":{"index":"index","follow":"follow","max-snippet":"max-snippet:-1","max-image-preview":"max-image-preview:large","max-video-preview":"max-video-preview:-1"},"canonical":"https:\/\/fundaciomallorcaturisme.net\/de\/was-man-unternehmen-kann\/natur\/","og_locale":"de_DE","og_type":"article","og_title":"Natur - Consell de Mallorca","og_url":"https:\/\/fundaciomallorcaturisme.net\/de\/was-man-unternehmen-kann\/natur\/","og_site_name":"Consell de Mallorca","article_publisher":"https:\/\/www.facebook.com\/ConselldeMca\/","article_modified_time":"2026-03-19T15:58:06+00:00","og_image":[{"width":1346,"height":1094,"url":"https:\/\/fundaciomallorcaturisme.net\/wp-content\/uploads\/2026\/02\/planificax2.jpg","type":"image\/jpeg"}],"twitter_card":"summary_large_image","twitter_site":"@ConselldeMca","schema":{"@context":"https:\/\/schema.org","@graph":[{"@type":"WebPage","@id":"https:\/\/fundaciomallorcaturisme.net\/de\/was-man-unternehmen-kann\/natur\/","url":"https:\/\/fundaciomallorcaturisme.net\/de\/was-man-unternehmen-kann\/natur\/","name":"Natur - Consell de Mallorca","isPartOf":{"@id":"https:\/\/fundaciomallorcaturisme.net\/de\/#website"},"datePublished":"2026-02-26T08:07:12+00:00","dateModified":"2026-03-19T15:58:06+00:00","breadcrumb":{"@id":"https:\/\/fundaciomallorcaturisme.net\/de\/was-man-unternehmen-kann\/natur\/#breadcrumb"},"inLanguage":"de","potentialAction":[{"@type":"ReadAction","target":["https:\/\/fundaciomallorcaturisme.net\/de\/was-man-unternehmen-kann\/natur\/"]}]},{"@type":"BreadcrumbList","@id":"https:\/\/fundaciomallorcaturisme.net\/de\/was-man-unternehmen-kann\/natur\/#breadcrumb","itemListElement":[{"@type":"ListItem","position":1,"name":"Startseite","item":"https:\/\/fundaciomallorcaturisme.net\/de\/"},{"@type":"ListItem","position":2,"name":"Was Man Unternehmen Kann","item":"https:\/\/fundaciomallorcaturisme.net\/de\/was-man-unternehmen-kann\/"},{"@type":"ListItem","position":3,"name":"Natur"}]},{"@type":"WebSite","@id":"https:\/\/fundaciomallorcaturisme.net\/de\/#website","url":"https:\/\/fundaciomallorcaturisme.net\/de\/","name":"Consell de Mallorca","description":"","publisher":{"@id":"https:\/\/fundaciomallorcaturisme.net\/de\/#organization"},"alternateName":"Mallorca Turisme","potentialAction":[{"@type":"SearchAction","target":{"@type":"EntryPoint","urlTemplate":"https:\/\/fundaciomallorcaturisme.net\/de\/?s={search_term_string}"},"query-input":{"@type":"PropertyValueSpecification","valueRequired":true,"valueName":"search_term_string"}}],"inLanguage":"de"},{"@type":"Organization","@id":"https:\/\/fundaciomallorcaturisme.net\/de\/#organization","name":"Consell de Mallorca","alternateName":"Mallorca Turisme","url":"https:\/\/fundaciomallorcaturisme.net\/de\/","logo":{"@type":"ImageObject","inLanguage":"de","@id":"https:\/\/fundaciomallorcaturisme.net\/de\/#\/schema\/logo\/image\/","url":"http:\/\/fundaciomallorcaturisme.net\/wp-content\/uploads\/2026\/03\/logo.webp","contentUrl":"http:\/\/fundaciomallorcaturisme.net\/wp-content\/uploads\/2026\/03\/logo.webp","width":696,"height":570,"caption":"Consell de Mallorca"},"image":{"@id":"https:\/\/fundaciomallorcaturisme.net\/de\/#\/schema\/logo\/image\/"},"sameAs":["https:\/\/www.facebook.com\/ConselldeMca\/","https:\/\/x.com\/ConselldeMca","https:\/\/www.instagram.com\/conselldemca\/","https:\/\/www.youtube.com\/user\/conselldemallorca"]}]}},"_links":{"self":[{"href":"https:\/\/fundaciomallorcaturisme.net\/de\/wp-json\/wp\/v2\/pages\/3269","targetHints":{"allow":["GET"]}}],"collection":[{"href":"https:\/\/fundaciomallorcaturisme.net\/de\/wp-json\/wp\/v2\/pages"}],"about":[{"href":"https:\/\/fundaciomallorcaturisme.net\/de\/wp-json\/wp\/v2\/types\/page"}],"author":[{"embeddable":true,"href":"https:\/\/fundaciomallorcaturisme.net\/de\/wp-json\/wp\/v2\/users\/1"}],"replies":[{"embeddable":true,"href":"https:\/\/fundaciomallorcaturisme.net\/de\/wp-json\/wp\/v2\/comments?post=3269"}],"version-history":[{"count":1,"href":"https:\/\/fundaciomallorcaturisme.net\/de\/wp-json\/wp\/v2\/pages\/3269\/revisions"}],"predecessor-version":[{"id":4335,"href":"https:\/\/fundaciomallorcaturisme.net\/de\/wp-json\/wp\/v2\/pages\/3269\/revisions\/4335"}],"up":[{"embeddable":true,"href":"https:\/\/fundaciomallorcaturisme.net\/de\/wp-json\/wp\/v2\/pages\/2189"}],"wp:attachment":[{"href":"https:\/\/fundaciomallorcaturisme.net\/de\/wp-json\/wp\/v2\/media?parent=3269"}],"curies":[{"name":"wp","href":"https:\/\/api.w.org\/{rel}","templated":true}]}}