{"id":3267,"date":"2026-02-26T09:07:12","date_gmt":"2026-02-26T08:07:12","guid":{"rendered":"http:\/\/fundaciomallorcaturisme.net\/what-to-do\/sport\/mototourismus\/"},"modified":"2026-03-20T09:15:22","modified_gmt":"2026-03-20T08:15:22","slug":"mototourismus","status":"publish","type":"page","link":"https:\/\/fundaciomallorcaturisme.net\/de\/was-man-unternehmen-kann\/sport\/mototourismus\/","title":{"rendered":"Mototourismus"},"content":{"rendered":"","protected":false},"excerpt":{"rendered":"","protected":false},"author":1,"featured_media":0,"parent":3263,"menu_order":0,"comment_status":"open","ping_status":"open","template":"page-templates\/contenido_flexible.php","meta":{"_acf_changed":false,"footnotes":""},"class_list":["post-3267","page","type-page","status-publish","hentry"],"acf":{"contenido_flexible":[{"acf_fc_layout":"cabecera","titulo":"<h1>Motorradtourismus auf Mallorca: Kilometer voller Freiheit<\/h1>","titulo_grande":false,"subtitulo":"","texto":"","enlace":"","flecha_abajo":false,"tiene_video":false,"video":"","imagenx1":"","imagenx2":"","logos":""},{"acf_fc_layout":"texto_simple","pretitulo":"","titulo":"","texto":"<h2>Dekalog des Motorradtouristen: Ein gemeinsames Versprechen<\/h2>\r\n<ul>\r\n \t<li>Um unsere Geografie in vollen Z\u00fcgen zu genie\u00dfen, ist ein verantwortungsbewusstes Verhalten unerl\u00e4sslich, das den Reichtum unserer Insel sch\u00fctzt. Der Dekalog des Motorradtouristen legt grundlegende Prinzipien fest, um sicherzustellen, dass die Sch\u00f6nheit unserer Stra\u00dfen und Landschaften f\u00fcr k\u00fcnftige Generationen erhalten bleibt:<\/li>\r\n<\/ul>\r\n<ul>\r\n \t<li>Respekt vor der Natur: Das Motorrad ist das ideale Fahrzeug, um Mallorca zu entdecken, sofern man auf den erlaubten Wegen bleibt und die Umweltbelastung in Schutzgebieten minimiert.<\/li>\r\n<\/ul>\r\n<ul>\r\n \t<li>Verantwortungsbewusster Tourismus: Mit der Unterzeichnung unseres Versprechens (Mallorca Our Pledge) schlie\u00dfen Sie sich einer Gemeinschaft an, die bei jedem Stopp Nachhaltigkeit und Respekt vor der lokalen Kultur und den Traditionen priorisiert.<\/li>\r\n<\/ul>\r\n<ul>\r\n \t<li>Miteinander und Sicherheit: Der Dekalog f\u00f6rdert sicheres Fahren und ein r\u00fccksichtsvolles Verhalten, das die Mobilit\u00e4t und das Parken erleichtert und sich harmonisch in den Verkehr der Insel integriert.<\/li>\r\n<\/ul>\r\n<ul>\r\n \t<li>Erhalt des Erbes: Jede Route ist eine Gelegenheit, unser historisches Erbe zu sch\u00e4tzen \u2013 von den jahrtausendealten Leuchtt\u00fcrmen bis zu den D\u00f6rfern im Landesinneren \u2013 und sie als Teil unserer Identit\u00e4t zu pflegen.<\/li>\r\n<\/ul>\r\n<h2>Routen, um Mallorca mit dem Motorrad zu erkunden<\/h2>\r\n<h3>Route 1 \u2013 Aussichtspunkte (51 km)<\/h3>\r\nEine klassische Tour von Peguera nach Valldemossa. \u00dcber den Coll de sa Gramola entdecken Sie die nat\u00fcrliche Sch\u00f6nheit der Westk\u00fcste mit Stopps an emblematischen Aussichtspunkten wie dem von Ricardo Roca. Die Route gipfelt im magischen Valldemossa, das f\u00fcr seine Kartause und das Erbe von Robert Graves bekannt ist.\r\n<h3>Route 2 \u2013 Tramuntana (97 km)<\/h3>\r\nDie ultimative Route f\u00fcr Kurvenliebhaber. Von S\u00f3ller aus geht es hinauf zum Puig Major, dem h\u00f6chsten Punkt der Insel, vorbei an den Stauseen C\u00faber und Gorg Blau. Wir fahren hinab zur spektakul\u00e4ren Sa Calobra und dem Torrent de Pareis, bevor wir Kurs auf das Heiligtum von Lluc und den ikonischen Leuchtturm von Formentor nehmen.\r\n<h3>Route 3 \u2013 H\u00f6hlen (75 km)<\/h3>\r\nEine Reise durch den Untergrund und die Ostk\u00fcste (Llevant). Wir beginnen an der Ermita de Betlem, besuchen den Leuchtturm von Capdepera und die beeindruckenden H\u00f6hlen von Art\u00e0. Die Route f\u00fchrt weiter nach Porto Cristo, der Heimat der Drachenh\u00f6hlen (Cuevas del Drach), und endet im charmanten Fischerhafen von Cala Figuera.\r\n<h3>Route 4 \u2013 Leuchtt\u00fcrme und Klippen (64 km)<\/h3>\r\nVom Leuchtturm am Cap de Ses Salines aus durchqueren Sie gesch\u00fctzte Landschaften und ber\u00fchmte Str\u00e4nde wie Es Trenc. Die Route f\u00fchrt \u00fcber Stra\u00dfen, die von K\u00e4sereien und pr\u00e4historischen \u00dcberresten wie Capocorb Vell ges\u00e4umt sind, und bietet 14 Kilometer spektakul\u00e4re Ausblicke \u00fcber Klippen, bevor Sie die Bucht von Palma erreichen.\r\n<h3>Route 5 \u2013 Gastronomische Route (87 km)<\/h3>\r\nEine Rundtour durch das Herz Mallorcas, die die lokale Gastronomie und die typischen \u201eVariats\u201c erkundet. Vorbei an landwirtschaftlich gepr\u00e4gten D\u00f6rfern wie Petra (Geburtsort von Fray Jun\u00edpero Serra), Santa Margalida und Llub\u00ed endet die Tour in Sineu, das f\u00fcr seinen traditionellen Markt und sein authentisches Ambiente ber\u00fchmt ist.\r\n<h3>Route 6 \u2013 Weing\u00fcter (65 km)<\/h3>\r\nErkunden Sie die Weinbautradition ausgehend von Santa Maria del Cam\u00ed. Die Route f\u00fchrt durch Mandelhaine nach Alar\u00f3 und seiner Burg, weiter durch geschichtstr\u00e4chtige Orte mit gotischem Erbe wie Lloseta, Selva und Campanet, um schlie\u00dflich zwischen den mittelalterlichen Mauern und dem reichen historischen Erbe von Alc\u00fadia zu enden.\r\n<h2>Erkunden Sie Mallorca weiter<\/h2>","cta":"","2_columnas":false,"color_de_fondo":""}]},"yoast_head":"<!-- This site is optimized with the Yoast SEO plugin v27.7 - https:\/\/yoast.com\/product\/yoast-seo-wordpress\/ -->\n<title>Mototourismus - Consell de Mallorca<\/title>\n<meta name=\"robots\" content=\"index, follow, max-snippet:-1, max-image-preview:large, max-video-preview:-1\" \/>\n<link rel=\"canonical\" href=\"https:\/\/fundaciomallorcaturisme.net\/de\/was-man-unternehmen-kann\/sport\/mototourismus\/\" \/>\n<meta property=\"og:locale\" content=\"de_DE\" \/>\n<meta property=\"og:type\" content=\"article\" \/>\n<meta property=\"og:title\" content=\"Mototourismus - Consell de Mallorca\" \/>\n<meta property=\"og:url\" content=\"https:\/\/fundaciomallorcaturisme.net\/de\/was-man-unternehmen-kann\/sport\/mototourismus\/\" \/>\n<meta property=\"og:site_name\" content=\"Consell de Mallorca\" \/>\n<meta property=\"article:publisher\" content=\"https:\/\/www.facebook.com\/ConselldeMca\/\" \/>\n<meta property=\"article:modified_time\" content=\"2026-03-20T08:15:22+00:00\" \/>\n<meta property=\"og:image\" content=\"https:\/\/fundaciomallorcaturisme.net\/wp-content\/uploads\/2026\/02\/planificax2.jpg\" \/>\n\t<meta property=\"og:image:width\" content=\"1346\" \/>\n\t<meta property=\"og:image:height\" content=\"1094\" \/>\n\t<meta property=\"og:image:type\" content=\"image\/jpeg\" \/>\n<meta name=\"twitter:card\" content=\"summary_large_image\" \/>\n<meta name=\"twitter:site\" content=\"@ConselldeMca\" \/>\n<script type=\"application\/ld+json\" class=\"yoast-schema-graph\">{\"@context\":\"https:\\\/\\\/schema.org\",\"@graph\":[{\"@type\":\"WebPage\",\"@id\":\"https:\\\/\\\/fundaciomallorcaturisme.net\\\/de\\\/was-man-unternehmen-kann\\\/sport\\\/mototourismus\\\/\",\"url\":\"https:\\\/\\\/fundaciomallorcaturisme.net\\\/de\\\/was-man-unternehmen-kann\\\/sport\\\/mototourismus\\\/\",\"name\":\"Mototourismus - Consell de Mallorca\",\"isPartOf\":{\"@id\":\"https:\\\/\\\/fundaciomallorcaturisme.net\\\/de\\\/#website\"},\"datePublished\":\"2026-02-26T08:07:12+00:00\",\"dateModified\":\"2026-03-20T08:15:22+00:00\",\"breadcrumb\":{\"@id\":\"https:\\\/\\\/fundaciomallorcaturisme.net\\\/de\\\/was-man-unternehmen-kann\\\/sport\\\/mototourismus\\\/#breadcrumb\"},\"inLanguage\":\"de\",\"potentialAction\":[{\"@type\":\"ReadAction\",\"target\":[\"https:\\\/\\\/fundaciomallorcaturisme.net\\\/de\\\/was-man-unternehmen-kann\\\/sport\\\/mototourismus\\\/\"]}]},{\"@type\":\"BreadcrumbList\",\"@id\":\"https:\\\/\\\/fundaciomallorcaturisme.net\\\/de\\\/was-man-unternehmen-kann\\\/sport\\\/mototourismus\\\/#breadcrumb\",\"itemListElement\":[{\"@type\":\"ListItem\",\"position\":1,\"name\":\"Startseite\",\"item\":\"https:\\\/\\\/fundaciomallorcaturisme.net\\\/de\\\/\"},{\"@type\":\"ListItem\",\"position\":2,\"name\":\"Was Man Unternehmen Kann\",\"item\":\"https:\\\/\\\/fundaciomallorcaturisme.net\\\/de\\\/was-man-unternehmen-kann\\\/\"},{\"@type\":\"ListItem\",\"position\":3,\"name\":\"Sport\",\"item\":\"https:\\\/\\\/fundaciomallorcaturisme.net\\\/de\\\/was-man-unternehmen-kann\\\/sport\\\/\"},{\"@type\":\"ListItem\",\"position\":4,\"name\":\"Mototourismus\"}]},{\"@type\":\"WebSite\",\"@id\":\"https:\\\/\\\/fundaciomallorcaturisme.net\\\/de\\\/#website\",\"url\":\"https:\\\/\\\/fundaciomallorcaturisme.net\\\/de\\\/\",\"name\":\"Consell de Mallorca\",\"description\":\"\",\"publisher\":{\"@id\":\"https:\\\/\\\/fundaciomallorcaturisme.net\\\/de\\\/#organization\"},\"alternateName\":\"Mallorca Turisme\",\"potentialAction\":[{\"@type\":\"SearchAction\",\"target\":{\"@type\":\"EntryPoint\",\"urlTemplate\":\"https:\\\/\\\/fundaciomallorcaturisme.net\\\/de\\\/?s={search_term_string}\"},\"query-input\":{\"@type\":\"PropertyValueSpecification\",\"valueRequired\":true,\"valueName\":\"search_term_string\"}}],\"inLanguage\":\"de\"},{\"@type\":\"Organization\",\"@id\":\"https:\\\/\\\/fundaciomallorcaturisme.net\\\/de\\\/#organization\",\"name\":\"Consell de Mallorca\",\"alternateName\":\"Mallorca Turisme\",\"url\":\"https:\\\/\\\/fundaciomallorcaturisme.net\\\/de\\\/\",\"logo\":{\"@type\":\"ImageObject\",\"inLanguage\":\"de\",\"@id\":\"https:\\\/\\\/fundaciomallorcaturisme.net\\\/de\\\/#\\\/schema\\\/logo\\\/image\\\/\",\"url\":\"http:\\\/\\\/fundaciomallorcaturisme.net\\\/wp-content\\\/uploads\\\/2026\\\/03\\\/logo.webp\",\"contentUrl\":\"http:\\\/\\\/fundaciomallorcaturisme.net\\\/wp-content\\\/uploads\\\/2026\\\/03\\\/logo.webp\",\"width\":696,\"height\":570,\"caption\":\"Consell de Mallorca\"},\"image\":{\"@id\":\"https:\\\/\\\/fundaciomallorcaturisme.net\\\/de\\\/#\\\/schema\\\/logo\\\/image\\\/\"},\"sameAs\":[\"https:\\\/\\\/www.facebook.com\\\/ConselldeMca\\\/\",\"https:\\\/\\\/x.com\\\/ConselldeMca\",\"https:\\\/\\\/www.instagram.com\\\/conselldemca\\\/\",\"https:\\\/\\\/www.youtube.com\\\/user\\\/conselldemallorca\"]}]}<\/script>\n<!-- \/ Yoast SEO plugin. -->","yoast_head_json":{"title":"Mototourismus - Consell de Mallorca","robots":{"index":"index","follow":"follow","max-snippet":"max-snippet:-1","max-image-preview":"max-image-preview:large","max-video-preview":"max-video-preview:-1"},"canonical":"https:\/\/fundaciomallorcaturisme.net\/de\/was-man-unternehmen-kann\/sport\/mototourismus\/","og_locale":"de_DE","og_type":"article","og_title":"Mototourismus - Consell de Mallorca","og_url":"https:\/\/fundaciomallorcaturisme.net\/de\/was-man-unternehmen-kann\/sport\/mototourismus\/","og_site_name":"Consell de Mallorca","article_publisher":"https:\/\/www.facebook.com\/ConselldeMca\/","article_modified_time":"2026-03-20T08:15:22+00:00","og_image":[{"width":1346,"height":1094,"url":"https:\/\/fundaciomallorcaturisme.net\/wp-content\/uploads\/2026\/02\/planificax2.jpg","type":"image\/jpeg"}],"twitter_card":"summary_large_image","twitter_site":"@ConselldeMca","schema":{"@context":"https:\/\/schema.org","@graph":[{"@type":"WebPage","@id":"https:\/\/fundaciomallorcaturisme.net\/de\/was-man-unternehmen-kann\/sport\/mototourismus\/","url":"https:\/\/fundaciomallorcaturisme.net\/de\/was-man-unternehmen-kann\/sport\/mototourismus\/","name":"Mototourismus - Consell de Mallorca","isPartOf":{"@id":"https:\/\/fundaciomallorcaturisme.net\/de\/#website"},"datePublished":"2026-02-26T08:07:12+00:00","dateModified":"2026-03-20T08:15:22+00:00","breadcrumb":{"@id":"https:\/\/fundaciomallorcaturisme.net\/de\/was-man-unternehmen-kann\/sport\/mototourismus\/#breadcrumb"},"inLanguage":"de","potentialAction":[{"@type":"ReadAction","target":["https:\/\/fundaciomallorcaturisme.net\/de\/was-man-unternehmen-kann\/sport\/mototourismus\/"]}]},{"@type":"BreadcrumbList","@id":"https:\/\/fundaciomallorcaturisme.net\/de\/was-man-unternehmen-kann\/sport\/mototourismus\/#breadcrumb","itemListElement":[{"@type":"ListItem","position":1,"name":"Startseite","item":"https:\/\/fundaciomallorcaturisme.net\/de\/"},{"@type":"ListItem","position":2,"name":"Was Man Unternehmen Kann","item":"https:\/\/fundaciomallorcaturisme.net\/de\/was-man-unternehmen-kann\/"},{"@type":"ListItem","position":3,"name":"Sport","item":"https:\/\/fundaciomallorcaturisme.net\/de\/was-man-unternehmen-kann\/sport\/"},{"@type":"ListItem","position":4,"name":"Mototourismus"}]},{"@type":"WebSite","@id":"https:\/\/fundaciomallorcaturisme.net\/de\/#website","url":"https:\/\/fundaciomallorcaturisme.net\/de\/","name":"Consell de Mallorca","description":"","publisher":{"@id":"https:\/\/fundaciomallorcaturisme.net\/de\/#organization"},"alternateName":"Mallorca Turisme","potentialAction":[{"@type":"SearchAction","target":{"@type":"EntryPoint","urlTemplate":"https:\/\/fundaciomallorcaturisme.net\/de\/?s={search_term_string}"},"query-input":{"@type":"PropertyValueSpecification","valueRequired":true,"valueName":"search_term_string"}}],"inLanguage":"de"},{"@type":"Organization","@id":"https:\/\/fundaciomallorcaturisme.net\/de\/#organization","name":"Consell de Mallorca","alternateName":"Mallorca Turisme","url":"https:\/\/fundaciomallorcaturisme.net\/de\/","logo":{"@type":"ImageObject","inLanguage":"de","@id":"https:\/\/fundaciomallorcaturisme.net\/de\/#\/schema\/logo\/image\/","url":"http:\/\/fundaciomallorcaturisme.net\/wp-content\/uploads\/2026\/03\/logo.webp","contentUrl":"http:\/\/fundaciomallorcaturisme.net\/wp-content\/uploads\/2026\/03\/logo.webp","width":696,"height":570,"caption":"Consell de Mallorca"},"image":{"@id":"https:\/\/fundaciomallorcaturisme.net\/de\/#\/schema\/logo\/image\/"},"sameAs":["https:\/\/www.facebook.com\/ConselldeMca\/","https:\/\/x.com\/ConselldeMca","https:\/\/www.instagram.com\/conselldemca\/","https:\/\/www.youtube.com\/user\/conselldemallorca"]}]}},"_links":{"self":[{"href":"https:\/\/fundaciomallorcaturisme.net\/de\/wp-json\/wp\/v2\/pages\/3267","targetHints":{"allow":["GET"]}}],"collection":[{"href":"https:\/\/fundaciomallorcaturisme.net\/de\/wp-json\/wp\/v2\/pages"}],"about":[{"href":"https:\/\/fundaciomallorcaturisme.net\/de\/wp-json\/wp\/v2\/types\/page"}],"author":[{"embeddable":true,"href":"https:\/\/fundaciomallorcaturisme.net\/de\/wp-json\/wp\/v2\/users\/1"}],"replies":[{"embeddable":true,"href":"https:\/\/fundaciomallorcaturisme.net\/de\/wp-json\/wp\/v2\/comments?post=3267"}],"version-history":[{"count":1,"href":"https:\/\/fundaciomallorcaturisme.net\/de\/wp-json\/wp\/v2\/pages\/3267\/revisions"}],"predecessor-version":[{"id":4436,"href":"https:\/\/fundaciomallorcaturisme.net\/de\/wp-json\/wp\/v2\/pages\/3267\/revisions\/4436"}],"up":[{"embeddable":true,"href":"https:\/\/fundaciomallorcaturisme.net\/de\/wp-json\/wp\/v2\/pages\/3263"}],"wp:attachment":[{"href":"https:\/\/fundaciomallorcaturisme.net\/de\/wp-json\/wp\/v2\/media?parent=3267"}],"curies":[{"name":"wp","href":"https:\/\/api.w.org\/{rel}","templated":true}]}}