{"id":3266,"date":"2026-02-26T09:07:12","date_gmt":"2026-02-26T08:07:12","guid":{"rendered":"http:\/\/fundaciomallorcaturisme.net\/what-to-do\/sport\/tauchen-und-wassersport\/"},"modified":"2026-03-20T09:27:41","modified_gmt":"2026-03-20T08:27:41","slug":"tauchen-und-wassersport","status":"publish","type":"page","link":"https:\/\/fundaciomallorcaturisme.net\/de\/was-man-unternehmen-kann\/sport\/tauchen-und-wassersport\/","title":{"rendered":"Tauchen und Wassersport"},"content":{"rendered":"","protected":false},"excerpt":{"rendered":"","protected":false},"author":1,"featured_media":0,"parent":3263,"menu_order":0,"comment_status":"open","ping_status":"open","template":"page-templates\/contenido_flexible.php","meta":{"_acf_changed":false,"footnotes":""},"class_list":["post-3266","page","type-page","status-publish","hentry"],"acf":{"contenido_flexible":[{"acf_fc_layout":"cabecera","titulo":"<h1>Tauchen auf Mallorca und Wassersport<\/h1>","titulo_grande":false,"subtitulo":"","texto":"","enlace":"","flecha_abajo":false,"tiene_video":false,"video":"","imagenx1":"","imagenx2":"","logos":""},{"acf_fc_layout":"texto_simple","pretitulo":"","titulo":"","texto":"<h2>Tauchen auf Mallorca: Eine Welt unter der Oberfl\u00e4che<\/h2>\r\nDas Tauchen auf Mallorca, ob beim Schnorcheln oder mit Ger\u00e4t (Ger\u00e4tetauchen), ist die Aktivit\u00e4t, die die meisten Besucher auf die Insel lockt. Unser kristallklares Wasser beherbergt Lebensformen von spektakul\u00e4rer Farbenpracht mit Algenarten, Wirbellosen und Fischen, die tropischen Riffen in nichts nachstehen.\r\n\r\nDank der Meeresschutzgebiete l\u00e4sst sich an Orten wie Cala Millor reichhaltiges Leben beobachten, wo die Posidonia-Seegraswiesen (Posidonia oceanica) Zackenbarsche, Mur\u00e4nen und Barrakudas beherbergen. F\u00fcr Erfahrene bietet das Wrack am Dique del Oeste in der Bucht von Palma die M\u00f6glichkeit, versunkene Schiffe von \u00fcber 40 Metern L\u00e4nge zu erkunden, die von Unterwasserleben bewachsen sind. Ebenfalls hervorzuheben sind der Naturpark Sa Dragonera sowie die Reservate El Toro und Malgrats aufgrund ihres strengen Schutzes und ihres nat\u00fcrlichen Reichtums.\r\n<h3>Tauchzentren und Sicherheit<\/h3>\r\nDie meisten Tauchzentren auf Mallorca sind in das PADI-Netzwerk integriert, was Tauchern aller Nationalit\u00e4ten professionelle Garantien bei ihren Tauchg\u00e4ngen bietet. Diese Clubs decken mehr als 30 Tauchpl\u00e4tze ab und bieten Ausr\u00fcstungsverleih sowie Bootstransfers an. Zudem verf\u00fcgt die Insel \u00fcber erstklassige Sicherheitsinfrastrukturen, wie die Druckkammer des Instituts f\u00fcr Unterwassermedizin.\r\n<h3>Unterwasserwettbewerbe und Apnoe<\/h3>\r\nDie Insel ist nicht nur ein Freizeitziel, sondern auch Austragungsort f\u00fcr spanische Meisterschaften im Apnoetauchen, Flossenschwimmen, Angeln und Unterwasserfotografie. Es ist wichtig daran zu erinnern, dass diese Aktivit\u00e4ten eine entsprechende Lizenz erfordern, um eine minimale Umweltbelastung und den Respekt vor dem Meeresboden zu gew\u00e4hrleisten.\r\n<h2>Internationales Prestige im Segelsport<\/h2>\r\nMallorca blickt auf eine lange und anerkannte Tradition bei Segelwettbewerben zur\u00fcck und richtet in der Bucht von Palma Veranstaltungen von Weltrang aus.\r\n\r\nIm Sommer putzen sich die Jachtclubs heraus, um prestigetr\u00e4chtige Regatten wie die Trofeo S.A.R. Princesa Sof\u00eda, die Copa del Rey de Vela, die Superyacht oder Palma Vela zu empfangen. Ein weiteres Highlight ist die Regata Almirante Conde de Barcelona, ein einzigartiges Spektakel, bei dem Oldtimer-Boote aus der ganzen Welt teilnehmen. An diesen Veranstaltungen nehmen regelm\u00e4\u00dfig Mitglieder des spanischen K\u00f6nigshauses teil, was f\u00fcr eine internationale Medienberichterstattung sorgt.\r\n<h3>Mallorca, Wiege der Champions im Wassersport<\/h3>\r\nUnsere Gew\u00e4sser haben gro\u00dfe Champions wie Jordi Calafat, Marc Pati\u00f1o oder Pepote Ballester hervorgebracht. Ebenso erfreut sich der mallorquinische Kanusport bester Gesundheit mit Paddlern, die wiederholt die spanische Mannschaftsmeisterschaft gewonnen haben.\r\n<h2>Ihr eigenes Abenteuer auf dem Meer<\/h2>\r\nF\u00fcr diejenigen, die lieber selbst aktiv werden, bietet die Insel unz\u00e4hlige nautische Aktivit\u00e4ten: Bootsverleih (Jollen oder Kreuzer), Kanufahren, Segelschulen, Wasserski oder Windsurfen.\r\n\r\nDas Segeln entlang der Nordk\u00fcste bietet atemberaubende Ausblicke auf die Serra de Tramuntana mit Klippen wie Cap Fabiler oder Morro de la Vaca in Sa Calobra. Dieser Aktivurlaub in Kontakt mit dem Wasser ist eine immer gefragtere Formel, die Klima, Natur und Wassersport zu einem unvergesslichen Erlebnis vereint.\r\n<h2>Erkunden Sie Mallorca weiter<\/h2>","cta":"","2_columnas":false,"color_de_fondo":""}]},"yoast_head":"<!-- This site is optimized with the Yoast SEO plugin v27.7 - https:\/\/yoast.com\/product\/yoast-seo-wordpress\/ -->\n<title>Tauchen und Wassersport - Consell de Mallorca<\/title>\n<meta name=\"robots\" content=\"index, follow, max-snippet:-1, max-image-preview:large, max-video-preview:-1\" \/>\n<link rel=\"canonical\" href=\"https:\/\/fundaciomallorcaturisme.net\/de\/was-man-unternehmen-kann\/sport\/tauchen-und-wassersport\/\" \/>\n<meta property=\"og:locale\" content=\"de_DE\" \/>\n<meta property=\"og:type\" content=\"article\" \/>\n<meta property=\"og:title\" content=\"Tauchen und Wassersport - Consell de Mallorca\" \/>\n<meta property=\"og:url\" content=\"https:\/\/fundaciomallorcaturisme.net\/de\/was-man-unternehmen-kann\/sport\/tauchen-und-wassersport\/\" \/>\n<meta property=\"og:site_name\" content=\"Consell de Mallorca\" \/>\n<meta property=\"article:publisher\" content=\"https:\/\/www.facebook.com\/ConselldeMca\/\" \/>\n<meta property=\"article:modified_time\" content=\"2026-03-20T08:27:41+00:00\" \/>\n<meta property=\"og:image\" content=\"https:\/\/fundaciomallorcaturisme.net\/wp-content\/uploads\/2026\/02\/planificax2.jpg\" \/>\n\t<meta property=\"og:image:width\" content=\"1346\" \/>\n\t<meta property=\"og:image:height\" content=\"1094\" \/>\n\t<meta property=\"og:image:type\" content=\"image\/jpeg\" \/>\n<meta name=\"twitter:card\" content=\"summary_large_image\" \/>\n<meta name=\"twitter:site\" content=\"@ConselldeMca\" \/>\n<script type=\"application\/ld+json\" class=\"yoast-schema-graph\">{\"@context\":\"https:\\\/\\\/schema.org\",\"@graph\":[{\"@type\":\"WebPage\",\"@id\":\"https:\\\/\\\/fundaciomallorcaturisme.net\\\/de\\\/was-man-unternehmen-kann\\\/sport\\\/tauchen-und-wassersport\\\/\",\"url\":\"https:\\\/\\\/fundaciomallorcaturisme.net\\\/de\\\/was-man-unternehmen-kann\\\/sport\\\/tauchen-und-wassersport\\\/\",\"name\":\"Tauchen und Wassersport - Consell de Mallorca\",\"isPartOf\":{\"@id\":\"https:\\\/\\\/fundaciomallorcaturisme.net\\\/de\\\/#website\"},\"datePublished\":\"2026-02-26T08:07:12+00:00\",\"dateModified\":\"2026-03-20T08:27:41+00:00\",\"breadcrumb\":{\"@id\":\"https:\\\/\\\/fundaciomallorcaturisme.net\\\/de\\\/was-man-unternehmen-kann\\\/sport\\\/tauchen-und-wassersport\\\/#breadcrumb\"},\"inLanguage\":\"de\",\"potentialAction\":[{\"@type\":\"ReadAction\",\"target\":[\"https:\\\/\\\/fundaciomallorcaturisme.net\\\/de\\\/was-man-unternehmen-kann\\\/sport\\\/tauchen-und-wassersport\\\/\"]}]},{\"@type\":\"BreadcrumbList\",\"@id\":\"https:\\\/\\\/fundaciomallorcaturisme.net\\\/de\\\/was-man-unternehmen-kann\\\/sport\\\/tauchen-und-wassersport\\\/#breadcrumb\",\"itemListElement\":[{\"@type\":\"ListItem\",\"position\":1,\"name\":\"Startseite\",\"item\":\"https:\\\/\\\/fundaciomallorcaturisme.net\\\/de\\\/\"},{\"@type\":\"ListItem\",\"position\":2,\"name\":\"Was Man Unternehmen Kann\",\"item\":\"https:\\\/\\\/fundaciomallorcaturisme.net\\\/de\\\/was-man-unternehmen-kann\\\/\"},{\"@type\":\"ListItem\",\"position\":3,\"name\":\"Sport\",\"item\":\"https:\\\/\\\/fundaciomallorcaturisme.net\\\/de\\\/was-man-unternehmen-kann\\\/sport\\\/\"},{\"@type\":\"ListItem\",\"position\":4,\"name\":\"Tauchen und Wassersport\"}]},{\"@type\":\"WebSite\",\"@id\":\"https:\\\/\\\/fundaciomallorcaturisme.net\\\/de\\\/#website\",\"url\":\"https:\\\/\\\/fundaciomallorcaturisme.net\\\/de\\\/\",\"name\":\"Consell de Mallorca\",\"description\":\"\",\"publisher\":{\"@id\":\"https:\\\/\\\/fundaciomallorcaturisme.net\\\/de\\\/#organization\"},\"alternateName\":\"Mallorca Turisme\",\"potentialAction\":[{\"@type\":\"SearchAction\",\"target\":{\"@type\":\"EntryPoint\",\"urlTemplate\":\"https:\\\/\\\/fundaciomallorcaturisme.net\\\/de\\\/?s={search_term_string}\"},\"query-input\":{\"@type\":\"PropertyValueSpecification\",\"valueRequired\":true,\"valueName\":\"search_term_string\"}}],\"inLanguage\":\"de\"},{\"@type\":\"Organization\",\"@id\":\"https:\\\/\\\/fundaciomallorcaturisme.net\\\/de\\\/#organization\",\"name\":\"Consell de Mallorca\",\"alternateName\":\"Mallorca Turisme\",\"url\":\"https:\\\/\\\/fundaciomallorcaturisme.net\\\/de\\\/\",\"logo\":{\"@type\":\"ImageObject\",\"inLanguage\":\"de\",\"@id\":\"https:\\\/\\\/fundaciomallorcaturisme.net\\\/de\\\/#\\\/schema\\\/logo\\\/image\\\/\",\"url\":\"http:\\\/\\\/fundaciomallorcaturisme.net\\\/wp-content\\\/uploads\\\/2026\\\/03\\\/logo.webp\",\"contentUrl\":\"http:\\\/\\\/fundaciomallorcaturisme.net\\\/wp-content\\\/uploads\\\/2026\\\/03\\\/logo.webp\",\"width\":696,\"height\":570,\"caption\":\"Consell de Mallorca\"},\"image\":{\"@id\":\"https:\\\/\\\/fundaciomallorcaturisme.net\\\/de\\\/#\\\/schema\\\/logo\\\/image\\\/\"},\"sameAs\":[\"https:\\\/\\\/www.facebook.com\\\/ConselldeMca\\\/\",\"https:\\\/\\\/x.com\\\/ConselldeMca\",\"https:\\\/\\\/www.instagram.com\\\/conselldemca\\\/\",\"https:\\\/\\\/www.youtube.com\\\/user\\\/conselldemallorca\"]}]}<\/script>\n<!-- \/ Yoast SEO plugin. -->","yoast_head_json":{"title":"Tauchen und Wassersport - Consell de Mallorca","robots":{"index":"index","follow":"follow","max-snippet":"max-snippet:-1","max-image-preview":"max-image-preview:large","max-video-preview":"max-video-preview:-1"},"canonical":"https:\/\/fundaciomallorcaturisme.net\/de\/was-man-unternehmen-kann\/sport\/tauchen-und-wassersport\/","og_locale":"de_DE","og_type":"article","og_title":"Tauchen und Wassersport - Consell de Mallorca","og_url":"https:\/\/fundaciomallorcaturisme.net\/de\/was-man-unternehmen-kann\/sport\/tauchen-und-wassersport\/","og_site_name":"Consell de Mallorca","article_publisher":"https:\/\/www.facebook.com\/ConselldeMca\/","article_modified_time":"2026-03-20T08:27:41+00:00","og_image":[{"width":1346,"height":1094,"url":"https:\/\/fundaciomallorcaturisme.net\/wp-content\/uploads\/2026\/02\/planificax2.jpg","type":"image\/jpeg"}],"twitter_card":"summary_large_image","twitter_site":"@ConselldeMca","schema":{"@context":"https:\/\/schema.org","@graph":[{"@type":"WebPage","@id":"https:\/\/fundaciomallorcaturisme.net\/de\/was-man-unternehmen-kann\/sport\/tauchen-und-wassersport\/","url":"https:\/\/fundaciomallorcaturisme.net\/de\/was-man-unternehmen-kann\/sport\/tauchen-und-wassersport\/","name":"Tauchen und Wassersport - Consell de Mallorca","isPartOf":{"@id":"https:\/\/fundaciomallorcaturisme.net\/de\/#website"},"datePublished":"2026-02-26T08:07:12+00:00","dateModified":"2026-03-20T08:27:41+00:00","breadcrumb":{"@id":"https:\/\/fundaciomallorcaturisme.net\/de\/was-man-unternehmen-kann\/sport\/tauchen-und-wassersport\/#breadcrumb"},"inLanguage":"de","potentialAction":[{"@type":"ReadAction","target":["https:\/\/fundaciomallorcaturisme.net\/de\/was-man-unternehmen-kann\/sport\/tauchen-und-wassersport\/"]}]},{"@type":"BreadcrumbList","@id":"https:\/\/fundaciomallorcaturisme.net\/de\/was-man-unternehmen-kann\/sport\/tauchen-und-wassersport\/#breadcrumb","itemListElement":[{"@type":"ListItem","position":1,"name":"Startseite","item":"https:\/\/fundaciomallorcaturisme.net\/de\/"},{"@type":"ListItem","position":2,"name":"Was Man Unternehmen Kann","item":"https:\/\/fundaciomallorcaturisme.net\/de\/was-man-unternehmen-kann\/"},{"@type":"ListItem","position":3,"name":"Sport","item":"https:\/\/fundaciomallorcaturisme.net\/de\/was-man-unternehmen-kann\/sport\/"},{"@type":"ListItem","position":4,"name":"Tauchen und Wassersport"}]},{"@type":"WebSite","@id":"https:\/\/fundaciomallorcaturisme.net\/de\/#website","url":"https:\/\/fundaciomallorcaturisme.net\/de\/","name":"Consell de Mallorca","description":"","publisher":{"@id":"https:\/\/fundaciomallorcaturisme.net\/de\/#organization"},"alternateName":"Mallorca Turisme","potentialAction":[{"@type":"SearchAction","target":{"@type":"EntryPoint","urlTemplate":"https:\/\/fundaciomallorcaturisme.net\/de\/?s={search_term_string}"},"query-input":{"@type":"PropertyValueSpecification","valueRequired":true,"valueName":"search_term_string"}}],"inLanguage":"de"},{"@type":"Organization","@id":"https:\/\/fundaciomallorcaturisme.net\/de\/#organization","name":"Consell de Mallorca","alternateName":"Mallorca Turisme","url":"https:\/\/fundaciomallorcaturisme.net\/de\/","logo":{"@type":"ImageObject","inLanguage":"de","@id":"https:\/\/fundaciomallorcaturisme.net\/de\/#\/schema\/logo\/image\/","url":"http:\/\/fundaciomallorcaturisme.net\/wp-content\/uploads\/2026\/03\/logo.webp","contentUrl":"http:\/\/fundaciomallorcaturisme.net\/wp-content\/uploads\/2026\/03\/logo.webp","width":696,"height":570,"caption":"Consell de Mallorca"},"image":{"@id":"https:\/\/fundaciomallorcaturisme.net\/de\/#\/schema\/logo\/image\/"},"sameAs":["https:\/\/www.facebook.com\/ConselldeMca\/","https:\/\/x.com\/ConselldeMca","https:\/\/www.instagram.com\/conselldemca\/","https:\/\/www.youtube.com\/user\/conselldemallorca"]}]}},"_links":{"self":[{"href":"https:\/\/fundaciomallorcaturisme.net\/de\/wp-json\/wp\/v2\/pages\/3266","targetHints":{"allow":["GET"]}}],"collection":[{"href":"https:\/\/fundaciomallorcaturisme.net\/de\/wp-json\/wp\/v2\/pages"}],"about":[{"href":"https:\/\/fundaciomallorcaturisme.net\/de\/wp-json\/wp\/v2\/types\/page"}],"author":[{"embeddable":true,"href":"https:\/\/fundaciomallorcaturisme.net\/de\/wp-json\/wp\/v2\/users\/1"}],"replies":[{"embeddable":true,"href":"https:\/\/fundaciomallorcaturisme.net\/de\/wp-json\/wp\/v2\/comments?post=3266"}],"version-history":[{"count":1,"href":"https:\/\/fundaciomallorcaturisme.net\/de\/wp-json\/wp\/v2\/pages\/3266\/revisions"}],"predecessor-version":[{"id":4442,"href":"https:\/\/fundaciomallorcaturisme.net\/de\/wp-json\/wp\/v2\/pages\/3266\/revisions\/4442"}],"up":[{"embeddable":true,"href":"https:\/\/fundaciomallorcaturisme.net\/de\/wp-json\/wp\/v2\/pages\/3263"}],"wp:attachment":[{"href":"https:\/\/fundaciomallorcaturisme.net\/de\/wp-json\/wp\/v2\/media?parent=3266"}],"curies":[{"name":"wp","href":"https:\/\/api.w.org\/{rel}","templated":true}]}}