{"id":3261,"date":"2026-02-26T09:07:12","date_gmt":"2026-02-26T08:07:12","guid":{"rendered":"http:\/\/fundaciomallorcaturisme.net\/was-man-unternehmen-kann\/freizeit-und-unterhaltung\/hoehlen\/"},"modified":"2026-03-20T09:32:32","modified_gmt":"2026-03-20T08:32:32","slug":"hoehlen","status":"publish","type":"page","link":"https:\/\/fundaciomallorcaturisme.net\/de\/was-man-unternehmen-kann\/freizeit-und-unterhaltung\/hoehlen\/","title":{"rendered":"H\u00f6hlen"},"content":{"rendered":"","protected":false},"excerpt":{"rendered":"","protected":false},"author":1,"featured_media":0,"parent":3260,"menu_order":0,"comment_status":"open","ping_status":"open","template":"page-templates\/contenido_flexible.php","meta":{"_acf_changed":false,"footnotes":""},"class_list":["post-3261","page","type-page","status-publish","hentry"],"acf":{"contenido_flexible":[{"acf_fc_layout":"cabecera","titulo":"<h1>H\u00f6hlen auf Mallorca, die Sie besuchen k\u00f6nnen<\/h1>","titulo_grande":false,"subtitulo":"","texto":"","enlace":"","flecha_abajo":false,"tiene_video":false,"video":"","imagenx1":"","imagenx2":"","logos":""},{"acf_fc_layout":"texto_simple","pretitulo":"","titulo":"","texto":"Der Untergrund der Insel birgt einen unvergleichlichen geologischen Reichtum. Eine Welt, die \u00fcber Jahrtausende Tropfen f\u00fcr Tropfen geformt wurde und in der Stalaktiten und Stalagmiten launische Formen annehmen. Von den mehr als zweihundert katalogisierten H\u00f6hlen auf Mallorca sind nur f\u00fcnf f\u00fcr Besucher zug\u00e4nglich \u2013 sie stellen eine der gr\u00f6\u00dften Attraktionen und Sch\u00e4tze des Mittelmeers dar.\r\n\r\nBereits im 15. Jahrhundert warnte der Heilige Vinzenz Ferrer die Mallorquiner davor, dass die Insel im Inneren hohl sei. Heute wissen wir, dass hunderte von Naturh\u00f6hlen erfasst sind. Die zuletzt entdeckte ist die Cova de la Gleda in Manacor, die mit fast 11.000 m die gr\u00f6\u00dfte bisher bekannte Unterwasserh\u00f6hle des europ\u00e4ischen Kontinents ist.\r\n<h2>Coves del Drach: Die ber\u00fchmtesten H\u00f6hlen Mallorcas<\/h2>\r\nDie bekanntesten sind die Drachenh\u00f6hlen (Coves del Drach) in Porto Cristo, die einen der gr\u00f6\u00dften unterirdischen Seen der Welt beherbergen. Die \u00e4lteste Referenz zu den Drach-H\u00f6hlen stammt aus dem Jahr 1338 aus einer Nachricht des Inselgouverneurs. Im Jahr 1878 erlangten sie internationale Bekanntheit, als zwei Reisende drei\u00dfig Stunden lang in ihrem Inneren verschollen waren.\r\n\r\nJahre sp\u00e4ter, im Jahr 1896, wurde der gro\u00dfe Martelsee entdeckt. Die H\u00f6hlen wurden meisterhaft von Carles Buigas, dem \u201eMagier des Lichts\u201c, beleuchtet. Der Rundgang ist etwa 1.200 m lang und bietet eine Explosion von Stalaktiten und Stalagmiten mit Figuren wie der Venus von Nil oder der indischen Pagode. Auf dem Martelsee wird ein klassisches Konzert aufgef\u00fchrt, das die Besucher erleben, bevor sie eine faszinierende Bootsfahrt genie\u00dfen.\r\n<h2>Coves de G\u00e8nova in Palma de Mallorca<\/h2>\r\nDie H\u00f6hlen von G\u00e8nova, ganz in der N\u00e4he des Stadtzentrums gelegen, weisen eine Besonderheit auf, die sie vom Rest unterscheidet. Diese H\u00f6hlen in Palma de Mallorca bestechen durch Formationen namens \u201eCoraloires\u201c, die durch Magnesiumansammlungen vor etwa vier Millionen Jahren entstanden sind. Sie wurden 1906 beim Bau einer gro\u00dfen Zisterne auf dem Grundst\u00fcck entdeckt. Jahre sp\u00e4ter geh\u00f6rten sie der Witwe von Rodolfo Valentino, Natacha Rambova, die als Erste mit deren Erschlie\u00dfung begann.\r\n<h2>Coves dels Hams: Die steinernen Angelhaken<\/h2>\r\nEbenfalls in Porto Cristo befinden sich die Coves dels Hams, benannt nach baumartigen Formationen, die Angelhaken (Hams) \u00e4hneln. Die Hams-H\u00f6hlen wurden 1906 von dem H\u00f6hlenforscher Pedro Caldentey entdeckt. Ihre S\u00e4le tragen fantastische Namen wie \u201eFriedhof der Feen\u201c oder literarische wie \u201eMiltons verlorenes Paradies\u201c. Der tiefste Punkt liegt mit 30 m im \u201eMeer von Venedig\u201c, wo ebenfalls ein klassisches Konzert auf einem beleuchteten Boot stattfindet.\r\n<h2>Coves d\u2019Art\u00e0<\/h2>\r\nDie H\u00f6hlen von Art\u00e0 geh\u00f6ren zu den h\u00f6chsten H\u00f6hlensystemen Europas, mit Stalaktiten in gewaltigen Formen, die von einem Gew\u00f6lbe herabh\u00e4ngen. Die spektakul\u00e4rste ist die \u201eK\u00f6nigin der S\u00e4ulen\u201c, die eine H\u00f6he von 22 m erreicht. Auf dem Rundgang befinden sich \u201eDie H\u00f6lle\u201c mit einer Licht- und Soundshow, \u201eDas Fegefeuer\u201c und der Flaggen-Saal, in dem der Guide gegen drei S\u00e4ulen schl\u00e4gt, die unterschiedliche T\u00f6ne erzeugen. Zudem findet man dort kohlenstoffhaltiges Gestein, das wie echte Diamanten wirkt.\r\n<h2>Coves de Campanet<\/h2>\r\nDiese H\u00f6hlen sind bewundernswert f\u00fcr ihre \u00fcppige Ornamentik aus Stalaktiten und Stalagmiten, die sich durch ihre Feinheit und Wei\u00dfe auszeichnen. Sie sind von gro\u00dfem wissenschaftlichem Interesse, da sie eine besondere endemische H\u00f6hlenfauna und pal\u00e4ontologische \u00dcberreste des Myotragus balearicus beherbergen \u2013 ein vor etwa 5.000 Jahren ausgestorbenes Tier, das laut j\u00fcngsten genetischen Analysen mit dem Schaf verwandt ist.\r\n<h2>Erkunden Sie Mallorca weiter<\/h2>","cta":"","2_columnas":false,"color_de_fondo":""}]},"yoast_head":"<!-- This site is optimized with the Yoast SEO plugin v27.7 - https:\/\/yoast.com\/product\/yoast-seo-wordpress\/ -->\n<title>H\u00f6hlen - Consell de Mallorca<\/title>\n<meta name=\"robots\" content=\"index, follow, max-snippet:-1, max-image-preview:large, max-video-preview:-1\" \/>\n<link rel=\"canonical\" href=\"https:\/\/fundaciomallorcaturisme.net\/de\/was-man-unternehmen-kann\/freizeit-und-unterhaltung\/hoehlen\/\" \/>\n<meta property=\"og:locale\" content=\"de_DE\" \/>\n<meta property=\"og:type\" content=\"article\" \/>\n<meta property=\"og:title\" content=\"H\u00f6hlen - Consell de Mallorca\" \/>\n<meta property=\"og:url\" content=\"https:\/\/fundaciomallorcaturisme.net\/de\/was-man-unternehmen-kann\/freizeit-und-unterhaltung\/hoehlen\/\" \/>\n<meta property=\"og:site_name\" content=\"Consell de Mallorca\" \/>\n<meta property=\"article:publisher\" content=\"https:\/\/www.facebook.com\/ConselldeMca\/\" \/>\n<meta property=\"article:modified_time\" content=\"2026-03-20T08:32:32+00:00\" \/>\n<meta property=\"og:image\" content=\"https:\/\/fundaciomallorcaturisme.net\/wp-content\/uploads\/2026\/02\/planificax2.jpg\" \/>\n\t<meta property=\"og:image:width\" content=\"1346\" \/>\n\t<meta property=\"og:image:height\" content=\"1094\" \/>\n\t<meta property=\"og:image:type\" content=\"image\/jpeg\" \/>\n<meta name=\"twitter:card\" content=\"summary_large_image\" \/>\n<meta name=\"twitter:site\" content=\"@ConselldeMca\" \/>\n<script type=\"application\/ld+json\" class=\"yoast-schema-graph\">{\"@context\":\"https:\\\/\\\/schema.org\",\"@graph\":[{\"@type\":\"WebPage\",\"@id\":\"https:\\\/\\\/fundaciomallorcaturisme.net\\\/de\\\/was-man-unternehmen-kann\\\/freizeit-und-unterhaltung\\\/hoehlen\\\/\",\"url\":\"https:\\\/\\\/fundaciomallorcaturisme.net\\\/de\\\/was-man-unternehmen-kann\\\/freizeit-und-unterhaltung\\\/hoehlen\\\/\",\"name\":\"H\u00f6hlen - Consell de Mallorca\",\"isPartOf\":{\"@id\":\"https:\\\/\\\/fundaciomallorcaturisme.net\\\/de\\\/#website\"},\"datePublished\":\"2026-02-26T08:07:12+00:00\",\"dateModified\":\"2026-03-20T08:32:32+00:00\",\"breadcrumb\":{\"@id\":\"https:\\\/\\\/fundaciomallorcaturisme.net\\\/de\\\/was-man-unternehmen-kann\\\/freizeit-und-unterhaltung\\\/hoehlen\\\/#breadcrumb\"},\"inLanguage\":\"de\",\"potentialAction\":[{\"@type\":\"ReadAction\",\"target\":[\"https:\\\/\\\/fundaciomallorcaturisme.net\\\/de\\\/was-man-unternehmen-kann\\\/freizeit-und-unterhaltung\\\/hoehlen\\\/\"]}]},{\"@type\":\"BreadcrumbList\",\"@id\":\"https:\\\/\\\/fundaciomallorcaturisme.net\\\/de\\\/was-man-unternehmen-kann\\\/freizeit-und-unterhaltung\\\/hoehlen\\\/#breadcrumb\",\"itemListElement\":[{\"@type\":\"ListItem\",\"position\":1,\"name\":\"Startseite\",\"item\":\"https:\\\/\\\/fundaciomallorcaturisme.net\\\/de\\\/\"},{\"@type\":\"ListItem\",\"position\":2,\"name\":\"Was Man Unternehmen Kann\",\"item\":\"https:\\\/\\\/fundaciomallorcaturisme.net\\\/de\\\/was-man-unternehmen-kann\\\/\"},{\"@type\":\"ListItem\",\"position\":3,\"name\":\"Freizeit und Unterhaltung\",\"item\":\"https:\\\/\\\/fundaciomallorcaturisme.net\\\/de\\\/was-man-unternehmen-kann\\\/freizeit-und-unterhaltung\\\/\"},{\"@type\":\"ListItem\",\"position\":4,\"name\":\"H\u00f6hlen\"}]},{\"@type\":\"WebSite\",\"@id\":\"https:\\\/\\\/fundaciomallorcaturisme.net\\\/de\\\/#website\",\"url\":\"https:\\\/\\\/fundaciomallorcaturisme.net\\\/de\\\/\",\"name\":\"Consell de Mallorca\",\"description\":\"\",\"publisher\":{\"@id\":\"https:\\\/\\\/fundaciomallorcaturisme.net\\\/de\\\/#organization\"},\"alternateName\":\"Mallorca Turisme\",\"potentialAction\":[{\"@type\":\"SearchAction\",\"target\":{\"@type\":\"EntryPoint\",\"urlTemplate\":\"https:\\\/\\\/fundaciomallorcaturisme.net\\\/de\\\/?s={search_term_string}\"},\"query-input\":{\"@type\":\"PropertyValueSpecification\",\"valueRequired\":true,\"valueName\":\"search_term_string\"}}],\"inLanguage\":\"de\"},{\"@type\":\"Organization\",\"@id\":\"https:\\\/\\\/fundaciomallorcaturisme.net\\\/de\\\/#organization\",\"name\":\"Consell de Mallorca\",\"alternateName\":\"Mallorca Turisme\",\"url\":\"https:\\\/\\\/fundaciomallorcaturisme.net\\\/de\\\/\",\"logo\":{\"@type\":\"ImageObject\",\"inLanguage\":\"de\",\"@id\":\"https:\\\/\\\/fundaciomallorcaturisme.net\\\/de\\\/#\\\/schema\\\/logo\\\/image\\\/\",\"url\":\"http:\\\/\\\/fundaciomallorcaturisme.net\\\/wp-content\\\/uploads\\\/2026\\\/03\\\/logo.webp\",\"contentUrl\":\"http:\\\/\\\/fundaciomallorcaturisme.net\\\/wp-content\\\/uploads\\\/2026\\\/03\\\/logo.webp\",\"width\":696,\"height\":570,\"caption\":\"Consell de Mallorca\"},\"image\":{\"@id\":\"https:\\\/\\\/fundaciomallorcaturisme.net\\\/de\\\/#\\\/schema\\\/logo\\\/image\\\/\"},\"sameAs\":[\"https:\\\/\\\/www.facebook.com\\\/ConselldeMca\\\/\",\"https:\\\/\\\/x.com\\\/ConselldeMca\",\"https:\\\/\\\/www.instagram.com\\\/conselldemca\\\/\",\"https:\\\/\\\/www.youtube.com\\\/user\\\/conselldemallorca\"]}]}<\/script>\n<!-- \/ Yoast SEO plugin. -->","yoast_head_json":{"title":"H\u00f6hlen - Consell de Mallorca","robots":{"index":"index","follow":"follow","max-snippet":"max-snippet:-1","max-image-preview":"max-image-preview:large","max-video-preview":"max-video-preview:-1"},"canonical":"https:\/\/fundaciomallorcaturisme.net\/de\/was-man-unternehmen-kann\/freizeit-und-unterhaltung\/hoehlen\/","og_locale":"de_DE","og_type":"article","og_title":"H\u00f6hlen - Consell de Mallorca","og_url":"https:\/\/fundaciomallorcaturisme.net\/de\/was-man-unternehmen-kann\/freizeit-und-unterhaltung\/hoehlen\/","og_site_name":"Consell de Mallorca","article_publisher":"https:\/\/www.facebook.com\/ConselldeMca\/","article_modified_time":"2026-03-20T08:32:32+00:00","og_image":[{"width":1346,"height":1094,"url":"https:\/\/fundaciomallorcaturisme.net\/wp-content\/uploads\/2026\/02\/planificax2.jpg","type":"image\/jpeg"}],"twitter_card":"summary_large_image","twitter_site":"@ConselldeMca","schema":{"@context":"https:\/\/schema.org","@graph":[{"@type":"WebPage","@id":"https:\/\/fundaciomallorcaturisme.net\/de\/was-man-unternehmen-kann\/freizeit-und-unterhaltung\/hoehlen\/","url":"https:\/\/fundaciomallorcaturisme.net\/de\/was-man-unternehmen-kann\/freizeit-und-unterhaltung\/hoehlen\/","name":"H\u00f6hlen - Consell de Mallorca","isPartOf":{"@id":"https:\/\/fundaciomallorcaturisme.net\/de\/#website"},"datePublished":"2026-02-26T08:07:12+00:00","dateModified":"2026-03-20T08:32:32+00:00","breadcrumb":{"@id":"https:\/\/fundaciomallorcaturisme.net\/de\/was-man-unternehmen-kann\/freizeit-und-unterhaltung\/hoehlen\/#breadcrumb"},"inLanguage":"de","potentialAction":[{"@type":"ReadAction","target":["https:\/\/fundaciomallorcaturisme.net\/de\/was-man-unternehmen-kann\/freizeit-und-unterhaltung\/hoehlen\/"]}]},{"@type":"BreadcrumbList","@id":"https:\/\/fundaciomallorcaturisme.net\/de\/was-man-unternehmen-kann\/freizeit-und-unterhaltung\/hoehlen\/#breadcrumb","itemListElement":[{"@type":"ListItem","position":1,"name":"Startseite","item":"https:\/\/fundaciomallorcaturisme.net\/de\/"},{"@type":"ListItem","position":2,"name":"Was Man Unternehmen Kann","item":"https:\/\/fundaciomallorcaturisme.net\/de\/was-man-unternehmen-kann\/"},{"@type":"ListItem","position":3,"name":"Freizeit und Unterhaltung","item":"https:\/\/fundaciomallorcaturisme.net\/de\/was-man-unternehmen-kann\/freizeit-und-unterhaltung\/"},{"@type":"ListItem","position":4,"name":"H\u00f6hlen"}]},{"@type":"WebSite","@id":"https:\/\/fundaciomallorcaturisme.net\/de\/#website","url":"https:\/\/fundaciomallorcaturisme.net\/de\/","name":"Consell de Mallorca","description":"","publisher":{"@id":"https:\/\/fundaciomallorcaturisme.net\/de\/#organization"},"alternateName":"Mallorca Turisme","potentialAction":[{"@type":"SearchAction","target":{"@type":"EntryPoint","urlTemplate":"https:\/\/fundaciomallorcaturisme.net\/de\/?s={search_term_string}"},"query-input":{"@type":"PropertyValueSpecification","valueRequired":true,"valueName":"search_term_string"}}],"inLanguage":"de"},{"@type":"Organization","@id":"https:\/\/fundaciomallorcaturisme.net\/de\/#organization","name":"Consell de Mallorca","alternateName":"Mallorca Turisme","url":"https:\/\/fundaciomallorcaturisme.net\/de\/","logo":{"@type":"ImageObject","inLanguage":"de","@id":"https:\/\/fundaciomallorcaturisme.net\/de\/#\/schema\/logo\/image\/","url":"http:\/\/fundaciomallorcaturisme.net\/wp-content\/uploads\/2026\/03\/logo.webp","contentUrl":"http:\/\/fundaciomallorcaturisme.net\/wp-content\/uploads\/2026\/03\/logo.webp","width":696,"height":570,"caption":"Consell de Mallorca"},"image":{"@id":"https:\/\/fundaciomallorcaturisme.net\/de\/#\/schema\/logo\/image\/"},"sameAs":["https:\/\/www.facebook.com\/ConselldeMca\/","https:\/\/x.com\/ConselldeMca","https:\/\/www.instagram.com\/conselldemca\/","https:\/\/www.youtube.com\/user\/conselldemallorca"]}]}},"_links":{"self":[{"href":"https:\/\/fundaciomallorcaturisme.net\/de\/wp-json\/wp\/v2\/pages\/3261","targetHints":{"allow":["GET"]}}],"collection":[{"href":"https:\/\/fundaciomallorcaturisme.net\/de\/wp-json\/wp\/v2\/pages"}],"about":[{"href":"https:\/\/fundaciomallorcaturisme.net\/de\/wp-json\/wp\/v2\/types\/page"}],"author":[{"embeddable":true,"href":"https:\/\/fundaciomallorcaturisme.net\/de\/wp-json\/wp\/v2\/users\/1"}],"replies":[{"embeddable":true,"href":"https:\/\/fundaciomallorcaturisme.net\/de\/wp-json\/wp\/v2\/comments?post=3261"}],"version-history":[{"count":1,"href":"https:\/\/fundaciomallorcaturisme.net\/de\/wp-json\/wp\/v2\/pages\/3261\/revisions"}],"predecessor-version":[{"id":4446,"href":"https:\/\/fundaciomallorcaturisme.net\/de\/wp-json\/wp\/v2\/pages\/3261\/revisions\/4446"}],"up":[{"embeddable":true,"href":"https:\/\/fundaciomallorcaturisme.net\/de\/wp-json\/wp\/v2\/pages\/3260"}],"wp:attachment":[{"href":"https:\/\/fundaciomallorcaturisme.net\/de\/wp-json\/wp\/v2\/media?parent=3261"}],"curies":[{"name":"wp","href":"https:\/\/api.w.org\/{rel}","templated":true}]}}