{"id":2865,"date":"2026-02-25T11:47:13","date_gmt":"2026-02-25T10:47:13","guid":{"rendered":"http:\/\/fundaciomallorcaturisme.net\/reiseziele\/serra-de-tramuntana\/"},"modified":"2026-04-08T09:32:56","modified_gmt":"2026-04-08T07:32:56","slug":"serra-de-tramuntana","status":"publish","type":"page","link":"https:\/\/fundaciomallorcaturisme.net\/de\/reiseziele\/serra-de-tramuntana\/","title":{"rendered":"Serra de Tramuntana"},"content":{"rendered":"","protected":false},"excerpt":{"rendered":"","protected":false},"author":1,"featured_media":921,"parent":1521,"menu_order":0,"comment_status":"open","ping_status":"open","template":"page-templates\/contenido_flexible.php","meta":{"_acf_changed":false,"footnotes":""},"class_list":["post-2865","page","type-page","status-publish","has-post-thumbnail","hentry"],"acf":{"contenido_flexible":[{"acf_fc_layout":"cabecera","titulo":"<h1>Serra de Tramuntana<\/h1>","titulo_grande":false,"subtitulo":"","texto":"","enlace":"","flecha_abajo":false,"tiene_video":false,"video":"","imagenx1":921,"imagenx2":921,"logos":""},{"acf_fc_layout":"texto_simple","pretitulo":"","titulo":"","texto":"<h3>Eine wahre Fundgrube der k\u00fcnstlerischen Inspiration<\/h3>\r\nSchwindelerregende <strong>Klippen<\/strong>, die ins Meer abfallen, \u00fcppige Eichen- und Kiefern<strong>w\u00e4lder<\/strong>, <strong>steile Gipfel<\/strong> von \u00fcber 1000 Metern H\u00f6he, <strong>versteckte Kieselstr\u00e4nde<\/strong> und Sandb\u00e4nke sind nur einige der Bilder, die diese einzigartige Naturlandschaft neben den <strong>Naturdenkm\u00e4lern<\/strong> Fonts Ufanes und Torrent de Pareis zu bieten hat. Doch nicht nur die Natur gilt als fester Bestandteil des Gebirgszugs Serra de Tramuntana. Kopfsteingepflasterte Wege, Terrassenfeldbau, Kohle- und Kalkbrenn\u00f6fen, Schneeh\u00e4user und Wasserkan\u00e4le gelten neben den <strong>idyllischen D\u00f6rfern<\/strong>, den <strong>malerischen St\u00e4dten<\/strong> und den <strong>traditionellen Fischerh\u00e4fen<\/strong> zu den Sehensw\u00fcrdigkeiten der Serra de Tramuntana.\r\n\r\nDie Serra de Tramuntana erstreckt sich im <strong>Nordwesten <\/strong>der Insel \u00fcber etwa 90 Kilometer von Calvi\u00e0 bis Pollen\u00e7a. Hier ist die <strong>Essenz vergangener Zeiten<\/strong> erhalten geblieben, als die ersten Reisenden auf der Suche nach <strong>Sch\u00f6nheit <\/strong>und neuen Landschaften die Insel erkundeten. Mitte des 19. Jahrhunderts war Erzherzog Ludwig Salvator von \u00d6sterreich-Toskana, der sich als einer der ersten in diese Umgebung verliebte und sich f\u00fcr ihre Erhaltung einsetzte. Er ist jedoch nicht der Einzige, der hier Zuflucht gefunden hat. <strong>Das besondere Licht <\/strong>der Serra hat <strong>K\u00fcnstler <\/strong>aller Art und aus aller Welt angelockt.\r\n<h4>WELTKULTURERBE<\/h4>\r\nDie Serra pr\u00e4sentiert sich heute als Sch\u00f6pfung jener Menschen, denen es \u00fcber die Jahrhunderte hinweg gelungen ist, die schroffe Natur auf harmonische Weise mittels Trockenbau, M\u00f6rtel und perfekt aufeinanderpassenden Steinen in ein landwirtschaftliches Anbaugebiet zu verwandeln. <strong>Ein weltweit einzigartiger Ort<\/strong>, der von der UNESCO im Jahr 2011 zum Weltkulturerbe erkl\u00e4rt wurde.\r\n<h4>BERGD\u00d6RFER<\/h4>\r\nEs lohnt sich, die Ortschaften der Serra \u00fcber ihre <strong>kurvenreichen Verbindungsstra\u00dfen<\/strong> zu entdecken, die den Blick auf Berglandschaften freigeben, die hier oft eins mit dem Meer werden. In Andratx stehen der Fischer- und der Jachthafen symbolisch f\u00fcr die hier nebeneinander bestehenden Aspekte der Tradition und Moderne. Banyalbufar und Estellencs liegen an einer K\u00fcste, die sich durch ihre <strong>terrassenf\u00f6rmig <\/strong>angelegten Weing\u00e4rten und Ramallet-Plantagen (eine lokale Tomatensorte) sowie einige <strong>jahrhundertealte Olivenb\u00e4ume<\/strong> auszeichnet. Valldemossa gilt als eines der meistbesuchten D\u00f6rfer Spaniens, wo <strong>Chopin <\/strong>und der Schriftsteller George Sand einen Winter in einer der Zellen des Kart\u00e4userklosters La Cartuja verbrachten. Das unkonventionelle K\u00fcnstlerdorf Dei\u00e0 z\u00e4hlt einige der <strong>exklusivsten Anwesen<\/strong> der Insel und gilt als Magnet f\u00fcr K\u00fcnstler: Hier hat auch <a href=\"https:\/\/www.lacasaderobertgraves.org\/de\/\">Robert Graves<\/a> seinen Wohnsitz auf der Insel gew\u00e4hlt. Die von<strong> Orangen-, Zitronen- <\/strong>und Oliven<strong>b\u00e4umen<\/strong> umgebene Ortschaft S\u00f3ller mit ihren von Herrenh\u00e4usern und modernistischen Geb\u00e4uden ges\u00e4umten Stra\u00dfen und Gassen bietet die M\u00f6glichkeit, an Bord der <strong>Stra\u00dfenbahn <\/strong>zum Hafen und des <strong>Zugs <\/strong>nach Palma, die beide <strong>aus dem fr\u00fchen 20. Jahrhundert<\/strong> stammen, eine Zeitreise in die Vergangenheit zu unternehmen. Pollen\u00e7a ist eine Stadt der K\u00fcnstler und Handwerker. Ihr alter Fischerhafen Port de Pollen\u00e7a fungiert als sommerliches Erholungsgebiet voller Bars und Restaurants.\r\n\r\nDie an der K\u00fcste <strong>stehenden T\u00fcrme<\/strong> bildeten einst ein der Verteidigung dienendes Netzwerk, um die Bev\u00f6lkerung vor m\u00f6glichen Piraten\u00fcberf\u00e4llen zu warnen.\r\n\r\nDas von Pinien- und Eichenw\u00e4ldern umgebene Heiligtum <a href=\"https:\/\/www.lluc.net\/de\/\">Santuari de Lluc<\/a> im Herzen der Serra hingegen gilt als der <strong>Wallfahrtsort<\/strong> Mallorcas schlechthin.\r\n<h4>ABGELEGENE STR\u00c4NDE<\/h4>\r\n<a href=\"https:\/\/www.platgesdebalears.com\/de\/playa\/sa-calobra\">Sa Calobra<\/a> ist eine kleine; von hohen Felsw\u00e4nden umgebene Kieselbucht, die man mit dem Boot oder \u00fcber eine schmale aber atemberaubend sch\u00f6ne<strong> Stra\u00dfe<\/strong> erreichen kann: \u00dcber 14 Kilometer f\u00fchren die <strong>Kurven <\/strong>zum Meer hinab, zw\u00f6lf davon bei 80\u00ba und eine \u2013 die als der Krawattenknoten bezeichnet wird und eine wahre <strong>Ingenieursleistung<\/strong> darstellt \u2013 bei 360\u00ba.\r\n\r\nEntlang der Steilk\u00fcste gibt es zahlreiche Kieselstr\u00e4nde wie Cala Dei\u00e0, Cala Banyalbufar oder Cala d'Estellencs. Der Sandstrand Formentor, der paradiesische Erinnerungen weckt, bildet hier die Ausnahme.\r\n<h4>RUTA DE PEDRA EN SEC<\/h4>\r\nDie Serra ist ein idyllischer Ort zum <strong>Wandern<\/strong>. Sie wird von mehreren Wanderwegen durchquert, wie zum Beispiel von dem <a href=\"https:\/\/caminsdepedra.conselldemallorca.cat\/de\/startseite\">Fernwanderweg GR-221<\/a>, der in verschiedene Etappen aufgeteilt ist. W\u00e4hrend der Wanderung trifft man auf mehrere <strong>Schutzh\u00fctten<\/strong>, in denen man nach vorheriger Reservierung \u00fcbernachten kann.","cta":"","2_columnas":false,"color_de_fondo":""}]},"yoast_head":"<!-- This site is optimized with the Yoast SEO plugin v27.7 - https:\/\/yoast.com\/product\/yoast-seo-wordpress\/ -->\n<title>Serra de Tramuntana - Consell de Mallorca<\/title>\n<meta name=\"robots\" content=\"index, follow, max-snippet:-1, max-image-preview:large, max-video-preview:-1\" \/>\n<link rel=\"canonical\" href=\"https:\/\/fundaciomallorcaturisme.net\/de\/reiseziele\/serra-de-tramuntana\/\" \/>\n<meta property=\"og:locale\" content=\"de_DE\" \/>\n<meta property=\"og:type\" content=\"article\" \/>\n<meta property=\"og:title\" content=\"Serra de Tramuntana - Consell de Mallorca\" \/>\n<meta property=\"og:url\" content=\"https:\/\/fundaciomallorcaturisme.net\/de\/reiseziele\/serra-de-tramuntana\/\" \/>\n<meta property=\"og:site_name\" content=\"Consell de Mallorca\" \/>\n<meta property=\"article:publisher\" content=\"https:\/\/www.facebook.com\/ConselldeMca\/\" \/>\n<meta property=\"article:modified_time\" content=\"2026-04-08T07:32:56+00:00\" \/>\n<meta property=\"og:image\" content=\"https:\/\/fundaciomallorcaturisme.net\/wp-content\/uploads\/2026\/02\/d91dcb08-6d86-434d-8b91-078e13615921.jpg\" \/>\n\t<meta property=\"og:image:width\" content=\"825\" \/>\n\t<meta property=\"og:image:height\" content=\"463\" \/>\n\t<meta property=\"og:image:type\" content=\"image\/jpeg\" \/>\n<meta name=\"twitter:card\" content=\"summary_large_image\" \/>\n<meta name=\"twitter:site\" content=\"@ConselldeMca\" \/>\n<meta name=\"twitter:label1\" content=\"Gesch\u00e4tzte Lesezeit\" \/>\n\t<meta name=\"twitter:data1\" content=\"1\u00a0Minute\" \/>\n<script type=\"application\/ld+json\" class=\"yoast-schema-graph\">{\"@context\":\"https:\\\/\\\/schema.org\",\"@graph\":[{\"@type\":\"WebPage\",\"@id\":\"https:\\\/\\\/fundaciomallorcaturisme.net\\\/de\\\/reiseziele\\\/serra-de-tramuntana\\\/\",\"url\":\"https:\\\/\\\/fundaciomallorcaturisme.net\\\/de\\\/reiseziele\\\/serra-de-tramuntana\\\/\",\"name\":\"Serra de Tramuntana - Consell de Mallorca\",\"isPartOf\":{\"@id\":\"https:\\\/\\\/fundaciomallorcaturisme.net\\\/de\\\/#website\"},\"primaryImageOfPage\":{\"@id\":\"https:\\\/\\\/fundaciomallorcaturisme.net\\\/de\\\/reiseziele\\\/serra-de-tramuntana\\\/#primaryimage\"},\"image\":{\"@id\":\"https:\\\/\\\/fundaciomallorcaturisme.net\\\/de\\\/reiseziele\\\/serra-de-tramuntana\\\/#primaryimage\"},\"thumbnailUrl\":\"https:\\\/\\\/fundaciomallorcaturisme.net\\\/wp-content\\\/uploads\\\/2026\\\/02\\\/d91dcb08-6d86-434d-8b91-078e13615921.jpg\",\"datePublished\":\"2026-02-25T10:47:13+00:00\",\"dateModified\":\"2026-04-08T07:32:56+00:00\",\"breadcrumb\":{\"@id\":\"https:\\\/\\\/fundaciomallorcaturisme.net\\\/de\\\/reiseziele\\\/serra-de-tramuntana\\\/#breadcrumb\"},\"inLanguage\":\"de\",\"potentialAction\":[{\"@type\":\"ReadAction\",\"target\":[\"https:\\\/\\\/fundaciomallorcaturisme.net\\\/de\\\/reiseziele\\\/serra-de-tramuntana\\\/\"]}]},{\"@type\":\"ImageObject\",\"inLanguage\":\"de\",\"@id\":\"https:\\\/\\\/fundaciomallorcaturisme.net\\\/de\\\/reiseziele\\\/serra-de-tramuntana\\\/#primaryimage\",\"url\":\"https:\\\/\\\/fundaciomallorcaturisme.net\\\/wp-content\\\/uploads\\\/2026\\\/02\\\/d91dcb08-6d86-434d-8b91-078e13615921.jpg\",\"contentUrl\":\"https:\\\/\\\/fundaciomallorcaturisme.net\\\/wp-content\\\/uploads\\\/2026\\\/02\\\/d91dcb08-6d86-434d-8b91-078e13615921.jpg\",\"width\":825,\"height\":463},{\"@type\":\"BreadcrumbList\",\"@id\":\"https:\\\/\\\/fundaciomallorcaturisme.net\\\/de\\\/reiseziele\\\/serra-de-tramuntana\\\/#breadcrumb\",\"itemListElement\":[{\"@type\":\"ListItem\",\"position\":1,\"name\":\"Startseite\",\"item\":\"https:\\\/\\\/fundaciomallorcaturisme.net\\\/de\\\/\"},{\"@type\":\"ListItem\",\"position\":2,\"name\":\"Reiseziele\",\"item\":\"https:\\\/\\\/fundaciomallorcaturisme.net\\\/de\\\/reiseziele\\\/\"},{\"@type\":\"ListItem\",\"position\":3,\"name\":\"Serra de Tramuntana\"}]},{\"@type\":\"WebSite\",\"@id\":\"https:\\\/\\\/fundaciomallorcaturisme.net\\\/de\\\/#website\",\"url\":\"https:\\\/\\\/fundaciomallorcaturisme.net\\\/de\\\/\",\"name\":\"Consell de Mallorca\",\"description\":\"\",\"publisher\":{\"@id\":\"https:\\\/\\\/fundaciomallorcaturisme.net\\\/de\\\/#organization\"},\"alternateName\":\"Mallorca Turisme\",\"potentialAction\":[{\"@type\":\"SearchAction\",\"target\":{\"@type\":\"EntryPoint\",\"urlTemplate\":\"https:\\\/\\\/fundaciomallorcaturisme.net\\\/de\\\/?s={search_term_string}\"},\"query-input\":{\"@type\":\"PropertyValueSpecification\",\"valueRequired\":true,\"valueName\":\"search_term_string\"}}],\"inLanguage\":\"de\"},{\"@type\":\"Organization\",\"@id\":\"https:\\\/\\\/fundaciomallorcaturisme.net\\\/de\\\/#organization\",\"name\":\"Consell de Mallorca\",\"alternateName\":\"Mallorca Turisme\",\"url\":\"https:\\\/\\\/fundaciomallorcaturisme.net\\\/de\\\/\",\"logo\":{\"@type\":\"ImageObject\",\"inLanguage\":\"de\",\"@id\":\"https:\\\/\\\/fundaciomallorcaturisme.net\\\/de\\\/#\\\/schema\\\/logo\\\/image\\\/\",\"url\":\"http:\\\/\\\/fundaciomallorcaturisme.net\\\/wp-content\\\/uploads\\\/2026\\\/03\\\/logo.webp\",\"contentUrl\":\"http:\\\/\\\/fundaciomallorcaturisme.net\\\/wp-content\\\/uploads\\\/2026\\\/03\\\/logo.webp\",\"width\":696,\"height\":570,\"caption\":\"Consell de Mallorca\"},\"image\":{\"@id\":\"https:\\\/\\\/fundaciomallorcaturisme.net\\\/de\\\/#\\\/schema\\\/logo\\\/image\\\/\"},\"sameAs\":[\"https:\\\/\\\/www.facebook.com\\\/ConselldeMca\\\/\",\"https:\\\/\\\/x.com\\\/ConselldeMca\",\"https:\\\/\\\/www.instagram.com\\\/conselldemca\\\/\",\"https:\\\/\\\/www.youtube.com\\\/user\\\/conselldemallorca\"]}]}<\/script>\n<!-- \/ Yoast SEO plugin. -->","yoast_head_json":{"title":"Serra de Tramuntana - Consell de Mallorca","robots":{"index":"index","follow":"follow","max-snippet":"max-snippet:-1","max-image-preview":"max-image-preview:large","max-video-preview":"max-video-preview:-1"},"canonical":"https:\/\/fundaciomallorcaturisme.net\/de\/reiseziele\/serra-de-tramuntana\/","og_locale":"de_DE","og_type":"article","og_title":"Serra de Tramuntana - Consell de Mallorca","og_url":"https:\/\/fundaciomallorcaturisme.net\/de\/reiseziele\/serra-de-tramuntana\/","og_site_name":"Consell de Mallorca","article_publisher":"https:\/\/www.facebook.com\/ConselldeMca\/","article_modified_time":"2026-04-08T07:32:56+00:00","og_image":[{"width":825,"height":463,"url":"https:\/\/fundaciomallorcaturisme.net\/wp-content\/uploads\/2026\/02\/d91dcb08-6d86-434d-8b91-078e13615921.jpg","type":"image\/jpeg"}],"twitter_card":"summary_large_image","twitter_site":"@ConselldeMca","twitter_misc":{"Gesch\u00e4tzte Lesezeit":"1\u00a0Minute"},"schema":{"@context":"https:\/\/schema.org","@graph":[{"@type":"WebPage","@id":"https:\/\/fundaciomallorcaturisme.net\/de\/reiseziele\/serra-de-tramuntana\/","url":"https:\/\/fundaciomallorcaturisme.net\/de\/reiseziele\/serra-de-tramuntana\/","name":"Serra de Tramuntana - Consell de Mallorca","isPartOf":{"@id":"https:\/\/fundaciomallorcaturisme.net\/de\/#website"},"primaryImageOfPage":{"@id":"https:\/\/fundaciomallorcaturisme.net\/de\/reiseziele\/serra-de-tramuntana\/#primaryimage"},"image":{"@id":"https:\/\/fundaciomallorcaturisme.net\/de\/reiseziele\/serra-de-tramuntana\/#primaryimage"},"thumbnailUrl":"https:\/\/fundaciomallorcaturisme.net\/wp-content\/uploads\/2026\/02\/d91dcb08-6d86-434d-8b91-078e13615921.jpg","datePublished":"2026-02-25T10:47:13+00:00","dateModified":"2026-04-08T07:32:56+00:00","breadcrumb":{"@id":"https:\/\/fundaciomallorcaturisme.net\/de\/reiseziele\/serra-de-tramuntana\/#breadcrumb"},"inLanguage":"de","potentialAction":[{"@type":"ReadAction","target":["https:\/\/fundaciomallorcaturisme.net\/de\/reiseziele\/serra-de-tramuntana\/"]}]},{"@type":"ImageObject","inLanguage":"de","@id":"https:\/\/fundaciomallorcaturisme.net\/de\/reiseziele\/serra-de-tramuntana\/#primaryimage","url":"https:\/\/fundaciomallorcaturisme.net\/wp-content\/uploads\/2026\/02\/d91dcb08-6d86-434d-8b91-078e13615921.jpg","contentUrl":"https:\/\/fundaciomallorcaturisme.net\/wp-content\/uploads\/2026\/02\/d91dcb08-6d86-434d-8b91-078e13615921.jpg","width":825,"height":463},{"@type":"BreadcrumbList","@id":"https:\/\/fundaciomallorcaturisme.net\/de\/reiseziele\/serra-de-tramuntana\/#breadcrumb","itemListElement":[{"@type":"ListItem","position":1,"name":"Startseite","item":"https:\/\/fundaciomallorcaturisme.net\/de\/"},{"@type":"ListItem","position":2,"name":"Reiseziele","item":"https:\/\/fundaciomallorcaturisme.net\/de\/reiseziele\/"},{"@type":"ListItem","position":3,"name":"Serra de Tramuntana"}]},{"@type":"WebSite","@id":"https:\/\/fundaciomallorcaturisme.net\/de\/#website","url":"https:\/\/fundaciomallorcaturisme.net\/de\/","name":"Consell de Mallorca","description":"","publisher":{"@id":"https:\/\/fundaciomallorcaturisme.net\/de\/#organization"},"alternateName":"Mallorca Turisme","potentialAction":[{"@type":"SearchAction","target":{"@type":"EntryPoint","urlTemplate":"https:\/\/fundaciomallorcaturisme.net\/de\/?s={search_term_string}"},"query-input":{"@type":"PropertyValueSpecification","valueRequired":true,"valueName":"search_term_string"}}],"inLanguage":"de"},{"@type":"Organization","@id":"https:\/\/fundaciomallorcaturisme.net\/de\/#organization","name":"Consell de Mallorca","alternateName":"Mallorca Turisme","url":"https:\/\/fundaciomallorcaturisme.net\/de\/","logo":{"@type":"ImageObject","inLanguage":"de","@id":"https:\/\/fundaciomallorcaturisme.net\/de\/#\/schema\/logo\/image\/","url":"http:\/\/fundaciomallorcaturisme.net\/wp-content\/uploads\/2026\/03\/logo.webp","contentUrl":"http:\/\/fundaciomallorcaturisme.net\/wp-content\/uploads\/2026\/03\/logo.webp","width":696,"height":570,"caption":"Consell de Mallorca"},"image":{"@id":"https:\/\/fundaciomallorcaturisme.net\/de\/#\/schema\/logo\/image\/"},"sameAs":["https:\/\/www.facebook.com\/ConselldeMca\/","https:\/\/x.com\/ConselldeMca","https:\/\/www.instagram.com\/conselldemca\/","https:\/\/www.youtube.com\/user\/conselldemallorca"]}]}},"_links":{"self":[{"href":"https:\/\/fundaciomallorcaturisme.net\/de\/wp-json\/wp\/v2\/pages\/2865","targetHints":{"allow":["GET"]}}],"collection":[{"href":"https:\/\/fundaciomallorcaturisme.net\/de\/wp-json\/wp\/v2\/pages"}],"about":[{"href":"https:\/\/fundaciomallorcaturisme.net\/de\/wp-json\/wp\/v2\/types\/page"}],"author":[{"embeddable":true,"href":"https:\/\/fundaciomallorcaturisme.net\/de\/wp-json\/wp\/v2\/users\/1"}],"replies":[{"embeddable":true,"href":"https:\/\/fundaciomallorcaturisme.net\/de\/wp-json\/wp\/v2\/comments?post=2865"}],"version-history":[{"count":2,"href":"https:\/\/fundaciomallorcaturisme.net\/de\/wp-json\/wp\/v2\/pages\/2865\/revisions"}],"predecessor-version":[{"id":4600,"href":"https:\/\/fundaciomallorcaturisme.net\/de\/wp-json\/wp\/v2\/pages\/2865\/revisions\/4600"}],"up":[{"embeddable":true,"href":"https:\/\/fundaciomallorcaturisme.net\/de\/wp-json\/wp\/v2\/pages\/1521"}],"wp:featuredmedia":[{"embeddable":true,"href":"https:\/\/fundaciomallorcaturisme.net\/de\/wp-json\/wp\/v2\/media\/921"}],"wp:attachment":[{"href":"https:\/\/fundaciomallorcaturisme.net\/de\/wp-json\/wp\/v2\/media?parent=2865"}],"curies":[{"name":"wp","href":"https:\/\/api.w.org\/{rel}","templated":true}]}}