{"id":2863,"date":"2026-02-25T11:47:13","date_gmt":"2026-02-25T10:47:13","guid":{"rendered":"http:\/\/fundaciomallorcaturisme.net\/reiseziele\/palma\/"},"modified":"2026-04-09T13:45:04","modified_gmt":"2026-04-09T11:45:04","slug":"palma","status":"publish","type":"page","link":"https:\/\/fundaciomallorcaturisme.net\/de\/reiseziele\/palma\/","title":{"rendered":"Palma"},"content":{"rendered":"","protected":false},"excerpt":{"rendered":"","protected":false},"author":1,"featured_media":946,"parent":1521,"menu_order":0,"comment_status":"open","ping_status":"open","template":"page-templates\/contenido_flexible.php","meta":{"_acf_changed":false,"footnotes":""},"class_list":["post-2863","page","type-page","status-publish","has-post-thumbnail","hentry"],"acf":{"contenido_flexible":[{"acf_fc_layout":"cabecera","titulo":"<h1>Palma<\/h1>","titulo_grande":false,"subtitulo":"","texto":"","enlace":"","flecha_abajo":false,"tiene_video":false,"video":"","imagenx1":946,"imagenx2":946,"logos":""},{"acf_fc_layout":"texto_simple","pretitulo":"","titulo":"","texto":"<h2>Monumetale Stadt Palma<\/h2>\r\nDie Stadt Palma zeigt sowohl tags\u00fcber als auch nachts ihren ganzen Charme. Auf der Seeseite weisen so emblematische Geb\u00e4ude wie die Burg Almudaina und die Kathedrale, die noch heute von der mittelalterlichen Stadtmauer gesch\u00fctzt sind, auf die vielen geschichtlichen Ereignisse hin.\r\n<h4>Ciutat de Mallorca<\/h4>\r\nPalma ist eine monumentale Stadt, die sich von Anfang an dem Meer entgegenstellte und in der viele verschiedene Kulturen Fu\u00df gefasst haben. Sie hinterlie\u00dfen alle ihre Spuren, insbesondere die Araber \u2014die sie Madina Mayurqa (Ciutat de Mallorca) nannten \u2014 und die Christen, die die Insel 1229 eroberten. In der historischen Altstadt ist nach wie vor deutlich die mittelalterliche Stra\u00dfenf\u00fchrung erhalten, und der beste Ausgangspunkt f\u00fcr einen Streifzug durch das Zentrum ist die eindrucksvolle <a href=\"https:\/\/catedraldemallorca.org\/en\/\">Kathedrale von Mallorca<\/a>, auch als \u201e<strong>La Seu\u201c <\/strong>(auf katalanisch Bischoffssitz) bekannt, der beste Aussichtspunkt auf die gro\u00dfartige Bucht von Palma.\r\n\r\nUnter der alten Stadtmauer befinden sich <strong>ses Voltes<\/strong>, ein Platz, der fr\u00fcher f\u00fcr milit\u00e4rische Zwecke genutzt wurde und heute als Theater- und Ausstellungsbereich dient, sowie der <strong>Parc de la Mar<\/strong>, eine gr\u00fcne Lunge in der Stadt, die auch bei den Einwohnern Palmas sehr beliebt ist. Neben der Kathedrale erhebt sich der <a href=\"https:\/\/www.patrimonionacional.es\/en\/visita\/royal-palace-la-almudaina\">Almudaina-Palast<\/a>, ein fr\u00fcherer arabischer Palast, der sp\u00e4ter von den Christen umgebaut und renoviert wurde und der auf der Seite zum Meer von der Mauer begrenzt ist, die die Stadt sch\u00fctzte.\r\n\r\nZu ihren F\u00fc\u00dfen erstrecken sich die Gartenanlagen des <strong>Hort del Rei<\/strong>, mit Wasserspielen und B\u00e4nken, auf denen man das Ambiente und die Skulpturen von K\u00fcnstlern wie Subirachs oder Joan Mir\u00f3 genie\u00dfen kann. Diese Gartenanlagen sind die Verbindung zu dem zentral gelegenen <strong>Passeig des Born<\/strong>, einem Boulevard und belebtem Gesch\u00e4ftsviertel, an dessen Beginn zwei Sphinxe stehen und der von B\u00e4umen flankiert ist. Der Boulevard m\u00fcndet in die Stra\u00dfe <strong>Avinguda de Jaume III<\/strong>, wo sich viele renommierte Mode- und Accessoire-Gesch\u00e4fte sowie ein Kaufhaus befinden.\r\n\r\nAn dem nahegelegenen Pla\u00e7a de Weyler steht das <a href=\"https:\/\/caixaforum.org\/ca\/palma\/home\">Gran Hotel<\/a><a href=\"https:\/\/caixaforum.org\/es\/palma\/el-edificio\">,<\/a> eines der bedeutendsten Beispiele des katalanischen Jugendstils, das heute f\u00fcr Ausstellungen genutzt wird. Neben dem <a href=\"https:\/\/www.teatreprincipal.com\/en\/\">Teatre Principal<\/a> f\u00fchrt eine Treppe zum <strong>Pla\u00e7a Major<\/strong>, einem weitl\u00e4ufigen, mit Arkaden ums\u00e4umten Platz, in den Gesch\u00e4ftsstra\u00dfen wie <strong>Sant Miquel<\/strong>, <strong>Sindicat <\/strong>und <strong>Col\u00f3n <\/strong>m\u00fcnden. Diese letztere Stra\u00dfe stellt die Verbindung zum <strong>Pla\u00e7a de Cort<\/strong> dar, an dem sich die Verwaltungsgeb\u00e4ude der Stadt konzentrieren, allen voran das Rathaus und der Sitz des Inserats, der <strong>Consell de Mallorca<\/strong>, ein hervorragendes Beispiel der mallorquinischen Neugotik. In der Umgebung befinden sich die <a href=\"https:\/\/www.spiritualmallorca.com\/en\/post\/cloister-of-san-francisco-national-monument\">Basilika Sant Francesc<\/a> \u2014ein gotisches Schmuckst\u00fcck mit Kreuzgang, wo der mallorquinische Gelehrte Raimund Llull begraben ist \u2014, die <a href=\"https:\/\/www.mallorca.es\/de\/-\/banos-arab-1?classNameId=27801&amp;classPK=129527\">Arabischen B\u00e4der<\/a>, das <strong>Museum von Mallorca<\/strong>, das <strong>Parlament der Balearischen Inseln<\/strong> und der <a href=\"https:\/\/www.fundacionbmarch.es\/de\/palau-march-museum\/\">March-Palast<\/a>.\r\n\r\nBei einem sehr empfehlenswerten ziellosen Streifzug durch die engen und schattigen G\u00e4sschen in diesem Stadtteil sollte man immer wieder nach oben blicken und die schlichten, aber <strong>eindrucksvollen Pal\u00e4ste<\/strong> bewundern, die vor vielen Jahren sowohl von den Adligen als auch den Angeh\u00f6rigen des B\u00fcrgertums auf Mallorca errichtet wurden. Etwas, was diese Geb\u00e4ude ganz besonders auszeichnet, sind ihre <strong>Patios<\/strong>\u00a0(<a href=\"https:\/\/palmavirtual.palma.cat\/de\/palmas-innenhofe-\">Innenh\u00f6fe<\/a>) mit Spuren aus der Gotik und Renaissance, mit Treppen und gro\u00dfen Fenstern, wo auch heute noch ein vornehmes Flair zu sp\u00fcren ist.\r\n\r\nAuf der Meerseite der Stadt kommt man zu Fu\u00df oder mit dem Fahrrad auf der Strandpromenade, dem <strong>Passeig Mar\u00edtim<\/strong>, bis zu den Fischervierteln <strong>es Molinar<\/strong> und <strong>es Portitxol<\/strong>. Gegen\u00fcber dem Wassersportklub \u201eReal Club N\u00e1utico de Palma\u201c befindet sich die fr\u00fchere Fischb\u00f6rse <a href=\"https:\/\/www.mallorca.es\/de\/-\/sa-llotja?classNameId=27801&amp;classPK=132134\">Llotja<\/a>, ein gotisches Geb\u00e4ude, das heute zu einem Ausstellungssaal umgebaut wurde und von einer belebten Bar- und Restaurantzone umgeben ist.\r\n\r\nWeitere Information zu \u00d6ffnungszeiten und Eintrittspreisen der wichtigsten Sehensw\u00fcrdigkeiten finden Sie <a href=\"https:\/\/www.mallorca.es\/de\/descargar?fileId=687095\">hier<\/a>.\r\n<h4>Die Stadt der K\u00f6stlichkeiten<\/h4>\r\nM\u00e4rkte, Bars, B\u00e4ckereien und Restaurants machen Palma zur Stadt der K\u00f6stlichkeiten. F\u00fcr die traditionelle, internationale und avantgardistische K\u00fcche in den Restaurants der Stadt werden die Zutaten der hiesigen M\u00e4rkte verwendet, die t\u00e4glich mit frischen Erzeugnissen vom Land und aus dem Meer Mallorcas versorgt werden.\r\n\r\nWenn man eine Stadt kennenlernen m\u00f6chte, sollte man auf jeden Fall die M\u00e4rkte besuchen, auf denen die Gastronomiekultur par excellence zu finden ist. Die bekanntesten <strong>M\u00e4rkte<\/strong> sind <a href=\"https:\/\/www.mercatolivar.com\/de\/starseite\/\">l\u2019Olivar <\/a>und <a href=\"http:\/\/www.mercatdesantacatalina.com\/en\/\">Santa Catalina<\/a>. Auf diesen M\u00e4rkten kann man auch hervorragend einen Aperitif und kleine Snacks genie\u00dfen und das lokale Flair in sich aufnehmen.\r\n\r\nIn Palma gibt es viele <a href=\"https:\/\/www.mallorca.es\/de\/ofen-und-alte-cafes\">alteingesessene B\u00e4ckereien<\/a>, einige davon mit einer Tradition von \u00fcber hundert Jahren. Genau wie fr\u00fcher werden hier die typischen <strong>Panades <\/strong>(gef\u00fcllte Teigpasteten), <strong>Cocarrois <\/strong>- in Form eines Halbmondes und gef\u00fcllt mit Gem\u00fcse wie Blumenkohl und Spinat, Rosinen und Pinienkernen - sowie salzige Cocas (mallorquinische Pizza-Art) zubereitet. Bei den S\u00fc\u00dfspeisen ist nat\u00fcrlich als erstes die ber\u00fchmte <a href=\"https:\/\/www.mallorca.es\/de\/-\/ensa%25C3%25AFmada?redirect=%252Fca%252Fproductes-tipics&amp;classNameId=27801&amp;classPK=70073\">Ensa\u00efmada<\/a> zu nennen, zusammen mit der Aprikosen-Coca und den Crespells, kleine herz- oder sternf\u00f6rmige Geb\u00e4ckteilchen.\r\n\r\nRund um die <strong>Llotja<\/strong>, die Fischb\u00f6rse, erstreckt sich eine der Zonen mit den meisten <a href=\"https:\/\/www.mallorca.es\/de\/restaurants\">Restaurants<\/a> und <a href=\"https:\/\/www.mallorca.es\/de\/nachtleben\">Bars<\/a>. Auch der Stadtteil <strong>Santa Catalina<\/strong> - ein fr\u00fcherer Fischerort - hat sich zu einer kosmopolitischen Gegend mit vielen kleinen Lokalen entwickelt, in denen avantgardistische, exotische und internationale K\u00fcche geboten wird. Traditionelle Gerichte findet man haupts\u00e4chlich in den <a href=\"https:\/\/www.mallorca.es\/de\/restaurants\">Cellers<\/a>, das sind fr\u00fchere Weinkeller, wo die kr\u00e4ftigen mallorquinischen Rezepte zubereitet werden, wie beispielsweise\u00a0<strong>Tumbet <\/strong>- ein Sommergem\u00fcse basierend auf Auberginen, Kartoffeln und roter Paprika - oder die <strong>Sopes <\/strong>- eine intelligente Art, das trockene Brot in Kombination von Gem\u00fcse der Saison zu verwenden.\u00a0Eines der einfachsten und allt\u00e4glichsten Gerichte auf Mallorca ist das <strong>Pa amb oli<\/strong>, Brot mit zerriebener Tomate, Oliven\u00f6l und Salz. Dazu gibt es K\u00e4se und einheimische Wurstwaren, bittere Oliven und einen guten Rotwein.\r\n<h4>Die Grosse bucht von Palma<\/h4>\r\nDie Stadt lebt mit Blick aufs Meer und die Bewohner von Palma besuchen h\u00e4ufig ihre <a href=\"https:\/\/www.platgesdebalears.com\/de\/localidad\/palma\">Stadtstr\u00e4nde<\/a>, die mit allen Serviceleistungen ausgestattet und von vielen verschiedenen Restaurants, Bars und <a href=\"https:\/\/www.mallorca.es\/de\/strandbars-und-beach-clubs\">Beach-Clubs<\/a> ums\u00e4umt sind. Wenn sie weiter vom Stadtzentrum entfernt sind, kann man sie gut mit dem Autobus oder im PKW erreichen.","cta":"","2_columnas":false,"color_de_fondo":""}]},"yoast_head":"<!-- This site is optimized with the Yoast SEO plugin v27.7 - https:\/\/yoast.com\/product\/yoast-seo-wordpress\/ -->\n<title>Palma - Consell de Mallorca<\/title>\n<meta name=\"robots\" content=\"index, follow, max-snippet:-1, max-image-preview:large, max-video-preview:-1\" \/>\n<link rel=\"canonical\" href=\"https:\/\/fundaciomallorcaturisme.net\/de\/reiseziele\/palma\/\" \/>\n<meta property=\"og:locale\" content=\"de_DE\" \/>\n<meta property=\"og:type\" content=\"article\" \/>\n<meta property=\"og:title\" content=\"Palma - Consell de Mallorca\" \/>\n<meta property=\"og:url\" content=\"https:\/\/fundaciomallorcaturisme.net\/de\/reiseziele\/palma\/\" \/>\n<meta property=\"og:site_name\" content=\"Consell de Mallorca\" \/>\n<meta property=\"article:publisher\" content=\"https:\/\/www.facebook.com\/ConselldeMca\/\" \/>\n<meta property=\"article:modified_time\" content=\"2026-04-09T11:45:04+00:00\" \/>\n<meta property=\"og:image\" content=\"https:\/\/fundaciomallorcaturisme.net\/wp-content\/uploads\/2026\/02\/5eabbb45-23f7-caf2-9dbd-ab71ca130d2d.jpg\" \/>\n\t<meta property=\"og:image:width\" content=\"825\" \/>\n\t<meta property=\"og:image:height\" content=\"463\" \/>\n\t<meta property=\"og:image:type\" content=\"image\/jpeg\" \/>\n<meta name=\"twitter:card\" content=\"summary_large_image\" \/>\n<meta name=\"twitter:site\" content=\"@ConselldeMca\" \/>\n<meta name=\"twitter:label1\" content=\"Gesch\u00e4tzte Lesezeit\" \/>\n\t<meta name=\"twitter:data1\" content=\"1\u00a0Minute\" \/>\n<script type=\"application\/ld+json\" class=\"yoast-schema-graph\">{\"@context\":\"https:\\\/\\\/schema.org\",\"@graph\":[{\"@type\":\"WebPage\",\"@id\":\"https:\\\/\\\/fundaciomallorcaturisme.net\\\/de\\\/reiseziele\\\/palma\\\/\",\"url\":\"https:\\\/\\\/fundaciomallorcaturisme.net\\\/de\\\/reiseziele\\\/palma\\\/\",\"name\":\"Palma - Consell de Mallorca\",\"isPartOf\":{\"@id\":\"https:\\\/\\\/fundaciomallorcaturisme.net\\\/de\\\/#website\"},\"primaryImageOfPage\":{\"@id\":\"https:\\\/\\\/fundaciomallorcaturisme.net\\\/de\\\/reiseziele\\\/palma\\\/#primaryimage\"},\"image\":{\"@id\":\"https:\\\/\\\/fundaciomallorcaturisme.net\\\/de\\\/reiseziele\\\/palma\\\/#primaryimage\"},\"thumbnailUrl\":\"https:\\\/\\\/fundaciomallorcaturisme.net\\\/wp-content\\\/uploads\\\/2026\\\/02\\\/5eabbb45-23f7-caf2-9dbd-ab71ca130d2d.jpg\",\"datePublished\":\"2026-02-25T10:47:13+00:00\",\"dateModified\":\"2026-04-09T11:45:04+00:00\",\"breadcrumb\":{\"@id\":\"https:\\\/\\\/fundaciomallorcaturisme.net\\\/de\\\/reiseziele\\\/palma\\\/#breadcrumb\"},\"inLanguage\":\"de\",\"potentialAction\":[{\"@type\":\"ReadAction\",\"target\":[\"https:\\\/\\\/fundaciomallorcaturisme.net\\\/de\\\/reiseziele\\\/palma\\\/\"]}]},{\"@type\":\"ImageObject\",\"inLanguage\":\"de\",\"@id\":\"https:\\\/\\\/fundaciomallorcaturisme.net\\\/de\\\/reiseziele\\\/palma\\\/#primaryimage\",\"url\":\"https:\\\/\\\/fundaciomallorcaturisme.net\\\/wp-content\\\/uploads\\\/2026\\\/02\\\/5eabbb45-23f7-caf2-9dbd-ab71ca130d2d.jpg\",\"contentUrl\":\"https:\\\/\\\/fundaciomallorcaturisme.net\\\/wp-content\\\/uploads\\\/2026\\\/02\\\/5eabbb45-23f7-caf2-9dbd-ab71ca130d2d.jpg\",\"width\":825,\"height\":463},{\"@type\":\"BreadcrumbList\",\"@id\":\"https:\\\/\\\/fundaciomallorcaturisme.net\\\/de\\\/reiseziele\\\/palma\\\/#breadcrumb\",\"itemListElement\":[{\"@type\":\"ListItem\",\"position\":1,\"name\":\"Startseite\",\"item\":\"https:\\\/\\\/fundaciomallorcaturisme.net\\\/de\\\/\"},{\"@type\":\"ListItem\",\"position\":2,\"name\":\"Reiseziele\",\"item\":\"https:\\\/\\\/fundaciomallorcaturisme.net\\\/de\\\/reiseziele\\\/\"},{\"@type\":\"ListItem\",\"position\":3,\"name\":\"Palma\"}]},{\"@type\":\"WebSite\",\"@id\":\"https:\\\/\\\/fundaciomallorcaturisme.net\\\/de\\\/#website\",\"url\":\"https:\\\/\\\/fundaciomallorcaturisme.net\\\/de\\\/\",\"name\":\"Consell de Mallorca\",\"description\":\"\",\"publisher\":{\"@id\":\"https:\\\/\\\/fundaciomallorcaturisme.net\\\/de\\\/#organization\"},\"alternateName\":\"Mallorca Turisme\",\"potentialAction\":[{\"@type\":\"SearchAction\",\"target\":{\"@type\":\"EntryPoint\",\"urlTemplate\":\"https:\\\/\\\/fundaciomallorcaturisme.net\\\/de\\\/?s={search_term_string}\"},\"query-input\":{\"@type\":\"PropertyValueSpecification\",\"valueRequired\":true,\"valueName\":\"search_term_string\"}}],\"inLanguage\":\"de\"},{\"@type\":\"Organization\",\"@id\":\"https:\\\/\\\/fundaciomallorcaturisme.net\\\/de\\\/#organization\",\"name\":\"Consell de Mallorca\",\"alternateName\":\"Mallorca Turisme\",\"url\":\"https:\\\/\\\/fundaciomallorcaturisme.net\\\/de\\\/\",\"logo\":{\"@type\":\"ImageObject\",\"inLanguage\":\"de\",\"@id\":\"https:\\\/\\\/fundaciomallorcaturisme.net\\\/de\\\/#\\\/schema\\\/logo\\\/image\\\/\",\"url\":\"http:\\\/\\\/fundaciomallorcaturisme.net\\\/wp-content\\\/uploads\\\/2026\\\/03\\\/logo.webp\",\"contentUrl\":\"http:\\\/\\\/fundaciomallorcaturisme.net\\\/wp-content\\\/uploads\\\/2026\\\/03\\\/logo.webp\",\"width\":696,\"height\":570,\"caption\":\"Consell de Mallorca\"},\"image\":{\"@id\":\"https:\\\/\\\/fundaciomallorcaturisme.net\\\/de\\\/#\\\/schema\\\/logo\\\/image\\\/\"},\"sameAs\":[\"https:\\\/\\\/www.facebook.com\\\/ConselldeMca\\\/\",\"https:\\\/\\\/x.com\\\/ConselldeMca\",\"https:\\\/\\\/www.instagram.com\\\/conselldemca\\\/\",\"https:\\\/\\\/www.youtube.com\\\/user\\\/conselldemallorca\"]}]}<\/script>\n<!-- \/ Yoast SEO plugin. -->","yoast_head_json":{"title":"Palma - Consell de Mallorca","robots":{"index":"index","follow":"follow","max-snippet":"max-snippet:-1","max-image-preview":"max-image-preview:large","max-video-preview":"max-video-preview:-1"},"canonical":"https:\/\/fundaciomallorcaturisme.net\/de\/reiseziele\/palma\/","og_locale":"de_DE","og_type":"article","og_title":"Palma - Consell de Mallorca","og_url":"https:\/\/fundaciomallorcaturisme.net\/de\/reiseziele\/palma\/","og_site_name":"Consell de Mallorca","article_publisher":"https:\/\/www.facebook.com\/ConselldeMca\/","article_modified_time":"2026-04-09T11:45:04+00:00","og_image":[{"width":825,"height":463,"url":"https:\/\/fundaciomallorcaturisme.net\/wp-content\/uploads\/2026\/02\/5eabbb45-23f7-caf2-9dbd-ab71ca130d2d.jpg","type":"image\/jpeg"}],"twitter_card":"summary_large_image","twitter_site":"@ConselldeMca","twitter_misc":{"Gesch\u00e4tzte Lesezeit":"1\u00a0Minute"},"schema":{"@context":"https:\/\/schema.org","@graph":[{"@type":"WebPage","@id":"https:\/\/fundaciomallorcaturisme.net\/de\/reiseziele\/palma\/","url":"https:\/\/fundaciomallorcaturisme.net\/de\/reiseziele\/palma\/","name":"Palma - Consell de Mallorca","isPartOf":{"@id":"https:\/\/fundaciomallorcaturisme.net\/de\/#website"},"primaryImageOfPage":{"@id":"https:\/\/fundaciomallorcaturisme.net\/de\/reiseziele\/palma\/#primaryimage"},"image":{"@id":"https:\/\/fundaciomallorcaturisme.net\/de\/reiseziele\/palma\/#primaryimage"},"thumbnailUrl":"https:\/\/fundaciomallorcaturisme.net\/wp-content\/uploads\/2026\/02\/5eabbb45-23f7-caf2-9dbd-ab71ca130d2d.jpg","datePublished":"2026-02-25T10:47:13+00:00","dateModified":"2026-04-09T11:45:04+00:00","breadcrumb":{"@id":"https:\/\/fundaciomallorcaturisme.net\/de\/reiseziele\/palma\/#breadcrumb"},"inLanguage":"de","potentialAction":[{"@type":"ReadAction","target":["https:\/\/fundaciomallorcaturisme.net\/de\/reiseziele\/palma\/"]}]},{"@type":"ImageObject","inLanguage":"de","@id":"https:\/\/fundaciomallorcaturisme.net\/de\/reiseziele\/palma\/#primaryimage","url":"https:\/\/fundaciomallorcaturisme.net\/wp-content\/uploads\/2026\/02\/5eabbb45-23f7-caf2-9dbd-ab71ca130d2d.jpg","contentUrl":"https:\/\/fundaciomallorcaturisme.net\/wp-content\/uploads\/2026\/02\/5eabbb45-23f7-caf2-9dbd-ab71ca130d2d.jpg","width":825,"height":463},{"@type":"BreadcrumbList","@id":"https:\/\/fundaciomallorcaturisme.net\/de\/reiseziele\/palma\/#breadcrumb","itemListElement":[{"@type":"ListItem","position":1,"name":"Startseite","item":"https:\/\/fundaciomallorcaturisme.net\/de\/"},{"@type":"ListItem","position":2,"name":"Reiseziele","item":"https:\/\/fundaciomallorcaturisme.net\/de\/reiseziele\/"},{"@type":"ListItem","position":3,"name":"Palma"}]},{"@type":"WebSite","@id":"https:\/\/fundaciomallorcaturisme.net\/de\/#website","url":"https:\/\/fundaciomallorcaturisme.net\/de\/","name":"Consell de Mallorca","description":"","publisher":{"@id":"https:\/\/fundaciomallorcaturisme.net\/de\/#organization"},"alternateName":"Mallorca Turisme","potentialAction":[{"@type":"SearchAction","target":{"@type":"EntryPoint","urlTemplate":"https:\/\/fundaciomallorcaturisme.net\/de\/?s={search_term_string}"},"query-input":{"@type":"PropertyValueSpecification","valueRequired":true,"valueName":"search_term_string"}}],"inLanguage":"de"},{"@type":"Organization","@id":"https:\/\/fundaciomallorcaturisme.net\/de\/#organization","name":"Consell de Mallorca","alternateName":"Mallorca Turisme","url":"https:\/\/fundaciomallorcaturisme.net\/de\/","logo":{"@type":"ImageObject","inLanguage":"de","@id":"https:\/\/fundaciomallorcaturisme.net\/de\/#\/schema\/logo\/image\/","url":"http:\/\/fundaciomallorcaturisme.net\/wp-content\/uploads\/2026\/03\/logo.webp","contentUrl":"http:\/\/fundaciomallorcaturisme.net\/wp-content\/uploads\/2026\/03\/logo.webp","width":696,"height":570,"caption":"Consell de Mallorca"},"image":{"@id":"https:\/\/fundaciomallorcaturisme.net\/de\/#\/schema\/logo\/image\/"},"sameAs":["https:\/\/www.facebook.com\/ConselldeMca\/","https:\/\/x.com\/ConselldeMca","https:\/\/www.instagram.com\/conselldemca\/","https:\/\/www.youtube.com\/user\/conselldemallorca"]}]}},"_links":{"self":[{"href":"https:\/\/fundaciomallorcaturisme.net\/de\/wp-json\/wp\/v2\/pages\/2863","targetHints":{"allow":["GET"]}}],"collection":[{"href":"https:\/\/fundaciomallorcaturisme.net\/de\/wp-json\/wp\/v2\/pages"}],"about":[{"href":"https:\/\/fundaciomallorcaturisme.net\/de\/wp-json\/wp\/v2\/types\/page"}],"author":[{"embeddable":true,"href":"https:\/\/fundaciomallorcaturisme.net\/de\/wp-json\/wp\/v2\/users\/1"}],"replies":[{"embeddable":true,"href":"https:\/\/fundaciomallorcaturisme.net\/de\/wp-json\/wp\/v2\/comments?post=2863"}],"version-history":[{"count":1,"href":"https:\/\/fundaciomallorcaturisme.net\/de\/wp-json\/wp\/v2\/pages\/2863\/revisions"}],"predecessor-version":[{"id":4783,"href":"https:\/\/fundaciomallorcaturisme.net\/de\/wp-json\/wp\/v2\/pages\/2863\/revisions\/4783"}],"up":[{"embeddable":true,"href":"https:\/\/fundaciomallorcaturisme.net\/de\/wp-json\/wp\/v2\/pages\/1521"}],"wp:featuredmedia":[{"embeddable":true,"href":"https:\/\/fundaciomallorcaturisme.net\/de\/wp-json\/wp\/v2\/media\/946"}],"wp:attachment":[{"href":"https:\/\/fundaciomallorcaturisme.net\/de\/wp-json\/wp\/v2\/media?parent=2863"}],"curies":[{"name":"wp","href":"https:\/\/api.w.org\/{rel}","templated":true}]}}