{"id":2859,"date":"2026-02-25T11:47:13","date_gmt":"2026-02-25T10:47:13","guid":{"rendered":"http:\/\/fundaciomallorcaturisme.net\/reiseziele\/es-pla\/"},"modified":"2026-02-25T11:51:04","modified_gmt":"2026-02-25T10:51:04","slug":"es-pla","status":"publish","type":"page","link":"https:\/\/fundaciomallorcaturisme.net\/de\/reiseziele\/es-pla\/","title":{"rendered":"Es Pla"},"content":{"rendered":"","protected":false},"excerpt":{"rendered":"","protected":false},"author":1,"featured_media":931,"parent":1521,"menu_order":0,"comment_status":"open","ping_status":"open","template":"page-templates\/contenido_flexible.php","meta":{"_acf_changed":false,"footnotes":""},"class_list":["post-2859","page","type-page","status-publish","has-post-thumbnail","hentry"],"acf":{"contenido_flexible":[{"acf_fc_layout":"cabecera","titulo":"<h1>Es Pla<\/h1>","titulo_grande":false,"subtitulo":"","texto":"","enlace":"","flecha_abajo":false,"tiene_video":false,"video":"","imagenx1":931,"imagenx2":931,"logos":[]},{"acf_fc_layout":"texto_simple","pretitulo":"","titulo":"","texto":"<h3>Die Essenz Mallorcas<\/h3>\n<p>Zwischen den beiden Gebirgsz\u00fcgen der Insel, der Serra de Tramuntana im Nordwesten und der Serra de Llevant im S\u00fcdosten, liegt dieses der Landwirtschaft gewidmete Gebiet. Im Gegensatz zu den bekannteren Tourismuszentren beh\u00e4lt dieses Gebiet bis heute die authentischste Essenz der Insel bei. Zwischen den gr\u00fcnen, ockerfarbenen<strong> <\/strong>und goldenen<strong> Feldern<\/strong> tauchen die kleinen <strong>D\u00f6rfer des Hinterlandes<\/strong> mit ihren Glockent\u00fcrmen und ihren typischen Steinh\u00e4usern auf. Die <strong>Ruhe<\/strong> der Stra\u00dfen, die wie<strong> Oasen des Friedens<\/strong> wirken, entf\u00fchrt uns in die friedliche Vergangenheit der Insel.\u00a0<\/p>\n<p>Es Pla\u00a0ist, wie der Name schon sagt, ein relativ <strong>flaches Gebiet<\/strong>, wenn auch nicht ganz ohne Erh\u00f6hungen. Das Massiv von<strong> Randa<\/strong> steht mit einer H\u00f6he von \u00fcber 500 Metern imposant im Zentrum der Insel.\u00a0<\/p>\n<p><strong>Wallfahrtskirchen, Kl\u00f6ster und Einsiedeleien<\/strong>, die die Gipfel kr\u00f6nen, bieten uns einen 360-Grad-<strong>Panoramablick<\/strong> auf die Insel. Ein Besuch w\u00e4hrend der Mandelbl\u00fcte im Winter, wenn wei\u00dfe Blumen die Landschaft wie Schnee bedecken, ist ein einzigartiges Erlebnis.\u00a0<\/p>\n<p>Besucher, die Ruhe und direkten Kontakt mit den Einheimischen suchen, k\u00f6nnen in diesen Teil der Insel einen wahren Traumurlaub erleben. Das <strong>Angebot <\/strong>an zur <strong>Auswahl <\/strong>stehenden <a href=\"https:\/\/www.mallorca.es\/de\/unterkunft\">Unterk\u00fcnften<\/a> ist sehr vielf\u00e4ltig. Wir bewegen uns von den Hotels der st\u00e4dtischen Zentren hin zu den Landhotels und \u00a0landwirtschaftlichen Betrieben (Urlaub auf dem Bauernhof). <strong>Auch <\/strong>die <strong>Gottesh\u00e4user <\/strong>stellen Ihnen ihre R\u00e4umlichkeiten f\u00fcr Ihren Aufenthalt zur Verf\u00fcgung. \u00a0All dies, ohne auf die Annehmlichkeiten des modernen Lebens verzichten zu m\u00fcssen.\u00a0<\/p>\n<p>Diese Region zeichnet sich auch durch <strong>ihr Erbe<\/strong> und <strong>ihren architektonischen Reichtum<\/strong> aus. Hier wurden einige der \u00e4ltesten Spuren unserer Geschichte gefunden. Die arch\u00e4ologische St\u00e4tte von <a href=\"https:\/\/sonfornes.mallorca.museum\/\">Son Forn\u00e9s<\/a> zeigt uns, wie sich die ersten Siedler der Insel um die <strong>Talayots <\/strong>herum organisierten und lebten. Zisternen, Brunnen und Wasserr\u00e4der zeugen hingegen von der muslimischen Vergangenheit, als die Bev\u00f6lkerung daran interessiert war, das Beste aus den Wasserressourcen zu machen. Charakteristisch f\u00fcr diese Landschaft sind auch die M\u00fchlen, in denen mittels Wasserkraft Mehl gemahlen wurde. Der <a href=\"https:\/\/web.conselldemallorca.cat\/es\/ruta-molinos\">M\u00fchlenweg <\/a>bringt uns diesen alten Bauwerken n\u00e4her und erm\u00f6glicht es uns, ihre Funktionsweise sowie die wichtige Rolle, die sie in der landwirtschaftlichen Vergangenheit spielten, aus erster Hand kennenzulernen.\u00a0<\/p>\n<p>Die <a href=\"https:\/\/www.mallorca.es\/de\/markte\">M\u00e4rkte <\/a>sind ein gro\u00dfartiger Ort, um mehr \u00fcber die St\u00e4dte und Produkte der Insel zu erfahren. Der <a href=\"https:\/\/mercatsineu.net\/de\/home-de\/\">Markt von Sineu<\/a> r\u00fchmt sich damit, der <strong>\u00e4lteste <\/strong>auf Mallorca zu sein. In der Vergangenheit war Sineu aufgrund seiner zentralen geografischen Lage Wohnsitz der k\u00f6niglichen Familie. Sein Markt gilt als einer der beliebtesten und findet jeden Mittwochmorgen statt.\u00a0<\/p>\n<p>Die <strong>volkst\u00fcmlichen Traditionen <\/strong>der Insel konnten in diesem Gebiet aufrechterhalten werden. Der <a href=\"https:\/\/www.illesbalears.travel\/artikel\/de\/mallorca\/das-zum-tanz-gewordene-ritual-der-cossiers-tanz\">Tanz der Cossiers<\/a> zum Beispiel ist eine alte mallorquinische Tradition aus dem 14. Jahrhundert und wird in mehreren St\u00e4dten aufgef\u00fchrt, wobei insbesondere Algaida und Montu\u00efri zu nennen sind, wo der Tanz im Rahmen der Feierlichkeiten zu Ehren des jeweiligen Schutzpatrons stattfindet.<\/p>\n<p>Auch die <strong>Messen<\/strong>, insbesondere jene im Bereich Gastronomie und Kulinarik, spielen eine wichtige Rolle in der Region Pla de Mallorca: darunter die <a href=\"https:\/\/www.mallorca.es\/de\/-\/festa-i-fira-del-melo?classNameId=27801&amp;classPK=73894\">Melonenmesse<\/a> in Vilafranca de Bonany und die <a href=\"https:\/\/www.mallorca.es\/de\/-\/fira-de-la-mel?classNameId=27801&amp;classPK=73778\">Honigmesse<\/a> in Llub\u00ed.<\/p>\n<p>In dieser Region gibt es viele <strong>Cellers<\/strong>, alte Keller, die in <a href=\"https:\/\/www.mallorca.es\/de\/restaurants\">Restaurants <\/a>umgewandelt wurden und traditionelle mallorquinische K\u00fcche servieren. Sie sind meist mit typischen Elementen und Werkzeugen des Landlebens geschm\u00fcckt, wie Wagenr\u00e4dern, gro\u00dfen Weinf\u00e4ssern und rustikalen Feuerstellen.<\/p>","cta":"","2_columnas":false,"color_de_fondo":""}]},"yoast_head":"<!-- This site is optimized with the Yoast SEO plugin v27.7 - https:\/\/yoast.com\/product\/yoast-seo-wordpress\/ -->\n<title>Es Pla - Consell de Mallorca<\/title>\n<meta name=\"robots\" content=\"index, follow, max-snippet:-1, max-image-preview:large, max-video-preview:-1\" \/>\n<link rel=\"canonical\" href=\"https:\/\/fundaciomallorcaturisme.net\/de\/reiseziele\/es-pla\/\" \/>\n<meta property=\"og:locale\" content=\"de_DE\" \/>\n<meta property=\"og:type\" content=\"article\" \/>\n<meta property=\"og:title\" content=\"Es Pla - Consell de Mallorca\" \/>\n<meta property=\"og:url\" content=\"https:\/\/fundaciomallorcaturisme.net\/de\/reiseziele\/es-pla\/\" \/>\n<meta property=\"og:site_name\" content=\"Consell de Mallorca\" \/>\n<meta property=\"article:publisher\" content=\"https:\/\/www.facebook.com\/ConselldeMca\/\" \/>\n<meta property=\"article:modified_time\" content=\"2026-02-25T10:51:04+00:00\" \/>\n<meta property=\"og:image\" content=\"https:\/\/fundaciomallorcaturisme.net\/wp-content\/uploads\/2026\/02\/48e6b9d6-5f9b-e9d7-ff56-e467f0cda79c.jpg\" \/>\n\t<meta property=\"og:image:width\" content=\"825\" \/>\n\t<meta property=\"og:image:height\" content=\"463\" \/>\n\t<meta property=\"og:image:type\" content=\"image\/jpeg\" \/>\n<meta name=\"twitter:card\" content=\"summary_large_image\" \/>\n<meta name=\"twitter:site\" content=\"@ConselldeMca\" \/>\n<script type=\"application\/ld+json\" class=\"yoast-schema-graph\">{\"@context\":\"https:\\\/\\\/schema.org\",\"@graph\":[{\"@type\":\"WebPage\",\"@id\":\"https:\\\/\\\/fundaciomallorcaturisme.net\\\/de\\\/reiseziele\\\/es-pla\\\/\",\"url\":\"https:\\\/\\\/fundaciomallorcaturisme.net\\\/de\\\/reiseziele\\\/es-pla\\\/\",\"name\":\"Es Pla - Consell de Mallorca\",\"isPartOf\":{\"@id\":\"https:\\\/\\\/fundaciomallorcaturisme.net\\\/de\\\/#website\"},\"primaryImageOfPage\":{\"@id\":\"https:\\\/\\\/fundaciomallorcaturisme.net\\\/de\\\/reiseziele\\\/es-pla\\\/#primaryimage\"},\"image\":{\"@id\":\"https:\\\/\\\/fundaciomallorcaturisme.net\\\/de\\\/reiseziele\\\/es-pla\\\/#primaryimage\"},\"thumbnailUrl\":\"https:\\\/\\\/fundaciomallorcaturisme.net\\\/wp-content\\\/uploads\\\/2026\\\/02\\\/48e6b9d6-5f9b-e9d7-ff56-e467f0cda79c.jpg\",\"datePublished\":\"2026-02-25T10:47:13+00:00\",\"dateModified\":\"2026-02-25T10:51:04+00:00\",\"breadcrumb\":{\"@id\":\"https:\\\/\\\/fundaciomallorcaturisme.net\\\/de\\\/reiseziele\\\/es-pla\\\/#breadcrumb\"},\"inLanguage\":\"de\",\"potentialAction\":[{\"@type\":\"ReadAction\",\"target\":[\"https:\\\/\\\/fundaciomallorcaturisme.net\\\/de\\\/reiseziele\\\/es-pla\\\/\"]}]},{\"@type\":\"ImageObject\",\"inLanguage\":\"de\",\"@id\":\"https:\\\/\\\/fundaciomallorcaturisme.net\\\/de\\\/reiseziele\\\/es-pla\\\/#primaryimage\",\"url\":\"https:\\\/\\\/fundaciomallorcaturisme.net\\\/wp-content\\\/uploads\\\/2026\\\/02\\\/48e6b9d6-5f9b-e9d7-ff56-e467f0cda79c.jpg\",\"contentUrl\":\"https:\\\/\\\/fundaciomallorcaturisme.net\\\/wp-content\\\/uploads\\\/2026\\\/02\\\/48e6b9d6-5f9b-e9d7-ff56-e467f0cda79c.jpg\",\"width\":825,\"height\":463},{\"@type\":\"BreadcrumbList\",\"@id\":\"https:\\\/\\\/fundaciomallorcaturisme.net\\\/de\\\/reiseziele\\\/es-pla\\\/#breadcrumb\",\"itemListElement\":[{\"@type\":\"ListItem\",\"position\":1,\"name\":\"Startseite\",\"item\":\"https:\\\/\\\/fundaciomallorcaturisme.net\\\/de\\\/\"},{\"@type\":\"ListItem\",\"position\":2,\"name\":\"Reiseziele\",\"item\":\"https:\\\/\\\/fundaciomallorcaturisme.net\\\/de\\\/reiseziele\\\/\"},{\"@type\":\"ListItem\",\"position\":3,\"name\":\"Es Pla\"}]},{\"@type\":\"WebSite\",\"@id\":\"https:\\\/\\\/fundaciomallorcaturisme.net\\\/de\\\/#website\",\"url\":\"https:\\\/\\\/fundaciomallorcaturisme.net\\\/de\\\/\",\"name\":\"Consell de Mallorca\",\"description\":\"\",\"publisher\":{\"@id\":\"https:\\\/\\\/fundaciomallorcaturisme.net\\\/de\\\/#organization\"},\"alternateName\":\"Mallorca Turisme\",\"potentialAction\":[{\"@type\":\"SearchAction\",\"target\":{\"@type\":\"EntryPoint\",\"urlTemplate\":\"https:\\\/\\\/fundaciomallorcaturisme.net\\\/de\\\/?s={search_term_string}\"},\"query-input\":{\"@type\":\"PropertyValueSpecification\",\"valueRequired\":true,\"valueName\":\"search_term_string\"}}],\"inLanguage\":\"de\"},{\"@type\":\"Organization\",\"@id\":\"https:\\\/\\\/fundaciomallorcaturisme.net\\\/de\\\/#organization\",\"name\":\"Consell de Mallorca\",\"alternateName\":\"Mallorca Turisme\",\"url\":\"https:\\\/\\\/fundaciomallorcaturisme.net\\\/de\\\/\",\"logo\":{\"@type\":\"ImageObject\",\"inLanguage\":\"de\",\"@id\":\"https:\\\/\\\/fundaciomallorcaturisme.net\\\/de\\\/#\\\/schema\\\/logo\\\/image\\\/\",\"url\":\"http:\\\/\\\/fundaciomallorcaturisme.net\\\/wp-content\\\/uploads\\\/2026\\\/03\\\/logo.webp\",\"contentUrl\":\"http:\\\/\\\/fundaciomallorcaturisme.net\\\/wp-content\\\/uploads\\\/2026\\\/03\\\/logo.webp\",\"width\":696,\"height\":570,\"caption\":\"Consell de Mallorca\"},\"image\":{\"@id\":\"https:\\\/\\\/fundaciomallorcaturisme.net\\\/de\\\/#\\\/schema\\\/logo\\\/image\\\/\"},\"sameAs\":[\"https:\\\/\\\/www.facebook.com\\\/ConselldeMca\\\/\",\"https:\\\/\\\/x.com\\\/ConselldeMca\",\"https:\\\/\\\/www.instagram.com\\\/conselldemca\\\/\",\"https:\\\/\\\/www.youtube.com\\\/user\\\/conselldemallorca\"]}]}<\/script>\n<!-- \/ Yoast SEO plugin. -->","yoast_head_json":{"title":"Es Pla - Consell de Mallorca","robots":{"index":"index","follow":"follow","max-snippet":"max-snippet:-1","max-image-preview":"max-image-preview:large","max-video-preview":"max-video-preview:-1"},"canonical":"https:\/\/fundaciomallorcaturisme.net\/de\/reiseziele\/es-pla\/","og_locale":"de_DE","og_type":"article","og_title":"Es Pla - Consell de Mallorca","og_url":"https:\/\/fundaciomallorcaturisme.net\/de\/reiseziele\/es-pla\/","og_site_name":"Consell de Mallorca","article_publisher":"https:\/\/www.facebook.com\/ConselldeMca\/","article_modified_time":"2026-02-25T10:51:04+00:00","og_image":[{"width":825,"height":463,"url":"https:\/\/fundaciomallorcaturisme.net\/wp-content\/uploads\/2026\/02\/48e6b9d6-5f9b-e9d7-ff56-e467f0cda79c.jpg","type":"image\/jpeg"}],"twitter_card":"summary_large_image","twitter_site":"@ConselldeMca","schema":{"@context":"https:\/\/schema.org","@graph":[{"@type":"WebPage","@id":"https:\/\/fundaciomallorcaturisme.net\/de\/reiseziele\/es-pla\/","url":"https:\/\/fundaciomallorcaturisme.net\/de\/reiseziele\/es-pla\/","name":"Es Pla - Consell de Mallorca","isPartOf":{"@id":"https:\/\/fundaciomallorcaturisme.net\/de\/#website"},"primaryImageOfPage":{"@id":"https:\/\/fundaciomallorcaturisme.net\/de\/reiseziele\/es-pla\/#primaryimage"},"image":{"@id":"https:\/\/fundaciomallorcaturisme.net\/de\/reiseziele\/es-pla\/#primaryimage"},"thumbnailUrl":"https:\/\/fundaciomallorcaturisme.net\/wp-content\/uploads\/2026\/02\/48e6b9d6-5f9b-e9d7-ff56-e467f0cda79c.jpg","datePublished":"2026-02-25T10:47:13+00:00","dateModified":"2026-02-25T10:51:04+00:00","breadcrumb":{"@id":"https:\/\/fundaciomallorcaturisme.net\/de\/reiseziele\/es-pla\/#breadcrumb"},"inLanguage":"de","potentialAction":[{"@type":"ReadAction","target":["https:\/\/fundaciomallorcaturisme.net\/de\/reiseziele\/es-pla\/"]}]},{"@type":"ImageObject","inLanguage":"de","@id":"https:\/\/fundaciomallorcaturisme.net\/de\/reiseziele\/es-pla\/#primaryimage","url":"https:\/\/fundaciomallorcaturisme.net\/wp-content\/uploads\/2026\/02\/48e6b9d6-5f9b-e9d7-ff56-e467f0cda79c.jpg","contentUrl":"https:\/\/fundaciomallorcaturisme.net\/wp-content\/uploads\/2026\/02\/48e6b9d6-5f9b-e9d7-ff56-e467f0cda79c.jpg","width":825,"height":463},{"@type":"BreadcrumbList","@id":"https:\/\/fundaciomallorcaturisme.net\/de\/reiseziele\/es-pla\/#breadcrumb","itemListElement":[{"@type":"ListItem","position":1,"name":"Startseite","item":"https:\/\/fundaciomallorcaturisme.net\/de\/"},{"@type":"ListItem","position":2,"name":"Reiseziele","item":"https:\/\/fundaciomallorcaturisme.net\/de\/reiseziele\/"},{"@type":"ListItem","position":3,"name":"Es Pla"}]},{"@type":"WebSite","@id":"https:\/\/fundaciomallorcaturisme.net\/de\/#website","url":"https:\/\/fundaciomallorcaturisme.net\/de\/","name":"Consell de Mallorca","description":"","publisher":{"@id":"https:\/\/fundaciomallorcaturisme.net\/de\/#organization"},"alternateName":"Mallorca Turisme","potentialAction":[{"@type":"SearchAction","target":{"@type":"EntryPoint","urlTemplate":"https:\/\/fundaciomallorcaturisme.net\/de\/?s={search_term_string}"},"query-input":{"@type":"PropertyValueSpecification","valueRequired":true,"valueName":"search_term_string"}}],"inLanguage":"de"},{"@type":"Organization","@id":"https:\/\/fundaciomallorcaturisme.net\/de\/#organization","name":"Consell de Mallorca","alternateName":"Mallorca Turisme","url":"https:\/\/fundaciomallorcaturisme.net\/de\/","logo":{"@type":"ImageObject","inLanguage":"de","@id":"https:\/\/fundaciomallorcaturisme.net\/de\/#\/schema\/logo\/image\/","url":"http:\/\/fundaciomallorcaturisme.net\/wp-content\/uploads\/2026\/03\/logo.webp","contentUrl":"http:\/\/fundaciomallorcaturisme.net\/wp-content\/uploads\/2026\/03\/logo.webp","width":696,"height":570,"caption":"Consell de Mallorca"},"image":{"@id":"https:\/\/fundaciomallorcaturisme.net\/de\/#\/schema\/logo\/image\/"},"sameAs":["https:\/\/www.facebook.com\/ConselldeMca\/","https:\/\/x.com\/ConselldeMca","https:\/\/www.instagram.com\/conselldemca\/","https:\/\/www.youtube.com\/user\/conselldemallorca"]}]}},"_links":{"self":[{"href":"https:\/\/fundaciomallorcaturisme.net\/de\/wp-json\/wp\/v2\/pages\/2859","targetHints":{"allow":["GET"]}}],"collection":[{"href":"https:\/\/fundaciomallorcaturisme.net\/de\/wp-json\/wp\/v2\/pages"}],"about":[{"href":"https:\/\/fundaciomallorcaturisme.net\/de\/wp-json\/wp\/v2\/types\/page"}],"author":[{"embeddable":true,"href":"https:\/\/fundaciomallorcaturisme.net\/de\/wp-json\/wp\/v2\/users\/1"}],"replies":[{"embeddable":true,"href":"https:\/\/fundaciomallorcaturisme.net\/de\/wp-json\/wp\/v2\/comments?post=2859"}],"version-history":[{"count":0,"href":"https:\/\/fundaciomallorcaturisme.net\/de\/wp-json\/wp\/v2\/pages\/2859\/revisions"}],"up":[{"embeddable":true,"href":"https:\/\/fundaciomallorcaturisme.net\/de\/wp-json\/wp\/v2\/pages\/1521"}],"wp:featuredmedia":[{"embeddable":true,"href":"https:\/\/fundaciomallorcaturisme.net\/de\/wp-json\/wp\/v2\/media\/931"}],"wp:attachment":[{"href":"https:\/\/fundaciomallorcaturisme.net\/de\/wp-json\/wp\/v2\/media?parent=2859"}],"curies":[{"name":"wp","href":"https:\/\/api.w.org\/{rel}","templated":true}]}}