{"id":2207,"date":"2026-02-09T17:57:27","date_gmt":"2026-02-09T16:57:27","guid":{"rendered":"http:\/\/fundaciomallorcaturisme.net\/summit\/"},"modified":"2026-04-09T14:00:20","modified_gmt":"2026-04-09T12:00:20","slug":"summit","status":"publish","type":"page","link":"https:\/\/fundaciomallorcaturisme.net\/de\/summit\/","title":{"rendered":"Summit"},"content":{"rendered":"","protected":false},"excerpt":{"rendered":"","protected":false},"author":1,"featured_media":0,"parent":0,"menu_order":0,"comment_status":"closed","ping_status":"closed","template":"page-templates\/contenido_flexible.php","meta":{"_acf_changed":false,"footnotes":""},"class_list":["post-2207","page","type-page","status-publish","hentry"],"acf":{"contenido_flexible":[{"acf_fc_layout":"cabecera","titulo":"<h1>Mallorca Sustainable Destinations Summit<\/h1>","titulo_grande":false,"subtitulo":"F\u00fchrend im globalen Dialog \u00fcber die Zukunft des nachhaltigen Tourismus","texto":"<strong>Mallorca<\/strong> wird regelm\u00e4\u00dfig zum <strong>Treffpunkt<\/strong> der weltweit f\u00fchrenden Experten, um jene <strong>Strategien<\/strong> zu <strong>diskutieren, zu teilen und zu entwerfen<\/strong>, die den <strong>Tourismus in eine treibende Kraft<\/strong> f\u00fcr das globale Gemeinwohl transformieren werden.","enlace":"","flecha_abajo":true,"tiene_video":false,"video":null,"imagenx1":654,"imagenx2":655,"logos":""},{"acf_fc_layout":"texto_con_imagen","pretitulo":"Was ist der Summit?","titulo":"Ein internationales Vorbild <span>f\u00fcr verantwortungsbewussten Tourismus<\/span>","subtitulo":"","texto":"<strong>Organisiert von der Fundaci\u00f3 Mallorca Turisme<\/strong>, in Zusammenarbeit mit dem Inselrat von Mallorca (Consell de Mallorca) und der Beobachtungsstelle f\u00fcr nachhaltigen Tourismus (STO Mallorca), genie\u00dft diese Veranstaltung die strategische Unterst\u00fctzung von ONU Turismo (Weltorganisation f\u00fcr Tourismus).\r\n\r\n<strong>Der Summit wurde mit dem Ziel ins Leben gerufen, ein Raum f\u00fcr den Austausch bahnbrechender Ideen und praktischer L\u00f6sungen zu sein<\/strong>, der unsere Insel als lebendiges Labor f\u00fcr Nachhaltigkeit und als Vorbild f\u00fcr andere internationale Reiseziele festigt.","cta":"","imagen":658,"tiene_video":true,"enlace_video":{"title":"ver v\u00eddeo","url":"https:\/\/www.youtube.com\/watch?v=Fa2kB51Cq5k","target":"_blank"},"logos":"","color_de_fondo":"#ffffff","texto_en_blanco":false,"son_enlaces":false,"elementos":null,"imagen_izquierda":false,"margen_superior":60,"margen_inferior":""},{"acf_fc_layout":"texto_con_imagen","pretitulo":"Ziele und Zweck","titulo":"<span>Transformation des Tourismus<\/span> in eine Kraft f\u00fcr den Wandel","subtitulo":"","texto":"Das <strong>Hauptziel des Summits<\/strong> ist es, einen <strong>praktischen Austausch erfolgreicher Strategien und wirkungsvoller Erfahrungen<\/strong> zwischen Meinungsf\u00fchrern und Entscheidungstr\u00e4gern zu erm\u00f6glichen. Wir konzentrieren uns dabei auf drei Grundpfeiler:","cta":"","imagen":668,"tiene_video":false,"enlace_video":null,"logos":"","color_de_fondo":"#ffffff","texto_en_blanco":false,"son_enlaces":false,"elementos":[{"enlace":null,"icono":669,"titulo":"Strategische F\u00fchrung","descripcion":"Wir bringen hochkar\u00e4tige Experten aus der gesamten Tourismusbranche und verwandten Sektoren zusammen.","color_de_fondo":"#365abd","texto_blanco":false},{"enlace":null,"icono":670,"titulo":"Evidenz und Wissenschaft","descripcion":"Wir analysieren reale Daten, um den Transformationsprozess hin zur Nachhaltigkeit zu leiten.","color_de_fondo":"#365abd","texto_blanco":false},{"enlace":null,"icono":671,"titulo":"Globale Synergie","descripcion":"Wir f\u00f6rdern die internationale Zusammenarbeit, um die \u00f6kologischen und sozialen Herausforderungen des Sektors zu bew\u00e4ltigen.","color_de_fondo":"#365abd","texto_blanco":false}],"imagen_izquierda":true,"margen_superior":"","margen_inferior":""},{"acf_fc_layout":"grid_elementos_flexible","pretitulo":"Ein Immersionsprogramm","titulo":"Jenseits der Konferenzen","texto":"Der <strong>Summit ist darauf ausgelegt, Wissen<\/strong> sowohl innerhalb als auch<br> au\u00dferhalb der Debattenr\u00e4ume zu generieren. Seine \u00fcbliche Struktur umfasst:","texto_secundario":"","cta":"","logos":"","alineacion":"centrado","elementos":[{"icono":675,"titulo":"Panels und Interviews","enlace":"","descripcion":"Tiefgehende Debatten \u00fcber die Rolle der Reiseziele bei der nachhaltigen Transformation.","color_de_fondo":"#ffffff","texto_blanco":false},{"icono":676,"titulo":"Mallorca Responsible\u2028Tourism Week","enlace":"","descripcion":"Eine dem verantwortungsbewussten Tourismus gewidmete Woche, die Synergien mit anderen Foren f\u00fcr Wissenschaft und Umweltkino b\u00fcndelt.","color_de_fondo":"#ffffff","texto_blanco":false},{"icono":677,"titulo":"Programm f\u00fcr technische Besichtigungen","enlace":"","descripcion":"Eine Gelegenheit f\u00fcr Referenten und Teilnehmer, erfolgreiche lokale Projekte auf der Insel aus erster Hand kennenzulernen.","color_de_fondo":"#ffffff","texto_blanco":false}],"estilo":"centrado","color_de_fondo":"#365abd","texto_blanco":true,"ilustracion":692},{"acf_fc_layout":"blog","pretitulo":"Kommende Veranstaltungen","titulo":"Kommende Editionen und Aktualisierungen","enlace":{"title":"Aktuellste Nachrichten","url":"http:\/\/fundaciomallorcaturisme.net\/de\/news-aktuelles\/","target":""}},{"acf_fc_layout":"texto_full","texto":"viumallorca"},{"acf_fc_layout":"grid_elementos_flexible","pretitulo":"Gestalten Sie Ihre perfekte Reise","titulo":"Planen Sie Ihren Aufenthalt<span> mit allen Informationen, die Sie ben\u00f6tigen<\/span>","texto":"Wir m\u00f6chten, dass Ihr Mallorca-Erlebnis vom ersten Moment an perfekt ist. Hier finden Sie alles \u2013 von der Anreise und Unterkunft bis hin zu praktischen Dokumenten und den verf\u00fcgbaren Verkehrsmitteln.","texto_secundario":"","cta":"","logos":"","alineacion":"izquierda","elementos":[{"icono":"","titulo":"Anreise und Mobilit\u00e4t auf der Insel","enlace":"http:\/\/fundaciomallorcaturisme.net\/de\/plane\/anreise\/","descripcion":"","color_de_fondo":"#9bcbeb","texto_blanco":true},{"icono":"","titulo":"Finden Sie die ideale Unterkunft","enlace":"http:\/\/fundaciomallorcaturisme.net\/de\/plane\/unterkuenfte\/","descripcion":"","color_de_fondo":"#ef9600","texto_blanco":false},{"icono":"","titulo":"Anreise mit F\u00e4hre und Bus","enlace":"http:\/\/fundaciomallorcaturisme.net\/de\/plane\/transport\/","descripcion":"","color_de_fondo":"#365abd","texto_blanco":true},{"icono":"","titulo":"Praktische Informationen","enlace":"http:\/\/fundaciomallorcaturisme.net\/de\/plane\/praktische-informationen\/","descripcion":"","color_de_fondo":"#ffc600","texto_blanco":false}],"estilo":"fila","color_de_fondo":"","texto_blanco":false,"ilustracion":""}]},"yoast_head":"<!-- This site is optimized with the Yoast SEO plugin v27.7 - https:\/\/yoast.com\/product\/yoast-seo-wordpress\/ -->\n<title>Mallorca Tourism Summit - Consell de Mallorca<\/title>\n<meta name=\"robots\" content=\"index, follow, max-snippet:-1, max-image-preview:large, max-video-preview:-1\" \/>\n<link rel=\"canonical\" href=\"https:\/\/fundaciomallorcaturisme.net\/de\/summit\/\" \/>\n<meta property=\"og:locale\" content=\"de_DE\" \/>\n<meta property=\"og:type\" content=\"article\" \/>\n<meta property=\"og:title\" content=\"Mallorca Tourism Summit - Consell de Mallorca\" \/>\n<meta property=\"og:url\" content=\"https:\/\/fundaciomallorcaturisme.net\/de\/summit\/\" \/>\n<meta property=\"og:site_name\" content=\"Consell de Mallorca\" \/>\n<meta property=\"article:publisher\" content=\"https:\/\/www.facebook.com\/ConselldeMca\/\" \/>\n<meta property=\"article:modified_time\" content=\"2026-04-09T12:00:20+00:00\" \/>\n<meta property=\"og:image\" content=\"https:\/\/fundaciomallorcaturisme.net\/wp-content\/uploads\/2026\/02\/planificax2.jpg\" \/>\n\t<meta property=\"og:image:width\" content=\"1346\" \/>\n\t<meta property=\"og:image:height\" content=\"1094\" \/>\n\t<meta property=\"og:image:type\" content=\"image\/jpeg\" \/>\n<meta name=\"twitter:card\" content=\"summary_large_image\" \/>\n<meta name=\"twitter:site\" content=\"@ConselldeMca\" \/>\n<script type=\"application\/ld+json\" class=\"yoast-schema-graph\">{\"@context\":\"https:\\\/\\\/schema.org\",\"@graph\":[{\"@type\":\"WebPage\",\"@id\":\"https:\\\/\\\/fundaciomallorcaturisme.net\\\/de\\\/summit\\\/\",\"url\":\"https:\\\/\\\/fundaciomallorcaturisme.net\\\/de\\\/summit\\\/\",\"name\":\"Mallorca Tourism Summit - Consell de Mallorca\",\"isPartOf\":{\"@id\":\"https:\\\/\\\/fundaciomallorcaturisme.net\\\/de\\\/#website\"},\"datePublished\":\"2026-02-09T16:57:27+00:00\",\"dateModified\":\"2026-04-09T12:00:20+00:00\",\"breadcrumb\":{\"@id\":\"https:\\\/\\\/fundaciomallorcaturisme.net\\\/de\\\/summit\\\/#breadcrumb\"},\"inLanguage\":\"de\",\"potentialAction\":[{\"@type\":\"ReadAction\",\"target\":[\"https:\\\/\\\/fundaciomallorcaturisme.net\\\/de\\\/summit\\\/\"]}]},{\"@type\":\"BreadcrumbList\",\"@id\":\"https:\\\/\\\/fundaciomallorcaturisme.net\\\/de\\\/summit\\\/#breadcrumb\",\"itemListElement\":[{\"@type\":\"ListItem\",\"position\":1,\"name\":\"Startseite\",\"item\":\"https:\\\/\\\/fundaciomallorcaturisme.net\\\/de\\\/\"},{\"@type\":\"ListItem\",\"position\":2,\"name\":\"Summit\"}]},{\"@type\":\"WebSite\",\"@id\":\"https:\\\/\\\/fundaciomallorcaturisme.net\\\/de\\\/#website\",\"url\":\"https:\\\/\\\/fundaciomallorcaturisme.net\\\/de\\\/\",\"name\":\"Consell de Mallorca\",\"description\":\"\",\"publisher\":{\"@id\":\"https:\\\/\\\/fundaciomallorcaturisme.net\\\/de\\\/#organization\"},\"alternateName\":\"Mallorca Turisme\",\"potentialAction\":[{\"@type\":\"SearchAction\",\"target\":{\"@type\":\"EntryPoint\",\"urlTemplate\":\"https:\\\/\\\/fundaciomallorcaturisme.net\\\/de\\\/?s={search_term_string}\"},\"query-input\":{\"@type\":\"PropertyValueSpecification\",\"valueRequired\":true,\"valueName\":\"search_term_string\"}}],\"inLanguage\":\"de\"},{\"@type\":\"Organization\",\"@id\":\"https:\\\/\\\/fundaciomallorcaturisme.net\\\/de\\\/#organization\",\"name\":\"Consell de Mallorca\",\"alternateName\":\"Mallorca Turisme\",\"url\":\"https:\\\/\\\/fundaciomallorcaturisme.net\\\/de\\\/\",\"logo\":{\"@type\":\"ImageObject\",\"inLanguage\":\"de\",\"@id\":\"https:\\\/\\\/fundaciomallorcaturisme.net\\\/de\\\/#\\\/schema\\\/logo\\\/image\\\/\",\"url\":\"http:\\\/\\\/fundaciomallorcaturisme.net\\\/wp-content\\\/uploads\\\/2026\\\/03\\\/logo.webp\",\"contentUrl\":\"http:\\\/\\\/fundaciomallorcaturisme.net\\\/wp-content\\\/uploads\\\/2026\\\/03\\\/logo.webp\",\"width\":696,\"height\":570,\"caption\":\"Consell de Mallorca\"},\"image\":{\"@id\":\"https:\\\/\\\/fundaciomallorcaturisme.net\\\/de\\\/#\\\/schema\\\/logo\\\/image\\\/\"},\"sameAs\":[\"https:\\\/\\\/www.facebook.com\\\/ConselldeMca\\\/\",\"https:\\\/\\\/x.com\\\/ConselldeMca\",\"https:\\\/\\\/www.instagram.com\\\/conselldemca\\\/\",\"https:\\\/\\\/www.youtube.com\\\/user\\\/conselldemallorca\"]}]}<\/script>\n<!-- \/ Yoast SEO plugin. -->","yoast_head_json":{"title":"Mallorca Tourism Summit - Consell de Mallorca","robots":{"index":"index","follow":"follow","max-snippet":"max-snippet:-1","max-image-preview":"max-image-preview:large","max-video-preview":"max-video-preview:-1"},"canonical":"https:\/\/fundaciomallorcaturisme.net\/de\/summit\/","og_locale":"de_DE","og_type":"article","og_title":"Mallorca Tourism Summit - Consell de Mallorca","og_url":"https:\/\/fundaciomallorcaturisme.net\/de\/summit\/","og_site_name":"Consell de Mallorca","article_publisher":"https:\/\/www.facebook.com\/ConselldeMca\/","article_modified_time":"2026-04-09T12:00:20+00:00","og_image":[{"width":1346,"height":1094,"url":"https:\/\/fundaciomallorcaturisme.net\/wp-content\/uploads\/2026\/02\/planificax2.jpg","type":"image\/jpeg"}],"twitter_card":"summary_large_image","twitter_site":"@ConselldeMca","schema":{"@context":"https:\/\/schema.org","@graph":[{"@type":"WebPage","@id":"https:\/\/fundaciomallorcaturisme.net\/de\/summit\/","url":"https:\/\/fundaciomallorcaturisme.net\/de\/summit\/","name":"Mallorca Tourism Summit - Consell de Mallorca","isPartOf":{"@id":"https:\/\/fundaciomallorcaturisme.net\/de\/#website"},"datePublished":"2026-02-09T16:57:27+00:00","dateModified":"2026-04-09T12:00:20+00:00","breadcrumb":{"@id":"https:\/\/fundaciomallorcaturisme.net\/de\/summit\/#breadcrumb"},"inLanguage":"de","potentialAction":[{"@type":"ReadAction","target":["https:\/\/fundaciomallorcaturisme.net\/de\/summit\/"]}]},{"@type":"BreadcrumbList","@id":"https:\/\/fundaciomallorcaturisme.net\/de\/summit\/#breadcrumb","itemListElement":[{"@type":"ListItem","position":1,"name":"Startseite","item":"https:\/\/fundaciomallorcaturisme.net\/de\/"},{"@type":"ListItem","position":2,"name":"Summit"}]},{"@type":"WebSite","@id":"https:\/\/fundaciomallorcaturisme.net\/de\/#website","url":"https:\/\/fundaciomallorcaturisme.net\/de\/","name":"Consell de Mallorca","description":"","publisher":{"@id":"https:\/\/fundaciomallorcaturisme.net\/de\/#organization"},"alternateName":"Mallorca Turisme","potentialAction":[{"@type":"SearchAction","target":{"@type":"EntryPoint","urlTemplate":"https:\/\/fundaciomallorcaturisme.net\/de\/?s={search_term_string}"},"query-input":{"@type":"PropertyValueSpecification","valueRequired":true,"valueName":"search_term_string"}}],"inLanguage":"de"},{"@type":"Organization","@id":"https:\/\/fundaciomallorcaturisme.net\/de\/#organization","name":"Consell de Mallorca","alternateName":"Mallorca Turisme","url":"https:\/\/fundaciomallorcaturisme.net\/de\/","logo":{"@type":"ImageObject","inLanguage":"de","@id":"https:\/\/fundaciomallorcaturisme.net\/de\/#\/schema\/logo\/image\/","url":"http:\/\/fundaciomallorcaturisme.net\/wp-content\/uploads\/2026\/03\/logo.webp","contentUrl":"http:\/\/fundaciomallorcaturisme.net\/wp-content\/uploads\/2026\/03\/logo.webp","width":696,"height":570,"caption":"Consell de Mallorca"},"image":{"@id":"https:\/\/fundaciomallorcaturisme.net\/de\/#\/schema\/logo\/image\/"},"sameAs":["https:\/\/www.facebook.com\/ConselldeMca\/","https:\/\/x.com\/ConselldeMca","https:\/\/www.instagram.com\/conselldemca\/","https:\/\/www.youtube.com\/user\/conselldemallorca"]}]}},"_links":{"self":[{"href":"https:\/\/fundaciomallorcaturisme.net\/de\/wp-json\/wp\/v2\/pages\/2207","targetHints":{"allow":["GET"]}}],"collection":[{"href":"https:\/\/fundaciomallorcaturisme.net\/de\/wp-json\/wp\/v2\/pages"}],"about":[{"href":"https:\/\/fundaciomallorcaturisme.net\/de\/wp-json\/wp\/v2\/types\/page"}],"author":[{"embeddable":true,"href":"https:\/\/fundaciomallorcaturisme.net\/de\/wp-json\/wp\/v2\/users\/1"}],"replies":[{"embeddable":true,"href":"https:\/\/fundaciomallorcaturisme.net\/de\/wp-json\/wp\/v2\/comments?post=2207"}],"version-history":[{"count":3,"href":"https:\/\/fundaciomallorcaturisme.net\/de\/wp-json\/wp\/v2\/pages\/2207\/revisions"}],"predecessor-version":[{"id":4787,"href":"https:\/\/fundaciomallorcaturisme.net\/de\/wp-json\/wp\/v2\/pages\/2207\/revisions\/4787"}],"wp:attachment":[{"href":"https:\/\/fundaciomallorcaturisme.net\/de\/wp-json\/wp\/v2\/media?parent=2207"}],"curies":[{"name":"wp","href":"https:\/\/api.w.org\/{rel}","templated":true}]}}