{"id":2201,"date":"2026-02-03T11:09:25","date_gmt":"2026-02-03T10:09:25","guid":{"rendered":"http:\/\/fundaciomallorcaturisme.net\/que-hacer\/arte-y-cultura\/artesania\/"},"modified":"2026-03-20T09:26:20","modified_gmt":"2026-03-20T08:26:20","slug":"kunsthandwerk","status":"publish","type":"page","link":"https:\/\/fundaciomallorcaturisme.net\/de\/was-man-unternehmen-kann\/kunst-und-kultur\/kunsthandwerk\/","title":{"rendered":"Kunsthandwerk"},"content":{"rendered":"","protected":false},"excerpt":{"rendered":"","protected":false},"author":1,"featured_media":0,"parent":2195,"menu_order":0,"comment_status":"closed","ping_status":"closed","template":"page-templates\/contenido_flexible.php","meta":{"_acf_changed":false,"footnotes":""},"class_list":["post-2201","page","type-page","status-publish","hentry"],"acf":{"contenido_flexible":[{"acf_fc_layout":"cabecera","titulo":"<h1>Handwerkskunst auf Mallorca: Der Wert des Authentischen<\/h1>","titulo_grande":false,"subtitulo":"Die handwerkliche Tradition unserer Insel ist ein lebendiges Zeugnis unserer Geschichte.","texto":"Vom Glasblasen bis hin zur feinen Lederverarbeitung \u2013 jedes St\u00fcck erz\u00e4hlt die Geschichte von Generationen von Meisterhandwerkern, die es verstanden haben, die Essenz des Mittelmeers in einzigartigen und nachhaltigen Objekten zu bewahren.","enlace":"","flecha_abajo":true,"tiene_video":true,"video":"","imagenx1":null,"imagenx2":null,"logos":""},{"acf_fc_layout":"grid_elementos_flexible","pretitulo":"Mallorca, Land der Meisterhandwerker","titulo":"<span>Ein Erbe<\/span>, das man ber\u00fchren<br>und f\u00fchlen kann","texto":"Der Kauf von lokalem Kunsthandwerk ist der beste Weg, ein St\u00fcck Mallorca mit nach Hause zu nehmen und gleichzeitig zum Erhalt unserer Berufe beizutragen. Einige unserer Produkte sind zu echten Symbolen der Insel geworden, wie die Leder- und Schuharbeiten, die emblematischen 'Lleng\u00fces'-Stoffe oder das Siurell \u2013 die wei\u00dfe Tonfigur, die das beliebteste und authentischste Souvenir unseres Landes darstellt.","texto_secundario":"","cta":"","logos":"","alineacion":"izquierda","elementos":[{"icono":"","titulo":"T\u00f6pferei und Siurells","enlace":"","descripcion":"Im Inselinneren nimmt der Ton Gestalt an. Hier werden noch immer T\u00f6pfe, Teller und die traditionellen Siurells von Hand geformt.","color_de_fondo":"#ef9600","texto_blanco":false},{"icono":"","titulo":"Stickereien und Stoffe","enlace":"","descripcion":"Exquisite Arbeiten in Mode- und Wohnartikeln mit der Essenz unserer ber\u00fchmten 'Lleng\u00fces'-Stoffe.","color_de_fondo":"#ef9600","texto_blanco":false},{"icono":"","titulo":"Mundgeblasenes Glas","enlace":"","descripcion":"Eine jahrtausendealte Technik, die absolute Meisterschaft erfordert, um geschmolzenes Glas in Kunstwerke zu verwandeln.","color_de_fondo":"#ef9600","texto_blanco":false},{"icono":"","titulo":"Leder und Schuhwerk","enlace":"","descripcion":"International anerkannte Qualit\u00e4t, die zeitgen\u00f6ssisches Design mit der Meisterschaft der traditionellen Gerberei verbindet.","color_de_fondo":"#ef9600","texto_blanco":false},{"icono":"","titulo":"Flechtwaren und Palmarbeiten","enlace":"","descripcion":"Die Kunst, Palmbl\u00e4tter und Espartogras zu flechten, um K\u00f6rbe, H\u00fcte und Taschen voller Tradition zu erschaffen.","color_de_fondo":"#ef9600","texto_blanco":false},{"icono":"","titulo":"Schmuck und Perlen","enlace":"","descripcion":"Gold- und Silberschmieden, die das mallorquinische Schmuckdesign zusammen mit der weltber\u00fchmten Perlenindustrie am Leben erhalten.","color_de_fondo":"#ef9600","texto_blanco":false},{"icono":"","titulo":"Messer und Schmiedekunst","enlace":"","descripcion":"Geschmiedetes Eisen und mallorquinische Messer \u2013 Werkzeuge, die tief im Alltag und im Landleben unserer Insel verwurzelt sind.","color_de_fondo":"#ef9600","texto_blanco":false}],"estilo":"slider","color_de_fondo":"","texto_blanco":false,"ilustracion":""},{"acf_fc_layout":"texto_full","texto":"viumallorca"},{"acf_fc_layout":"texto_con_imagen","pretitulo":"Olivenholz","titulo":"<span>Olivenholz:<\/span> Die Kunst der Verwertung","subtitulo":"","texto":"Olivenholz ist von hoher Qualit\u00e4t und wird seit langem f\u00fcr die Herstellung einer Reihe von Ger\u00e4ten und Utensilien f\u00fcr die Inneneinrichtung, K\u00fcchenwerkzeuge und sogar M\u00f6bel verwendet. Manacor zeichnet sich durch seine zahlreichen Schreinereien aus, unter denen sich noch immer jene befinden, die sich der handwerklichen Herstellung traditioneller mallorquinischer Holzm\u00f6bel widmen.","cta":"","imagen":474,"tiene_video":false,"enlace_video":null,"logos":"","color_de_fondo":"#ffffff","texto_en_blanco":false,"son_enlaces":false,"elementos":null,"imagen_izquierda":false,"margen_superior":"","margen_inferior":""},{"acf_fc_layout":"texto_con_imagen","pretitulo":"Holz aus Leidenschaft f\u00fcr lokale Produkte","titulo":"Ein verantwortungsbewusstes <span>Souvenir<\/span>","subtitulo":"","texto":"Olivenholz ist von hoher Qualit\u00e4t und wird seit langem f\u00fcr die Herstellung einer Reihe von Gegenst\u00e4nden und Utensilien f\u00fcr die Inneneinrichtung, K\u00fcchenwerkzeuge und sogar M\u00f6bel verwendet. Manacor zeichnet sich durch seine zahlreichen Schreinereien aus, unter denen sich noch immer jene befinden, die sich der handwerklichen Herstellung traditioneller mallorquinischer Holzm\u00f6bel widmen.","cta":"","imagen":475,"tiene_video":false,"enlace_video":null,"logos":"","color_de_fondo":"#ffffff","texto_en_blanco":false,"son_enlaces":false,"elementos":null,"imagen_izquierda":true,"margen_superior":"","margen_inferior":""},{"acf_fc_layout":"grid_elementos_flexible","pretitulo":"Das k\u00f6nnte Sie auch interessieren","titulo":"Erkunden Sie weiter <span>Mallorca<\/span>","texto":"Planen Sie Ihr Erlebnis in Ihrem eigenen Tempo und erleben Sie Mallorca auf eine authentische, verantwortungsbewusste und unvergessliche Weise.","texto_secundario":"","cta":"","logos":"","alineacion":"izquierda","elementos":[{"icono":"","titulo":"Unsere Reiseziele","enlace":"http:\/\/fundaciomallorcaturisme.net\/de\/reiseziele\/","descripcion":"Erkunden Sie die Regionen und D\u00f6rfer, in denen unsere Kultur ihren Ursprung hat.","color_de_fondo":"#000000","texto_blanco":true},{"icono":"","titulo":"Aktivit\u00e4ten","enlace":"http:\/\/fundaciomallorcaturisme.net\/de\/was-man-unternehmen-kann\/","descripcion":"Konsultieren Sie den Terminkalender f\u00fcr Erlebnisse und kulturelle Veranstaltungen.","color_de_fondo":"#000000","texto_blanco":true},{"icono":"","titulo":"Planen Sie Ihr Erlebnis","enlace":"http:\/\/fundaciomallorcaturisme.net\/de\/plane\/","descripcion":"Alles, was Sie f\u00fcr die Organisation Ihres Besuchs wissen m\u00fcssen: Transport und praktische Tipps f\u00fcr die Fortbewegung auf der Insel.","color_de_fondo":"#000000","texto_blanco":true}],"estilo":"fila","color_de_fondo":"","texto_blanco":false,"ilustracion":""}]},"yoast_head":"<!-- This site is optimized with the Yoast SEO plugin v27.7 - https:\/\/yoast.com\/product\/yoast-seo-wordpress\/ -->\n<title>Kunsthandwerk - Consell de Mallorca<\/title>\n<meta name=\"robots\" content=\"index, follow, max-snippet:-1, max-image-preview:large, max-video-preview:-1\" \/>\n<link rel=\"canonical\" href=\"https:\/\/fundaciomallorcaturisme.net\/de\/was-man-unternehmen-kann\/kunst-und-kultur\/kunsthandwerk\/\" \/>\n<meta property=\"og:locale\" content=\"de_DE\" \/>\n<meta property=\"og:type\" content=\"article\" \/>\n<meta property=\"og:title\" content=\"Kunsthandwerk - Consell de Mallorca\" \/>\n<meta property=\"og:url\" content=\"https:\/\/fundaciomallorcaturisme.net\/de\/was-man-unternehmen-kann\/kunst-und-kultur\/kunsthandwerk\/\" \/>\n<meta property=\"og:site_name\" content=\"Consell de Mallorca\" \/>\n<meta property=\"article:publisher\" content=\"https:\/\/www.facebook.com\/ConselldeMca\/\" \/>\n<meta property=\"article:modified_time\" content=\"2026-03-20T08:26:20+00:00\" \/>\n<meta property=\"og:image\" content=\"https:\/\/fundaciomallorcaturisme.net\/wp-content\/uploads\/2026\/02\/planificax2.jpg\" \/>\n\t<meta property=\"og:image:width\" content=\"1346\" \/>\n\t<meta property=\"og:image:height\" content=\"1094\" \/>\n\t<meta property=\"og:image:type\" content=\"image\/jpeg\" \/>\n<meta name=\"twitter:card\" content=\"summary_large_image\" \/>\n<meta name=\"twitter:site\" content=\"@ConselldeMca\" \/>\n<script type=\"application\/ld+json\" class=\"yoast-schema-graph\">{\"@context\":\"https:\\\/\\\/schema.org\",\"@graph\":[{\"@type\":\"WebPage\",\"@id\":\"https:\\\/\\\/fundaciomallorcaturisme.net\\\/de\\\/was-man-unternehmen-kann\\\/kunst-und-kultur\\\/kunsthandwerk\\\/\",\"url\":\"https:\\\/\\\/fundaciomallorcaturisme.net\\\/de\\\/was-man-unternehmen-kann\\\/kunst-und-kultur\\\/kunsthandwerk\\\/\",\"name\":\"Kunsthandwerk - Consell de Mallorca\",\"isPartOf\":{\"@id\":\"https:\\\/\\\/fundaciomallorcaturisme.net\\\/de\\\/#website\"},\"datePublished\":\"2026-02-03T10:09:25+00:00\",\"dateModified\":\"2026-03-20T08:26:20+00:00\",\"breadcrumb\":{\"@id\":\"https:\\\/\\\/fundaciomallorcaturisme.net\\\/de\\\/was-man-unternehmen-kann\\\/kunst-und-kultur\\\/kunsthandwerk\\\/#breadcrumb\"},\"inLanguage\":\"de\",\"potentialAction\":[{\"@type\":\"ReadAction\",\"target\":[\"https:\\\/\\\/fundaciomallorcaturisme.net\\\/de\\\/was-man-unternehmen-kann\\\/kunst-und-kultur\\\/kunsthandwerk\\\/\"]}]},{\"@type\":\"BreadcrumbList\",\"@id\":\"https:\\\/\\\/fundaciomallorcaturisme.net\\\/de\\\/was-man-unternehmen-kann\\\/kunst-und-kultur\\\/kunsthandwerk\\\/#breadcrumb\",\"itemListElement\":[{\"@type\":\"ListItem\",\"position\":1,\"name\":\"Startseite\",\"item\":\"https:\\\/\\\/fundaciomallorcaturisme.net\\\/de\\\/\"},{\"@type\":\"ListItem\",\"position\":2,\"name\":\"Was Man Unternehmen Kann\",\"item\":\"https:\\\/\\\/fundaciomallorcaturisme.net\\\/de\\\/was-man-unternehmen-kann\\\/\"},{\"@type\":\"ListItem\",\"position\":3,\"name\":\"Kunst und Kultur\",\"item\":\"https:\\\/\\\/fundaciomallorcaturisme.net\\\/de\\\/was-man-unternehmen-kann\\\/kunst-und-kultur\\\/\"},{\"@type\":\"ListItem\",\"position\":4,\"name\":\"Kunsthandwerk\"}]},{\"@type\":\"WebSite\",\"@id\":\"https:\\\/\\\/fundaciomallorcaturisme.net\\\/de\\\/#website\",\"url\":\"https:\\\/\\\/fundaciomallorcaturisme.net\\\/de\\\/\",\"name\":\"Consell de Mallorca\",\"description\":\"\",\"publisher\":{\"@id\":\"https:\\\/\\\/fundaciomallorcaturisme.net\\\/de\\\/#organization\"},\"alternateName\":\"Mallorca Turisme\",\"potentialAction\":[{\"@type\":\"SearchAction\",\"target\":{\"@type\":\"EntryPoint\",\"urlTemplate\":\"https:\\\/\\\/fundaciomallorcaturisme.net\\\/de\\\/?s={search_term_string}\"},\"query-input\":{\"@type\":\"PropertyValueSpecification\",\"valueRequired\":true,\"valueName\":\"search_term_string\"}}],\"inLanguage\":\"de\"},{\"@type\":\"Organization\",\"@id\":\"https:\\\/\\\/fundaciomallorcaturisme.net\\\/de\\\/#organization\",\"name\":\"Consell de Mallorca\",\"alternateName\":\"Mallorca Turisme\",\"url\":\"https:\\\/\\\/fundaciomallorcaturisme.net\\\/de\\\/\",\"logo\":{\"@type\":\"ImageObject\",\"inLanguage\":\"de\",\"@id\":\"https:\\\/\\\/fundaciomallorcaturisme.net\\\/de\\\/#\\\/schema\\\/logo\\\/image\\\/\",\"url\":\"http:\\\/\\\/fundaciomallorcaturisme.net\\\/wp-content\\\/uploads\\\/2026\\\/03\\\/logo.webp\",\"contentUrl\":\"http:\\\/\\\/fundaciomallorcaturisme.net\\\/wp-content\\\/uploads\\\/2026\\\/03\\\/logo.webp\",\"width\":696,\"height\":570,\"caption\":\"Consell de Mallorca\"},\"image\":{\"@id\":\"https:\\\/\\\/fundaciomallorcaturisme.net\\\/de\\\/#\\\/schema\\\/logo\\\/image\\\/\"},\"sameAs\":[\"https:\\\/\\\/www.facebook.com\\\/ConselldeMca\\\/\",\"https:\\\/\\\/x.com\\\/ConselldeMca\",\"https:\\\/\\\/www.instagram.com\\\/conselldemca\\\/\",\"https:\\\/\\\/www.youtube.com\\\/user\\\/conselldemallorca\"]}]}<\/script>\n<!-- \/ Yoast SEO plugin. -->","yoast_head_json":{"title":"Kunsthandwerk - Consell de Mallorca","robots":{"index":"index","follow":"follow","max-snippet":"max-snippet:-1","max-image-preview":"max-image-preview:large","max-video-preview":"max-video-preview:-1"},"canonical":"https:\/\/fundaciomallorcaturisme.net\/de\/was-man-unternehmen-kann\/kunst-und-kultur\/kunsthandwerk\/","og_locale":"de_DE","og_type":"article","og_title":"Kunsthandwerk - Consell de Mallorca","og_url":"https:\/\/fundaciomallorcaturisme.net\/de\/was-man-unternehmen-kann\/kunst-und-kultur\/kunsthandwerk\/","og_site_name":"Consell de Mallorca","article_publisher":"https:\/\/www.facebook.com\/ConselldeMca\/","article_modified_time":"2026-03-20T08:26:20+00:00","og_image":[{"width":1346,"height":1094,"url":"https:\/\/fundaciomallorcaturisme.net\/wp-content\/uploads\/2026\/02\/planificax2.jpg","type":"image\/jpeg"}],"twitter_card":"summary_large_image","twitter_site":"@ConselldeMca","schema":{"@context":"https:\/\/schema.org","@graph":[{"@type":"WebPage","@id":"https:\/\/fundaciomallorcaturisme.net\/de\/was-man-unternehmen-kann\/kunst-und-kultur\/kunsthandwerk\/","url":"https:\/\/fundaciomallorcaturisme.net\/de\/was-man-unternehmen-kann\/kunst-und-kultur\/kunsthandwerk\/","name":"Kunsthandwerk - Consell de Mallorca","isPartOf":{"@id":"https:\/\/fundaciomallorcaturisme.net\/de\/#website"},"datePublished":"2026-02-03T10:09:25+00:00","dateModified":"2026-03-20T08:26:20+00:00","breadcrumb":{"@id":"https:\/\/fundaciomallorcaturisme.net\/de\/was-man-unternehmen-kann\/kunst-und-kultur\/kunsthandwerk\/#breadcrumb"},"inLanguage":"de","potentialAction":[{"@type":"ReadAction","target":["https:\/\/fundaciomallorcaturisme.net\/de\/was-man-unternehmen-kann\/kunst-und-kultur\/kunsthandwerk\/"]}]},{"@type":"BreadcrumbList","@id":"https:\/\/fundaciomallorcaturisme.net\/de\/was-man-unternehmen-kann\/kunst-und-kultur\/kunsthandwerk\/#breadcrumb","itemListElement":[{"@type":"ListItem","position":1,"name":"Startseite","item":"https:\/\/fundaciomallorcaturisme.net\/de\/"},{"@type":"ListItem","position":2,"name":"Was Man Unternehmen Kann","item":"https:\/\/fundaciomallorcaturisme.net\/de\/was-man-unternehmen-kann\/"},{"@type":"ListItem","position":3,"name":"Kunst und Kultur","item":"https:\/\/fundaciomallorcaturisme.net\/de\/was-man-unternehmen-kann\/kunst-und-kultur\/"},{"@type":"ListItem","position":4,"name":"Kunsthandwerk"}]},{"@type":"WebSite","@id":"https:\/\/fundaciomallorcaturisme.net\/de\/#website","url":"https:\/\/fundaciomallorcaturisme.net\/de\/","name":"Consell de Mallorca","description":"","publisher":{"@id":"https:\/\/fundaciomallorcaturisme.net\/de\/#organization"},"alternateName":"Mallorca Turisme","potentialAction":[{"@type":"SearchAction","target":{"@type":"EntryPoint","urlTemplate":"https:\/\/fundaciomallorcaturisme.net\/de\/?s={search_term_string}"},"query-input":{"@type":"PropertyValueSpecification","valueRequired":true,"valueName":"search_term_string"}}],"inLanguage":"de"},{"@type":"Organization","@id":"https:\/\/fundaciomallorcaturisme.net\/de\/#organization","name":"Consell de Mallorca","alternateName":"Mallorca Turisme","url":"https:\/\/fundaciomallorcaturisme.net\/de\/","logo":{"@type":"ImageObject","inLanguage":"de","@id":"https:\/\/fundaciomallorcaturisme.net\/de\/#\/schema\/logo\/image\/","url":"http:\/\/fundaciomallorcaturisme.net\/wp-content\/uploads\/2026\/03\/logo.webp","contentUrl":"http:\/\/fundaciomallorcaturisme.net\/wp-content\/uploads\/2026\/03\/logo.webp","width":696,"height":570,"caption":"Consell de Mallorca"},"image":{"@id":"https:\/\/fundaciomallorcaturisme.net\/de\/#\/schema\/logo\/image\/"},"sameAs":["https:\/\/www.facebook.com\/ConselldeMca\/","https:\/\/x.com\/ConselldeMca","https:\/\/www.instagram.com\/conselldemca\/","https:\/\/www.youtube.com\/user\/conselldemallorca"]}]}},"_links":{"self":[{"href":"https:\/\/fundaciomallorcaturisme.net\/de\/wp-json\/wp\/v2\/pages\/2201","targetHints":{"allow":["GET"]}}],"collection":[{"href":"https:\/\/fundaciomallorcaturisme.net\/de\/wp-json\/wp\/v2\/pages"}],"about":[{"href":"https:\/\/fundaciomallorcaturisme.net\/de\/wp-json\/wp\/v2\/types\/page"}],"author":[{"embeddable":true,"href":"https:\/\/fundaciomallorcaturisme.net\/de\/wp-json\/wp\/v2\/users\/1"}],"replies":[{"embeddable":true,"href":"https:\/\/fundaciomallorcaturisme.net\/de\/wp-json\/wp\/v2\/comments?post=2201"}],"version-history":[{"count":3,"href":"https:\/\/fundaciomallorcaturisme.net\/de\/wp-json\/wp\/v2\/pages\/2201\/revisions"}],"predecessor-version":[{"id":4441,"href":"https:\/\/fundaciomallorcaturisme.net\/de\/wp-json\/wp\/v2\/pages\/2201\/revisions\/4441"}],"up":[{"embeddable":true,"href":"https:\/\/fundaciomallorcaturisme.net\/de\/wp-json\/wp\/v2\/pages\/2195"}],"wp:attachment":[{"href":"https:\/\/fundaciomallorcaturisme.net\/de\/wp-json\/wp\/v2\/media?parent=2201"}],"curies":[{"name":"wp","href":"https:\/\/api.w.org\/{rel}","templated":true}]}}