{"id":2195,"date":"2026-02-02T17:39:36","date_gmt":"2026-02-02T16:39:36","guid":{"rendered":"http:\/\/fundaciomallorcaturisme.net\/que-hacer\/arte-y-cultura\/"},"modified":"2026-03-19T22:16:42","modified_gmt":"2026-03-19T21:16:42","slug":"kunst-und-kultur","status":"publish","type":"page","link":"https:\/\/fundaciomallorcaturisme.net\/de\/was-man-unternehmen-kann\/kunst-und-kultur\/","title":{"rendered":"Kunst und Kultur"},"content":{"rendered":"","protected":false},"excerpt":{"rendered":"","protected":false},"author":1,"featured_media":0,"parent":2189,"menu_order":0,"comment_status":"closed","ping_status":"closed","template":"page-templates\/contenido_flexible.php","meta":{"_acf_changed":false,"footnotes":""},"class_list":["post-2195","page","type-page","status-publish","hentry"],"acf":{"contenido_flexible":[{"acf_fc_layout":"cabecera","titulo":"<h1>Kunst und Kultur auf Mallorca: Eine Reise zur Seele der Insel<\/h1>","titulo_grande":false,"subtitulo":"Unersch\u00f6pflicher kultureller Reichtum","texto":"Mallorca ist eine B\u00fchne, auf der Geschichte und Avantgarde Hand in Hand gehen. Vom monumentalen Erbe Palmas bis hin zu den Kunsthandwerksst\u00e4tten der D\u00f6rfer im Landesinneren bietet die Insel einen unersch\u00f6pflichen kulturellen Reichtum, den wir Sie einladen, auf bewusste und respektvolle Weise zu entdecken.","enlace":"","flecha_abajo":true,"tiene_video":true,"video":"","imagenx1":null,"imagenx2":null,"logos":""},{"acf_fc_layout":"grid_elementos_flexible","pretitulo":"Das Erbe und die Identit\u00e4t erkunden","titulo":"<h2>Kunsthandwerk<\/h2>","texto":"","texto_secundario":"","cta":"","logos":"","alineacion":"izquierda","elementos":[{"icono":"","titulo":"Kunsthandwerk","enlace":"http:\/\/fundaciomallorcaturisme.net\/de\/was-man-unternehmen-kann\/kunst-und-kultur\/kunsthandwerk\/","descripcion":"Der Wert des Authentischen. Entdecken Sie die jahrhundertealten Handwerke, die unsere Identit\u00e4t pr\u00e4gen: vom mundgeblasenen Glas bis hin zu den \"Lleng\u00fces\"-Stoffen und der traditionellen mallorquinischen Keramik.","color_de_fondo":"#000000","texto_blanco":true},{"icono":"","titulo":"Feste und Traditionen","enlace":"http:\/\/fundaciomallorcaturisme.net\/de\/was-man-unternehmen-kann\/kunst-und-kultur\/feste-und-traditionen\/","descripcion":"Erleben Sie die Essenz unseres Landes. Eine Reise durch den Festkalender der D\u00f6rfer Mallorcas, in dem Musik, T\u00e4nze und Rituale von Generation zu Generation weitergegeben werden.","color_de_fondo":"#9bcbeb","texto_blanco":false},{"icono":"","titulo":"Kulturrouten","enlace":"http:\/\/fundaciomallorcaturisme.net\/de\/was-man-unternehmen-kann\/kunst-und-kultur\/kulturrouten\/","descripcion":"Kultur auf Schritt und Tritt. Entworfenen Reiserouten, um das historische und k\u00fcnstlerische Erbe der Insel zu entdecken und Denkm\u00e4ler, Museen sowie einzigartige Landschaften miteinander zu verbinden.","color_de_fondo":"#ef9600","texto_blanco":false},{"icono":"","titulo":"Serra de Tramuntana, Welterbe","enlace":"http:\/\/fundaciomallorcaturisme.net\/de\/reiseziele\/serra-de-tramuntana\/","descripcion":"Unser Kronjuwel. Erkunden Sie die Kulturlandschaft der Serra, deren Harmonie zwischen Mensch und Natur von der UNESCO anerkannt wurde.","color_de_fondo":"#365abd","texto_blanco":true},{"icono":"","titulo":"Der Gesang der Sibylle, Immaterielles Erbe","enlace":"http:\/\/fundaciomallorcaturisme.net\/de\/was-man-unternehmen-kann\/kunst-und-kultur\/der-gesang-der-sibylle\/","descripcion":"Ein Klang, der die Zeit \u00fcberdauert. Lernen Sie den Ursprung und die Magie dieses mittelalterlichen liturgischen Dramas kennen \u2013 eine der \u00e4ltesten und bewegendsten Traditionen Mallorcas.","color_de_fondo":"#ffc600","texto_blanco":false}],"estilo":"simplificado","color_de_fondo":"","texto_blanco":false,"ilustracion":""},{"acf_fc_layout":"texto_full","texto":"viumallorca"},{"acf_fc_layout":"texto_con_imagen","pretitulo":"","titulo":"Ein in Stein gemei\u00dfeltes Verm\u00e4chtnis","subtitulo":"","texto":"Die Geschichte Mallorcas l\u00e4sst sich an ihren Bauwerken ablesen. Unsere Insel h\u00fctet ein Erbe, das von talayotischen \u00dcberresten bis hin zum Modernismus reicht. Erkunden Sie die Spuren der Zivilisationen, die uns vorangegangen sind, in Geb\u00e4uden von gro\u00dfem kulturellem Wert \u2013 wie den emblematischen Arabischen B\u00e4dern von Palma, die im Herzen der Stadt die Ruhe vergangener Zeiten bewahren.","cta":"","imagen":463,"tiene_video":false,"enlace_video":null,"logos":"","color_de_fondo":"#ffffff","texto_en_blanco":false,"son_enlaces":false,"elementos":null,"imagen_izquierda":false,"margen_superior":"","margen_inferior":""},{"acf_fc_layout":"texto_con_imagen","pretitulo":"","titulo":"Museen und Ausstellungszentren","subtitulo":"","texto":"Mallorca war und ist ein R\u00fcckzugsort f\u00fcr K\u00fcnstler. Das Licht des Mittelmeers spiegelt sich in den zahlreichen Galerien und Museen wider, die Sammlungen von internationalem Rang beherbergen. Verpassen Sie nicht die \u201eNit de l\u2019Art\u201c im September \u2013 das gro\u00dfe Ereignis, das die Stra\u00dfen in ein lebendiges Museum verwandelt und den Beginn der Kultursaison markiert.","cta":"","imagen":465,"tiene_video":false,"enlace_video":null,"logos":"","color_de_fondo":"#ffffff","texto_en_blanco":false,"son_enlaces":false,"elementos":null,"imagen_izquierda":true,"margen_superior":"","margen_inferior":""},{"acf_fc_layout":"texto_con_imagen","pretitulo":"","titulo":"Darstellende K\u00fcnste","subtitulo":"","texto":"Kultur wird auf der B\u00fchne gelebt. Wir verf\u00fcgen \u00fcber ein Netz von \u00f6ffentlichen Theatern und Auditorien in Gemeinden wie Alar\u00f3 oder Santany\u00ed, in denen Tanz, Theater und Musik das ganze Jahr \u00fcber ein stabiles und hochwertiges Programm bieten.","cta":"","imagen":467,"tiene_video":false,"enlace_video":null,"logos":"","color_de_fondo":"#ffffff","texto_en_blanco":false,"son_enlaces":false,"elementos":null,"imagen_izquierda":false,"margen_superior":"","margen_inferior":""},{"acf_fc_layout":"grid_elementos_flexible","pretitulo":"Das k\u00f6nnte Sie auch interessieren","titulo":"Erkunden Sie <span>Mallorca<\/span> weiter","texto":"Planen Sie Ihr Erlebnis in Ihrem eigenen Tempo und erleben Sie Mallorca auf eine authentische, verantwortungsbewusste und unvergessliche Weise.","texto_secundario":"","cta":"","logos":"","alineacion":"izquierda","elementos":[{"icono":"","titulo":"Unsere Reiseziele","enlace":"http:\/\/fundaciomallorcaturisme.net\/de\/reiseziele\/","descripcion":"Erkunden Sie die Regionen und D\u00f6rfer, in denen unsere Kultur entsteht.","color_de_fondo":"#000000","texto_blanco":true},{"icono":"","titulo":"Aktivit\u00e4ten","enlace":"http:\/\/fundaciomallorcaturisme.net\/de\/was-man-unternehmen-kann\/","descripcion":"Informieren Sie sich \u00fcber das Programm an Erlebnissen und kulturellen Veranstaltungen.","color_de_fondo":"#000000","texto_blanco":true},{"icono":"","titulo":"Planen Sie Ihr Erlebnis","enlace":"http:\/\/fundaciomallorcaturisme.net\/de\/plane\/","descripcion":"Alles, was Sie wissen m\u00fcssen, um Ihren Besuch zu organisieren: Karten, Transport und praktische Tipps, um sich auf der Insel fortzubewegen.","color_de_fondo":"#000000","texto_blanco":true}],"estilo":"fila","color_de_fondo":"","texto_blanco":false,"ilustracion":""}]},"yoast_head":"<!-- This site is optimized with the Yoast SEO plugin v27.7 - https:\/\/yoast.com\/product\/yoast-seo-wordpress\/ -->\n<title>Kunst und Kultur - Consell de Mallorca<\/title>\n<meta name=\"robots\" content=\"index, follow, max-snippet:-1, max-image-preview:large, max-video-preview:-1\" \/>\n<link rel=\"canonical\" href=\"https:\/\/fundaciomallorcaturisme.net\/de\/was-man-unternehmen-kann\/kunst-und-kultur\/\" \/>\n<meta property=\"og:locale\" content=\"de_DE\" \/>\n<meta property=\"og:type\" content=\"article\" \/>\n<meta property=\"og:title\" content=\"Kunst und Kultur - Consell de Mallorca\" \/>\n<meta property=\"og:url\" content=\"https:\/\/fundaciomallorcaturisme.net\/de\/was-man-unternehmen-kann\/kunst-und-kultur\/\" \/>\n<meta property=\"og:site_name\" content=\"Consell de Mallorca\" \/>\n<meta property=\"article:publisher\" content=\"https:\/\/www.facebook.com\/ConselldeMca\/\" \/>\n<meta property=\"article:modified_time\" content=\"2026-03-19T21:16:42+00:00\" \/>\n<meta property=\"og:image\" content=\"https:\/\/fundaciomallorcaturisme.net\/wp-content\/uploads\/2026\/02\/planificax2.jpg\" \/>\n\t<meta property=\"og:image:width\" content=\"1346\" \/>\n\t<meta property=\"og:image:height\" content=\"1094\" \/>\n\t<meta property=\"og:image:type\" content=\"image\/jpeg\" \/>\n<meta name=\"twitter:card\" content=\"summary_large_image\" \/>\n<meta name=\"twitter:site\" content=\"@ConselldeMca\" \/>\n<script type=\"application\/ld+json\" class=\"yoast-schema-graph\">{\"@context\":\"https:\\\/\\\/schema.org\",\"@graph\":[{\"@type\":\"WebPage\",\"@id\":\"https:\\\/\\\/fundaciomallorcaturisme.net\\\/de\\\/was-man-unternehmen-kann\\\/kunst-und-kultur\\\/\",\"url\":\"https:\\\/\\\/fundaciomallorcaturisme.net\\\/de\\\/was-man-unternehmen-kann\\\/kunst-und-kultur\\\/\",\"name\":\"Kunst und Kultur - Consell de Mallorca\",\"isPartOf\":{\"@id\":\"https:\\\/\\\/fundaciomallorcaturisme.net\\\/de\\\/#website\"},\"datePublished\":\"2026-02-02T16:39:36+00:00\",\"dateModified\":\"2026-03-19T21:16:42+00:00\",\"breadcrumb\":{\"@id\":\"https:\\\/\\\/fundaciomallorcaturisme.net\\\/de\\\/was-man-unternehmen-kann\\\/kunst-und-kultur\\\/#breadcrumb\"},\"inLanguage\":\"de\",\"potentialAction\":[{\"@type\":\"ReadAction\",\"target\":[\"https:\\\/\\\/fundaciomallorcaturisme.net\\\/de\\\/was-man-unternehmen-kann\\\/kunst-und-kultur\\\/\"]}]},{\"@type\":\"BreadcrumbList\",\"@id\":\"https:\\\/\\\/fundaciomallorcaturisme.net\\\/de\\\/was-man-unternehmen-kann\\\/kunst-und-kultur\\\/#breadcrumb\",\"itemListElement\":[{\"@type\":\"ListItem\",\"position\":1,\"name\":\"Startseite\",\"item\":\"https:\\\/\\\/fundaciomallorcaturisme.net\\\/de\\\/\"},{\"@type\":\"ListItem\",\"position\":2,\"name\":\"Was Man Unternehmen Kann\",\"item\":\"https:\\\/\\\/fundaciomallorcaturisme.net\\\/de\\\/was-man-unternehmen-kann\\\/\"},{\"@type\":\"ListItem\",\"position\":3,\"name\":\"Kunst und Kultur\"}]},{\"@type\":\"WebSite\",\"@id\":\"https:\\\/\\\/fundaciomallorcaturisme.net\\\/de\\\/#website\",\"url\":\"https:\\\/\\\/fundaciomallorcaturisme.net\\\/de\\\/\",\"name\":\"Consell de Mallorca\",\"description\":\"\",\"publisher\":{\"@id\":\"https:\\\/\\\/fundaciomallorcaturisme.net\\\/de\\\/#organization\"},\"alternateName\":\"Mallorca Turisme\",\"potentialAction\":[{\"@type\":\"SearchAction\",\"target\":{\"@type\":\"EntryPoint\",\"urlTemplate\":\"https:\\\/\\\/fundaciomallorcaturisme.net\\\/de\\\/?s={search_term_string}\"},\"query-input\":{\"@type\":\"PropertyValueSpecification\",\"valueRequired\":true,\"valueName\":\"search_term_string\"}}],\"inLanguage\":\"de\"},{\"@type\":\"Organization\",\"@id\":\"https:\\\/\\\/fundaciomallorcaturisme.net\\\/de\\\/#organization\",\"name\":\"Consell de Mallorca\",\"alternateName\":\"Mallorca Turisme\",\"url\":\"https:\\\/\\\/fundaciomallorcaturisme.net\\\/de\\\/\",\"logo\":{\"@type\":\"ImageObject\",\"inLanguage\":\"de\",\"@id\":\"https:\\\/\\\/fundaciomallorcaturisme.net\\\/de\\\/#\\\/schema\\\/logo\\\/image\\\/\",\"url\":\"http:\\\/\\\/fundaciomallorcaturisme.net\\\/wp-content\\\/uploads\\\/2026\\\/03\\\/logo.webp\",\"contentUrl\":\"http:\\\/\\\/fundaciomallorcaturisme.net\\\/wp-content\\\/uploads\\\/2026\\\/03\\\/logo.webp\",\"width\":696,\"height\":570,\"caption\":\"Consell de Mallorca\"},\"image\":{\"@id\":\"https:\\\/\\\/fundaciomallorcaturisme.net\\\/de\\\/#\\\/schema\\\/logo\\\/image\\\/\"},\"sameAs\":[\"https:\\\/\\\/www.facebook.com\\\/ConselldeMca\\\/\",\"https:\\\/\\\/x.com\\\/ConselldeMca\",\"https:\\\/\\\/www.instagram.com\\\/conselldemca\\\/\",\"https:\\\/\\\/www.youtube.com\\\/user\\\/conselldemallorca\"]}]}<\/script>\n<!-- \/ Yoast SEO plugin. -->","yoast_head_json":{"title":"Kunst und Kultur - Consell de Mallorca","robots":{"index":"index","follow":"follow","max-snippet":"max-snippet:-1","max-image-preview":"max-image-preview:large","max-video-preview":"max-video-preview:-1"},"canonical":"https:\/\/fundaciomallorcaturisme.net\/de\/was-man-unternehmen-kann\/kunst-und-kultur\/","og_locale":"de_DE","og_type":"article","og_title":"Kunst und Kultur - Consell de Mallorca","og_url":"https:\/\/fundaciomallorcaturisme.net\/de\/was-man-unternehmen-kann\/kunst-und-kultur\/","og_site_name":"Consell de Mallorca","article_publisher":"https:\/\/www.facebook.com\/ConselldeMca\/","article_modified_time":"2026-03-19T21:16:42+00:00","og_image":[{"width":1346,"height":1094,"url":"https:\/\/fundaciomallorcaturisme.net\/wp-content\/uploads\/2026\/02\/planificax2.jpg","type":"image\/jpeg"}],"twitter_card":"summary_large_image","twitter_site":"@ConselldeMca","schema":{"@context":"https:\/\/schema.org","@graph":[{"@type":"WebPage","@id":"https:\/\/fundaciomallorcaturisme.net\/de\/was-man-unternehmen-kann\/kunst-und-kultur\/","url":"https:\/\/fundaciomallorcaturisme.net\/de\/was-man-unternehmen-kann\/kunst-und-kultur\/","name":"Kunst und Kultur - Consell de Mallorca","isPartOf":{"@id":"https:\/\/fundaciomallorcaturisme.net\/de\/#website"},"datePublished":"2026-02-02T16:39:36+00:00","dateModified":"2026-03-19T21:16:42+00:00","breadcrumb":{"@id":"https:\/\/fundaciomallorcaturisme.net\/de\/was-man-unternehmen-kann\/kunst-und-kultur\/#breadcrumb"},"inLanguage":"de","potentialAction":[{"@type":"ReadAction","target":["https:\/\/fundaciomallorcaturisme.net\/de\/was-man-unternehmen-kann\/kunst-und-kultur\/"]}]},{"@type":"BreadcrumbList","@id":"https:\/\/fundaciomallorcaturisme.net\/de\/was-man-unternehmen-kann\/kunst-und-kultur\/#breadcrumb","itemListElement":[{"@type":"ListItem","position":1,"name":"Startseite","item":"https:\/\/fundaciomallorcaturisme.net\/de\/"},{"@type":"ListItem","position":2,"name":"Was Man Unternehmen Kann","item":"https:\/\/fundaciomallorcaturisme.net\/de\/was-man-unternehmen-kann\/"},{"@type":"ListItem","position":3,"name":"Kunst und Kultur"}]},{"@type":"WebSite","@id":"https:\/\/fundaciomallorcaturisme.net\/de\/#website","url":"https:\/\/fundaciomallorcaturisme.net\/de\/","name":"Consell de Mallorca","description":"","publisher":{"@id":"https:\/\/fundaciomallorcaturisme.net\/de\/#organization"},"alternateName":"Mallorca Turisme","potentialAction":[{"@type":"SearchAction","target":{"@type":"EntryPoint","urlTemplate":"https:\/\/fundaciomallorcaturisme.net\/de\/?s={search_term_string}"},"query-input":{"@type":"PropertyValueSpecification","valueRequired":true,"valueName":"search_term_string"}}],"inLanguage":"de"},{"@type":"Organization","@id":"https:\/\/fundaciomallorcaturisme.net\/de\/#organization","name":"Consell de Mallorca","alternateName":"Mallorca Turisme","url":"https:\/\/fundaciomallorcaturisme.net\/de\/","logo":{"@type":"ImageObject","inLanguage":"de","@id":"https:\/\/fundaciomallorcaturisme.net\/de\/#\/schema\/logo\/image\/","url":"http:\/\/fundaciomallorcaturisme.net\/wp-content\/uploads\/2026\/03\/logo.webp","contentUrl":"http:\/\/fundaciomallorcaturisme.net\/wp-content\/uploads\/2026\/03\/logo.webp","width":696,"height":570,"caption":"Consell de Mallorca"},"image":{"@id":"https:\/\/fundaciomallorcaturisme.net\/de\/#\/schema\/logo\/image\/"},"sameAs":["https:\/\/www.facebook.com\/ConselldeMca\/","https:\/\/x.com\/ConselldeMca","https:\/\/www.instagram.com\/conselldemca\/","https:\/\/www.youtube.com\/user\/conselldemallorca"]}]}},"_links":{"self":[{"href":"https:\/\/fundaciomallorcaturisme.net\/de\/wp-json\/wp\/v2\/pages\/2195","targetHints":{"allow":["GET"]}}],"collection":[{"href":"https:\/\/fundaciomallorcaturisme.net\/de\/wp-json\/wp\/v2\/pages"}],"about":[{"href":"https:\/\/fundaciomallorcaturisme.net\/de\/wp-json\/wp\/v2\/types\/page"}],"author":[{"embeddable":true,"href":"https:\/\/fundaciomallorcaturisme.net\/de\/wp-json\/wp\/v2\/users\/1"}],"replies":[{"embeddable":true,"href":"https:\/\/fundaciomallorcaturisme.net\/de\/wp-json\/wp\/v2\/comments?post=2195"}],"version-history":[{"count":3,"href":"https:\/\/fundaciomallorcaturisme.net\/de\/wp-json\/wp\/v2\/pages\/2195\/revisions"}],"predecessor-version":[{"id":4392,"href":"https:\/\/fundaciomallorcaturisme.net\/de\/wp-json\/wp\/v2\/pages\/2195\/revisions\/4392"}],"up":[{"embeddable":true,"href":"https:\/\/fundaciomallorcaturisme.net\/de\/wp-json\/wp\/v2\/pages\/2189"}],"wp:attachment":[{"href":"https:\/\/fundaciomallorcaturisme.net\/de\/wp-json\/wp\/v2\/media?parent=2195"}],"curies":[{"name":"wp","href":"https:\/\/api.w.org\/{rel}","templated":true}]}}