{"id":2189,"date":"2026-01-30T13:50:02","date_gmt":"2026-01-30T12:50:02","guid":{"rendered":"http:\/\/fundaciomallorcaturisme.net\/que-hacer\/"},"modified":"2026-03-25T14:48:21","modified_gmt":"2026-03-25T13:48:21","slug":"was-man-unternehmen-kann","status":"publish","type":"page","link":"https:\/\/fundaciomallorcaturisme.net\/de\/was-man-unternehmen-kann\/","title":{"rendered":"Was Man Unternehmen Kann"},"content":{"rendered":"","protected":false},"excerpt":{"rendered":"","protected":false},"author":1,"featured_media":0,"parent":0,"menu_order":0,"comment_status":"closed","ping_status":"closed","template":"page-templates\/contenido_flexible.php","meta":{"_acf_changed":false,"footnotes":""},"class_list":["post-2189","page","type-page","status-publish","hentry"],"acf":{"contenido_flexible":[{"acf_fc_layout":"cabecera","titulo":"<h1>Aktivit\u00e4ten auf Mallorca<\/h1>","titulo_grande":false,"subtitulo":"Erlebnisse, um die Insel an 365 Tagen im Jahr zu genie\u00dfen.","texto":"<strong>Mallorca steht niemals still.<\/strong> Ganz gleich, ob Sie das Adrenalin einer Bergroute, die Ruhe einer versteckten Bucht oder den Geschmack unserer authentischsten Gastronomie suchen \u2013 hier finden Sie alle Werkzeuge, um Ihren idealen Tag zu gestalten. <strong>Erkunden Sie unsere Vorschl\u00e4ge und erleben Sie die Insel in Ihrem eigenen Tempo.<\/strong>","enlace":"","flecha_abajo":true,"tiene_video":true,"video":4567,"imagenx1":null,"imagenx2":null,"logos":""},{"acf_fc_layout":"grid_elementos","pretitulo":"Erlebnisse auf Mallorca","titulo":"Entdecken Sie Mallorca nach <strong>Themen<\/strong>","texto":"Verpassen Sie nichts von dem, was heute passiert. Von gro\u00dfen internationalen Konzerten in Palma bis hin zu traditionellen Jahrm\u00e4rkten in Gemeinden wie Sa Pobla oder Santany\u00ed. Bleiben Sie mit unserer Auswahl an Kultur- und Freizeitveranstaltungen immer auf dem Laufenden.","elementos":[{"imagenx1":445,"imagenx2":446,"texto_experiencias":"7 Erlebnisse","titulo":"Kunst und Kultur","subtitulo":"Ein Schatz f\u00fcr k\u00fcnstlerische Inspiration","texto":"","enlace":"http:\/\/fundaciomallorcaturisme.net\/de\/was-man-unternehmen-kann\/kunst-und-kultur\/"},{"imagenx1":449,"imagenx2":450,"texto_experiencias":"7 Erlebnisse","titulo":"Gastronomie und lokale Produkte","subtitulo":"Mallorca, ein gastronomisches Reiseziel","texto":"","enlace":"http:\/\/fundaciomallorcaturisme.net\/de\/was-man-unternehmen-kann\/gastronomie\/"},{"imagenx1":451,"imagenx2":452,"texto_experiencias":"7 Erlebnisse","titulo":"Natur und Wanderwege","subtitulo":"Natur mit einzigartigen \u00d6kosystemen","texto":"","enlace":"http:\/\/fundaciomallorcaturisme.net\/de\/was-man-unternehmen-kann\/natur\/"},{"imagenx1":447,"imagenx2":448,"texto_experiencias":"7 Erlebnisse","titulo":"Str\u00e4nde und Buchten","subtitulo":"Alle Arten von Str\u00e4nden in Ihrer Reichweite","texto":"","enlace":"http:\/\/fundaciomallorcaturisme.net\/de\/was-man-unternehmen-kann\/straende\/"}],"cta":"","card_blanca":false},{"acf_fc_layout":"texto_full","texto":"viumallorca"},{"acf_fc_layout":"grid_elementos_flexible","pretitulo":"Inspiration nach Profil","titulo":"<h2>Pl\u00e4ne, gestaltet <span>f\u00fcr Sie<\/span> <\/h2>","texto":"Da es nicht nur eine Art gibt, die Insel zu erleben, haben wir die besten Vorschl\u00e4ge ausgew\u00e4hlt, die auf Ihren Reisestil zugeschnitten sind. Egal, ob Sie einen Kurztrip voller Abenteuer, einen R\u00fcckzugsort zum v\u00f6lligen Abschalten oder unvergessliche Momente mit der Familie suchen \u2013 hier finden Sie den Plan, der wie exklusiv f\u00fcr Sie gemacht scheint.","texto_secundario":"","cta":"","logos":"","alineacion":"izquierda","elementos":[{"icono":"","titulo":"Mallorca mit der Familie","enlace":"http:\/\/fundaciomallorcaturisme.net\/de\/was-man-unternehmen-kann\/kunst-und-kultur\/feste-und-traditionen\/","descripcion":"Spa\u00df f\u00fcr die Kleinen und Erholung f\u00fcr die Gro\u00dfen.","color_de_fondo":"#ffffff","texto_blanco":false},{"icono":"","titulo":"Tauchen und Wassersport","enlace":"http:\/\/fundaciomallorcaturisme.net\/de\/was-man-unternehmen-kann\/sport\/tauchen-und-wassersport\/","descripcion":"Erforschen Sie das Leben unter dem Meeresspiegel und sp\u00fcren Sie Mallorca.","color_de_fondo":"#ffffff","texto_blanco":false},{"icono":"","titulo":"Abenteuer und Adrenalin","enlace":"http:\/\/fundaciomallorcaturisme.net\/de\/was-man-unternehmen-kann\/sport\/","descripcion":"F\u00fcr alle, die die Insel aktiv erleben m\u00f6chten.","color_de_fondo":"#ffffff","texto_blanco":false},{"icono":"","titulo":"MICE und Firmenevents","enlace":"http:\/\/fundaciomallorcaturisme.net\/de\/was-man-unternehmen-kann\/mice\/","descripcion":"Das perfekte Ziel f\u00fcr Ihre Kongresse und Incentives.","color_de_fondo":"#ffffff","texto_blanco":false}],"estilo":"columna","color_de_fondo":"","texto_blanco":false,"ilustracion":""},{"acf_fc_layout":"texto_con_imagen","pretitulo":"Mallorca Film Commission","titulo":"<h2>Mallorca: <strong>Eine Filmkulisse<\/strong><\/h2>","subtitulo":"","texto":"<strong>Entdecken Sie die Drehorte, in die sich Regisseure aus aller Welt verliebt haben.<\/strong> Von der Tramuntana-Serra bis zur K\u00fcste ist Mallorca die perfekte Kulisse f\u00fcr gro\u00dfe internationale Produktionen.","cta":{"title":"Zur Mallorca Film Commission","url":"http:\/\/fundaciomallorcaturisme.net\/de\/film-commission\/","target":""},"imagen":455,"tiene_video":false,"enlace_video":null,"logos":"","color_de_fondo":"#ffffff","texto_en_blanco":false,"son_enlaces":false,"elementos":null,"imagen_izquierda":true,"margen_superior":"","margen_inferior":""},{"acf_fc_layout":"grid_elementos_flexible","pretitulo":"Schnelle Planung","titulo":"<h2>Haben Sie schon ein <span>Ziel gew\u00e4hlt?<\/span> <\/h2>","texto":"Wir m\u00f6chten, dass Ihr Mallorca-Erlebnis vom ersten Moment an perfekt ist. Hier finden Sie alles von der Anreise und Unterkunft bis hin zu praktischen Dokumenten und den Verkehrsmitteln, die Sie nutzen k\u00f6nnen.","texto_secundario":"","cta":"","logos":"","alineacion":"izquierda","elementos":[{"icono":"","titulo":"Anreise und Mobilit\u00e4t auf der Insel","enlace":"http:\/\/fundaciomallorcaturisme.net\/de\/plane\/anreise\/","descripcion":"","color_de_fondo":"#9bcbeb","texto_blanco":true},{"icono":"","titulo":"Finden Sie die ideale Unterkunft","enlace":"http:\/\/fundaciomallorcaturisme.net\/de\/plane\/unterkuenfte\/","descripcion":"","color_de_fondo":"#ef9600","texto_blanco":false},{"icono":"","titulo":"Anreise mit F\u00e4hre und Bus","enlace":"http:\/\/fundaciomallorcaturisme.net\/de\/plane\/transport\/","descripcion":"","color_de_fondo":"#365abd","texto_blanco":true},{"icono":"","titulo":"Praktische Informationen","enlace":"http:\/\/fundaciomallorcaturisme.net\/de\/plane\/praktische-informationen\/","descripcion":"","color_de_fondo":"#ffc600","texto_blanco":false}],"estilo":"fila","color_de_fondo":"","texto_blanco":false,"ilustracion":""}]},"yoast_head":"<!-- This site is optimized with the Yoast SEO plugin v27.7 - https:\/\/yoast.com\/product\/yoast-seo-wordpress\/ -->\n<title>Was Man Unternehmen Kann - Consell de Mallorca<\/title>\n<meta name=\"robots\" content=\"index, follow, max-snippet:-1, max-image-preview:large, max-video-preview:-1\" \/>\n<link rel=\"canonical\" href=\"https:\/\/fundaciomallorcaturisme.net\/de\/was-man-unternehmen-kann\/\" \/>\n<meta property=\"og:locale\" content=\"de_DE\" \/>\n<meta property=\"og:type\" content=\"article\" \/>\n<meta property=\"og:title\" content=\"Was Man Unternehmen Kann - Consell de Mallorca\" \/>\n<meta property=\"og:url\" content=\"https:\/\/fundaciomallorcaturisme.net\/de\/was-man-unternehmen-kann\/\" \/>\n<meta property=\"og:site_name\" content=\"Consell de Mallorca\" \/>\n<meta property=\"article:publisher\" content=\"https:\/\/www.facebook.com\/ConselldeMca\/\" \/>\n<meta property=\"article:modified_time\" content=\"2026-03-25T13:48:21+00:00\" \/>\n<meta property=\"og:image\" content=\"https:\/\/fundaciomallorcaturisme.net\/wp-content\/uploads\/2026\/02\/planificax2.jpg\" \/>\n\t<meta property=\"og:image:width\" content=\"1346\" \/>\n\t<meta property=\"og:image:height\" content=\"1094\" \/>\n\t<meta property=\"og:image:type\" content=\"image\/jpeg\" \/>\n<meta name=\"twitter:card\" content=\"summary_large_image\" \/>\n<meta name=\"twitter:site\" content=\"@ConselldeMca\" \/>\n<script type=\"application\/ld+json\" class=\"yoast-schema-graph\">{\"@context\":\"https:\\\/\\\/schema.org\",\"@graph\":[{\"@type\":\"WebPage\",\"@id\":\"https:\\\/\\\/fundaciomallorcaturisme.net\\\/de\\\/was-man-unternehmen-kann\\\/\",\"url\":\"https:\\\/\\\/fundaciomallorcaturisme.net\\\/de\\\/was-man-unternehmen-kann\\\/\",\"name\":\"Was Man Unternehmen Kann - Consell de Mallorca\",\"isPartOf\":{\"@id\":\"https:\\\/\\\/fundaciomallorcaturisme.net\\\/de\\\/#website\"},\"datePublished\":\"2026-01-30T12:50:02+00:00\",\"dateModified\":\"2026-03-25T13:48:21+00:00\",\"breadcrumb\":{\"@id\":\"https:\\\/\\\/fundaciomallorcaturisme.net\\\/de\\\/was-man-unternehmen-kann\\\/#breadcrumb\"},\"inLanguage\":\"de\",\"potentialAction\":[{\"@type\":\"ReadAction\",\"target\":[\"https:\\\/\\\/fundaciomallorcaturisme.net\\\/de\\\/was-man-unternehmen-kann\\\/\"]}]},{\"@type\":\"BreadcrumbList\",\"@id\":\"https:\\\/\\\/fundaciomallorcaturisme.net\\\/de\\\/was-man-unternehmen-kann\\\/#breadcrumb\",\"itemListElement\":[{\"@type\":\"ListItem\",\"position\":1,\"name\":\"Startseite\",\"item\":\"https:\\\/\\\/fundaciomallorcaturisme.net\\\/de\\\/\"},{\"@type\":\"ListItem\",\"position\":2,\"name\":\"Was Man Unternehmen Kann\"}]},{\"@type\":\"WebSite\",\"@id\":\"https:\\\/\\\/fundaciomallorcaturisme.net\\\/de\\\/#website\",\"url\":\"https:\\\/\\\/fundaciomallorcaturisme.net\\\/de\\\/\",\"name\":\"Consell de Mallorca\",\"description\":\"\",\"publisher\":{\"@id\":\"https:\\\/\\\/fundaciomallorcaturisme.net\\\/de\\\/#organization\"},\"alternateName\":\"Mallorca Turisme\",\"potentialAction\":[{\"@type\":\"SearchAction\",\"target\":{\"@type\":\"EntryPoint\",\"urlTemplate\":\"https:\\\/\\\/fundaciomallorcaturisme.net\\\/de\\\/?s={search_term_string}\"},\"query-input\":{\"@type\":\"PropertyValueSpecification\",\"valueRequired\":true,\"valueName\":\"search_term_string\"}}],\"inLanguage\":\"de\"},{\"@type\":\"Organization\",\"@id\":\"https:\\\/\\\/fundaciomallorcaturisme.net\\\/de\\\/#organization\",\"name\":\"Consell de Mallorca\",\"alternateName\":\"Mallorca Turisme\",\"url\":\"https:\\\/\\\/fundaciomallorcaturisme.net\\\/de\\\/\",\"logo\":{\"@type\":\"ImageObject\",\"inLanguage\":\"de\",\"@id\":\"https:\\\/\\\/fundaciomallorcaturisme.net\\\/de\\\/#\\\/schema\\\/logo\\\/image\\\/\",\"url\":\"http:\\\/\\\/fundaciomallorcaturisme.net\\\/wp-content\\\/uploads\\\/2026\\\/03\\\/logo.webp\",\"contentUrl\":\"http:\\\/\\\/fundaciomallorcaturisme.net\\\/wp-content\\\/uploads\\\/2026\\\/03\\\/logo.webp\",\"width\":696,\"height\":570,\"caption\":\"Consell de Mallorca\"},\"image\":{\"@id\":\"https:\\\/\\\/fundaciomallorcaturisme.net\\\/de\\\/#\\\/schema\\\/logo\\\/image\\\/\"},\"sameAs\":[\"https:\\\/\\\/www.facebook.com\\\/ConselldeMca\\\/\",\"https:\\\/\\\/x.com\\\/ConselldeMca\",\"https:\\\/\\\/www.instagram.com\\\/conselldemca\\\/\",\"https:\\\/\\\/www.youtube.com\\\/user\\\/conselldemallorca\"]}]}<\/script>\n<!-- \/ Yoast SEO plugin. -->","yoast_head_json":{"title":"Was Man Unternehmen Kann - Consell de Mallorca","robots":{"index":"index","follow":"follow","max-snippet":"max-snippet:-1","max-image-preview":"max-image-preview:large","max-video-preview":"max-video-preview:-1"},"canonical":"https:\/\/fundaciomallorcaturisme.net\/de\/was-man-unternehmen-kann\/","og_locale":"de_DE","og_type":"article","og_title":"Was Man Unternehmen Kann - Consell de Mallorca","og_url":"https:\/\/fundaciomallorcaturisme.net\/de\/was-man-unternehmen-kann\/","og_site_name":"Consell de Mallorca","article_publisher":"https:\/\/www.facebook.com\/ConselldeMca\/","article_modified_time":"2026-03-25T13:48:21+00:00","og_image":[{"width":1346,"height":1094,"url":"https:\/\/fundaciomallorcaturisme.net\/wp-content\/uploads\/2026\/02\/planificax2.jpg","type":"image\/jpeg"}],"twitter_card":"summary_large_image","twitter_site":"@ConselldeMca","schema":{"@context":"https:\/\/schema.org","@graph":[{"@type":"WebPage","@id":"https:\/\/fundaciomallorcaturisme.net\/de\/was-man-unternehmen-kann\/","url":"https:\/\/fundaciomallorcaturisme.net\/de\/was-man-unternehmen-kann\/","name":"Was Man Unternehmen Kann - Consell de Mallorca","isPartOf":{"@id":"https:\/\/fundaciomallorcaturisme.net\/de\/#website"},"datePublished":"2026-01-30T12:50:02+00:00","dateModified":"2026-03-25T13:48:21+00:00","breadcrumb":{"@id":"https:\/\/fundaciomallorcaturisme.net\/de\/was-man-unternehmen-kann\/#breadcrumb"},"inLanguage":"de","potentialAction":[{"@type":"ReadAction","target":["https:\/\/fundaciomallorcaturisme.net\/de\/was-man-unternehmen-kann\/"]}]},{"@type":"BreadcrumbList","@id":"https:\/\/fundaciomallorcaturisme.net\/de\/was-man-unternehmen-kann\/#breadcrumb","itemListElement":[{"@type":"ListItem","position":1,"name":"Startseite","item":"https:\/\/fundaciomallorcaturisme.net\/de\/"},{"@type":"ListItem","position":2,"name":"Was Man Unternehmen Kann"}]},{"@type":"WebSite","@id":"https:\/\/fundaciomallorcaturisme.net\/de\/#website","url":"https:\/\/fundaciomallorcaturisme.net\/de\/","name":"Consell de Mallorca","description":"","publisher":{"@id":"https:\/\/fundaciomallorcaturisme.net\/de\/#organization"},"alternateName":"Mallorca Turisme","potentialAction":[{"@type":"SearchAction","target":{"@type":"EntryPoint","urlTemplate":"https:\/\/fundaciomallorcaturisme.net\/de\/?s={search_term_string}"},"query-input":{"@type":"PropertyValueSpecification","valueRequired":true,"valueName":"search_term_string"}}],"inLanguage":"de"},{"@type":"Organization","@id":"https:\/\/fundaciomallorcaturisme.net\/de\/#organization","name":"Consell de Mallorca","alternateName":"Mallorca Turisme","url":"https:\/\/fundaciomallorcaturisme.net\/de\/","logo":{"@type":"ImageObject","inLanguage":"de","@id":"https:\/\/fundaciomallorcaturisme.net\/de\/#\/schema\/logo\/image\/","url":"http:\/\/fundaciomallorcaturisme.net\/wp-content\/uploads\/2026\/03\/logo.webp","contentUrl":"http:\/\/fundaciomallorcaturisme.net\/wp-content\/uploads\/2026\/03\/logo.webp","width":696,"height":570,"caption":"Consell de Mallorca"},"image":{"@id":"https:\/\/fundaciomallorcaturisme.net\/de\/#\/schema\/logo\/image\/"},"sameAs":["https:\/\/www.facebook.com\/ConselldeMca\/","https:\/\/x.com\/ConselldeMca","https:\/\/www.instagram.com\/conselldemca\/","https:\/\/www.youtube.com\/user\/conselldemallorca"]}]}},"_links":{"self":[{"href":"https:\/\/fundaciomallorcaturisme.net\/de\/wp-json\/wp\/v2\/pages\/2189","targetHints":{"allow":["GET"]}}],"collection":[{"href":"https:\/\/fundaciomallorcaturisme.net\/de\/wp-json\/wp\/v2\/pages"}],"about":[{"href":"https:\/\/fundaciomallorcaturisme.net\/de\/wp-json\/wp\/v2\/types\/page"}],"author":[{"embeddable":true,"href":"https:\/\/fundaciomallorcaturisme.net\/de\/wp-json\/wp\/v2\/users\/1"}],"replies":[{"embeddable":true,"href":"https:\/\/fundaciomallorcaturisme.net\/de\/wp-json\/wp\/v2\/comments?post=2189"}],"version-history":[{"count":5,"href":"https:\/\/fundaciomallorcaturisme.net\/de\/wp-json\/wp\/v2\/pages\/2189\/revisions"}],"predecessor-version":[{"id":4584,"href":"https:\/\/fundaciomallorcaturisme.net\/de\/wp-json\/wp\/v2\/pages\/2189\/revisions\/4584"}],"wp:attachment":[{"href":"https:\/\/fundaciomallorcaturisme.net\/de\/wp-json\/wp\/v2\/media?parent=2189"}],"curies":[{"name":"wp","href":"https:\/\/api.w.org\/{rel}","templated":true}]}}