{"id":2171,"date":"2026-02-11T11:21:57","date_gmt":"2026-02-11T10:21:57","guid":{"rendered":"http:\/\/fundaciomallorcaturisme.net\/pledge\/"},"modified":"2026-04-13T13:47:02","modified_gmt":"2026-04-13T11:47:02","slug":"pledge","status":"publish","type":"page","link":"https:\/\/fundaciomallorcaturisme.net\/de\/pledge\/","title":{"rendered":"Pledge"},"content":{"rendered":"","protected":false},"excerpt":{"rendered":"","protected":false},"author":1,"featured_media":0,"parent":0,"menu_order":0,"comment_status":"closed","ping_status":"closed","template":"page-templates\/contenido_flexible.php","meta":{"_acf_changed":false,"footnotes":""},"class_list":["post-2171","page","type-page","status-publish","hentry"],"acf":{"contenido_flexible":[{"acf_fc_layout":"cabecera","titulo":"<h1>F\u00fcr einen verantwortungsbewussten Tourismus<\/h1>","titulo_grande":false,"subtitulo":"Schlie\u00dfen Sie sich dem Pledge f\u00fcr Mallorca an","texto":"<strong>Mallorca ist unser Zuhause, und wir m\u00f6chten, dass es auch Ihres ist<\/strong>. Wir laden Bewohner und Besucher dazu ein, sich dem Pledge anzuschlie\u00dfen \u2013 einer gemeinsamen Verpflichtung zum Schutz unserer Kultur, zum Respekt gegen\u00fcber der nat\u00fcrlichen Umgebung und zur Gew\u00e4hrleistung des Miteinanders.\r\n\r\nIhre Unterschrift ist der erste Schritt, um das Wesen der Insel zu bewahren.","enlace":{"title":"Schlie\u00dfen Sie sich der Verpflichtung an","url":"https:\/\/pledge.fundaciomallorcaturisme.net\/","target":"_blank"},"flecha_abajo":false,"tiene_video":false,"video":null,"imagenx1":701,"imagenx2":"","logos":""},{"acf_fc_layout":"texto_con_imagen","pretitulo":"Eine Insel, unendliche M\u00f6glichkeiten. Entdecken Sie Ihren perfekten Plan.","titulo":"<span>Mallorca Ca Nostra<\/span><br>Der Herzschlag einer bewussten Insel","subtitulo":"","texto":"Mallorca Ca Nostra ist viel mehr als nur eine Marke; es ist unsere Art, die Welt zu verstehen. \u00dcber die Stiftung f\u00fcr verantwortungsvollen Tourismus Mallorca (Fundaci\u00f3 Turisme Responsable de Mallorca) f\u00f6rdern wir ein ausgewogenes Tourismusmodell, das den Bewohner in das Zentrum aller Entscheidungen stellt:","cta":"","imagen":702,"tiene_video":true,"enlace_video":{"title":"Video ansehen","url":"https:\/\/www.youtube.com\/watch?v=Ibmkb_qcqJ0","target":""},"logos":"","color_de_fondo":"#ffffff","texto_en_blanco":false,"son_enlaces":false,"elementos":[{"enlace":null,"icono":669,"titulo":"Der Bewohner im Mittelpunkt","descripcion":"Wir setzen das Wohlergehen unserer lokalen Gemeinschaft an erste Stelle.","color_de_fondo":"#365abd","texto_blanco":false},{"enlace":null,"icono":670,"titulo":"Bewahrte Identit\u00e4t","descripcion":"Wir sch\u00fctzen die mallorquinische Sprache, Kultur und Traditionen.","color_de_fondo":"#365abd","texto_blanco":false},{"enlace":null,"icono":671,"titulo":"Echtes Gleichgewicht","descripcion":"Wir streben nach Harmonie zwischen dem Genuss des Besuchers und dem t\u00e4glichen Leben auf der Insel.","color_de_fondo":"#365abd","texto_blanco":false}],"imagen_izquierda":false,"margen_superior":60,"margen_inferior":60},{"acf_fc_layout":"texto_con_imagen","pretitulo":"","titulo":"\u00bfWas ist der Pledge?","subtitulo":"Der Pledge ist nicht nur eine Erkl\u00e4rung; er ist ein ethischer Kodex.","texto":"Mit Ihrer Teilnahme verpflichten Sie sich, grundlegende Prinzipien der Nachhaltigkeit zu befolgen: Reduzierung Ihres Wasserverbrauchs, Respekt vor der biologischen Vielfalt unserer Buchten und Unterst\u00fctzung des lokalen Handels. Denn verantwortungsbewusster Tourismus ist jener, der die Insel in einem besseren Zustand hinterl\u00e4sst, als er sie vorgefunden hat.","cta":{"title":"Schlie\u00dfen Sie sich der Verpflichtung an","url":"https:\/\/pledge.fundaciomallorcaturisme.net\/","target":"_blank"},"imagen":264,"tiene_video":false,"enlace_video":null,"logos":"","color_de_fondo":"#365ABD","texto_en_blanco":true,"son_enlaces":false,"elementos":null,"imagen_izquierda":true,"margen_superior":"","margen_inferior":""},{"acf_fc_layout":"grid_elementos_flexible","pretitulo":"S\u00e4ulen der Verpflichtung","titulo":"Unsere <span>gemeinsamen Werte<\/span>","texto":"Der Pledge ist eine gemeinsame Verpflichtung zwischen Bewohnern, Besuchern und Institutionen f\u00fcr eine nachhaltigere und verantwortungsbewusstere Insel.","texto_secundario":"<strong>Ihn zu unterzeichnen bedeutet, gemeinsame Werte zu \u00fcbernehmen<\/strong>: Respekt, Achtsamkeit und Verantwortung gegen\u00fcber all dem, was wir lieben.","cta":{"title":"Schlie\u00dfen Sie sich der Verpflichtung an","url":"https:\/\/pledge.fundaciomallorcaturisme.net\/","target":"_blank"},"logos":"","alineacion":"centrado","elementos":[{"icono":726,"titulo":"Respekt vor der Identit\u00e4t","enlace":"","descripcion":"Sch\u00e4tzen Sie unsere Traditionen, unsere Sprache und unser historisches Erbe.","color_de_fondo":"#365abd","texto_blanco":true},{"icono":727,"titulo":"Schutz der Umgebung","enlace":"","descripcion":"Sch\u00fctzen Sie das Wasser, die W\u00e4lder und das Meer. Vermeiden Sie Abf\u00e4lle an unseren Str\u00e4nden.","color_de_fondo":"#365abd","texto_blanco":true},{"icono":728,"titulo":"Harmonisches Miteinander","enlace":"","descripcion":"Seien Sie ein bewusster Besucher, der die Ruhe und das Leben der Bewohner respektiert.","color_de_fondo":"#365abd","texto_blanco":true}],"estilo":"centrado","color_de_fondo":"#f5f5f5","texto_blanco":false,"ilustracion":""},{"acf_fc_layout":"formulario","pretitulo":"Schlie\u00dfen Sie sich der Verpflichtung an","titulo":"<span>Helfen Sie uns, ein lebendigeres, respektierteres und mehr zu uns geh\u00f6rendes Mallorca m\u00f6glich zu machen<\/span>","texto":"","color_de_fondo_contenido":"#cfd7ef","ilustracion_contenido":746,"id_formulario":4,"color_de_fondo_formulario":"#f5f5f5"},{"acf_fc_layout":"texto_full","texto":"viumallorca"},{"acf_fc_layout":"grid_elementos_flexible","pretitulo":"Schnellplanung","titulo":"Haben Sie schon ein <span>Reiseziel gew\u00e4hlt?<\/span>","texto":"Wir m\u00f6chten, dass Ihr Erlebnis auf Mallorca vom ersten Moment an perfekt ist. Hier finden Sie alles \u2013 von der Anreise und den Unterk\u00fcnften bis hin zu praktischen Dokumenten und den Verkehrsmitteln, die Sie nutzen k\u00f6nnen.","texto_secundario":"","cta":"","logos":"","alineacion":"izquierda","elementos":[{"icono":"","titulo":"Anreise und Mobilit\u00e4t auf der Insel por la Isla","enlace":"http:\/\/fundaciomallorcaturisme.net\/de\/plane\/anreise\/","descripcion":"","color_de_fondo":"#9bcbeb","texto_blanco":true},{"icono":"","titulo":"Finden Sie die ideale Unterkunft","enlace":"http:\/\/fundaciomallorcaturisme.net\/de\/plane\/unterkuenfte\/","descripcion":"","color_de_fondo":"#ef9600","texto_blanco":false},{"icono":"","titulo":"Anreise mit F\u00e4hre und Bus","enlace":"http:\/\/fundaciomallorcaturisme.net\/de\/plane\/transport\/","descripcion":"","color_de_fondo":"#365abd","texto_blanco":true},{"icono":"","titulo":"Praktische Informationen","enlace":"http:\/\/fundaciomallorcaturisme.net\/de\/plane\/praktische-informationen\/","descripcion":"","color_de_fondo":"#ffc600","texto_blanco":false}],"estilo":"fila","color_de_fondo":"","texto_blanco":false,"ilustracion":""}]},"yoast_head":"<!-- This site is optimized with the Yoast SEO plugin v27.7 - https:\/\/yoast.com\/product\/yoast-seo-wordpress\/ -->\n<title>Unsere Verpflichtung: Der Pledge | Consell de Mallorca<\/title>\n<meta name=\"robots\" content=\"index, follow, max-snippet:-1, max-image-preview:large, max-video-preview:-1\" \/>\n<link rel=\"canonical\" href=\"https:\/\/fundaciomallorcaturisme.net\/de\/pledge\/\" \/>\n<meta property=\"og:locale\" content=\"de_DE\" \/>\n<meta property=\"og:type\" content=\"article\" \/>\n<meta property=\"og:title\" content=\"Unsere Verpflichtung: Der Pledge | Consell de Mallorca\" \/>\n<meta property=\"og:url\" content=\"https:\/\/fundaciomallorcaturisme.net\/de\/pledge\/\" \/>\n<meta property=\"og:site_name\" content=\"Consell de Mallorca\" \/>\n<meta property=\"article:publisher\" content=\"https:\/\/www.facebook.com\/ConselldeMca\/\" \/>\n<meta property=\"article:modified_time\" content=\"2026-04-13T11:47:02+00:00\" \/>\n<meta property=\"og:image\" content=\"https:\/\/fundaciomallorcaturisme.net\/wp-content\/uploads\/2026\/02\/planificax2.jpg\" \/>\n\t<meta property=\"og:image:width\" content=\"1346\" \/>\n\t<meta property=\"og:image:height\" content=\"1094\" \/>\n\t<meta property=\"og:image:type\" content=\"image\/jpeg\" \/>\n<meta name=\"twitter:card\" content=\"summary_large_image\" \/>\n<meta name=\"twitter:site\" content=\"@ConselldeMca\" \/>\n<script type=\"application\/ld+json\" class=\"yoast-schema-graph\">{\"@context\":\"https:\\\/\\\/schema.org\",\"@graph\":[{\"@type\":\"WebPage\",\"@id\":\"https:\\\/\\\/fundaciomallorcaturisme.net\\\/de\\\/pledge\\\/\",\"url\":\"https:\\\/\\\/fundaciomallorcaturisme.net\\\/de\\\/pledge\\\/\",\"name\":\"Unsere Verpflichtung: Der Pledge | Consell de Mallorca\",\"isPartOf\":{\"@id\":\"https:\\\/\\\/fundaciomallorcaturisme.net\\\/de\\\/#website\"},\"datePublished\":\"2026-02-11T10:21:57+00:00\",\"dateModified\":\"2026-04-13T11:47:02+00:00\",\"breadcrumb\":{\"@id\":\"https:\\\/\\\/fundaciomallorcaturisme.net\\\/de\\\/pledge\\\/#breadcrumb\"},\"inLanguage\":\"de\",\"potentialAction\":[{\"@type\":\"ReadAction\",\"target\":[\"https:\\\/\\\/fundaciomallorcaturisme.net\\\/de\\\/pledge\\\/\"]}]},{\"@type\":\"BreadcrumbList\",\"@id\":\"https:\\\/\\\/fundaciomallorcaturisme.net\\\/de\\\/pledge\\\/#breadcrumb\",\"itemListElement\":[{\"@type\":\"ListItem\",\"position\":1,\"name\":\"Startseite\",\"item\":\"https:\\\/\\\/fundaciomallorcaturisme.net\\\/de\\\/\"},{\"@type\":\"ListItem\",\"position\":2,\"name\":\"Pledge\"}]},{\"@type\":\"WebSite\",\"@id\":\"https:\\\/\\\/fundaciomallorcaturisme.net\\\/de\\\/#website\",\"url\":\"https:\\\/\\\/fundaciomallorcaturisme.net\\\/de\\\/\",\"name\":\"Consell de Mallorca\",\"description\":\"\",\"publisher\":{\"@id\":\"https:\\\/\\\/fundaciomallorcaturisme.net\\\/de\\\/#organization\"},\"alternateName\":\"Mallorca Turisme\",\"potentialAction\":[{\"@type\":\"SearchAction\",\"target\":{\"@type\":\"EntryPoint\",\"urlTemplate\":\"https:\\\/\\\/fundaciomallorcaturisme.net\\\/de\\\/?s={search_term_string}\"},\"query-input\":{\"@type\":\"PropertyValueSpecification\",\"valueRequired\":true,\"valueName\":\"search_term_string\"}}],\"inLanguage\":\"de\"},{\"@type\":\"Organization\",\"@id\":\"https:\\\/\\\/fundaciomallorcaturisme.net\\\/de\\\/#organization\",\"name\":\"Consell de Mallorca\",\"alternateName\":\"Mallorca Turisme\",\"url\":\"https:\\\/\\\/fundaciomallorcaturisme.net\\\/de\\\/\",\"logo\":{\"@type\":\"ImageObject\",\"inLanguage\":\"de\",\"@id\":\"https:\\\/\\\/fundaciomallorcaturisme.net\\\/de\\\/#\\\/schema\\\/logo\\\/image\\\/\",\"url\":\"http:\\\/\\\/fundaciomallorcaturisme.net\\\/wp-content\\\/uploads\\\/2026\\\/03\\\/logo.webp\",\"contentUrl\":\"http:\\\/\\\/fundaciomallorcaturisme.net\\\/wp-content\\\/uploads\\\/2026\\\/03\\\/logo.webp\",\"width\":696,\"height\":570,\"caption\":\"Consell de Mallorca\"},\"image\":{\"@id\":\"https:\\\/\\\/fundaciomallorcaturisme.net\\\/de\\\/#\\\/schema\\\/logo\\\/image\\\/\"},\"sameAs\":[\"https:\\\/\\\/www.facebook.com\\\/ConselldeMca\\\/\",\"https:\\\/\\\/x.com\\\/ConselldeMca\",\"https:\\\/\\\/www.instagram.com\\\/conselldemca\\\/\",\"https:\\\/\\\/www.youtube.com\\\/user\\\/conselldemallorca\"]}]}<\/script>\n<!-- \/ Yoast SEO plugin. -->","yoast_head_json":{"title":"Unsere Verpflichtung: Der Pledge | Consell de Mallorca","robots":{"index":"index","follow":"follow","max-snippet":"max-snippet:-1","max-image-preview":"max-image-preview:large","max-video-preview":"max-video-preview:-1"},"canonical":"https:\/\/fundaciomallorcaturisme.net\/de\/pledge\/","og_locale":"de_DE","og_type":"article","og_title":"Unsere Verpflichtung: Der Pledge | Consell de Mallorca","og_url":"https:\/\/fundaciomallorcaturisme.net\/de\/pledge\/","og_site_name":"Consell de Mallorca","article_publisher":"https:\/\/www.facebook.com\/ConselldeMca\/","article_modified_time":"2026-04-13T11:47:02+00:00","og_image":[{"width":1346,"height":1094,"url":"https:\/\/fundaciomallorcaturisme.net\/wp-content\/uploads\/2026\/02\/planificax2.jpg","type":"image\/jpeg"}],"twitter_card":"summary_large_image","twitter_site":"@ConselldeMca","schema":{"@context":"https:\/\/schema.org","@graph":[{"@type":"WebPage","@id":"https:\/\/fundaciomallorcaturisme.net\/de\/pledge\/","url":"https:\/\/fundaciomallorcaturisme.net\/de\/pledge\/","name":"Unsere Verpflichtung: Der Pledge | Consell de Mallorca","isPartOf":{"@id":"https:\/\/fundaciomallorcaturisme.net\/de\/#website"},"datePublished":"2026-02-11T10:21:57+00:00","dateModified":"2026-04-13T11:47:02+00:00","breadcrumb":{"@id":"https:\/\/fundaciomallorcaturisme.net\/de\/pledge\/#breadcrumb"},"inLanguage":"de","potentialAction":[{"@type":"ReadAction","target":["https:\/\/fundaciomallorcaturisme.net\/de\/pledge\/"]}]},{"@type":"BreadcrumbList","@id":"https:\/\/fundaciomallorcaturisme.net\/de\/pledge\/#breadcrumb","itemListElement":[{"@type":"ListItem","position":1,"name":"Startseite","item":"https:\/\/fundaciomallorcaturisme.net\/de\/"},{"@type":"ListItem","position":2,"name":"Pledge"}]},{"@type":"WebSite","@id":"https:\/\/fundaciomallorcaturisme.net\/de\/#website","url":"https:\/\/fundaciomallorcaturisme.net\/de\/","name":"Consell de Mallorca","description":"","publisher":{"@id":"https:\/\/fundaciomallorcaturisme.net\/de\/#organization"},"alternateName":"Mallorca Turisme","potentialAction":[{"@type":"SearchAction","target":{"@type":"EntryPoint","urlTemplate":"https:\/\/fundaciomallorcaturisme.net\/de\/?s={search_term_string}"},"query-input":{"@type":"PropertyValueSpecification","valueRequired":true,"valueName":"search_term_string"}}],"inLanguage":"de"},{"@type":"Organization","@id":"https:\/\/fundaciomallorcaturisme.net\/de\/#organization","name":"Consell de Mallorca","alternateName":"Mallorca Turisme","url":"https:\/\/fundaciomallorcaturisme.net\/de\/","logo":{"@type":"ImageObject","inLanguage":"de","@id":"https:\/\/fundaciomallorcaturisme.net\/de\/#\/schema\/logo\/image\/","url":"http:\/\/fundaciomallorcaturisme.net\/wp-content\/uploads\/2026\/03\/logo.webp","contentUrl":"http:\/\/fundaciomallorcaturisme.net\/wp-content\/uploads\/2026\/03\/logo.webp","width":696,"height":570,"caption":"Consell de Mallorca"},"image":{"@id":"https:\/\/fundaciomallorcaturisme.net\/de\/#\/schema\/logo\/image\/"},"sameAs":["https:\/\/www.facebook.com\/ConselldeMca\/","https:\/\/x.com\/ConselldeMca","https:\/\/www.instagram.com\/conselldemca\/","https:\/\/www.youtube.com\/user\/conselldemallorca"]}]}},"_links":{"self":[{"href":"https:\/\/fundaciomallorcaturisme.net\/de\/wp-json\/wp\/v2\/pages\/2171","targetHints":{"allow":["GET"]}}],"collection":[{"href":"https:\/\/fundaciomallorcaturisme.net\/de\/wp-json\/wp\/v2\/pages"}],"about":[{"href":"https:\/\/fundaciomallorcaturisme.net\/de\/wp-json\/wp\/v2\/types\/page"}],"author":[{"embeddable":true,"href":"https:\/\/fundaciomallorcaturisme.net\/de\/wp-json\/wp\/v2\/users\/1"}],"replies":[{"embeddable":true,"href":"https:\/\/fundaciomallorcaturisme.net\/de\/wp-json\/wp\/v2\/comments?post=2171"}],"version-history":[{"count":4,"href":"https:\/\/fundaciomallorcaturisme.net\/de\/wp-json\/wp\/v2\/pages\/2171\/revisions"}],"predecessor-version":[{"id":4806,"href":"https:\/\/fundaciomallorcaturisme.net\/de\/wp-json\/wp\/v2\/pages\/2171\/revisions\/4806"}],"wp:attachment":[{"href":"https:\/\/fundaciomallorcaturisme.net\/de\/wp-json\/wp\/v2\/media?parent=2171"}],"curies":[{"name":"wp","href":"https:\/\/api.w.org\/{rel}","templated":true}]}}