{"id":2165,"date":"2026-02-03T17:35:09","date_gmt":"2026-02-03T16:35:09","guid":{"rendered":"http:\/\/fundaciomallorcaturisme.net\/planifica\/"},"modified":"2026-03-19T11:44:50","modified_gmt":"2026-03-19T10:44:50","slug":"plane","status":"publish","type":"page","link":"https:\/\/fundaciomallorcaturisme.net\/de\/plane\/","title":{"rendered":"Plane"},"content":{"rendered":"","protected":false},"excerpt":{"rendered":"","protected":false},"author":1,"featured_media":0,"parent":0,"menu_order":0,"comment_status":"closed","ping_status":"closed","template":"page-templates\/contenido_flexible.php","meta":{"_acf_changed":false,"footnotes":""},"class_list":["post-2165","page","type-page","status-publish","hentry"],"acf":{"contenido_flexible":[{"acf_fc_layout":"cabecera","titulo":"<h1>Planen Sie Ihre Reise nach Mallorca: Praktischer und offizieller Leitfaden<\/h1>","titulo_grande":false,"subtitulo":"Alles, was Sie vor Ihrer Ankunft wissen m\u00fcssen","texto":"Die Planung Ihres Aufenthalts auf der Insel war noch nie so einfach. Von der Anreise per Schiff oder Flugzeug bis hin zur Suche nach der perfekten Unterkunft, die am besten zu Ihnen passt \u2013 hier finden Sie alle notwendigen Informationen, damit Ihre einzige Sorge darin besteht, Mallorca bewusst und sicher zu genie\u00dfen.","enlace":"","flecha_abajo":true,"tiene_video":false,"video":null,"imagenx1":493,"imagenx2":494,"logos":""},{"acf_fc_layout":"grid_elementos_flexible","pretitulo":"Logistik und Transport","titulo":"Anreise und <span>Mobilit\u00e4t auf der Insel<\/span>","texto":"Mallorca ist mit der Welt und mit Ihnen verbunden. Egal, ob Sie mit der F\u00e4hre \u00fcber das Mittelmeer anreisen oder auf unserem internationalen Flughafen landen \u2013 hier finden Sie alle wichtigen Informationen f\u00fcr eine reibungslose Fortbewegung. Nutzen Sie unser \u00f6ffentliches Verkehrsnetz oder informieren Sie sich \u00fcber private Mobilit\u00e4tsangebote, um jeden Winkel der Insel in v\u00f6lliger Freiheit zu entdecken.","texto_secundario":"","cta":"","logos":"","alineacion":"izquierda","elementos":[{"icono":"","titulo":"Anreise nach Mallorca","enlace":"http:\/\/fundaciomallorcaturisme.net\/de\/plane\/anreise\/","descripcion":"Informieren Sie sich \u00fcber Flugverbindungen und F\u00e4hrstrecken vom Festland.","color_de_fondo":"#ef9600","texto_blanco":false},{"icono":"","titulo":"\u00d6ffentlicher Nahverkehr (TIB)","enlace":"http:\/\/fundaciomallorcaturisme.net\/de\/plane\/transport\/","descripcion":"Nachhaltige Mobilit\u00e4t ist m\u00f6glich. Finden Sie Buslinien, die Palma mit den Gemeinden verbinden, sowie Fahrpl\u00e4ne f\u00fcr Zug und Metro.","color_de_fondo":"#9bcbeb","texto_blanco":false}],"estilo":"fila","color_de_fondo":"","texto_blanco":false,"ilustracion":""},{"acf_fc_layout":"texto_full","texto":"viumallorca"},{"acf_fc_layout":"texto_con_imagen","pretitulo":"Praktische Informationen","titulo":"N\u00fctzlicher Reisef\u00fchrer","subtitulo":"","texto":"Planen Sie Ihre Reise mit allem, was Sie \u00fcber Transport, Sicherheit und wichtige Dienstleistungen wissen m\u00fcssen. So k\u00f6nnen Sie die Insel Mallorca v\u00f6llig unbesorgt erkunden.","cta":"","imagen":495,"tiene_video":false,"enlace_video":null,"logos":"","color_de_fondo":"#ffffff","texto_en_blanco":false,"son_enlaces":false,"elementos":null,"imagen_izquierda":true,"margen_superior":"","margen_inferior":""},{"acf_fc_layout":"texto_con_imagen","pretitulo":"Praktische Informationen und Sicherheit","titulo":"<span>Tipps und Wissenswertes<\/span> f\u00fcr Ihre Reise","subtitulo":"","texto":"Wir m\u00f6chten, dass Sie sich vom ersten Moment an wie zu Hause f\u00fchlen. Damit Sie Ihren Aufenthalt ohne unvorhergesehene Ereignisse genie\u00dfen k\u00f6nnen, haben wir alle wichtigen praktischen Informationen zusammengestellt: von der Wettervorhersage und den Gesundheitsdiensten bis hin zu Sicherheitstipps und lokalen Vorschriften. Alles, was Sie wissen m\u00fcssen, um sich sicher zu bewegen und Mallorca in aller Ruhe zu erleben.","cta":"","imagen":497,"tiene_video":false,"enlace_video":null,"logos":"","color_de_fondo":"#ffffff","texto_en_blanco":false,"son_enlaces":true,"elementos":[{"enlace":{"title":"Unterkunft","url":"http:\/\/fundaciomallorcaturisme.net\/de\/plane\/unterkuenfte\/","target":""},"icono":null,"titulo":"","descripcion":"Entspannen Sie in einzigartiger Umgebung und erwachen Sie im Herzen des Mittelmeers.","color_de_fondo":"#f5f5f5","texto_blanco":false},{"enlace":{"title":"Verf\u00fcgbare Ziele","url":"http:\/\/fundaciomallorcaturisme.net\/de\/reiseziele\/","target":""},"icono":null,"titulo":"","descripcion":"Finden Sie Ihr ideales Reiseziel. Mallorca hat viel zu bieten.","color_de_fondo":"#f5f5f5","texto_blanco":false},{"enlace":{"title":"N\u00fctzliche Informationen","url":"http:\/\/fundaciomallorcaturisme.net\/de\/plane\/praktische-informationen\/","target":""},"icono":null,"titulo":"","descripcion":"W\u00e4hrung, Laden\u00f6ffnungszeiten und Tipps f\u00fcr einen verantwortungsbewussten Wasserverbrauch.","color_de_fondo":"#f5f5f5","texto_blanco":false},{"enlace":{"title":"Verf\u00fcgbare Pl\u00e4ne","url":"http:\/\/fundaciomallorcaturisme.net\/de\/was-man-unternehmen-kann\/erlebnisse\/","target":""},"icono":null,"titulo":"","descripcion":"Wie m\u00f6chten Sie die Insel am liebsten entdecken?","color_de_fondo":"#f5f5f5","texto_blanco":false}],"imagen_izquierda":false,"margen_superior":"","margen_inferior":""},{"acf_fc_layout":"texto_con_imagen","pretitulo":"","titulo":"Verantwortungsbewusst planen","subtitulo":"","texto":"Ihr Besuch hat Auswirkungen. Wir laden Sie ein, sich bereits vor Ihrer Ankunft unserem \u201ePledge for Mallorca\u201c anzuschlie\u00dfen. Erfahren Sie, wie Ihre Entscheidungen w\u00e4hrend der Reise dazu beitragen, das Paradies zu bewahren, das Sie entdecken m\u00f6chten.","cta":{"title":"Schlie\u00dfen Sie sich dem Pledge an","url":"http:\/\/fundaciomallorcaturisme.net\/de\/pledge\/","target":""},"imagen":241,"tiene_video":false,"enlace_video":null,"logos":"","color_de_fondo":"#365ABD","texto_en_blanco":true,"son_enlaces":false,"elementos":null,"imagen_izquierda":true,"margen_superior":"","margen_inferior":""}]},"yoast_head":"<!-- This site is optimized with the Yoast SEO plugin v27.7 - https:\/\/yoast.com\/product\/yoast-seo-wordpress\/ -->\n<title>Plane - Consell de Mallorca<\/title>\n<meta name=\"robots\" content=\"index, follow, max-snippet:-1, max-image-preview:large, max-video-preview:-1\" \/>\n<link rel=\"canonical\" href=\"https:\/\/fundaciomallorcaturisme.net\/de\/plane\/\" \/>\n<meta property=\"og:locale\" content=\"de_DE\" \/>\n<meta property=\"og:type\" content=\"article\" \/>\n<meta property=\"og:title\" content=\"Plane - Consell de Mallorca\" \/>\n<meta property=\"og:url\" content=\"https:\/\/fundaciomallorcaturisme.net\/de\/plane\/\" \/>\n<meta property=\"og:site_name\" content=\"Consell de Mallorca\" \/>\n<meta property=\"article:publisher\" content=\"https:\/\/www.facebook.com\/ConselldeMca\/\" \/>\n<meta property=\"article:modified_time\" content=\"2026-03-19T10:44:50+00:00\" \/>\n<meta property=\"og:image\" content=\"https:\/\/fundaciomallorcaturisme.net\/wp-content\/uploads\/2026\/02\/planificax2.jpg\" \/>\n\t<meta property=\"og:image:width\" content=\"1346\" \/>\n\t<meta property=\"og:image:height\" content=\"1094\" \/>\n\t<meta property=\"og:image:type\" content=\"image\/jpeg\" \/>\n<meta name=\"twitter:card\" content=\"summary_large_image\" \/>\n<meta name=\"twitter:site\" content=\"@ConselldeMca\" \/>\n<script type=\"application\/ld+json\" class=\"yoast-schema-graph\">{\"@context\":\"https:\\\/\\\/schema.org\",\"@graph\":[{\"@type\":\"WebPage\",\"@id\":\"https:\\\/\\\/fundaciomallorcaturisme.net\\\/de\\\/plane\\\/\",\"url\":\"https:\\\/\\\/fundaciomallorcaturisme.net\\\/de\\\/plane\\\/\",\"name\":\"Plane - Consell de Mallorca\",\"isPartOf\":{\"@id\":\"https:\\\/\\\/fundaciomallorcaturisme.net\\\/de\\\/#website\"},\"datePublished\":\"2026-02-03T16:35:09+00:00\",\"dateModified\":\"2026-03-19T10:44:50+00:00\",\"breadcrumb\":{\"@id\":\"https:\\\/\\\/fundaciomallorcaturisme.net\\\/de\\\/plane\\\/#breadcrumb\"},\"inLanguage\":\"de\",\"potentialAction\":[{\"@type\":\"ReadAction\",\"target\":[\"https:\\\/\\\/fundaciomallorcaturisme.net\\\/de\\\/plane\\\/\"]}]},{\"@type\":\"BreadcrumbList\",\"@id\":\"https:\\\/\\\/fundaciomallorcaturisme.net\\\/de\\\/plane\\\/#breadcrumb\",\"itemListElement\":[{\"@type\":\"ListItem\",\"position\":1,\"name\":\"Startseite\",\"item\":\"https:\\\/\\\/fundaciomallorcaturisme.net\\\/de\\\/\"},{\"@type\":\"ListItem\",\"position\":2,\"name\":\"Plane\"}]},{\"@type\":\"WebSite\",\"@id\":\"https:\\\/\\\/fundaciomallorcaturisme.net\\\/de\\\/#website\",\"url\":\"https:\\\/\\\/fundaciomallorcaturisme.net\\\/de\\\/\",\"name\":\"Consell de Mallorca\",\"description\":\"\",\"publisher\":{\"@id\":\"https:\\\/\\\/fundaciomallorcaturisme.net\\\/de\\\/#organization\"},\"alternateName\":\"Mallorca Turisme\",\"potentialAction\":[{\"@type\":\"SearchAction\",\"target\":{\"@type\":\"EntryPoint\",\"urlTemplate\":\"https:\\\/\\\/fundaciomallorcaturisme.net\\\/de\\\/?s={search_term_string}\"},\"query-input\":{\"@type\":\"PropertyValueSpecification\",\"valueRequired\":true,\"valueName\":\"search_term_string\"}}],\"inLanguage\":\"de\"},{\"@type\":\"Organization\",\"@id\":\"https:\\\/\\\/fundaciomallorcaturisme.net\\\/de\\\/#organization\",\"name\":\"Consell de Mallorca\",\"alternateName\":\"Mallorca Turisme\",\"url\":\"https:\\\/\\\/fundaciomallorcaturisme.net\\\/de\\\/\",\"logo\":{\"@type\":\"ImageObject\",\"inLanguage\":\"de\",\"@id\":\"https:\\\/\\\/fundaciomallorcaturisme.net\\\/de\\\/#\\\/schema\\\/logo\\\/image\\\/\",\"url\":\"http:\\\/\\\/fundaciomallorcaturisme.net\\\/wp-content\\\/uploads\\\/2026\\\/03\\\/logo.webp\",\"contentUrl\":\"http:\\\/\\\/fundaciomallorcaturisme.net\\\/wp-content\\\/uploads\\\/2026\\\/03\\\/logo.webp\",\"width\":696,\"height\":570,\"caption\":\"Consell de Mallorca\"},\"image\":{\"@id\":\"https:\\\/\\\/fundaciomallorcaturisme.net\\\/de\\\/#\\\/schema\\\/logo\\\/image\\\/\"},\"sameAs\":[\"https:\\\/\\\/www.facebook.com\\\/ConselldeMca\\\/\",\"https:\\\/\\\/x.com\\\/ConselldeMca\",\"https:\\\/\\\/www.instagram.com\\\/conselldemca\\\/\",\"https:\\\/\\\/www.youtube.com\\\/user\\\/conselldemallorca\"]}]}<\/script>\n<!-- \/ Yoast SEO plugin. -->","yoast_head_json":{"title":"Plane - Consell de Mallorca","robots":{"index":"index","follow":"follow","max-snippet":"max-snippet:-1","max-image-preview":"max-image-preview:large","max-video-preview":"max-video-preview:-1"},"canonical":"https:\/\/fundaciomallorcaturisme.net\/de\/plane\/","og_locale":"de_DE","og_type":"article","og_title":"Plane - Consell de Mallorca","og_url":"https:\/\/fundaciomallorcaturisme.net\/de\/plane\/","og_site_name":"Consell de Mallorca","article_publisher":"https:\/\/www.facebook.com\/ConselldeMca\/","article_modified_time":"2026-03-19T10:44:50+00:00","og_image":[{"width":1346,"height":1094,"url":"https:\/\/fundaciomallorcaturisme.net\/wp-content\/uploads\/2026\/02\/planificax2.jpg","type":"image\/jpeg"}],"twitter_card":"summary_large_image","twitter_site":"@ConselldeMca","schema":{"@context":"https:\/\/schema.org","@graph":[{"@type":"WebPage","@id":"https:\/\/fundaciomallorcaturisme.net\/de\/plane\/","url":"https:\/\/fundaciomallorcaturisme.net\/de\/plane\/","name":"Plane - Consell de Mallorca","isPartOf":{"@id":"https:\/\/fundaciomallorcaturisme.net\/de\/#website"},"datePublished":"2026-02-03T16:35:09+00:00","dateModified":"2026-03-19T10:44:50+00:00","breadcrumb":{"@id":"https:\/\/fundaciomallorcaturisme.net\/de\/plane\/#breadcrumb"},"inLanguage":"de","potentialAction":[{"@type":"ReadAction","target":["https:\/\/fundaciomallorcaturisme.net\/de\/plane\/"]}]},{"@type":"BreadcrumbList","@id":"https:\/\/fundaciomallorcaturisme.net\/de\/plane\/#breadcrumb","itemListElement":[{"@type":"ListItem","position":1,"name":"Startseite","item":"https:\/\/fundaciomallorcaturisme.net\/de\/"},{"@type":"ListItem","position":2,"name":"Plane"}]},{"@type":"WebSite","@id":"https:\/\/fundaciomallorcaturisme.net\/de\/#website","url":"https:\/\/fundaciomallorcaturisme.net\/de\/","name":"Consell de Mallorca","description":"","publisher":{"@id":"https:\/\/fundaciomallorcaturisme.net\/de\/#organization"},"alternateName":"Mallorca Turisme","potentialAction":[{"@type":"SearchAction","target":{"@type":"EntryPoint","urlTemplate":"https:\/\/fundaciomallorcaturisme.net\/de\/?s={search_term_string}"},"query-input":{"@type":"PropertyValueSpecification","valueRequired":true,"valueName":"search_term_string"}}],"inLanguage":"de"},{"@type":"Organization","@id":"https:\/\/fundaciomallorcaturisme.net\/de\/#organization","name":"Consell de Mallorca","alternateName":"Mallorca Turisme","url":"https:\/\/fundaciomallorcaturisme.net\/de\/","logo":{"@type":"ImageObject","inLanguage":"de","@id":"https:\/\/fundaciomallorcaturisme.net\/de\/#\/schema\/logo\/image\/","url":"http:\/\/fundaciomallorcaturisme.net\/wp-content\/uploads\/2026\/03\/logo.webp","contentUrl":"http:\/\/fundaciomallorcaturisme.net\/wp-content\/uploads\/2026\/03\/logo.webp","width":696,"height":570,"caption":"Consell de Mallorca"},"image":{"@id":"https:\/\/fundaciomallorcaturisme.net\/de\/#\/schema\/logo\/image\/"},"sameAs":["https:\/\/www.facebook.com\/ConselldeMca\/","https:\/\/x.com\/ConselldeMca","https:\/\/www.instagram.com\/conselldemca\/","https:\/\/www.youtube.com\/user\/conselldemallorca"]}]}},"_links":{"self":[{"href":"https:\/\/fundaciomallorcaturisme.net\/de\/wp-json\/wp\/v2\/pages\/2165","targetHints":{"allow":["GET"]}}],"collection":[{"href":"https:\/\/fundaciomallorcaturisme.net\/de\/wp-json\/wp\/v2\/pages"}],"about":[{"href":"https:\/\/fundaciomallorcaturisme.net\/de\/wp-json\/wp\/v2\/types\/page"}],"author":[{"embeddable":true,"href":"https:\/\/fundaciomallorcaturisme.net\/de\/wp-json\/wp\/v2\/users\/1"}],"replies":[{"embeddable":true,"href":"https:\/\/fundaciomallorcaturisme.net\/de\/wp-json\/wp\/v2\/comments?post=2165"}],"version-history":[{"count":3,"href":"https:\/\/fundaciomallorcaturisme.net\/de\/wp-json\/wp\/v2\/pages\/2165\/revisions"}],"predecessor-version":[{"id":4322,"href":"https:\/\/fundaciomallorcaturisme.net\/de\/wp-json\/wp\/v2\/pages\/2165\/revisions\/4322"}],"wp:attachment":[{"href":"https:\/\/fundaciomallorcaturisme.net\/de\/wp-json\/wp\/v2\/media?parent=2165"}],"curies":[{"name":"wp","href":"https:\/\/api.w.org\/{rel}","templated":true}]}}