{"id":2159,"date":"2026-02-18T14:39:39","date_gmt":"2026-02-18T13:39:39","guid":{"rendered":"http:\/\/fundaciomallorcaturisme.net\/observatorio\/"},"modified":"2026-03-19T20:39:52","modified_gmt":"2026-03-19T19:39:52","slug":"observatorium","status":"publish","type":"page","link":"https:\/\/fundaciomallorcaturisme.net\/de\/observatorium\/","title":{"rendered":"Observatorium"},"content":{"rendered":"","protected":false},"excerpt":{"rendered":"","protected":false},"author":1,"featured_media":0,"parent":0,"menu_order":0,"comment_status":"closed","ping_status":"closed","template":"page-templates\/contenido_flexible.php","meta":{"_acf_changed":false,"footnotes":""},"class_list":["post-2159","page","type-page","status-publish","hentry"],"acf":{"contenido_flexible":[{"acf_fc_layout":"cabecera","titulo":"<h1>Beobachtungsstelle f\u00fcr nachhaltigen Tourismus auf Mallorca<\/h1>","titulo_grande":false,"subtitulo":"Intelligenz f\u00fcr die Zukunft","texto":"<strong>Der Inselrat von Mallorca<\/strong> (Consell de Mallorca) <strong>f\u00f6rdert den nachhaltigen Tourismus<\/strong> auf <strong>Mallorca<\/strong> \u00fcber diese Beobachtungsstelle durch die Stiftung f\u00fcr verantwortungsvollen Tourismus Mallorca (Fundaci\u00f3 Turisme Responsable de Mallorca \u2013 FTRM).","enlace":{"title":"Zugang zur Beobachtungsstelle","url":"https:\/\/stomallorca.com","target":"_blank"},"flecha_abajo":false,"tiene_video":false,"video":null,"imagenx1":864,"imagenx2":865,"logos":""},{"acf_fc_layout":"texto_con_imagen","pretitulo":"Was ist die Beobachtungsstelle?","titulo":"Auf dem Weg zu einem wettbewerbsf\u00e4higeren Tourismusmodell: <span>das Engagement des STO Mallorca<\/span>","subtitulo":"","texto":"<strong>Im Einklang mit der Weltorganisation f\u00fcr Tourismus (UN Tourism)<\/strong> nutzt das STO Mallorca Next-Generation-EU-Mittel, um das Tourismusmodell Mallorcas und der Balearen hin zu einem wettbewerbsf\u00e4higeren und produktiveren Modell zu transformieren.","cta":"","imagen":866,"tiene_video":false,"enlace_video":null,"logos":"","color_de_fondo":"#ffffff","texto_en_blanco":false,"son_enlaces":false,"elementos":null,"imagen_izquierda":false,"margen_superior":60,"margen_inferior":""},{"acf_fc_layout":"texto_con_imagen","pretitulo":"","titulo":"Visiten und strategische <br><span>Ziele<\/span>","subtitulo":"","texto":"Unsere Mission ist es, die Wertsch\u00f6pfungskette durch ein <strong>Tourismus-Intelligenz-System<\/strong> (SIT) zu steuern, das die Insel unter den f\u00fchrenden Reisezielen im Qualit\u00e4tsmanagement positioniert. Zu diesem Zweck setzen wir folgende Ziele f\u00fcr nachhaltige Entwicklung als Priorit\u00e4t:","cta":"","imagen":867,"tiene_video":false,"enlace_video":null,"logos":"","color_de_fondo":"#ffffff","texto_en_blanco":false,"son_enlaces":false,"elementos":[{"enlace":null,"icono":"","titulo":"Gesundheit und Wohlergehen","descripcion":"\u00dcberwachung der \u00f6ffentlichen Sicherheit und Gesundheit in touristischen Gebieten.","color_de_fondo":"","texto_blanco":false},{"enlace":null,"icono":"","titulo":"Sauberes Wasser und Sanit\u00e4reinrichtungen","descripcion":"Effiziente Bewirtschaftung der Wasserressourcen und Abwasserreinigung.","color_de_fondo":"","texto_blanco":false},{"enlace":null,"icono":"","titulo":"Industrie, Innovation und Infrastruktur","descripcion":"F\u00f6rderung von Innovation und Produktivit\u00e4t innerhalb des Sektors.","color_de_fondo":"","texto_blanco":false},{"enlace":null,"icono":"","titulo":"Nachhaltige St\u00e4dte und Gemeinden","descripcion":"Verbesserung der lokalen Zufriedenheit und der Stadtplanung.","color_de_fondo":"","texto_blanco":false},{"enlace":null,"icono":"","titulo":"Ma\u00dfnahmen zum Klimaschutz","descripcion":"Messung von Emissionen und Klimaschutzma\u00dfnahmen zur Milderung der Umweltauswirkungen.","color_de_fondo":"","texto_blanco":false}],"imagen_izquierda":true,"margen_superior":"","margen_inferior":60},{"acf_fc_layout":"grid_elementos_flexible","pretitulo":"STO Mallorca","titulo":"Eine Tourismuskarte Mallorcas auf Datenbasis","texto":"Das <strong>Observatorio<\/strong> schafft <strong>Synergien zwischen dem \u00f6ffentlichen und dem privaten Sektor<\/strong>, damit Entscheidungen auf realen Daten \u00fcber die Bev\u00f6lkerung der Balearen und ihre Umgebung basieren. Alle Informationen \u00fcber touristische Orte auf Mallorca und die Auswirkungen der Aktivit\u00e4t stehen zur Einsichtnahme zur Verf\u00fcgung.","texto_secundario":"","cta":{"title":"Zugang zur Beobachtungsstelle","url":"https:\/\/stomallorca.com\/","target":"_blank"},"logos":"","alineacion":"izquierda","elementos":[{"icono":"","titulo":"Indikatoren","enlace":"https:\/\/stomallorca.com\/es\/datos\/indicadores","descripcion":"","color_de_fondo":"#182855","texto_blanco":true},{"icono":"","titulo":"Dashboard","enlace":"https:\/\/stomallorca.com\/es\/datos\/cuadros-de-mando","descripcion":"","color_de_fondo":"#182855","texto_blanco":true},{"icono":"","titulo":"Offene Daten","enlace":"https:\/\/open-data.stomallorca.com\/es","descripcion":"","color_de_fondo":"#182855","texto_blanco":true},{"icono":"","titulo":"Publikationen","enlace":"https:\/\/stomallorca.com\/es\/datos\/publicaciones","descripcion":"","color_de_fondo":"#182855","texto_blanco":true},{"icono":"","titulo":"Bericht 8 Zonen","enlace":"https:\/\/stomallorca.com\/es\/datos\/informes-8-zonas-mallorca","descripcion":"","color_de_fondo":"#182855","texto_blanco":true}],"estilo":"centrado","color_de_fondo":"#365abd","texto_blanco":true,"ilustracion":692},{"acf_fc_layout":"texto_full","texto":"viumallorca"},{"acf_fc_layout":"grid_elementos_flexible","pretitulo":"Gestalten Sie Ihre perfekte Reise","titulo":"Planen Sie Ihren Aufenthalt <span>mit allen Informationen, die Sie ben\u00f6tigen<\/span>","texto":"Wir m\u00f6chten, dass Ihr Mallorca-Erlebnis vom ersten Moment an perfekt ist. Hier finden Sie alles \u2013 von der Anreise und Unterkunft bis hin zu praktischen Dokumenten und den verf\u00fcgbaren Verkehrsmitteln.","texto_secundario":"","cta":"","logos":"","alineacion":"izquierda","elementos":[{"icono":"","titulo":"Anreise und Mobilit\u00e4t auf der Insel","enlace":"http:\/\/fundaciomallorcaturisme.net\/de\/plane\/anreise\/","descripcion":"","color_de_fondo":"#9bcbeb","texto_blanco":true},{"icono":"","titulo":"Finden Sie die ideale Unterkunft","enlace":"http:\/\/fundaciomallorcaturisme.net\/de\/plane\/unterkuenfte\/","descripcion":"","color_de_fondo":"#ef9600","texto_blanco":false},{"icono":"","titulo":"Anreise mit F\u00e4hre und Bus","enlace":"http:\/\/fundaciomallorcaturisme.net\/de\/plane\/transport\/","descripcion":"","color_de_fondo":"#365abd","texto_blanco":true},{"icono":"","titulo":"Praktische Informationen","enlace":"http:\/\/fundaciomallorcaturisme.net\/de\/plane\/praktische-informationen\/","descripcion":"","color_de_fondo":"#ffc600","texto_blanco":false}],"estilo":"fila","color_de_fondo":"#ffffff","texto_blanco":false,"ilustracion":""}]},"yoast_head":"<!-- This site is optimized with the Yoast SEO plugin v27.7 - https:\/\/yoast.com\/product\/yoast-seo-wordpress\/ -->\n<title>Observatorium - Consell de Mallorca<\/title>\n<meta name=\"robots\" content=\"index, follow, max-snippet:-1, max-image-preview:large, max-video-preview:-1\" \/>\n<link rel=\"canonical\" href=\"https:\/\/fundaciomallorcaturisme.net\/de\/observatorium\/\" \/>\n<meta property=\"og:locale\" content=\"de_DE\" \/>\n<meta property=\"og:type\" content=\"article\" \/>\n<meta property=\"og:title\" content=\"Observatorium - Consell de Mallorca\" \/>\n<meta property=\"og:url\" content=\"https:\/\/fundaciomallorcaturisme.net\/de\/observatorium\/\" \/>\n<meta property=\"og:site_name\" content=\"Consell de Mallorca\" \/>\n<meta property=\"article:publisher\" content=\"https:\/\/www.facebook.com\/ConselldeMca\/\" \/>\n<meta property=\"article:modified_time\" content=\"2026-03-19T19:39:52+00:00\" \/>\n<meta property=\"og:image\" content=\"https:\/\/fundaciomallorcaturisme.net\/wp-content\/uploads\/2026\/02\/planificax2.jpg\" \/>\n\t<meta property=\"og:image:width\" content=\"1346\" \/>\n\t<meta property=\"og:image:height\" content=\"1094\" \/>\n\t<meta property=\"og:image:type\" content=\"image\/jpeg\" \/>\n<meta name=\"twitter:card\" content=\"summary_large_image\" \/>\n<meta name=\"twitter:site\" content=\"@ConselldeMca\" \/>\n<script type=\"application\/ld+json\" class=\"yoast-schema-graph\">{\"@context\":\"https:\\\/\\\/schema.org\",\"@graph\":[{\"@type\":\"WebPage\",\"@id\":\"https:\\\/\\\/fundaciomallorcaturisme.net\\\/de\\\/observatorium\\\/\",\"url\":\"https:\\\/\\\/fundaciomallorcaturisme.net\\\/de\\\/observatorium\\\/\",\"name\":\"Observatorium - Consell de Mallorca\",\"isPartOf\":{\"@id\":\"https:\\\/\\\/fundaciomallorcaturisme.net\\\/de\\\/#website\"},\"datePublished\":\"2026-02-18T13:39:39+00:00\",\"dateModified\":\"2026-03-19T19:39:52+00:00\",\"breadcrumb\":{\"@id\":\"https:\\\/\\\/fundaciomallorcaturisme.net\\\/de\\\/observatorium\\\/#breadcrumb\"},\"inLanguage\":\"de\",\"potentialAction\":[{\"@type\":\"ReadAction\",\"target\":[\"https:\\\/\\\/fundaciomallorcaturisme.net\\\/de\\\/observatorium\\\/\"]}]},{\"@type\":\"BreadcrumbList\",\"@id\":\"https:\\\/\\\/fundaciomallorcaturisme.net\\\/de\\\/observatorium\\\/#breadcrumb\",\"itemListElement\":[{\"@type\":\"ListItem\",\"position\":1,\"name\":\"Startseite\",\"item\":\"https:\\\/\\\/fundaciomallorcaturisme.net\\\/de\\\/\"},{\"@type\":\"ListItem\",\"position\":2,\"name\":\"Observatorium\"}]},{\"@type\":\"WebSite\",\"@id\":\"https:\\\/\\\/fundaciomallorcaturisme.net\\\/de\\\/#website\",\"url\":\"https:\\\/\\\/fundaciomallorcaturisme.net\\\/de\\\/\",\"name\":\"Consell de Mallorca\",\"description\":\"\",\"publisher\":{\"@id\":\"https:\\\/\\\/fundaciomallorcaturisme.net\\\/de\\\/#organization\"},\"alternateName\":\"Mallorca Turisme\",\"potentialAction\":[{\"@type\":\"SearchAction\",\"target\":{\"@type\":\"EntryPoint\",\"urlTemplate\":\"https:\\\/\\\/fundaciomallorcaturisme.net\\\/de\\\/?s={search_term_string}\"},\"query-input\":{\"@type\":\"PropertyValueSpecification\",\"valueRequired\":true,\"valueName\":\"search_term_string\"}}],\"inLanguage\":\"de\"},{\"@type\":\"Organization\",\"@id\":\"https:\\\/\\\/fundaciomallorcaturisme.net\\\/de\\\/#organization\",\"name\":\"Consell de Mallorca\",\"alternateName\":\"Mallorca Turisme\",\"url\":\"https:\\\/\\\/fundaciomallorcaturisme.net\\\/de\\\/\",\"logo\":{\"@type\":\"ImageObject\",\"inLanguage\":\"de\",\"@id\":\"https:\\\/\\\/fundaciomallorcaturisme.net\\\/de\\\/#\\\/schema\\\/logo\\\/image\\\/\",\"url\":\"http:\\\/\\\/fundaciomallorcaturisme.net\\\/wp-content\\\/uploads\\\/2026\\\/03\\\/logo.webp\",\"contentUrl\":\"http:\\\/\\\/fundaciomallorcaturisme.net\\\/wp-content\\\/uploads\\\/2026\\\/03\\\/logo.webp\",\"width\":696,\"height\":570,\"caption\":\"Consell de Mallorca\"},\"image\":{\"@id\":\"https:\\\/\\\/fundaciomallorcaturisme.net\\\/de\\\/#\\\/schema\\\/logo\\\/image\\\/\"},\"sameAs\":[\"https:\\\/\\\/www.facebook.com\\\/ConselldeMca\\\/\",\"https:\\\/\\\/x.com\\\/ConselldeMca\",\"https:\\\/\\\/www.instagram.com\\\/conselldemca\\\/\",\"https:\\\/\\\/www.youtube.com\\\/user\\\/conselldemallorca\"]}]}<\/script>\n<!-- \/ Yoast SEO plugin. -->","yoast_head_json":{"title":"Observatorium - Consell de Mallorca","robots":{"index":"index","follow":"follow","max-snippet":"max-snippet:-1","max-image-preview":"max-image-preview:large","max-video-preview":"max-video-preview:-1"},"canonical":"https:\/\/fundaciomallorcaturisme.net\/de\/observatorium\/","og_locale":"de_DE","og_type":"article","og_title":"Observatorium - Consell de Mallorca","og_url":"https:\/\/fundaciomallorcaturisme.net\/de\/observatorium\/","og_site_name":"Consell de Mallorca","article_publisher":"https:\/\/www.facebook.com\/ConselldeMca\/","article_modified_time":"2026-03-19T19:39:52+00:00","og_image":[{"width":1346,"height":1094,"url":"https:\/\/fundaciomallorcaturisme.net\/wp-content\/uploads\/2026\/02\/planificax2.jpg","type":"image\/jpeg"}],"twitter_card":"summary_large_image","twitter_site":"@ConselldeMca","schema":{"@context":"https:\/\/schema.org","@graph":[{"@type":"WebPage","@id":"https:\/\/fundaciomallorcaturisme.net\/de\/observatorium\/","url":"https:\/\/fundaciomallorcaturisme.net\/de\/observatorium\/","name":"Observatorium - Consell de Mallorca","isPartOf":{"@id":"https:\/\/fundaciomallorcaturisme.net\/de\/#website"},"datePublished":"2026-02-18T13:39:39+00:00","dateModified":"2026-03-19T19:39:52+00:00","breadcrumb":{"@id":"https:\/\/fundaciomallorcaturisme.net\/de\/observatorium\/#breadcrumb"},"inLanguage":"de","potentialAction":[{"@type":"ReadAction","target":["https:\/\/fundaciomallorcaturisme.net\/de\/observatorium\/"]}]},{"@type":"BreadcrumbList","@id":"https:\/\/fundaciomallorcaturisme.net\/de\/observatorium\/#breadcrumb","itemListElement":[{"@type":"ListItem","position":1,"name":"Startseite","item":"https:\/\/fundaciomallorcaturisme.net\/de\/"},{"@type":"ListItem","position":2,"name":"Observatorium"}]},{"@type":"WebSite","@id":"https:\/\/fundaciomallorcaturisme.net\/de\/#website","url":"https:\/\/fundaciomallorcaturisme.net\/de\/","name":"Consell de Mallorca","description":"","publisher":{"@id":"https:\/\/fundaciomallorcaturisme.net\/de\/#organization"},"alternateName":"Mallorca Turisme","potentialAction":[{"@type":"SearchAction","target":{"@type":"EntryPoint","urlTemplate":"https:\/\/fundaciomallorcaturisme.net\/de\/?s={search_term_string}"},"query-input":{"@type":"PropertyValueSpecification","valueRequired":true,"valueName":"search_term_string"}}],"inLanguage":"de"},{"@type":"Organization","@id":"https:\/\/fundaciomallorcaturisme.net\/de\/#organization","name":"Consell de Mallorca","alternateName":"Mallorca Turisme","url":"https:\/\/fundaciomallorcaturisme.net\/de\/","logo":{"@type":"ImageObject","inLanguage":"de","@id":"https:\/\/fundaciomallorcaturisme.net\/de\/#\/schema\/logo\/image\/","url":"http:\/\/fundaciomallorcaturisme.net\/wp-content\/uploads\/2026\/03\/logo.webp","contentUrl":"http:\/\/fundaciomallorcaturisme.net\/wp-content\/uploads\/2026\/03\/logo.webp","width":696,"height":570,"caption":"Consell de Mallorca"},"image":{"@id":"https:\/\/fundaciomallorcaturisme.net\/de\/#\/schema\/logo\/image\/"},"sameAs":["https:\/\/www.facebook.com\/ConselldeMca\/","https:\/\/x.com\/ConselldeMca","https:\/\/www.instagram.com\/conselldemca\/","https:\/\/www.youtube.com\/user\/conselldemallorca"]}]}},"_links":{"self":[{"href":"https:\/\/fundaciomallorcaturisme.net\/de\/wp-json\/wp\/v2\/pages\/2159","targetHints":{"allow":["GET"]}}],"collection":[{"href":"https:\/\/fundaciomallorcaturisme.net\/de\/wp-json\/wp\/v2\/pages"}],"about":[{"href":"https:\/\/fundaciomallorcaturisme.net\/de\/wp-json\/wp\/v2\/types\/page"}],"author":[{"embeddable":true,"href":"https:\/\/fundaciomallorcaturisme.net\/de\/wp-json\/wp\/v2\/users\/1"}],"replies":[{"embeddable":true,"href":"https:\/\/fundaciomallorcaturisme.net\/de\/wp-json\/wp\/v2\/comments?post=2159"}],"version-history":[{"count":6,"href":"https:\/\/fundaciomallorcaturisme.net\/de\/wp-json\/wp\/v2\/pages\/2159\/revisions"}],"predecessor-version":[{"id":4346,"href":"https:\/\/fundaciomallorcaturisme.net\/de\/wp-json\/wp\/v2\/pages\/2159\/revisions\/4346"}],"wp:attachment":[{"href":"https:\/\/fundaciomallorcaturisme.net\/de\/wp-json\/wp\/v2\/media?parent=2159"}],"curies":[{"name":"wp","href":"https:\/\/api.w.org\/{rel}","templated":true}]}}