{"id":2147,"date":"2026-02-04T12:08:51","date_gmt":"2026-02-04T11:08:51","guid":{"rendered":"http:\/\/fundaciomallorcaturisme.net\/la-fundacion\/"},"modified":"2026-04-09T14:01:49","modified_gmt":"2026-04-09T12:01:49","slug":"die-stiftung","status":"publish","type":"page","link":"https:\/\/fundaciomallorcaturisme.net\/de\/die-stiftung\/","title":{"rendered":"Die Stiftung"},"content":{"rendered":"","protected":false},"excerpt":{"rendered":"","protected":false},"author":1,"featured_media":0,"parent":0,"menu_order":0,"comment_status":"closed","ping_status":"closed","template":"page-templates\/contenido_flexible.php","meta":{"_acf_changed":false,"footnotes":""},"class_list":["post-2147","page","type-page","status-publish","hentry"],"acf":{"contenido_flexible":[{"acf_fc_layout":"cabecera","titulo":"<h1>Stiftung f\u00fcr verantwortungsbewussten Tourismus Mallorca<\/h1>","titulo_grande":false,"subtitulo":"Zu 100 % \u00f6ffentliche, gemeinn\u00fctzige Einrichtung, die dem Inselrat von Mallorca (Consell de Mallorca) untersteht.","texto":"","enlace":"","flecha_abajo":true,"tiene_video":true,"video":4569,"imagenx1":null,"imagenx2":null,"logos":""},{"acf_fc_layout":"texto_simple","pretitulo":"Was ist die Fundaci\u00f3 Turisme Responsable de Mallorca?","titulo":"<h2>Wegweisend im Wandel hin zu einem Modell f\u00fcr <span>nachhaltigen Tourismus<\/span><\/h2>","texto":"Unser Ziel ist es, das Bewusstsein f\u00fcr einen nachhaltigen und verantwortungsbewussten Tourismus auf Mallorca zu f\u00f6rdern \u2013 sowohl auf dem lokalen als auch auf dem nationalen und internationalen Markt. Wir arbeiten an der Entwicklung touristischer Produkte, dem Servicemanagement und der strategischen Entscheidungsfindung auf der Grundlage pr\u00e4ziser Daten, um ein Modell voranzutreiben, das unsere Insel sch\u00fctzt.","cta":{"title":"Zur FTRM-Webseite","url":"https:\/\/fundaciomallorcaturisme.net\/","target":"_blank"},"2_columnas":true,"color_de_fondo":""},{"acf_fc_layout":"grid_elementos_flexible","pretitulo":"Ziele und strategische Aktivit\u00e4ten","titulo":"<span>Verpflichtungen<\/span> und <br> <span>Handlungsrichtlinien<\/span>","texto":"","texto_secundario":"","cta":"","logos":"","alineacion":"centrado","elementos":[{"icono":523,"titulo":"Verantwortungsbewusste F\u00f6rderung","enlace":"","descripcion":"Wir organisieren Aktivit\u00e4ten zur Sensibilisierung f\u00fcr verantwortungsbewussten Tourismus und festigen Mallorcas Image als nachhaltiges Reiseziel auf globalen M\u00e4rkten.","color_de_fondo":"#ef9600","texto_blanco":false},{"icono":524,"titulo":"Wirtschaftlicher Impuls","enlace":"","descripcion":"Wir helfen bei der Reaktivierung der Wirtschaft der Insel durch die Gew\u00e4hrung von Beihilfen und Subventionen f\u00fcr die verschiedenen betroffenen Sektoren.","color_de_fondo":"#ef9600","texto_blanco":false},{"icono":525,"titulo":"Diversifizierung und Zusammenarbeit","enlace":"","descripcion":"Wir f\u00f6rdern neue Wirtschaftszweige und arbeiten eng mit dem Privatsektor zusammen, um dessen internationale Pr\u00e4senz zu erleichtern.","color_de_fondo":"#ef9600","texto_blanco":false},{"icono":526,"titulo":"Gro\u00dfveranstaltungen","enlace":"","descripcion":"Wir f\u00f6rdern Veranstaltungen von touristischem Interesse, die die Vorz\u00fcge der Insel zur Geltung bringen.","color_de_fondo":"#ef9600","texto_blanco":false},{"icono":527,"titulo":"Mallorca Film Commission","enlace":"","descripcion":"Wir st\u00e4rken Mallorca als Film- und audiovisuellen Drehort und f\u00f6rdern die Schaffung von Branchenevents.","color_de_fondo":"#ef9600","texto_blanco":false}],"estilo":"simplificado","color_de_fondo":"","texto_blanco":false,"ilustracion":""},{"acf_fc_layout":"texto_full","texto":"viumallorca"},{"acf_fc_layout":"texto_con_imagen","pretitulo":"Tourismus-Intelligenz und Datenmanagement","titulo":"Datenbasierte Entscheidungen: <span>Governance und Intelligenz<\/span>","subtitulo":"","texto":"Wir garantieren die Integrit\u00e4t und Sicherheit von Informationen durch eine solide Data Governance. Wir sammeln, analysieren und interpretieren reale Daten, um eine pr\u00e4zise Vision des Tourismus auf Mallorca zu erhalten. Dies erm\u00f6glicht es uns, die Wettbewerbsf\u00e4higkeit zu verbessern, eine bessere Kontrolle \u00fcber das Angebot zu haben und eine effiziente Tourismusstrategie zu planen.","cta":"","imagen":533,"tiene_video":false,"enlace_video":null,"logos":"","color_de_fondo":"#ffffff","texto_en_blanco":false,"son_enlaces":false,"elementos":null,"imagen_izquierda":false,"margen_superior":"","margen_inferior":""},{"acf_fc_layout":"texto_con_imagen","pretitulo":"Sustainable Destinations Summit","titulo":"Sustainable Destinations Summit: F\u00fchrend in der Transformation","subtitulo":"","texto":"Als Teil unserer internationalen Sensibilisierungsarbeit organisieren wir gemeinsam mit ONU Turismo den Weltgipfel f\u00fcr nachhaltige Reiseziele. Ein Raum f\u00fcr gemeinsames Lernen und bew\u00e4hrte \u00f6kologische, soziale und wirtschaftliche Praktiken.","cta":{"title":"Mehr \u00fcber den Summit erfahren","url":"https:\/\/fundaciomallorcaturisme.net\/de\/summit\/","target":""},"imagen":534,"tiene_video":false,"enlace_video":null,"logos":"","color_de_fondo":"#365ABD","texto_en_blanco":true,"son_enlaces":false,"elementos":null,"imagen_izquierda":true,"margen_superior":"","margen_inferior":""},{"acf_fc_layout":"blog","pretitulo":"Projekte","titulo":"Herausragende <span>Projekte<\/span>","enlace":{"title":"Alle Projekte ansehen","url":"http:\/\/fundaciomallorcaturisme.net\/de\/projekte\/","target":""}},{"acf_fc_layout":"texto_simple","pretitulo":"Transparenz und E-Government-Portal","titulo":"Transparenz<br> und <span>\u00f6ffentliche Verwaltung<\/span>","texto":"Als \u00f6ffentliche Einrichtung ist Transparenz der Pfeiler, der unsere T\u00e4tigkeit und unsere Beziehung zu den B\u00fcrgern bestimmt. In diesem Bereich stellen wir Ihnen alle Informationen zu unserer Verwaltung zur Verf\u00fcgung: von Jahresabschl\u00fcssen und Satzungen bis hin zum Profil des Auftraggebers und aktuellen Ausschreibungen f\u00fcr F\u00f6rdermittel. Unser Ziel ist es, einen einfachen und direkten Zugang zu Verwaltungsverfahren, Vorschriften und der Verwendung von Ressourcen zu gew\u00e4hrleisten, die f\u00fcr die Transformation des Tourismusmodells von Mallorca bestimmt sind.","cta":{"title":"Zum E-Government-Portal","url":"https:\/\/fundacioturismeresponsabledemallorca.sedelectronica.es\/","target":"_blank"},"2_columnas":true,"color_de_fondo":""},{"acf_fc_layout":"grid_elementos_flexible","pretitulo":"Schnellplanung","titulo":"Haben Sie schon ein <span>Reiseziel gew\u00e4hlt?<\/span>","texto":"Wir m\u00f6chten, dass Ihr Erlebnis auf Mallorca vom ersten Moment an perfekt ist. Hier finden Sie alles \u2013 von der Anreise und den Unterk\u00fcnften bis hin zu praktischen Unterlagen und den Verkehrsmitteln, die Sie nutzen k\u00f6nnen.","texto_secundario":"","cta":"","logos":"","alineacion":"centrado","elementos":[{"icono":"","titulo":"Anreise und Mobilit\u00e4t auf der Insel","enlace":"http:\/\/fundaciomallorcaturisme.net\/de\/plane\/anreise\/","descripcion":"","color_de_fondo":"#9bcbeb","texto_blanco":true},{"icono":"","titulo":"Finden Sie die ideale Unterkunft","enlace":"http:\/\/fundaciomallorcaturisme.net\/de\/plane\/unterkuenfte\/","descripcion":"","color_de_fondo":"#ef9600","texto_blanco":false},{"icono":"","titulo":"Anreise mit F\u00e4hre und Bus","enlace":"http:\/\/fundaciomallorcaturisme.net\/de\/plane\/transport\/","descripcion":"","color_de_fondo":"#365abd","texto_blanco":true},{"icono":"","titulo":" Bus Praktische Informationen","enlace":"http:\/\/fundaciomallorcaturisme.net\/de\/plane\/praktische-informationen\/","descripcion":"","color_de_fondo":"#ffc600","texto_blanco":false}],"estilo":"fila","color_de_fondo":"","texto_blanco":false,"ilustracion":""}]},"yoast_head":"<!-- This site is optimized with the Yoast SEO plugin v27.7 - https:\/\/yoast.com\/product\/yoast-seo-wordpress\/ -->\n<title>\u00dcber die Stiftung - Consell de Mallorca<\/title>\n<meta name=\"robots\" content=\"index, follow, max-snippet:-1, max-image-preview:large, max-video-preview:-1\" \/>\n<link rel=\"canonical\" href=\"https:\/\/fundaciomallorcaturisme.net\/de\/die-stiftung\/\" \/>\n<meta property=\"og:locale\" content=\"de_DE\" \/>\n<meta property=\"og:type\" content=\"article\" \/>\n<meta property=\"og:title\" content=\"\u00dcber die Stiftung - Consell de Mallorca\" \/>\n<meta property=\"og:url\" content=\"https:\/\/fundaciomallorcaturisme.net\/de\/die-stiftung\/\" \/>\n<meta property=\"og:site_name\" content=\"Consell de Mallorca\" \/>\n<meta property=\"article:publisher\" content=\"https:\/\/www.facebook.com\/ConselldeMca\/\" \/>\n<meta property=\"article:modified_time\" content=\"2026-04-09T12:01:49+00:00\" \/>\n<meta property=\"og:image\" content=\"https:\/\/fundaciomallorcaturisme.net\/wp-content\/uploads\/2026\/02\/planificax2.jpg\" \/>\n\t<meta property=\"og:image:width\" content=\"1346\" \/>\n\t<meta property=\"og:image:height\" content=\"1094\" \/>\n\t<meta property=\"og:image:type\" content=\"image\/jpeg\" \/>\n<meta name=\"twitter:card\" content=\"summary_large_image\" \/>\n<meta name=\"twitter:site\" content=\"@ConselldeMca\" \/>\n<script type=\"application\/ld+json\" class=\"yoast-schema-graph\">{\"@context\":\"https:\\\/\\\/schema.org\",\"@graph\":[{\"@type\":\"WebPage\",\"@id\":\"https:\\\/\\\/fundaciomallorcaturisme.net\\\/de\\\/die-stiftung\\\/\",\"url\":\"https:\\\/\\\/fundaciomallorcaturisme.net\\\/de\\\/die-stiftung\\\/\",\"name\":\"\u00dcber die Stiftung - Consell de Mallorca\",\"isPartOf\":{\"@id\":\"https:\\\/\\\/fundaciomallorcaturisme.net\\\/de\\\/#website\"},\"datePublished\":\"2026-02-04T11:08:51+00:00\",\"dateModified\":\"2026-04-09T12:01:49+00:00\",\"breadcrumb\":{\"@id\":\"https:\\\/\\\/fundaciomallorcaturisme.net\\\/de\\\/die-stiftung\\\/#breadcrumb\"},\"inLanguage\":\"de\",\"potentialAction\":[{\"@type\":\"ReadAction\",\"target\":[\"https:\\\/\\\/fundaciomallorcaturisme.net\\\/de\\\/die-stiftung\\\/\"]}]},{\"@type\":\"BreadcrumbList\",\"@id\":\"https:\\\/\\\/fundaciomallorcaturisme.net\\\/de\\\/die-stiftung\\\/#breadcrumb\",\"itemListElement\":[{\"@type\":\"ListItem\",\"position\":1,\"name\":\"Startseite\",\"item\":\"https:\\\/\\\/fundaciomallorcaturisme.net\\\/de\\\/\"},{\"@type\":\"ListItem\",\"position\":2,\"name\":\"Die Stiftung\"}]},{\"@type\":\"WebSite\",\"@id\":\"https:\\\/\\\/fundaciomallorcaturisme.net\\\/de\\\/#website\",\"url\":\"https:\\\/\\\/fundaciomallorcaturisme.net\\\/de\\\/\",\"name\":\"Consell de Mallorca\",\"description\":\"\",\"publisher\":{\"@id\":\"https:\\\/\\\/fundaciomallorcaturisme.net\\\/de\\\/#organization\"},\"alternateName\":\"Mallorca Turisme\",\"potentialAction\":[{\"@type\":\"SearchAction\",\"target\":{\"@type\":\"EntryPoint\",\"urlTemplate\":\"https:\\\/\\\/fundaciomallorcaturisme.net\\\/de\\\/?s={search_term_string}\"},\"query-input\":{\"@type\":\"PropertyValueSpecification\",\"valueRequired\":true,\"valueName\":\"search_term_string\"}}],\"inLanguage\":\"de\"},{\"@type\":\"Organization\",\"@id\":\"https:\\\/\\\/fundaciomallorcaturisme.net\\\/de\\\/#organization\",\"name\":\"Consell de Mallorca\",\"alternateName\":\"Mallorca Turisme\",\"url\":\"https:\\\/\\\/fundaciomallorcaturisme.net\\\/de\\\/\",\"logo\":{\"@type\":\"ImageObject\",\"inLanguage\":\"de\",\"@id\":\"https:\\\/\\\/fundaciomallorcaturisme.net\\\/de\\\/#\\\/schema\\\/logo\\\/image\\\/\",\"url\":\"http:\\\/\\\/fundaciomallorcaturisme.net\\\/wp-content\\\/uploads\\\/2026\\\/03\\\/logo.webp\",\"contentUrl\":\"http:\\\/\\\/fundaciomallorcaturisme.net\\\/wp-content\\\/uploads\\\/2026\\\/03\\\/logo.webp\",\"width\":696,\"height\":570,\"caption\":\"Consell de Mallorca\"},\"image\":{\"@id\":\"https:\\\/\\\/fundaciomallorcaturisme.net\\\/de\\\/#\\\/schema\\\/logo\\\/image\\\/\"},\"sameAs\":[\"https:\\\/\\\/www.facebook.com\\\/ConselldeMca\\\/\",\"https:\\\/\\\/x.com\\\/ConselldeMca\",\"https:\\\/\\\/www.instagram.com\\\/conselldemca\\\/\",\"https:\\\/\\\/www.youtube.com\\\/user\\\/conselldemallorca\"]}]}<\/script>\n<!-- \/ Yoast SEO plugin. -->","yoast_head_json":{"title":"\u00dcber die Stiftung - Consell de Mallorca","robots":{"index":"index","follow":"follow","max-snippet":"max-snippet:-1","max-image-preview":"max-image-preview:large","max-video-preview":"max-video-preview:-1"},"canonical":"https:\/\/fundaciomallorcaturisme.net\/de\/die-stiftung\/","og_locale":"de_DE","og_type":"article","og_title":"\u00dcber die Stiftung - Consell de Mallorca","og_url":"https:\/\/fundaciomallorcaturisme.net\/de\/die-stiftung\/","og_site_name":"Consell de Mallorca","article_publisher":"https:\/\/www.facebook.com\/ConselldeMca\/","article_modified_time":"2026-04-09T12:01:49+00:00","og_image":[{"width":1346,"height":1094,"url":"https:\/\/fundaciomallorcaturisme.net\/wp-content\/uploads\/2026\/02\/planificax2.jpg","type":"image\/jpeg"}],"twitter_card":"summary_large_image","twitter_site":"@ConselldeMca","schema":{"@context":"https:\/\/schema.org","@graph":[{"@type":"WebPage","@id":"https:\/\/fundaciomallorcaturisme.net\/de\/die-stiftung\/","url":"https:\/\/fundaciomallorcaturisme.net\/de\/die-stiftung\/","name":"\u00dcber die Stiftung - Consell de Mallorca","isPartOf":{"@id":"https:\/\/fundaciomallorcaturisme.net\/de\/#website"},"datePublished":"2026-02-04T11:08:51+00:00","dateModified":"2026-04-09T12:01:49+00:00","breadcrumb":{"@id":"https:\/\/fundaciomallorcaturisme.net\/de\/die-stiftung\/#breadcrumb"},"inLanguage":"de","potentialAction":[{"@type":"ReadAction","target":["https:\/\/fundaciomallorcaturisme.net\/de\/die-stiftung\/"]}]},{"@type":"BreadcrumbList","@id":"https:\/\/fundaciomallorcaturisme.net\/de\/die-stiftung\/#breadcrumb","itemListElement":[{"@type":"ListItem","position":1,"name":"Startseite","item":"https:\/\/fundaciomallorcaturisme.net\/de\/"},{"@type":"ListItem","position":2,"name":"Die Stiftung"}]},{"@type":"WebSite","@id":"https:\/\/fundaciomallorcaturisme.net\/de\/#website","url":"https:\/\/fundaciomallorcaturisme.net\/de\/","name":"Consell de Mallorca","description":"","publisher":{"@id":"https:\/\/fundaciomallorcaturisme.net\/de\/#organization"},"alternateName":"Mallorca Turisme","potentialAction":[{"@type":"SearchAction","target":{"@type":"EntryPoint","urlTemplate":"https:\/\/fundaciomallorcaturisme.net\/de\/?s={search_term_string}"},"query-input":{"@type":"PropertyValueSpecification","valueRequired":true,"valueName":"search_term_string"}}],"inLanguage":"de"},{"@type":"Organization","@id":"https:\/\/fundaciomallorcaturisme.net\/de\/#organization","name":"Consell de Mallorca","alternateName":"Mallorca Turisme","url":"https:\/\/fundaciomallorcaturisme.net\/de\/","logo":{"@type":"ImageObject","inLanguage":"de","@id":"https:\/\/fundaciomallorcaturisme.net\/de\/#\/schema\/logo\/image\/","url":"http:\/\/fundaciomallorcaturisme.net\/wp-content\/uploads\/2026\/03\/logo.webp","contentUrl":"http:\/\/fundaciomallorcaturisme.net\/wp-content\/uploads\/2026\/03\/logo.webp","width":696,"height":570,"caption":"Consell de Mallorca"},"image":{"@id":"https:\/\/fundaciomallorcaturisme.net\/de\/#\/schema\/logo\/image\/"},"sameAs":["https:\/\/www.facebook.com\/ConselldeMca\/","https:\/\/x.com\/ConselldeMca","https:\/\/www.instagram.com\/conselldemca\/","https:\/\/www.youtube.com\/user\/conselldemallorca"]}]}},"_links":{"self":[{"href":"https:\/\/fundaciomallorcaturisme.net\/de\/wp-json\/wp\/v2\/pages\/2147","targetHints":{"allow":["GET"]}}],"collection":[{"href":"https:\/\/fundaciomallorcaturisme.net\/de\/wp-json\/wp\/v2\/pages"}],"about":[{"href":"https:\/\/fundaciomallorcaturisme.net\/de\/wp-json\/wp\/v2\/types\/page"}],"author":[{"embeddable":true,"href":"https:\/\/fundaciomallorcaturisme.net\/de\/wp-json\/wp\/v2\/users\/1"}],"replies":[{"embeddable":true,"href":"https:\/\/fundaciomallorcaturisme.net\/de\/wp-json\/wp\/v2\/comments?post=2147"}],"version-history":[{"count":7,"href":"https:\/\/fundaciomallorcaturisme.net\/de\/wp-json\/wp\/v2\/pages\/2147\/revisions"}],"predecessor-version":[{"id":4786,"href":"https:\/\/fundaciomallorcaturisme.net\/de\/wp-json\/wp\/v2\/pages\/2147\/revisions\/4786"}],"wp:attachment":[{"href":"https:\/\/fundaciomallorcaturisme.net\/de\/wp-json\/wp\/v2\/media?parent=2147"}],"curies":[{"name":"wp","href":"https:\/\/api.w.org\/{rel}","templated":true}]}}