{"id":2141,"date":"2026-02-16T13:35:49","date_gmt":"2026-02-16T12:35:49","guid":{"rendered":"http:\/\/fundaciomallorcaturisme.net\/film-commission\/"},"modified":"2026-06-17T11:50:21","modified_gmt":"2026-06-17T09:50:21","slug":"film-commission","status":"publish","type":"page","link":"https:\/\/fundaciomallorcaturisme.net\/de\/film-commission\/","title":{"rendered":"Film Commission"},"content":{"rendered":"","protected":false},"excerpt":{"rendered":"","protected":false},"author":1,"featured_media":0,"parent":0,"menu_order":0,"comment_status":"closed","ping_status":"closed","template":"page-templates\/contenido_flexible.php","meta":{"_acf_changed":false,"footnotes":""},"class_list":["post-2141","page","type-page","status-publish","hentry"],"acf":{"contenido_flexible":[{"acf_fc_layout":"cabecera","titulo":"<h1>Mallorca Film Commission<\/h1>","titulo_grande":false,"subtitulo":"","texto":"<strong>Ihre offizielle Anlaufstelle f\u00fcr Dreharbeiten auf Mallorca.<\/strong> Kostenlose Beratung und Unterst\u00fctzung bei der Abwicklung f\u00fcr Fachleute aus der audiovisuellen Branche.","enlace":"","flecha_abajo":false,"tiene_video":true,"video":4571,"imagenx1":null,"imagenx2":null,"logos":""},{"acf_fc_layout":"texto_con_imagen","pretitulo":"Was ist die Mallorca Film Commission?","titulo":"Wir erleichtern Ihre <span>audiovisuelle Produktion auf Mallorca<\/span>","subtitulo":"","texto":"Als Abteilung der Fundaci\u00f3 Turisme Responsable de Mallorca ist es unsere <strong>Mission<\/strong>, die Insel als <strong>internationalen Referenz-Drehort zu konsolidieren<\/strong>. Wir arbeiten daran, Ihre Dreharbeiten zu vereinfachen, die lokale Industrie zu f\u00f6rdern und Koproduktionen durch unsere Pr\u00e4senz auf den wichtigsten M\u00e4rkten und Festivals der Welt zu erleichtern.","cta":"","imagen":779,"tiene_video":false,"enlace_video":null,"logos":"","color_de_fondo":"#ffffff","texto_en_blanco":false,"son_enlaces":false,"elementos":null,"imagen_izquierda":true,"margen_superior":60,"margen_inferior":""},{"acf_fc_layout":"grid_elementos_flexible","pretitulo":"","titulo":"<h2>Beginnen Sie noch heute mit der <span>Planung Ihres Drehprojekts<\/span><\/h2>","texto":"<strong>Besuchen Sie unsere externe Plattform<\/strong>, um Drehorte zu erkunden, das Branchenverzeichnis zu konsultieren und Ihre technischen Antr\u00e4ge zu verwalten.","texto_secundario":"","cta":{"title":"Portal der Mallorca Film Commission","url":"https:\/\/ibfilmcommission.com\/en\/locations","target":"_blank"},"logos":"","alineacion":"izquierda","elementos":[{"icono":853,"titulo":"Drehorte","enlace":"https:\/\/ibfilmcommission.com\/en\/locations","descripcion":"Suchmaschine f\u00fcr Drehorte zum Filmen.","color_de_fondo":"#365abd","texto_blanco":true},{"icono":854,"titulo":"Fachkr\u00e4fte","enlace":"https:\/\/ibfilmcommission.com\/en\/professional-directory\/professionals","descripcion":"Suchmaschine f\u00fcr Fachkr\u00e4fte auf den Balearen.","color_de_fondo":"#365abd","texto_blanco":true},{"icono":855,"titulo":"Unternehmen","enlace":"https:\/\/ibfilmcommission.com\/en\/professional-directory\/companies","descripcion":"Agenturen, Postproduktionsfirmen oder Studios.","color_de_fondo":"#365abd","texto_blanco":true},{"icono":856,"titulo":"Darsteller","enlace":"https:\/\/www.balearic-actors.org\/actor_profile_search\/new\/","descripcion":"Suchmaschine f\u00fcr Schauspieler auf den Balearen.","color_de_fondo":"#365abd","texto_blanco":true}],"estilo":"columna","color_de_fondo":"#ffffff","texto_blanco":false,"ilustracion":""},{"acf_fc_layout":"texto_full","texto":"viumallorca"},{"acf_fc_layout":"grid_elementos_flexible","pretitulo":"Schnellplanung","titulo":"Haben Sie schon ein <span>Reiseziel<\/span> gew\u00e4hlt?","texto":"Wir m\u00f6chten, dass Ihr Erlebnis auf Mallorca vom ersten Moment an perfekt ist. Hier finden Sie alles \u2013 von der Anreise und den Unterk\u00fcnften bis hin zu praktischen Unterlagen und den Verkehrsmitteln, die Sie nutzen k\u00f6nnen.","texto_secundario":"","cta":"","logos":"","alineacion":"izquierda","elementos":[{"icono":"","titulo":"Anreise und Mobilit\u00e4t auf der Insel","enlace":"http:\/\/fundaciomallorcaturisme.net\/de\/plane\/anreise\/","descripcion":"","color_de_fondo":"#9bcbeb","texto_blanco":true},{"icono":"","titulo":"Finden Sie die ideale Unterkunft","enlace":"http:\/\/fundaciomallorcaturisme.net\/de\/plane\/unterkuenfte\/","descripcion":"","color_de_fondo":"#ef9600","texto_blanco":false},{"icono":"","titulo":"Anreise mit F\u00e4hre und Bus","enlace":"http:\/\/fundaciomallorcaturisme.net\/de\/plane\/transport\/","descripcion":"","color_de_fondo":"#365abd","texto_blanco":true},{"icono":"","titulo":"Praktische Informationen","enlace":"http:\/\/fundaciomallorcaturisme.net\/de\/plane\/praktische-informationen\/","descripcion":"","color_de_fondo":"#ffc600","texto_blanco":false}],"estilo":"fila","color_de_fondo":"","texto_blanco":false,"ilustracion":""}]},"yoast_head":"<!-- This site is optimized with the Yoast SEO plugin v27.7 - https:\/\/yoast.com\/product\/yoast-seo-wordpress\/ -->\n<title>Film Commission - Consell de Mallorca<\/title>\n<meta name=\"robots\" content=\"index, follow, max-snippet:-1, max-image-preview:large, max-video-preview:-1\" \/>\n<link rel=\"canonical\" href=\"https:\/\/fundaciomallorcaturisme.net\/de\/film-commission\/\" \/>\n<meta property=\"og:locale\" content=\"de_DE\" \/>\n<meta property=\"og:type\" content=\"article\" \/>\n<meta property=\"og:title\" content=\"Film Commission - Consell de Mallorca\" \/>\n<meta property=\"og:url\" content=\"https:\/\/fundaciomallorcaturisme.net\/de\/film-commission\/\" \/>\n<meta property=\"og:site_name\" content=\"Consell de Mallorca\" \/>\n<meta property=\"article:publisher\" content=\"https:\/\/www.facebook.com\/ConselldeMca\/\" \/>\n<meta property=\"article:modified_time\" content=\"2026-06-17T09:50:21+00:00\" \/>\n<meta property=\"og:image\" content=\"https:\/\/fundaciomallorcaturisme.net\/wp-content\/uploads\/2026\/02\/planificax2.jpg\" \/>\n\t<meta property=\"og:image:width\" content=\"1346\" \/>\n\t<meta property=\"og:image:height\" content=\"1094\" \/>\n\t<meta property=\"og:image:type\" content=\"image\/jpeg\" \/>\n<meta name=\"twitter:card\" content=\"summary_large_image\" \/>\n<meta name=\"twitter:site\" content=\"@ConselldeMca\" \/>\n<script type=\"application\/ld+json\" class=\"yoast-schema-graph\">{\"@context\":\"https:\\\/\\\/schema.org\",\"@graph\":[{\"@type\":\"WebPage\",\"@id\":\"https:\\\/\\\/fundaciomallorcaturisme.net\\\/de\\\/film-commission\\\/\",\"url\":\"https:\\\/\\\/fundaciomallorcaturisme.net\\\/de\\\/film-commission\\\/\",\"name\":\"Film Commission - Consell de Mallorca\",\"isPartOf\":{\"@id\":\"https:\\\/\\\/fundaciomallorcaturisme.net\\\/de\\\/#website\"},\"datePublished\":\"2026-02-16T12:35:49+00:00\",\"dateModified\":\"2026-06-17T09:50:21+00:00\",\"breadcrumb\":{\"@id\":\"https:\\\/\\\/fundaciomallorcaturisme.net\\\/de\\\/film-commission\\\/#breadcrumb\"},\"inLanguage\":\"de\",\"potentialAction\":[{\"@type\":\"ReadAction\",\"target\":[\"https:\\\/\\\/fundaciomallorcaturisme.net\\\/de\\\/film-commission\\\/\"]}]},{\"@type\":\"BreadcrumbList\",\"@id\":\"https:\\\/\\\/fundaciomallorcaturisme.net\\\/de\\\/film-commission\\\/#breadcrumb\",\"itemListElement\":[{\"@type\":\"ListItem\",\"position\":1,\"name\":\"Startseite\",\"item\":\"https:\\\/\\\/fundaciomallorcaturisme.net\\\/de\\\/\"},{\"@type\":\"ListItem\",\"position\":2,\"name\":\"Film Commission\"}]},{\"@type\":\"WebSite\",\"@id\":\"https:\\\/\\\/fundaciomallorcaturisme.net\\\/de\\\/#website\",\"url\":\"https:\\\/\\\/fundaciomallorcaturisme.net\\\/de\\\/\",\"name\":\"Consell de Mallorca\",\"description\":\"\",\"publisher\":{\"@id\":\"https:\\\/\\\/fundaciomallorcaturisme.net\\\/de\\\/#organization\"},\"alternateName\":\"Mallorca Turisme\",\"potentialAction\":[{\"@type\":\"SearchAction\",\"target\":{\"@type\":\"EntryPoint\",\"urlTemplate\":\"https:\\\/\\\/fundaciomallorcaturisme.net\\\/de\\\/?s={search_term_string}\"},\"query-input\":{\"@type\":\"PropertyValueSpecification\",\"valueRequired\":true,\"valueName\":\"search_term_string\"}}],\"inLanguage\":\"de\"},{\"@type\":\"Organization\",\"@id\":\"https:\\\/\\\/fundaciomallorcaturisme.net\\\/de\\\/#organization\",\"name\":\"Consell de Mallorca\",\"alternateName\":\"Mallorca Turisme\",\"url\":\"https:\\\/\\\/fundaciomallorcaturisme.net\\\/de\\\/\",\"logo\":{\"@type\":\"ImageObject\",\"inLanguage\":\"de\",\"@id\":\"https:\\\/\\\/fundaciomallorcaturisme.net\\\/de\\\/#\\\/schema\\\/logo\\\/image\\\/\",\"url\":\"http:\\\/\\\/fundaciomallorcaturisme.net\\\/wp-content\\\/uploads\\\/2026\\\/03\\\/logo.webp\",\"contentUrl\":\"http:\\\/\\\/fundaciomallorcaturisme.net\\\/wp-content\\\/uploads\\\/2026\\\/03\\\/logo.webp\",\"width\":696,\"height\":570,\"caption\":\"Consell de Mallorca\"},\"image\":{\"@id\":\"https:\\\/\\\/fundaciomallorcaturisme.net\\\/de\\\/#\\\/schema\\\/logo\\\/image\\\/\"},\"sameAs\":[\"https:\\\/\\\/www.facebook.com\\\/ConselldeMca\\\/\",\"https:\\\/\\\/x.com\\\/ConselldeMca\",\"https:\\\/\\\/www.instagram.com\\\/conselldemca\\\/\",\"https:\\\/\\\/www.youtube.com\\\/user\\\/conselldemallorca\"]}]}<\/script>\n<!-- \/ Yoast SEO plugin. -->","yoast_head_json":{"title":"Film Commission - Consell de Mallorca","robots":{"index":"index","follow":"follow","max-snippet":"max-snippet:-1","max-image-preview":"max-image-preview:large","max-video-preview":"max-video-preview:-1"},"canonical":"https:\/\/fundaciomallorcaturisme.net\/de\/film-commission\/","og_locale":"de_DE","og_type":"article","og_title":"Film Commission - Consell de Mallorca","og_url":"https:\/\/fundaciomallorcaturisme.net\/de\/film-commission\/","og_site_name":"Consell de Mallorca","article_publisher":"https:\/\/www.facebook.com\/ConselldeMca\/","article_modified_time":"2026-06-17T09:50:21+00:00","og_image":[{"width":1346,"height":1094,"url":"https:\/\/fundaciomallorcaturisme.net\/wp-content\/uploads\/2026\/02\/planificax2.jpg","type":"image\/jpeg"}],"twitter_card":"summary_large_image","twitter_site":"@ConselldeMca","schema":{"@context":"https:\/\/schema.org","@graph":[{"@type":"WebPage","@id":"https:\/\/fundaciomallorcaturisme.net\/de\/film-commission\/","url":"https:\/\/fundaciomallorcaturisme.net\/de\/film-commission\/","name":"Film Commission - Consell de Mallorca","isPartOf":{"@id":"https:\/\/fundaciomallorcaturisme.net\/de\/#website"},"datePublished":"2026-02-16T12:35:49+00:00","dateModified":"2026-06-17T09:50:21+00:00","breadcrumb":{"@id":"https:\/\/fundaciomallorcaturisme.net\/de\/film-commission\/#breadcrumb"},"inLanguage":"de","potentialAction":[{"@type":"ReadAction","target":["https:\/\/fundaciomallorcaturisme.net\/de\/film-commission\/"]}]},{"@type":"BreadcrumbList","@id":"https:\/\/fundaciomallorcaturisme.net\/de\/film-commission\/#breadcrumb","itemListElement":[{"@type":"ListItem","position":1,"name":"Startseite","item":"https:\/\/fundaciomallorcaturisme.net\/de\/"},{"@type":"ListItem","position":2,"name":"Film Commission"}]},{"@type":"WebSite","@id":"https:\/\/fundaciomallorcaturisme.net\/de\/#website","url":"https:\/\/fundaciomallorcaturisme.net\/de\/","name":"Consell de Mallorca","description":"","publisher":{"@id":"https:\/\/fundaciomallorcaturisme.net\/de\/#organization"},"alternateName":"Mallorca Turisme","potentialAction":[{"@type":"SearchAction","target":{"@type":"EntryPoint","urlTemplate":"https:\/\/fundaciomallorcaturisme.net\/de\/?s={search_term_string}"},"query-input":{"@type":"PropertyValueSpecification","valueRequired":true,"valueName":"search_term_string"}}],"inLanguage":"de"},{"@type":"Organization","@id":"https:\/\/fundaciomallorcaturisme.net\/de\/#organization","name":"Consell de Mallorca","alternateName":"Mallorca Turisme","url":"https:\/\/fundaciomallorcaturisme.net\/de\/","logo":{"@type":"ImageObject","inLanguage":"de","@id":"https:\/\/fundaciomallorcaturisme.net\/de\/#\/schema\/logo\/image\/","url":"http:\/\/fundaciomallorcaturisme.net\/wp-content\/uploads\/2026\/03\/logo.webp","contentUrl":"http:\/\/fundaciomallorcaturisme.net\/wp-content\/uploads\/2026\/03\/logo.webp","width":696,"height":570,"caption":"Consell de Mallorca"},"image":{"@id":"https:\/\/fundaciomallorcaturisme.net\/de\/#\/schema\/logo\/image\/"},"sameAs":["https:\/\/www.facebook.com\/ConselldeMca\/","https:\/\/x.com\/ConselldeMca","https:\/\/www.instagram.com\/conselldemca\/","https:\/\/www.youtube.com\/user\/conselldemallorca"]}]}},"_links":{"self":[{"href":"https:\/\/fundaciomallorcaturisme.net\/de\/wp-json\/wp\/v2\/pages\/2141","targetHints":{"allow":["GET"]}}],"collection":[{"href":"https:\/\/fundaciomallorcaturisme.net\/de\/wp-json\/wp\/v2\/pages"}],"about":[{"href":"https:\/\/fundaciomallorcaturisme.net\/de\/wp-json\/wp\/v2\/types\/page"}],"author":[{"embeddable":true,"href":"https:\/\/fundaciomallorcaturisme.net\/de\/wp-json\/wp\/v2\/users\/1"}],"replies":[{"embeddable":true,"href":"https:\/\/fundaciomallorcaturisme.net\/de\/wp-json\/wp\/v2\/comments?post=2141"}],"version-history":[{"count":5,"href":"https:\/\/fundaciomallorcaturisme.net\/de\/wp-json\/wp\/v2\/pages\/2141\/revisions"}],"predecessor-version":[{"id":5167,"href":"https:\/\/fundaciomallorcaturisme.net\/de\/wp-json\/wp\/v2\/pages\/2141\/revisions\/5167"}],"wp:attachment":[{"href":"https:\/\/fundaciomallorcaturisme.net\/de\/wp-json\/wp\/v2\/media?parent=2141"}],"curies":[{"name":"wp","href":"https:\/\/api.w.org\/{rel}","templated":true}]}}