{"id":2129,"date":"2026-02-09T16:48:18","date_gmt":"2026-02-09T15:48:18","guid":{"rendered":"http:\/\/fundaciomallorcaturisme.net\/accesibilidad\/"},"modified":"2026-04-09T12:33:35","modified_gmt":"2026-04-09T10:33:35","slug":"barrierefreiheit","status":"publish","type":"page","link":"https:\/\/fundaciomallorcaturisme.net\/de\/barrierefreiheit\/","title":{"rendered":"Barrierefreiheit"},"content":{"rendered":"","protected":false},"excerpt":{"rendered":"","protected":false},"author":1,"featured_media":0,"parent":0,"menu_order":0,"comment_status":"closed","ping_status":"closed","template":"page-templates\/contenido_flexible.php","meta":{"_acf_changed":false,"footnotes":""},"class_list":["post-2129","page","type-page","status-publish","hentry"],"acf":{"contenido_flexible":[{"acf_fc_layout":"cabecera","titulo":"<h1>Barrierefreies Mallorca: Ein Reiseziel f\u00fcr alle Menschen<\/h1>","titulo_grande":false,"subtitulo":"Erbe, Natur und Dienstleistungen ohne Barrieren genie\u00dfen","texto":"Wir von der Fundaci\u00f3 Turisme Responsable de Mallorca sind der \u00dcberzeugung, dass das Recht zu reisen universell ist. Deshalb f\u00f6rdern wir ein vollkommen inklusives Tourismusmodell auf Mallorca, indem wir Hindernisse abbauen und pr\u00e4zise Informationen bereitstellen, damit Ihre einzige Sorge darin besteht, das Erlebnis zu genie\u00dfen.","enlace":"","flecha_abajo":true,"tiene_video":false,"video":null,"imagenx1":636,"imagenx2":636,"logos":""},{"acf_fc_layout":"grid_elementos_flexible","pretitulo":"Inklusive Str\u00e4nde","titulo":"Genie\u00dfen Sie das Meer: <span>Barrierefreie Str\u00e4nde<\/span> auf Mallorca","texto":"Mallorca verf\u00fcgt \u00fcber ein breites Netz an barrierefreien Str\u00e4nden, die mit Stegen, Amphibien-Rollst\u00fchlen, Schattenpl\u00e4tzen und Assistenzpersonal ausgestattet sind. Wir m\u00f6chten, dass das Mittelmeer f\u00fcr alle erreichbar ist, und garantieren dabei Sicherheit und Komfort an der mallorquinischen K\u00fcste.","texto_secundario":"","cta":"","logos":"","alineacion":"izquierda","elementos":[{"icono":"","titulo":"Interaktiver Reisef\u00fchrer f\u00fcr barrierefreien Tourismus","enlace":"http:\/\/fundaciomallorcaturisme.net\/wp-content\/uploads\/2026\/02\/22.-GuiaTurIsticaESP.pdf","descripcion":"PDF herunterladen","color_de_fondo":"#ef9600","texto_blanco":false},{"icono":"","titulo":"Interaktiver Reisef\u00fchrer f\u00fcr barrierefreien Tourismus f\u00fcr blinde Menschen","enlace":"http:\/\/fundaciomallorcaturisme.net\/wp-content\/uploads\/2026\/02\/22.-GuiaTuristicaVisualESP.pdf","descripcion":"PDF herunterladen","color_de_fondo":"#ef9600","texto_blanco":false}],"estilo":"columna","color_de_fondo":"","texto_blanco":false,"ilustracion":""},{"acf_fc_layout":"texto_full","texto":"viumallorca"},{"acf_fc_layout":"texto_con_imagen","pretitulo":"Mobilit\u00e4t und adaptierter Transport","titulo":"<h2><span>Barrierefreie Fortbewegung<\/span> auf der Insel<\/h2>","subtitulo":"","texto":"Das Engagement f\u00fcr ein barrierefreies Reiseziel beginnt beim Transport. Wir verf\u00fcgen \u00fcber eine Flotte von angepassten \u00dcberlandbussen (TIB) und Stadtbussen (EMT) sowie Taxidienste mit Rampen und Mietoptionen f\u00fcr spezialisierte Fahrzeuge, um Ihre Mobilit\u00e4t von einem Ende der Insel zum anderen zu erleichtern.","cta":"","imagen":641,"tiene_video":false,"enlace_video":null,"logos":"","color_de_fondo":"#ffffff","texto_en_blanco":false,"son_enlaces":false,"elementos":null,"imagen_izquierda":false,"margen_superior":"","margen_inferior":""},{"acf_fc_layout":"texto_con_imagen","pretitulo":"Kultur und Freizeit ohne Barrieren","titulo":"<span>Erbe und Erlebnisse<\/span> f\u00fcr alle Sinne","subtitulo":"","texto":"Von der Kathedrale von Mallorca bis hin zu den angepassten Wanderwegen der Serra de Tramuntana. Wir arbeiten mit Museen, Denkm\u00e4lern und Naturr\u00e4umen zusammen, um sicherzustellen, dass das Tourismusangebot Mallorcas inklusiv ist. Dabei bieten wir Audioguides, Videoguides in Geb\u00e4rdensprache und ebenerdige Zug\u00e4nge an den wichtigsten kulturellen Sehensw\u00fcrdigkeiten an.","cta":{"title":"Was kann man auf Mallorca unternehmen?","url":"http:\/\/fundaciomallorcaturisme.net\/de\/was-man-unternehmen-kann\/","target":""},"imagen":642,"tiene_video":false,"enlace_video":null,"logos":"","color_de_fondo":"#f5f5f5","texto_en_blanco":false,"son_enlaces":false,"elementos":null,"imagen_izquierda":true,"margen_superior":"","margen_inferior":""},{"acf_fc_layout":"texto_simple","pretitulo":"Engagement","titulo":"Ein Engagement in <span>stetiger Weiterentwicklung<\/span>","texto":"Barrierefreiheit ist ein Querschnittsthema in den Projekten unserer Stiftung. Wir arbeiten eng mit lokalen Verb\u00e4nden und Experten zusammen, um die Infrastruktur der Insel st\u00e4ndig zu pr\u00fcfen und zu verbessern. Denn ein besseres Mallorca f\u00fcr diejenigen, die uns besuchen, ist vor allem ein besseres Mallorca f\u00fcr diejenigen von uns, die hier leben.","cta":"","2_columnas":true,"color_de_fondo":"#ffffff"},{"acf_fc_layout":"grid_elementos_flexible","pretitulo":"Schnellplanung","titulo":"Haben Sie schon ein Reiseziel gew\u00e4hlt?","texto":"Wir m\u00f6chten, dass Ihr Erlebnis auf Mallorca vom ersten Moment an perfekt ist. Hier finden Sie alles \u2013 von der Anreise und den Unterk\u00fcnften bis hin zu praktischen Unterlagen und den Verkehrsmitteln, die Sie nutzen k\u00f6nnen.","texto_secundario":"","cta":"","logos":"","alineacion":"izquierda","elementos":[{"icono":"","titulo":"Anreise und Mobilit\u00e4t auf der Insel","enlace":"http:\/\/fundaciomallorcaturisme.net\/de\/plane\/anreise\/","descripcion":"","color_de_fondo":"#9bcbeb","texto_blanco":true},{"icono":"","titulo":"Finden Sie die ideale Unterkunft","enlace":"http:\/\/fundaciomallorcaturisme.net\/de\/plane\/unterkuenfte\/","descripcion":"","color_de_fondo":"#ef9600","texto_blanco":false},{"icono":"","titulo":"Anreise mit F\u00e4hre und Bus","enlace":"http:\/\/fundaciomallorcaturisme.net\/de\/plane\/transport\/","descripcion":"","color_de_fondo":"#365abd","texto_blanco":true},{"icono":"","titulo":"Praktische Informationen","enlace":"http:\/\/fundaciomallorcaturisme.net\/de\/plane\/praktische-informationen\/","descripcion":"","color_de_fondo":"#ffc600","texto_blanco":false}],"estilo":"fila","color_de_fondo":"","texto_blanco":false,"ilustracion":""}]},"yoast_head":"<!-- This site is optimized with the Yoast SEO plugin v27.7 - https:\/\/yoast.com\/product\/yoast-seo-wordpress\/ -->\n<title>Barrierefreier Tourismus auf Mallorca- Consell de Mallorca<\/title>\n<meta name=\"robots\" content=\"index, follow, max-snippet:-1, max-image-preview:large, max-video-preview:-1\" \/>\n<link rel=\"canonical\" href=\"https:\/\/fundaciomallorcaturisme.net\/de\/barrierefreiheit\/\" \/>\n<meta property=\"og:locale\" content=\"de_DE\" \/>\n<meta property=\"og:type\" content=\"article\" \/>\n<meta property=\"og:title\" content=\"Barrierefreier Tourismus auf Mallorca- Consell de Mallorca\" \/>\n<meta property=\"og:url\" content=\"https:\/\/fundaciomallorcaturisme.net\/de\/barrierefreiheit\/\" \/>\n<meta property=\"og:site_name\" content=\"Consell de Mallorca\" \/>\n<meta property=\"article:publisher\" content=\"https:\/\/www.facebook.com\/ConselldeMca\/\" \/>\n<meta property=\"article:modified_time\" content=\"2026-04-09T10:33:35+00:00\" \/>\n<meta property=\"og:image\" content=\"https:\/\/fundaciomallorcaturisme.net\/wp-content\/uploads\/2026\/02\/planificax2.jpg\" \/>\n\t<meta property=\"og:image:width\" content=\"1346\" \/>\n\t<meta property=\"og:image:height\" content=\"1094\" \/>\n\t<meta property=\"og:image:type\" content=\"image\/jpeg\" \/>\n<meta name=\"twitter:card\" content=\"summary_large_image\" \/>\n<meta name=\"twitter:site\" content=\"@ConselldeMca\" \/>\n<script type=\"application\/ld+json\" class=\"yoast-schema-graph\">{\"@context\":\"https:\\\/\\\/schema.org\",\"@graph\":[{\"@type\":\"WebPage\",\"@id\":\"https:\\\/\\\/fundaciomallorcaturisme.net\\\/de\\\/barrierefreiheit\\\/\",\"url\":\"https:\\\/\\\/fundaciomallorcaturisme.net\\\/de\\\/barrierefreiheit\\\/\",\"name\":\"Barrierefreier Tourismus auf Mallorca- Consell de Mallorca\",\"isPartOf\":{\"@id\":\"https:\\\/\\\/fundaciomallorcaturisme.net\\\/de\\\/#website\"},\"datePublished\":\"2026-02-09T15:48:18+00:00\",\"dateModified\":\"2026-04-09T10:33:35+00:00\",\"breadcrumb\":{\"@id\":\"https:\\\/\\\/fundaciomallorcaturisme.net\\\/de\\\/barrierefreiheit\\\/#breadcrumb\"},\"inLanguage\":\"de\",\"potentialAction\":[{\"@type\":\"ReadAction\",\"target\":[\"https:\\\/\\\/fundaciomallorcaturisme.net\\\/de\\\/barrierefreiheit\\\/\"]}]},{\"@type\":\"BreadcrumbList\",\"@id\":\"https:\\\/\\\/fundaciomallorcaturisme.net\\\/de\\\/barrierefreiheit\\\/#breadcrumb\",\"itemListElement\":[{\"@type\":\"ListItem\",\"position\":1,\"name\":\"Startseite\",\"item\":\"https:\\\/\\\/fundaciomallorcaturisme.net\\\/de\\\/\"},{\"@type\":\"ListItem\",\"position\":2,\"name\":\"Barrierefreiheit\"}]},{\"@type\":\"WebSite\",\"@id\":\"https:\\\/\\\/fundaciomallorcaturisme.net\\\/de\\\/#website\",\"url\":\"https:\\\/\\\/fundaciomallorcaturisme.net\\\/de\\\/\",\"name\":\"Consell de Mallorca\",\"description\":\"\",\"publisher\":{\"@id\":\"https:\\\/\\\/fundaciomallorcaturisme.net\\\/de\\\/#organization\"},\"alternateName\":\"Mallorca Turisme\",\"potentialAction\":[{\"@type\":\"SearchAction\",\"target\":{\"@type\":\"EntryPoint\",\"urlTemplate\":\"https:\\\/\\\/fundaciomallorcaturisme.net\\\/de\\\/?s={search_term_string}\"},\"query-input\":{\"@type\":\"PropertyValueSpecification\",\"valueRequired\":true,\"valueName\":\"search_term_string\"}}],\"inLanguage\":\"de\"},{\"@type\":\"Organization\",\"@id\":\"https:\\\/\\\/fundaciomallorcaturisme.net\\\/de\\\/#organization\",\"name\":\"Consell de Mallorca\",\"alternateName\":\"Mallorca Turisme\",\"url\":\"https:\\\/\\\/fundaciomallorcaturisme.net\\\/de\\\/\",\"logo\":{\"@type\":\"ImageObject\",\"inLanguage\":\"de\",\"@id\":\"https:\\\/\\\/fundaciomallorcaturisme.net\\\/de\\\/#\\\/schema\\\/logo\\\/image\\\/\",\"url\":\"http:\\\/\\\/fundaciomallorcaturisme.net\\\/wp-content\\\/uploads\\\/2026\\\/03\\\/logo.webp\",\"contentUrl\":\"http:\\\/\\\/fundaciomallorcaturisme.net\\\/wp-content\\\/uploads\\\/2026\\\/03\\\/logo.webp\",\"width\":696,\"height\":570,\"caption\":\"Consell de Mallorca\"},\"image\":{\"@id\":\"https:\\\/\\\/fundaciomallorcaturisme.net\\\/de\\\/#\\\/schema\\\/logo\\\/image\\\/\"},\"sameAs\":[\"https:\\\/\\\/www.facebook.com\\\/ConselldeMca\\\/\",\"https:\\\/\\\/x.com\\\/ConselldeMca\",\"https:\\\/\\\/www.instagram.com\\\/conselldemca\\\/\",\"https:\\\/\\\/www.youtube.com\\\/user\\\/conselldemallorca\"]}]}<\/script>\n<!-- \/ Yoast SEO plugin. -->","yoast_head_json":{"title":"Barrierefreier Tourismus auf Mallorca- Consell de Mallorca","robots":{"index":"index","follow":"follow","max-snippet":"max-snippet:-1","max-image-preview":"max-image-preview:large","max-video-preview":"max-video-preview:-1"},"canonical":"https:\/\/fundaciomallorcaturisme.net\/de\/barrierefreiheit\/","og_locale":"de_DE","og_type":"article","og_title":"Barrierefreier Tourismus auf Mallorca- Consell de Mallorca","og_url":"https:\/\/fundaciomallorcaturisme.net\/de\/barrierefreiheit\/","og_site_name":"Consell de Mallorca","article_publisher":"https:\/\/www.facebook.com\/ConselldeMca\/","article_modified_time":"2026-04-09T10:33:35+00:00","og_image":[{"width":1346,"height":1094,"url":"https:\/\/fundaciomallorcaturisme.net\/wp-content\/uploads\/2026\/02\/planificax2.jpg","type":"image\/jpeg"}],"twitter_card":"summary_large_image","twitter_site":"@ConselldeMca","schema":{"@context":"https:\/\/schema.org","@graph":[{"@type":"WebPage","@id":"https:\/\/fundaciomallorcaturisme.net\/de\/barrierefreiheit\/","url":"https:\/\/fundaciomallorcaturisme.net\/de\/barrierefreiheit\/","name":"Barrierefreier Tourismus auf Mallorca- Consell de Mallorca","isPartOf":{"@id":"https:\/\/fundaciomallorcaturisme.net\/de\/#website"},"datePublished":"2026-02-09T15:48:18+00:00","dateModified":"2026-04-09T10:33:35+00:00","breadcrumb":{"@id":"https:\/\/fundaciomallorcaturisme.net\/de\/barrierefreiheit\/#breadcrumb"},"inLanguage":"de","potentialAction":[{"@type":"ReadAction","target":["https:\/\/fundaciomallorcaturisme.net\/de\/barrierefreiheit\/"]}]},{"@type":"BreadcrumbList","@id":"https:\/\/fundaciomallorcaturisme.net\/de\/barrierefreiheit\/#breadcrumb","itemListElement":[{"@type":"ListItem","position":1,"name":"Startseite","item":"https:\/\/fundaciomallorcaturisme.net\/de\/"},{"@type":"ListItem","position":2,"name":"Barrierefreiheit"}]},{"@type":"WebSite","@id":"https:\/\/fundaciomallorcaturisme.net\/de\/#website","url":"https:\/\/fundaciomallorcaturisme.net\/de\/","name":"Consell de Mallorca","description":"","publisher":{"@id":"https:\/\/fundaciomallorcaturisme.net\/de\/#organization"},"alternateName":"Mallorca Turisme","potentialAction":[{"@type":"SearchAction","target":{"@type":"EntryPoint","urlTemplate":"https:\/\/fundaciomallorcaturisme.net\/de\/?s={search_term_string}"},"query-input":{"@type":"PropertyValueSpecification","valueRequired":true,"valueName":"search_term_string"}}],"inLanguage":"de"},{"@type":"Organization","@id":"https:\/\/fundaciomallorcaturisme.net\/de\/#organization","name":"Consell de Mallorca","alternateName":"Mallorca Turisme","url":"https:\/\/fundaciomallorcaturisme.net\/de\/","logo":{"@type":"ImageObject","inLanguage":"de","@id":"https:\/\/fundaciomallorcaturisme.net\/de\/#\/schema\/logo\/image\/","url":"http:\/\/fundaciomallorcaturisme.net\/wp-content\/uploads\/2026\/03\/logo.webp","contentUrl":"http:\/\/fundaciomallorcaturisme.net\/wp-content\/uploads\/2026\/03\/logo.webp","width":696,"height":570,"caption":"Consell de Mallorca"},"image":{"@id":"https:\/\/fundaciomallorcaturisme.net\/de\/#\/schema\/logo\/image\/"},"sameAs":["https:\/\/www.facebook.com\/ConselldeMca\/","https:\/\/x.com\/ConselldeMca","https:\/\/www.instagram.com\/conselldemca\/","https:\/\/www.youtube.com\/user\/conselldemallorca"]}]}},"_links":{"self":[{"href":"https:\/\/fundaciomallorcaturisme.net\/de\/wp-json\/wp\/v2\/pages\/2129","targetHints":{"allow":["GET"]}}],"collection":[{"href":"https:\/\/fundaciomallorcaturisme.net\/de\/wp-json\/wp\/v2\/pages"}],"about":[{"href":"https:\/\/fundaciomallorcaturisme.net\/de\/wp-json\/wp\/v2\/types\/page"}],"author":[{"embeddable":true,"href":"https:\/\/fundaciomallorcaturisme.net\/de\/wp-json\/wp\/v2\/users\/1"}],"replies":[{"embeddable":true,"href":"https:\/\/fundaciomallorcaturisme.net\/de\/wp-json\/wp\/v2\/comments?post=2129"}],"version-history":[{"count":7,"href":"https:\/\/fundaciomallorcaturisme.net\/de\/wp-json\/wp\/v2\/pages\/2129\/revisions"}],"predecessor-version":[{"id":4777,"href":"https:\/\/fundaciomallorcaturisme.net\/de\/wp-json\/wp\/v2\/pages\/2129\/revisions\/4777"}],"wp:attachment":[{"href":"https:\/\/fundaciomallorcaturisme.net\/de\/wp-json\/wp\/v2\/media?parent=2129"}],"curies":[{"name":"wp","href":"https:\/\/api.w.org\/{rel}","templated":true}]}}