{"id":1521,"date":"2026-01-30T10:46:43","date_gmt":"2026-01-30T09:46:43","guid":{"rendered":"http:\/\/fundaciomallorcaturisme.net\/destinos\/"},"modified":"2026-03-25T14:47:55","modified_gmt":"2026-03-25T13:47:55","slug":"reiseziele","status":"publish","type":"page","link":"https:\/\/fundaciomallorcaturisme.net\/de\/reiseziele\/","title":{"rendered":"Reiseziele"},"content":{"rendered":"","protected":false},"excerpt":{"rendered":"","protected":false},"author":1,"featured_media":0,"parent":0,"menu_order":0,"comment_status":"closed","ping_status":"closed","template":"page-templates\/contenido_flexible.php","meta":{"_acf_changed":false,"footnotes":""},"class_list":["post-1521","page","type-page","status-publish","hentry"],"acf":{"contenido_flexible":[{"acf_fc_layout":"cabecera","titulo":"<h1>Reiseziele auf Mallorca<\/h1>","titulo_grande":false,"subtitulo":"Vom Herzen der Serra bis zum Mittelmeer.","texto":"<strong>Mallorca<\/strong> ist ein Mosaik aus Landschaften, in denen <strong>Tradition<\/strong> und <strong>Natur<\/strong> in <strong>perfekter Harmonie zusammenleben<\/strong>. Wir laden Sie ein, unsere Regionen zu erkunden: von den Gipfeln der Serra de Tramuntana, dem Welterbe, bis hin zur l\u00e4ndlichen Essenz von Es Pla und dem Licht unserer K\u00fcsten. <strong>Finden Sie hier den idealen Ort, um Ihr eigenes Erlebnis zu genie\u00dfen.<\/strong>","enlace":"","flecha_abajo":true,"tiene_video":true,"video":4565,"imagenx1":null,"imagenx2":null,"logos":""},{"acf_fc_layout":"grid_elementos","pretitulo":"Genie\u00dfen Sie die Essenz der Insel","titulo":"<h2>Entdecken Sie die Regionen der Insel<\/h2>","texto":"Jede Zone hat ihre eigene Seele. W\u00e4hlen Sie Ihr Reiseziel ganz nach Ihren W\u00fcnschen: Abenteuer, Entspannung, Kultur oder einfach zum Abschalten.","elementos":[{"imagenx1":416,"imagenx2":417,"texto_experiencias":"32 Sehensw\u00fcrdigkeiten","titulo":"Serra de Tramuntana","subtitulo":"Das R\u00fcckgrat Mallorcas","texto":"","enlace":"http:\/\/fundaciomallorcaturisme.net\/de\/reiseziele\/serra-de-tramuntana\/"},{"imagenx1":418,"imagenx2":419,"texto_experiencias":"32 Sehensw\u00fcrdigkeiten","titulo":"Es Raiguer","subtitulo":"Handwerk und Tradition am Fu\u00dfe der Sierra","texto":"","enlace":"http:\/\/fundaciomallorcaturisme.net\/de\/reiseziele\/es-raiguer\/"},{"imagenx1":420,"imagenx2":421,"texto_experiencias":"32 Sehensw\u00fcrdigkeiten","titulo":"Es Pla","subtitulo":"Der l\u00e4ndliche Herzschlag von Mallorcas Inselinnerem","texto":"","enlace":"http:\/\/fundaciomallorcaturisme.net\/de\/reiseziele\/es-pla\/"},{"imagenx1":424,"imagenx2":425,"texto_experiencias":"32 Sehensw\u00fcrdigkeiten","titulo":"Llevant","subtitulo":"H\u00f6hlen, Burgen und wilde Buchten","texto":"","enlace":"http:\/\/fundaciomallorcaturisme.net\/de\/reiseziele\/llevant\/"}],"cta":"","card_blanca":false},{"acf_fc_layout":"texto_con_imagen","pretitulo":"Orte mit Identit\u00e4t","titulo":"<h2>D\u00f6rfer und Gemeinden, die Sie nicht verpassen sollten<\/h2>","subtitulo":"","texto":"<strong>Mallorca l\u00e4sst sich nicht ohne seine Gemeinden erkl\u00e4ren.<\/strong> Lassen Sie sich vom Sonntagsmarkt in Santany\u00ed, den traditionellen Jahrm\u00e4rkten von Sa Pobla oder den historischen Routen von Alar\u00f3 \u00fcberraschen. Jeder Ort bietet ein einzigartiges Fenster zur Kultur und zur mallorquinischen Gastfreundschaft.","cta":{"title":"Mehr entdecken","url":"http:\/\/fundaciomallorcaturisme.net\/de\/reiseziele\/reiseziele-im-landesinneren-2\/","target":""},"imagen":432,"tiene_video":false,"enlace_video":null,"logos":"","color_de_fondo":"#365ABD","texto_en_blanco":true,"son_enlaces":false,"elementos":null,"imagen_izquierda":false,"margen_superior":"","margen_inferior":""},{"acf_fc_layout":"texto_con_imagen","pretitulo":"Verantwortungsbewusstes Reisen","titulo":"<h2>Ihr Reiseziel, <strong>unser gemeinsames Versprechen<\/strong><\/h2>","subtitulo":"","texto":"<strong>Wir von der Fundaci\u00f3 Turisme Responsable de Mallorca<\/strong> glauben, dass das beste Reiseziel jenes ist, das gepflegt wird. Wir ermutigen Sie, die Insel mit Respekt vor der Umwelt und durch die Unterst\u00fctzung des lokalen Handels zu entdecken. <strong>Schlie\u00dfen Sie sich unserem Pledge an<\/strong> und helfen Sie uns, die Essenz jedes Winkels, den Sie besuchen, zu bewahren.","cta":{"title":"Mehr \u00fcber den Pledge","url":"http:\/\/fundaciomallorcaturisme.net\/de\/pledge\/","target":""},"imagen":436,"tiene_video":false,"enlace_video":null,"logos":"","color_de_fondo":"#f5f5f5","texto_en_blanco":false,"son_enlaces":false,"elementos":null,"imagen_izquierda":true,"margen_superior":"","margen_inferior":""},{"acf_fc_layout":"texto_full","texto":"viumallorca"},{"acf_fc_layout":"grid_elementos_flexible","pretitulo":"Gestalten Sie Ihre perfekte Reise","titulo":"Planen Sie Ihren Aufenthalt <span>mit allen Informationen, die Sie ben\u00f6tigen<\/span>","texto":"Wir m\u00f6chten, dass Ihr Mallorca-Erlebnis vom ersten Moment an perfekt ist. Hier finden Sie alles \u2013 von der Anreise und Unterkunft bis hin zu praktischen Dokumenten und den verf\u00fcgbaren Verkehrsmitteln.","texto_secundario":"","cta":"","logos":"","alineacion":"izquierda","elementos":[{"icono":"","titulo":"Anreise und Mobilit\u00e4t auf der Insel","enlace":"http:\/\/fundaciomallorcaturisme.net\/de\/plane\/anreise\/","descripcion":"","color_de_fondo":"#9bcbeb","texto_blanco":true},{"icono":"","titulo":"Finden Sie die ideale Unterkunft","enlace":"http:\/\/fundaciomallorcaturisme.net\/de\/plane\/unterkuenfte\/","descripcion":"","color_de_fondo":"#ef9600","texto_blanco":false},{"icono":"","titulo":"Anreise mit F\u00e4hre und Bus","enlace":"http:\/\/fundaciomallorcaturisme.net\/de\/plane\/transport\/","descripcion":"","color_de_fondo":"#365abd","texto_blanco":true},{"icono":"","titulo":"Praktische Informationen","enlace":"http:\/\/fundaciomallorcaturisme.net\/de\/plane\/praktische-informationen\/","descripcion":"","color_de_fondo":"#ffc600","texto_blanco":false}],"estilo":"fila","color_de_fondo":"","texto_blanco":false,"ilustracion":""}]},"yoast_head":"<!-- This site is optimized with the Yoast SEO plugin v27.7 - https:\/\/yoast.com\/product\/yoast-seo-wordpress\/ -->\n<title>Reiseziele - Consell de Mallorca<\/title>\n<meta name=\"robots\" content=\"index, follow, max-snippet:-1, max-image-preview:large, max-video-preview:-1\" \/>\n<link rel=\"canonical\" href=\"https:\/\/fundaciomallorcaturisme.net\/de\/reiseziele\/\" \/>\n<meta property=\"og:locale\" content=\"de_DE\" \/>\n<meta property=\"og:type\" content=\"article\" \/>\n<meta property=\"og:title\" content=\"Reiseziele - Consell de Mallorca\" \/>\n<meta property=\"og:url\" content=\"https:\/\/fundaciomallorcaturisme.net\/de\/reiseziele\/\" \/>\n<meta property=\"og:site_name\" content=\"Consell de Mallorca\" \/>\n<meta property=\"article:publisher\" content=\"https:\/\/www.facebook.com\/ConselldeMca\/\" \/>\n<meta property=\"article:modified_time\" content=\"2026-03-25T13:47:55+00:00\" \/>\n<meta property=\"og:image\" content=\"https:\/\/fundaciomallorcaturisme.net\/wp-content\/uploads\/2026\/02\/planificax2.jpg\" \/>\n\t<meta property=\"og:image:width\" content=\"1346\" \/>\n\t<meta property=\"og:image:height\" content=\"1094\" \/>\n\t<meta property=\"og:image:type\" content=\"image\/jpeg\" \/>\n<meta name=\"twitter:card\" content=\"summary_large_image\" \/>\n<meta name=\"twitter:site\" content=\"@ConselldeMca\" \/>\n<script type=\"application\/ld+json\" class=\"yoast-schema-graph\">{\"@context\":\"https:\\\/\\\/schema.org\",\"@graph\":[{\"@type\":\"WebPage\",\"@id\":\"https:\\\/\\\/fundaciomallorcaturisme.net\\\/de\\\/reiseziele\\\/\",\"url\":\"https:\\\/\\\/fundaciomallorcaturisme.net\\\/de\\\/reiseziele\\\/\",\"name\":\"Reiseziele - Consell de Mallorca\",\"isPartOf\":{\"@id\":\"https:\\\/\\\/fundaciomallorcaturisme.net\\\/de\\\/#website\"},\"datePublished\":\"2026-01-30T09:46:43+00:00\",\"dateModified\":\"2026-03-25T13:47:55+00:00\",\"breadcrumb\":{\"@id\":\"https:\\\/\\\/fundaciomallorcaturisme.net\\\/de\\\/reiseziele\\\/#breadcrumb\"},\"inLanguage\":\"de\",\"potentialAction\":[{\"@type\":\"ReadAction\",\"target\":[\"https:\\\/\\\/fundaciomallorcaturisme.net\\\/de\\\/reiseziele\\\/\"]}]},{\"@type\":\"BreadcrumbList\",\"@id\":\"https:\\\/\\\/fundaciomallorcaturisme.net\\\/de\\\/reiseziele\\\/#breadcrumb\",\"itemListElement\":[{\"@type\":\"ListItem\",\"position\":1,\"name\":\"Startseite\",\"item\":\"https:\\\/\\\/fundaciomallorcaturisme.net\\\/de\\\/\"},{\"@type\":\"ListItem\",\"position\":2,\"name\":\"Reiseziele\"}]},{\"@type\":\"WebSite\",\"@id\":\"https:\\\/\\\/fundaciomallorcaturisme.net\\\/de\\\/#website\",\"url\":\"https:\\\/\\\/fundaciomallorcaturisme.net\\\/de\\\/\",\"name\":\"Consell de Mallorca\",\"description\":\"\",\"publisher\":{\"@id\":\"https:\\\/\\\/fundaciomallorcaturisme.net\\\/de\\\/#organization\"},\"alternateName\":\"Mallorca Turisme\",\"potentialAction\":[{\"@type\":\"SearchAction\",\"target\":{\"@type\":\"EntryPoint\",\"urlTemplate\":\"https:\\\/\\\/fundaciomallorcaturisme.net\\\/de\\\/?s={search_term_string}\"},\"query-input\":{\"@type\":\"PropertyValueSpecification\",\"valueRequired\":true,\"valueName\":\"search_term_string\"}}],\"inLanguage\":\"de\"},{\"@type\":\"Organization\",\"@id\":\"https:\\\/\\\/fundaciomallorcaturisme.net\\\/de\\\/#organization\",\"name\":\"Consell de Mallorca\",\"alternateName\":\"Mallorca Turisme\",\"url\":\"https:\\\/\\\/fundaciomallorcaturisme.net\\\/de\\\/\",\"logo\":{\"@type\":\"ImageObject\",\"inLanguage\":\"de\",\"@id\":\"https:\\\/\\\/fundaciomallorcaturisme.net\\\/de\\\/#\\\/schema\\\/logo\\\/image\\\/\",\"url\":\"http:\\\/\\\/fundaciomallorcaturisme.net\\\/wp-content\\\/uploads\\\/2026\\\/03\\\/logo.webp\",\"contentUrl\":\"http:\\\/\\\/fundaciomallorcaturisme.net\\\/wp-content\\\/uploads\\\/2026\\\/03\\\/logo.webp\",\"width\":696,\"height\":570,\"caption\":\"Consell de Mallorca\"},\"image\":{\"@id\":\"https:\\\/\\\/fundaciomallorcaturisme.net\\\/de\\\/#\\\/schema\\\/logo\\\/image\\\/\"},\"sameAs\":[\"https:\\\/\\\/www.facebook.com\\\/ConselldeMca\\\/\",\"https:\\\/\\\/x.com\\\/ConselldeMca\",\"https:\\\/\\\/www.instagram.com\\\/conselldemca\\\/\",\"https:\\\/\\\/www.youtube.com\\\/user\\\/conselldemallorca\"]}]}<\/script>\n<!-- \/ Yoast SEO plugin. -->","yoast_head_json":{"title":"Reiseziele - Consell de Mallorca","robots":{"index":"index","follow":"follow","max-snippet":"max-snippet:-1","max-image-preview":"max-image-preview:large","max-video-preview":"max-video-preview:-1"},"canonical":"https:\/\/fundaciomallorcaturisme.net\/de\/reiseziele\/","og_locale":"de_DE","og_type":"article","og_title":"Reiseziele - Consell de Mallorca","og_url":"https:\/\/fundaciomallorcaturisme.net\/de\/reiseziele\/","og_site_name":"Consell de Mallorca","article_publisher":"https:\/\/www.facebook.com\/ConselldeMca\/","article_modified_time":"2026-03-25T13:47:55+00:00","og_image":[{"width":1346,"height":1094,"url":"https:\/\/fundaciomallorcaturisme.net\/wp-content\/uploads\/2026\/02\/planificax2.jpg","type":"image\/jpeg"}],"twitter_card":"summary_large_image","twitter_site":"@ConselldeMca","schema":{"@context":"https:\/\/schema.org","@graph":[{"@type":"WebPage","@id":"https:\/\/fundaciomallorcaturisme.net\/de\/reiseziele\/","url":"https:\/\/fundaciomallorcaturisme.net\/de\/reiseziele\/","name":"Reiseziele - Consell de Mallorca","isPartOf":{"@id":"https:\/\/fundaciomallorcaturisme.net\/de\/#website"},"datePublished":"2026-01-30T09:46:43+00:00","dateModified":"2026-03-25T13:47:55+00:00","breadcrumb":{"@id":"https:\/\/fundaciomallorcaturisme.net\/de\/reiseziele\/#breadcrumb"},"inLanguage":"de","potentialAction":[{"@type":"ReadAction","target":["https:\/\/fundaciomallorcaturisme.net\/de\/reiseziele\/"]}]},{"@type":"BreadcrumbList","@id":"https:\/\/fundaciomallorcaturisme.net\/de\/reiseziele\/#breadcrumb","itemListElement":[{"@type":"ListItem","position":1,"name":"Startseite","item":"https:\/\/fundaciomallorcaturisme.net\/de\/"},{"@type":"ListItem","position":2,"name":"Reiseziele"}]},{"@type":"WebSite","@id":"https:\/\/fundaciomallorcaturisme.net\/de\/#website","url":"https:\/\/fundaciomallorcaturisme.net\/de\/","name":"Consell de Mallorca","description":"","publisher":{"@id":"https:\/\/fundaciomallorcaturisme.net\/de\/#organization"},"alternateName":"Mallorca Turisme","potentialAction":[{"@type":"SearchAction","target":{"@type":"EntryPoint","urlTemplate":"https:\/\/fundaciomallorcaturisme.net\/de\/?s={search_term_string}"},"query-input":{"@type":"PropertyValueSpecification","valueRequired":true,"valueName":"search_term_string"}}],"inLanguage":"de"},{"@type":"Organization","@id":"https:\/\/fundaciomallorcaturisme.net\/de\/#organization","name":"Consell de Mallorca","alternateName":"Mallorca Turisme","url":"https:\/\/fundaciomallorcaturisme.net\/de\/","logo":{"@type":"ImageObject","inLanguage":"de","@id":"https:\/\/fundaciomallorcaturisme.net\/de\/#\/schema\/logo\/image\/","url":"http:\/\/fundaciomallorcaturisme.net\/wp-content\/uploads\/2026\/03\/logo.webp","contentUrl":"http:\/\/fundaciomallorcaturisme.net\/wp-content\/uploads\/2026\/03\/logo.webp","width":696,"height":570,"caption":"Consell de Mallorca"},"image":{"@id":"https:\/\/fundaciomallorcaturisme.net\/de\/#\/schema\/logo\/image\/"},"sameAs":["https:\/\/www.facebook.com\/ConselldeMca\/","https:\/\/x.com\/ConselldeMca","https:\/\/www.instagram.com\/conselldemca\/","https:\/\/www.youtube.com\/user\/conselldemallorca"]}]}},"_links":{"self":[{"href":"https:\/\/fundaciomallorcaturisme.net\/de\/wp-json\/wp\/v2\/pages\/1521","targetHints":{"allow":["GET"]}}],"collection":[{"href":"https:\/\/fundaciomallorcaturisme.net\/de\/wp-json\/wp\/v2\/pages"}],"about":[{"href":"https:\/\/fundaciomallorcaturisme.net\/de\/wp-json\/wp\/v2\/types\/page"}],"author":[{"embeddable":true,"href":"https:\/\/fundaciomallorcaturisme.net\/de\/wp-json\/wp\/v2\/users\/1"}],"replies":[{"embeddable":true,"href":"https:\/\/fundaciomallorcaturisme.net\/de\/wp-json\/wp\/v2\/comments?post=1521"}],"version-history":[{"count":4,"href":"https:\/\/fundaciomallorcaturisme.net\/de\/wp-json\/wp\/v2\/pages\/1521\/revisions"}],"predecessor-version":[{"id":4583,"href":"https:\/\/fundaciomallorcaturisme.net\/de\/wp-json\/wp\/v2\/pages\/1521\/revisions\/4583"}],"wp:attachment":[{"href":"https:\/\/fundaciomallorcaturisme.net\/de\/wp-json\/wp\/v2\/media?parent=1521"}],"curies":[{"name":"wp","href":"https:\/\/api.w.org\/{rel}","templated":true}]}}