{"id":908,"date":"2026-01-12T14:25:04","date_gmt":"2026-01-12T13:25:04","guid":{"rendered":"http:\/\/fundaciomallorcaturisme.net\/inicio\/"},"modified":"2026-08-13T12:58:24","modified_gmt":"2026-08-13T10:58:24","slug":"inicio","status":"publish","type":"page","link":"https:\/\/fundaciomallorcaturisme.net\/ca\/","title":{"rendered":"Home"},"content":{"rendered":"","protected":false},"excerpt":{"rendered":"","protected":false},"author":1,"featured_media":0,"parent":0,"menu_order":0,"comment_status":"closed","ping_status":"closed","template":"page-templates\/contenido_flexible.php","meta":{"_acf_changed":false,"footnotes":""},"class_list":["post-908","page","type-page","status-publish","hentry"],"acf":{"contenido_flexible":[{"acf_fc_layout":"cabecera","titulo":"<h1>Mallorca: Descobreix, viu i viatja de forma responsable<\/h1>","titulo_grande":true,"subtitulo":"","texto":"Mallorca \u00e9s <strong>cultura, gastronomia, natura<\/strong> vibrant i tradici\u00f3. Et convidem a con\u00e8ixer tots els seus racons, des de la Serra de Tramuntana fins als seus pobles de l'interior, amb un <strong>comprom\u00eds clar: preservar la seva bellesa per a les futures generacions.<\/strong>","enlace":{"title":"Descobreix Mallorca","url":"http:\/\/fundaciomallorcaturisme.net\/ca\/que-fer\/","target":""},"flecha_abajo":false,"tiene_video":true,"video":"","imagenx1":null,"imagenx2":null,"logos":""},{"acf_fc_layout":"grid_elementos","pretitulo":"Gaudeix de l'ess\u00e8ncia de l'illa","titulo":"<h2>Troba la teva experi\u00e8ncia a <span>Mallorca<\/span><\/h2>","texto":"Busques una ruta per la muntanya, una cala amagada o con\u00e8ixer les nostres tradicions? T'ajudem a dissenyar una estada a la teva mida. Explora les 13 categories tem\u00e0tiques de l'illa i troba el pla perfecte per a tu.","elementos":[{"imagenx1":228,"imagenx2":229,"texto_experiencias":"32 experi\u00e8ncies","titulo":"Rutes i<br>paisatges","subtitulo":"El parad\u00eds t'espera","texto":"Descobreix les millors rutes per a senderistes i ciclistes, i endinsa't en un ecosistema vibrant que enamora els amants de l'aut\u00e8ntic i la biodiversitat, sempre respectant l'entorn natural.","enlace":"http:\/\/fundaciomallorcaturisme.net\/ca\/que-fer\/rutes\/"},{"imagenx1":231,"imagenx2":232,"texto_experiencias":"70 experi\u00e8ncies","titulo":"Cales \u00faniques i<br>aig\u00fces cristal\u00b7lines","subtitulo":"Encuentra tu rinc\u00f3n de paz en Mallorca","texto":"Coneix l'illa a trav\u00e9s de la seva rica cultura, festes locals, mercats tradicionals plens de vida i una gastronomia que fusiona el sabor del mar i la muntanya. T'oferim rutes que connecten amb l'ess\u00e8ncia hist\u00f2rica i l'\u00e0nima de la seva gent.","enlace":"http:\/\/fundaciomallorcaturisme.net\/ca\/que-fer\/platges\/"},{"imagenx1":235,"imagenx2":236,"texto_experiencias":"18 experi\u00e8ncies","titulo":"Festes i<br>tradicions","subtitulo":"Coneix l'illa a trav\u00e9s de la seva rica cultura","texto":"De les grans platges de sorra blanca a les petites cales verges i amagades. Et recomanem les millors zones de bany i com accedir-hi de forma sostenible.","enlace":"http:\/\/fundaciomallorcaturisme.net\/ca\/que-fer\/art-i-cultura\/festes-i-tradicions\/"}],"cta":{"title":"Totes les experi\u00e8ncies","url":"http:\/\/fundaciomallorcaturisme.net\/ca\/que-fer\/experiencies\/","target":""},"card_blanca":false},{"acf_fc_layout":"texto_con_imagen","pretitulo":"","titulo":"<h2>El nostre comprom\u00eds: el turisme del dem\u00e0<\/h2>","subtitulo":"","texto":"La Fundaci\u00f3 Turisme Responsable de Mallorca (FTRM) impulsa un model tur\u00edstic m\u00e9s conscient i equilibrat, que situa el resident al centre i contribueix al benestar de la ciutadania, respectant l'entorn i la identitat de Mallorca.","cta":{"title":"Veure'n m\u00e9s","url":"http:\/\/fundaciomallorcaturisme.net\/ca\/pledge\/","target":""},"imagen":241,"tiene_video":false,"enlace_video":null,"logos":"","color_de_fondo":"#365abd","texto_en_blanco":true,"son_enlaces":false,"elementos":null,"imagen_izquierda":true,"margen_superior":"","margen_inferior":""},{"acf_fc_layout":"texto_simple","pretitulo":"L'ess\u00e8ncia que defineix el car\u00e0cter de cada rac\u00f3 de l'illa","titulo":"<h2><span>Mallorca per regions<\/span>: de la Serra de Tramuntana al Llevant<\/h2>","texto":"Cada rac\u00f3 de Mallorca t\u00e9 una personalitat pr\u00f2pia i \u00fanica. Et convidem a explorar les regions en qu\u00e8 es divideix l'illa: des dels paisatges muntanyosos declarats Patrimoni Mundial fins a la calma des Raiguer i l'encant dels pobles del Migjorn. Descobreix els municipis, les rutes i el car\u00e0cter de cada zona.","cta":{"title":"Totes les regions","url":"http:\/\/fundaciomallorcaturisme.net\/ca\/destinacions\/","target":""},"2_columnas":false,"color_de_fondo":""},{"acf_fc_layout":"seccion_destinos","titulo_izquierda":"Destinacions <br>de l'interior","texto_izquierda":"Descobreix la Mallorca m\u00e9s aut\u00e8ntica en municipis amb hist\u00f2ria com Santany\u00ed o Alar\u00f3. Explora fires, mercats locals i una rica gastronomia que et connectar\u00e0 amb les arrels de l'illa. Perfecte per a rutes culturals i cicloturisme.","enlace_izquierda":{"title":"Veure'n m\u00e9s","url":"http:\/\/fundaciomallorcaturisme.net\/ca\/destinacions\/destinacions-dinterior-2\/","target":""},"imagen_izquierda":247,"titulo_derecha":"Destinacions <br>de platja","texto_derecha":"Des de les populars platges de la Platja de Palma fins a joies verges com Cala Torta o Cala B\u00f3quer. Troba la informaci\u00f3 que necessites per gaudir del mar, amb consells sobre l'accessibilitat de les nostres cales.","enlace_derecha":{"title":"Veure'n m\u00e9s","url":"http:\/\/fundaciomallorcaturisme.net\/ca\/destinacions\/destinacions-de-platja\/","target":""},"imagen_derecha":248},{"acf_fc_layout":"grid_elementos","pretitulo":"Qu\u00e8 fer?","titulo":"<h2>Qu\u00e8 fer? Activitats per a gaudir a <span>Mallorca<\/span><\/h2>","texto":"En 3.640 km\u00b2 Mallorca reuneix tot el que un viatger pot somiar. Descobreix totes les opcions que trobar\u00e0s i esprem al m\u00e0xim la teva estada a l'illa. Activitats n\u00e0utiques, senderisme, platges, gastronomia, natura, esport, cultura\u2026 o tranquil\u00b7litat i descans.","elementos":[{"imagenx1":5398,"imagenx2":5398,"texto_experiencias":"Guia setmanal","titulo":"Mallorca Week","subtitulo":"Agenda setmanal d\u00b4esdeveniments a Mallorca","texto":"Consulta i descarrega Mallorca Week, la nostra guia setmanal amb una selecci\u00f3 actualitzada d\u00b4esdeveniments culturals, folklore, m\u00fasica, festivals, activitats a l\u00b4aire lliure i altres propostes d\u00b4oci a Mallorca.","enlace":"\/ca\/que-fer\/agendes-setmanals-i-bimestrals\/"},{"imagenx1":5399,"imagenx2":5399,"texto_experiencias":"Agenda bimestral","titulo":"Agenda Mallorca","subtitulo":"Guia bimestral d\u00b4esdeveniments a Mallorca","texto":"Descarrega Agenda Mallorca, la guia bimestral amb els principals esdeveniments esportius, culturals, festius i altres esdeveniments destacats que tenen lloc a l'illa.","enlace":"\/ca\/que-fer\/agendes-setmanals-i-bimestrals\/"},{"imagenx1":251,"imagenx2":251,"texto_experiencias":"7 experi\u00e8ncies","titulo":"Art i cultura","subtitulo":"Un tresor per a la inspiraci\u00f3 art\u00edstica","texto":"","enlace":"\/ca\/que-fer\/art-i-cultura\/"},{"imagenx1":252,"imagenx2":252,"texto_experiencias":"7 experi\u00e8ncies","titulo":"Gastronomia","subtitulo":"Mallorca, destinaci\u00f3 gastron\u00f2mica","texto":"","enlace":"\/ca\/que-fer\/gastronomia\/"},{"imagenx1":253,"imagenx2":253,"texto_experiencias":"7 experi\u00e8ncies","titulo":"Oci i diversi\u00f3","subtitulo":"Per a totes les edats i gustos","texto":"","enlace":"\/ca\/que-fer\/oci-i-diversio\/"},{"imagenx1":254,"imagenx2":254,"texto_experiencias":"7 experi\u00e8ncies","titulo":"Esports","subtitulo":"L'escenari perfecte per a l'esport","texto":"","enlace":"\/ca\/que-fer\/esport\/"},{"imagenx1":255,"imagenx2":255,"texto_experiencias":"7 experi\u00e8ncies","titulo":"Salut i benestar","subtitulo":"Gaudeix de l'illa de la calma","texto":"","enlace":"\/ca\/que-fer\/experiencies\/"},{"imagenx1":256,"imagenx2":256,"texto_experiencias":"7 experi\u00e8ncies","titulo":"Natura","subtitulo":"Natura amb ecosistemes \u00fanics","texto":"","enlace":"\/ca\/que-fer\/natura\/"}],"cta":{"title":"Veure tots els plans","url":"http:\/\/fundaciomallorcaturisme.net\/ca\/que-fer\/","target":""},"card_blanca":true},{"acf_fc_layout":"blog","pretitulo":"Blog","titulo":"<span>\u00daltimes not\u00edcies sobre turisme<\/span> sostenible i els nostres projectes","enlace":{"title":"Veure totes les not\u00edcies","url":"\/ca\/blog\/","target":""}},{"acf_fc_layout":"texto_full","texto":"viumallorca"},{"acf_fc_layout":"grid_elementos_flexible","pretitulo":"Dissenya el teu viatge perfecte","titulo":"<h2><span>Planifica la teva estada<\/span> amb tota la informaci\u00f3 que necessites<\/h2>","texto":"Volem que la teva experi\u00e8ncia a Mallorca sigui perfecta des del primer moment. Aqu\u00ed trobar\u00e0s des de com arribar i on allotjar-te, fins a la documentaci\u00f3 pr\u00e0ctica i els mitjans de transport que pots utilitzar.","texto_secundario":"","cta":"","logos":"","alineacion":"izquierda","elementos":[{"icono":"","titulo":"Com arribar i moure't per l'illa","enlace":"\/ca\/planifica\/transport\/","descripcion":"","color_de_fondo":"#9bcbeb","texto_blanco":true},{"icono":"","titulo":"Troba l'allotjament ideal","enlace":"\/ca\/planifica\/allotjaments\/","descripcion":"","color_de_fondo":"#ef9600","texto_blanco":false},{"icono":"","titulo":"Despla\u00e7aments en ferri i bus","enlace":"\/ca\/planifica\/transport\/","descripcion":"","color_de_fondo":"#365abd","texto_blanco":true},{"icono":"","titulo":"Informaci\u00f3 pr\u00e0ctica","enlace":"\/ca\/planifica\/informacio-practica\/","descripcion":"","color_de_fondo":"#ffc600","texto_blanco":false}],"estilo":"fila","color_de_fondo":"","texto_blanco":false,"ilustracion":""},{"acf_fc_layout":"texto_con_imagen","pretitulo":"","titulo":"<h2>Contacta amb nosaltres.<\/h2>","subtitulo":"","texto":"Si desitges m\u00e9s informaci\u00f3 sobre la Fundaci\u00f3 i les nostres iniciatives a Mallorca, segueix-nos a les xarxes socials.","cta":"","imagen":264,"tiene_video":false,"enlace_video":null,"logos":"","color_de_fondo":"#365ABD","texto_en_blanco":true,"son_enlaces":false,"elementos":null,"imagen_izquierda":false,"margen_superior":"","margen_inferior":""}]},"yoast_head":"<!-- This site is optimized with the Yoast SEO plugin v27.7 - https:\/\/yoast.com\/product\/yoast-seo-wordpress\/ -->\n<title>Mallorca, molt per con\u00e8ixer- Consell de Mallorca<\/title>\n<meta name=\"description\" content=\"Descobreix Mallorca: des de les millors platges com Es Trenc fins a la Serra de Tramuntana. Planifica el teu viatge amb les nostres rutes, cultura i gastronomia.\" \/>\n<meta name=\"robots\" content=\"index, follow, max-snippet:-1, max-image-preview:large, max-video-preview:-1\" \/>\n<link rel=\"canonical\" href=\"https:\/\/fundaciomallorcaturisme.net\/ca\/\" \/>\n<meta property=\"og:locale\" content=\"ca_ES\" \/>\n<meta property=\"og:type\" content=\"article\" \/>\n<meta property=\"og:title\" content=\"Mallorca, molt per con\u00e8ixer- Consell de Mallorca\" \/>\n<meta property=\"og:description\" content=\"Descobreix Mallorca: des de les millors platges com Es Trenc fins a la Serra de Tramuntana. Planifica el teu viatge amb les nostres rutes, cultura i gastronomia.\" \/>\n<meta property=\"og:url\" content=\"https:\/\/fundaciomallorcaturisme.net\/ca\/\" \/>\n<meta property=\"og:site_name\" content=\"Consell de Mallorca\" \/>\n<meta property=\"article:publisher\" content=\"https:\/\/www.facebook.com\/ConselldeMca\/\" \/>\n<meta property=\"article:modified_time\" content=\"2026-08-13T10:58:24+00:00\" \/>\n<meta property=\"og:image\" content=\"https:\/\/fundaciomallorcaturisme.net\/wp-content\/uploads\/2026\/02\/planificax2.jpg\" \/>\n\t<meta property=\"og:image:width\" content=\"1346\" \/>\n\t<meta property=\"og:image:height\" content=\"1094\" \/>\n\t<meta property=\"og:image:type\" content=\"image\/jpeg\" \/>\n<meta name=\"twitter:card\" content=\"summary_large_image\" \/>\n<meta name=\"twitter:site\" content=\"@ConselldeMca\" \/>\n<script type=\"application\/ld+json\" class=\"yoast-schema-graph\">{\"@context\":\"https:\\\/\\\/schema.org\",\"@graph\":[{\"@type\":\"WebPage\",\"@id\":\"https:\\\/\\\/fundaciomallorcaturisme.net\\\/ca\\\/\",\"url\":\"https:\\\/\\\/fundaciomallorcaturisme.net\\\/ca\\\/\",\"name\":\"Mallorca, molt per con\u00e8ixer- Consell de Mallorca\",\"isPartOf\":{\"@id\":\"https:\\\/\\\/fundaciomallorcaturisme.net\\\/ca\\\/#website\"},\"datePublished\":\"2026-01-12T13:25:04+00:00\",\"dateModified\":\"2026-08-13T10:58:24+00:00\",\"description\":\"Descobreix Mallorca: des de les millors platges com Es Trenc fins a la Serra de Tramuntana. Planifica el teu viatge amb les nostres rutes, cultura i gastronomia.\",\"breadcrumb\":{\"@id\":\"https:\\\/\\\/fundaciomallorcaturisme.net\\\/ca\\\/#breadcrumb\"},\"inLanguage\":\"ca\",\"potentialAction\":[{\"@type\":\"ReadAction\",\"target\":[\"https:\\\/\\\/fundaciomallorcaturisme.net\\\/ca\\\/\"]}]},{\"@type\":\"BreadcrumbList\",\"@id\":\"https:\\\/\\\/fundaciomallorcaturisme.net\\\/ca\\\/#breadcrumb\",\"itemListElement\":[{\"@type\":\"ListItem\",\"position\":1,\"name\":\"Inici\",\"item\":\"https:\\\/\\\/fundaciomallorcaturisme.net\\\/ca\\\/\"},{\"@type\":\"ListItem\",\"position\":2,\"name\":\"Home\"}]},{\"@type\":\"WebSite\",\"@id\":\"https:\\\/\\\/fundaciomallorcaturisme.net\\\/ca\\\/#website\",\"url\":\"https:\\\/\\\/fundaciomallorcaturisme.net\\\/ca\\\/\",\"name\":\"Consell de Mallorca\",\"description\":\"\",\"publisher\":{\"@id\":\"https:\\\/\\\/fundaciomallorcaturisme.net\\\/ca\\\/#organization\"},\"alternateName\":\"Mallorca Turisme\",\"potentialAction\":[{\"@type\":\"SearchAction\",\"target\":{\"@type\":\"EntryPoint\",\"urlTemplate\":\"https:\\\/\\\/fundaciomallorcaturisme.net\\\/ca\\\/?s={search_term_string}\"},\"query-input\":{\"@type\":\"PropertyValueSpecification\",\"valueRequired\":true,\"valueName\":\"search_term_string\"}}],\"inLanguage\":\"ca\"},{\"@type\":\"Organization\",\"@id\":\"https:\\\/\\\/fundaciomallorcaturisme.net\\\/ca\\\/#organization\",\"name\":\"Consell de Mallorca\",\"alternateName\":\"Mallorca Turisme\",\"url\":\"https:\\\/\\\/fundaciomallorcaturisme.net\\\/ca\\\/\",\"logo\":{\"@type\":\"ImageObject\",\"inLanguage\":\"ca\",\"@id\":\"https:\\\/\\\/fundaciomallorcaturisme.net\\\/ca\\\/#\\\/schema\\\/logo\\\/image\\\/\",\"url\":\"http:\\\/\\\/fundaciomallorcaturisme.net\\\/wp-content\\\/uploads\\\/2026\\\/03\\\/logo.webp\",\"contentUrl\":\"http:\\\/\\\/fundaciomallorcaturisme.net\\\/wp-content\\\/uploads\\\/2026\\\/03\\\/logo.webp\",\"width\":696,\"height\":570,\"caption\":\"Consell de Mallorca\"},\"image\":{\"@id\":\"https:\\\/\\\/fundaciomallorcaturisme.net\\\/ca\\\/#\\\/schema\\\/logo\\\/image\\\/\"},\"sameAs\":[\"https:\\\/\\\/www.facebook.com\\\/ConselldeMca\\\/\",\"https:\\\/\\\/x.com\\\/ConselldeMca\",\"https:\\\/\\\/www.instagram.com\\\/conselldemca\\\/\",\"https:\\\/\\\/www.youtube.com\\\/user\\\/conselldemallorca\"]}]}<\/script>\n<!-- \/ Yoast SEO plugin. -->","yoast_head_json":{"title":"Mallorca, molt per con\u00e8ixer- Consell de Mallorca","description":"Descobreix Mallorca: des de les millors platges com Es Trenc fins a la Serra de Tramuntana. Planifica el teu viatge amb les nostres rutes, cultura i gastronomia.","robots":{"index":"index","follow":"follow","max-snippet":"max-snippet:-1","max-image-preview":"max-image-preview:large","max-video-preview":"max-video-preview:-1"},"canonical":"https:\/\/fundaciomallorcaturisme.net\/ca\/","og_locale":"ca_ES","og_type":"article","og_title":"Mallorca, molt per con\u00e8ixer- Consell de Mallorca","og_description":"Descobreix Mallorca: des de les millors platges com Es Trenc fins a la Serra de Tramuntana. Planifica el teu viatge amb les nostres rutes, cultura i gastronomia.","og_url":"https:\/\/fundaciomallorcaturisme.net\/ca\/","og_site_name":"Consell de Mallorca","article_publisher":"https:\/\/www.facebook.com\/ConselldeMca\/","article_modified_time":"2026-08-13T10:58:24+00:00","og_image":[{"width":1346,"height":1094,"url":"https:\/\/fundaciomallorcaturisme.net\/wp-content\/uploads\/2026\/02\/planificax2.jpg","type":"image\/jpeg"}],"twitter_card":"summary_large_image","twitter_site":"@ConselldeMca","schema":{"@context":"https:\/\/schema.org","@graph":[{"@type":"WebPage","@id":"https:\/\/fundaciomallorcaturisme.net\/ca\/","url":"https:\/\/fundaciomallorcaturisme.net\/ca\/","name":"Mallorca, molt per con\u00e8ixer- Consell de Mallorca","isPartOf":{"@id":"https:\/\/fundaciomallorcaturisme.net\/ca\/#website"},"datePublished":"2026-01-12T13:25:04+00:00","dateModified":"2026-08-13T10:58:24+00:00","description":"Descobreix Mallorca: des de les millors platges com Es Trenc fins a la Serra de Tramuntana. Planifica el teu viatge amb les nostres rutes, cultura i gastronomia.","breadcrumb":{"@id":"https:\/\/fundaciomallorcaturisme.net\/ca\/#breadcrumb"},"inLanguage":"ca","potentialAction":[{"@type":"ReadAction","target":["https:\/\/fundaciomallorcaturisme.net\/ca\/"]}]},{"@type":"BreadcrumbList","@id":"https:\/\/fundaciomallorcaturisme.net\/ca\/#breadcrumb","itemListElement":[{"@type":"ListItem","position":1,"name":"Inici","item":"https:\/\/fundaciomallorcaturisme.net\/ca\/"},{"@type":"ListItem","position":2,"name":"Home"}]},{"@type":"WebSite","@id":"https:\/\/fundaciomallorcaturisme.net\/ca\/#website","url":"https:\/\/fundaciomallorcaturisme.net\/ca\/","name":"Consell de Mallorca","description":"","publisher":{"@id":"https:\/\/fundaciomallorcaturisme.net\/ca\/#organization"},"alternateName":"Mallorca Turisme","potentialAction":[{"@type":"SearchAction","target":{"@type":"EntryPoint","urlTemplate":"https:\/\/fundaciomallorcaturisme.net\/ca\/?s={search_term_string}"},"query-input":{"@type":"PropertyValueSpecification","valueRequired":true,"valueName":"search_term_string"}}],"inLanguage":"ca"},{"@type":"Organization","@id":"https:\/\/fundaciomallorcaturisme.net\/ca\/#organization","name":"Consell de Mallorca","alternateName":"Mallorca Turisme","url":"https:\/\/fundaciomallorcaturisme.net\/ca\/","logo":{"@type":"ImageObject","inLanguage":"ca","@id":"https:\/\/fundaciomallorcaturisme.net\/ca\/#\/schema\/logo\/image\/","url":"http:\/\/fundaciomallorcaturisme.net\/wp-content\/uploads\/2026\/03\/logo.webp","contentUrl":"http:\/\/fundaciomallorcaturisme.net\/wp-content\/uploads\/2026\/03\/logo.webp","width":696,"height":570,"caption":"Consell de Mallorca"},"image":{"@id":"https:\/\/fundaciomallorcaturisme.net\/ca\/#\/schema\/logo\/image\/"},"sameAs":["https:\/\/www.facebook.com\/ConselldeMca\/","https:\/\/x.com\/ConselldeMca","https:\/\/www.instagram.com\/conselldemca\/","https:\/\/www.youtube.com\/user\/conselldemallorca"]}]}},"_links":{"self":[{"href":"https:\/\/fundaciomallorcaturisme.net\/ca\/wp-json\/wp\/v2\/pages\/908","targetHints":{"allow":["GET"]}}],"collection":[{"href":"https:\/\/fundaciomallorcaturisme.net\/ca\/wp-json\/wp\/v2\/pages"}],"about":[{"href":"https:\/\/fundaciomallorcaturisme.net\/ca\/wp-json\/wp\/v2\/types\/page"}],"author":[{"embeddable":true,"href":"https:\/\/fundaciomallorcaturisme.net\/ca\/wp-json\/wp\/v2\/users\/1"}],"replies":[{"embeddable":true,"href":"https:\/\/fundaciomallorcaturisme.net\/ca\/wp-json\/wp\/v2\/comments?post=908"}],"version-history":[{"count":13,"href":"https:\/\/fundaciomallorcaturisme.net\/ca\/wp-json\/wp\/v2\/pages\/908\/revisions"}],"predecessor-version":[{"id":5430,"href":"https:\/\/fundaciomallorcaturisme.net\/ca\/wp-json\/wp\/v2\/pages\/908\/revisions\/5430"}],"wp:attachment":[{"href":"https:\/\/fundaciomallorcaturisme.net\/ca\/wp-json\/wp\/v2\/media?parent=908"}],"curies":[{"name":"wp","href":"https:\/\/api.w.org\/{rel}","templated":true}]}}