{"id":4537,"date":"2026-03-24T14:54:43","date_gmt":"2026-03-24T13:54:43","guid":{"rendered":"http:\/\/fundaciomallorcaturisme.net\/aviso-legal\/"},"modified":"2026-07-20T13:29:08","modified_gmt":"2026-07-20T11:29:08","slug":"aviso-legal","status":"publish","type":"page","link":"https:\/\/fundaciomallorcaturisme.net\/ca\/aviso-legal\/","title":{"rendered":"Aviso legal"},"content":{"rendered":"","protected":false},"excerpt":{"rendered":"","protected":false},"author":1,"featured_media":0,"parent":0,"menu_order":0,"comment_status":"closed","ping_status":"closed","template":"page-templates\/contenido_flexible.php","meta":{"_acf_changed":false,"footnotes":""},"class_list":["post-4537","page","type-page","status-publish","hentry"],"acf":{"contenido_flexible":[{"acf_fc_layout":"texto_simple","pretitulo":"","titulo":"","texto":"<h2 style=\"text-align: center;\"><strong>AV\u00cdS LEGAL<\/strong><\/h2>\r\n<p style=\"text-align: left;\">D\u2019acord amb el que disposen els articles 10 i 11 de la Llei 34\/2002, d\u201911 de juliol, de serveis de la societat de la informaci\u00f3 i de comer\u00e7 electr\u00f2nic (LSSI-CE), es posa a disposici\u00f3 dels usuaris i visitants la informaci\u00f3 legal relativa a l\u2019entitat titular del lloc web ubicat a l\u2019adre\u00e7a d\u2019Internet fundaciomallorcaturisme.net.<\/p>\r\n&nbsp;\r\n<h3 style=\"text-align: left;\"><strong>TITULAR DEL LLOC WEB<\/strong><\/h3>\r\n<ul>\r\n \t<li style=\"text-align: left;\"><strong>Identitat:<\/strong> FUNDACI\u00d3 TURISME RESPONSABLE DE MALLORCA<\/li>\r\n \t<li style=\"text-align: left;\"><strong>CIF:<\/strong> G57594558<\/li>\r\n \t<li style=\"text-align: left;\"><strong>Domicili:<\/strong> Pla\u00e7a de l'Hospital, 4, 2\u00ba. 07012, PALMA, ILLES BALEARS<\/li>\r\n \t<li style=\"text-align: left;\"><strong>Tel\u00e8fon:<\/strong> 971 219 648<\/li>\r\n \t<li style=\"text-align: left;\"><strong>Correu electr\u00f2nic:<\/strong> gestio.ftrm@conselldemallorca.net<\/li>\r\n \t<li style=\"text-align: left;\"><strong>Dades registrals:<\/strong> Inscrita al Registre \u00danic de Fundacions de les Illes Balears amb el n\u00famero 100.000.000.268<\/li>\r\n \t<li style=\"text-align: left;\"><strong>Activitat:<\/strong> Fundaci\u00f3<\/li>\r\n<\/ul>\r\n&nbsp;\r\n<h3>\u00daS CORRECTE DEL LLOC WEB<\/h3>\r\n<p class=\"PDq2pG_selectionAnchorContainer\" data-start=\"793\" data-end=\"1290\">Aquestes condicions d\u2019\u00fas regulen l\u2019acc\u00e9s al lloc web fundaciomallorcaturisme.net i el seu \u00fas. La utilitzaci\u00f3 d\u2019aquest web confereix a la persona que hi accedeix la condici\u00f3 d\u2019usuari des del mateix moment de l\u2019acc\u00e9s i de l\u2019inici de la navegaci\u00f3, en accedir a qualsevol dels seus continguts. Des d\u2019aquest mateix moment, l\u2019usuari accepta expressament aquestes condicions generals. Aix\u00ed mateix, l\u2019usuari accepta les condicions particulars aplicables als diferents serveis que l\u2019entitat ofereix al web.<\/p>\r\n<p data-start=\"1292\" data-end=\"1568\">Des del moment de l\u2019acceptaci\u00f3, l\u2019usuari es compromet a fer un \u00fas del web, dels seus continguts i dels seus serveis de conformitat amb la llei, els bons costums i l\u2019ordre p\u00fablic, i a actuar amb la dilig\u00e8ncia adequada a la naturalesa del servei de qu\u00e8 gaudeix a trav\u00e9s del web.<\/p>\r\n&nbsp;\r\n<h3 style=\"text-align: left;\"><strong>MODIFICACIONS<\/strong><\/h3>\r\n<p style=\"text-align: left;\">L\u2019entitat es reserva el dret de modificar unilateralment aquestes condicions en qualsevol moment i sense av\u00eds previ. En aquests casos, es procedir\u00e0 a publicar i notificar les modificacions amb la m\u00e0xima antelaci\u00f3 possible. De la mateixa manera, es reserva el dret de modificar unilateralment, en qualsevol moment i sense av\u00eds previ, la presentaci\u00f3 i la configuraci\u00f3 del web.<\/p>\r\n&nbsp;\r\n<h3 style=\"text-align: left;\">ENLLA\u00c7OS A TERCERS<\/h3>\r\n<p style=\"text-align: left;\">Aquest av\u00eds legal es refereix \u00fanicament al web i als continguts de l\u2019entitat, i no s\u2019aplica als enlla\u00e7os o llocs web de tercers accessibles a trav\u00e9s del web. L\u2019entitat no es fa responsable del contingut de cap dels llocs web de destinaci\u00f3 d\u2019un enlla\u00e7, ni de cap enlla\u00e7 incl\u00f2s en un lloc web al qual s\u2019accedeixi des del web de l\u2019entitat.<\/p>\r\n&nbsp;\r\n<h3 style=\"text-align: left;\">PROPIETAT INTEL\u00b7LECTUAL I INDUSTRIAL<\/h3>\r\n<p class=\"PDq2pG_selectionAnchorContainer\" data-start=\"2369\" data-end=\"2829\">Tots els continguts del web s\u00f3n titularitat exclusiva de l\u2019entitat, incloent-hi, amb car\u00e0cter enunciatiu i no limitatiu, el disseny gr\u00e0fic, el codi font, els logotips, els textos, els gr\u00e0fics, les il\u00b7lustracions, les fotografies i altres elements que apareixen al web. Aix\u00ed mateix, els noms comercials, les marques o els signes distintius de qualsevol mena continguts al web estan protegits per la legislaci\u00f3 en mat\u00e8ria de propietat intel\u00b7lectual i industrial.<\/p>\r\n<p data-start=\"2831\" data-end=\"3254\">Correspon a l\u2019entitat l\u2019exercici exclusiu dels drets d\u2019explotaci\u00f3 d\u2019aquesta propietat intel\u00b7lectual, en qualsevol forma i, especialment, dels drets de reproducci\u00f3, distribuci\u00f3 i comunicaci\u00f3 p\u00fablica. L\u2019usuari t\u00e9 prohibit qualsevol \u00fas no consentit, total o parcial, de qualsevol dels continguts del web que formin part dels drets de propietat intel\u00b7lectual o industrial de l\u2019entitat sobre el lloc web i\/o els seus continguts.<\/p>\r\n<p data-start=\"3256\" data-end=\"3682\">L\u2019entitat es reserva el dret d\u2019emprendre qualsevol tipus d\u2019acci\u00f3 legal contra qualsevol usuari que dugui a terme actes que impliquin la reproducci\u00f3, distribuci\u00f3, comercialitzaci\u00f3, transformaci\u00f3 i, en general, qualsevol altra forma d\u2019explotaci\u00f3, per qualsevol procediment, de tots o part dels continguts del web, quan aquests actes constitueixin una infracci\u00f3 dels drets de propietat intel\u00b7lectual i\/o industrial corresponents.<\/p>\r\n&nbsp;\r\n<h3 style=\"text-align: left;\"><strong>NOTIFICACIONS<\/strong><\/h3>\r\n<p class=\"PDq2pG_selectionAnchorContainer\" data-start=\"3703\" data-end=\"4246\">Als efectes d\u2019aquestes condicions generals, i per a qualsevol comunicaci\u00f3 que sigui necess\u00e0ria entre l\u2019entitat i l\u2019usuari, s\u2019haur\u00e0 d\u2019utilitzar el correu electr\u00f2nic. Les comunicacions de l\u2019entitat a l\u2019usuari es faran de conformitat amb les dades que aquest hagi facilitat en registrar-se al web o en interactuar-hi. El tractament de les dades personals de l\u2019usuari es dur\u00e0 a terme en estricte compliment de la normativa vigent, tal com es detalla a la nostra pol\u00edtica de privacitat, disponible a fundaciomallorcaturisme.net\/politica-privacidad.<\/p>\r\n<p data-start=\"4248\" data-end=\"4489\">L\u2019usuari accepta expressament, per a totes les comunicacions relacionades amb la utilitzaci\u00f3 del web i\/o la contractaci\u00f3 dels serveis que s\u2019hi ofereixen, l\u2019\u00fas del correu electr\u00f2nic com a procediment v\u00e0lid per trametre aquestes comunicacions.<\/p>\r\n&nbsp;\r\n<h3 class=\"PDq2pG_selectionAnchorContainer\" data-start=\"4491\" data-end=\"4529\" data-section-id=\"1uugto2\">LEGISLACI\u00d3 APLICABLE I JURISDICCI\u00d3<\/h3>\r\n<p class=\"PDq2pG_selectionAnchorContainer\" data-start=\"4531\" data-end=\"4721\">Aquestes condicions es regiran per la legislaci\u00f3 espanyola, que ser\u00e0 aplicable en tot all\u00f2 que no estigui previst en aquest contracte pel que fa a la seva interpretaci\u00f3, validesa i execuci\u00f3.<\/p>\r\n<p data-start=\"4723\" data-end=\"5114\">Per resoldre qualsevol controv\u00e8rsia que pugui sorgir en relaci\u00f3 amb la interpretaci\u00f3 o l\u2019execuci\u00f3 d\u2019aquestes condicions contractuals, les parts se sotmetran als jutjats i tribunals de Palma, excepte en aquells casos en qu\u00e8 l\u2019usuari tingui la condici\u00f3 de consumidor o usuari d\u2019acord amb la normativa vigent; en aquest cas, seran competents els jutjats i tribunals del domicili del consumidor.<\/p>","cta":"","2_columnas":false,"color_de_fondo":""}]},"yoast_head":"<!-- This site is optimized with the Yoast SEO plugin v27.7 - https:\/\/yoast.com\/product\/yoast-seo-wordpress\/ -->\n<title>Aviso legal - Consell de Mallorca<\/title>\n<meta name=\"robots\" content=\"index, follow, max-snippet:-1, max-image-preview:large, max-video-preview:-1\" \/>\n<link rel=\"canonical\" href=\"https:\/\/fundaciomallorcaturisme.net\/ca\/aviso-legal\/\" \/>\n<meta property=\"og:locale\" content=\"ca_ES\" \/>\n<meta property=\"og:type\" content=\"article\" \/>\n<meta property=\"og:title\" content=\"Aviso legal - Consell de Mallorca\" \/>\n<meta property=\"og:url\" content=\"https:\/\/fundaciomallorcaturisme.net\/ca\/aviso-legal\/\" \/>\n<meta property=\"og:site_name\" content=\"Consell de Mallorca\" \/>\n<meta property=\"article:publisher\" content=\"https:\/\/www.facebook.com\/ConselldeMca\/\" \/>\n<meta property=\"article:modified_time\" content=\"2026-07-20T11:29:08+00:00\" \/>\n<meta property=\"og:image\" content=\"https:\/\/fundaciomallorcaturisme.net\/wp-content\/uploads\/2026\/02\/planificax2.jpg\" \/>\n\t<meta property=\"og:image:width\" content=\"1346\" \/>\n\t<meta property=\"og:image:height\" content=\"1094\" \/>\n\t<meta property=\"og:image:type\" content=\"image\/jpeg\" \/>\n<meta name=\"twitter:card\" content=\"summary_large_image\" \/>\n<meta name=\"twitter:site\" content=\"@ConselldeMca\" \/>\n<script type=\"application\/ld+json\" class=\"yoast-schema-graph\">{\"@context\":\"https:\\\/\\\/schema.org\",\"@graph\":[{\"@type\":\"WebPage\",\"@id\":\"https:\\\/\\\/fundaciomallorcaturisme.net\\\/ca\\\/aviso-legal\\\/\",\"url\":\"https:\\\/\\\/fundaciomallorcaturisme.net\\\/ca\\\/aviso-legal\\\/\",\"name\":\"Aviso legal - Consell de Mallorca\",\"isPartOf\":{\"@id\":\"https:\\\/\\\/fundaciomallorcaturisme.net\\\/ca\\\/#website\"},\"datePublished\":\"2026-03-24T13:54:43+00:00\",\"dateModified\":\"2026-07-20T11:29:08+00:00\",\"breadcrumb\":{\"@id\":\"https:\\\/\\\/fundaciomallorcaturisme.net\\\/ca\\\/aviso-legal\\\/#breadcrumb\"},\"inLanguage\":\"ca\",\"potentialAction\":[{\"@type\":\"ReadAction\",\"target\":[\"https:\\\/\\\/fundaciomallorcaturisme.net\\\/ca\\\/aviso-legal\\\/\"]}]},{\"@type\":\"BreadcrumbList\",\"@id\":\"https:\\\/\\\/fundaciomallorcaturisme.net\\\/ca\\\/aviso-legal\\\/#breadcrumb\",\"itemListElement\":[{\"@type\":\"ListItem\",\"position\":1,\"name\":\"Inici\",\"item\":\"https:\\\/\\\/fundaciomallorcaturisme.net\\\/ca\\\/\"},{\"@type\":\"ListItem\",\"position\":2,\"name\":\"Aviso legal\"}]},{\"@type\":\"WebSite\",\"@id\":\"https:\\\/\\\/fundaciomallorcaturisme.net\\\/ca\\\/#website\",\"url\":\"https:\\\/\\\/fundaciomallorcaturisme.net\\\/ca\\\/\",\"name\":\"Consell de Mallorca\",\"description\":\"\",\"publisher\":{\"@id\":\"https:\\\/\\\/fundaciomallorcaturisme.net\\\/ca\\\/#organization\"},\"alternateName\":\"Mallorca Turisme\",\"potentialAction\":[{\"@type\":\"SearchAction\",\"target\":{\"@type\":\"EntryPoint\",\"urlTemplate\":\"https:\\\/\\\/fundaciomallorcaturisme.net\\\/ca\\\/?s={search_term_string}\"},\"query-input\":{\"@type\":\"PropertyValueSpecification\",\"valueRequired\":true,\"valueName\":\"search_term_string\"}}],\"inLanguage\":\"ca\"},{\"@type\":\"Organization\",\"@id\":\"https:\\\/\\\/fundaciomallorcaturisme.net\\\/ca\\\/#organization\",\"name\":\"Consell de Mallorca\",\"alternateName\":\"Mallorca Turisme\",\"url\":\"https:\\\/\\\/fundaciomallorcaturisme.net\\\/ca\\\/\",\"logo\":{\"@type\":\"ImageObject\",\"inLanguage\":\"ca\",\"@id\":\"https:\\\/\\\/fundaciomallorcaturisme.net\\\/ca\\\/#\\\/schema\\\/logo\\\/image\\\/\",\"url\":\"http:\\\/\\\/fundaciomallorcaturisme.net\\\/wp-content\\\/uploads\\\/2026\\\/03\\\/logo.webp\",\"contentUrl\":\"http:\\\/\\\/fundaciomallorcaturisme.net\\\/wp-content\\\/uploads\\\/2026\\\/03\\\/logo.webp\",\"width\":696,\"height\":570,\"caption\":\"Consell de Mallorca\"},\"image\":{\"@id\":\"https:\\\/\\\/fundaciomallorcaturisme.net\\\/ca\\\/#\\\/schema\\\/logo\\\/image\\\/\"},\"sameAs\":[\"https:\\\/\\\/www.facebook.com\\\/ConselldeMca\\\/\",\"https:\\\/\\\/x.com\\\/ConselldeMca\",\"https:\\\/\\\/www.instagram.com\\\/conselldemca\\\/\",\"https:\\\/\\\/www.youtube.com\\\/user\\\/conselldemallorca\"]}]}<\/script>\n<!-- \/ Yoast SEO plugin. -->","yoast_head_json":{"title":"Aviso legal - Consell de Mallorca","robots":{"index":"index","follow":"follow","max-snippet":"max-snippet:-1","max-image-preview":"max-image-preview:large","max-video-preview":"max-video-preview:-1"},"canonical":"https:\/\/fundaciomallorcaturisme.net\/ca\/aviso-legal\/","og_locale":"ca_ES","og_type":"article","og_title":"Aviso legal - Consell de Mallorca","og_url":"https:\/\/fundaciomallorcaturisme.net\/ca\/aviso-legal\/","og_site_name":"Consell de Mallorca","article_publisher":"https:\/\/www.facebook.com\/ConselldeMca\/","article_modified_time":"2026-07-20T11:29:08+00:00","og_image":[{"width":1346,"height":1094,"url":"https:\/\/fundaciomallorcaturisme.net\/wp-content\/uploads\/2026\/02\/planificax2.jpg","type":"image\/jpeg"}],"twitter_card":"summary_large_image","twitter_site":"@ConselldeMca","schema":{"@context":"https:\/\/schema.org","@graph":[{"@type":"WebPage","@id":"https:\/\/fundaciomallorcaturisme.net\/ca\/aviso-legal\/","url":"https:\/\/fundaciomallorcaturisme.net\/ca\/aviso-legal\/","name":"Aviso legal - Consell de Mallorca","isPartOf":{"@id":"https:\/\/fundaciomallorcaturisme.net\/ca\/#website"},"datePublished":"2026-03-24T13:54:43+00:00","dateModified":"2026-07-20T11:29:08+00:00","breadcrumb":{"@id":"https:\/\/fundaciomallorcaturisme.net\/ca\/aviso-legal\/#breadcrumb"},"inLanguage":"ca","potentialAction":[{"@type":"ReadAction","target":["https:\/\/fundaciomallorcaturisme.net\/ca\/aviso-legal\/"]}]},{"@type":"BreadcrumbList","@id":"https:\/\/fundaciomallorcaturisme.net\/ca\/aviso-legal\/#breadcrumb","itemListElement":[{"@type":"ListItem","position":1,"name":"Inici","item":"https:\/\/fundaciomallorcaturisme.net\/ca\/"},{"@type":"ListItem","position":2,"name":"Aviso legal"}]},{"@type":"WebSite","@id":"https:\/\/fundaciomallorcaturisme.net\/ca\/#website","url":"https:\/\/fundaciomallorcaturisme.net\/ca\/","name":"Consell de Mallorca","description":"","publisher":{"@id":"https:\/\/fundaciomallorcaturisme.net\/ca\/#organization"},"alternateName":"Mallorca Turisme","potentialAction":[{"@type":"SearchAction","target":{"@type":"EntryPoint","urlTemplate":"https:\/\/fundaciomallorcaturisme.net\/ca\/?s={search_term_string}"},"query-input":{"@type":"PropertyValueSpecification","valueRequired":true,"valueName":"search_term_string"}}],"inLanguage":"ca"},{"@type":"Organization","@id":"https:\/\/fundaciomallorcaturisme.net\/ca\/#organization","name":"Consell de Mallorca","alternateName":"Mallorca Turisme","url":"https:\/\/fundaciomallorcaturisme.net\/ca\/","logo":{"@type":"ImageObject","inLanguage":"ca","@id":"https:\/\/fundaciomallorcaturisme.net\/ca\/#\/schema\/logo\/image\/","url":"http:\/\/fundaciomallorcaturisme.net\/wp-content\/uploads\/2026\/03\/logo.webp","contentUrl":"http:\/\/fundaciomallorcaturisme.net\/wp-content\/uploads\/2026\/03\/logo.webp","width":696,"height":570,"caption":"Consell de Mallorca"},"image":{"@id":"https:\/\/fundaciomallorcaturisme.net\/ca\/#\/schema\/logo\/image\/"},"sameAs":["https:\/\/www.facebook.com\/ConselldeMca\/","https:\/\/x.com\/ConselldeMca","https:\/\/www.instagram.com\/conselldemca\/","https:\/\/www.youtube.com\/user\/conselldemallorca"]}]}},"_links":{"self":[{"href":"https:\/\/fundaciomallorcaturisme.net\/ca\/wp-json\/wp\/v2\/pages\/4537","targetHints":{"allow":["GET"]}}],"collection":[{"href":"https:\/\/fundaciomallorcaturisme.net\/ca\/wp-json\/wp\/v2\/pages"}],"about":[{"href":"https:\/\/fundaciomallorcaturisme.net\/ca\/wp-json\/wp\/v2\/types\/page"}],"author":[{"embeddable":true,"href":"https:\/\/fundaciomallorcaturisme.net\/ca\/wp-json\/wp\/v2\/users\/1"}],"replies":[{"embeddable":true,"href":"https:\/\/fundaciomallorcaturisme.net\/ca\/wp-json\/wp\/v2\/comments?post=4537"}],"version-history":[{"count":4,"href":"https:\/\/fundaciomallorcaturisme.net\/ca\/wp-json\/wp\/v2\/pages\/4537\/revisions"}],"predecessor-version":[{"id":5283,"href":"https:\/\/fundaciomallorcaturisme.net\/ca\/wp-json\/wp\/v2\/pages\/4537\/revisions\/5283"}],"wp:attachment":[{"href":"https:\/\/fundaciomallorcaturisme.net\/ca\/wp-json\/wp\/v2\/media?parent=4537"}],"curies":[{"name":"wp","href":"https:\/\/api.w.org\/{rel}","templated":true}]}}