{"id":3307,"date":"2026-02-26T09:07:18","date_gmt":"2026-02-26T08:07:18","guid":{"rendered":"http:\/\/fundaciomallorcaturisme.net\/destinacions\/destinacions-de-platja\/"},"modified":"2026-03-20T13:21:52","modified_gmt":"2026-03-20T12:21:52","slug":"destinacions-de-platja","status":"publish","type":"page","link":"https:\/\/fundaciomallorcaturisme.net\/ca\/destinacions\/destinacions-de-platja\/","title":{"rendered":"Destinacions de platja"},"content":{"rendered":"","protected":false},"excerpt":{"rendered":"","protected":false},"author":1,"featured_media":0,"parent":1595,"menu_order":0,"comment_status":"open","ping_status":"open","template":"page-templates\/contenido_flexible.php","meta":{"_acf_changed":false,"footnotes":""},"class_list":["post-3307","page","type-page","status-publish","hentry"],"acf":{"contenido_flexible":[{"acf_fc_layout":"cabecera","titulo":"<h1>Destins de platja a Mallorca: cales i arenals de somni<\/h1>","titulo_grande":false,"subtitulo":"","texto":"","enlace":"","flecha_abajo":false,"tiene_video":false,"video":"","imagenx1":"","imagenx2":"","logos":""},{"acf_fc_layout":"texto_simple","pretitulo":"","titulo":"","texto":"L\u2019illa de Mallorca \u00e9s coneguda internacionalment pel seu clima c\u00e0lid i per acollir algunes de les millors platges de la Mediterr\u00e0nia. Amb prop de 300 platges repartides per tot el seu litoral, la diversitat \u00e9s el nostre tret d\u2019identitat: des d\u2019extensos arenals d\u2019arena blanca fins a rec\u00f2ndites cales de roca, aig\u00fces turqueses i cristalls l\u00edquids. Aquesta varietat \u00e9s la principal motivaci\u00f3 perqu\u00e8 turistes de tot el m\u00f3n tri\u00efn Mallorca com la seva destinaci\u00f3 de vacances ideal.\r\n<h2>Troba la teva platja ideal: de la tranquil\u00b7litat al servei complet<\/h2>\r\nSegons els teus interessos, pots triar entre amagar-te en meravelloses cales d\u2019aig\u00fces transparents o gaudir de platges amb tots els serveis necessaris, com ara gandules, para-sols i xibius de platja.\r\n<h3>Varietat geogr\u00e0fica i paisatges \u00fanics<\/h3>\r\nTotes les zones de l\u2019illa amaguen racons amb encant. Al nord de Mallorca, predominen les platges d\u2019arena i pedra amb aig\u00fces cristal\u00b7lines i refrescants. A la zona de Llevant, destaquen platges d\u2019arena fina i blanca amb aig\u00fces turqueses; moltes d\u2019elles s\u00f3n verges i requereixen un agradable acc\u00e9s a peu a trav\u00e9s de boscos o roques, com les famoses Cala Agulla, Cala Mesquida o Cala Millor.\r\n\r\nUna particularitat de les platges mallorquines \u00e9s la seva formaci\u00f3 a les desembocadures dels torrents, un fenomen geogr\u00e0fic \u00fanic a causa de la manca de rius a l\u2019illa, fet que crea paisatges d\u2019una bellesa singular.\r\n<h2>Platges amb serveis, oci i accessibilitat<\/h2>\r\nA les zones tur\u00edstiques m\u00e9s consolidades com Palma, Calvi\u00e0 o Alc\u00fadia, les platges ofereixen m\u00faltiples facilitats per al relax i la diversi\u00f3: hidropedals, activitats aqu\u00e0tiques com el kitesurf o la divertida \u201cbanana\u201d.\r\n<h3>Turisme inclusiu i seguretat<\/h3>\r\nCompromesos amb l\u2019accessibilitat, platges com la Platja de Palma, Can Pere Antoni o la Platja de Son Maties disposen de rampes per a persones amb mobilitat redu\u00efda i cadires adaptades, garantint que tothom pugui gaudir d\u2019un bany segur.\r\n<h3>Destins ic\u00f2nics i zones d\u2019oci<\/h3>\r\nLa Platja de Palma (que abasta Can Pastilla, s\u2019Arenal i Cala Est\u00e0ncia) \u00e9s una de les destinacions m\u00e9s ben comunicades i cuidades. D\u2019altra banda, Magaluf, a Calvi\u00e0, destaca com a centre d\u2019esbarjo amb una \u00e0mplia oferta d\u2019oci. Si cerques racons guardonats per la Uni\u00f3 Europea per la seva bellesa i seguretat, no et pots perdre Calas de Mallorca, a Manacor, o l\u2019emblem\u00e0tica Platja de Formentor, des d\u2019on, en dies clars, s\u2019arriba a veure l\u2019illa de Menorca.\r\n<h2>Tradici\u00f3 naturista a Mallorca<\/h2>\r\nL\u2019illa compta amb una arrelada tradici\u00f3 de platges naturistes. Els entusiastes del nudisme hi troben el seu parad\u00eds en indrets ic\u00f2nics com Es Trenc (Campos) o la Platja del Mago (Portals Vells), entorns de gran valor natural on la pr\u00e0ctica est\u00e0 totalment integrada.\r\n<h2>Seguretat i esports n\u00e0utics: consells pr\u00e0ctics<\/h2>\r\nLa condici\u00f3 insular de Mallorca marca el ritme de les seves aig\u00fces. Quan el vent bufa del nord, les platges d\u2019aquest vessant presenten un fort onatge, fet que les fa ideals per al windsurf o el surf, tot i que requereixen precauci\u00f3 si es navega amb caiac; el mateix succeeix quan el vent bufa del sud.\r\n<h3>El sistema de banderes<\/h3>\r\nAbans de banyar-te, \u00e9s vital comprovar l\u2019estat de la mar mitjan\u00e7ant les banderes de seguretat:\r\n<ul>\r\n \t<li>Verda: condicions \u00f2ptimes, sense perill.<\/li>\r\n \t<li>Groga: cal precauci\u00f3.<\/li>\r\n \t<li>Vermella: prohibici\u00f3 total del bany a causa del mal estat de la mar.<\/li>\r\n<\/ul>\r\n<h2>Totes les platges que pots visitar a Mallorca<\/h2>\r\n<ul>\r\n \t<li><a href=\"http:\/\/fundaciomallorcaturisme.net\/ca\/que-fer\/platges\/\">Llistat de platges<\/a><\/li>\r\n<\/ul>","cta":"","2_columnas":false,"color_de_fondo":""}]},"yoast_head":"<!-- This site is optimized with the Yoast SEO plugin v27.7 - https:\/\/yoast.com\/product\/yoast-seo-wordpress\/ -->\n<title>Destinacions de platja - Consell de Mallorca<\/title>\n<meta name=\"robots\" content=\"index, follow, max-snippet:-1, max-image-preview:large, max-video-preview:-1\" \/>\n<link rel=\"canonical\" href=\"https:\/\/fundaciomallorcaturisme.net\/ca\/destinacions\/destinacions-de-platja\/\" \/>\n<meta property=\"og:locale\" content=\"ca_ES\" \/>\n<meta property=\"og:type\" content=\"article\" \/>\n<meta property=\"og:title\" content=\"Destinacions de platja - Consell de Mallorca\" \/>\n<meta property=\"og:url\" content=\"https:\/\/fundaciomallorcaturisme.net\/ca\/destinacions\/destinacions-de-platja\/\" \/>\n<meta property=\"og:site_name\" content=\"Consell de Mallorca\" \/>\n<meta property=\"article:publisher\" content=\"https:\/\/www.facebook.com\/ConselldeMca\/\" \/>\n<meta property=\"article:modified_time\" content=\"2026-03-20T12:21:52+00:00\" \/>\n<meta property=\"og:image\" content=\"https:\/\/fundaciomallorcaturisme.net\/wp-content\/uploads\/2026\/02\/planificax2.jpg\" \/>\n\t<meta property=\"og:image:width\" content=\"1346\" \/>\n\t<meta property=\"og:image:height\" content=\"1094\" \/>\n\t<meta property=\"og:image:type\" content=\"image\/jpeg\" \/>\n<meta name=\"twitter:card\" content=\"summary_large_image\" \/>\n<meta name=\"twitter:site\" content=\"@ConselldeMca\" \/>\n<script type=\"application\/ld+json\" class=\"yoast-schema-graph\">{\"@context\":\"https:\\\/\\\/schema.org\",\"@graph\":[{\"@type\":\"WebPage\",\"@id\":\"https:\\\/\\\/fundaciomallorcaturisme.net\\\/ca\\\/destinacions\\\/destinacions-de-platja\\\/\",\"url\":\"https:\\\/\\\/fundaciomallorcaturisme.net\\\/ca\\\/destinacions\\\/destinacions-de-platja\\\/\",\"name\":\"Destinacions de platja - Consell de Mallorca\",\"isPartOf\":{\"@id\":\"https:\\\/\\\/fundaciomallorcaturisme.net\\\/ca\\\/#website\"},\"datePublished\":\"2026-02-26T08:07:18+00:00\",\"dateModified\":\"2026-03-20T12:21:52+00:00\",\"breadcrumb\":{\"@id\":\"https:\\\/\\\/fundaciomallorcaturisme.net\\\/ca\\\/destinacions\\\/destinacions-de-platja\\\/#breadcrumb\"},\"inLanguage\":\"ca\",\"potentialAction\":[{\"@type\":\"ReadAction\",\"target\":[\"https:\\\/\\\/fundaciomallorcaturisme.net\\\/ca\\\/destinacions\\\/destinacions-de-platja\\\/\"]}]},{\"@type\":\"BreadcrumbList\",\"@id\":\"https:\\\/\\\/fundaciomallorcaturisme.net\\\/ca\\\/destinacions\\\/destinacions-de-platja\\\/#breadcrumb\",\"itemListElement\":[{\"@type\":\"ListItem\",\"position\":1,\"name\":\"Inici\",\"item\":\"https:\\\/\\\/fundaciomallorcaturisme.net\\\/ca\\\/\"},{\"@type\":\"ListItem\",\"position\":2,\"name\":\"Destinacions\",\"item\":\"https:\\\/\\\/fundaciomallorcaturisme.net\\\/ca\\\/destinacions\\\/\"},{\"@type\":\"ListItem\",\"position\":3,\"name\":\"Destinacions de platja\"}]},{\"@type\":\"WebSite\",\"@id\":\"https:\\\/\\\/fundaciomallorcaturisme.net\\\/ca\\\/#website\",\"url\":\"https:\\\/\\\/fundaciomallorcaturisme.net\\\/ca\\\/\",\"name\":\"Consell de Mallorca\",\"description\":\"\",\"publisher\":{\"@id\":\"https:\\\/\\\/fundaciomallorcaturisme.net\\\/ca\\\/#organization\"},\"alternateName\":\"Mallorca Turisme\",\"potentialAction\":[{\"@type\":\"SearchAction\",\"target\":{\"@type\":\"EntryPoint\",\"urlTemplate\":\"https:\\\/\\\/fundaciomallorcaturisme.net\\\/ca\\\/?s={search_term_string}\"},\"query-input\":{\"@type\":\"PropertyValueSpecification\",\"valueRequired\":true,\"valueName\":\"search_term_string\"}}],\"inLanguage\":\"ca\"},{\"@type\":\"Organization\",\"@id\":\"https:\\\/\\\/fundaciomallorcaturisme.net\\\/ca\\\/#organization\",\"name\":\"Consell de Mallorca\",\"alternateName\":\"Mallorca Turisme\",\"url\":\"https:\\\/\\\/fundaciomallorcaturisme.net\\\/ca\\\/\",\"logo\":{\"@type\":\"ImageObject\",\"inLanguage\":\"ca\",\"@id\":\"https:\\\/\\\/fundaciomallorcaturisme.net\\\/ca\\\/#\\\/schema\\\/logo\\\/image\\\/\",\"url\":\"http:\\\/\\\/fundaciomallorcaturisme.net\\\/wp-content\\\/uploads\\\/2026\\\/03\\\/logo.webp\",\"contentUrl\":\"http:\\\/\\\/fundaciomallorcaturisme.net\\\/wp-content\\\/uploads\\\/2026\\\/03\\\/logo.webp\",\"width\":696,\"height\":570,\"caption\":\"Consell de Mallorca\"},\"image\":{\"@id\":\"https:\\\/\\\/fundaciomallorcaturisme.net\\\/ca\\\/#\\\/schema\\\/logo\\\/image\\\/\"},\"sameAs\":[\"https:\\\/\\\/www.facebook.com\\\/ConselldeMca\\\/\",\"https:\\\/\\\/x.com\\\/ConselldeMca\",\"https:\\\/\\\/www.instagram.com\\\/conselldemca\\\/\",\"https:\\\/\\\/www.youtube.com\\\/user\\\/conselldemallorca\"]}]}<\/script>\n<!-- \/ Yoast SEO plugin. -->","yoast_head_json":{"title":"Destinacions de platja - Consell de Mallorca","robots":{"index":"index","follow":"follow","max-snippet":"max-snippet:-1","max-image-preview":"max-image-preview:large","max-video-preview":"max-video-preview:-1"},"canonical":"https:\/\/fundaciomallorcaturisme.net\/ca\/destinacions\/destinacions-de-platja\/","og_locale":"ca_ES","og_type":"article","og_title":"Destinacions de platja - Consell de Mallorca","og_url":"https:\/\/fundaciomallorcaturisme.net\/ca\/destinacions\/destinacions-de-platja\/","og_site_name":"Consell de Mallorca","article_publisher":"https:\/\/www.facebook.com\/ConselldeMca\/","article_modified_time":"2026-03-20T12:21:52+00:00","og_image":[{"width":1346,"height":1094,"url":"https:\/\/fundaciomallorcaturisme.net\/wp-content\/uploads\/2026\/02\/planificax2.jpg","type":"image\/jpeg"}],"twitter_card":"summary_large_image","twitter_site":"@ConselldeMca","schema":{"@context":"https:\/\/schema.org","@graph":[{"@type":"WebPage","@id":"https:\/\/fundaciomallorcaturisme.net\/ca\/destinacions\/destinacions-de-platja\/","url":"https:\/\/fundaciomallorcaturisme.net\/ca\/destinacions\/destinacions-de-platja\/","name":"Destinacions de platja - Consell de Mallorca","isPartOf":{"@id":"https:\/\/fundaciomallorcaturisme.net\/ca\/#website"},"datePublished":"2026-02-26T08:07:18+00:00","dateModified":"2026-03-20T12:21:52+00:00","breadcrumb":{"@id":"https:\/\/fundaciomallorcaturisme.net\/ca\/destinacions\/destinacions-de-platja\/#breadcrumb"},"inLanguage":"ca","potentialAction":[{"@type":"ReadAction","target":["https:\/\/fundaciomallorcaturisme.net\/ca\/destinacions\/destinacions-de-platja\/"]}]},{"@type":"BreadcrumbList","@id":"https:\/\/fundaciomallorcaturisme.net\/ca\/destinacions\/destinacions-de-platja\/#breadcrumb","itemListElement":[{"@type":"ListItem","position":1,"name":"Inici","item":"https:\/\/fundaciomallorcaturisme.net\/ca\/"},{"@type":"ListItem","position":2,"name":"Destinacions","item":"https:\/\/fundaciomallorcaturisme.net\/ca\/destinacions\/"},{"@type":"ListItem","position":3,"name":"Destinacions de platja"}]},{"@type":"WebSite","@id":"https:\/\/fundaciomallorcaturisme.net\/ca\/#website","url":"https:\/\/fundaciomallorcaturisme.net\/ca\/","name":"Consell de Mallorca","description":"","publisher":{"@id":"https:\/\/fundaciomallorcaturisme.net\/ca\/#organization"},"alternateName":"Mallorca Turisme","potentialAction":[{"@type":"SearchAction","target":{"@type":"EntryPoint","urlTemplate":"https:\/\/fundaciomallorcaturisme.net\/ca\/?s={search_term_string}"},"query-input":{"@type":"PropertyValueSpecification","valueRequired":true,"valueName":"search_term_string"}}],"inLanguage":"ca"},{"@type":"Organization","@id":"https:\/\/fundaciomallorcaturisme.net\/ca\/#organization","name":"Consell de Mallorca","alternateName":"Mallorca Turisme","url":"https:\/\/fundaciomallorcaturisme.net\/ca\/","logo":{"@type":"ImageObject","inLanguage":"ca","@id":"https:\/\/fundaciomallorcaturisme.net\/ca\/#\/schema\/logo\/image\/","url":"http:\/\/fundaciomallorcaturisme.net\/wp-content\/uploads\/2026\/03\/logo.webp","contentUrl":"http:\/\/fundaciomallorcaturisme.net\/wp-content\/uploads\/2026\/03\/logo.webp","width":696,"height":570,"caption":"Consell de Mallorca"},"image":{"@id":"https:\/\/fundaciomallorcaturisme.net\/ca\/#\/schema\/logo\/image\/"},"sameAs":["https:\/\/www.facebook.com\/ConselldeMca\/","https:\/\/x.com\/ConselldeMca","https:\/\/www.instagram.com\/conselldemca\/","https:\/\/www.youtube.com\/user\/conselldemallorca"]}]}},"_links":{"self":[{"href":"https:\/\/fundaciomallorcaturisme.net\/ca\/wp-json\/wp\/v2\/pages\/3307","targetHints":{"allow":["GET"]}}],"collection":[{"href":"https:\/\/fundaciomallorcaturisme.net\/ca\/wp-json\/wp\/v2\/pages"}],"about":[{"href":"https:\/\/fundaciomallorcaturisme.net\/ca\/wp-json\/wp\/v2\/types\/page"}],"author":[{"embeddable":true,"href":"https:\/\/fundaciomallorcaturisme.net\/ca\/wp-json\/wp\/v2\/users\/1"}],"replies":[{"embeddable":true,"href":"https:\/\/fundaciomallorcaturisme.net\/ca\/wp-json\/wp\/v2\/comments?post=3307"}],"version-history":[{"count":2,"href":"https:\/\/fundaciomallorcaturisme.net\/ca\/wp-json\/wp\/v2\/pages\/3307\/revisions"}],"predecessor-version":[{"id":4509,"href":"https:\/\/fundaciomallorcaturisme.net\/ca\/wp-json\/wp\/v2\/pages\/3307\/revisions\/4509"}],"up":[{"embeddable":true,"href":"https:\/\/fundaciomallorcaturisme.net\/ca\/wp-json\/wp\/v2\/pages\/1595"}],"wp:attachment":[{"href":"https:\/\/fundaciomallorcaturisme.net\/ca\/wp-json\/wp\/v2\/media?parent=3307"}],"curies":[{"name":"wp","href":"https:\/\/api.w.org\/{rel}","templated":true}]}}