{"id":3297,"date":"2026-02-26T09:07:12","date_gmt":"2026-02-26T08:07:12","guid":{"rendered":"http:\/\/fundaciomallorcaturisme.net\/que-fer\/esport\/buceig-i-esports-nautics\/"},"modified":"2026-04-08T11:44:07","modified_gmt":"2026-04-08T09:44:07","slug":"buceig-i-esports-nautics","status":"publish","type":"page","link":"https:\/\/fundaciomallorcaturisme.net\/ca\/que-fer\/esport\/buceig-i-esports-nautics\/","title":{"rendered":"Buceig i esports n\u00e0utics"},"content":{"rendered":"","protected":false},"excerpt":{"rendered":"","protected":false},"author":1,"featured_media":0,"parent":3294,"menu_order":0,"comment_status":"open","ping_status":"open","template":"page-templates\/contenido_flexible.php","meta":{"_acf_changed":false,"footnotes":""},"class_list":["post-3297","page","type-page","status-publish","hentry"],"acf":{"contenido_flexible":[{"acf_fc_layout":"cabecera","titulo":"<h1>Busseig a Mallorca i esports n\u00e0utics<\/h1>","titulo_grande":false,"subtitulo":"","texto":"","enlace":"","flecha_abajo":false,"tiene_video":false,"video":"","imagenx1":"","imagenx2":"","logos":""},{"acf_fc_layout":"texto_simple","pretitulo":"","titulo":"","texto":"<h2>Submarinisme a Mallorca: Un m\u00f3n sota la superf\u00edcie<\/h2>\r\nEl busseig a Mallorca, ja sigui en modalitat *snorkel* o amb equip aut\u00f2nom (submarinisme), \u00e9s l'activitat que m\u00e9s visitants atrau a l'illa. Les nostres aig\u00fces cristal\u00b7lines allotgen formes de vida de colorit espectacular, amb esp\u00e8cies d'algues, invertebrats i peixos que no tenen res a envejar als esculls tropicals.\r\n\r\nGr\u00e0cies a les reserves marines, es pot observar vida abundant en llocs com Cala Millor, on les praderies de *Posidonia oceanica* acullen meros, morenes i barracudes. Per als m\u00e9s experimentats, el Pecat del Dic de l'Oest a la badia de Palma ofereix l'oportunitat d'explorar vaixells enfonsats de m\u00e9s de 40 metres d'eslora coberts de vida submarina. Tamb\u00e9 destaquen el Parc Natural de sa Dragonera i les reserves del Toro i Malgrats per la seva estricta protecci\u00f3 i riquesa natural.\r\n<h3>Centres de Busseig i Seguretat<\/h3>\r\nLa majoria de centres dedicats al busseig a Mallorca estan integrats en la xarxa PADI, permetent a bussejadors de qualsevol nacionalitat submergir-se amb garanties professionals. Aquests clubs cobreixen m\u00e9s de 30 punts d'immersi\u00f3, incloent-hi serveis de lloguer d'equip i trajectes en vaixell. A m\u00e9s, l'illa compta amb infraestructures de seguretat de primer ordre, com la c\u00e0mera hiperb\u00e0rica de l'Institut de Medicina Submarina.\r\n<h3>Competicions Subaqu\u00e0tiques i Apnea<\/h3>\r\nL'illa no nom\u00e9s \u00e9s destinaci\u00f3 d'esbarjo, sin\u00f3 seu de campionats d'Espanya d'apnea, nataci\u00f3 amb aletes, pesca i fotografia submarina. \u00c9s imprescindible recordar que aquestes activitats exigeixen llic\u00e8ncia de capacitaci\u00f3 per assegurar el m\u00ednim impacte mediambiental i el respecte al fons mar\u00ed.\r\n<h2>Prestigi internacional en esports de vela<\/h2>\r\nMallorca compta amb una llarga i reconeguda tradici\u00f3 en competicions de vela, organitzant esdeveniments de repercussi\u00f3 mundial a la Badia de Palma.\r\n\r\nDurant l'estiu, els clubs n\u00e0utics es guarneixen per rebre prestigioses regates com el Trofeu S.A.R. Princesa Sof\u00eda, la Copa del Rei de Vela, la Superyacht o Palma Vela. Tamb\u00e9 destaca la Regata Almirall Conde de Barcelona, un espectacle \u00fanic on embarcacions d'\u00e8poca de tot el m\u00f3n acudeixen a participar. Aquests esdeveniments compten amb la participaci\u00f3 habitual de la Casa Reial espanyola i una cobertura medi\u00e0tica internacional.\r\n<h3>Mallorca, bressol de campions en esports n\u00e0utics<\/h3>\r\nLes nostres aig\u00fces han forjat grans campions com Jordi Calafat, Marc Pati\u00f1o o Pepote Ballester. De la mateixa manera, el pirag\u00fcisme mallorqu\u00ed gaudeix de gran salut amb palistes que han revalidat repetidament el Campionat d'Espanya per equips.\r\n<h2>La teva pr\u00f2pia aventura a la mar<\/h2>\r\nPer a aquells que prefereixen ser protagonistes, l'illa ofereix infinites activitats n\u00e0utiques: lloguer d'embarcacions (vela lleugera o creuer), pirag\u00fcisme, escoles de vela, esqu\u00ed n\u00e0utic o windsurf.\r\n\r\nNavegar per la costa nord ofereix vistes colpidores de la Serra de Tramuntana, amb penya-segats com el cap Fabioler o el Morro de la Vaca a sa Calobra. Aquestes vacances actives en contacte amb l'aigua s\u00f3n una f\u00f3rmula cada dia m\u00e9s sol\u00b7licitada, unificant el clima, la natura i la n\u00e0utica en una experi\u00e8ncia inoblidable.","cta":"","2_columnas":false,"color_de_fondo":""}]},"yoast_head":"<!-- This site is optimized with the Yoast SEO plugin v27.7 - https:\/\/yoast.com\/product\/yoast-seo-wordpress\/ -->\n<title>Buceig i esports n\u00e0utics - Consell de Mallorca<\/title>\n<meta name=\"robots\" content=\"index, follow, max-snippet:-1, max-image-preview:large, max-video-preview:-1\" \/>\n<link rel=\"canonical\" href=\"https:\/\/fundaciomallorcaturisme.net\/ca\/que-fer\/esport\/buceig-i-esports-nautics\/\" \/>\n<meta property=\"og:locale\" content=\"ca_ES\" \/>\n<meta property=\"og:type\" content=\"article\" \/>\n<meta property=\"og:title\" content=\"Buceig i esports n\u00e0utics - Consell de Mallorca\" \/>\n<meta property=\"og:url\" content=\"https:\/\/fundaciomallorcaturisme.net\/ca\/que-fer\/esport\/buceig-i-esports-nautics\/\" \/>\n<meta property=\"og:site_name\" content=\"Consell de Mallorca\" \/>\n<meta property=\"article:publisher\" content=\"https:\/\/www.facebook.com\/ConselldeMca\/\" \/>\n<meta property=\"article:modified_time\" content=\"2026-04-08T09:44:07+00:00\" \/>\n<meta property=\"og:image\" content=\"https:\/\/fundaciomallorcaturisme.net\/wp-content\/uploads\/2026\/02\/planificax2.jpg\" \/>\n\t<meta property=\"og:image:width\" content=\"1346\" \/>\n\t<meta property=\"og:image:height\" content=\"1094\" \/>\n\t<meta property=\"og:image:type\" content=\"image\/jpeg\" \/>\n<meta name=\"twitter:card\" content=\"summary_large_image\" \/>\n<meta name=\"twitter:site\" content=\"@ConselldeMca\" \/>\n<script type=\"application\/ld+json\" class=\"yoast-schema-graph\">{\"@context\":\"https:\\\/\\\/schema.org\",\"@graph\":[{\"@type\":\"WebPage\",\"@id\":\"https:\\\/\\\/fundaciomallorcaturisme.net\\\/ca\\\/que-fer\\\/esport\\\/buceig-i-esports-nautics\\\/\",\"url\":\"https:\\\/\\\/fundaciomallorcaturisme.net\\\/ca\\\/que-fer\\\/esport\\\/buceig-i-esports-nautics\\\/\",\"name\":\"Buceig i esports n\u00e0utics - Consell de Mallorca\",\"isPartOf\":{\"@id\":\"https:\\\/\\\/fundaciomallorcaturisme.net\\\/ca\\\/#website\"},\"datePublished\":\"2026-02-26T08:07:12+00:00\",\"dateModified\":\"2026-04-08T09:44:07+00:00\",\"breadcrumb\":{\"@id\":\"https:\\\/\\\/fundaciomallorcaturisme.net\\\/ca\\\/que-fer\\\/esport\\\/buceig-i-esports-nautics\\\/#breadcrumb\"},\"inLanguage\":\"ca\",\"potentialAction\":[{\"@type\":\"ReadAction\",\"target\":[\"https:\\\/\\\/fundaciomallorcaturisme.net\\\/ca\\\/que-fer\\\/esport\\\/buceig-i-esports-nautics\\\/\"]}]},{\"@type\":\"BreadcrumbList\",\"@id\":\"https:\\\/\\\/fundaciomallorcaturisme.net\\\/ca\\\/que-fer\\\/esport\\\/buceig-i-esports-nautics\\\/#breadcrumb\",\"itemListElement\":[{\"@type\":\"ListItem\",\"position\":1,\"name\":\"Inici\",\"item\":\"https:\\\/\\\/fundaciomallorcaturisme.net\\\/ca\\\/\"},{\"@type\":\"ListItem\",\"position\":2,\"name\":\"Qu\u00e8 fer\",\"item\":\"https:\\\/\\\/fundaciomallorcaturisme.net\\\/ca\\\/que-fer\\\/\"},{\"@type\":\"ListItem\",\"position\":3,\"name\":\"Esport\",\"item\":\"https:\\\/\\\/fundaciomallorcaturisme.net\\\/ca\\\/que-fer\\\/esport\\\/\"},{\"@type\":\"ListItem\",\"position\":4,\"name\":\"Buceig i esports n\u00e0utics\"}]},{\"@type\":\"WebSite\",\"@id\":\"https:\\\/\\\/fundaciomallorcaturisme.net\\\/ca\\\/#website\",\"url\":\"https:\\\/\\\/fundaciomallorcaturisme.net\\\/ca\\\/\",\"name\":\"Consell de Mallorca\",\"description\":\"\",\"publisher\":{\"@id\":\"https:\\\/\\\/fundaciomallorcaturisme.net\\\/ca\\\/#organization\"},\"alternateName\":\"Mallorca Turisme\",\"potentialAction\":[{\"@type\":\"SearchAction\",\"target\":{\"@type\":\"EntryPoint\",\"urlTemplate\":\"https:\\\/\\\/fundaciomallorcaturisme.net\\\/ca\\\/?s={search_term_string}\"},\"query-input\":{\"@type\":\"PropertyValueSpecification\",\"valueRequired\":true,\"valueName\":\"search_term_string\"}}],\"inLanguage\":\"ca\"},{\"@type\":\"Organization\",\"@id\":\"https:\\\/\\\/fundaciomallorcaturisme.net\\\/ca\\\/#organization\",\"name\":\"Consell de Mallorca\",\"alternateName\":\"Mallorca Turisme\",\"url\":\"https:\\\/\\\/fundaciomallorcaturisme.net\\\/ca\\\/\",\"logo\":{\"@type\":\"ImageObject\",\"inLanguage\":\"ca\",\"@id\":\"https:\\\/\\\/fundaciomallorcaturisme.net\\\/ca\\\/#\\\/schema\\\/logo\\\/image\\\/\",\"url\":\"http:\\\/\\\/fundaciomallorcaturisme.net\\\/wp-content\\\/uploads\\\/2026\\\/03\\\/logo.webp\",\"contentUrl\":\"http:\\\/\\\/fundaciomallorcaturisme.net\\\/wp-content\\\/uploads\\\/2026\\\/03\\\/logo.webp\",\"width\":696,\"height\":570,\"caption\":\"Consell de Mallorca\"},\"image\":{\"@id\":\"https:\\\/\\\/fundaciomallorcaturisme.net\\\/ca\\\/#\\\/schema\\\/logo\\\/image\\\/\"},\"sameAs\":[\"https:\\\/\\\/www.facebook.com\\\/ConselldeMca\\\/\",\"https:\\\/\\\/x.com\\\/ConselldeMca\",\"https:\\\/\\\/www.instagram.com\\\/conselldemca\\\/\",\"https:\\\/\\\/www.youtube.com\\\/user\\\/conselldemallorca\"]}]}<\/script>\n<!-- \/ Yoast SEO plugin. -->","yoast_head_json":{"title":"Buceig i esports n\u00e0utics - Consell de Mallorca","robots":{"index":"index","follow":"follow","max-snippet":"max-snippet:-1","max-image-preview":"max-image-preview:large","max-video-preview":"max-video-preview:-1"},"canonical":"https:\/\/fundaciomallorcaturisme.net\/ca\/que-fer\/esport\/buceig-i-esports-nautics\/","og_locale":"ca_ES","og_type":"article","og_title":"Buceig i esports n\u00e0utics - Consell de Mallorca","og_url":"https:\/\/fundaciomallorcaturisme.net\/ca\/que-fer\/esport\/buceig-i-esports-nautics\/","og_site_name":"Consell de Mallorca","article_publisher":"https:\/\/www.facebook.com\/ConselldeMca\/","article_modified_time":"2026-04-08T09:44:07+00:00","og_image":[{"width":1346,"height":1094,"url":"https:\/\/fundaciomallorcaturisme.net\/wp-content\/uploads\/2026\/02\/planificax2.jpg","type":"image\/jpeg"}],"twitter_card":"summary_large_image","twitter_site":"@ConselldeMca","schema":{"@context":"https:\/\/schema.org","@graph":[{"@type":"WebPage","@id":"https:\/\/fundaciomallorcaturisme.net\/ca\/que-fer\/esport\/buceig-i-esports-nautics\/","url":"https:\/\/fundaciomallorcaturisme.net\/ca\/que-fer\/esport\/buceig-i-esports-nautics\/","name":"Buceig i esports n\u00e0utics - Consell de Mallorca","isPartOf":{"@id":"https:\/\/fundaciomallorcaturisme.net\/ca\/#website"},"datePublished":"2026-02-26T08:07:12+00:00","dateModified":"2026-04-08T09:44:07+00:00","breadcrumb":{"@id":"https:\/\/fundaciomallorcaturisme.net\/ca\/que-fer\/esport\/buceig-i-esports-nautics\/#breadcrumb"},"inLanguage":"ca","potentialAction":[{"@type":"ReadAction","target":["https:\/\/fundaciomallorcaturisme.net\/ca\/que-fer\/esport\/buceig-i-esports-nautics\/"]}]},{"@type":"BreadcrumbList","@id":"https:\/\/fundaciomallorcaturisme.net\/ca\/que-fer\/esport\/buceig-i-esports-nautics\/#breadcrumb","itemListElement":[{"@type":"ListItem","position":1,"name":"Inici","item":"https:\/\/fundaciomallorcaturisme.net\/ca\/"},{"@type":"ListItem","position":2,"name":"Qu\u00e8 fer","item":"https:\/\/fundaciomallorcaturisme.net\/ca\/que-fer\/"},{"@type":"ListItem","position":3,"name":"Esport","item":"https:\/\/fundaciomallorcaturisme.net\/ca\/que-fer\/esport\/"},{"@type":"ListItem","position":4,"name":"Buceig i esports n\u00e0utics"}]},{"@type":"WebSite","@id":"https:\/\/fundaciomallorcaturisme.net\/ca\/#website","url":"https:\/\/fundaciomallorcaturisme.net\/ca\/","name":"Consell de Mallorca","description":"","publisher":{"@id":"https:\/\/fundaciomallorcaturisme.net\/ca\/#organization"},"alternateName":"Mallorca Turisme","potentialAction":[{"@type":"SearchAction","target":{"@type":"EntryPoint","urlTemplate":"https:\/\/fundaciomallorcaturisme.net\/ca\/?s={search_term_string}"},"query-input":{"@type":"PropertyValueSpecification","valueRequired":true,"valueName":"search_term_string"}}],"inLanguage":"ca"},{"@type":"Organization","@id":"https:\/\/fundaciomallorcaturisme.net\/ca\/#organization","name":"Consell de Mallorca","alternateName":"Mallorca Turisme","url":"https:\/\/fundaciomallorcaturisme.net\/ca\/","logo":{"@type":"ImageObject","inLanguage":"ca","@id":"https:\/\/fundaciomallorcaturisme.net\/ca\/#\/schema\/logo\/image\/","url":"http:\/\/fundaciomallorcaturisme.net\/wp-content\/uploads\/2026\/03\/logo.webp","contentUrl":"http:\/\/fundaciomallorcaturisme.net\/wp-content\/uploads\/2026\/03\/logo.webp","width":696,"height":570,"caption":"Consell de Mallorca"},"image":{"@id":"https:\/\/fundaciomallorcaturisme.net\/ca\/#\/schema\/logo\/image\/"},"sameAs":["https:\/\/www.facebook.com\/ConselldeMca\/","https:\/\/x.com\/ConselldeMca","https:\/\/www.instagram.com\/conselldemca\/","https:\/\/www.youtube.com\/user\/conselldemallorca"]}]}},"_links":{"self":[{"href":"https:\/\/fundaciomallorcaturisme.net\/ca\/wp-json\/wp\/v2\/pages\/3297","targetHints":{"allow":["GET"]}}],"collection":[{"href":"https:\/\/fundaciomallorcaturisme.net\/ca\/wp-json\/wp\/v2\/pages"}],"about":[{"href":"https:\/\/fundaciomallorcaturisme.net\/ca\/wp-json\/wp\/v2\/types\/page"}],"author":[{"embeddable":true,"href":"https:\/\/fundaciomallorcaturisme.net\/ca\/wp-json\/wp\/v2\/users\/1"}],"replies":[{"embeddable":true,"href":"https:\/\/fundaciomallorcaturisme.net\/ca\/wp-json\/wp\/v2\/comments?post=3297"}],"version-history":[{"count":2,"href":"https:\/\/fundaciomallorcaturisme.net\/ca\/wp-json\/wp\/v2\/pages\/3297\/revisions"}],"predecessor-version":[{"id":4631,"href":"https:\/\/fundaciomallorcaturisme.net\/ca\/wp-json\/wp\/v2\/pages\/3297\/revisions\/4631"}],"up":[{"embeddable":true,"href":"https:\/\/fundaciomallorcaturisme.net\/ca\/wp-json\/wp\/v2\/pages\/3294"}],"wp:attachment":[{"href":"https:\/\/fundaciomallorcaturisme.net\/ca\/wp-json\/wp\/v2\/media?parent=3297"}],"curies":[{"name":"wp","href":"https:\/\/api.w.org\/{rel}","templated":true}]}}