{"id":3292,"date":"2026-02-26T09:07:12","date_gmt":"2026-02-26T08:07:12","guid":{"rendered":"http:\/\/fundaciomallorcaturisme.net\/que-fer\/oci-i-diversio\/coves\/"},"modified":"2026-04-08T12:57:35","modified_gmt":"2026-04-08T10:57:35","slug":"coves","status":"publish","type":"page","link":"https:\/\/fundaciomallorcaturisme.net\/ca\/que-fer\/oci-i-diversio\/coves\/","title":{"rendered":"Coves"},"content":{"rendered":"","protected":false},"excerpt":{"rendered":"","protected":false},"author":1,"featured_media":0,"parent":3291,"menu_order":0,"comment_status":"open","ping_status":"open","template":"page-templates\/contenido_flexible.php","meta":{"_acf_changed":false,"footnotes":""},"class_list":["post-3292","page","type-page","status-publish","hentry"],"acf":{"contenido_flexible":[{"acf_fc_layout":"cabecera","titulo":"<h1>Coves a Mallorca que pots visitar<\/h1>","titulo_grande":false,"subtitulo":"","texto":"","enlace":"","flecha_abajo":false,"tiene_video":false,"video":"","imagenx1":"","imagenx2":"","logos":""},{"acf_fc_layout":"texto_simple","pretitulo":"","titulo":"","texto":"El subsol de l'illa guarda una riquesa geol\u00f2gica inigualable. Un m\u00f3n format gota a gota durant mil\u00b7lennis, on les estalactites i estalagmites adquireixen formes capritxoses. De les m\u00e9s de dues-centes coves a Mallorca catalogades, nom\u00e9s cinc s\u00f3n visitables, i constitueixen un dels grans atractius i tresors de la Mediterr\u00e0nia.\r\n\r\nVa ser al segle XV quan sant Vicen\u00e7 Ferrer advertia als mallorquins que l'illa era buida per dins. Avui sabem que hi ha catalogades centenars de cavitats naturals. L'\u00faltima descoberta \u00e9s la cova de la Gleda, a Manacor, que amb gaireb\u00e9 11.000 m \u00e9s la cova sumergida m\u00e9s gran de les conegudes fins ara al continent europeu.\r\n<h2>Coves del Drach: Les m\u00e9s famoses<\/h2>\r\nLes m\u00e9s famoses s\u00f3n les coves del Drach, a Porto Cristo, que allotgen un dels llacs subterranis m\u00e9s grans del m\u00f3n. La refer\u00e8ncia m\u00e9s antiga de les coves del Drach data de 1338 en un missatge del governador de l'illa. El 1878 varen saltar a l'escena internacional quan dos viatgers varen estar perduts a l'interior durant trenta hores.\r\n\r\nAnys despr\u00e9s, el 1896, es va descobrir el gran llac Martel. Les coves varen ser il\u00b7luminades magistralment per Carles Bu\u00efgas, \u00abel mag de la llum\u00bb. El recorregut t\u00e9 una longitud aproximada de 1.200 m i \u00e9s una explosi\u00f3 d'estalactites i estalagmites amb figures com la Venus de Milo o la Pagoda \u00cdndia. Al llac Martel se celebra un concert de m\u00fasica cl\u00e0ssica que el visitant presencia abans de gaudir d'un fascinant passeig en barca.\r\n<h2>Coves de G\u00e8nova a Palma<\/h2>\r\nPer la seva banda, les coves de G\u00e8nova, situades molt a prop del centre, tenen una peculiaritat que les distingeix de la resta. Aquestes coves de G\u00e8nova, a Palma, destaquen per unes formacions anomenades \u00abcoraloires\u00bb que es formen per agrupacions de magnesi produ\u00efdes fa al voltant de quatre milions d'anys. Varen ser descobertes el 1906 en construir-se una gran cisterna a la propietat i, anys despr\u00e9s, varen pert\u00e0nyer a la v\u00eddua de Rodolfo Valentino, Natacha Rambova, que va ser la primera a condicionar-les.\r\n<h2>Coves dels Hams: Els hams de pedra<\/h2>\r\nTamb\u00e9 a Porto Cristo es troben les coves dels Hams, anomenades aix\u00ed per unes formacions arborescents semblants als hams de pescar. Les coves dels Hams varen ser descobertes per l'espele\u00f2leg Pere Caldentey el 1905. Les seves sales tenen refer\u00e8ncies fant\u00e0stiques com el \u00abCementeri de les fades\u00bb o liter\u00e0ries com \u00abEl parad\u00eds perdut de Milton\u00bb. El lloc m\u00e9s profund, amb 30 m, \u00e9s el \u00abMar de Ven\u00e8cia\u00bb, on tamb\u00e9 se celebra un concert de m\u00fasica cl\u00e0ssica en una barca il\u00b7luminada.\r\n<h2>Coves d'Art\u00e0<\/h2>\r\nLes coves d'Art\u00e0 s\u00f3n una de les cavitats m\u00e9s altes d'Europa amb estalactites de prodigioses formes que pengen d'una volta. La m\u00e9s espectacular \u00e9s la \u00abReina de les columnes\u00bb, que arriba als 22 m d'al\u00e7\u00e0ria. En el seu recorregut hi ha \u00abL'infern\u00bb, amb un espectacle de llum i so, \u00abEl purgatori\u00bb i la sala de banderes, on el guia colpeja tres columnes que ofereixen tons diferents. Tamb\u00e9 hi trobam pedres compostes de carboni que semblen aut\u00e8ntics diamants.\r\n<h2>Coves de Campanet<\/h2>\r\nAdmirables per la seva exuberant ornamentaci\u00f3 d'estalactites i estalagmites que es distingeixen per la seva delgadesa i blancor. S\u00f3n de gran inter\u00e8s cient\u00edfic, ja que allotgen una peculiar fauna cavern\u00edcola end\u00e8mica i restes paleontol\u00f2giques de *Myotragus balearicus*, un animal extingit fa uns 5.000 anys que les \u00faltimes an\u00e0lisis gen\u00e8tiques emparenten amb les ovelles.","cta":"","2_columnas":false,"color_de_fondo":""}]},"yoast_head":"<!-- This site is optimized with the Yoast SEO plugin v27.7 - https:\/\/yoast.com\/product\/yoast-seo-wordpress\/ -->\n<title>Coves - Consell de Mallorca<\/title>\n<meta name=\"robots\" content=\"index, follow, max-snippet:-1, max-image-preview:large, max-video-preview:-1\" \/>\n<link rel=\"canonical\" href=\"https:\/\/fundaciomallorcaturisme.net\/ca\/que-fer\/oci-i-diversio\/coves\/\" \/>\n<meta property=\"og:locale\" content=\"ca_ES\" \/>\n<meta property=\"og:type\" content=\"article\" \/>\n<meta property=\"og:title\" content=\"Coves - Consell de Mallorca\" \/>\n<meta property=\"og:url\" content=\"https:\/\/fundaciomallorcaturisme.net\/ca\/que-fer\/oci-i-diversio\/coves\/\" \/>\n<meta property=\"og:site_name\" content=\"Consell de Mallorca\" \/>\n<meta property=\"article:publisher\" content=\"https:\/\/www.facebook.com\/ConselldeMca\/\" \/>\n<meta property=\"article:modified_time\" content=\"2026-04-08T10:57:35+00:00\" \/>\n<meta property=\"og:image\" content=\"https:\/\/fundaciomallorcaturisme.net\/wp-content\/uploads\/2026\/02\/planificax2.jpg\" \/>\n\t<meta property=\"og:image:width\" content=\"1346\" \/>\n\t<meta property=\"og:image:height\" content=\"1094\" \/>\n\t<meta property=\"og:image:type\" content=\"image\/jpeg\" \/>\n<meta name=\"twitter:card\" content=\"summary_large_image\" \/>\n<meta name=\"twitter:site\" content=\"@ConselldeMca\" \/>\n<script type=\"application\/ld+json\" class=\"yoast-schema-graph\">{\"@context\":\"https:\\\/\\\/schema.org\",\"@graph\":[{\"@type\":\"WebPage\",\"@id\":\"https:\\\/\\\/fundaciomallorcaturisme.net\\\/ca\\\/que-fer\\\/oci-i-diversio\\\/coves\\\/\",\"url\":\"https:\\\/\\\/fundaciomallorcaturisme.net\\\/ca\\\/que-fer\\\/oci-i-diversio\\\/coves\\\/\",\"name\":\"Coves - Consell de Mallorca\",\"isPartOf\":{\"@id\":\"https:\\\/\\\/fundaciomallorcaturisme.net\\\/ca\\\/#website\"},\"datePublished\":\"2026-02-26T08:07:12+00:00\",\"dateModified\":\"2026-04-08T10:57:35+00:00\",\"breadcrumb\":{\"@id\":\"https:\\\/\\\/fundaciomallorcaturisme.net\\\/ca\\\/que-fer\\\/oci-i-diversio\\\/coves\\\/#breadcrumb\"},\"inLanguage\":\"ca\",\"potentialAction\":[{\"@type\":\"ReadAction\",\"target\":[\"https:\\\/\\\/fundaciomallorcaturisme.net\\\/ca\\\/que-fer\\\/oci-i-diversio\\\/coves\\\/\"]}]},{\"@type\":\"BreadcrumbList\",\"@id\":\"https:\\\/\\\/fundaciomallorcaturisme.net\\\/ca\\\/que-fer\\\/oci-i-diversio\\\/coves\\\/#breadcrumb\",\"itemListElement\":[{\"@type\":\"ListItem\",\"position\":1,\"name\":\"Inici\",\"item\":\"https:\\\/\\\/fundaciomallorcaturisme.net\\\/ca\\\/\"},{\"@type\":\"ListItem\",\"position\":2,\"name\":\"Qu\u00e8 fer\",\"item\":\"https:\\\/\\\/fundaciomallorcaturisme.net\\\/ca\\\/que-fer\\\/\"},{\"@type\":\"ListItem\",\"position\":3,\"name\":\"Oci i diversi\u00f3\",\"item\":\"https:\\\/\\\/fundaciomallorcaturisme.net\\\/ca\\\/que-fer\\\/oci-i-diversio\\\/\"},{\"@type\":\"ListItem\",\"position\":4,\"name\":\"Coves\"}]},{\"@type\":\"WebSite\",\"@id\":\"https:\\\/\\\/fundaciomallorcaturisme.net\\\/ca\\\/#website\",\"url\":\"https:\\\/\\\/fundaciomallorcaturisme.net\\\/ca\\\/\",\"name\":\"Consell de Mallorca\",\"description\":\"\",\"publisher\":{\"@id\":\"https:\\\/\\\/fundaciomallorcaturisme.net\\\/ca\\\/#organization\"},\"alternateName\":\"Mallorca Turisme\",\"potentialAction\":[{\"@type\":\"SearchAction\",\"target\":{\"@type\":\"EntryPoint\",\"urlTemplate\":\"https:\\\/\\\/fundaciomallorcaturisme.net\\\/ca\\\/?s={search_term_string}\"},\"query-input\":{\"@type\":\"PropertyValueSpecification\",\"valueRequired\":true,\"valueName\":\"search_term_string\"}}],\"inLanguage\":\"ca\"},{\"@type\":\"Organization\",\"@id\":\"https:\\\/\\\/fundaciomallorcaturisme.net\\\/ca\\\/#organization\",\"name\":\"Consell de Mallorca\",\"alternateName\":\"Mallorca Turisme\",\"url\":\"https:\\\/\\\/fundaciomallorcaturisme.net\\\/ca\\\/\",\"logo\":{\"@type\":\"ImageObject\",\"inLanguage\":\"ca\",\"@id\":\"https:\\\/\\\/fundaciomallorcaturisme.net\\\/ca\\\/#\\\/schema\\\/logo\\\/image\\\/\",\"url\":\"http:\\\/\\\/fundaciomallorcaturisme.net\\\/wp-content\\\/uploads\\\/2026\\\/03\\\/logo.webp\",\"contentUrl\":\"http:\\\/\\\/fundaciomallorcaturisme.net\\\/wp-content\\\/uploads\\\/2026\\\/03\\\/logo.webp\",\"width\":696,\"height\":570,\"caption\":\"Consell de Mallorca\"},\"image\":{\"@id\":\"https:\\\/\\\/fundaciomallorcaturisme.net\\\/ca\\\/#\\\/schema\\\/logo\\\/image\\\/\"},\"sameAs\":[\"https:\\\/\\\/www.facebook.com\\\/ConselldeMca\\\/\",\"https:\\\/\\\/x.com\\\/ConselldeMca\",\"https:\\\/\\\/www.instagram.com\\\/conselldemca\\\/\",\"https:\\\/\\\/www.youtube.com\\\/user\\\/conselldemallorca\"]}]}<\/script>\n<!-- \/ Yoast SEO plugin. -->","yoast_head_json":{"title":"Coves - Consell de Mallorca","robots":{"index":"index","follow":"follow","max-snippet":"max-snippet:-1","max-image-preview":"max-image-preview:large","max-video-preview":"max-video-preview:-1"},"canonical":"https:\/\/fundaciomallorcaturisme.net\/ca\/que-fer\/oci-i-diversio\/coves\/","og_locale":"ca_ES","og_type":"article","og_title":"Coves - Consell de Mallorca","og_url":"https:\/\/fundaciomallorcaturisme.net\/ca\/que-fer\/oci-i-diversio\/coves\/","og_site_name":"Consell de Mallorca","article_publisher":"https:\/\/www.facebook.com\/ConselldeMca\/","article_modified_time":"2026-04-08T10:57:35+00:00","og_image":[{"width":1346,"height":1094,"url":"https:\/\/fundaciomallorcaturisme.net\/wp-content\/uploads\/2026\/02\/planificax2.jpg","type":"image\/jpeg"}],"twitter_card":"summary_large_image","twitter_site":"@ConselldeMca","schema":{"@context":"https:\/\/schema.org","@graph":[{"@type":"WebPage","@id":"https:\/\/fundaciomallorcaturisme.net\/ca\/que-fer\/oci-i-diversio\/coves\/","url":"https:\/\/fundaciomallorcaturisme.net\/ca\/que-fer\/oci-i-diversio\/coves\/","name":"Coves - Consell de Mallorca","isPartOf":{"@id":"https:\/\/fundaciomallorcaturisme.net\/ca\/#website"},"datePublished":"2026-02-26T08:07:12+00:00","dateModified":"2026-04-08T10:57:35+00:00","breadcrumb":{"@id":"https:\/\/fundaciomallorcaturisme.net\/ca\/que-fer\/oci-i-diversio\/coves\/#breadcrumb"},"inLanguage":"ca","potentialAction":[{"@type":"ReadAction","target":["https:\/\/fundaciomallorcaturisme.net\/ca\/que-fer\/oci-i-diversio\/coves\/"]}]},{"@type":"BreadcrumbList","@id":"https:\/\/fundaciomallorcaturisme.net\/ca\/que-fer\/oci-i-diversio\/coves\/#breadcrumb","itemListElement":[{"@type":"ListItem","position":1,"name":"Inici","item":"https:\/\/fundaciomallorcaturisme.net\/ca\/"},{"@type":"ListItem","position":2,"name":"Qu\u00e8 fer","item":"https:\/\/fundaciomallorcaturisme.net\/ca\/que-fer\/"},{"@type":"ListItem","position":3,"name":"Oci i diversi\u00f3","item":"https:\/\/fundaciomallorcaturisme.net\/ca\/que-fer\/oci-i-diversio\/"},{"@type":"ListItem","position":4,"name":"Coves"}]},{"@type":"WebSite","@id":"https:\/\/fundaciomallorcaturisme.net\/ca\/#website","url":"https:\/\/fundaciomallorcaturisme.net\/ca\/","name":"Consell de Mallorca","description":"","publisher":{"@id":"https:\/\/fundaciomallorcaturisme.net\/ca\/#organization"},"alternateName":"Mallorca Turisme","potentialAction":[{"@type":"SearchAction","target":{"@type":"EntryPoint","urlTemplate":"https:\/\/fundaciomallorcaturisme.net\/ca\/?s={search_term_string}"},"query-input":{"@type":"PropertyValueSpecification","valueRequired":true,"valueName":"search_term_string"}}],"inLanguage":"ca"},{"@type":"Organization","@id":"https:\/\/fundaciomallorcaturisme.net\/ca\/#organization","name":"Consell de Mallorca","alternateName":"Mallorca Turisme","url":"https:\/\/fundaciomallorcaturisme.net\/ca\/","logo":{"@type":"ImageObject","inLanguage":"ca","@id":"https:\/\/fundaciomallorcaturisme.net\/ca\/#\/schema\/logo\/image\/","url":"http:\/\/fundaciomallorcaturisme.net\/wp-content\/uploads\/2026\/03\/logo.webp","contentUrl":"http:\/\/fundaciomallorcaturisme.net\/wp-content\/uploads\/2026\/03\/logo.webp","width":696,"height":570,"caption":"Consell de Mallorca"},"image":{"@id":"https:\/\/fundaciomallorcaturisme.net\/ca\/#\/schema\/logo\/image\/"},"sameAs":["https:\/\/www.facebook.com\/ConselldeMca\/","https:\/\/x.com\/ConselldeMca","https:\/\/www.instagram.com\/conselldemca\/","https:\/\/www.youtube.com\/user\/conselldemallorca"]}]}},"_links":{"self":[{"href":"https:\/\/fundaciomallorcaturisme.net\/ca\/wp-json\/wp\/v2\/pages\/3292","targetHints":{"allow":["GET"]}}],"collection":[{"href":"https:\/\/fundaciomallorcaturisme.net\/ca\/wp-json\/wp\/v2\/pages"}],"about":[{"href":"https:\/\/fundaciomallorcaturisme.net\/ca\/wp-json\/wp\/v2\/types\/page"}],"author":[{"embeddable":true,"href":"https:\/\/fundaciomallorcaturisme.net\/ca\/wp-json\/wp\/v2\/users\/1"}],"replies":[{"embeddable":true,"href":"https:\/\/fundaciomallorcaturisme.net\/ca\/wp-json\/wp\/v2\/comments?post=3292"}],"version-history":[{"count":2,"href":"https:\/\/fundaciomallorcaturisme.net\/ca\/wp-json\/wp\/v2\/pages\/3292\/revisions"}],"predecessor-version":[{"id":4657,"href":"https:\/\/fundaciomallorcaturisme.net\/ca\/wp-json\/wp\/v2\/pages\/3292\/revisions\/4657"}],"up":[{"embeddable":true,"href":"https:\/\/fundaciomallorcaturisme.net\/ca\/wp-json\/wp\/v2\/pages\/3291"}],"wp:attachment":[{"href":"https:\/\/fundaciomallorcaturisme.net\/ca\/wp-json\/wp\/v2\/media?parent=3292"}],"curies":[{"name":"wp","href":"https:\/\/api.w.org\/{rel}","templated":true}]}}