{"id":3291,"date":"2026-02-26T09:07:12","date_gmt":"2026-02-26T08:07:12","guid":{"rendered":"http:\/\/fundaciomallorcaturisme.net\/que-fer\/oci-i-diversio\/"},"modified":"2026-08-13T12:12:06","modified_gmt":"2026-08-13T10:12:06","slug":"oci-i-diversio","status":"publish","type":"page","link":"https:\/\/fundaciomallorcaturisme.net\/ca\/que-fer\/oci-i-diversio\/","title":{"rendered":"Oci i diversi\u00f3"},"content":{"rendered":"","protected":false},"excerpt":{"rendered":"","protected":false},"author":1,"featured_media":0,"parent":2185,"menu_order":0,"comment_status":"open","ping_status":"open","template":"page-templates\/contenido_flexible.php","meta":{"_acf_changed":false,"footnotes":""},"class_list":["post-3291","page","type-page","status-publish","hentry"],"acf":{"contenido_flexible":[{"acf_fc_layout":"cabecera","titulo":"<h1>Oferta d\u2019oci a Mallorca<\/h1>","titulo_grande":false,"subtitulo":"","texto":"","enlace":"","flecha_abajo":false,"tiene_video":false,"video":"","imagenx1":"","imagenx2":"","logos":""},{"acf_fc_layout":"texto_simple","pretitulo":"","titulo":"","texto":"Aprofita cada minut del teu viatge. L\u2019illa t\u2019ofereix una multitud d\u2019activitats i de llocs per con\u00e8ixer. En aquesta secci\u00f3 trobar\u00e0s propostes d\u2019oci i d\u2019entreteniment diverses, que et portaran a explorar Mallorca per terra, mar o aire, de dia o de nit, i a gaudir de les vacances en fam\u00edlia, amb amics o en parella.\r\n\r\nHi ha opcions per a totes les edats i per a tots els gustos. Una infinitat de possibilitats amb les quals avorrir-te ser\u00e0 una missi\u00f3 impossible!\r\n<h2>Coves de Mallorca<\/h2>\r\nMallorca amaga un m\u00f3n subterrani fascinant. Explora les espectaculars formacions d\u2019estalactites i estalagmites a les nostres coves de fama mundial, aut\u00e8ntics tresors de la natura amb milions d\u2019anys d\u2019hist\u00f2ria.\r\n\r\n<a href=\"http:\/\/fundaciomallorcaturisme.net\/ca\/que-fer\/oci-i-diversio\/coves\/\">Explora les coves de l\u2019illa<\/a>\r\n<h2>Fires tem\u00e0tiques<\/h2>\r\nMallorca destaca per cites internacionals com el Palma International Boat Show (gran fira n\u00e0utica), mentre que la hist\u00f2ria reviu al Mercat Medieval de Capdepera. El Dijous Bo d\u2019Inca i la Fira del Fang de Marratx\u00ed exalten la tradici\u00f3, i el sabor local el protagonitzen la Fira Dol\u00e7a d\u2019Esporles i la Fira de la S\u00edpia a Alc\u00fadia.\r\n<h2>La costa des de la mar<\/h2>\r\nLes excursions mar\u00edtimes s\u00f3n una de les millors possibilitats de descobrir els contrastos del litoral mallorqu\u00ed. Descobreix espectaculars penya-segats rectilinis de bellesa sobrecollidora, illots des\u00e8rtics i agrestes cales solit\u00e0ries. Hi ha indrets als quals nom\u00e9s es pot accedir, o gaudir de la seva imponent bellesa, des d\u2019una embarcaci\u00f3. Descobreix l\u2019illa des d\u2019una altra perspectiva!\r\n<h2>Parcs d\u2019oci i experi\u00e8ncies d\u2019aventura<\/h2>\r\nMallorca compta amb una excel\u00b7lent oferta de parcs d\u2019oci dissenyada per a totes les edats. La major concentraci\u00f3 es troba al municipi de Calvi\u00e0 (especialment a Magaluf), Palma i s\u2019Arenal, tot i que tamb\u00e9 hi ha opcions a Alc\u00fadia i al Llevant mallorqu\u00ed.\r\n\r\nOpcions disponibles:\r\n<h3>Parcs aqu\u00e0tics<\/h3>\r\nInstal\u00b7lacions amb m\u00e9s de 20 atraccions diferents, tobogans vertiginosos, piscines d\u2019onades i zones infantils envoltades d\u2019\u00e0rees verdes.\r\n<h3>Natura i animals<\/h3>\r\nParcs marins amb dofins, foques i taurons, aquaris que descobreixen la vida sota la mar i centres naturals on observar la diversitat animal de l\u2019illa i de pa\u00efsos llunyans.\r\n<h3>Aventura i multiaventura<\/h3>\r\nMallorca compta amb el major parc de tirolines, recorreguts acrob\u00e0tics forestals per a infants, expedicions interactives en mansions invertides i espais en plena natura amb coves, cascades i senders de muntanya.\r\n<h3>Oci tem\u00e0tic<\/h3>\r\nCircuits de minigolf entre vegetaci\u00f3 tropical i cascades, parcs que recreen l\u2019ambient del Far West i experi\u00e8ncies per descobrir el fascinant m\u00f3n dels dinosaures.\r\n<h2>Adrenalina i vistes panor\u00e0miques<\/h2>\r\nPer als qui cerquen alguna cosa diferent, l\u2019illa ofereix activitats \u00faniques:\r\n<h3>Vols en globus<\/h3>\r\nUna oportunitat de sobrevolar Mallorca i contemplar la seva orografia des de l\u2019aire.\r\n<h3>Paintball i esport<\/h3>\r\nCentres especialitzats per a l\u2019oci en grup i la desc\u00e0rrega d\u2019adrenalina.\r\n<h3>Jardins bot\u00e0nics<\/h3>\r\nEspais humits amb vegetaci\u00f3 tropical i llacs navegables per a un passeig tranquil.\r\n<h2>El pols de l\u2019illa: del bullici dels mercats a la nit<\/h2>\r\nMallorca es gaudeix amb els cinc sentits, ja sigui perdent-se en les seves tradicions o gaudint del seu ambient nocturn:\r\n<h3>Mercats<\/h3>\r\nEn el seu bullici, colors i olors s\u2019hi congrega l\u2019\u00e0nima dels pobles. S\u00f3n el lloc ideal per con\u00e8ixer l\u2019ess\u00e8ncia local.\r\n<h3>Vida nocturna<\/h3>\r\nL\u2019illa t\u00e9 un gran nombre de bars de copes i pubs molt animats repartits per tota la seva geografia. Per a clubs i discoteques, destaca el Passeig Mar\u00edtim de Palma i zones tur\u00edstiques vibrants com Magaluf.\r\n<h3>Xibius i beach clubs de Mallorca<\/h3>\r\nEspais privilegiats davant la mar per gaudir d\u2019un ambient relaxat i capvespres inoblidables.","cta":"","2_columnas":false,"color_de_fondo":""}]},"yoast_head":"<!-- This site is optimized with the Yoast SEO plugin v27.7 - https:\/\/yoast.com\/product\/yoast-seo-wordpress\/ -->\n<title>Oci i diversi\u00f3 - Consell de Mallorca<\/title>\n<meta name=\"robots\" content=\"index, follow, max-snippet:-1, max-image-preview:large, max-video-preview:-1\" \/>\n<link rel=\"canonical\" href=\"https:\/\/fundaciomallorcaturisme.net\/ca\/que-fer\/oci-i-diversio\/\" \/>\n<meta property=\"og:locale\" content=\"ca_ES\" \/>\n<meta property=\"og:type\" content=\"article\" \/>\n<meta property=\"og:title\" content=\"Oci i diversi\u00f3 - Consell de Mallorca\" \/>\n<meta property=\"og:url\" content=\"https:\/\/fundaciomallorcaturisme.net\/ca\/que-fer\/oci-i-diversio\/\" \/>\n<meta property=\"og:site_name\" content=\"Consell de Mallorca\" \/>\n<meta property=\"article:publisher\" content=\"https:\/\/www.facebook.com\/ConselldeMca\/\" \/>\n<meta property=\"article:modified_time\" content=\"2026-08-13T10:12:06+00:00\" \/>\n<meta property=\"og:image\" content=\"https:\/\/fundaciomallorcaturisme.net\/wp-content\/uploads\/2026\/02\/planificax2.jpg\" \/>\n\t<meta property=\"og:image:width\" content=\"1346\" \/>\n\t<meta property=\"og:image:height\" content=\"1094\" \/>\n\t<meta property=\"og:image:type\" content=\"image\/jpeg\" \/>\n<meta name=\"twitter:card\" content=\"summary_large_image\" \/>\n<meta name=\"twitter:site\" content=\"@ConselldeMca\" \/>\n<script type=\"application\/ld+json\" class=\"yoast-schema-graph\">{\"@context\":\"https:\\\/\\\/schema.org\",\"@graph\":[{\"@type\":\"WebPage\",\"@id\":\"https:\\\/\\\/fundaciomallorcaturisme.net\\\/ca\\\/que-fer\\\/oci-i-diversio\\\/\",\"url\":\"https:\\\/\\\/fundaciomallorcaturisme.net\\\/ca\\\/que-fer\\\/oci-i-diversio\\\/\",\"name\":\"Oci i diversi\u00f3 - Consell de Mallorca\",\"isPartOf\":{\"@id\":\"https:\\\/\\\/fundaciomallorcaturisme.net\\\/ca\\\/#website\"},\"datePublished\":\"2026-02-26T08:07:12+00:00\",\"dateModified\":\"2026-08-13T10:12:06+00:00\",\"breadcrumb\":{\"@id\":\"https:\\\/\\\/fundaciomallorcaturisme.net\\\/ca\\\/que-fer\\\/oci-i-diversio\\\/#breadcrumb\"},\"inLanguage\":\"ca\",\"potentialAction\":[{\"@type\":\"ReadAction\",\"target\":[\"https:\\\/\\\/fundaciomallorcaturisme.net\\\/ca\\\/que-fer\\\/oci-i-diversio\\\/\"]}]},{\"@type\":\"BreadcrumbList\",\"@id\":\"https:\\\/\\\/fundaciomallorcaturisme.net\\\/ca\\\/que-fer\\\/oci-i-diversio\\\/#breadcrumb\",\"itemListElement\":[{\"@type\":\"ListItem\",\"position\":1,\"name\":\"Inici\",\"item\":\"https:\\\/\\\/fundaciomallorcaturisme.net\\\/ca\\\/\"},{\"@type\":\"ListItem\",\"position\":2,\"name\":\"Qu\u00e8 fer\",\"item\":\"https:\\\/\\\/fundaciomallorcaturisme.net\\\/ca\\\/que-fer\\\/\"},{\"@type\":\"ListItem\",\"position\":3,\"name\":\"Oci i diversi\u00f3\"}]},{\"@type\":\"WebSite\",\"@id\":\"https:\\\/\\\/fundaciomallorcaturisme.net\\\/ca\\\/#website\",\"url\":\"https:\\\/\\\/fundaciomallorcaturisme.net\\\/ca\\\/\",\"name\":\"Consell de Mallorca\",\"description\":\"\",\"publisher\":{\"@id\":\"https:\\\/\\\/fundaciomallorcaturisme.net\\\/ca\\\/#organization\"},\"alternateName\":\"Mallorca Turisme\",\"potentialAction\":[{\"@type\":\"SearchAction\",\"target\":{\"@type\":\"EntryPoint\",\"urlTemplate\":\"https:\\\/\\\/fundaciomallorcaturisme.net\\\/ca\\\/?s={search_term_string}\"},\"query-input\":{\"@type\":\"PropertyValueSpecification\",\"valueRequired\":true,\"valueName\":\"search_term_string\"}}],\"inLanguage\":\"ca\"},{\"@type\":\"Organization\",\"@id\":\"https:\\\/\\\/fundaciomallorcaturisme.net\\\/ca\\\/#organization\",\"name\":\"Consell de Mallorca\",\"alternateName\":\"Mallorca Turisme\",\"url\":\"https:\\\/\\\/fundaciomallorcaturisme.net\\\/ca\\\/\",\"logo\":{\"@type\":\"ImageObject\",\"inLanguage\":\"ca\",\"@id\":\"https:\\\/\\\/fundaciomallorcaturisme.net\\\/ca\\\/#\\\/schema\\\/logo\\\/image\\\/\",\"url\":\"http:\\\/\\\/fundaciomallorcaturisme.net\\\/wp-content\\\/uploads\\\/2026\\\/03\\\/logo.webp\",\"contentUrl\":\"http:\\\/\\\/fundaciomallorcaturisme.net\\\/wp-content\\\/uploads\\\/2026\\\/03\\\/logo.webp\",\"width\":696,\"height\":570,\"caption\":\"Consell de Mallorca\"},\"image\":{\"@id\":\"https:\\\/\\\/fundaciomallorcaturisme.net\\\/ca\\\/#\\\/schema\\\/logo\\\/image\\\/\"},\"sameAs\":[\"https:\\\/\\\/www.facebook.com\\\/ConselldeMca\\\/\",\"https:\\\/\\\/x.com\\\/ConselldeMca\",\"https:\\\/\\\/www.instagram.com\\\/conselldemca\\\/\",\"https:\\\/\\\/www.youtube.com\\\/user\\\/conselldemallorca\"]}]}<\/script>\n<!-- \/ Yoast SEO plugin. -->","yoast_head_json":{"title":"Oci i diversi\u00f3 - Consell de Mallorca","robots":{"index":"index","follow":"follow","max-snippet":"max-snippet:-1","max-image-preview":"max-image-preview:large","max-video-preview":"max-video-preview:-1"},"canonical":"https:\/\/fundaciomallorcaturisme.net\/ca\/que-fer\/oci-i-diversio\/","og_locale":"ca_ES","og_type":"article","og_title":"Oci i diversi\u00f3 - Consell de Mallorca","og_url":"https:\/\/fundaciomallorcaturisme.net\/ca\/que-fer\/oci-i-diversio\/","og_site_name":"Consell de Mallorca","article_publisher":"https:\/\/www.facebook.com\/ConselldeMca\/","article_modified_time":"2026-08-13T10:12:06+00:00","og_image":[{"width":1346,"height":1094,"url":"https:\/\/fundaciomallorcaturisme.net\/wp-content\/uploads\/2026\/02\/planificax2.jpg","type":"image\/jpeg"}],"twitter_card":"summary_large_image","twitter_site":"@ConselldeMca","schema":{"@context":"https:\/\/schema.org","@graph":[{"@type":"WebPage","@id":"https:\/\/fundaciomallorcaturisme.net\/ca\/que-fer\/oci-i-diversio\/","url":"https:\/\/fundaciomallorcaturisme.net\/ca\/que-fer\/oci-i-diversio\/","name":"Oci i diversi\u00f3 - Consell de Mallorca","isPartOf":{"@id":"https:\/\/fundaciomallorcaturisme.net\/ca\/#website"},"datePublished":"2026-02-26T08:07:12+00:00","dateModified":"2026-08-13T10:12:06+00:00","breadcrumb":{"@id":"https:\/\/fundaciomallorcaturisme.net\/ca\/que-fer\/oci-i-diversio\/#breadcrumb"},"inLanguage":"ca","potentialAction":[{"@type":"ReadAction","target":["https:\/\/fundaciomallorcaturisme.net\/ca\/que-fer\/oci-i-diversio\/"]}]},{"@type":"BreadcrumbList","@id":"https:\/\/fundaciomallorcaturisme.net\/ca\/que-fer\/oci-i-diversio\/#breadcrumb","itemListElement":[{"@type":"ListItem","position":1,"name":"Inici","item":"https:\/\/fundaciomallorcaturisme.net\/ca\/"},{"@type":"ListItem","position":2,"name":"Qu\u00e8 fer","item":"https:\/\/fundaciomallorcaturisme.net\/ca\/que-fer\/"},{"@type":"ListItem","position":3,"name":"Oci i diversi\u00f3"}]},{"@type":"WebSite","@id":"https:\/\/fundaciomallorcaturisme.net\/ca\/#website","url":"https:\/\/fundaciomallorcaturisme.net\/ca\/","name":"Consell de Mallorca","description":"","publisher":{"@id":"https:\/\/fundaciomallorcaturisme.net\/ca\/#organization"},"alternateName":"Mallorca Turisme","potentialAction":[{"@type":"SearchAction","target":{"@type":"EntryPoint","urlTemplate":"https:\/\/fundaciomallorcaturisme.net\/ca\/?s={search_term_string}"},"query-input":{"@type":"PropertyValueSpecification","valueRequired":true,"valueName":"search_term_string"}}],"inLanguage":"ca"},{"@type":"Organization","@id":"https:\/\/fundaciomallorcaturisme.net\/ca\/#organization","name":"Consell de Mallorca","alternateName":"Mallorca Turisme","url":"https:\/\/fundaciomallorcaturisme.net\/ca\/","logo":{"@type":"ImageObject","inLanguage":"ca","@id":"https:\/\/fundaciomallorcaturisme.net\/ca\/#\/schema\/logo\/image\/","url":"http:\/\/fundaciomallorcaturisme.net\/wp-content\/uploads\/2026\/03\/logo.webp","contentUrl":"http:\/\/fundaciomallorcaturisme.net\/wp-content\/uploads\/2026\/03\/logo.webp","width":696,"height":570,"caption":"Consell de Mallorca"},"image":{"@id":"https:\/\/fundaciomallorcaturisme.net\/ca\/#\/schema\/logo\/image\/"},"sameAs":["https:\/\/www.facebook.com\/ConselldeMca\/","https:\/\/x.com\/ConselldeMca","https:\/\/www.instagram.com\/conselldemca\/","https:\/\/www.youtube.com\/user\/conselldemallorca"]}]}},"_links":{"self":[{"href":"https:\/\/fundaciomallorcaturisme.net\/ca\/wp-json\/wp\/v2\/pages\/3291","targetHints":{"allow":["GET"]}}],"collection":[{"href":"https:\/\/fundaciomallorcaturisme.net\/ca\/wp-json\/wp\/v2\/pages"}],"about":[{"href":"https:\/\/fundaciomallorcaturisme.net\/ca\/wp-json\/wp\/v2\/types\/page"}],"author":[{"embeddable":true,"href":"https:\/\/fundaciomallorcaturisme.net\/ca\/wp-json\/wp\/v2\/users\/1"}],"replies":[{"embeddable":true,"href":"https:\/\/fundaciomallorcaturisme.net\/ca\/wp-json\/wp\/v2\/comments?post=3291"}],"version-history":[{"count":3,"href":"https:\/\/fundaciomallorcaturisme.net\/ca\/wp-json\/wp\/v2\/pages\/3291\/revisions"}],"predecessor-version":[{"id":5408,"href":"https:\/\/fundaciomallorcaturisme.net\/ca\/wp-json\/wp\/v2\/pages\/3291\/revisions\/5408"}],"up":[{"embeddable":true,"href":"https:\/\/fundaciomallorcaturisme.net\/ca\/wp-json\/wp\/v2\/pages\/2185"}],"wp:attachment":[{"href":"https:\/\/fundaciomallorcaturisme.net\/ca\/wp-json\/wp\/v2\/media?parent=3291"}],"curies":[{"name":"wp","href":"https:\/\/api.w.org\/{rel}","templated":true}]}}