{"id":3099,"date":"2026-02-25T13:26:29","date_gmt":"2026-02-25T12:26:29","guid":{"rendered":"http:\/\/fundaciomallorcaturisme.net\/rutes\/familiars\/cuber\/"},"modified":"2026-02-25T13:31:20","modified_gmt":"2026-02-25T12:31:20","slug":"cuber","status":"publish","type":"page","link":"https:\/\/fundaciomallorcaturisme.net\/ca\/rutes\/familiars\/cuber\/","title":{"rendered":"C\u00faber"},"content":{"rendered":"","protected":false},"excerpt":{"rendered":"","protected":false},"author":1,"featured_media":0,"parent":1686,"menu_order":0,"comment_status":"open","ping_status":"open","template":"page-templates\/contenido_flexible.php","meta":{"_acf_changed":false,"footnotes":""},"class_list":["post-3099","page","type-page","status-publish","hentry"],"acf":{"contenido_flexible":[{"acf_fc_layout":"cabecera","titulo":"<h1>C\u00faber<\/h1>","titulo_grande":false,"subtitulo":"4,683 km (Mitjana)","texto":"","enlace":"","flecha_abajo":false,"tiene_video":false,"video":"","imagenx1":"","imagenx2":"","logos":[]},{"acf_fc_layout":"texto_simple","pretitulo":"","titulo":"","texto":"<h4>L'itinerari<\/h4>\n<p>Iniciam el recorregut en el quil\u00f2metre 33,8 de la carretera de S\u00f3ller a Pollen\u00e7a, vora la canal que porta l\u2019aigua del Gorg Blau a l\u2019embassament de C\u00faber. Des d\u2019aqu\u00ed, pujam fins a un petit aparcament, a l\u2019esquerra del qual es troba la font des Noguer, que antigament portava aigua fins a les cases de C\u00faber. Uns quants bancs i uns fogons al seu voltant la converteixen en una zona d\u2019esbarjo molt concorreguda els caps de setmana.<br\/>\nAl costat oposat, un botador ens indica el cam\u00ed que hem de seguir, sempre en paral\u2022lel a la carretera, fins a arribar al portell de C\u00faber. A l\u2019esquerra, i sobre els costers del puig de sa Font, observam les repoblacions de pins i d\u2019alzines que reconvertiran, amb el temps, l\u2019antiga zona de pastures en una bosquina extensa.\u00a0<\/p>\n<p>Tot d\u2019una deixam el cam\u00ed asfaltat i ens desviam pel viarany que trobam al davant, assenyalat amb les marques del GR 221 i que voreja l\u2019embassament pel costat nord, aprofitant un cam\u00ed creat durant la construcci\u00f3.<br\/>\nPoc despr\u00e9s, situats en un creuer, un pontet de formig\u00f3 que observam a la nostra esquerra indica l\u2019itinerari que hem de seguir. Caminam ara entre l\u2019embassament i la serra de C\u00faber fins que topam el torrent que baixa de l\u2019Ofre i que, si du aigua, haurem de travessar per damunt d\u2019unes pedres planeres.<br\/>\nContinuam tot dret fins que trobam el portell que suposa el l\u00edmit entre la finca p\u00fablica i la de Binimorat. Sense traspassar-lo, abandonam el GR 221 i giram a l\u2019esquerra per continuar pel cam\u00ed apte per a cotxes que ens porta r\u00e0pidament vora el petit refugi de C\u00faber, una instal\u2022laci\u00f3 on es pot pernoctar si es reserva pla\u00e7a pr\u00e8viament.<\/p>\n<p>Seguim ara no gaire lluny de l\u2019aigua, prop de la qual observam una repoblaci\u00f3 d\u2019arbres caracter\u00edstics dels boscs de ribera, amb nombrosos fleixos i oms, i abans d\u2019acabar el recorregut passam per sobre de la presa que barra el pas de les aig\u00fces del torrent d\u2019Almadr\u00e0, al nord de la qual se situaven les cases de la possessi\u00f3. Despr\u00e9s, deixam a la dreta un caminoi que ressegueix el curs del torrent i continuam per un tram asfaltat que ens permet arribar de nou a la barrera de C\u00faber, des d\u2019on tornam al punt de partida.\u00a0<\/p>\n<p><strong><strong>Els cotxets d'infants i les cadires de rodes tan sols poden transitar fins a la presa de C\u00faber pel cam\u00ed d'asfalt (1 km aproximadament).<\/strong><\/strong><\/p>\n<p>\u00a0<\/p>","cta":"","2_columnas":false,"color_de_fondo":""}]},"yoast_head":"<!-- This site is optimized with the Yoast SEO plugin v27.7 - https:\/\/yoast.com\/product\/yoast-seo-wordpress\/ -->\n<title>C\u00faber - Consell de Mallorca<\/title>\n<meta name=\"robots\" content=\"index, follow, max-snippet:-1, max-image-preview:large, max-video-preview:-1\" \/>\n<link rel=\"canonical\" href=\"https:\/\/fundaciomallorcaturisme.net\/ca\/rutes\/familiars\/cuber\/\" \/>\n<meta property=\"og:locale\" content=\"ca_ES\" \/>\n<meta property=\"og:type\" content=\"article\" \/>\n<meta property=\"og:title\" content=\"C\u00faber - Consell de Mallorca\" \/>\n<meta property=\"og:url\" content=\"https:\/\/fundaciomallorcaturisme.net\/ca\/rutes\/familiars\/cuber\/\" \/>\n<meta property=\"og:site_name\" content=\"Consell de Mallorca\" \/>\n<meta property=\"article:publisher\" content=\"https:\/\/www.facebook.com\/ConselldeMca\/\" \/>\n<meta property=\"article:modified_time\" content=\"2026-02-25T12:31:20+00:00\" \/>\n<meta property=\"og:image\" content=\"https:\/\/fundaciomallorcaturisme.net\/wp-content\/uploads\/2026\/02\/planificax2.jpg\" \/>\n\t<meta property=\"og:image:width\" content=\"1346\" \/>\n\t<meta property=\"og:image:height\" content=\"1094\" \/>\n\t<meta property=\"og:image:type\" content=\"image\/jpeg\" \/>\n<meta name=\"twitter:card\" content=\"summary_large_image\" \/>\n<meta name=\"twitter:site\" content=\"@ConselldeMca\" \/>\n<script type=\"application\/ld+json\" class=\"yoast-schema-graph\">{\"@context\":\"https:\\\/\\\/schema.org\",\"@graph\":[{\"@type\":\"WebPage\",\"@id\":\"https:\\\/\\\/fundaciomallorcaturisme.net\\\/ca\\\/rutes\\\/familiars\\\/cuber\\\/\",\"url\":\"https:\\\/\\\/fundaciomallorcaturisme.net\\\/ca\\\/rutes\\\/familiars\\\/cuber\\\/\",\"name\":\"C\u00faber - Consell de Mallorca\",\"isPartOf\":{\"@id\":\"https:\\\/\\\/fundaciomallorcaturisme.net\\\/ca\\\/#website\"},\"datePublished\":\"2026-02-25T12:26:29+00:00\",\"dateModified\":\"2026-02-25T12:31:20+00:00\",\"breadcrumb\":{\"@id\":\"https:\\\/\\\/fundaciomallorcaturisme.net\\\/ca\\\/rutes\\\/familiars\\\/cuber\\\/#breadcrumb\"},\"inLanguage\":\"ca\",\"potentialAction\":[{\"@type\":\"ReadAction\",\"target\":[\"https:\\\/\\\/fundaciomallorcaturisme.net\\\/ca\\\/rutes\\\/familiars\\\/cuber\\\/\"]}]},{\"@type\":\"BreadcrumbList\",\"@id\":\"https:\\\/\\\/fundaciomallorcaturisme.net\\\/ca\\\/rutes\\\/familiars\\\/cuber\\\/#breadcrumb\",\"itemListElement\":[{\"@type\":\"ListItem\",\"position\":1,\"name\":\"Inici\",\"item\":\"https:\\\/\\\/fundaciomallorcaturisme.net\\\/ca\\\/\"},{\"@type\":\"ListItem\",\"position\":2,\"name\":\"Rutes\",\"item\":\"https:\\\/\\\/fundaciomallorcaturisme.net\\\/ca\\\/rutes\\\/\"},{\"@type\":\"ListItem\",\"position\":3,\"name\":\"Familiars\",\"item\":\"https:\\\/\\\/fundaciomallorcaturisme.net\\\/ca\\\/rutes\\\/familiars\\\/\"},{\"@type\":\"ListItem\",\"position\":4,\"name\":\"C\u00faber\"}]},{\"@type\":\"WebSite\",\"@id\":\"https:\\\/\\\/fundaciomallorcaturisme.net\\\/ca\\\/#website\",\"url\":\"https:\\\/\\\/fundaciomallorcaturisme.net\\\/ca\\\/\",\"name\":\"Consell de Mallorca\",\"description\":\"\",\"publisher\":{\"@id\":\"https:\\\/\\\/fundaciomallorcaturisme.net\\\/ca\\\/#organization\"},\"alternateName\":\"Mallorca Turisme\",\"potentialAction\":[{\"@type\":\"SearchAction\",\"target\":{\"@type\":\"EntryPoint\",\"urlTemplate\":\"https:\\\/\\\/fundaciomallorcaturisme.net\\\/ca\\\/?s={search_term_string}\"},\"query-input\":{\"@type\":\"PropertyValueSpecification\",\"valueRequired\":true,\"valueName\":\"search_term_string\"}}],\"inLanguage\":\"ca\"},{\"@type\":\"Organization\",\"@id\":\"https:\\\/\\\/fundaciomallorcaturisme.net\\\/ca\\\/#organization\",\"name\":\"Consell de Mallorca\",\"alternateName\":\"Mallorca Turisme\",\"url\":\"https:\\\/\\\/fundaciomallorcaturisme.net\\\/ca\\\/\",\"logo\":{\"@type\":\"ImageObject\",\"inLanguage\":\"ca\",\"@id\":\"https:\\\/\\\/fundaciomallorcaturisme.net\\\/ca\\\/#\\\/schema\\\/logo\\\/image\\\/\",\"url\":\"http:\\\/\\\/fundaciomallorcaturisme.net\\\/wp-content\\\/uploads\\\/2026\\\/03\\\/logo.webp\",\"contentUrl\":\"http:\\\/\\\/fundaciomallorcaturisme.net\\\/wp-content\\\/uploads\\\/2026\\\/03\\\/logo.webp\",\"width\":696,\"height\":570,\"caption\":\"Consell de Mallorca\"},\"image\":{\"@id\":\"https:\\\/\\\/fundaciomallorcaturisme.net\\\/ca\\\/#\\\/schema\\\/logo\\\/image\\\/\"},\"sameAs\":[\"https:\\\/\\\/www.facebook.com\\\/ConselldeMca\\\/\",\"https:\\\/\\\/x.com\\\/ConselldeMca\",\"https:\\\/\\\/www.instagram.com\\\/conselldemca\\\/\",\"https:\\\/\\\/www.youtube.com\\\/user\\\/conselldemallorca\"]}]}<\/script>\n<!-- \/ Yoast SEO plugin. -->","yoast_head_json":{"title":"C\u00faber - Consell de Mallorca","robots":{"index":"index","follow":"follow","max-snippet":"max-snippet:-1","max-image-preview":"max-image-preview:large","max-video-preview":"max-video-preview:-1"},"canonical":"https:\/\/fundaciomallorcaturisme.net\/ca\/rutes\/familiars\/cuber\/","og_locale":"ca_ES","og_type":"article","og_title":"C\u00faber - Consell de Mallorca","og_url":"https:\/\/fundaciomallorcaturisme.net\/ca\/rutes\/familiars\/cuber\/","og_site_name":"Consell de Mallorca","article_publisher":"https:\/\/www.facebook.com\/ConselldeMca\/","article_modified_time":"2026-02-25T12:31:20+00:00","og_image":[{"width":1346,"height":1094,"url":"https:\/\/fundaciomallorcaturisme.net\/wp-content\/uploads\/2026\/02\/planificax2.jpg","type":"image\/jpeg"}],"twitter_card":"summary_large_image","twitter_site":"@ConselldeMca","schema":{"@context":"https:\/\/schema.org","@graph":[{"@type":"WebPage","@id":"https:\/\/fundaciomallorcaturisme.net\/ca\/rutes\/familiars\/cuber\/","url":"https:\/\/fundaciomallorcaturisme.net\/ca\/rutes\/familiars\/cuber\/","name":"C\u00faber - Consell de Mallorca","isPartOf":{"@id":"https:\/\/fundaciomallorcaturisme.net\/ca\/#website"},"datePublished":"2026-02-25T12:26:29+00:00","dateModified":"2026-02-25T12:31:20+00:00","breadcrumb":{"@id":"https:\/\/fundaciomallorcaturisme.net\/ca\/rutes\/familiars\/cuber\/#breadcrumb"},"inLanguage":"ca","potentialAction":[{"@type":"ReadAction","target":["https:\/\/fundaciomallorcaturisme.net\/ca\/rutes\/familiars\/cuber\/"]}]},{"@type":"BreadcrumbList","@id":"https:\/\/fundaciomallorcaturisme.net\/ca\/rutes\/familiars\/cuber\/#breadcrumb","itemListElement":[{"@type":"ListItem","position":1,"name":"Inici","item":"https:\/\/fundaciomallorcaturisme.net\/ca\/"},{"@type":"ListItem","position":2,"name":"Rutes","item":"https:\/\/fundaciomallorcaturisme.net\/ca\/rutes\/"},{"@type":"ListItem","position":3,"name":"Familiars","item":"https:\/\/fundaciomallorcaturisme.net\/ca\/rutes\/familiars\/"},{"@type":"ListItem","position":4,"name":"C\u00faber"}]},{"@type":"WebSite","@id":"https:\/\/fundaciomallorcaturisme.net\/ca\/#website","url":"https:\/\/fundaciomallorcaturisme.net\/ca\/","name":"Consell de Mallorca","description":"","publisher":{"@id":"https:\/\/fundaciomallorcaturisme.net\/ca\/#organization"},"alternateName":"Mallorca Turisme","potentialAction":[{"@type":"SearchAction","target":{"@type":"EntryPoint","urlTemplate":"https:\/\/fundaciomallorcaturisme.net\/ca\/?s={search_term_string}"},"query-input":{"@type":"PropertyValueSpecification","valueRequired":true,"valueName":"search_term_string"}}],"inLanguage":"ca"},{"@type":"Organization","@id":"https:\/\/fundaciomallorcaturisme.net\/ca\/#organization","name":"Consell de Mallorca","alternateName":"Mallorca Turisme","url":"https:\/\/fundaciomallorcaturisme.net\/ca\/","logo":{"@type":"ImageObject","inLanguage":"ca","@id":"https:\/\/fundaciomallorcaturisme.net\/ca\/#\/schema\/logo\/image\/","url":"http:\/\/fundaciomallorcaturisme.net\/wp-content\/uploads\/2026\/03\/logo.webp","contentUrl":"http:\/\/fundaciomallorcaturisme.net\/wp-content\/uploads\/2026\/03\/logo.webp","width":696,"height":570,"caption":"Consell de Mallorca"},"image":{"@id":"https:\/\/fundaciomallorcaturisme.net\/ca\/#\/schema\/logo\/image\/"},"sameAs":["https:\/\/www.facebook.com\/ConselldeMca\/","https:\/\/x.com\/ConselldeMca","https:\/\/www.instagram.com\/conselldemca\/","https:\/\/www.youtube.com\/user\/conselldemallorca"]}]}},"_links":{"self":[{"href":"https:\/\/fundaciomallorcaturisme.net\/ca\/wp-json\/wp\/v2\/pages\/3099","targetHints":{"allow":["GET"]}}],"collection":[{"href":"https:\/\/fundaciomallorcaturisme.net\/ca\/wp-json\/wp\/v2\/pages"}],"about":[{"href":"https:\/\/fundaciomallorcaturisme.net\/ca\/wp-json\/wp\/v2\/types\/page"}],"author":[{"embeddable":true,"href":"https:\/\/fundaciomallorcaturisme.net\/ca\/wp-json\/wp\/v2\/users\/1"}],"replies":[{"embeddable":true,"href":"https:\/\/fundaciomallorcaturisme.net\/ca\/wp-json\/wp\/v2\/comments?post=3099"}],"version-history":[{"count":0,"href":"https:\/\/fundaciomallorcaturisme.net\/ca\/wp-json\/wp\/v2\/pages\/3099\/revisions"}],"up":[{"embeddable":true,"href":"https:\/\/fundaciomallorcaturisme.net\/ca\/wp-json\/wp\/v2\/pages\/1686"}],"wp:attachment":[{"href":"https:\/\/fundaciomallorcaturisme.net\/ca\/wp-json\/wp\/v2\/media?parent=3099"}],"curies":[{"name":"wp","href":"https:\/\/api.w.org\/{rel}","templated":true}]}}