{"id":2977,"date":"2026-02-25T11:47:39","date_gmt":"2026-02-25T10:47:39","guid":{"rendered":"http:\/\/fundaciomallorcaturisme.net\/destinos\/serra-de-tramuntana\/pollenca\/"},"modified":"2026-04-09T09:39:28","modified_gmt":"2026-04-09T07:39:28","slug":"pollenca","status":"publish","type":"page","link":"https:\/\/fundaciomallorcaturisme.net\/ca\/destinacions\/serra-de-tramuntana\/pollenca\/","title":{"rendered":"Pollen\u00e7a"},"content":{"rendered":"","protected":false},"excerpt":{"rendered":"","protected":false},"author":1,"featured_media":1009,"parent":2926,"menu_order":0,"comment_status":"open","ping_status":"open","template":"page-templates\/contenido_flexible.php","meta":{"_acf_changed":false,"footnotes":""},"class_list":["post-2977","page","type-page","status-publish","has-post-thumbnail","hentry"],"acf":{"contenido_flexible":[{"acf_fc_layout":"cabecera","titulo":"<h1>Pollen\u00e7a<\/h1>","titulo_grande":false,"subtitulo":"","texto":"","enlace":"","flecha_abajo":false,"tiene_video":false,"video":"","imagenx1":1009,"imagenx2":1009,"logos":""},{"acf_fc_layout":"texto_simple","pretitulo":"","titulo":"","texto":"<h3>Pollen\u00e7a<\/h3>\r\nPollen\u00e7a, Port de Pollen\u00e7a, Cala Sant Vicen\u00e7 i Formentor constitueixen una de les zones m\u00e9s belles de la nostra illa i, sense cap dubte, un <strong>indret <\/strong>molt <strong>atractiu <\/strong>per visitar en qualsevol \u00e8poca de l\u2019any.\r\n\r\nPollen\u00e7a t\u00e9 una badia d\u2019aig\u00fces tranquil\u00b7les, amb <strong>platges c\u00f2modes<\/strong>, i tamb\u00e9 <strong>petites cales<\/strong> d\u2019aig\u00fces calmes i transparents com cala B\u00f3quer, cala Figuera o cala Murta. Aix\u00ed mateix, tamb\u00e9 t\u00e9 <strong>petits pujols<\/strong> com el del Calvari, el de Santu\u00efri, el puig de Maria o el d\u2019Almadrava i <strong>muntanyes d\u2019altura<\/strong> considerable, com el Tomir, el puig Gros de Ternelles o el puig de Ca, entre els quals podem trobar racons paradis\u00edacs com Cala Sant Vicen\u00e7 i Formentor.\r\n\r\nPer\u00f2 el sol i la platja no en s\u00f3n els \u00fanics al\u00b7licients. El terme municipal compta amb una gran diversitat d\u2019<strong>h\u00e0bitats litorals<\/strong> de diferents tipologies \u2014arenosos, pedregosos, de penya-segats, illots costaners, zones humides (l\u2019Albufereta i la Gola), sistemes agr\u00edcoles (cereals, olivars...), pastures naturals, garriga, pinars, alzinars i zones d\u2019alta muntanya\u2014, que proporcionen una <strong>diversitat elevada<\/strong> de comunitats vegetals que afavoreixen la pres\u00e8ncia d\u2019una nombrosa varietat d\u2019esp\u00e8cies d\u2019ocells. Si a tot aix\u00f2, hi sumam que el terme est\u00e0 estrat\u00e8gicament situat al bell mig de les principals rutes migrat\u00f2ries, el resultat \u00e9s que \u00e9s <strong>un dels millors indrets<\/strong> de les Illes Balears per acollir una <a href=\"https:\/\/www.pollensa.com\/ca\/que-fer\/ornitologia\">fauna ornitol\u00f2gica<\/a> excel\u00b7lent.\r\n\r\nLes rutes de <a href=\"https:\/\/www.pollensa.com\/ca\/que-fer\/senderisme\">senderisme <\/a>i de <a href=\"https:\/\/www.pollensa.com\/ca\/que-fer\/cicloturisme\">cicloturisme <\/a>a Pollen\u00e7a s\u00f3n una part important de la visita.\r\n\r\nLa vila de <a href=\"https:\/\/www.pollensa.com\/ca\/\">Pollen\u00e7a <\/a>tamb\u00e9 ofereix un atractiu especial, que es pot descobrir fent un recorregut pel <strong>nucli urb\u00e0<\/strong>: la tradici\u00f3, la hist\u00f2ria, l\u2019arquitectura i la cultura s\u00f3n alguns dels ingredients b\u00e0sics que ofereix al visitant.<strong> Llocs emblem\u00e0tics<\/strong> com el Calvari o el Pont Rom\u00e0, les interessants col\u00b7leccions del Museu, el Festival de Pollen\u00e7a o nombroses exposicions d\u2019art\u2026 omplen d\u2019atractiu la visita al nucli de Pollen\u00e7a.\r\n\r\n<strong>Formentor <\/strong>ha estat escenari d\u2019inspiraci\u00f3 d\u2019artistes, amb el mirador del Colomer, la platja de Formentor i, per descomptat, el far, situat al cap de Formentor. Aquesta pen\u00ednsula est\u00e0 constitu\u00efda pels darrers contraforts de la serra de Tramuntana i ofereix cales i racons de <strong>gran bellesa<\/strong>.","cta":"","2_columnas":false,"color_de_fondo":""}]},"yoast_head":"<!-- This site is optimized with the Yoast SEO plugin v27.7 - https:\/\/yoast.com\/product\/yoast-seo-wordpress\/ -->\n<title>Pollen\u00e7a - Consell de Mallorca<\/title>\n<meta name=\"robots\" content=\"index, follow, max-snippet:-1, max-image-preview:large, max-video-preview:-1\" \/>\n<link rel=\"canonical\" href=\"https:\/\/fundaciomallorcaturisme.net\/ca\/destinacions\/serra-de-tramuntana\/pollenca\/\" \/>\n<meta property=\"og:locale\" content=\"ca_ES\" \/>\n<meta property=\"og:type\" content=\"article\" \/>\n<meta property=\"og:title\" content=\"Pollen\u00e7a - Consell de Mallorca\" \/>\n<meta property=\"og:url\" content=\"https:\/\/fundaciomallorcaturisme.net\/ca\/destinacions\/serra-de-tramuntana\/pollenca\/\" \/>\n<meta property=\"og:site_name\" content=\"Consell de Mallorca\" \/>\n<meta property=\"article:publisher\" content=\"https:\/\/www.facebook.com\/ConselldeMca\/\" \/>\n<meta property=\"article:modified_time\" content=\"2026-04-09T07:39:28+00:00\" \/>\n<meta property=\"og:image\" content=\"https:\/\/fundaciomallorcaturisme.net\/wp-content\/uploads\/2026\/02\/687ca625-b4f8-ded7-a5c7-443f9cb82e51.jpg\" \/>\n\t<meta property=\"og:image:width\" content=\"825\" \/>\n\t<meta property=\"og:image:height\" content=\"463\" \/>\n\t<meta property=\"og:image:type\" content=\"image\/jpeg\" \/>\n<meta name=\"twitter:card\" content=\"summary_large_image\" \/>\n<meta name=\"twitter:site\" content=\"@ConselldeMca\" \/>\n<meta name=\"twitter:label1\" content=\"Temps estimat de lectura\" \/>\n\t<meta name=\"twitter:data1\" content=\"1 minut\" \/>\n<script type=\"application\/ld+json\" class=\"yoast-schema-graph\">{\"@context\":\"https:\\\/\\\/schema.org\",\"@graph\":[{\"@type\":\"WebPage\",\"@id\":\"https:\\\/\\\/fundaciomallorcaturisme.net\\\/ca\\\/destinacions\\\/serra-de-tramuntana\\\/pollenca\\\/\",\"url\":\"https:\\\/\\\/fundaciomallorcaturisme.net\\\/ca\\\/destinacions\\\/serra-de-tramuntana\\\/pollenca\\\/\",\"name\":\"Pollen\u00e7a - Consell de Mallorca\",\"isPartOf\":{\"@id\":\"https:\\\/\\\/fundaciomallorcaturisme.net\\\/ca\\\/#website\"},\"primaryImageOfPage\":{\"@id\":\"https:\\\/\\\/fundaciomallorcaturisme.net\\\/ca\\\/destinacions\\\/serra-de-tramuntana\\\/pollenca\\\/#primaryimage\"},\"image\":{\"@id\":\"https:\\\/\\\/fundaciomallorcaturisme.net\\\/ca\\\/destinacions\\\/serra-de-tramuntana\\\/pollenca\\\/#primaryimage\"},\"thumbnailUrl\":\"https:\\\/\\\/fundaciomallorcaturisme.net\\\/wp-content\\\/uploads\\\/2026\\\/02\\\/687ca625-b4f8-ded7-a5c7-443f9cb82e51.jpg\",\"datePublished\":\"2026-02-25T10:47:39+00:00\",\"dateModified\":\"2026-04-09T07:39:28+00:00\",\"breadcrumb\":{\"@id\":\"https:\\\/\\\/fundaciomallorcaturisme.net\\\/ca\\\/destinacions\\\/serra-de-tramuntana\\\/pollenca\\\/#breadcrumb\"},\"inLanguage\":\"ca\",\"potentialAction\":[{\"@type\":\"ReadAction\",\"target\":[\"https:\\\/\\\/fundaciomallorcaturisme.net\\\/ca\\\/destinacions\\\/serra-de-tramuntana\\\/pollenca\\\/\"]}]},{\"@type\":\"ImageObject\",\"inLanguage\":\"ca\",\"@id\":\"https:\\\/\\\/fundaciomallorcaturisme.net\\\/ca\\\/destinacions\\\/serra-de-tramuntana\\\/pollenca\\\/#primaryimage\",\"url\":\"https:\\\/\\\/fundaciomallorcaturisme.net\\\/wp-content\\\/uploads\\\/2026\\\/02\\\/687ca625-b4f8-ded7-a5c7-443f9cb82e51.jpg\",\"contentUrl\":\"https:\\\/\\\/fundaciomallorcaturisme.net\\\/wp-content\\\/uploads\\\/2026\\\/02\\\/687ca625-b4f8-ded7-a5c7-443f9cb82e51.jpg\",\"width\":825,\"height\":463},{\"@type\":\"BreadcrumbList\",\"@id\":\"https:\\\/\\\/fundaciomallorcaturisme.net\\\/ca\\\/destinacions\\\/serra-de-tramuntana\\\/pollenca\\\/#breadcrumb\",\"itemListElement\":[{\"@type\":\"ListItem\",\"position\":1,\"name\":\"Inici\",\"item\":\"https:\\\/\\\/fundaciomallorcaturisme.net\\\/ca\\\/\"},{\"@type\":\"ListItem\",\"position\":2,\"name\":\"Destinacions\",\"item\":\"https:\\\/\\\/fundaciomallorcaturisme.net\\\/ca\\\/destinacions\\\/\"},{\"@type\":\"ListItem\",\"position\":3,\"name\":\"Serra de Tramuntana\",\"item\":\"https:\\\/\\\/fundaciomallorcaturisme.net\\\/ca\\\/destinacions\\\/serra-de-tramuntana\\\/\"},{\"@type\":\"ListItem\",\"position\":4,\"name\":\"Pollen\u00e7a\"}]},{\"@type\":\"WebSite\",\"@id\":\"https:\\\/\\\/fundaciomallorcaturisme.net\\\/ca\\\/#website\",\"url\":\"https:\\\/\\\/fundaciomallorcaturisme.net\\\/ca\\\/\",\"name\":\"Consell de Mallorca\",\"description\":\"\",\"publisher\":{\"@id\":\"https:\\\/\\\/fundaciomallorcaturisme.net\\\/ca\\\/#organization\"},\"alternateName\":\"Mallorca Turisme\",\"potentialAction\":[{\"@type\":\"SearchAction\",\"target\":{\"@type\":\"EntryPoint\",\"urlTemplate\":\"https:\\\/\\\/fundaciomallorcaturisme.net\\\/ca\\\/?s={search_term_string}\"},\"query-input\":{\"@type\":\"PropertyValueSpecification\",\"valueRequired\":true,\"valueName\":\"search_term_string\"}}],\"inLanguage\":\"ca\"},{\"@type\":\"Organization\",\"@id\":\"https:\\\/\\\/fundaciomallorcaturisme.net\\\/ca\\\/#organization\",\"name\":\"Consell de Mallorca\",\"alternateName\":\"Mallorca Turisme\",\"url\":\"https:\\\/\\\/fundaciomallorcaturisme.net\\\/ca\\\/\",\"logo\":{\"@type\":\"ImageObject\",\"inLanguage\":\"ca\",\"@id\":\"https:\\\/\\\/fundaciomallorcaturisme.net\\\/ca\\\/#\\\/schema\\\/logo\\\/image\\\/\",\"url\":\"http:\\\/\\\/fundaciomallorcaturisme.net\\\/wp-content\\\/uploads\\\/2026\\\/03\\\/logo.webp\",\"contentUrl\":\"http:\\\/\\\/fundaciomallorcaturisme.net\\\/wp-content\\\/uploads\\\/2026\\\/03\\\/logo.webp\",\"width\":696,\"height\":570,\"caption\":\"Consell de Mallorca\"},\"image\":{\"@id\":\"https:\\\/\\\/fundaciomallorcaturisme.net\\\/ca\\\/#\\\/schema\\\/logo\\\/image\\\/\"},\"sameAs\":[\"https:\\\/\\\/www.facebook.com\\\/ConselldeMca\\\/\",\"https:\\\/\\\/x.com\\\/ConselldeMca\",\"https:\\\/\\\/www.instagram.com\\\/conselldemca\\\/\",\"https:\\\/\\\/www.youtube.com\\\/user\\\/conselldemallorca\"]}]}<\/script>\n<!-- \/ Yoast SEO plugin. -->","yoast_head_json":{"title":"Pollen\u00e7a - Consell de Mallorca","robots":{"index":"index","follow":"follow","max-snippet":"max-snippet:-1","max-image-preview":"max-image-preview:large","max-video-preview":"max-video-preview:-1"},"canonical":"https:\/\/fundaciomallorcaturisme.net\/ca\/destinacions\/serra-de-tramuntana\/pollenca\/","og_locale":"ca_ES","og_type":"article","og_title":"Pollen\u00e7a - Consell de Mallorca","og_url":"https:\/\/fundaciomallorcaturisme.net\/ca\/destinacions\/serra-de-tramuntana\/pollenca\/","og_site_name":"Consell de Mallorca","article_publisher":"https:\/\/www.facebook.com\/ConselldeMca\/","article_modified_time":"2026-04-09T07:39:28+00:00","og_image":[{"width":825,"height":463,"url":"https:\/\/fundaciomallorcaturisme.net\/wp-content\/uploads\/2026\/02\/687ca625-b4f8-ded7-a5c7-443f9cb82e51.jpg","type":"image\/jpeg"}],"twitter_card":"summary_large_image","twitter_site":"@ConselldeMca","twitter_misc":{"Temps estimat de lectura":"1 minut"},"schema":{"@context":"https:\/\/schema.org","@graph":[{"@type":"WebPage","@id":"https:\/\/fundaciomallorcaturisme.net\/ca\/destinacions\/serra-de-tramuntana\/pollenca\/","url":"https:\/\/fundaciomallorcaturisme.net\/ca\/destinacions\/serra-de-tramuntana\/pollenca\/","name":"Pollen\u00e7a - Consell de Mallorca","isPartOf":{"@id":"https:\/\/fundaciomallorcaturisme.net\/ca\/#website"},"primaryImageOfPage":{"@id":"https:\/\/fundaciomallorcaturisme.net\/ca\/destinacions\/serra-de-tramuntana\/pollenca\/#primaryimage"},"image":{"@id":"https:\/\/fundaciomallorcaturisme.net\/ca\/destinacions\/serra-de-tramuntana\/pollenca\/#primaryimage"},"thumbnailUrl":"https:\/\/fundaciomallorcaturisme.net\/wp-content\/uploads\/2026\/02\/687ca625-b4f8-ded7-a5c7-443f9cb82e51.jpg","datePublished":"2026-02-25T10:47:39+00:00","dateModified":"2026-04-09T07:39:28+00:00","breadcrumb":{"@id":"https:\/\/fundaciomallorcaturisme.net\/ca\/destinacions\/serra-de-tramuntana\/pollenca\/#breadcrumb"},"inLanguage":"ca","potentialAction":[{"@type":"ReadAction","target":["https:\/\/fundaciomallorcaturisme.net\/ca\/destinacions\/serra-de-tramuntana\/pollenca\/"]}]},{"@type":"ImageObject","inLanguage":"ca","@id":"https:\/\/fundaciomallorcaturisme.net\/ca\/destinacions\/serra-de-tramuntana\/pollenca\/#primaryimage","url":"https:\/\/fundaciomallorcaturisme.net\/wp-content\/uploads\/2026\/02\/687ca625-b4f8-ded7-a5c7-443f9cb82e51.jpg","contentUrl":"https:\/\/fundaciomallorcaturisme.net\/wp-content\/uploads\/2026\/02\/687ca625-b4f8-ded7-a5c7-443f9cb82e51.jpg","width":825,"height":463},{"@type":"BreadcrumbList","@id":"https:\/\/fundaciomallorcaturisme.net\/ca\/destinacions\/serra-de-tramuntana\/pollenca\/#breadcrumb","itemListElement":[{"@type":"ListItem","position":1,"name":"Inici","item":"https:\/\/fundaciomallorcaturisme.net\/ca\/"},{"@type":"ListItem","position":2,"name":"Destinacions","item":"https:\/\/fundaciomallorcaturisme.net\/ca\/destinacions\/"},{"@type":"ListItem","position":3,"name":"Serra de Tramuntana","item":"https:\/\/fundaciomallorcaturisme.net\/ca\/destinacions\/serra-de-tramuntana\/"},{"@type":"ListItem","position":4,"name":"Pollen\u00e7a"}]},{"@type":"WebSite","@id":"https:\/\/fundaciomallorcaturisme.net\/ca\/#website","url":"https:\/\/fundaciomallorcaturisme.net\/ca\/","name":"Consell de Mallorca","description":"","publisher":{"@id":"https:\/\/fundaciomallorcaturisme.net\/ca\/#organization"},"alternateName":"Mallorca Turisme","potentialAction":[{"@type":"SearchAction","target":{"@type":"EntryPoint","urlTemplate":"https:\/\/fundaciomallorcaturisme.net\/ca\/?s={search_term_string}"},"query-input":{"@type":"PropertyValueSpecification","valueRequired":true,"valueName":"search_term_string"}}],"inLanguage":"ca"},{"@type":"Organization","@id":"https:\/\/fundaciomallorcaturisme.net\/ca\/#organization","name":"Consell de Mallorca","alternateName":"Mallorca Turisme","url":"https:\/\/fundaciomallorcaturisme.net\/ca\/","logo":{"@type":"ImageObject","inLanguage":"ca","@id":"https:\/\/fundaciomallorcaturisme.net\/ca\/#\/schema\/logo\/image\/","url":"http:\/\/fundaciomallorcaturisme.net\/wp-content\/uploads\/2026\/03\/logo.webp","contentUrl":"http:\/\/fundaciomallorcaturisme.net\/wp-content\/uploads\/2026\/03\/logo.webp","width":696,"height":570,"caption":"Consell de Mallorca"},"image":{"@id":"https:\/\/fundaciomallorcaturisme.net\/ca\/#\/schema\/logo\/image\/"},"sameAs":["https:\/\/www.facebook.com\/ConselldeMca\/","https:\/\/x.com\/ConselldeMca","https:\/\/www.instagram.com\/conselldemca\/","https:\/\/www.youtube.com\/user\/conselldemallorca"]}]}},"_links":{"self":[{"href":"https:\/\/fundaciomallorcaturisme.net\/ca\/wp-json\/wp\/v2\/pages\/2977","targetHints":{"allow":["GET"]}}],"collection":[{"href":"https:\/\/fundaciomallorcaturisme.net\/ca\/wp-json\/wp\/v2\/pages"}],"about":[{"href":"https:\/\/fundaciomallorcaturisme.net\/ca\/wp-json\/wp\/v2\/types\/page"}],"author":[{"embeddable":true,"href":"https:\/\/fundaciomallorcaturisme.net\/ca\/wp-json\/wp\/v2\/users\/1"}],"replies":[{"embeddable":true,"href":"https:\/\/fundaciomallorcaturisme.net\/ca\/wp-json\/wp\/v2\/comments?post=2977"}],"version-history":[{"count":1,"href":"https:\/\/fundaciomallorcaturisme.net\/ca\/wp-json\/wp\/v2\/pages\/2977\/revisions"}],"predecessor-version":[{"id":4724,"href":"https:\/\/fundaciomallorcaturisme.net\/ca\/wp-json\/wp\/v2\/pages\/2977\/revisions\/4724"}],"up":[{"embeddable":true,"href":"https:\/\/fundaciomallorcaturisme.net\/ca\/wp-json\/wp\/v2\/pages\/2926"}],"wp:featuredmedia":[{"embeddable":true,"href":"https:\/\/fundaciomallorcaturisme.net\/ca\/wp-json\/wp\/v2\/media\/1009"}],"wp:attachment":[{"href":"https:\/\/fundaciomallorcaturisme.net\/ca\/wp-json\/wp\/v2\/media?parent=2977"}],"curies":[{"name":"wp","href":"https:\/\/api.w.org\/{rel}","templated":true}]}}