{"id":2945,"date":"2026-02-25T11:47:25","date_gmt":"2026-02-25T10:47:25","guid":{"rendered":"http:\/\/fundaciomallorcaturisme.net\/destinos\/es-raiguer\/binissalem\/"},"modified":"2026-04-08T11:43:37","modified_gmt":"2026-04-08T09:43:37","slug":"binissalem","status":"publish","type":"page","link":"https:\/\/fundaciomallorcaturisme.net\/ca\/destinacions\/es-raiguer\/binissalem\/","title":{"rendered":"Binissalem"},"content":{"rendered":"","protected":false},"excerpt":{"rendered":"","protected":false},"author":1,"featured_media":1047,"parent":2922,"menu_order":0,"comment_status":"open","ping_status":"open","template":"page-templates\/contenido_flexible.php","meta":{"_acf_changed":false,"footnotes":""},"class_list":["post-2945","page","type-page","status-publish","has-post-thumbnail","hentry"],"acf":{"contenido_flexible":[{"acf_fc_layout":"cabecera","titulo":"<h1>Binissalem<\/h1>","titulo_grande":false,"subtitulo":"","texto":"","enlace":"","flecha_abajo":false,"tiene_video":false,"video":"","imagenx1":1047,"imagenx2":1047,"logos":""},{"acf_fc_layout":"texto_simple","pretitulo":"","titulo":"","texto":"<h3>La capital del vi<\/h3>\r\nEn el centre de la comarca des Raiguer, el municipi de Binissalem \u00e9s conegut per la seva vinculaci\u00f3 amb el <a href=\"https:\/\/www.mallorca.es\/ca\/-\/vino-0?classPK=63804&amp;classNameId=27801\">vi<\/a>.\r\n\r\nBinissalem pertany a la <strong>comarca vitivin\u00edcola<\/strong> de la <a href=\"https:\/\/binissalemdo.com\/ca\/inici\/\">DO Binissalem<\/a>, on hi ha molts <strong>cellers <\/strong>que es poden visitar (reserva pr\u00e8via) i que ofereixen <strong>tasts <\/strong>de vins i <strong>visites guiades<\/strong>. La verema, exponent de la cultura mediterr\u00e0nia, \u00e9s un per\u00edode de temps molt important en el municipi. El mes de setembre se celebra la <a href=\"https:\/\/www.mallorca.es\/ca\/-\/festes-des-vermar-de-binissalem?classNameId=27801&amp;classPK=73995\">Festa des Vermar<\/a>, amb un programa extens d\u2019activitats, com tallers, exposicions, desfilades, trepitjat del ra\u00efm i balls populars, entre altres.\r\n\r\nUn altre esdeveniment destacat \u00e9s la Fira de la Pedra, que se celebra el mes de maig. La fira \u00e9s una oportunitat excel\u00b7lent per con\u00e8ixer de prop una altra de les senyes d\u2019identitat del municipi, el treball de la pedra, amb demostracions en viu i mostra de peces, com escultures, fonts, elements de construcci\u00f3, etc.\r\n\r\nQuant al <strong>patrimoni<\/strong>, el <strong>centre <\/strong>de Binissalem \u00e9s un dels conjunts arquitect\u00f2nics m\u00e9s notables de Mallorca, declarat<strong> conjunt hist\u00f2ric<\/strong> l\u2019any 1983. Hi destaquen l\u2019esgl\u00e9sia parroquial de Nostra Senyora de Robines i el conjunt de <strong>cases senyorials<\/strong> que daten des de finals del segle XVIII fins a principis del XIX. Alguns casals es poden visitar, com el de <strong>Can Gelabert<\/strong> de la Portella, on va viure l\u2019escriptor Lloren\u00e7 Moy\u00e0 (1916-1981), i <strong>Can Sabater<\/strong>, resid\u00e8ncia a Binissalem de l\u2019escriptor Lloren\u00e7 Villalonga (1897-1980), un dels millors exponents de la narrativa mallorquina del segle XX.","cta":"","2_columnas":false,"color_de_fondo":""}]},"yoast_head":"<!-- This site is optimized with the Yoast SEO plugin v27.7 - https:\/\/yoast.com\/product\/yoast-seo-wordpress\/ -->\n<title>Binissalem - Consell de Mallorca<\/title>\n<meta name=\"robots\" content=\"index, follow, max-snippet:-1, max-image-preview:large, max-video-preview:-1\" \/>\n<link rel=\"canonical\" href=\"https:\/\/fundaciomallorcaturisme.net\/ca\/destinacions\/es-raiguer\/binissalem\/\" \/>\n<meta property=\"og:locale\" content=\"ca_ES\" \/>\n<meta property=\"og:type\" content=\"article\" \/>\n<meta property=\"og:title\" content=\"Binissalem - Consell de Mallorca\" \/>\n<meta property=\"og:url\" content=\"https:\/\/fundaciomallorcaturisme.net\/ca\/destinacions\/es-raiguer\/binissalem\/\" \/>\n<meta property=\"og:site_name\" content=\"Consell de Mallorca\" \/>\n<meta property=\"article:publisher\" content=\"https:\/\/www.facebook.com\/ConselldeMca\/\" \/>\n<meta property=\"article:modified_time\" content=\"2026-04-08T09:43:37+00:00\" \/>\n<meta property=\"og:image\" content=\"https:\/\/fundaciomallorcaturisme.net\/wp-content\/uploads\/2026\/02\/1a8abb81-d888-b31f-a591-541b2bc9db84.jpg\" \/>\n\t<meta property=\"og:image:width\" content=\"825\" \/>\n\t<meta property=\"og:image:height\" content=\"464\" \/>\n\t<meta property=\"og:image:type\" content=\"image\/jpeg\" \/>\n<meta name=\"twitter:card\" content=\"summary_large_image\" \/>\n<meta name=\"twitter:site\" content=\"@ConselldeMca\" \/>\n<meta name=\"twitter:label1\" content=\"Temps estimat de lectura\" \/>\n\t<meta name=\"twitter:data1\" content=\"1 minut\" \/>\n<script type=\"application\/ld+json\" class=\"yoast-schema-graph\">{\"@context\":\"https:\\\/\\\/schema.org\",\"@graph\":[{\"@type\":\"WebPage\",\"@id\":\"https:\\\/\\\/fundaciomallorcaturisme.net\\\/ca\\\/destinacions\\\/es-raiguer\\\/binissalem\\\/\",\"url\":\"https:\\\/\\\/fundaciomallorcaturisme.net\\\/ca\\\/destinacions\\\/es-raiguer\\\/binissalem\\\/\",\"name\":\"Binissalem - Consell de Mallorca\",\"isPartOf\":{\"@id\":\"https:\\\/\\\/fundaciomallorcaturisme.net\\\/ca\\\/#website\"},\"primaryImageOfPage\":{\"@id\":\"https:\\\/\\\/fundaciomallorcaturisme.net\\\/ca\\\/destinacions\\\/es-raiguer\\\/binissalem\\\/#primaryimage\"},\"image\":{\"@id\":\"https:\\\/\\\/fundaciomallorcaturisme.net\\\/ca\\\/destinacions\\\/es-raiguer\\\/binissalem\\\/#primaryimage\"},\"thumbnailUrl\":\"https:\\\/\\\/fundaciomallorcaturisme.net\\\/wp-content\\\/uploads\\\/2026\\\/02\\\/1a8abb81-d888-b31f-a591-541b2bc9db84.jpg\",\"datePublished\":\"2026-02-25T10:47:25+00:00\",\"dateModified\":\"2026-04-08T09:43:37+00:00\",\"breadcrumb\":{\"@id\":\"https:\\\/\\\/fundaciomallorcaturisme.net\\\/ca\\\/destinacions\\\/es-raiguer\\\/binissalem\\\/#breadcrumb\"},\"inLanguage\":\"ca\",\"potentialAction\":[{\"@type\":\"ReadAction\",\"target\":[\"https:\\\/\\\/fundaciomallorcaturisme.net\\\/ca\\\/destinacions\\\/es-raiguer\\\/binissalem\\\/\"]}]},{\"@type\":\"ImageObject\",\"inLanguage\":\"ca\",\"@id\":\"https:\\\/\\\/fundaciomallorcaturisme.net\\\/ca\\\/destinacions\\\/es-raiguer\\\/binissalem\\\/#primaryimage\",\"url\":\"https:\\\/\\\/fundaciomallorcaturisme.net\\\/wp-content\\\/uploads\\\/2026\\\/02\\\/1a8abb81-d888-b31f-a591-541b2bc9db84.jpg\",\"contentUrl\":\"https:\\\/\\\/fundaciomallorcaturisme.net\\\/wp-content\\\/uploads\\\/2026\\\/02\\\/1a8abb81-d888-b31f-a591-541b2bc9db84.jpg\",\"width\":825,\"height\":464},{\"@type\":\"BreadcrumbList\",\"@id\":\"https:\\\/\\\/fundaciomallorcaturisme.net\\\/ca\\\/destinacions\\\/es-raiguer\\\/binissalem\\\/#breadcrumb\",\"itemListElement\":[{\"@type\":\"ListItem\",\"position\":1,\"name\":\"Inici\",\"item\":\"https:\\\/\\\/fundaciomallorcaturisme.net\\\/ca\\\/\"},{\"@type\":\"ListItem\",\"position\":2,\"name\":\"Destinacions\",\"item\":\"https:\\\/\\\/fundaciomallorcaturisme.net\\\/ca\\\/destinacions\\\/\"},{\"@type\":\"ListItem\",\"position\":3,\"name\":\"Es Raiguer\",\"item\":\"https:\\\/\\\/fundaciomallorcaturisme.net\\\/ca\\\/destinacions\\\/es-raiguer\\\/\"},{\"@type\":\"ListItem\",\"position\":4,\"name\":\"Binissalem\"}]},{\"@type\":\"WebSite\",\"@id\":\"https:\\\/\\\/fundaciomallorcaturisme.net\\\/ca\\\/#website\",\"url\":\"https:\\\/\\\/fundaciomallorcaturisme.net\\\/ca\\\/\",\"name\":\"Consell de Mallorca\",\"description\":\"\",\"publisher\":{\"@id\":\"https:\\\/\\\/fundaciomallorcaturisme.net\\\/ca\\\/#organization\"},\"alternateName\":\"Mallorca Turisme\",\"potentialAction\":[{\"@type\":\"SearchAction\",\"target\":{\"@type\":\"EntryPoint\",\"urlTemplate\":\"https:\\\/\\\/fundaciomallorcaturisme.net\\\/ca\\\/?s={search_term_string}\"},\"query-input\":{\"@type\":\"PropertyValueSpecification\",\"valueRequired\":true,\"valueName\":\"search_term_string\"}}],\"inLanguage\":\"ca\"},{\"@type\":\"Organization\",\"@id\":\"https:\\\/\\\/fundaciomallorcaturisme.net\\\/ca\\\/#organization\",\"name\":\"Consell de Mallorca\",\"alternateName\":\"Mallorca Turisme\",\"url\":\"https:\\\/\\\/fundaciomallorcaturisme.net\\\/ca\\\/\",\"logo\":{\"@type\":\"ImageObject\",\"inLanguage\":\"ca\",\"@id\":\"https:\\\/\\\/fundaciomallorcaturisme.net\\\/ca\\\/#\\\/schema\\\/logo\\\/image\\\/\",\"url\":\"http:\\\/\\\/fundaciomallorcaturisme.net\\\/wp-content\\\/uploads\\\/2026\\\/03\\\/logo.webp\",\"contentUrl\":\"http:\\\/\\\/fundaciomallorcaturisme.net\\\/wp-content\\\/uploads\\\/2026\\\/03\\\/logo.webp\",\"width\":696,\"height\":570,\"caption\":\"Consell de Mallorca\"},\"image\":{\"@id\":\"https:\\\/\\\/fundaciomallorcaturisme.net\\\/ca\\\/#\\\/schema\\\/logo\\\/image\\\/\"},\"sameAs\":[\"https:\\\/\\\/www.facebook.com\\\/ConselldeMca\\\/\",\"https:\\\/\\\/x.com\\\/ConselldeMca\",\"https:\\\/\\\/www.instagram.com\\\/conselldemca\\\/\",\"https:\\\/\\\/www.youtube.com\\\/user\\\/conselldemallorca\"]}]}<\/script>\n<!-- \/ Yoast SEO plugin. -->","yoast_head_json":{"title":"Binissalem - Consell de Mallorca","robots":{"index":"index","follow":"follow","max-snippet":"max-snippet:-1","max-image-preview":"max-image-preview:large","max-video-preview":"max-video-preview:-1"},"canonical":"https:\/\/fundaciomallorcaturisme.net\/ca\/destinacions\/es-raiguer\/binissalem\/","og_locale":"ca_ES","og_type":"article","og_title":"Binissalem - Consell de Mallorca","og_url":"https:\/\/fundaciomallorcaturisme.net\/ca\/destinacions\/es-raiguer\/binissalem\/","og_site_name":"Consell de Mallorca","article_publisher":"https:\/\/www.facebook.com\/ConselldeMca\/","article_modified_time":"2026-04-08T09:43:37+00:00","og_image":[{"width":825,"height":464,"url":"https:\/\/fundaciomallorcaturisme.net\/wp-content\/uploads\/2026\/02\/1a8abb81-d888-b31f-a591-541b2bc9db84.jpg","type":"image\/jpeg"}],"twitter_card":"summary_large_image","twitter_site":"@ConselldeMca","twitter_misc":{"Temps estimat de lectura":"1 minut"},"schema":{"@context":"https:\/\/schema.org","@graph":[{"@type":"WebPage","@id":"https:\/\/fundaciomallorcaturisme.net\/ca\/destinacions\/es-raiguer\/binissalem\/","url":"https:\/\/fundaciomallorcaturisme.net\/ca\/destinacions\/es-raiguer\/binissalem\/","name":"Binissalem - Consell de Mallorca","isPartOf":{"@id":"https:\/\/fundaciomallorcaturisme.net\/ca\/#website"},"primaryImageOfPage":{"@id":"https:\/\/fundaciomallorcaturisme.net\/ca\/destinacions\/es-raiguer\/binissalem\/#primaryimage"},"image":{"@id":"https:\/\/fundaciomallorcaturisme.net\/ca\/destinacions\/es-raiguer\/binissalem\/#primaryimage"},"thumbnailUrl":"https:\/\/fundaciomallorcaturisme.net\/wp-content\/uploads\/2026\/02\/1a8abb81-d888-b31f-a591-541b2bc9db84.jpg","datePublished":"2026-02-25T10:47:25+00:00","dateModified":"2026-04-08T09:43:37+00:00","breadcrumb":{"@id":"https:\/\/fundaciomallorcaturisme.net\/ca\/destinacions\/es-raiguer\/binissalem\/#breadcrumb"},"inLanguage":"ca","potentialAction":[{"@type":"ReadAction","target":["https:\/\/fundaciomallorcaturisme.net\/ca\/destinacions\/es-raiguer\/binissalem\/"]}]},{"@type":"ImageObject","inLanguage":"ca","@id":"https:\/\/fundaciomallorcaturisme.net\/ca\/destinacions\/es-raiguer\/binissalem\/#primaryimage","url":"https:\/\/fundaciomallorcaturisme.net\/wp-content\/uploads\/2026\/02\/1a8abb81-d888-b31f-a591-541b2bc9db84.jpg","contentUrl":"https:\/\/fundaciomallorcaturisme.net\/wp-content\/uploads\/2026\/02\/1a8abb81-d888-b31f-a591-541b2bc9db84.jpg","width":825,"height":464},{"@type":"BreadcrumbList","@id":"https:\/\/fundaciomallorcaturisme.net\/ca\/destinacions\/es-raiguer\/binissalem\/#breadcrumb","itemListElement":[{"@type":"ListItem","position":1,"name":"Inici","item":"https:\/\/fundaciomallorcaturisme.net\/ca\/"},{"@type":"ListItem","position":2,"name":"Destinacions","item":"https:\/\/fundaciomallorcaturisme.net\/ca\/destinacions\/"},{"@type":"ListItem","position":3,"name":"Es Raiguer","item":"https:\/\/fundaciomallorcaturisme.net\/ca\/destinacions\/es-raiguer\/"},{"@type":"ListItem","position":4,"name":"Binissalem"}]},{"@type":"WebSite","@id":"https:\/\/fundaciomallorcaturisme.net\/ca\/#website","url":"https:\/\/fundaciomallorcaturisme.net\/ca\/","name":"Consell de Mallorca","description":"","publisher":{"@id":"https:\/\/fundaciomallorcaturisme.net\/ca\/#organization"},"alternateName":"Mallorca Turisme","potentialAction":[{"@type":"SearchAction","target":{"@type":"EntryPoint","urlTemplate":"https:\/\/fundaciomallorcaturisme.net\/ca\/?s={search_term_string}"},"query-input":{"@type":"PropertyValueSpecification","valueRequired":true,"valueName":"search_term_string"}}],"inLanguage":"ca"},{"@type":"Organization","@id":"https:\/\/fundaciomallorcaturisme.net\/ca\/#organization","name":"Consell de Mallorca","alternateName":"Mallorca Turisme","url":"https:\/\/fundaciomallorcaturisme.net\/ca\/","logo":{"@type":"ImageObject","inLanguage":"ca","@id":"https:\/\/fundaciomallorcaturisme.net\/ca\/#\/schema\/logo\/image\/","url":"http:\/\/fundaciomallorcaturisme.net\/wp-content\/uploads\/2026\/03\/logo.webp","contentUrl":"http:\/\/fundaciomallorcaturisme.net\/wp-content\/uploads\/2026\/03\/logo.webp","width":696,"height":570,"caption":"Consell de Mallorca"},"image":{"@id":"https:\/\/fundaciomallorcaturisme.net\/ca\/#\/schema\/logo\/image\/"},"sameAs":["https:\/\/www.facebook.com\/ConselldeMca\/","https:\/\/x.com\/ConselldeMca","https:\/\/www.instagram.com\/conselldemca\/","https:\/\/www.youtube.com\/user\/conselldemallorca"]}]}},"_links":{"self":[{"href":"https:\/\/fundaciomallorcaturisme.net\/ca\/wp-json\/wp\/v2\/pages\/2945","targetHints":{"allow":["GET"]}}],"collection":[{"href":"https:\/\/fundaciomallorcaturisme.net\/ca\/wp-json\/wp\/v2\/pages"}],"about":[{"href":"https:\/\/fundaciomallorcaturisme.net\/ca\/wp-json\/wp\/v2\/types\/page"}],"author":[{"embeddable":true,"href":"https:\/\/fundaciomallorcaturisme.net\/ca\/wp-json\/wp\/v2\/users\/1"}],"replies":[{"embeddable":true,"href":"https:\/\/fundaciomallorcaturisme.net\/ca\/wp-json\/wp\/v2\/comments?post=2945"}],"version-history":[{"count":1,"href":"https:\/\/fundaciomallorcaturisme.net\/ca\/wp-json\/wp\/v2\/pages\/2945\/revisions"}],"predecessor-version":[{"id":4630,"href":"https:\/\/fundaciomallorcaturisme.net\/ca\/wp-json\/wp\/v2\/pages\/2945\/revisions\/4630"}],"up":[{"embeddable":true,"href":"https:\/\/fundaciomallorcaturisme.net\/ca\/wp-json\/wp\/v2\/pages\/2922"}],"wp:featuredmedia":[{"embeddable":true,"href":"https:\/\/fundaciomallorcaturisme.net\/ca\/wp-json\/wp\/v2\/media\/1047"}],"wp:attachment":[{"href":"https:\/\/fundaciomallorcaturisme.net\/ca\/wp-json\/wp\/v2\/media?parent=2945"}],"curies":[{"name":"wp","href":"https:\/\/api.w.org\/{rel}","templated":true}]}}