{"id":2926,"date":"2026-02-25T11:47:13","date_gmt":"2026-02-25T10:47:13","guid":{"rendered":"http:\/\/fundaciomallorcaturisme.net\/destinacions\/serra-de-tramuntana\/"},"modified":"2026-04-09T11:32:14","modified_gmt":"2026-04-09T09:32:14","slug":"serra-de-tramuntana","status":"publish","type":"page","link":"https:\/\/fundaciomallorcaturisme.net\/ca\/destinacions\/serra-de-tramuntana\/","title":{"rendered":"Serra de Tramuntana"},"content":{"rendered":"","protected":false},"excerpt":{"rendered":"","protected":false},"author":1,"featured_media":919,"parent":1595,"menu_order":0,"comment_status":"open","ping_status":"open","template":"page-templates\/contenido_flexible.php","meta":{"_acf_changed":false,"footnotes":""},"class_list":["post-2926","page","type-page","status-publish","has-post-thumbnail","hentry"],"acf":{"contenido_flexible":[{"acf_fc_layout":"cabecera","titulo":"<h1>Serra de Tramuntana<\/h1>","titulo_grande":false,"subtitulo":"","texto":"","enlace":"","flecha_abajo":false,"tiene_video":false,"video":"","imagenx1":919,"imagenx2":919,"logos":""},{"acf_fc_layout":"texto_simple","pretitulo":"","titulo":"","texto":"<h2><strong>Un tresor per a la inspiraci\u00f3 art\u00edstica<\/strong><\/h2>\r\n<strong>Penya-segats<\/strong> de vertigen que cauen a la mar, <strong>boscos <\/strong>frondosos d'alzina i pi mediterrani, <strong>cims escarpats<\/strong> de m\u00e9s de 1.000 m, <strong>cales <\/strong>de c\u00f2dols <strong>rec\u00f2ndites <\/strong>i alguns arenals s\u00f3n nom\u00e9s algunes de les estampes que ofereix aquest singular paratge natural, a m\u00e9s dels <strong>monuments naturals<\/strong> de les <a href=\"https:\/\/www.caib.es\/sites\/espaisnaturalsprotegits\/ca\/monumento_natural_de_ses_fonts_ufanes\/\">fonts Ufanes<\/a> i del <a href=\"https:\/\/www.caib.es\/sites\/espaisnaturalsprotegits\/ca\/monumento_natural_del_torrent_de_pareis\/\">torrent de Pareis<\/a>. Per\u00f2 no sols la naturalesa \u00e9s part intr\u00ednseca de la Serra. Camins empedrats, bancals de cultiu, carboneres, forns de cal\u00e7, cases de neu, canalitzacions d'aigua\u2026 s\u00f3n, al costat d'<strong>id\u00edl\u00b7lics llogarets<\/strong>, <strong>pobles pintorescos<\/strong> i <strong>ports de tradici\u00f3 pesquera<\/strong>, alguns dels atractius de la serra de Tramuntana.\r\n\r\nLa serra de Tramuntana vertebra el <strong>nord-oest<\/strong> de l\u2019illa i s'est\u00e9n al llarg d'uns 90 km, des de Calvi\u00e0 a Pollen\u00e7a. Mant\u00e9 l'<strong>ess\u00e8ncia d'antany<\/strong>, quan els primers viatgers recalaven a l'illa cercant la <strong>bellesa <\/strong>i l'observaci\u00f3 del paisatge. L'arxiduc Llu\u00eds Salvador d'\u00c0ustria, a mitjan s. XIX, va ser un dels primers en enamorar-se d'aquest entorn i en va procurar la conservaci\u00f3. Per\u00f2 no \u00e9s l'\u00fanic que va trobar refugi aqu\u00ed. La <strong>llum especial<\/strong> de la Serra atreu, des de llavors, <strong>artistes <\/strong>de tot el m\u00f3n i de tota \u00edndole.\r\n<h4>Patrimoni de la humanitat<\/h4>\r\nLa Serra actual \u00e9s fruit de l'\u00e9sser hum\u00e0, que ha sabut transformar al llarg dels segles i de manera harm\u00f2nica un territori abrupte, a trav\u00e9s de les construccions de pedra en sec, sense argamassa i amb l\u2019encaix perfecte de pedres, en zona de cultiu. Un <strong>espai \u00fanic en el m\u00f3n<\/strong> i declarat per la Unesco, el 2011, Patrimoni de la Humanitat.\r\n<h4>Pobles de muntanya<\/h4>\r\nVal la pena descobrir les poblacions de la Serra a trav\u00e9s de les <strong>sinuoses carreteres<\/strong> que les comuniquen, trajectes que revelen paisatges de muntanya que sovint conflueixen amb la mar. A Andratx, amb el port pesquer i esportiu, conviuen la tradici\u00f3 i la modernitat. Banyalbufar i Estellencs, posseeixen una costa delimitada per <strong>bancals <\/strong>de cultiu de vinyes i tom\u00e0quets de ramellet (varietat local) i algunes <strong>oliveres centen\u00e0ries<\/strong>. Valldemossa \u00e9s un dels pobles m\u00e9s visitats d'Espanya, on <strong>Chopin <\/strong>i l'escriptora George Sand, varen passar un hivern en una de les cel\u00b7les de la Cartoixa. Dei\u00e0, bohemi, amb alguns dels <strong>establiments <\/strong>m\u00e9s<strong> exclusius<\/strong> de l'illa, imant d'artistes, \u00e9s on <a href=\"https:\/\/www.lacasaderobertgraves.org\/ca\/\">Robert Graves<\/a> va establir la seva resid\u00e8ncia a Mallorca. S\u00f3ller, envoltat de <strong>tarongers<\/strong>, <strong>llimoneres <\/strong>i oliveres, ens ofereix carrers flanquejats per cases senyorials i edificis modernistes, i la possibilitat de fer un viatge al passat a bord del seu <strong>tramvia<\/strong>, que comunica amb el port, o amb el <strong>tren <\/strong>que enlla\u00e7a amb Palma, tots dos <strong>de<\/strong> <strong>principis del s. XX<\/strong>. Pollen\u00e7a, poble d'artistes i artesans. I el port de Pollen\u00e7a \u00e9s un antic port pesquer i zona d'estiueig sembrat ple de bars i de restaurants.\r\n\r\nDestaquen, al litoral, les <strong>torres de defensa<\/strong>, una xarxa de vigil\u00e0ncia amb l'objectiu d'alertar la poblaci\u00f3 de possibles incursions pirates.\r\n\r\nI, el <a href=\"https:\/\/www.lluc.net\/ca\/\">Santuari de Lluc<\/a>, en ple cor de la Serra i envoltat de boscos de pi i alzina, \u00e9s el lloc de <strong>peregrinaci\u00f3 <\/strong>per excel\u00b7l\u00e8ncia dels mallorquins.\r\n<h4>Platges remotes<\/h4>\r\n<a href=\"https:\/\/www.platgesdebalears.com\/ca\/playa\/sa-calobra\">Sa Calobra<\/a> \u00e9s una petita cala de c\u00f2dols, envoltada d'altes parets de roca i a la qual s'accedeix amb barca o per una estreta carretera en un <strong>trajecte <\/strong>impressionant: 14 quil\u00f2metres de <strong>corbes <\/strong>que baixen fins a la mar, dotze d'elles de vuitanta graus i una \u2013coneguda com el nus de la corbata\u2013 de 360\u00ba, una aut\u00e8ntica <strong>obra d'enginyeria<\/strong>.\r\n\r\nAl llarg de l'abrupte litoral, alternen, majorit\u00e0riament, ribes de c\u00f2dols, com la cala de Dei\u00e0, cala Banyalbufar o cala d\u2019Estellencs. Encara que un arenal de reminisc\u00e8ncies paradis\u00edaques, la platja de Formentor, \u00e9s l'excepcionalitat de l'entorn.\r\n<h4>Ruta de la Pedra En Sec<\/h4>\r\nLa Serra \u00e9s un lloc id\u00edl\u00b7lic per practicar el <strong>senderisme<\/strong>. Son diversos els itineraris que la recorren, en destaca la <a href=\"https:\/\/caminsdepedra.conselldemallorca.cat\/ruta-pedra-en-sec-gr-221\">ruta GR-221<\/a>, sender de gran recorregut, estructurat en diferents etapes. Durant el trajecte hi ha diversos <strong>refugis <\/strong>on pernoctar, cal fer una reserva.","cta":"","2_columnas":false,"color_de_fondo":""}]},"yoast_head":"<!-- This site is optimized with the Yoast SEO plugin v27.7 - https:\/\/yoast.com\/product\/yoast-seo-wordpress\/ -->\n<title>Serra de Tramuntana - Consell de Mallorca<\/title>\n<meta name=\"robots\" content=\"index, follow, max-snippet:-1, max-image-preview:large, max-video-preview:-1\" \/>\n<link rel=\"canonical\" href=\"https:\/\/fundaciomallorcaturisme.net\/ca\/destinacions\/serra-de-tramuntana\/\" \/>\n<meta property=\"og:locale\" content=\"ca_ES\" \/>\n<meta property=\"og:type\" content=\"article\" \/>\n<meta property=\"og:title\" content=\"Serra de Tramuntana - Consell de Mallorca\" \/>\n<meta property=\"og:url\" content=\"https:\/\/fundaciomallorcaturisme.net\/ca\/destinacions\/serra-de-tramuntana\/\" \/>\n<meta property=\"og:site_name\" content=\"Consell de Mallorca\" \/>\n<meta property=\"article:publisher\" content=\"https:\/\/www.facebook.com\/ConselldeMca\/\" \/>\n<meta property=\"article:modified_time\" content=\"2026-04-09T09:32:14+00:00\" \/>\n<meta property=\"og:image\" content=\"https:\/\/fundaciomallorcaturisme.net\/wp-content\/uploads\/2026\/02\/d91dcb08-6d86-434d-8b91-078e13615921.jpg\" \/>\n\t<meta property=\"og:image:width\" content=\"825\" \/>\n\t<meta property=\"og:image:height\" content=\"463\" \/>\n\t<meta property=\"og:image:type\" content=\"image\/jpeg\" \/>\n<meta name=\"twitter:card\" content=\"summary_large_image\" \/>\n<meta name=\"twitter:site\" content=\"@ConselldeMca\" \/>\n<meta name=\"twitter:label1\" content=\"Temps estimat de lectura\" \/>\n\t<meta name=\"twitter:data1\" content=\"1 minut\" \/>\n<script type=\"application\/ld+json\" class=\"yoast-schema-graph\">{\"@context\":\"https:\\\/\\\/schema.org\",\"@graph\":[{\"@type\":\"WebPage\",\"@id\":\"https:\\\/\\\/fundaciomallorcaturisme.net\\\/ca\\\/destinacions\\\/serra-de-tramuntana\\\/\",\"url\":\"https:\\\/\\\/fundaciomallorcaturisme.net\\\/ca\\\/destinacions\\\/serra-de-tramuntana\\\/\",\"name\":\"Serra de Tramuntana - Consell de Mallorca\",\"isPartOf\":{\"@id\":\"https:\\\/\\\/fundaciomallorcaturisme.net\\\/ca\\\/#website\"},\"primaryImageOfPage\":{\"@id\":\"https:\\\/\\\/fundaciomallorcaturisme.net\\\/ca\\\/destinacions\\\/serra-de-tramuntana\\\/#primaryimage\"},\"image\":{\"@id\":\"https:\\\/\\\/fundaciomallorcaturisme.net\\\/ca\\\/destinacions\\\/serra-de-tramuntana\\\/#primaryimage\"},\"thumbnailUrl\":\"https:\\\/\\\/fundaciomallorcaturisme.net\\\/wp-content\\\/uploads\\\/2026\\\/02\\\/d91dcb08-6d86-434d-8b91-078e13615921.jpg\",\"datePublished\":\"2026-02-25T10:47:13+00:00\",\"dateModified\":\"2026-04-09T09:32:14+00:00\",\"breadcrumb\":{\"@id\":\"https:\\\/\\\/fundaciomallorcaturisme.net\\\/ca\\\/destinacions\\\/serra-de-tramuntana\\\/#breadcrumb\"},\"inLanguage\":\"ca\",\"potentialAction\":[{\"@type\":\"ReadAction\",\"target\":[\"https:\\\/\\\/fundaciomallorcaturisme.net\\\/ca\\\/destinacions\\\/serra-de-tramuntana\\\/\"]}]},{\"@type\":\"ImageObject\",\"inLanguage\":\"ca\",\"@id\":\"https:\\\/\\\/fundaciomallorcaturisme.net\\\/ca\\\/destinacions\\\/serra-de-tramuntana\\\/#primaryimage\",\"url\":\"https:\\\/\\\/fundaciomallorcaturisme.net\\\/wp-content\\\/uploads\\\/2026\\\/02\\\/d91dcb08-6d86-434d-8b91-078e13615921.jpg\",\"contentUrl\":\"https:\\\/\\\/fundaciomallorcaturisme.net\\\/wp-content\\\/uploads\\\/2026\\\/02\\\/d91dcb08-6d86-434d-8b91-078e13615921.jpg\",\"width\":825,\"height\":463},{\"@type\":\"BreadcrumbList\",\"@id\":\"https:\\\/\\\/fundaciomallorcaturisme.net\\\/ca\\\/destinacions\\\/serra-de-tramuntana\\\/#breadcrumb\",\"itemListElement\":[{\"@type\":\"ListItem\",\"position\":1,\"name\":\"Inici\",\"item\":\"https:\\\/\\\/fundaciomallorcaturisme.net\\\/ca\\\/\"},{\"@type\":\"ListItem\",\"position\":2,\"name\":\"Destinacions\",\"item\":\"https:\\\/\\\/fundaciomallorcaturisme.net\\\/ca\\\/destinacions\\\/\"},{\"@type\":\"ListItem\",\"position\":3,\"name\":\"Serra de Tramuntana\"}]},{\"@type\":\"WebSite\",\"@id\":\"https:\\\/\\\/fundaciomallorcaturisme.net\\\/ca\\\/#website\",\"url\":\"https:\\\/\\\/fundaciomallorcaturisme.net\\\/ca\\\/\",\"name\":\"Consell de Mallorca\",\"description\":\"\",\"publisher\":{\"@id\":\"https:\\\/\\\/fundaciomallorcaturisme.net\\\/ca\\\/#organization\"},\"alternateName\":\"Mallorca Turisme\",\"potentialAction\":[{\"@type\":\"SearchAction\",\"target\":{\"@type\":\"EntryPoint\",\"urlTemplate\":\"https:\\\/\\\/fundaciomallorcaturisme.net\\\/ca\\\/?s={search_term_string}\"},\"query-input\":{\"@type\":\"PropertyValueSpecification\",\"valueRequired\":true,\"valueName\":\"search_term_string\"}}],\"inLanguage\":\"ca\"},{\"@type\":\"Organization\",\"@id\":\"https:\\\/\\\/fundaciomallorcaturisme.net\\\/ca\\\/#organization\",\"name\":\"Consell de Mallorca\",\"alternateName\":\"Mallorca Turisme\",\"url\":\"https:\\\/\\\/fundaciomallorcaturisme.net\\\/ca\\\/\",\"logo\":{\"@type\":\"ImageObject\",\"inLanguage\":\"ca\",\"@id\":\"https:\\\/\\\/fundaciomallorcaturisme.net\\\/ca\\\/#\\\/schema\\\/logo\\\/image\\\/\",\"url\":\"http:\\\/\\\/fundaciomallorcaturisme.net\\\/wp-content\\\/uploads\\\/2026\\\/03\\\/logo.webp\",\"contentUrl\":\"http:\\\/\\\/fundaciomallorcaturisme.net\\\/wp-content\\\/uploads\\\/2026\\\/03\\\/logo.webp\",\"width\":696,\"height\":570,\"caption\":\"Consell de Mallorca\"},\"image\":{\"@id\":\"https:\\\/\\\/fundaciomallorcaturisme.net\\\/ca\\\/#\\\/schema\\\/logo\\\/image\\\/\"},\"sameAs\":[\"https:\\\/\\\/www.facebook.com\\\/ConselldeMca\\\/\",\"https:\\\/\\\/x.com\\\/ConselldeMca\",\"https:\\\/\\\/www.instagram.com\\\/conselldemca\\\/\",\"https:\\\/\\\/www.youtube.com\\\/user\\\/conselldemallorca\"]}]}<\/script>\n<!-- \/ Yoast SEO plugin. -->","yoast_head_json":{"title":"Serra de Tramuntana - Consell de Mallorca","robots":{"index":"index","follow":"follow","max-snippet":"max-snippet:-1","max-image-preview":"max-image-preview:large","max-video-preview":"max-video-preview:-1"},"canonical":"https:\/\/fundaciomallorcaturisme.net\/ca\/destinacions\/serra-de-tramuntana\/","og_locale":"ca_ES","og_type":"article","og_title":"Serra de Tramuntana - Consell de Mallorca","og_url":"https:\/\/fundaciomallorcaturisme.net\/ca\/destinacions\/serra-de-tramuntana\/","og_site_name":"Consell de Mallorca","article_publisher":"https:\/\/www.facebook.com\/ConselldeMca\/","article_modified_time":"2026-04-09T09:32:14+00:00","og_image":[{"width":825,"height":463,"url":"https:\/\/fundaciomallorcaturisme.net\/wp-content\/uploads\/2026\/02\/d91dcb08-6d86-434d-8b91-078e13615921.jpg","type":"image\/jpeg"}],"twitter_card":"summary_large_image","twitter_site":"@ConselldeMca","twitter_misc":{"Temps estimat de lectura":"1 minut"},"schema":{"@context":"https:\/\/schema.org","@graph":[{"@type":"WebPage","@id":"https:\/\/fundaciomallorcaturisme.net\/ca\/destinacions\/serra-de-tramuntana\/","url":"https:\/\/fundaciomallorcaturisme.net\/ca\/destinacions\/serra-de-tramuntana\/","name":"Serra de Tramuntana - Consell de Mallorca","isPartOf":{"@id":"https:\/\/fundaciomallorcaturisme.net\/ca\/#website"},"primaryImageOfPage":{"@id":"https:\/\/fundaciomallorcaturisme.net\/ca\/destinacions\/serra-de-tramuntana\/#primaryimage"},"image":{"@id":"https:\/\/fundaciomallorcaturisme.net\/ca\/destinacions\/serra-de-tramuntana\/#primaryimage"},"thumbnailUrl":"https:\/\/fundaciomallorcaturisme.net\/wp-content\/uploads\/2026\/02\/d91dcb08-6d86-434d-8b91-078e13615921.jpg","datePublished":"2026-02-25T10:47:13+00:00","dateModified":"2026-04-09T09:32:14+00:00","breadcrumb":{"@id":"https:\/\/fundaciomallorcaturisme.net\/ca\/destinacions\/serra-de-tramuntana\/#breadcrumb"},"inLanguage":"ca","potentialAction":[{"@type":"ReadAction","target":["https:\/\/fundaciomallorcaturisme.net\/ca\/destinacions\/serra-de-tramuntana\/"]}]},{"@type":"ImageObject","inLanguage":"ca","@id":"https:\/\/fundaciomallorcaturisme.net\/ca\/destinacions\/serra-de-tramuntana\/#primaryimage","url":"https:\/\/fundaciomallorcaturisme.net\/wp-content\/uploads\/2026\/02\/d91dcb08-6d86-434d-8b91-078e13615921.jpg","contentUrl":"https:\/\/fundaciomallorcaturisme.net\/wp-content\/uploads\/2026\/02\/d91dcb08-6d86-434d-8b91-078e13615921.jpg","width":825,"height":463},{"@type":"BreadcrumbList","@id":"https:\/\/fundaciomallorcaturisme.net\/ca\/destinacions\/serra-de-tramuntana\/#breadcrumb","itemListElement":[{"@type":"ListItem","position":1,"name":"Inici","item":"https:\/\/fundaciomallorcaturisme.net\/ca\/"},{"@type":"ListItem","position":2,"name":"Destinacions","item":"https:\/\/fundaciomallorcaturisme.net\/ca\/destinacions\/"},{"@type":"ListItem","position":3,"name":"Serra de Tramuntana"}]},{"@type":"WebSite","@id":"https:\/\/fundaciomallorcaturisme.net\/ca\/#website","url":"https:\/\/fundaciomallorcaturisme.net\/ca\/","name":"Consell de Mallorca","description":"","publisher":{"@id":"https:\/\/fundaciomallorcaturisme.net\/ca\/#organization"},"alternateName":"Mallorca Turisme","potentialAction":[{"@type":"SearchAction","target":{"@type":"EntryPoint","urlTemplate":"https:\/\/fundaciomallorcaturisme.net\/ca\/?s={search_term_string}"},"query-input":{"@type":"PropertyValueSpecification","valueRequired":true,"valueName":"search_term_string"}}],"inLanguage":"ca"},{"@type":"Organization","@id":"https:\/\/fundaciomallorcaturisme.net\/ca\/#organization","name":"Consell de Mallorca","alternateName":"Mallorca Turisme","url":"https:\/\/fundaciomallorcaturisme.net\/ca\/","logo":{"@type":"ImageObject","inLanguage":"ca","@id":"https:\/\/fundaciomallorcaturisme.net\/ca\/#\/schema\/logo\/image\/","url":"http:\/\/fundaciomallorcaturisme.net\/wp-content\/uploads\/2026\/03\/logo.webp","contentUrl":"http:\/\/fundaciomallorcaturisme.net\/wp-content\/uploads\/2026\/03\/logo.webp","width":696,"height":570,"caption":"Consell de Mallorca"},"image":{"@id":"https:\/\/fundaciomallorcaturisme.net\/ca\/#\/schema\/logo\/image\/"},"sameAs":["https:\/\/www.facebook.com\/ConselldeMca\/","https:\/\/x.com\/ConselldeMca","https:\/\/www.instagram.com\/conselldemca\/","https:\/\/www.youtube.com\/user\/conselldemallorca"]}]}},"_links":{"self":[{"href":"https:\/\/fundaciomallorcaturisme.net\/ca\/wp-json\/wp\/v2\/pages\/2926","targetHints":{"allow":["GET"]}}],"collection":[{"href":"https:\/\/fundaciomallorcaturisme.net\/ca\/wp-json\/wp\/v2\/pages"}],"about":[{"href":"https:\/\/fundaciomallorcaturisme.net\/ca\/wp-json\/wp\/v2\/types\/page"}],"author":[{"embeddable":true,"href":"https:\/\/fundaciomallorcaturisme.net\/ca\/wp-json\/wp\/v2\/users\/1"}],"replies":[{"embeddable":true,"href":"https:\/\/fundaciomallorcaturisme.net\/ca\/wp-json\/wp\/v2\/comments?post=2926"}],"version-history":[{"count":3,"href":"https:\/\/fundaciomallorcaturisme.net\/ca\/wp-json\/wp\/v2\/pages\/2926\/revisions"}],"predecessor-version":[{"id":4773,"href":"https:\/\/fundaciomallorcaturisme.net\/ca\/wp-json\/wp\/v2\/pages\/2926\/revisions\/4773"}],"up":[{"embeddable":true,"href":"https:\/\/fundaciomallorcaturisme.net\/ca\/wp-json\/wp\/v2\/pages\/1595"}],"wp:featuredmedia":[{"embeddable":true,"href":"https:\/\/fundaciomallorcaturisme.net\/ca\/wp-json\/wp\/v2\/media\/919"}],"wp:attachment":[{"href":"https:\/\/fundaciomallorcaturisme.net\/ca\/wp-json\/wp\/v2\/media?parent=2926"}],"curies":[{"name":"wp","href":"https:\/\/api.w.org\/{rel}","templated":true}]}}