{"id":2925,"date":"2026-02-25T11:47:13","date_gmt":"2026-02-25T10:47:13","guid":{"rendered":"http:\/\/fundaciomallorcaturisme.net\/destinacions\/palma\/"},"modified":"2026-04-08T11:02:09","modified_gmt":"2026-04-08T09:02:09","slug":"palma","status":"publish","type":"page","link":"https:\/\/fundaciomallorcaturisme.net\/ca\/destinacions\/palma\/","title":{"rendered":"Palma"},"content":{"rendered":"","protected":false},"excerpt":{"rendered":"","protected":false},"author":1,"featured_media":944,"parent":1595,"menu_order":0,"comment_status":"open","ping_status":"open","template":"page-templates\/contenido_flexible.php","meta":{"_acf_changed":false,"footnotes":""},"class_list":["post-2925","page","type-page","status-publish","has-post-thumbnail","hentry"],"acf":{"contenido_flexible":[{"acf_fc_layout":"cabecera","titulo":"<h1>Palma<\/h1>","titulo_grande":false,"subtitulo":"","texto":"","enlace":"","flecha_abajo":false,"tiene_video":false,"video":"","imagenx1":944,"imagenx2":944,"logos":""},{"acf_fc_layout":"texto_simple","pretitulo":"","titulo":"","texto":"<h3>Palma monumental<\/h3>\r\nPalma desplega els seus encants tant de dia com de nit. La seva cara mar\u00edtima traspua hist\u00f2ria a trav\u00e9s d\u2019edificis tan emblem\u00e0tics com l\u2019Almudaina i la Seu, encara protegides per les muralles medievals.\r\n<h4>Ciutat de Mallorca<\/h4>\r\nPalma \u00e9s una ciutat monumental que des dels seus or\u00edgens ha viscut de cara al mar, i hi han passat diverses cultures que hi han deixat l\u2019empremta, sobretot els \u00e0rabs \u2015que la varen anomenar Madina Mayurqa\u2015 i els cristians, que varen conquistar l\u2019illa en 1229. El centre hist\u00f2ric conserva un marcat tra\u00e7at medieval, i la millor manera de rec\u00f3rrer-la \u00e9s partint de la imponent <a href=\"https:\/\/catedraldemallorca.org\/ca\/\">catedral de Mallorca<\/a>, coneguda popularment com <strong>La Seu<\/strong>, el millor mirador sobre la grandiosa badia de Palma.\r\n\r\nSota la vella muralla es troben <strong>ses Voltes<\/strong>, recinte militar transformat en espai esc\u00e8nic i expositiu, i el <strong>parc de la Mar<\/strong>, pulm\u00f3 urb\u00e0 molt concorregut per la gent local. Al costat del temple s\u2019al\u00e7a el <a href=\"https:\/\/www.patrimonionacional.es\/visita\/palacio-real-de-la-almudaina\">Palau de la Almudaina<\/a>, antic palau \u00e0rab, posteriorment cristianitzat i reformat, delimitat en la part mar\u00edtima per la muralla que protegia la ciutat.\r\n\r\nAls seus peus s\u2019estenen els jardins de l\u2019<strong>Hort del Rei<\/strong>, amb jocs d\u2019aigua, bancs per gaudir de l\u2019ambient i escultures d\u2019artistes com Subirachs o Joan Mir\u00f3. Aquests jardins connecten amb el c\u00e8ntric <strong>passeig des Born<\/strong>, bulevard encap\u00e7alat per dos esfinxs de pedra i flanquejat per arbres, animada zona comercial que desemboca a l'<strong>avinguda de Jaume III<\/strong>, on es trobaran botigues de primeres marques de roba, complements i uns grans magatzems.\r\n\r\nA la pla\u00e7a de Weyler, ben propera, s\u2019aixeca el <a href=\"https:\/\/caixaforum.org\/ca\/palma\/home\">Gran Hotel<\/a><a href=\"https:\/\/caixaforum.org\/ca\/palma\/el-edificio\">,<\/a> una de les mostres m\u00e9s importants del Modernisme, convertit en espai expositiu. Al costat del <a href=\"https:\/\/www.teatreprincipal.com\/ca\/\">Teatre Principal<\/a>\u00a0unes escales desemboquen a la <strong>pla\u00e7a Major<\/strong>, \u00e0mplia pla\u00e7a porticada on convergeixen carrers comercials com <strong>Sant Miquel<\/strong>, <strong>Sindicat<\/strong> i <strong>Col\u00f3n<\/strong>. Aquest darrer connecta amb la <strong>pla\u00e7a de Cort<\/strong>, cor administratiu de la ciutat, presidida per l\u2019Ajuntament i la seu del <strong>Consell de Mallorca<\/strong>, bona mostra del neog\u00f2tic mallorqu\u00ed. Als voltants es troba l\u2019<a href=\"https:\/\/www.spiritualmallorca.com\/en\/destinations\/claustro-de-san-francisco--(monumento-nacional)\">esgl\u00e9sia de Sant Francesc<\/a><strong>\u00a0<\/strong>\u2014joia g\u00f2tica amb claustre on reposen les restes de l\u2019erudit mallorqu\u00ed Ramon Llull\u2014, els <a href=\"https:\/\/www.mallorca.es\/ca\/-\/banos-arab-1?classNameId=27801&amp;classPK=129527\">Banys \u00c0rabs<\/a>, el <strong>Museu de Mallorca<\/strong>, el <strong>Parlament de les Illes Balears<\/strong> i el <a href=\"https:\/\/www.fundacionbmarch.es\/cat\/museu-palau-march\/\">Palau March<\/a>.\r\n\r\nConv\u00e9 perdre\u2019s sense rumb fix pels carrers estrets i ombr\u00edvols d\u2019aquesta zona de la ciutat, que obliguen a aixecar la vista per contemplar austers per\u00f2 <strong>imponents palaus<\/strong>, edificats per la vella noblesa i burgesia mallorquines. Si alguna cosa singularitza aquests edificis s\u00f3n els <a href=\"https:\/\/palmavirtual.palma.cat\/patis-de-palma\">patis<\/a>, espais interiors amb tra\u00e7os g\u00f2tics o renaixentistes, amb escalinates i finestrals, en els quals encara es respira un aire senyorial.\r\n\r\nLa cara mar\u00edtima de la ciutat es pot rec\u00f3rrer a peu o amb bicicleta pel llarg <strong>passeig Mar\u00edtim<\/strong> que condueix fins als barris mariners d\u2019<strong>es Molinar<\/strong> i <strong>es Portitxol<\/strong>. Davant del Reial Club N\u00e0utic de Palma s\u2019al\u00e7a <a href=\"https:\/\/www.mallorca.es\/ca\/-\/sa-llotja?classNameId=27801&amp;classPK=132134\">la Llotja<\/a>, edifici g\u00f2tic convertit en sala d\u2019exposicions, envoltat d\u2019una animada zona de bars i restaurants.\r\n\r\nConsulta <a href=\"https:\/\/www.mallorca.es\/ca\/descargar?fileId=687095\">aqu\u00ed <\/a>la informaci\u00f3 relacionada amb els horaris d'obertura i preus d'entrada de les principals visites d'inter\u00e8s.\r\n<h4>La Ciutat de les Del\u00edcies<\/h4>\r\nMercats, bars, forns i restaurants converteixen Palma en la ciutat de les del\u00edcies. La cuina tradicional, la internacional i l\u2019avantguardista es nodreixen dels mercats urbans, on arriben cada dia productes frescos procedents de la terra i del mar de Mallorca.\r\n\r\nPer con\u00e8ixer una ciutat \u00e9s imprescindible visitar-ne els mercats, espais de cultura gastron\u00f2mica per excel\u00b7l\u00e8ncia. Els m\u00e9s emblem\u00e0tics s\u00f3n el <a href=\"https:\/\/www.mercatolivar.com\/ca\/inici\/\">mercat de l\u2019Olivar<\/a> i el de <a href=\"http:\/\/www.mercatdesantacatalina.com\/ca\/\">Santa Catalina<\/a>. Tamb\u00e9 constitueixen un bon lloc per prendre un aperitiu o menjar.\r\n\r\nPalma \u00e9s una ciutat rica en <a href=\"https:\/\/www.mallorca.es\/ca\/forns-i-cafes-antics\">forns antics<\/a>, alguns amb m\u00e9s de cent anys de tradici\u00f3. Segueixen elaborant com abans <strong>panades <\/strong>(pastisset salat farcit), <strong>cocarrois <\/strong>(pastissets en forma de mitja lluna farcits de verdures: coliflor i bledes, panses i pinyons) i tot tipus de coques salades. A la secci\u00f3 dol\u00e7a brilla amb llum pr\u00f2pia l\u2019<a href=\"https:\/\/www.mallorca.es\/ca\/-\/ensa%C3%AFmada?redirect=%2Fca%2Fproductes-tipics&amp;classNameId=27801&amp;classPK=70073\">ensa\u00efmada<\/a>, juntament amb la coca d\u2019albercocs i els crespells, pastissets en forma de cor o d\u2019estrella.\r\n\r\nEls voltants de la <strong>Llotja <\/strong>constitueixen una de les zones amb major pres\u00e8ncia de <a href=\"https:\/\/www.mallorca.es\/ca\/restaurants\">restaurants<\/a> i <a href=\"https:\/\/www.mallorca.es\/ca\/vida-nocturna\">bars de copes<\/a>. Tamb\u00e9 el barri de <strong>Santa Catalina<\/strong> \u2014antic nucli de pescadors\u2014 s\u2019ha convertit en un lloc cosmopolita ple de petits locals de cuina avantguardista, ex\u00f2tica i internacional. Els plats tradicionals es degusten sobretot en els <a href=\"https:\/\/www.mallorca.es\/ca\/restaurants\">cellers<\/a>, antigues bodegues on es preparen receptes mallorquines com el <strong>tumbet <\/strong>\u2014plat estival a base d\u2019alberg\u00ednia, patata i pebre vermell\u2014, o les <strong>sopes<\/strong>, savi recurs per aprofitar el pa sec combinant amb verdures de temporada.\u00a0Un dels plats m\u00e9s senzills i quotidians de Mallorca \u00e9s el <strong>pa amb oli<\/strong>, pa untat amb tom\u00e0tiga, oli i sal, que s\u2019acompanya amb formatges i embotits locals, olives trencades i un bon vi negre.\r\n<h4>La gran badia de Palma<\/h4>\r\nLa ciutat viu de cara a la mar, i els palmesans freq\u00fcenten les <a href=\"https:\/\/www.platgesdebalears.com\/ca\/localidad\/palma\">platges urbanes<\/a>, dotades amb tota mena de serveis, envoltades d\u2019una variada oferta de restaurants, bars i <a href=\"https:\/\/www.mallorca.es\/ca\/xiringuitos-i-beach-clubs\">beach clubs<\/a>. A les m\u00e9s allunyades del centre urb\u00e0 es pot accedir amb autob\u00fas o en vehicle particular.","cta":"","2_columnas":false,"color_de_fondo":""}]},"yoast_head":"<!-- This site is optimized with the Yoast SEO plugin v27.7 - https:\/\/yoast.com\/product\/yoast-seo-wordpress\/ -->\n<title>Palma - Consell de Mallorca<\/title>\n<meta name=\"robots\" content=\"index, follow, max-snippet:-1, max-image-preview:large, max-video-preview:-1\" \/>\n<link rel=\"canonical\" href=\"https:\/\/fundaciomallorcaturisme.net\/ca\/destinacions\/palma\/\" \/>\n<meta property=\"og:locale\" content=\"ca_ES\" \/>\n<meta property=\"og:type\" content=\"article\" \/>\n<meta property=\"og:title\" content=\"Palma - Consell de Mallorca\" \/>\n<meta property=\"og:url\" content=\"https:\/\/fundaciomallorcaturisme.net\/ca\/destinacions\/palma\/\" \/>\n<meta property=\"og:site_name\" content=\"Consell de Mallorca\" \/>\n<meta property=\"article:publisher\" content=\"https:\/\/www.facebook.com\/ConselldeMca\/\" \/>\n<meta property=\"article:modified_time\" content=\"2026-04-08T09:02:09+00:00\" \/>\n<meta property=\"og:image\" content=\"https:\/\/fundaciomallorcaturisme.net\/wp-content\/uploads\/2026\/02\/5eabbb45-23f7-caf2-9dbd-ab71ca130d2d.jpg\" \/>\n\t<meta property=\"og:image:width\" content=\"825\" \/>\n\t<meta property=\"og:image:height\" content=\"463\" \/>\n\t<meta property=\"og:image:type\" content=\"image\/jpeg\" \/>\n<meta name=\"twitter:card\" content=\"summary_large_image\" \/>\n<meta name=\"twitter:site\" content=\"@ConselldeMca\" \/>\n<meta name=\"twitter:label1\" content=\"Temps estimat de lectura\" \/>\n\t<meta name=\"twitter:data1\" content=\"1 minut\" \/>\n<script type=\"application\/ld+json\" class=\"yoast-schema-graph\">{\"@context\":\"https:\\\/\\\/schema.org\",\"@graph\":[{\"@type\":\"WebPage\",\"@id\":\"https:\\\/\\\/fundaciomallorcaturisme.net\\\/ca\\\/destinacions\\\/palma\\\/\",\"url\":\"https:\\\/\\\/fundaciomallorcaturisme.net\\\/ca\\\/destinacions\\\/palma\\\/\",\"name\":\"Palma - Consell de Mallorca\",\"isPartOf\":{\"@id\":\"https:\\\/\\\/fundaciomallorcaturisme.net\\\/ca\\\/#website\"},\"primaryImageOfPage\":{\"@id\":\"https:\\\/\\\/fundaciomallorcaturisme.net\\\/ca\\\/destinacions\\\/palma\\\/#primaryimage\"},\"image\":{\"@id\":\"https:\\\/\\\/fundaciomallorcaturisme.net\\\/ca\\\/destinacions\\\/palma\\\/#primaryimage\"},\"thumbnailUrl\":\"https:\\\/\\\/fundaciomallorcaturisme.net\\\/wp-content\\\/uploads\\\/2026\\\/02\\\/5eabbb45-23f7-caf2-9dbd-ab71ca130d2d.jpg\",\"datePublished\":\"2026-02-25T10:47:13+00:00\",\"dateModified\":\"2026-04-08T09:02:09+00:00\",\"breadcrumb\":{\"@id\":\"https:\\\/\\\/fundaciomallorcaturisme.net\\\/ca\\\/destinacions\\\/palma\\\/#breadcrumb\"},\"inLanguage\":\"ca\",\"potentialAction\":[{\"@type\":\"ReadAction\",\"target\":[\"https:\\\/\\\/fundaciomallorcaturisme.net\\\/ca\\\/destinacions\\\/palma\\\/\"]}]},{\"@type\":\"ImageObject\",\"inLanguage\":\"ca\",\"@id\":\"https:\\\/\\\/fundaciomallorcaturisme.net\\\/ca\\\/destinacions\\\/palma\\\/#primaryimage\",\"url\":\"https:\\\/\\\/fundaciomallorcaturisme.net\\\/wp-content\\\/uploads\\\/2026\\\/02\\\/5eabbb45-23f7-caf2-9dbd-ab71ca130d2d.jpg\",\"contentUrl\":\"https:\\\/\\\/fundaciomallorcaturisme.net\\\/wp-content\\\/uploads\\\/2026\\\/02\\\/5eabbb45-23f7-caf2-9dbd-ab71ca130d2d.jpg\",\"width\":825,\"height\":463},{\"@type\":\"BreadcrumbList\",\"@id\":\"https:\\\/\\\/fundaciomallorcaturisme.net\\\/ca\\\/destinacions\\\/palma\\\/#breadcrumb\",\"itemListElement\":[{\"@type\":\"ListItem\",\"position\":1,\"name\":\"Inici\",\"item\":\"https:\\\/\\\/fundaciomallorcaturisme.net\\\/ca\\\/\"},{\"@type\":\"ListItem\",\"position\":2,\"name\":\"Destinacions\",\"item\":\"https:\\\/\\\/fundaciomallorcaturisme.net\\\/ca\\\/destinacions\\\/\"},{\"@type\":\"ListItem\",\"position\":3,\"name\":\"Palma\"}]},{\"@type\":\"WebSite\",\"@id\":\"https:\\\/\\\/fundaciomallorcaturisme.net\\\/ca\\\/#website\",\"url\":\"https:\\\/\\\/fundaciomallorcaturisme.net\\\/ca\\\/\",\"name\":\"Consell de Mallorca\",\"description\":\"\",\"publisher\":{\"@id\":\"https:\\\/\\\/fundaciomallorcaturisme.net\\\/ca\\\/#organization\"},\"alternateName\":\"Mallorca Turisme\",\"potentialAction\":[{\"@type\":\"SearchAction\",\"target\":{\"@type\":\"EntryPoint\",\"urlTemplate\":\"https:\\\/\\\/fundaciomallorcaturisme.net\\\/ca\\\/?s={search_term_string}\"},\"query-input\":{\"@type\":\"PropertyValueSpecification\",\"valueRequired\":true,\"valueName\":\"search_term_string\"}}],\"inLanguage\":\"ca\"},{\"@type\":\"Organization\",\"@id\":\"https:\\\/\\\/fundaciomallorcaturisme.net\\\/ca\\\/#organization\",\"name\":\"Consell de Mallorca\",\"alternateName\":\"Mallorca Turisme\",\"url\":\"https:\\\/\\\/fundaciomallorcaturisme.net\\\/ca\\\/\",\"logo\":{\"@type\":\"ImageObject\",\"inLanguage\":\"ca\",\"@id\":\"https:\\\/\\\/fundaciomallorcaturisme.net\\\/ca\\\/#\\\/schema\\\/logo\\\/image\\\/\",\"url\":\"http:\\\/\\\/fundaciomallorcaturisme.net\\\/wp-content\\\/uploads\\\/2026\\\/03\\\/logo.webp\",\"contentUrl\":\"http:\\\/\\\/fundaciomallorcaturisme.net\\\/wp-content\\\/uploads\\\/2026\\\/03\\\/logo.webp\",\"width\":696,\"height\":570,\"caption\":\"Consell de Mallorca\"},\"image\":{\"@id\":\"https:\\\/\\\/fundaciomallorcaturisme.net\\\/ca\\\/#\\\/schema\\\/logo\\\/image\\\/\"},\"sameAs\":[\"https:\\\/\\\/www.facebook.com\\\/ConselldeMca\\\/\",\"https:\\\/\\\/x.com\\\/ConselldeMca\",\"https:\\\/\\\/www.instagram.com\\\/conselldemca\\\/\",\"https:\\\/\\\/www.youtube.com\\\/user\\\/conselldemallorca\"]}]}<\/script>\n<!-- \/ Yoast SEO plugin. -->","yoast_head_json":{"title":"Palma - Consell de Mallorca","robots":{"index":"index","follow":"follow","max-snippet":"max-snippet:-1","max-image-preview":"max-image-preview:large","max-video-preview":"max-video-preview:-1"},"canonical":"https:\/\/fundaciomallorcaturisme.net\/ca\/destinacions\/palma\/","og_locale":"ca_ES","og_type":"article","og_title":"Palma - Consell de Mallorca","og_url":"https:\/\/fundaciomallorcaturisme.net\/ca\/destinacions\/palma\/","og_site_name":"Consell de Mallorca","article_publisher":"https:\/\/www.facebook.com\/ConselldeMca\/","article_modified_time":"2026-04-08T09:02:09+00:00","og_image":[{"width":825,"height":463,"url":"https:\/\/fundaciomallorcaturisme.net\/wp-content\/uploads\/2026\/02\/5eabbb45-23f7-caf2-9dbd-ab71ca130d2d.jpg","type":"image\/jpeg"}],"twitter_card":"summary_large_image","twitter_site":"@ConselldeMca","twitter_misc":{"Temps estimat de lectura":"1 minut"},"schema":{"@context":"https:\/\/schema.org","@graph":[{"@type":"WebPage","@id":"https:\/\/fundaciomallorcaturisme.net\/ca\/destinacions\/palma\/","url":"https:\/\/fundaciomallorcaturisme.net\/ca\/destinacions\/palma\/","name":"Palma - Consell de Mallorca","isPartOf":{"@id":"https:\/\/fundaciomallorcaturisme.net\/ca\/#website"},"primaryImageOfPage":{"@id":"https:\/\/fundaciomallorcaturisme.net\/ca\/destinacions\/palma\/#primaryimage"},"image":{"@id":"https:\/\/fundaciomallorcaturisme.net\/ca\/destinacions\/palma\/#primaryimage"},"thumbnailUrl":"https:\/\/fundaciomallorcaturisme.net\/wp-content\/uploads\/2026\/02\/5eabbb45-23f7-caf2-9dbd-ab71ca130d2d.jpg","datePublished":"2026-02-25T10:47:13+00:00","dateModified":"2026-04-08T09:02:09+00:00","breadcrumb":{"@id":"https:\/\/fundaciomallorcaturisme.net\/ca\/destinacions\/palma\/#breadcrumb"},"inLanguage":"ca","potentialAction":[{"@type":"ReadAction","target":["https:\/\/fundaciomallorcaturisme.net\/ca\/destinacions\/palma\/"]}]},{"@type":"ImageObject","inLanguage":"ca","@id":"https:\/\/fundaciomallorcaturisme.net\/ca\/destinacions\/palma\/#primaryimage","url":"https:\/\/fundaciomallorcaturisme.net\/wp-content\/uploads\/2026\/02\/5eabbb45-23f7-caf2-9dbd-ab71ca130d2d.jpg","contentUrl":"https:\/\/fundaciomallorcaturisme.net\/wp-content\/uploads\/2026\/02\/5eabbb45-23f7-caf2-9dbd-ab71ca130d2d.jpg","width":825,"height":463},{"@type":"BreadcrumbList","@id":"https:\/\/fundaciomallorcaturisme.net\/ca\/destinacions\/palma\/#breadcrumb","itemListElement":[{"@type":"ListItem","position":1,"name":"Inici","item":"https:\/\/fundaciomallorcaturisme.net\/ca\/"},{"@type":"ListItem","position":2,"name":"Destinacions","item":"https:\/\/fundaciomallorcaturisme.net\/ca\/destinacions\/"},{"@type":"ListItem","position":3,"name":"Palma"}]},{"@type":"WebSite","@id":"https:\/\/fundaciomallorcaturisme.net\/ca\/#website","url":"https:\/\/fundaciomallorcaturisme.net\/ca\/","name":"Consell de Mallorca","description":"","publisher":{"@id":"https:\/\/fundaciomallorcaturisme.net\/ca\/#organization"},"alternateName":"Mallorca Turisme","potentialAction":[{"@type":"SearchAction","target":{"@type":"EntryPoint","urlTemplate":"https:\/\/fundaciomallorcaturisme.net\/ca\/?s={search_term_string}"},"query-input":{"@type":"PropertyValueSpecification","valueRequired":true,"valueName":"search_term_string"}}],"inLanguage":"ca"},{"@type":"Organization","@id":"https:\/\/fundaciomallorcaturisme.net\/ca\/#organization","name":"Consell de Mallorca","alternateName":"Mallorca Turisme","url":"https:\/\/fundaciomallorcaturisme.net\/ca\/","logo":{"@type":"ImageObject","inLanguage":"ca","@id":"https:\/\/fundaciomallorcaturisme.net\/ca\/#\/schema\/logo\/image\/","url":"http:\/\/fundaciomallorcaturisme.net\/wp-content\/uploads\/2026\/03\/logo.webp","contentUrl":"http:\/\/fundaciomallorcaturisme.net\/wp-content\/uploads\/2026\/03\/logo.webp","width":696,"height":570,"caption":"Consell de Mallorca"},"image":{"@id":"https:\/\/fundaciomallorcaturisme.net\/ca\/#\/schema\/logo\/image\/"},"sameAs":["https:\/\/www.facebook.com\/ConselldeMca\/","https:\/\/x.com\/ConselldeMca","https:\/\/www.instagram.com\/conselldemca\/","https:\/\/www.youtube.com\/user\/conselldemallorca"]}]}},"_links":{"self":[{"href":"https:\/\/fundaciomallorcaturisme.net\/ca\/wp-json\/wp\/v2\/pages\/2925","targetHints":{"allow":["GET"]}}],"collection":[{"href":"https:\/\/fundaciomallorcaturisme.net\/ca\/wp-json\/wp\/v2\/pages"}],"about":[{"href":"https:\/\/fundaciomallorcaturisme.net\/ca\/wp-json\/wp\/v2\/types\/page"}],"author":[{"embeddable":true,"href":"https:\/\/fundaciomallorcaturisme.net\/ca\/wp-json\/wp\/v2\/users\/1"}],"replies":[{"embeddable":true,"href":"https:\/\/fundaciomallorcaturisme.net\/ca\/wp-json\/wp\/v2\/comments?post=2925"}],"version-history":[{"count":1,"href":"https:\/\/fundaciomallorcaturisme.net\/ca\/wp-json\/wp\/v2\/pages\/2925\/revisions"}],"predecessor-version":[{"id":4613,"href":"https:\/\/fundaciomallorcaturisme.net\/ca\/wp-json\/wp\/v2\/pages\/2925\/revisions\/4613"}],"up":[{"embeddable":true,"href":"https:\/\/fundaciomallorcaturisme.net\/ca\/wp-json\/wp\/v2\/pages\/1595"}],"wp:featuredmedia":[{"embeddable":true,"href":"https:\/\/fundaciomallorcaturisme.net\/ca\/wp-json\/wp\/v2\/media\/944"}],"wp:attachment":[{"href":"https:\/\/fundaciomallorcaturisme.net\/ca\/wp-json\/wp\/v2\/media?parent=2925"}],"curies":[{"name":"wp","href":"https:\/\/api.w.org\/{rel}","templated":true}]}}