{"id":2921,"date":"2026-02-25T11:47:13","date_gmt":"2026-02-25T10:47:13","guid":{"rendered":"http:\/\/fundaciomallorcaturisme.net\/destinacions\/es-pla\/"},"modified":"2026-04-08T13:25:49","modified_gmt":"2026-04-08T11:25:49","slug":"es-pla","status":"publish","type":"page","link":"https:\/\/fundaciomallorcaturisme.net\/ca\/destinacions\/es-pla\/","title":{"rendered":"Es Pla"},"content":{"rendered":"","protected":false},"excerpt":{"rendered":"","protected":false},"author":1,"featured_media":929,"parent":1595,"menu_order":0,"comment_status":"open","ping_status":"open","template":"page-templates\/contenido_flexible.php","meta":{"_acf_changed":false,"footnotes":""},"class_list":["post-2921","page","type-page","status-publish","has-post-thumbnail","hentry"],"acf":{"contenido_flexible":[{"acf_fc_layout":"cabecera","titulo":"<h1>Es Pla<\/h1>","titulo_grande":false,"subtitulo":"","texto":"","enlace":"","flecha_abajo":false,"tiene_video":false,"video":"","imagenx1":929,"imagenx2":929,"logos":""},{"acf_fc_layout":"texto_simple","pretitulo":"","titulo":"","texto":"<h3>Ess\u00e8ncia de Mallorca<\/h3>\r\nSituada entre les dues cadenes muntanyoses de l\u2019illa, la serra de Tramuntana, al nord-oest, i la de Llevant, al sud-est, trobam aquesta comarca dedicada a l\u2019agricultura. Encara <strong>conserva <\/strong>l\u2019<strong>ess\u00e8ncia insular<\/strong> m\u00e9s aut\u00e8ntica en contraposici\u00f3 als nuclis tur\u00edstics populars. Entre <strong>camps de cultiu<\/strong> verds, ocres i daurats, hi emergeixen <strong>pobles<\/strong> petits <strong>d\u2019interior<\/strong>, amb campanars i cases de pedra. La <strong>tranquil\u00b7litat \u00a0<\/strong>als carres, recessos de pau, ens trasllada a l\u2019illa de la calma d\u2019un temps.\r\n\r\nEs Pla, tal com indica el seu nom, \u00e9s una <strong>zona <\/strong>relativament<strong> plana<\/strong>, si b\u00e9 presenta algunes elevacions. El <strong>mass\u00eds de Randa<\/strong>, amb una altitud que sobrepassa els 500 metres, s\u2019eleva imponent sobre l\u2019interior de l\u2019illa.\r\n\r\n<strong>Santuaris<\/strong>, <strong>monestirs <\/strong>i <strong>ermites <\/strong>coronen els cimals i ens ofereixen <strong>vistes panor\u00e0miques<\/strong> de 360 graus sobre l\u2019illa. Una experi\u00e8ncia \u00e9s visitar-ne algun durant la floraci\u00f3 dels ametlers a l\u2019hivern i observar els mantells de flors blanques que tenyeixen el paisatge simulant neu.\r\n\r\nVisitants que cerquen tranquil\u00b7litat i contacte directe amb la gent d\u2019aquesta terra, poden trobar en aquest entorn les seves vacances somiades. L\u2019<strong>oferta<\/strong> d\u2019<a href=\"https:\/\/www.mallorca.es\/ca\/allotjaments\">allotjament<\/a> \u00e9s <strong>variada<\/strong>. Des d\u2019hotels situats en els centres urbans dels pobles fins hotels rurals i finques amb activitat agr\u00e0ria (agroturismes). <strong>Tamb\u00e9 <\/strong>hi ha <strong>santuaris <\/strong>que ofereixen les seves estances per gaudir-les. Tot aix\u00f2 sense renunciar a les comoditats de la vida actual.\r\n\r\nAquesta comarca destaca tamb\u00e9 pel <strong>legat patrimonial i arquitect\u00f2nic<\/strong>. Aqu\u00ed s\u2019han trobat alguns dels vestigis m\u00e9s antics de la nostra hist\u00f2ria. El jaciment arqueol\u00f2gic de <a href=\"https:\/\/sonfornes.mallorca.museum\/\">Son Forn\u00e9s<\/a> mostra com s\u2019organitzaven i vivien, en torn als <strong>talaiots<\/strong>, els primers pobladors de l\u2019illa. Aljubs, pous i s\u00ednies, s\u00f3n vestigis del passat isl\u00e0mic, interessat \u00a0en aprofitar al m\u00e0xim l\u2019aigua. Els molins de vent, fariners i aiguaders, tamb\u00e9 s\u00f3n caracter\u00edstics d\u2019aquest paisatge. La <a href=\"https:\/\/web.conselldemallorca.cat\/ruta-molins\">ruta dels molins<\/a> ens apropa a aquests elements \u00a0i ens \u00a0permet con\u00e8ixer-ne de primera m\u00e0 el funcionament i el seu paper rellevant en un passat agr\u00edcola.\r\n\r\nEls <a href=\"https:\/\/www.mallorca.es\/ca\/mercats\">mercats <\/a>s\u00f3n una bona opci\u00f3 per con\u00e8ixer els pobles i els productes de l\u2019illa. El <a href=\"https:\/\/mercatsineu.net\/\">mercat de Sineu<\/a> presumeix de ser el <strong>m\u00e9s antic<\/strong> de Mallorca, t\u00e9 lloc els dimecres mat\u00ed i \u00e9s un dels mercats m\u00e9s populars. A m\u00e9s, Sineu, va ser resid\u00e8ncia reial en el passat, probablement a causa de la situaci\u00f3 geogr\u00e0fica al centre de l\u2019illa.\r\n\r\nEl <strong>folklore <\/strong>insular es conserva intacte en aquesta part de l\u2019illa. Per exemple, la <a href=\"https:\/\/www.illesbalears.travel\/article\/ca\/mallorca\/el-ritu-convertit-en-dansa-el-ball-dels-cossiers\">dansa des Cossiers<\/a>, una tradici\u00f3 antiga de Mallorca del segle XIV, es balla a diversos municipis, per\u00f2 destaquen els d\u2019Algaida i de Montu\u00efri, on les danses tenen lloc durant les festes patronals.\r\n\r\nTamb\u00e9 les <strong>fires<\/strong>, sobretot les de tipus gastron\u00f2mic, tenen el seu paper en es Pla de Mallorca. Destaquen la <a href=\"https:\/\/www.mallorca.es\/ca\/-\/festa-i-fira-del-melo?classNameId=27801&amp;classPK=73894\">Fira del Mel\u00f3<\/a>, a Vilafranca de Bonany, i la <a href=\"https:\/\/www.mallorca.es\/ca\/-\/fira-de-la-mel?classNameId=27801&amp;classPK=73778\">Fira de la Mel<\/a>, a Llub\u00ed.\r\n\r\nAbunden, en aquesta comarca, els <strong>cellers<\/strong>, antigues bodegues reconvertides en <a href=\"https:\/\/www.mallorca.es\/ca\/restaurants\">restaurants<\/a> de cuina tradicional mallorquina. Solen estar decorats amb elements t\u00edpics i amb estris de fora vila, como ara rodes de carro, botes de vi i xemeneies r\u00fastiques.","cta":"","2_columnas":false,"color_de_fondo":""}]},"yoast_head":"<!-- This site is optimized with the Yoast SEO plugin v27.7 - https:\/\/yoast.com\/product\/yoast-seo-wordpress\/ -->\n<title>Es Pla - Consell de Mallorca<\/title>\n<meta name=\"robots\" content=\"index, follow, max-snippet:-1, max-image-preview:large, max-video-preview:-1\" \/>\n<link rel=\"canonical\" href=\"https:\/\/fundaciomallorcaturisme.net\/ca\/destinacions\/es-pla\/\" \/>\n<meta property=\"og:locale\" content=\"ca_ES\" \/>\n<meta property=\"og:type\" content=\"article\" \/>\n<meta property=\"og:title\" content=\"Es Pla - Consell de Mallorca\" \/>\n<meta property=\"og:url\" content=\"https:\/\/fundaciomallorcaturisme.net\/ca\/destinacions\/es-pla\/\" \/>\n<meta property=\"og:site_name\" content=\"Consell de Mallorca\" \/>\n<meta property=\"article:publisher\" content=\"https:\/\/www.facebook.com\/ConselldeMca\/\" \/>\n<meta property=\"article:modified_time\" content=\"2026-04-08T11:25:49+00:00\" \/>\n<meta property=\"og:image\" content=\"https:\/\/fundaciomallorcaturisme.net\/wp-content\/uploads\/2026\/02\/48e6b9d6-5f9b-e9d7-ff56-e467f0cda79c.jpg\" \/>\n\t<meta property=\"og:image:width\" content=\"825\" \/>\n\t<meta property=\"og:image:height\" content=\"463\" \/>\n\t<meta property=\"og:image:type\" content=\"image\/jpeg\" \/>\n<meta name=\"twitter:card\" content=\"summary_large_image\" \/>\n<meta name=\"twitter:site\" content=\"@ConselldeMca\" \/>\n<meta name=\"twitter:label1\" content=\"Temps estimat de lectura\" \/>\n\t<meta name=\"twitter:data1\" content=\"1 minut\" \/>\n<script type=\"application\/ld+json\" class=\"yoast-schema-graph\">{\"@context\":\"https:\\\/\\\/schema.org\",\"@graph\":[{\"@type\":\"WebPage\",\"@id\":\"https:\\\/\\\/fundaciomallorcaturisme.net\\\/ca\\\/destinacions\\\/es-pla\\\/\",\"url\":\"https:\\\/\\\/fundaciomallorcaturisme.net\\\/ca\\\/destinacions\\\/es-pla\\\/\",\"name\":\"Es Pla - Consell de Mallorca\",\"isPartOf\":{\"@id\":\"https:\\\/\\\/fundaciomallorcaturisme.net\\\/ca\\\/#website\"},\"primaryImageOfPage\":{\"@id\":\"https:\\\/\\\/fundaciomallorcaturisme.net\\\/ca\\\/destinacions\\\/es-pla\\\/#primaryimage\"},\"image\":{\"@id\":\"https:\\\/\\\/fundaciomallorcaturisme.net\\\/ca\\\/destinacions\\\/es-pla\\\/#primaryimage\"},\"thumbnailUrl\":\"https:\\\/\\\/fundaciomallorcaturisme.net\\\/wp-content\\\/uploads\\\/2026\\\/02\\\/48e6b9d6-5f9b-e9d7-ff56-e467f0cda79c.jpg\",\"datePublished\":\"2026-02-25T10:47:13+00:00\",\"dateModified\":\"2026-04-08T11:25:49+00:00\",\"breadcrumb\":{\"@id\":\"https:\\\/\\\/fundaciomallorcaturisme.net\\\/ca\\\/destinacions\\\/es-pla\\\/#breadcrumb\"},\"inLanguage\":\"ca\",\"potentialAction\":[{\"@type\":\"ReadAction\",\"target\":[\"https:\\\/\\\/fundaciomallorcaturisme.net\\\/ca\\\/destinacions\\\/es-pla\\\/\"]}]},{\"@type\":\"ImageObject\",\"inLanguage\":\"ca\",\"@id\":\"https:\\\/\\\/fundaciomallorcaturisme.net\\\/ca\\\/destinacions\\\/es-pla\\\/#primaryimage\",\"url\":\"https:\\\/\\\/fundaciomallorcaturisme.net\\\/wp-content\\\/uploads\\\/2026\\\/02\\\/48e6b9d6-5f9b-e9d7-ff56-e467f0cda79c.jpg\",\"contentUrl\":\"https:\\\/\\\/fundaciomallorcaturisme.net\\\/wp-content\\\/uploads\\\/2026\\\/02\\\/48e6b9d6-5f9b-e9d7-ff56-e467f0cda79c.jpg\",\"width\":825,\"height\":463},{\"@type\":\"BreadcrumbList\",\"@id\":\"https:\\\/\\\/fundaciomallorcaturisme.net\\\/ca\\\/destinacions\\\/es-pla\\\/#breadcrumb\",\"itemListElement\":[{\"@type\":\"ListItem\",\"position\":1,\"name\":\"Inici\",\"item\":\"https:\\\/\\\/fundaciomallorcaturisme.net\\\/ca\\\/\"},{\"@type\":\"ListItem\",\"position\":2,\"name\":\"Destinacions\",\"item\":\"https:\\\/\\\/fundaciomallorcaturisme.net\\\/ca\\\/destinacions\\\/\"},{\"@type\":\"ListItem\",\"position\":3,\"name\":\"Es Pla\"}]},{\"@type\":\"WebSite\",\"@id\":\"https:\\\/\\\/fundaciomallorcaturisme.net\\\/ca\\\/#website\",\"url\":\"https:\\\/\\\/fundaciomallorcaturisme.net\\\/ca\\\/\",\"name\":\"Consell de Mallorca\",\"description\":\"\",\"publisher\":{\"@id\":\"https:\\\/\\\/fundaciomallorcaturisme.net\\\/ca\\\/#organization\"},\"alternateName\":\"Mallorca Turisme\",\"potentialAction\":[{\"@type\":\"SearchAction\",\"target\":{\"@type\":\"EntryPoint\",\"urlTemplate\":\"https:\\\/\\\/fundaciomallorcaturisme.net\\\/ca\\\/?s={search_term_string}\"},\"query-input\":{\"@type\":\"PropertyValueSpecification\",\"valueRequired\":true,\"valueName\":\"search_term_string\"}}],\"inLanguage\":\"ca\"},{\"@type\":\"Organization\",\"@id\":\"https:\\\/\\\/fundaciomallorcaturisme.net\\\/ca\\\/#organization\",\"name\":\"Consell de Mallorca\",\"alternateName\":\"Mallorca Turisme\",\"url\":\"https:\\\/\\\/fundaciomallorcaturisme.net\\\/ca\\\/\",\"logo\":{\"@type\":\"ImageObject\",\"inLanguage\":\"ca\",\"@id\":\"https:\\\/\\\/fundaciomallorcaturisme.net\\\/ca\\\/#\\\/schema\\\/logo\\\/image\\\/\",\"url\":\"http:\\\/\\\/fundaciomallorcaturisme.net\\\/wp-content\\\/uploads\\\/2026\\\/03\\\/logo.webp\",\"contentUrl\":\"http:\\\/\\\/fundaciomallorcaturisme.net\\\/wp-content\\\/uploads\\\/2026\\\/03\\\/logo.webp\",\"width\":696,\"height\":570,\"caption\":\"Consell de Mallorca\"},\"image\":{\"@id\":\"https:\\\/\\\/fundaciomallorcaturisme.net\\\/ca\\\/#\\\/schema\\\/logo\\\/image\\\/\"},\"sameAs\":[\"https:\\\/\\\/www.facebook.com\\\/ConselldeMca\\\/\",\"https:\\\/\\\/x.com\\\/ConselldeMca\",\"https:\\\/\\\/www.instagram.com\\\/conselldemca\\\/\",\"https:\\\/\\\/www.youtube.com\\\/user\\\/conselldemallorca\"]}]}<\/script>\n<!-- \/ Yoast SEO plugin. -->","yoast_head_json":{"title":"Es Pla - Consell de Mallorca","robots":{"index":"index","follow":"follow","max-snippet":"max-snippet:-1","max-image-preview":"max-image-preview:large","max-video-preview":"max-video-preview:-1"},"canonical":"https:\/\/fundaciomallorcaturisme.net\/ca\/destinacions\/es-pla\/","og_locale":"ca_ES","og_type":"article","og_title":"Es Pla - Consell de Mallorca","og_url":"https:\/\/fundaciomallorcaturisme.net\/ca\/destinacions\/es-pla\/","og_site_name":"Consell de Mallorca","article_publisher":"https:\/\/www.facebook.com\/ConselldeMca\/","article_modified_time":"2026-04-08T11:25:49+00:00","og_image":[{"width":825,"height":463,"url":"https:\/\/fundaciomallorcaturisme.net\/wp-content\/uploads\/2026\/02\/48e6b9d6-5f9b-e9d7-ff56-e467f0cda79c.jpg","type":"image\/jpeg"}],"twitter_card":"summary_large_image","twitter_site":"@ConselldeMca","twitter_misc":{"Temps estimat de lectura":"1 minut"},"schema":{"@context":"https:\/\/schema.org","@graph":[{"@type":"WebPage","@id":"https:\/\/fundaciomallorcaturisme.net\/ca\/destinacions\/es-pla\/","url":"https:\/\/fundaciomallorcaturisme.net\/ca\/destinacions\/es-pla\/","name":"Es Pla - Consell de Mallorca","isPartOf":{"@id":"https:\/\/fundaciomallorcaturisme.net\/ca\/#website"},"primaryImageOfPage":{"@id":"https:\/\/fundaciomallorcaturisme.net\/ca\/destinacions\/es-pla\/#primaryimage"},"image":{"@id":"https:\/\/fundaciomallorcaturisme.net\/ca\/destinacions\/es-pla\/#primaryimage"},"thumbnailUrl":"https:\/\/fundaciomallorcaturisme.net\/wp-content\/uploads\/2026\/02\/48e6b9d6-5f9b-e9d7-ff56-e467f0cda79c.jpg","datePublished":"2026-02-25T10:47:13+00:00","dateModified":"2026-04-08T11:25:49+00:00","breadcrumb":{"@id":"https:\/\/fundaciomallorcaturisme.net\/ca\/destinacions\/es-pla\/#breadcrumb"},"inLanguage":"ca","potentialAction":[{"@type":"ReadAction","target":["https:\/\/fundaciomallorcaturisme.net\/ca\/destinacions\/es-pla\/"]}]},{"@type":"ImageObject","inLanguage":"ca","@id":"https:\/\/fundaciomallorcaturisme.net\/ca\/destinacions\/es-pla\/#primaryimage","url":"https:\/\/fundaciomallorcaturisme.net\/wp-content\/uploads\/2026\/02\/48e6b9d6-5f9b-e9d7-ff56-e467f0cda79c.jpg","contentUrl":"https:\/\/fundaciomallorcaturisme.net\/wp-content\/uploads\/2026\/02\/48e6b9d6-5f9b-e9d7-ff56-e467f0cda79c.jpg","width":825,"height":463},{"@type":"BreadcrumbList","@id":"https:\/\/fundaciomallorcaturisme.net\/ca\/destinacions\/es-pla\/#breadcrumb","itemListElement":[{"@type":"ListItem","position":1,"name":"Inici","item":"https:\/\/fundaciomallorcaturisme.net\/ca\/"},{"@type":"ListItem","position":2,"name":"Destinacions","item":"https:\/\/fundaciomallorcaturisme.net\/ca\/destinacions\/"},{"@type":"ListItem","position":3,"name":"Es Pla"}]},{"@type":"WebSite","@id":"https:\/\/fundaciomallorcaturisme.net\/ca\/#website","url":"https:\/\/fundaciomallorcaturisme.net\/ca\/","name":"Consell de Mallorca","description":"","publisher":{"@id":"https:\/\/fundaciomallorcaturisme.net\/ca\/#organization"},"alternateName":"Mallorca Turisme","potentialAction":[{"@type":"SearchAction","target":{"@type":"EntryPoint","urlTemplate":"https:\/\/fundaciomallorcaturisme.net\/ca\/?s={search_term_string}"},"query-input":{"@type":"PropertyValueSpecification","valueRequired":true,"valueName":"search_term_string"}}],"inLanguage":"ca"},{"@type":"Organization","@id":"https:\/\/fundaciomallorcaturisme.net\/ca\/#organization","name":"Consell de Mallorca","alternateName":"Mallorca Turisme","url":"https:\/\/fundaciomallorcaturisme.net\/ca\/","logo":{"@type":"ImageObject","inLanguage":"ca","@id":"https:\/\/fundaciomallorcaturisme.net\/ca\/#\/schema\/logo\/image\/","url":"http:\/\/fundaciomallorcaturisme.net\/wp-content\/uploads\/2026\/03\/logo.webp","contentUrl":"http:\/\/fundaciomallorcaturisme.net\/wp-content\/uploads\/2026\/03\/logo.webp","width":696,"height":570,"caption":"Consell de Mallorca"},"image":{"@id":"https:\/\/fundaciomallorcaturisme.net\/ca\/#\/schema\/logo\/image\/"},"sameAs":["https:\/\/www.facebook.com\/ConselldeMca\/","https:\/\/x.com\/ConselldeMca","https:\/\/www.instagram.com\/conselldemca\/","https:\/\/www.youtube.com\/user\/conselldemallorca"]}]}},"_links":{"self":[{"href":"https:\/\/fundaciomallorcaturisme.net\/ca\/wp-json\/wp\/v2\/pages\/2921","targetHints":{"allow":["GET"]}}],"collection":[{"href":"https:\/\/fundaciomallorcaturisme.net\/ca\/wp-json\/wp\/v2\/pages"}],"about":[{"href":"https:\/\/fundaciomallorcaturisme.net\/ca\/wp-json\/wp\/v2\/types\/page"}],"author":[{"embeddable":true,"href":"https:\/\/fundaciomallorcaturisme.net\/ca\/wp-json\/wp\/v2\/users\/1"}],"replies":[{"embeddable":true,"href":"https:\/\/fundaciomallorcaturisme.net\/ca\/wp-json\/wp\/v2\/comments?post=2921"}],"version-history":[{"count":1,"href":"https:\/\/fundaciomallorcaturisme.net\/ca\/wp-json\/wp\/v2\/pages\/2921\/revisions"}],"predecessor-version":[{"id":4679,"href":"https:\/\/fundaciomallorcaturisme.net\/ca\/wp-json\/wp\/v2\/pages\/2921\/revisions\/4679"}],"up":[{"embeddable":true,"href":"https:\/\/fundaciomallorcaturisme.net\/ca\/wp-json\/wp\/v2\/pages\/1595"}],"wp:featuredmedia":[{"embeddable":true,"href":"https:\/\/fundaciomallorcaturisme.net\/ca\/wp-json\/wp\/v2\/media\/929"}],"wp:attachment":[{"href":"https:\/\/fundaciomallorcaturisme.net\/ca\/wp-json\/wp\/v2\/media?parent=2921"}],"curies":[{"name":"wp","href":"https:\/\/api.w.org\/{rel}","templated":true}]}}