{"id":2203,"date":"2026-02-09T17:57:27","date_gmt":"2026-02-09T16:57:27","guid":{"rendered":"http:\/\/fundaciomallorcaturisme.net\/summit\/"},"modified":"2026-04-09T14:01:08","modified_gmt":"2026-04-09T12:01:08","slug":"summit","status":"publish","type":"page","link":"https:\/\/fundaciomallorcaturisme.net\/ca\/summit\/","title":{"rendered":"Summit"},"content":{"rendered":"","protected":false},"excerpt":{"rendered":"","protected":false},"author":1,"featured_media":0,"parent":0,"menu_order":0,"comment_status":"closed","ping_status":"closed","template":"page-templates\/contenido_flexible.php","meta":{"_acf_changed":false,"footnotes":""},"class_list":["post-2203","page","type-page","status-publish","hentry"],"acf":{"contenido_flexible":[{"acf_fc_layout":"cabecera","titulo":"<h1>Mallorca Sustainable Destinations Summit<\/h1>","titulo_grande":false,"subtitulo":"Liderant la conversa global sobre el futur del turisme sostenible","texto":"<strong>Mallorca<\/strong> es converteix peri\u00f2dicament en el <strong>punt de trobada<\/strong> dels majors experts mundials per <strong>debatre, compartir i dissenyar<\/strong> les <strong>estrat\u00e8gies<\/strong> que <strong>transformaran el turisme<\/strong> en una for\u00e7a impulsora del b\u00e9 com\u00fa global.","enlace":"","flecha_abajo":true,"tiene_video":false,"video":null,"imagenx1":654,"imagenx2":655,"logos":""},{"acf_fc_layout":"texto_con_imagen","pretitulo":"Qu\u00e8 \u00e9s el Summit?","titulo":"Un referent internacional <span>en turisme responsable<\/span>","subtitulo":"","texto":"<strong>Organitzat per la Fundaci\u00f3 Mallorca Turisme<\/strong>, en col\u00b7laboraci\u00f3 amb el Consell de Mallorca i l'Observatori de Turisme Sostenible (STO Mallorca), aquest esdeveniment compta amb el suport estrat\u00e8gic d'ONU Turisme.\r\n\r\n<strong>El Summit neix amb la vocaci\u00f3 de ser un espai d'intercanvi d'idees disruptives i solucions pr\u00e0ctiques<\/strong>, consolidant la nostra illa com un laboratori viu de sostenibilitat i un model a seguir per a altres destinacions internacionals.","cta":"","imagen":658,"tiene_video":true,"enlace_video":{"title":"ver v\u00eddeo","url":"https:\/\/www.youtube.com\/watch?v=Fa2kB51Cq5k","target":"_blank"},"logos":"","color_de_fondo":"#ffffff","texto_en_blanco":false,"son_enlaces":false,"elementos":null,"imagen_izquierda":false,"margen_superior":60,"margen_inferior":""},{"acf_fc_layout":"texto_con_imagen","pretitulo":"Objectius i prop\u00f2sit","titulo":"<span>Transformant el turisme<\/span> en una for\u00e7a per al canvi","subtitulo":"","texto":"L'<strong>objectiu principal del Summit<\/strong> \u00e9s facilitar un <strong>intercanvi pr\u00e0ctic d'estrat\u00e8gies d'\u00e8xit i experi\u00e8ncies<\/strong> d'impacte entre l\u00edders d'opini\u00f3 i responsables de la presa de decisions. Ens centrem en tres pilars fonamentals:","cta":"","imagen":668,"tiene_video":false,"enlace_video":null,"logos":"","color_de_fondo":"#ffffff","texto_en_blanco":false,"son_enlaces":false,"elementos":[{"enlace":null,"icono":669,"titulo":"Lideratge estrat\u00e8gic","descripcion":"Reunits a experts d'alt nivell de tota la ind\u00fastria tur\u00edstica i sectors aliats.","color_de_fondo":"#365abd","texto_blanco":false},{"enlace":null,"icono":670,"titulo":"Evid\u00e8ncia i ci\u00e8ncia","descripcion":"Analitzem dades reals per guiar el proc\u00e9s de transformaci\u00f3 cap a la sostenibilitat.","color_de_fondo":"#365abd","texto_blanco":false},{"enlace":null,"icono":671,"titulo":"Sinergia global","descripcion":"Fomentem la col\u00b7laboraci\u00f3 internacional per afrontar els reptes ambientals i socials del sector.","color_de_fondo":"#365abd","texto_blanco":false}],"imagen_izquierda":true,"margen_superior":"","margen_inferior":""},{"acf_fc_layout":"grid_elementos_flexible","pretitulo":"Un programa d'immersi\u00f3","titulo":"M\u00e9s enll\u00e0 de les confer\u00e8ncies","texto":"El <strong>Summit est\u00e0 dissenyat per generar coneixement<\/strong> tant a dins com a<br> fora de les sales de debat. La seva estructura habitual inclou:","texto_secundario":"","cta":"","logos":"","alineacion":"centrado","elementos":[{"icono":675,"titulo":"Panells i entrevistes","enlace":"","descripcion":"Debats profunds sobre el paper de les destinacions en la transformaci\u00f3 sostenible.","color_de_fondo":"#ffffff","texto_blanco":false},{"icono":676,"titulo":"Mallorca Responsible\u2028Tourism Week","enlace":"","descripcion":"Setmana dedicada al turisme responsable, sumant sinergies amb altres f\u00f2rums de ci\u00e8ncia i cinema mediambiental.","color_de_fondo":"#ffffff","texto_blanco":false},{"icono":677,"titulo":"Programa de visites t\u00e8cniques","enlace":"","descripcion":"Una oportunitat perqu\u00e8 ponents i participants coneguin de primera m\u00e0 projectes locals d'\u00e8xit a l'illa.","color_de_fondo":"#ffffff","texto_blanco":false}],"estilo":"centrado","color_de_fondo":"#365abd","texto_blanco":true,"ilustracion":692},{"acf_fc_layout":"blog","pretitulo":"Propers esdeveniments","titulo":"Properes edicions i actualitzacions","enlace":{"title":"Not\u00edcies m\u00e9s recents","url":"http:\/\/fundaciomallorcaturisme.net\/ca\/blog\/","target":""}},{"acf_fc_layout":"texto_full","texto":"viumallorca"},{"acf_fc_layout":"grid_elementos_flexible","pretitulo":"Planificaci\u00f3 r\u00e0pida","titulo":"Ja has triat <span>destinaci\u00f3?<\/span>","texto":"Volem que la teva experi\u00e8ncia a Mallorca sigui perfecta des del primer moment. Aqu\u00ed trobar\u00e0s des de com arribar i on allotjar-te, fins a la documentaci\u00f3 pr\u00e0ctica i els mitjans de transport que pots utilitzar.","texto_secundario":"","cta":"","logos":"","alineacion":"izquierda","elementos":[{"icono":"","titulo":"Com arribar i moure't per l'Illa","enlace":"http:\/\/fundaciomallorcaturisme.net\/ca\/planifica\/transport\/","descripcion":"","color_de_fondo":"#9bcbeb","texto_blanco":true},{"icono":"","titulo":"Troba l'allotjament ideal","enlace":"http:\/\/fundaciomallorcaturisme.net\/ca\/planifica\/allotjaments\/","descripcion":"","color_de_fondo":"#ef9600","texto_blanco":false},{"icono":"","titulo":"Despla\u00e7aments en ferri i bus","enlace":"http:\/\/fundaciomallorcaturisme.net\/ca\/planifica\/transport\/","descripcion":"","color_de_fondo":"#365abd","texto_blanco":true},{"icono":"","titulo":"Plans disponibles","enlace":"http:\/\/fundaciomallorcaturisme.net\/ca\/que-fer\/","descripcion":"","color_de_fondo":"#ffc600","texto_blanco":false}],"estilo":"fila","color_de_fondo":"","texto_blanco":false,"ilustracion":""}]},"yoast_head":"<!-- This site is optimized with the Yoast SEO plugin v27.7 - https:\/\/yoast.com\/product\/yoast-seo-wordpress\/ -->\n<title>Summit - Consell de Mallorca<\/title>\n<meta name=\"robots\" content=\"index, follow, max-snippet:-1, max-image-preview:large, max-video-preview:-1\" \/>\n<link rel=\"canonical\" href=\"https:\/\/fundaciomallorcaturisme.net\/ca\/summit\/\" \/>\n<meta property=\"og:locale\" content=\"ca_ES\" \/>\n<meta property=\"og:type\" content=\"article\" \/>\n<meta property=\"og:title\" content=\"Summit - Consell de Mallorca\" \/>\n<meta property=\"og:url\" content=\"https:\/\/fundaciomallorcaturisme.net\/ca\/summit\/\" \/>\n<meta property=\"og:site_name\" content=\"Consell de Mallorca\" \/>\n<meta property=\"article:publisher\" content=\"https:\/\/www.facebook.com\/ConselldeMca\/\" \/>\n<meta property=\"article:modified_time\" content=\"2026-04-09T12:01:08+00:00\" \/>\n<meta property=\"og:image\" content=\"https:\/\/fundaciomallorcaturisme.net\/wp-content\/uploads\/2026\/02\/planificax2.jpg\" \/>\n\t<meta property=\"og:image:width\" content=\"1346\" \/>\n\t<meta property=\"og:image:height\" content=\"1094\" \/>\n\t<meta property=\"og:image:type\" content=\"image\/jpeg\" \/>\n<meta name=\"twitter:card\" content=\"summary_large_image\" \/>\n<meta name=\"twitter:site\" content=\"@ConselldeMca\" \/>\n<script type=\"application\/ld+json\" class=\"yoast-schema-graph\">{\"@context\":\"https:\\\/\\\/schema.org\",\"@graph\":[{\"@type\":\"WebPage\",\"@id\":\"https:\\\/\\\/fundaciomallorcaturisme.net\\\/ca\\\/summit\\\/\",\"url\":\"https:\\\/\\\/fundaciomallorcaturisme.net\\\/ca\\\/summit\\\/\",\"name\":\"Summit - Consell de Mallorca\",\"isPartOf\":{\"@id\":\"https:\\\/\\\/fundaciomallorcaturisme.net\\\/ca\\\/#website\"},\"datePublished\":\"2026-02-09T16:57:27+00:00\",\"dateModified\":\"2026-04-09T12:01:08+00:00\",\"breadcrumb\":{\"@id\":\"https:\\\/\\\/fundaciomallorcaturisme.net\\\/ca\\\/summit\\\/#breadcrumb\"},\"inLanguage\":\"ca\",\"potentialAction\":[{\"@type\":\"ReadAction\",\"target\":[\"https:\\\/\\\/fundaciomallorcaturisme.net\\\/ca\\\/summit\\\/\"]}]},{\"@type\":\"BreadcrumbList\",\"@id\":\"https:\\\/\\\/fundaciomallorcaturisme.net\\\/ca\\\/summit\\\/#breadcrumb\",\"itemListElement\":[{\"@type\":\"ListItem\",\"position\":1,\"name\":\"Inici\",\"item\":\"https:\\\/\\\/fundaciomallorcaturisme.net\\\/ca\\\/\"},{\"@type\":\"ListItem\",\"position\":2,\"name\":\"Summit\"}]},{\"@type\":\"WebSite\",\"@id\":\"https:\\\/\\\/fundaciomallorcaturisme.net\\\/ca\\\/#website\",\"url\":\"https:\\\/\\\/fundaciomallorcaturisme.net\\\/ca\\\/\",\"name\":\"Consell de Mallorca\",\"description\":\"\",\"publisher\":{\"@id\":\"https:\\\/\\\/fundaciomallorcaturisme.net\\\/ca\\\/#organization\"},\"alternateName\":\"Mallorca Turisme\",\"potentialAction\":[{\"@type\":\"SearchAction\",\"target\":{\"@type\":\"EntryPoint\",\"urlTemplate\":\"https:\\\/\\\/fundaciomallorcaturisme.net\\\/ca\\\/?s={search_term_string}\"},\"query-input\":{\"@type\":\"PropertyValueSpecification\",\"valueRequired\":true,\"valueName\":\"search_term_string\"}}],\"inLanguage\":\"ca\"},{\"@type\":\"Organization\",\"@id\":\"https:\\\/\\\/fundaciomallorcaturisme.net\\\/ca\\\/#organization\",\"name\":\"Consell de Mallorca\",\"alternateName\":\"Mallorca Turisme\",\"url\":\"https:\\\/\\\/fundaciomallorcaturisme.net\\\/ca\\\/\",\"logo\":{\"@type\":\"ImageObject\",\"inLanguage\":\"ca\",\"@id\":\"https:\\\/\\\/fundaciomallorcaturisme.net\\\/ca\\\/#\\\/schema\\\/logo\\\/image\\\/\",\"url\":\"http:\\\/\\\/fundaciomallorcaturisme.net\\\/wp-content\\\/uploads\\\/2026\\\/03\\\/logo.webp\",\"contentUrl\":\"http:\\\/\\\/fundaciomallorcaturisme.net\\\/wp-content\\\/uploads\\\/2026\\\/03\\\/logo.webp\",\"width\":696,\"height\":570,\"caption\":\"Consell de Mallorca\"},\"image\":{\"@id\":\"https:\\\/\\\/fundaciomallorcaturisme.net\\\/ca\\\/#\\\/schema\\\/logo\\\/image\\\/\"},\"sameAs\":[\"https:\\\/\\\/www.facebook.com\\\/ConselldeMca\\\/\",\"https:\\\/\\\/x.com\\\/ConselldeMca\",\"https:\\\/\\\/www.instagram.com\\\/conselldemca\\\/\",\"https:\\\/\\\/www.youtube.com\\\/user\\\/conselldemallorca\"]}]}<\/script>\n<!-- \/ Yoast SEO plugin. -->","yoast_head_json":{"title":"Summit - Consell de Mallorca","robots":{"index":"index","follow":"follow","max-snippet":"max-snippet:-1","max-image-preview":"max-image-preview:large","max-video-preview":"max-video-preview:-1"},"canonical":"https:\/\/fundaciomallorcaturisme.net\/ca\/summit\/","og_locale":"ca_ES","og_type":"article","og_title":"Summit - Consell de Mallorca","og_url":"https:\/\/fundaciomallorcaturisme.net\/ca\/summit\/","og_site_name":"Consell de Mallorca","article_publisher":"https:\/\/www.facebook.com\/ConselldeMca\/","article_modified_time":"2026-04-09T12:01:08+00:00","og_image":[{"width":1346,"height":1094,"url":"https:\/\/fundaciomallorcaturisme.net\/wp-content\/uploads\/2026\/02\/planificax2.jpg","type":"image\/jpeg"}],"twitter_card":"summary_large_image","twitter_site":"@ConselldeMca","schema":{"@context":"https:\/\/schema.org","@graph":[{"@type":"WebPage","@id":"https:\/\/fundaciomallorcaturisme.net\/ca\/summit\/","url":"https:\/\/fundaciomallorcaturisme.net\/ca\/summit\/","name":"Summit - Consell de Mallorca","isPartOf":{"@id":"https:\/\/fundaciomallorcaturisme.net\/ca\/#website"},"datePublished":"2026-02-09T16:57:27+00:00","dateModified":"2026-04-09T12:01:08+00:00","breadcrumb":{"@id":"https:\/\/fundaciomallorcaturisme.net\/ca\/summit\/#breadcrumb"},"inLanguage":"ca","potentialAction":[{"@type":"ReadAction","target":["https:\/\/fundaciomallorcaturisme.net\/ca\/summit\/"]}]},{"@type":"BreadcrumbList","@id":"https:\/\/fundaciomallorcaturisme.net\/ca\/summit\/#breadcrumb","itemListElement":[{"@type":"ListItem","position":1,"name":"Inici","item":"https:\/\/fundaciomallorcaturisme.net\/ca\/"},{"@type":"ListItem","position":2,"name":"Summit"}]},{"@type":"WebSite","@id":"https:\/\/fundaciomallorcaturisme.net\/ca\/#website","url":"https:\/\/fundaciomallorcaturisme.net\/ca\/","name":"Consell de Mallorca","description":"","publisher":{"@id":"https:\/\/fundaciomallorcaturisme.net\/ca\/#organization"},"alternateName":"Mallorca Turisme","potentialAction":[{"@type":"SearchAction","target":{"@type":"EntryPoint","urlTemplate":"https:\/\/fundaciomallorcaturisme.net\/ca\/?s={search_term_string}"},"query-input":{"@type":"PropertyValueSpecification","valueRequired":true,"valueName":"search_term_string"}}],"inLanguage":"ca"},{"@type":"Organization","@id":"https:\/\/fundaciomallorcaturisme.net\/ca\/#organization","name":"Consell de Mallorca","alternateName":"Mallorca Turisme","url":"https:\/\/fundaciomallorcaturisme.net\/ca\/","logo":{"@type":"ImageObject","inLanguage":"ca","@id":"https:\/\/fundaciomallorcaturisme.net\/ca\/#\/schema\/logo\/image\/","url":"http:\/\/fundaciomallorcaturisme.net\/wp-content\/uploads\/2026\/03\/logo.webp","contentUrl":"http:\/\/fundaciomallorcaturisme.net\/wp-content\/uploads\/2026\/03\/logo.webp","width":696,"height":570,"caption":"Consell de Mallorca"},"image":{"@id":"https:\/\/fundaciomallorcaturisme.net\/ca\/#\/schema\/logo\/image\/"},"sameAs":["https:\/\/www.facebook.com\/ConselldeMca\/","https:\/\/x.com\/ConselldeMca","https:\/\/www.instagram.com\/conselldemca\/","https:\/\/www.youtube.com\/user\/conselldemallorca"]}]}},"_links":{"self":[{"href":"https:\/\/fundaciomallorcaturisme.net\/ca\/wp-json\/wp\/v2\/pages\/2203","targetHints":{"allow":["GET"]}}],"collection":[{"href":"https:\/\/fundaciomallorcaturisme.net\/ca\/wp-json\/wp\/v2\/pages"}],"about":[{"href":"https:\/\/fundaciomallorcaturisme.net\/ca\/wp-json\/wp\/v2\/types\/page"}],"author":[{"embeddable":true,"href":"https:\/\/fundaciomallorcaturisme.net\/ca\/wp-json\/wp\/v2\/users\/1"}],"replies":[{"embeddable":true,"href":"https:\/\/fundaciomallorcaturisme.net\/ca\/wp-json\/wp\/v2\/comments?post=2203"}],"version-history":[{"count":4,"href":"https:\/\/fundaciomallorcaturisme.net\/ca\/wp-json\/wp\/v2\/pages\/2203\/revisions"}],"predecessor-version":[{"id":4789,"href":"https:\/\/fundaciomallorcaturisme.net\/ca\/wp-json\/wp\/v2\/pages\/2203\/revisions\/4789"}],"wp:attachment":[{"href":"https:\/\/fundaciomallorcaturisme.net\/ca\/wp-json\/wp\/v2\/media?parent=2203"}],"curies":[{"name":"wp","href":"https:\/\/api.w.org\/{rel}","templated":true}]}}