{"id":2197,"date":"2026-02-03T11:09:25","date_gmt":"2026-02-03T10:09:25","guid":{"rendered":"http:\/\/fundaciomallorcaturisme.net\/que-hacer\/arte-y-cultura\/artesania\/"},"modified":"2026-04-08T11:36:14","modified_gmt":"2026-04-08T09:36:14","slug":"artesania","status":"publish","type":"page","link":"https:\/\/fundaciomallorcaturisme.net\/ca\/que-fer\/art-i-cultura\/artesania\/","title":{"rendered":"Artesania"},"content":{"rendered":"","protected":false},"excerpt":{"rendered":"","protected":false},"author":1,"featured_media":0,"parent":2191,"menu_order":0,"comment_status":"closed","ping_status":"closed","template":"page-templates\/contenido_flexible.php","meta":{"_acf_changed":false,"footnotes":""},"class_list":["post-2197","page","type-page","status-publish","hentry"],"acf":{"contenido_flexible":[{"acf_fc_layout":"cabecera","titulo":"<h1>Artesania de Mallorca: El valor de l'aut\u00e8ntic<\/h1>","titulo_grande":false,"subtitulo":"La tradici\u00f3 artesana de la nostra illa \u00e9s un testimoni viu de la nostra hist\u00f2ria.","texto":"Des del bufat de vidre fins al delicat treball de la pell, cada pe\u00e7a explica el relat de generacions de mestres artesans que han sabut preservar l'ess\u00e8ncia de la Mediterr\u00e0nia en objectes \u00fanics i sostenibles.","enlace":"","flecha_abajo":true,"tiene_video":true,"video":"","imagenx1":null,"imagenx2":null,"logos":""},{"acf_fc_layout":"grid_elementos_flexible","pretitulo":"Mallorca, terra de mestres artesans","titulo":"<span>Un llegat<\/span> que es toca<br>i se sent","texto":"Comprar artesania local \u00e9s la millor manera d'endur-se un tros de Mallorca ajudant a conservar els nostres oficis. Alguns dels nostres productes s'han convertit en aut\u00e8ntics s\u00edmbolols de l'illa, com els treballs en pell i el cal\u00e7at, les emblem\u00e0tiques teles de lleng\u00fces o el siurell, la figura d'argila blanca que representa el record m\u00e9s popular i aut\u00e8ntic de la nostra terra.","texto_secundario":"","cta":"","logos":"","alineacion":"izquierda","elementos":[{"icono":"","titulo":"Terrissa i Siurells","enlace":"","descripcion":"El fang agafa forma a l'interior de l'illa, on encara es mollegen olles, plats i els tradicionals siurells.","color_de_fondo":"#ef9600","texto_blanco":false},{"icono":"","titulo":"Bordats i Teles","enlace":"","descripcion":"Treballs exquisits presents en articles de moda i llar amb l'ess\u00e8ncia de les nostres famoses teles de lleng\u00fces.","color_de_fondo":"#ef9600","texto_blanco":false},{"icono":"","titulo":"Vidre Bufat","enlace":"","descripcion":"Una t\u00e8cnica mil\u00b7len\u00e0ria que exigeix un domini absolut per transformar el vidre fos en peces d'art.","color_de_fondo":"#ef9600","texto_blanco":false},{"icono":"","titulo":"Pell i Cal\u00e7at","enlace":"","descripcion":"Qualitat reconeguda internacionalment, fusionant el disseny contemporani amb el mestratge de la pelleria tradicional.","color_de_fondo":"#ef9600","texto_blanco":false},{"icono":"","titulo":"Cistelleria i Obra de Palma","enlace":"","descripcion":"L\u2019art de trenar la fulla de palma i l\u2019espart per crear cistelles, capells i senalles plens de tradici\u00f3.","color_de_fondo":"#ef9600","texto_blanco":false},{"icono":"","titulo":"Joieria i Perles","enlace":"","descripcion":"Tallers d'or i plata que mantenen viu el disseny de joies mallorqu\u00ed juntament amb la mundialment famosa ind\u00fastria de les perles.","color_de_fondo":"#ef9600","texto_blanco":false},{"icono":"","titulo":"Ganivets i Ferreria","enlace":"","descripcion":"El ferro forjat i els ganivets mallorquins, eines arrelades a la vida quotidiana i al camp de la nostra illa.","color_de_fondo":"#ef9600","texto_blanco":false}],"estilo":"slider","color_de_fondo":"","texto_blanco":false,"ilustracion":""},{"acf_fc_layout":"texto_full","texto":"viumallorca"},{"acf_fc_layout":"texto_con_imagen","pretitulo":"Fusta d'olivera","titulo":"<span>Fusta d'olivera:<\/span> L'art de l'aprofitament","subtitulo":"","texto":"La fusta de l'olivera \u00e9s de gran qualitat i, des de fa molt de temps, s'aprofita per fer una s\u00e8rie d'estris i utensilis per a la decoraci\u00f3 de la llar, eines de cuina i, fins i tot, mobles. Manacor es distingeix pels nombrosos tallers de fusteria, entre els quals es mantenen encara els que es dediquen a la fabricaci\u00f3 artesanal del tradicional moble de fusta mallorqu\u00ed.","cta":"","imagen":474,"tiene_video":false,"enlace_video":null,"logos":"","color_de_fondo":"#ffffff","texto_en_blanco":false,"son_enlaces":false,"elementos":null,"imagen_izquierda":false,"margen_superior":"","margen_inferior":""},{"acf_fc_layout":"texto_con_imagen","pretitulo":"Mostra de comprom\u00eds amb el producte local","titulo":"Un <span>record<\/span> responsable","subtitulo":"","texto":"La fusta de l'olivera \u00e9s de gran qualitat i, des de fa molt de temps, s'aprofita per fer una s\u00e8rie d'estris i utensilis per a la decoraci\u00f3 de la llar, eines de cuina i, fins i tot, mobles. Manacor es distingeix pels nombrosos tallers de fusteria, entre els quals es mantenen encara els que es dediquen a la fabricaci\u00f3 artesanal del tradicional moble de fusta mallorqu\u00ed.","cta":"","imagen":475,"tiene_video":false,"enlace_video":null,"logos":"","color_de_fondo":"#ffffff","texto_en_blanco":false,"son_enlaces":false,"elementos":null,"imagen_izquierda":true,"margen_superior":"","margen_inferior":""},{"acf_fc_layout":"grid_elementos_flexible","pretitulo":"Tamb\u00e9 et pot interessar","titulo":"Continua explorant <span>Mallorca<\/span>","texto":"Planifica la teva experi\u00e8ncia al teu ritme i viu Mallorca d'una forma aut\u00e8ntica, responsable i inoblidable.","texto_secundario":"","cta":"","logos":"","alineacion":"izquierda","elementos":[{"icono":"","titulo":"Les nostres destinacions","enlace":"\/ca\/destinacions\/","descripcion":"Explora les comarques i pobles on neix la nostra cultura.","color_de_fondo":"#000000","texto_blanco":true},{"icono":"","titulo":"Qu\u00e8 fer","enlace":"\/ca\/que-fer\/","descripcion":"Consulta l'agenda d'experi\u00e8ncies i esdeveniments culturals.","color_de_fondo":"#000000","texto_blanco":true},{"icono":"","titulo":"Planifica la teva experi\u00e8ncia","enlace":"\/ca\/planifica\/","descripcion":"Tot el que necessites saber per organitzar la teva visita: mapes, transport i consells pr\u00e0ctics per moure't per l'illa.","color_de_fondo":"#000000","texto_blanco":true}],"estilo":"fila","color_de_fondo":"","texto_blanco":false,"ilustracion":""}]},"yoast_head":"<!-- This site is optimized with the Yoast SEO plugin v27.7 - https:\/\/yoast.com\/product\/yoast-seo-wordpress\/ -->\n<title>Artesania - Consell de Mallorca<\/title>\n<meta name=\"robots\" content=\"index, follow, max-snippet:-1, max-image-preview:large, max-video-preview:-1\" \/>\n<link rel=\"canonical\" href=\"https:\/\/fundaciomallorcaturisme.net\/ca\/que-fer\/art-i-cultura\/artesania\/\" \/>\n<meta property=\"og:locale\" content=\"ca_ES\" \/>\n<meta property=\"og:type\" content=\"article\" \/>\n<meta property=\"og:title\" content=\"Artesania - Consell de Mallorca\" \/>\n<meta property=\"og:url\" content=\"https:\/\/fundaciomallorcaturisme.net\/ca\/que-fer\/art-i-cultura\/artesania\/\" \/>\n<meta property=\"og:site_name\" content=\"Consell de Mallorca\" \/>\n<meta property=\"article:publisher\" content=\"https:\/\/www.facebook.com\/ConselldeMca\/\" \/>\n<meta property=\"article:modified_time\" content=\"2026-04-08T09:36:14+00:00\" \/>\n<meta property=\"og:image\" content=\"https:\/\/fundaciomallorcaturisme.net\/wp-content\/uploads\/2026\/02\/planificax2.jpg\" \/>\n\t<meta property=\"og:image:width\" content=\"1346\" \/>\n\t<meta property=\"og:image:height\" content=\"1094\" \/>\n\t<meta property=\"og:image:type\" content=\"image\/jpeg\" \/>\n<meta name=\"twitter:card\" content=\"summary_large_image\" \/>\n<meta name=\"twitter:site\" content=\"@ConselldeMca\" \/>\n<script type=\"application\/ld+json\" class=\"yoast-schema-graph\">{\"@context\":\"https:\\\/\\\/schema.org\",\"@graph\":[{\"@type\":\"WebPage\",\"@id\":\"https:\\\/\\\/fundaciomallorcaturisme.net\\\/ca\\\/que-fer\\\/art-i-cultura\\\/artesania\\\/\",\"url\":\"https:\\\/\\\/fundaciomallorcaturisme.net\\\/ca\\\/que-fer\\\/art-i-cultura\\\/artesania\\\/\",\"name\":\"Artesania - Consell de Mallorca\",\"isPartOf\":{\"@id\":\"https:\\\/\\\/fundaciomallorcaturisme.net\\\/ca\\\/#website\"},\"datePublished\":\"2026-02-03T10:09:25+00:00\",\"dateModified\":\"2026-04-08T09:36:14+00:00\",\"breadcrumb\":{\"@id\":\"https:\\\/\\\/fundaciomallorcaturisme.net\\\/ca\\\/que-fer\\\/art-i-cultura\\\/artesania\\\/#breadcrumb\"},\"inLanguage\":\"ca\",\"potentialAction\":[{\"@type\":\"ReadAction\",\"target\":[\"https:\\\/\\\/fundaciomallorcaturisme.net\\\/ca\\\/que-fer\\\/art-i-cultura\\\/artesania\\\/\"]}]},{\"@type\":\"BreadcrumbList\",\"@id\":\"https:\\\/\\\/fundaciomallorcaturisme.net\\\/ca\\\/que-fer\\\/art-i-cultura\\\/artesania\\\/#breadcrumb\",\"itemListElement\":[{\"@type\":\"ListItem\",\"position\":1,\"name\":\"Inici\",\"item\":\"https:\\\/\\\/fundaciomallorcaturisme.net\\\/ca\\\/\"},{\"@type\":\"ListItem\",\"position\":2,\"name\":\"Qu\u00e8 fer\",\"item\":\"https:\\\/\\\/fundaciomallorcaturisme.net\\\/ca\\\/que-fer\\\/\"},{\"@type\":\"ListItem\",\"position\":3,\"name\":\"Art i cultura\",\"item\":\"https:\\\/\\\/fundaciomallorcaturisme.net\\\/ca\\\/que-fer\\\/art-i-cultura\\\/\"},{\"@type\":\"ListItem\",\"position\":4,\"name\":\"Artesania\"}]},{\"@type\":\"WebSite\",\"@id\":\"https:\\\/\\\/fundaciomallorcaturisme.net\\\/ca\\\/#website\",\"url\":\"https:\\\/\\\/fundaciomallorcaturisme.net\\\/ca\\\/\",\"name\":\"Consell de Mallorca\",\"description\":\"\",\"publisher\":{\"@id\":\"https:\\\/\\\/fundaciomallorcaturisme.net\\\/ca\\\/#organization\"},\"alternateName\":\"Mallorca Turisme\",\"potentialAction\":[{\"@type\":\"SearchAction\",\"target\":{\"@type\":\"EntryPoint\",\"urlTemplate\":\"https:\\\/\\\/fundaciomallorcaturisme.net\\\/ca\\\/?s={search_term_string}\"},\"query-input\":{\"@type\":\"PropertyValueSpecification\",\"valueRequired\":true,\"valueName\":\"search_term_string\"}}],\"inLanguage\":\"ca\"},{\"@type\":\"Organization\",\"@id\":\"https:\\\/\\\/fundaciomallorcaturisme.net\\\/ca\\\/#organization\",\"name\":\"Consell de Mallorca\",\"alternateName\":\"Mallorca Turisme\",\"url\":\"https:\\\/\\\/fundaciomallorcaturisme.net\\\/ca\\\/\",\"logo\":{\"@type\":\"ImageObject\",\"inLanguage\":\"ca\",\"@id\":\"https:\\\/\\\/fundaciomallorcaturisme.net\\\/ca\\\/#\\\/schema\\\/logo\\\/image\\\/\",\"url\":\"http:\\\/\\\/fundaciomallorcaturisme.net\\\/wp-content\\\/uploads\\\/2026\\\/03\\\/logo.webp\",\"contentUrl\":\"http:\\\/\\\/fundaciomallorcaturisme.net\\\/wp-content\\\/uploads\\\/2026\\\/03\\\/logo.webp\",\"width\":696,\"height\":570,\"caption\":\"Consell de Mallorca\"},\"image\":{\"@id\":\"https:\\\/\\\/fundaciomallorcaturisme.net\\\/ca\\\/#\\\/schema\\\/logo\\\/image\\\/\"},\"sameAs\":[\"https:\\\/\\\/www.facebook.com\\\/ConselldeMca\\\/\",\"https:\\\/\\\/x.com\\\/ConselldeMca\",\"https:\\\/\\\/www.instagram.com\\\/conselldemca\\\/\",\"https:\\\/\\\/www.youtube.com\\\/user\\\/conselldemallorca\"]}]}<\/script>\n<!-- \/ Yoast SEO plugin. -->","yoast_head_json":{"title":"Artesania - Consell de Mallorca","robots":{"index":"index","follow":"follow","max-snippet":"max-snippet:-1","max-image-preview":"max-image-preview:large","max-video-preview":"max-video-preview:-1"},"canonical":"https:\/\/fundaciomallorcaturisme.net\/ca\/que-fer\/art-i-cultura\/artesania\/","og_locale":"ca_ES","og_type":"article","og_title":"Artesania - Consell de Mallorca","og_url":"https:\/\/fundaciomallorcaturisme.net\/ca\/que-fer\/art-i-cultura\/artesania\/","og_site_name":"Consell de Mallorca","article_publisher":"https:\/\/www.facebook.com\/ConselldeMca\/","article_modified_time":"2026-04-08T09:36:14+00:00","og_image":[{"width":1346,"height":1094,"url":"https:\/\/fundaciomallorcaturisme.net\/wp-content\/uploads\/2026\/02\/planificax2.jpg","type":"image\/jpeg"}],"twitter_card":"summary_large_image","twitter_site":"@ConselldeMca","schema":{"@context":"https:\/\/schema.org","@graph":[{"@type":"WebPage","@id":"https:\/\/fundaciomallorcaturisme.net\/ca\/que-fer\/art-i-cultura\/artesania\/","url":"https:\/\/fundaciomallorcaturisme.net\/ca\/que-fer\/art-i-cultura\/artesania\/","name":"Artesania - Consell de Mallorca","isPartOf":{"@id":"https:\/\/fundaciomallorcaturisme.net\/ca\/#website"},"datePublished":"2026-02-03T10:09:25+00:00","dateModified":"2026-04-08T09:36:14+00:00","breadcrumb":{"@id":"https:\/\/fundaciomallorcaturisme.net\/ca\/que-fer\/art-i-cultura\/artesania\/#breadcrumb"},"inLanguage":"ca","potentialAction":[{"@type":"ReadAction","target":["https:\/\/fundaciomallorcaturisme.net\/ca\/que-fer\/art-i-cultura\/artesania\/"]}]},{"@type":"BreadcrumbList","@id":"https:\/\/fundaciomallorcaturisme.net\/ca\/que-fer\/art-i-cultura\/artesania\/#breadcrumb","itemListElement":[{"@type":"ListItem","position":1,"name":"Inici","item":"https:\/\/fundaciomallorcaturisme.net\/ca\/"},{"@type":"ListItem","position":2,"name":"Qu\u00e8 fer","item":"https:\/\/fundaciomallorcaturisme.net\/ca\/que-fer\/"},{"@type":"ListItem","position":3,"name":"Art i cultura","item":"https:\/\/fundaciomallorcaturisme.net\/ca\/que-fer\/art-i-cultura\/"},{"@type":"ListItem","position":4,"name":"Artesania"}]},{"@type":"WebSite","@id":"https:\/\/fundaciomallorcaturisme.net\/ca\/#website","url":"https:\/\/fundaciomallorcaturisme.net\/ca\/","name":"Consell de Mallorca","description":"","publisher":{"@id":"https:\/\/fundaciomallorcaturisme.net\/ca\/#organization"},"alternateName":"Mallorca Turisme","potentialAction":[{"@type":"SearchAction","target":{"@type":"EntryPoint","urlTemplate":"https:\/\/fundaciomallorcaturisme.net\/ca\/?s={search_term_string}"},"query-input":{"@type":"PropertyValueSpecification","valueRequired":true,"valueName":"search_term_string"}}],"inLanguage":"ca"},{"@type":"Organization","@id":"https:\/\/fundaciomallorcaturisme.net\/ca\/#organization","name":"Consell de Mallorca","alternateName":"Mallorca Turisme","url":"https:\/\/fundaciomallorcaturisme.net\/ca\/","logo":{"@type":"ImageObject","inLanguage":"ca","@id":"https:\/\/fundaciomallorcaturisme.net\/ca\/#\/schema\/logo\/image\/","url":"http:\/\/fundaciomallorcaturisme.net\/wp-content\/uploads\/2026\/03\/logo.webp","contentUrl":"http:\/\/fundaciomallorcaturisme.net\/wp-content\/uploads\/2026\/03\/logo.webp","width":696,"height":570,"caption":"Consell de Mallorca"},"image":{"@id":"https:\/\/fundaciomallorcaturisme.net\/ca\/#\/schema\/logo\/image\/"},"sameAs":["https:\/\/www.facebook.com\/ConselldeMca\/","https:\/\/x.com\/ConselldeMca","https:\/\/www.instagram.com\/conselldemca\/","https:\/\/www.youtube.com\/user\/conselldemallorca"]}]}},"_links":{"self":[{"href":"https:\/\/fundaciomallorcaturisme.net\/ca\/wp-json\/wp\/v2\/pages\/2197","targetHints":{"allow":["GET"]}}],"collection":[{"href":"https:\/\/fundaciomallorcaturisme.net\/ca\/wp-json\/wp\/v2\/pages"}],"about":[{"href":"https:\/\/fundaciomallorcaturisme.net\/ca\/wp-json\/wp\/v2\/types\/page"}],"author":[{"embeddable":true,"href":"https:\/\/fundaciomallorcaturisme.net\/ca\/wp-json\/wp\/v2\/users\/1"}],"replies":[{"embeddable":true,"href":"https:\/\/fundaciomallorcaturisme.net\/ca\/wp-json\/wp\/v2\/comments?post=2197"}],"version-history":[{"count":4,"href":"https:\/\/fundaciomallorcaturisme.net\/ca\/wp-json\/wp\/v2\/pages\/2197\/revisions"}],"predecessor-version":[{"id":4474,"href":"https:\/\/fundaciomallorcaturisme.net\/ca\/wp-json\/wp\/v2\/pages\/2197\/revisions\/4474"}],"up":[{"embeddable":true,"href":"https:\/\/fundaciomallorcaturisme.net\/ca\/wp-json\/wp\/v2\/pages\/2191"}],"wp:attachment":[{"href":"https:\/\/fundaciomallorcaturisme.net\/ca\/wp-json\/wp\/v2\/media?parent=2197"}],"curies":[{"name":"wp","href":"https:\/\/api.w.org\/{rel}","templated":true}]}}