{"id":2191,"date":"2026-02-02T17:39:36","date_gmt":"2026-02-02T16:39:36","guid":{"rendered":"http:\/\/fundaciomallorcaturisme.net\/que-hacer\/arte-y-cultura\/"},"modified":"2026-04-08T11:13:45","modified_gmt":"2026-04-08T09:13:45","slug":"art-i-cultura","status":"publish","type":"page","link":"https:\/\/fundaciomallorcaturisme.net\/ca\/que-fer\/art-i-cultura\/","title":{"rendered":"Art i cultura"},"content":{"rendered":"","protected":false},"excerpt":{"rendered":"","protected":false},"author":1,"featured_media":0,"parent":2185,"menu_order":0,"comment_status":"closed","ping_status":"closed","template":"page-templates\/contenido_flexible.php","meta":{"_acf_changed":false,"footnotes":""},"class_list":["post-2191","page","type-page","status-publish","hentry"],"acf":{"contenido_flexible":[{"acf_fc_layout":"cabecera","titulo":"<h1>Art i cultura a Mallorca: Un viatge a l'\u00e0nima de l'illa<\/h1>","titulo_grande":false,"subtitulo":"Riquesa cultural inesgotable","texto":"Mallorca \u00e9s un escenari on la hist\u00f2ria i l\u2019avantguarda es donen la m\u00e0. Des del llegat monumental de Palma fins als tallers artesans dels pobles d\u2019interior, l\u2019illa ofereix una riquesa cultural inesgotable que et convidam a descobrir de manera conscient i respectuosa.","enlace":"","flecha_abajo":true,"tiene_video":true,"video":"","imagenx1":null,"imagenx2":null,"logos":""},{"acf_fc_layout":"grid_elementos_flexible","pretitulo":"Explorar el patrimoni i la identitat","titulo":"<h2>Artesania<\/h2>","texto":"","texto_secundario":"","cta":"","logos":"","alineacion":"izquierda","elementos":[{"icono":"","titulo":"Artesania","enlace":"\/ca\/que-fer\/art-i-cultura\/artesania\/","descripcion":"El valor de l\u2019autenticitat. Descobreix els oficis centenaris que donen forma a la nostra identitat: des del vidre bufat fins a les teles de lleng\u00fces i la cer\u00e0mica tradicional de Mallorca.","color_de_fondo":"#000000","texto_blanco":true},{"icono":"","titulo":"Festes i tradicions","enlace":"\/ca\/que-fer\/art-i-cultura\/festes-i-tradicions\/","descripcion":"Viu l\u2019ess\u00e8ncia de la nostra terra. Un recorregut pel calendari festiu dels pobles de Mallorca, on la m\u00fasica, els balls i els rituals es transmeten de generaci\u00f3 en generaci\u00f3.","color_de_fondo":"#9bcbeb","texto_blanco":false},{"icono":"","titulo":"Rutes culturals","enlace":"\/ca\/que-fer\/art-i-cultura\/rutes-culturals\/","descripcion":"Cultura a cada passa. Itineraris dissenyats per descobrir el patrimoni hist\u00f2ric i art\u00edstic de l\u2019illa, connectant monuments, museus i paisatges singulars.","color_de_fondo":"#ef9600","texto_blanco":false},{"icono":"","titulo":"Serra de Tramuntana, Patrimoni Mundial","enlace":"\/ca\/destinacions\/serra-de-tramuntana\/","descripcion":"La nostra joia de la corona. Explora el paisatge cultural de la Serra, on l\u2019harmonia entre l\u2019home i la natura ha estat reconeguda per la UNESCO.","color_de_fondo":"#365abd","texto_blanco":true},{"icono":"","titulo":"El Cant de la Sibil\u00b7la, Patrimoni Immaterial","enlace":"\/ca\/que-fer\/art-i-cultura\/el-cant-de-la-sibilla\/","descripcion":"Un so que transcendeix el temps. Coneix l\u2019origen i la m\u00e0gia d\u2019aquest drama lit\u00fargic medieval, una de les tradicions m\u00e9s antigues i emocionants de Mallorca.","color_de_fondo":"#ffc600","texto_blanco":false}],"estilo":"simplificado","color_de_fondo":"","texto_blanco":false,"ilustracion":""},{"acf_fc_layout":"texto_full","texto":"viumallorca"},{"acf_fc_layout":"texto_con_imagen","pretitulo":"","titulo":"Un llegat tallat en pedra","subtitulo":"","texto":"La hist\u00f2ria de Mallorca es llegeix en els seus monuments. La nostra illa atresora una her\u00e8ncia que abasta des de les restes talai\u00f2tiques fins al modernisme. Explora l\u2019empremta de les civilitzacions que ens precediren en edificis de gran valor patrimonial, com els emblem\u00e0tics Banys \u00c0rabs de Palma, que conserven la pau d\u2019antany al cor de la ciutat.","cta":"","imagen":463,"tiene_video":false,"enlace_video":null,"logos":"","color_de_fondo":"#ffffff","texto_en_blanco":false,"son_enlaces":false,"elementos":null,"imagen_izquierda":false,"margen_superior":"","margen_inferior":""},{"acf_fc_layout":"texto_con_imagen","pretitulo":"","titulo":"Museus i centres d\u2019exposicions","subtitulo":"","texto":"Mallorca ha estat i \u00e9s refugi d\u2019artistes. La llum de la Mediterr\u00e0nia es reflecteix en les nombroses galeries i museus que alberguen col\u00b7leccions de nivell internacional. No et perdis la Nit de l\u2019Art al setembre, el gran esdeveniment que converteix els carrers en un museu viu i marca l\u2019inici de la temporada cultural.","cta":"","imagen":465,"tiene_video":false,"enlace_video":null,"logos":"","color_de_fondo":"#ffffff","texto_en_blanco":false,"son_enlaces":false,"elementos":null,"imagen_izquierda":true,"margen_superior":"","margen_inferior":""},{"acf_fc_layout":"texto_con_imagen","pretitulo":"","titulo":"Arts esc\u00e8niques","subtitulo":"","texto":"La cultura es viu sobre els escenaris. Comptam amb una xarxa de teatres i auditoris p\u00fablics en municipis com Alar\u00f3 o Santany\u00ed, on la dansa, el teatre i la m\u00fasica mantenen una programaci\u00f3 estable i de qualitat durant tot l\u2019any.","cta":"","imagen":467,"tiene_video":false,"enlace_video":null,"logos":"","color_de_fondo":"#ffffff","texto_en_blanco":false,"son_enlaces":false,"elementos":null,"imagen_izquierda":false,"margen_superior":"","margen_inferior":""},{"acf_fc_layout":"grid_elementos_flexible","pretitulo":"Tamb\u00e9 et pot interessar","titulo":"Continua explorant <span>Mallorca<\/span>","texto":"Planifica la teva experi\u00e8ncia al teu ritme i viu Mallorca d\u2019una manera aut\u00e8ntica, responsable i inoblidable.","texto_secundario":"","cta":"","logos":"","alineacion":"izquierda","elementos":[{"icono":"","titulo":"Els nostres destins","enlace":"\/ca\/destinacions\/","descripcion":"Explora les comarques i pobles on neix la nostra cultura","color_de_fondo":"#000000","texto_blanco":true},{"icono":"","titulo":"Qu\u00e8 fer","enlace":"\/ca\/que-fer\/","descripcion":"Consulta l\u2019agenda d\u2019experi\u00e8ncies i esdeveniments culturals","color_de_fondo":"#000000","texto_blanco":true},{"icono":"","titulo":"Planifica la teva experi\u00e8ncia","enlace":"\/ca\/planifica\/","descripcion":"Tot el que necessites saber per organitzar la teva visita: mapes, transport i consells pr\u00e0ctics per moure\u2019t per l\u2019illa","color_de_fondo":"#000000","texto_blanco":true}],"estilo":"fila","color_de_fondo":"","texto_blanco":false,"ilustracion":""}]},"yoast_head":"<!-- This site is optimized with the Yoast SEO plugin v27.7 - https:\/\/yoast.com\/product\/yoast-seo-wordpress\/ -->\n<title>Art i cultura - Consell de Mallorca<\/title>\n<meta name=\"robots\" content=\"index, follow, max-snippet:-1, max-image-preview:large, max-video-preview:-1\" \/>\n<link rel=\"canonical\" href=\"https:\/\/fundaciomallorcaturisme.net\/ca\/que-fer\/art-i-cultura\/\" \/>\n<meta property=\"og:locale\" content=\"ca_ES\" \/>\n<meta property=\"og:type\" content=\"article\" \/>\n<meta property=\"og:title\" content=\"Art i cultura - Consell de Mallorca\" \/>\n<meta property=\"og:url\" content=\"https:\/\/fundaciomallorcaturisme.net\/ca\/que-fer\/art-i-cultura\/\" \/>\n<meta property=\"og:site_name\" content=\"Consell de Mallorca\" \/>\n<meta property=\"article:publisher\" content=\"https:\/\/www.facebook.com\/ConselldeMca\/\" \/>\n<meta property=\"article:modified_time\" content=\"2026-04-08T09:13:45+00:00\" \/>\n<meta property=\"og:image\" content=\"https:\/\/fundaciomallorcaturisme.net\/wp-content\/uploads\/2026\/02\/planificax2.jpg\" \/>\n\t<meta property=\"og:image:width\" content=\"1346\" \/>\n\t<meta property=\"og:image:height\" content=\"1094\" \/>\n\t<meta property=\"og:image:type\" content=\"image\/jpeg\" \/>\n<meta name=\"twitter:card\" content=\"summary_large_image\" \/>\n<meta name=\"twitter:site\" content=\"@ConselldeMca\" \/>\n<script type=\"application\/ld+json\" class=\"yoast-schema-graph\">{\"@context\":\"https:\\\/\\\/schema.org\",\"@graph\":[{\"@type\":\"WebPage\",\"@id\":\"https:\\\/\\\/fundaciomallorcaturisme.net\\\/ca\\\/que-fer\\\/art-i-cultura\\\/\",\"url\":\"https:\\\/\\\/fundaciomallorcaturisme.net\\\/ca\\\/que-fer\\\/art-i-cultura\\\/\",\"name\":\"Art i cultura - Consell de Mallorca\",\"isPartOf\":{\"@id\":\"https:\\\/\\\/fundaciomallorcaturisme.net\\\/ca\\\/#website\"},\"datePublished\":\"2026-02-02T16:39:36+00:00\",\"dateModified\":\"2026-04-08T09:13:45+00:00\",\"breadcrumb\":{\"@id\":\"https:\\\/\\\/fundaciomallorcaturisme.net\\\/ca\\\/que-fer\\\/art-i-cultura\\\/#breadcrumb\"},\"inLanguage\":\"ca\",\"potentialAction\":[{\"@type\":\"ReadAction\",\"target\":[\"https:\\\/\\\/fundaciomallorcaturisme.net\\\/ca\\\/que-fer\\\/art-i-cultura\\\/\"]}]},{\"@type\":\"BreadcrumbList\",\"@id\":\"https:\\\/\\\/fundaciomallorcaturisme.net\\\/ca\\\/que-fer\\\/art-i-cultura\\\/#breadcrumb\",\"itemListElement\":[{\"@type\":\"ListItem\",\"position\":1,\"name\":\"Inici\",\"item\":\"https:\\\/\\\/fundaciomallorcaturisme.net\\\/ca\\\/\"},{\"@type\":\"ListItem\",\"position\":2,\"name\":\"Qu\u00e8 fer\",\"item\":\"https:\\\/\\\/fundaciomallorcaturisme.net\\\/ca\\\/que-fer\\\/\"},{\"@type\":\"ListItem\",\"position\":3,\"name\":\"Art i cultura\"}]},{\"@type\":\"WebSite\",\"@id\":\"https:\\\/\\\/fundaciomallorcaturisme.net\\\/ca\\\/#website\",\"url\":\"https:\\\/\\\/fundaciomallorcaturisme.net\\\/ca\\\/\",\"name\":\"Consell de Mallorca\",\"description\":\"\",\"publisher\":{\"@id\":\"https:\\\/\\\/fundaciomallorcaturisme.net\\\/ca\\\/#organization\"},\"alternateName\":\"Mallorca Turisme\",\"potentialAction\":[{\"@type\":\"SearchAction\",\"target\":{\"@type\":\"EntryPoint\",\"urlTemplate\":\"https:\\\/\\\/fundaciomallorcaturisme.net\\\/ca\\\/?s={search_term_string}\"},\"query-input\":{\"@type\":\"PropertyValueSpecification\",\"valueRequired\":true,\"valueName\":\"search_term_string\"}}],\"inLanguage\":\"ca\"},{\"@type\":\"Organization\",\"@id\":\"https:\\\/\\\/fundaciomallorcaturisme.net\\\/ca\\\/#organization\",\"name\":\"Consell de Mallorca\",\"alternateName\":\"Mallorca Turisme\",\"url\":\"https:\\\/\\\/fundaciomallorcaturisme.net\\\/ca\\\/\",\"logo\":{\"@type\":\"ImageObject\",\"inLanguage\":\"ca\",\"@id\":\"https:\\\/\\\/fundaciomallorcaturisme.net\\\/ca\\\/#\\\/schema\\\/logo\\\/image\\\/\",\"url\":\"http:\\\/\\\/fundaciomallorcaturisme.net\\\/wp-content\\\/uploads\\\/2026\\\/03\\\/logo.webp\",\"contentUrl\":\"http:\\\/\\\/fundaciomallorcaturisme.net\\\/wp-content\\\/uploads\\\/2026\\\/03\\\/logo.webp\",\"width\":696,\"height\":570,\"caption\":\"Consell de Mallorca\"},\"image\":{\"@id\":\"https:\\\/\\\/fundaciomallorcaturisme.net\\\/ca\\\/#\\\/schema\\\/logo\\\/image\\\/\"},\"sameAs\":[\"https:\\\/\\\/www.facebook.com\\\/ConselldeMca\\\/\",\"https:\\\/\\\/x.com\\\/ConselldeMca\",\"https:\\\/\\\/www.instagram.com\\\/conselldemca\\\/\",\"https:\\\/\\\/www.youtube.com\\\/user\\\/conselldemallorca\"]}]}<\/script>\n<!-- \/ Yoast SEO plugin. -->","yoast_head_json":{"title":"Art i cultura - Consell de Mallorca","robots":{"index":"index","follow":"follow","max-snippet":"max-snippet:-1","max-image-preview":"max-image-preview:large","max-video-preview":"max-video-preview:-1"},"canonical":"https:\/\/fundaciomallorcaturisme.net\/ca\/que-fer\/art-i-cultura\/","og_locale":"ca_ES","og_type":"article","og_title":"Art i cultura - Consell de Mallorca","og_url":"https:\/\/fundaciomallorcaturisme.net\/ca\/que-fer\/art-i-cultura\/","og_site_name":"Consell de Mallorca","article_publisher":"https:\/\/www.facebook.com\/ConselldeMca\/","article_modified_time":"2026-04-08T09:13:45+00:00","og_image":[{"width":1346,"height":1094,"url":"https:\/\/fundaciomallorcaturisme.net\/wp-content\/uploads\/2026\/02\/planificax2.jpg","type":"image\/jpeg"}],"twitter_card":"summary_large_image","twitter_site":"@ConselldeMca","schema":{"@context":"https:\/\/schema.org","@graph":[{"@type":"WebPage","@id":"https:\/\/fundaciomallorcaturisme.net\/ca\/que-fer\/art-i-cultura\/","url":"https:\/\/fundaciomallorcaturisme.net\/ca\/que-fer\/art-i-cultura\/","name":"Art i cultura - Consell de Mallorca","isPartOf":{"@id":"https:\/\/fundaciomallorcaturisme.net\/ca\/#website"},"datePublished":"2026-02-02T16:39:36+00:00","dateModified":"2026-04-08T09:13:45+00:00","breadcrumb":{"@id":"https:\/\/fundaciomallorcaturisme.net\/ca\/que-fer\/art-i-cultura\/#breadcrumb"},"inLanguage":"ca","potentialAction":[{"@type":"ReadAction","target":["https:\/\/fundaciomallorcaturisme.net\/ca\/que-fer\/art-i-cultura\/"]}]},{"@type":"BreadcrumbList","@id":"https:\/\/fundaciomallorcaturisme.net\/ca\/que-fer\/art-i-cultura\/#breadcrumb","itemListElement":[{"@type":"ListItem","position":1,"name":"Inici","item":"https:\/\/fundaciomallorcaturisme.net\/ca\/"},{"@type":"ListItem","position":2,"name":"Qu\u00e8 fer","item":"https:\/\/fundaciomallorcaturisme.net\/ca\/que-fer\/"},{"@type":"ListItem","position":3,"name":"Art i cultura"}]},{"@type":"WebSite","@id":"https:\/\/fundaciomallorcaturisme.net\/ca\/#website","url":"https:\/\/fundaciomallorcaturisme.net\/ca\/","name":"Consell de Mallorca","description":"","publisher":{"@id":"https:\/\/fundaciomallorcaturisme.net\/ca\/#organization"},"alternateName":"Mallorca Turisme","potentialAction":[{"@type":"SearchAction","target":{"@type":"EntryPoint","urlTemplate":"https:\/\/fundaciomallorcaturisme.net\/ca\/?s={search_term_string}"},"query-input":{"@type":"PropertyValueSpecification","valueRequired":true,"valueName":"search_term_string"}}],"inLanguage":"ca"},{"@type":"Organization","@id":"https:\/\/fundaciomallorcaturisme.net\/ca\/#organization","name":"Consell de Mallorca","alternateName":"Mallorca Turisme","url":"https:\/\/fundaciomallorcaturisme.net\/ca\/","logo":{"@type":"ImageObject","inLanguage":"ca","@id":"https:\/\/fundaciomallorcaturisme.net\/ca\/#\/schema\/logo\/image\/","url":"http:\/\/fundaciomallorcaturisme.net\/wp-content\/uploads\/2026\/03\/logo.webp","contentUrl":"http:\/\/fundaciomallorcaturisme.net\/wp-content\/uploads\/2026\/03\/logo.webp","width":696,"height":570,"caption":"Consell de Mallorca"},"image":{"@id":"https:\/\/fundaciomallorcaturisme.net\/ca\/#\/schema\/logo\/image\/"},"sameAs":["https:\/\/www.facebook.com\/ConselldeMca\/","https:\/\/x.com\/ConselldeMca","https:\/\/www.instagram.com\/conselldemca\/","https:\/\/www.youtube.com\/user\/conselldemallorca"]}]}},"_links":{"self":[{"href":"https:\/\/fundaciomallorcaturisme.net\/ca\/wp-json\/wp\/v2\/pages\/2191","targetHints":{"allow":["GET"]}}],"collection":[{"href":"https:\/\/fundaciomallorcaturisme.net\/ca\/wp-json\/wp\/v2\/pages"}],"about":[{"href":"https:\/\/fundaciomallorcaturisme.net\/ca\/wp-json\/wp\/v2\/types\/page"}],"author":[{"embeddable":true,"href":"https:\/\/fundaciomallorcaturisme.net\/ca\/wp-json\/wp\/v2\/users\/1"}],"replies":[{"embeddable":true,"href":"https:\/\/fundaciomallorcaturisme.net\/ca\/wp-json\/wp\/v2\/comments?post=2191"}],"version-history":[{"count":4,"href":"https:\/\/fundaciomallorcaturisme.net\/ca\/wp-json\/wp\/v2\/pages\/2191\/revisions"}],"predecessor-version":[{"id":4615,"href":"https:\/\/fundaciomallorcaturisme.net\/ca\/wp-json\/wp\/v2\/pages\/2191\/revisions\/4615"}],"up":[{"embeddable":true,"href":"https:\/\/fundaciomallorcaturisme.net\/ca\/wp-json\/wp\/v2\/pages\/2185"}],"wp:attachment":[{"href":"https:\/\/fundaciomallorcaturisme.net\/ca\/wp-json\/wp\/v2\/media?parent=2191"}],"curies":[{"name":"wp","href":"https:\/\/api.w.org\/{rel}","templated":true}]}}