{"id":2167,"date":"2026-02-11T11:21:57","date_gmt":"2026-02-11T10:21:57","guid":{"rendered":"http:\/\/fundaciomallorcaturisme.net\/pledge\/"},"modified":"2026-04-13T13:45:04","modified_gmt":"2026-04-13T11:45:04","slug":"pledge","status":"publish","type":"page","link":"https:\/\/fundaciomallorcaturisme.net\/ca\/pledge\/","title":{"rendered":"Pledge"},"content":{"rendered":"","protected":false},"excerpt":{"rendered":"","protected":false},"author":1,"featured_media":0,"parent":0,"menu_order":0,"comment_status":"closed","ping_status":"closed","template":"page-templates\/contenido_flexible.php","meta":{"_acf_changed":false,"footnotes":""},"class_list":["post-2167","page","type-page","status-publish","hentry"],"acf":{"contenido_flexible":[{"acf_fc_layout":"cabecera","titulo":"<h1>Per un turisme responsable<\/h1>","titulo_grande":false,"subtitulo":"Suma't al Pledge per Mallorca","texto":"<strong>Mallorca \u00e9s la nostra llar i volem que tamb\u00e9 sigui la teva<\/strong>. Convidem residents i visitants a sumar-se al Pledge, un comprom\u00eds compartit per protegir la nostra cultura, respectar l'entorn natural i garantir la conviv\u00e8ncia.\r\n\r\nLa teva signatura \u00e9s la primera passa per preservar l'ess\u00e8ncia de l'illa.","enlace":{"title":"Uneix-te al comprom\u00eds","url":"https:\/\/pledge.fundaciomallorcaturisme.net\/","target":"_blank"},"flecha_abajo":false,"tiene_video":false,"video":null,"imagenx1":701,"imagenx2":"","logos":""},{"acf_fc_layout":"texto_con_imagen","pretitulo":"Una illa, infinites possibilitats. Descobreix el teu pla perfecte.","titulo":"<span>Mallorca Ca Nostra<\/span><br>El batec d'una illa conscient","subtitulo":"","texto":"Mallorca Ca Nostra \u00e9s molt m\u00e9s que una marca; \u00e9s la nostra manera d'entendre el m\u00f3n. Des de la Fundaci\u00f3 Turisme Responsable de Mallorca, impulsem un model tur\u00edstic equilibrat que situa el resident al centre de totes les decisions:","cta":"","imagen":702,"tiene_video":true,"enlace_video":{"title":"Veure v\u00eddeo","url":"https:\/\/www.youtube.com\/watch?v=Ibmkb_qcqJ0","target":""},"logos":"","color_de_fondo":"#ffffff","texto_en_blanco":false,"son_enlaces":false,"elementos":[{"enlace":null,"icono":669,"titulo":"El resident al centre","descripcion":"Prioritzem el benestar de la nostra comunitat local.","color_de_fondo":"#365abd","texto_blanco":false},{"enlace":null,"icono":670,"titulo":"Identitat preservada","descripcion":"Protegim la llengua, la cultura i les tradicions mallorquines.","color_de_fondo":"#365abd","texto_blanco":false},{"enlace":null,"icono":671,"titulo":"Equilibri real","descripcion":"Busquem l'harmonia entre el gaudi del visitant i la vida di\u00e0ria a l'illa.","color_de_fondo":"#365abd","texto_blanco":false}],"imagen_izquierda":false,"margen_superior":60,"margen_inferior":60},{"acf_fc_layout":"texto_con_imagen","pretitulo":"","titulo":"Qu\u00e8 \u00e9s el Pledge?","subtitulo":"El Pledge no \u00e9s nom\u00e9s una declaraci\u00f3; \u00e9s un codi \u00e8tic.","texto":"En sumar-t'hi, et compromets a seguir principis b\u00e0sics de sostenibilitat: reduir la teva petjada h\u00eddrica, respectar la biodiversitat de les nostres cales i donar suport al comer\u00e7 local. Perqu\u00e8 un turisme responsable \u00e9s aquell que deixa l'illa millor de com la va trobar.","cta":{"title":"Uneix-te al comprom\u00eds","url":"https:\/\/pledge.fundaciomallorcaturisme.net\/","target":""},"imagen":264,"tiene_video":false,"enlace_video":null,"logos":"","color_de_fondo":"#365ABD","texto_en_blanco":true,"son_enlaces":false,"elementos":null,"imagen_izquierda":true,"margen_superior":"","margen_inferior":""},{"acf_fc_layout":"grid_elementos_flexible","pretitulo":"Pilars del comprom\u00eds","titulo":"Els nostres <span>valors compartits<\/span>","texto":"El Pledge \u00e9s un comprom\u00eds compartit entre residents, visitants i institucions per a una illa m\u00e9s sostenible i responsable.","texto_secundario":"<strong>Signar-lo significa assumir uns valors comuns<\/strong>: respecte, cura i responsabilitat cap a all\u00f2 que estimem.","cta":{"title":"Uneix-te al comprom\u00eds","url":"https:\/\/pledge.fundaciomallorcaturisme.net\/","target":"_blank"},"logos":"","alineacion":"centrado","elementos":[{"icono":726,"titulo":"Respecte a la identitat","enlace":"","descripcion":"Valora les nostres tradicions, llengua i patrimoni hist\u00f2ric","color_de_fondo":"#365abd","texto_blanco":true},{"icono":727,"titulo":"Cura de l'entorn","enlace":"","descripcion":"Protegeix l'aigua, els boscos i el mar. Evita residus a les nostres platges","color_de_fondo":"#365abd","texto_blanco":true},{"icono":728,"titulo":"Conviv\u00e8ncia harmoniosa","enlace":"","descripcion":"Sigues un visitant conscient que respecta el descans i la vida dels residents","color_de_fondo":"#365abd","texto_blanco":true}],"estilo":"centrado","color_de_fondo":"#f5f5f5","texto_blanco":false,"ilustracion":""},{"acf_fc_layout":"formulario","pretitulo":"Uneix-te al comprom\u00eds","titulo":"<span>Ajuda'ns a fer possible una Mallorca m\u00e9s viva, m\u00e9s respectada i m\u00e9s nostra<\/span>","texto":"","color_de_fondo_contenido":"#cfd7ef","ilustracion_contenido":746,"id_formulario":3,"color_de_fondo_formulario":"#f5f5f5"},{"acf_fc_layout":"texto_full","texto":"viumallorca"},{"acf_fc_layout":"grid_elementos_flexible","pretitulo":"Planificaci\u00f3 r\u00e0pida","titulo":"Ja has triat <span>destinaci\u00f3?<\/span>","texto":"Volem que la teva experi\u00e8ncia a Mallorca sigui perfecta des del primer moment. Aqu\u00ed trobar\u00e0s des de com arribar i on allotjar-te, fins a la documentaci\u00f3 pr\u00e0ctica i els mitjans de transport que pots utilitzar.","texto_secundario":"","cta":"","logos":"","alineacion":"izquierda","elementos":[{"icono":"","titulo":"Com arribar i moure't per l'Illa","enlace":"http:\/\/fundaciomallorcaturisme.net\/ca\/planifica\/transport\/","descripcion":"","color_de_fondo":"#9bcbeb","texto_blanco":true},{"icono":"","titulo":"Troba l'allotjament ideal","enlace":"http:\/\/fundaciomallorcaturisme.net\/ca\/planifica\/allotjaments\/","descripcion":"","color_de_fondo":"#ef9600","texto_blanco":false},{"icono":"","titulo":"Despla\u00e7aments en ferri i bus","enlace":"http:\/\/fundaciomallorcaturisme.net\/ca\/planifica\/transport\/","descripcion":"","color_de_fondo":"#365abd","texto_blanco":true},{"icono":"","titulo":"Plans disponibles","enlace":"http:\/\/fundaciomallorcaturisme.net\/ca\/que-fer\/","descripcion":"","color_de_fondo":"#ffc600","texto_blanco":false}],"estilo":"fila","color_de_fondo":"","texto_blanco":false,"ilustracion":""}]},"yoast_head":"<!-- This site is optimized with the Yoast SEO plugin v27.7 - https:\/\/yoast.com\/product\/yoast-seo-wordpress\/ -->\n<title>Pledge - Consell de Mallorca<\/title>\n<meta name=\"robots\" content=\"index, follow, max-snippet:-1, max-image-preview:large, max-video-preview:-1\" \/>\n<link rel=\"canonical\" href=\"https:\/\/fundaciomallorcaturisme.net\/ca\/pledge\/\" \/>\n<meta property=\"og:locale\" content=\"ca_ES\" \/>\n<meta property=\"og:type\" content=\"article\" \/>\n<meta property=\"og:title\" content=\"Pledge - Consell de Mallorca\" \/>\n<meta property=\"og:url\" content=\"https:\/\/fundaciomallorcaturisme.net\/ca\/pledge\/\" \/>\n<meta property=\"og:site_name\" content=\"Consell de Mallorca\" \/>\n<meta property=\"article:publisher\" content=\"https:\/\/www.facebook.com\/ConselldeMca\/\" \/>\n<meta property=\"article:modified_time\" content=\"2026-04-13T11:45:04+00:00\" \/>\n<meta property=\"og:image\" content=\"https:\/\/fundaciomallorcaturisme.net\/wp-content\/uploads\/2026\/02\/planificax2.jpg\" \/>\n\t<meta property=\"og:image:width\" content=\"1346\" \/>\n\t<meta property=\"og:image:height\" content=\"1094\" \/>\n\t<meta property=\"og:image:type\" content=\"image\/jpeg\" \/>\n<meta name=\"twitter:card\" content=\"summary_large_image\" \/>\n<meta name=\"twitter:site\" content=\"@ConselldeMca\" \/>\n<script type=\"application\/ld+json\" class=\"yoast-schema-graph\">{\"@context\":\"https:\\\/\\\/schema.org\",\"@graph\":[{\"@type\":\"WebPage\",\"@id\":\"https:\\\/\\\/fundaciomallorcaturisme.net\\\/ca\\\/pledge\\\/\",\"url\":\"https:\\\/\\\/fundaciomallorcaturisme.net\\\/ca\\\/pledge\\\/\",\"name\":\"Pledge - Consell de Mallorca\",\"isPartOf\":{\"@id\":\"https:\\\/\\\/fundaciomallorcaturisme.net\\\/ca\\\/#website\"},\"datePublished\":\"2026-02-11T10:21:57+00:00\",\"dateModified\":\"2026-04-13T11:45:04+00:00\",\"breadcrumb\":{\"@id\":\"https:\\\/\\\/fundaciomallorcaturisme.net\\\/ca\\\/pledge\\\/#breadcrumb\"},\"inLanguage\":\"ca\",\"potentialAction\":[{\"@type\":\"ReadAction\",\"target\":[\"https:\\\/\\\/fundaciomallorcaturisme.net\\\/ca\\\/pledge\\\/\"]}]},{\"@type\":\"BreadcrumbList\",\"@id\":\"https:\\\/\\\/fundaciomallorcaturisme.net\\\/ca\\\/pledge\\\/#breadcrumb\",\"itemListElement\":[{\"@type\":\"ListItem\",\"position\":1,\"name\":\"Inici\",\"item\":\"https:\\\/\\\/fundaciomallorcaturisme.net\\\/ca\\\/\"},{\"@type\":\"ListItem\",\"position\":2,\"name\":\"Pledge\"}]},{\"@type\":\"WebSite\",\"@id\":\"https:\\\/\\\/fundaciomallorcaturisme.net\\\/ca\\\/#website\",\"url\":\"https:\\\/\\\/fundaciomallorcaturisme.net\\\/ca\\\/\",\"name\":\"Consell de Mallorca\",\"description\":\"\",\"publisher\":{\"@id\":\"https:\\\/\\\/fundaciomallorcaturisme.net\\\/ca\\\/#organization\"},\"alternateName\":\"Mallorca Turisme\",\"potentialAction\":[{\"@type\":\"SearchAction\",\"target\":{\"@type\":\"EntryPoint\",\"urlTemplate\":\"https:\\\/\\\/fundaciomallorcaturisme.net\\\/ca\\\/?s={search_term_string}\"},\"query-input\":{\"@type\":\"PropertyValueSpecification\",\"valueRequired\":true,\"valueName\":\"search_term_string\"}}],\"inLanguage\":\"ca\"},{\"@type\":\"Organization\",\"@id\":\"https:\\\/\\\/fundaciomallorcaturisme.net\\\/ca\\\/#organization\",\"name\":\"Consell de Mallorca\",\"alternateName\":\"Mallorca Turisme\",\"url\":\"https:\\\/\\\/fundaciomallorcaturisme.net\\\/ca\\\/\",\"logo\":{\"@type\":\"ImageObject\",\"inLanguage\":\"ca\",\"@id\":\"https:\\\/\\\/fundaciomallorcaturisme.net\\\/ca\\\/#\\\/schema\\\/logo\\\/image\\\/\",\"url\":\"http:\\\/\\\/fundaciomallorcaturisme.net\\\/wp-content\\\/uploads\\\/2026\\\/03\\\/logo.webp\",\"contentUrl\":\"http:\\\/\\\/fundaciomallorcaturisme.net\\\/wp-content\\\/uploads\\\/2026\\\/03\\\/logo.webp\",\"width\":696,\"height\":570,\"caption\":\"Consell de Mallorca\"},\"image\":{\"@id\":\"https:\\\/\\\/fundaciomallorcaturisme.net\\\/ca\\\/#\\\/schema\\\/logo\\\/image\\\/\"},\"sameAs\":[\"https:\\\/\\\/www.facebook.com\\\/ConselldeMca\\\/\",\"https:\\\/\\\/x.com\\\/ConselldeMca\",\"https:\\\/\\\/www.instagram.com\\\/conselldemca\\\/\",\"https:\\\/\\\/www.youtube.com\\\/user\\\/conselldemallorca\"]}]}<\/script>\n<!-- \/ Yoast SEO plugin. -->","yoast_head_json":{"title":"Pledge - Consell de Mallorca","robots":{"index":"index","follow":"follow","max-snippet":"max-snippet:-1","max-image-preview":"max-image-preview:large","max-video-preview":"max-video-preview:-1"},"canonical":"https:\/\/fundaciomallorcaturisme.net\/ca\/pledge\/","og_locale":"ca_ES","og_type":"article","og_title":"Pledge - Consell de Mallorca","og_url":"https:\/\/fundaciomallorcaturisme.net\/ca\/pledge\/","og_site_name":"Consell de Mallorca","article_publisher":"https:\/\/www.facebook.com\/ConselldeMca\/","article_modified_time":"2026-04-13T11:45:04+00:00","og_image":[{"width":1346,"height":1094,"url":"https:\/\/fundaciomallorcaturisme.net\/wp-content\/uploads\/2026\/02\/planificax2.jpg","type":"image\/jpeg"}],"twitter_card":"summary_large_image","twitter_site":"@ConselldeMca","schema":{"@context":"https:\/\/schema.org","@graph":[{"@type":"WebPage","@id":"https:\/\/fundaciomallorcaturisme.net\/ca\/pledge\/","url":"https:\/\/fundaciomallorcaturisme.net\/ca\/pledge\/","name":"Pledge - Consell de Mallorca","isPartOf":{"@id":"https:\/\/fundaciomallorcaturisme.net\/ca\/#website"},"datePublished":"2026-02-11T10:21:57+00:00","dateModified":"2026-04-13T11:45:04+00:00","breadcrumb":{"@id":"https:\/\/fundaciomallorcaturisme.net\/ca\/pledge\/#breadcrumb"},"inLanguage":"ca","potentialAction":[{"@type":"ReadAction","target":["https:\/\/fundaciomallorcaturisme.net\/ca\/pledge\/"]}]},{"@type":"BreadcrumbList","@id":"https:\/\/fundaciomallorcaturisme.net\/ca\/pledge\/#breadcrumb","itemListElement":[{"@type":"ListItem","position":1,"name":"Inici","item":"https:\/\/fundaciomallorcaturisme.net\/ca\/"},{"@type":"ListItem","position":2,"name":"Pledge"}]},{"@type":"WebSite","@id":"https:\/\/fundaciomallorcaturisme.net\/ca\/#website","url":"https:\/\/fundaciomallorcaturisme.net\/ca\/","name":"Consell de Mallorca","description":"","publisher":{"@id":"https:\/\/fundaciomallorcaturisme.net\/ca\/#organization"},"alternateName":"Mallorca Turisme","potentialAction":[{"@type":"SearchAction","target":{"@type":"EntryPoint","urlTemplate":"https:\/\/fundaciomallorcaturisme.net\/ca\/?s={search_term_string}"},"query-input":{"@type":"PropertyValueSpecification","valueRequired":true,"valueName":"search_term_string"}}],"inLanguage":"ca"},{"@type":"Organization","@id":"https:\/\/fundaciomallorcaturisme.net\/ca\/#organization","name":"Consell de Mallorca","alternateName":"Mallorca Turisme","url":"https:\/\/fundaciomallorcaturisme.net\/ca\/","logo":{"@type":"ImageObject","inLanguage":"ca","@id":"https:\/\/fundaciomallorcaturisme.net\/ca\/#\/schema\/logo\/image\/","url":"http:\/\/fundaciomallorcaturisme.net\/wp-content\/uploads\/2026\/03\/logo.webp","contentUrl":"http:\/\/fundaciomallorcaturisme.net\/wp-content\/uploads\/2026\/03\/logo.webp","width":696,"height":570,"caption":"Consell de Mallorca"},"image":{"@id":"https:\/\/fundaciomallorcaturisme.net\/ca\/#\/schema\/logo\/image\/"},"sameAs":["https:\/\/www.facebook.com\/ConselldeMca\/","https:\/\/x.com\/ConselldeMca","https:\/\/www.instagram.com\/conselldemca\/","https:\/\/www.youtube.com\/user\/conselldemallorca"]}]}},"_links":{"self":[{"href":"https:\/\/fundaciomallorcaturisme.net\/ca\/wp-json\/wp\/v2\/pages\/2167","targetHints":{"allow":["GET"]}}],"collection":[{"href":"https:\/\/fundaciomallorcaturisme.net\/ca\/wp-json\/wp\/v2\/pages"}],"about":[{"href":"https:\/\/fundaciomallorcaturisme.net\/ca\/wp-json\/wp\/v2\/types\/page"}],"author":[{"embeddable":true,"href":"https:\/\/fundaciomallorcaturisme.net\/ca\/wp-json\/wp\/v2\/users\/1"}],"replies":[{"embeddable":true,"href":"https:\/\/fundaciomallorcaturisme.net\/ca\/wp-json\/wp\/v2\/comments?post=2167"}],"version-history":[{"count":5,"href":"https:\/\/fundaciomallorcaturisme.net\/ca\/wp-json\/wp\/v2\/pages\/2167\/revisions"}],"predecessor-version":[{"id":4803,"href":"https:\/\/fundaciomallorcaturisme.net\/ca\/wp-json\/wp\/v2\/pages\/2167\/revisions\/4803"}],"wp:attachment":[{"href":"https:\/\/fundaciomallorcaturisme.net\/ca\/wp-json\/wp\/v2\/media?parent=2167"}],"curies":[{"name":"wp","href":"https:\/\/api.w.org\/{rel}","templated":true}]}}