{"id":2155,"date":"2026-02-18T14:39:39","date_gmt":"2026-02-18T13:39:39","guid":{"rendered":"http:\/\/fundaciomallorcaturisme.net\/observatorio\/"},"modified":"2026-03-18T17:20:55","modified_gmt":"2026-03-18T16:20:55","slug":"observatorio","status":"publish","type":"page","link":"https:\/\/fundaciomallorcaturisme.net\/ca\/observatorio\/","title":{"rendered":"Observatori"},"content":{"rendered":"","protected":false},"excerpt":{"rendered":"","protected":false},"author":1,"featured_media":0,"parent":0,"menu_order":0,"comment_status":"closed","ping_status":"closed","template":"page-templates\/contenido_flexible.php","meta":{"_acf_changed":false,"footnotes":""},"class_list":["post-2155","page","type-page","status-publish","hentry"],"acf":{"contenido_flexible":[{"acf_fc_layout":"cabecera","titulo":"<h1>Observatori de Turisme Sostenible de Mallorca<\/h1>","titulo_grande":false,"subtitulo":"Intel\u00b7lig\u00e8ncia per al Futur","texto":"<strong>El Consell de Mallorca<\/strong>, mitjan\u00e7ant la Fundaci\u00f3 Turisme Responsable de Mallorca (FTRM), <strong>impulsa el turisme sostenible<\/strong> a <strong>Mallorca<\/strong> a trav\u00e9s d'aquest observatori.","enlace":{"title":"Accedir a l'observatori","url":"https:\/\/stomallorca.com","target":"_blank"},"flecha_abajo":false,"tiene_video":false,"video":null,"imagenx1":864,"imagenx2":865,"logos":""},{"acf_fc_layout":"texto_con_imagen","pretitulo":"Qu\u00e8 \u00e9s l'observatori?","titulo":"Cap a un model tur\u00edstic m\u00e9s competitiu: <span>l'aposta de l'STO Mallorca<\/span>","subtitulo":"","texto":"<strong>Alineat amb l'Organitzaci\u00f3 Mundial del Turisme (OMT)<\/strong>, l'STO Mallorca utilitza fons Next Generation EU per transformar el model de turisme de Mallorca i les Balears cap a un de m\u00e9s competitiu i productiu.","cta":"","imagen":866,"tiene_video":false,"enlace_video":null,"logos":"","color_de_fondo":"#ffffff","texto_en_blanco":false,"son_enlaces":false,"elementos":null,"imagen_izquierda":false,"margen_superior":60,"margen_inferior":""},{"acf_fc_layout":"texto_con_imagen","pretitulo":"","titulo":"Visi\u00f3 i objectius <br><span>estrat\u00e8gics<\/span>","subtitulo":"","texto":"La nostra missi\u00f3 \u00e9s guiar la cadena de valor mitjan\u00e7ant un <strong>Sistema d'Intel\u00b7lig\u00e8ncia Tur\u00edstica<\/strong> (SIT) que posicioni l'illa entre les destinacions l\u00edders en gesti\u00f3 de qualitat. Per fer-ho, prioritzem els seg\u00fcents objectius de desenvolupament sostenible:","cta":"","imagen":867,"tiene_video":false,"enlace_video":null,"logos":"","color_de_fondo":"#ffffff","texto_en_blanco":false,"son_enlaces":false,"elementos":[{"enlace":null,"icono":"","titulo":"Salut i benestar","descripcion":"Monitoritzaci\u00f3 de la seguretat i salut p\u00fablica en zones tur\u00edstiques.","color_de_fondo":"","texto_blanco":false},{"enlace":null,"icono":"","titulo":"Aigua neta i sanejament","descripcion":"Gesti\u00f3 eficient dels recursos h\u00eddrics i depuraci\u00f3.","color_de_fondo":"","texto_blanco":false},{"enlace":null,"icono":"","titulo":"Ind\u00fastria, innovaci\u00f3 i infraestructura","descripcion":"Foment de la innovaci\u00f3 i la productivitat del sector.","color_de_fondo":"","texto_blanco":false},{"enlace":null,"icono":"","titulo":"Ciutats i comunitats sostenibles","descripcion":"Millora de la satisfacci\u00f3 local i la planificaci\u00f3 urbana.","color_de_fondo":"","texto_blanco":false},{"enlace":null,"icono":"","titulo":"Acci\u00f3 pel clima","descripcion":"Mesurament d'emissions i acci\u00f3 pel clima per mitigar l'impacte ambiental.","color_de_fondo":"","texto_blanco":false}],"imagen_izquierda":true,"margen_superior":"","margen_inferior":60},{"acf_fc_layout":"grid_elementos_flexible","pretitulo":"STO Mallorca","titulo":"Un mapa tur\u00edstic de Mallorca basat en dades","texto":"L'<strong>Observatori<\/strong> genera <strong>sinergies entre el sector p\u00fablic i privat<\/strong> perqu\u00e8 les decisions es basin en dades reals sobre la poblaci\u00f3 de les Illes Balears i el seu entorn. Tota la informaci\u00f3 sobre llocs tur\u00edstics de Mallorca i l'impacte de l'activitat est\u00e0 disponible per a la seva consulta.","texto_secundario":"","cta":{"title":"Accedir a l'observatori","url":"https:\/\/stomallorca.com\/","target":"_blank"},"logos":"","alineacion":"izquierda","elementos":[{"icono":"","titulo":"Indicadors","enlace":"https:\/\/stomallorca.com\/es\/datos\/indicadores","descripcion":"","color_de_fondo":"#182855","texto_blanco":true},{"icono":"","titulo":"Quadre de comandament","enlace":"https:\/\/stomallorca.com\/es\/datos\/cuadros-de-mando","descripcion":"","color_de_fondo":"#182855","texto_blanco":true},{"icono":"","titulo":"Dades obertes","enlace":"https:\/\/open-data.stomallorca.com\/es","descripcion":"","color_de_fondo":"#182855","texto_blanco":true},{"icono":"","titulo":"Publicacions","enlace":"https:\/\/stomallorca.com\/es\/datos\/publicaciones","descripcion":"","color_de_fondo":"#182855","texto_blanco":true},{"icono":"","titulo":"Informe 8 zones","enlace":"https:\/\/stomallorca.com\/es\/datos\/informes-8-zonas-mallorca","descripcion":"","color_de_fondo":"#182855","texto_blanco":true}],"estilo":"centrado","color_de_fondo":"#365abd","texto_blanco":true,"ilustracion":692},{"acf_fc_layout":"texto_full","texto":"viumallorca"},{"acf_fc_layout":"grid_elementos_flexible","pretitulo":"Planificaci\u00f3 r\u00e0pida","titulo":"Ja has triat <span>destinaci\u00f3?<\/span>","texto":"Volem que la teva experi\u00e8ncia a Mallorca sigui perfecta des del primer moment. Aqu\u00ed trobar\u00e0s des de com arribar i on allotjar-te, fins a la documentaci\u00f3 pr\u00e0ctica i els mitjans de transport que pots utilitzar.","texto_secundario":"","cta":"","logos":"","alineacion":"izquierda","elementos":[{"icono":"","titulo":"Com arribar i moure't per l'Illa","enlace":"http:\/\/fundaciomallorcaturisme.net\/ca\/planifica\/transport\/","descripcion":"","color_de_fondo":"#9bcbeb","texto_blanco":true},{"icono":"","titulo":"Troba l'allotjament ideal","enlace":"http:\/\/fundaciomallorcaturisme.net\/ca\/planifica\/allotjaments\/","descripcion":"","color_de_fondo":"#ef9600","texto_blanco":false},{"icono":"","titulo":"Despla\u00e7aments en ferri i bus","enlace":"http:\/\/fundaciomallorcaturisme.net\/ca\/planifica\/transport\/","descripcion":"","color_de_fondo":"#365abd","texto_blanco":true},{"icono":"","titulo":"Plans disponibles","enlace":"http:\/\/fundaciomallorcaturisme.net\/ca\/que-fer\/","descripcion":"","color_de_fondo":"#ffc600","texto_blanco":false}],"estilo":"fila","color_de_fondo":"#ffffff","texto_blanco":false,"ilustracion":""}]},"yoast_head":"<!-- This site is optimized with the Yoast SEO plugin v27.7 - https:\/\/yoast.com\/product\/yoast-seo-wordpress\/ -->\n<title>Observatori - Consell de Mallorca<\/title>\n<meta name=\"robots\" content=\"index, follow, max-snippet:-1, max-image-preview:large, max-video-preview:-1\" \/>\n<link rel=\"canonical\" href=\"https:\/\/fundaciomallorcaturisme.net\/ca\/observatorio\/\" \/>\n<meta property=\"og:locale\" content=\"ca_ES\" \/>\n<meta property=\"og:type\" content=\"article\" \/>\n<meta property=\"og:title\" content=\"Observatori - Consell de Mallorca\" \/>\n<meta property=\"og:url\" content=\"https:\/\/fundaciomallorcaturisme.net\/ca\/observatorio\/\" \/>\n<meta property=\"og:site_name\" content=\"Consell de Mallorca\" \/>\n<meta property=\"article:publisher\" content=\"https:\/\/www.facebook.com\/ConselldeMca\/\" \/>\n<meta property=\"article:modified_time\" content=\"2026-03-18T16:20:55+00:00\" \/>\n<meta property=\"og:image\" content=\"https:\/\/fundaciomallorcaturisme.net\/wp-content\/uploads\/2026\/02\/planificax2.jpg\" \/>\n\t<meta property=\"og:image:width\" content=\"1346\" \/>\n\t<meta property=\"og:image:height\" content=\"1094\" \/>\n\t<meta property=\"og:image:type\" content=\"image\/jpeg\" \/>\n<meta name=\"twitter:card\" content=\"summary_large_image\" \/>\n<meta name=\"twitter:site\" content=\"@ConselldeMca\" \/>\n<script type=\"application\/ld+json\" class=\"yoast-schema-graph\">{\"@context\":\"https:\\\/\\\/schema.org\",\"@graph\":[{\"@type\":\"WebPage\",\"@id\":\"https:\\\/\\\/fundaciomallorcaturisme.net\\\/ca\\\/observatorio\\\/\",\"url\":\"https:\\\/\\\/fundaciomallorcaturisme.net\\\/ca\\\/observatorio\\\/\",\"name\":\"Observatori - Consell de Mallorca\",\"isPartOf\":{\"@id\":\"https:\\\/\\\/fundaciomallorcaturisme.net\\\/ca\\\/#website\"},\"datePublished\":\"2026-02-18T13:39:39+00:00\",\"dateModified\":\"2026-03-18T16:20:55+00:00\",\"breadcrumb\":{\"@id\":\"https:\\\/\\\/fundaciomallorcaturisme.net\\\/ca\\\/observatorio\\\/#breadcrumb\"},\"inLanguage\":\"ca\",\"potentialAction\":[{\"@type\":\"ReadAction\",\"target\":[\"https:\\\/\\\/fundaciomallorcaturisme.net\\\/ca\\\/observatorio\\\/\"]}]},{\"@type\":\"BreadcrumbList\",\"@id\":\"https:\\\/\\\/fundaciomallorcaturisme.net\\\/ca\\\/observatorio\\\/#breadcrumb\",\"itemListElement\":[{\"@type\":\"ListItem\",\"position\":1,\"name\":\"Inici\",\"item\":\"https:\\\/\\\/fundaciomallorcaturisme.net\\\/ca\\\/\"},{\"@type\":\"ListItem\",\"position\":2,\"name\":\"Observatori\"}]},{\"@type\":\"WebSite\",\"@id\":\"https:\\\/\\\/fundaciomallorcaturisme.net\\\/ca\\\/#website\",\"url\":\"https:\\\/\\\/fundaciomallorcaturisme.net\\\/ca\\\/\",\"name\":\"Consell de Mallorca\",\"description\":\"\",\"publisher\":{\"@id\":\"https:\\\/\\\/fundaciomallorcaturisme.net\\\/ca\\\/#organization\"},\"alternateName\":\"Mallorca Turisme\",\"potentialAction\":[{\"@type\":\"SearchAction\",\"target\":{\"@type\":\"EntryPoint\",\"urlTemplate\":\"https:\\\/\\\/fundaciomallorcaturisme.net\\\/ca\\\/?s={search_term_string}\"},\"query-input\":{\"@type\":\"PropertyValueSpecification\",\"valueRequired\":true,\"valueName\":\"search_term_string\"}}],\"inLanguage\":\"ca\"},{\"@type\":\"Organization\",\"@id\":\"https:\\\/\\\/fundaciomallorcaturisme.net\\\/ca\\\/#organization\",\"name\":\"Consell de Mallorca\",\"alternateName\":\"Mallorca Turisme\",\"url\":\"https:\\\/\\\/fundaciomallorcaturisme.net\\\/ca\\\/\",\"logo\":{\"@type\":\"ImageObject\",\"inLanguage\":\"ca\",\"@id\":\"https:\\\/\\\/fundaciomallorcaturisme.net\\\/ca\\\/#\\\/schema\\\/logo\\\/image\\\/\",\"url\":\"http:\\\/\\\/fundaciomallorcaturisme.net\\\/wp-content\\\/uploads\\\/2026\\\/03\\\/logo.webp\",\"contentUrl\":\"http:\\\/\\\/fundaciomallorcaturisme.net\\\/wp-content\\\/uploads\\\/2026\\\/03\\\/logo.webp\",\"width\":696,\"height\":570,\"caption\":\"Consell de Mallorca\"},\"image\":{\"@id\":\"https:\\\/\\\/fundaciomallorcaturisme.net\\\/ca\\\/#\\\/schema\\\/logo\\\/image\\\/\"},\"sameAs\":[\"https:\\\/\\\/www.facebook.com\\\/ConselldeMca\\\/\",\"https:\\\/\\\/x.com\\\/ConselldeMca\",\"https:\\\/\\\/www.instagram.com\\\/conselldemca\\\/\",\"https:\\\/\\\/www.youtube.com\\\/user\\\/conselldemallorca\"]}]}<\/script>\n<!-- \/ Yoast SEO plugin. -->","yoast_head_json":{"title":"Observatori - Consell de Mallorca","robots":{"index":"index","follow":"follow","max-snippet":"max-snippet:-1","max-image-preview":"max-image-preview:large","max-video-preview":"max-video-preview:-1"},"canonical":"https:\/\/fundaciomallorcaturisme.net\/ca\/observatorio\/","og_locale":"ca_ES","og_type":"article","og_title":"Observatori - Consell de Mallorca","og_url":"https:\/\/fundaciomallorcaturisme.net\/ca\/observatorio\/","og_site_name":"Consell de Mallorca","article_publisher":"https:\/\/www.facebook.com\/ConselldeMca\/","article_modified_time":"2026-03-18T16:20:55+00:00","og_image":[{"width":1346,"height":1094,"url":"https:\/\/fundaciomallorcaturisme.net\/wp-content\/uploads\/2026\/02\/planificax2.jpg","type":"image\/jpeg"}],"twitter_card":"summary_large_image","twitter_site":"@ConselldeMca","schema":{"@context":"https:\/\/schema.org","@graph":[{"@type":"WebPage","@id":"https:\/\/fundaciomallorcaturisme.net\/ca\/observatorio\/","url":"https:\/\/fundaciomallorcaturisme.net\/ca\/observatorio\/","name":"Observatori - Consell de Mallorca","isPartOf":{"@id":"https:\/\/fundaciomallorcaturisme.net\/ca\/#website"},"datePublished":"2026-02-18T13:39:39+00:00","dateModified":"2026-03-18T16:20:55+00:00","breadcrumb":{"@id":"https:\/\/fundaciomallorcaturisme.net\/ca\/observatorio\/#breadcrumb"},"inLanguage":"ca","potentialAction":[{"@type":"ReadAction","target":["https:\/\/fundaciomallorcaturisme.net\/ca\/observatorio\/"]}]},{"@type":"BreadcrumbList","@id":"https:\/\/fundaciomallorcaturisme.net\/ca\/observatorio\/#breadcrumb","itemListElement":[{"@type":"ListItem","position":1,"name":"Inici","item":"https:\/\/fundaciomallorcaturisme.net\/ca\/"},{"@type":"ListItem","position":2,"name":"Observatori"}]},{"@type":"WebSite","@id":"https:\/\/fundaciomallorcaturisme.net\/ca\/#website","url":"https:\/\/fundaciomallorcaturisme.net\/ca\/","name":"Consell de Mallorca","description":"","publisher":{"@id":"https:\/\/fundaciomallorcaturisme.net\/ca\/#organization"},"alternateName":"Mallorca Turisme","potentialAction":[{"@type":"SearchAction","target":{"@type":"EntryPoint","urlTemplate":"https:\/\/fundaciomallorcaturisme.net\/ca\/?s={search_term_string}"},"query-input":{"@type":"PropertyValueSpecification","valueRequired":true,"valueName":"search_term_string"}}],"inLanguage":"ca"},{"@type":"Organization","@id":"https:\/\/fundaciomallorcaturisme.net\/ca\/#organization","name":"Consell de Mallorca","alternateName":"Mallorca Turisme","url":"https:\/\/fundaciomallorcaturisme.net\/ca\/","logo":{"@type":"ImageObject","inLanguage":"ca","@id":"https:\/\/fundaciomallorcaturisme.net\/ca\/#\/schema\/logo\/image\/","url":"http:\/\/fundaciomallorcaturisme.net\/wp-content\/uploads\/2026\/03\/logo.webp","contentUrl":"http:\/\/fundaciomallorcaturisme.net\/wp-content\/uploads\/2026\/03\/logo.webp","width":696,"height":570,"caption":"Consell de Mallorca"},"image":{"@id":"https:\/\/fundaciomallorcaturisme.net\/ca\/#\/schema\/logo\/image\/"},"sameAs":["https:\/\/www.facebook.com\/ConselldeMca\/","https:\/\/x.com\/ConselldeMca","https:\/\/www.instagram.com\/conselldemca\/","https:\/\/www.youtube.com\/user\/conselldemallorca"]}]}},"_links":{"self":[{"href":"https:\/\/fundaciomallorcaturisme.net\/ca\/wp-json\/wp\/v2\/pages\/2155","targetHints":{"allow":["GET"]}}],"collection":[{"href":"https:\/\/fundaciomallorcaturisme.net\/ca\/wp-json\/wp\/v2\/pages"}],"about":[{"href":"https:\/\/fundaciomallorcaturisme.net\/ca\/wp-json\/wp\/v2\/types\/page"}],"author":[{"embeddable":true,"href":"https:\/\/fundaciomallorcaturisme.net\/ca\/wp-json\/wp\/v2\/users\/1"}],"replies":[{"embeddable":true,"href":"https:\/\/fundaciomallorcaturisme.net\/ca\/wp-json\/wp\/v2\/comments?post=2155"}],"version-history":[{"count":4,"href":"https:\/\/fundaciomallorcaturisme.net\/ca\/wp-json\/wp\/v2\/pages\/2155\/revisions"}],"predecessor-version":[{"id":4149,"href":"https:\/\/fundaciomallorcaturisme.net\/ca\/wp-json\/wp\/v2\/pages\/2155\/revisions\/4149"}],"wp:attachment":[{"href":"https:\/\/fundaciomallorcaturisme.net\/ca\/wp-json\/wp\/v2\/media?parent=2155"}],"curies":[{"name":"wp","href":"https:\/\/api.w.org\/{rel}","templated":true}]}}