{"id":2143,"date":"2026-02-04T12:08:51","date_gmt":"2026-02-04T11:08:51","guid":{"rendered":"http:\/\/fundaciomallorcaturisme.net\/la-fundacion\/"},"modified":"2026-03-31T08:56:34","modified_gmt":"2026-03-31T06:56:34","slug":"la-fundacion","status":"publish","type":"page","link":"https:\/\/fundaciomallorcaturisme.net\/ca\/la-fundacion\/","title":{"rendered":"La Fundaci\u00f2"},"content":{"rendered":"","protected":false},"excerpt":{"rendered":"","protected":false},"author":1,"featured_media":0,"parent":0,"menu_order":0,"comment_status":"closed","ping_status":"closed","template":"page-templates\/contenido_flexible.php","meta":{"_acf_changed":false,"footnotes":""},"class_list":["post-2143","page","type-page","status-publish","hentry"],"acf":{"contenido_flexible":[{"acf_fc_layout":"cabecera","titulo":"<h1>Fundaci\u00f3 Turisme Responsable de Mallorca<\/h1>","titulo_grande":false,"subtitulo":"Entitat 100% p\u00fablica, sense \u00e0nim de lucre, integrada al Consell de Mallorca.","texto":"","enlace":"","flecha_abajo":true,"tiene_video":true,"video":4569,"imagenx1":null,"imagenx2":null,"logos":""},{"acf_fc_layout":"texto_simple","pretitulo":"Qu\u00e8 \u00e9s la Fundaci\u00f3 Turisme Responsable de Mallorca?","titulo":"<h2>Liderant el canvi cap a un model de <span>turisme sostenible<\/span><\/h2>","texto":"La nostra finalitat \u00e9s fomentar la conscienciaci\u00f3 d'un turisme sostenible i responsable a Mallorca, tant en el mercat local com nacional i internacional. Treballem en la creaci\u00f3 de producte tur\u00edstic, la gesti\u00f3 de serveis i la presa de decisions estrat\u00e8giques basades en dades precises per impulsar un model que protegeixi la nostra illa.","cta":{"title":"Anar a la FTRM","url":"https:\/\/fundaciomallorcaturisme.net\/","target":"_blank"},"2_columnas":true,"color_de_fondo":""},{"acf_fc_layout":"grid_elementos_flexible","pretitulo":"Objectius i Activitats Estrat\u00e8giques","titulo":"<span>Compromisos<\/span> i l\u00ednies d'<br><span>actuaci\u00f3<\/span>","texto":"","texto_secundario":"","cta":"","logos":"","alineacion":"centrado","elementos":[{"icono":523,"titulo":"Promoci\u00f3 responsable","enlace":"","descripcion":"Organitzem activitats per conscienciar sobre el turisme responsable i consolidem la imatge de Mallorca com a destinaci\u00f3 sostenible en mercats globals.","color_de_fondo":"#ef9600","texto_blanco":false},{"icono":524,"titulo":"Impuls econ\u00f2mic","enlace":"","descripcion":"Ajudem a reactivar l'economia de l'illa mitjan\u00e7ant la concessi\u00f3 d'ajudes i subvencions als diferents sectors afectats.","color_de_fondo":"#ef9600","texto_blanco":false},{"icono":525,"titulo":"Diversificaci\u00f3 i col\u00b7laboraci\u00f3","enlace":"","descripcion":"Impulsem nous segments econ\u00f2mics i col\u00b7laborem estretament amb el sector privat per facilitar la seva pres\u00e8ncia internacional.","color_de_fondo":"#ef9600","texto_blanco":false},{"icono":526,"titulo":"Grans esdeveniments","enlace":"","descripcion":"Fomentem esdeveniments d'inter\u00e8s tur\u00edstic que posin en valor els actius de l'illa.","color_de_fondo":"#ef9600","texto_blanco":false},{"icono":527,"titulo":"Mallorca Film Commission","enlace":"","descripcion":"Potenciem Mallorca com a plat\u00f3 cinematogr\u00e0fic i audiovisual, fomentant la creaci\u00f3 d'esdeveniments del sector.","color_de_fondo":"#ef9600","texto_blanco":false}],"estilo":"simplificado","color_de_fondo":"","texto_blanco":false,"ilustracion":""},{"acf_fc_layout":"texto_full","texto":"viumallorca"},{"acf_fc_layout":"texto_con_imagen","pretitulo":"Intel\u00b7lig\u00e8ncia Tur\u00edstica i Gesti\u00f3 de Dades","titulo":"Decisions basades en dades: <span>Governan\u00e7a i Intel\u00b7lig\u00e8ncia<\/span>","subtitulo":"","texto":"Garantim la integritat i seguretat de la informaci\u00f3 mitjan\u00e7ant una s\u00f2lida governan\u00e7a de dades. Recopilem, analitzem i interpretem dades reals per obtenir una visi\u00f3 precisa del turisme a Mallorca. Aix\u00f2 ens permet millorar la competitivitat, tenir un major control de l'oferta i planificar una estrat\u00e8gia tur\u00edstica eficient.","cta":"","imagen":533,"tiene_video":false,"enlace_video":null,"logos":"","color_de_fondo":"#ffffff","texto_en_blanco":false,"son_enlaces":false,"elementos":null,"imagen_izquierda":false,"margen_superior":"","margen_inferior":""},{"acf_fc_layout":"texto_con_imagen","pretitulo":"Sustainable Destinations Summit","titulo":"Sustainable Destinations Summit: Liderant la Transformaci\u00f3","subtitulo":"","texto":"Com a part de la nostra tasca de conscienciaci\u00f3 internacional, organitzem la cimera mundial de destinacions sostenibles juntament amb ONU Turisme. Un espai d'aprenentatge i millors pr\u00e0ctiques ambientals, socials i econ\u00f2miques.","cta":{"title":"Saber m\u00e9s sobre el Summit","url":"http:\/\/fundaciomallorcaturisme.net\/summit\/","target":""},"imagen":534,"tiene_video":false,"enlace_video":null,"logos":"","color_de_fondo":"#365ABD","texto_en_blanco":true,"son_enlaces":false,"elementos":null,"imagen_izquierda":true,"margen_superior":"","margen_inferior":""},{"acf_fc_layout":"blog","pretitulo":"Projectes","titulo":"<span>Projectes<\/span> destacats","enlace":{"title":"Veure tots els projectes","url":"http:\/\/fundaciomallorcaturisme.net\/ca\/proyectos\/","target":""}},{"acf_fc_layout":"texto_simple","pretitulo":"Transpar\u00e8ncia i Seu Electr\u00f2nica","titulo":"Transpar\u00e8ncia<br>  i <span>gesti\u00f3 p\u00fablica<\/span>","texto":"Com a entitat p\u00fablica, la transpar\u00e8ncia \u00e9s el pilar que regeix la nostra activitat i relaci\u00f3 amb la ciutadania. En aquest espai posem a la teva disposici\u00f3 tota la informaci\u00f3 relativa a la nostra gesti\u00f3: des dels comptes anuals i estatuts, fins al perfil del contractant i les convocat\u00f2ries d'ajudes vigents. El nostre objectiu \u00e9s garantir un acc\u00e9s senzill i directe als tr\u00e0mits administratius, la normativa i l'\u00fas dels recursos destinats a transformar el model tur\u00edstic de Mallorca.","cta":{"title":"Anar a la Seu electr\u00f2nica","url":"https:\/\/fundacioturismeresponsabledemallorca.sedelectronica.es\/","target":"_blank"},"2_columnas":true,"color_de_fondo":""},{"acf_fc_layout":"grid_elementos_flexible","pretitulo":"Planificaci\u00f3 r\u00e0pida","titulo":"Ja has triat <span>destinaci\u00f3?<\/span>","texto":"Volem que la teva experi\u00e8ncia a Mallorca sigui perfecta des del primer moment. Aqu\u00ed trobar\u00e0s des de com arribar i on allotjar-te, fins a la documentaci\u00f3 pr\u00e0ctica i els mitjans de transport que pots utilitzar.","texto_secundario":"","cta":"","logos":"","alineacion":"centrado","elementos":[{"icono":"","titulo":"Com arribar i moure't per l'Illa","enlace":"http:\/\/fundaciomallorcaturisme.net\/ca\/planifica\/transport\/","descripcion":"","color_de_fondo":"#9bcbeb","texto_blanco":true},{"icono":"","titulo":"Troba l'allotjament ideal","enlace":"http:\/\/fundaciomallorcaturisme.net\/ca\/planifica\/allotjaments\/","descripcion":"","color_de_fondo":"#ef9600","texto_blanco":false},{"icono":"","titulo":"Despla\u00e7aments en ferri i bus","enlace":"http:\/\/fundaciomallorcaturisme.net\/ca\/planifica\/transport\/","descripcion":"","color_de_fondo":"#365abd","texto_blanco":true},{"icono":"","titulo":"Plans disponibles","enlace":"http:\/\/fundaciomallorcaturisme.net\/ca\/que-fer\/","descripcion":"","color_de_fondo":"#ffc600","texto_blanco":false}],"estilo":"fila","color_de_fondo":"","texto_blanco":false,"ilustracion":""}]},"yoast_head":"<!-- This site is optimized with the Yoast SEO plugin v27.7 - https:\/\/yoast.com\/product\/yoast-seo-wordpress\/ -->\n<title>La Fundaci\u00f2 - Consell de Mallorca<\/title>\n<meta name=\"robots\" content=\"index, follow, max-snippet:-1, max-image-preview:large, max-video-preview:-1\" \/>\n<link rel=\"canonical\" href=\"https:\/\/fundaciomallorcaturisme.net\/ca\/la-fundacion\/\" \/>\n<meta property=\"og:locale\" content=\"ca_ES\" \/>\n<meta property=\"og:type\" content=\"article\" \/>\n<meta property=\"og:title\" content=\"La Fundaci\u00f2 - Consell de Mallorca\" \/>\n<meta property=\"og:url\" content=\"https:\/\/fundaciomallorcaturisme.net\/ca\/la-fundacion\/\" \/>\n<meta property=\"og:site_name\" content=\"Consell de Mallorca\" \/>\n<meta property=\"article:publisher\" content=\"https:\/\/www.facebook.com\/ConselldeMca\/\" \/>\n<meta property=\"article:modified_time\" content=\"2026-03-31T06:56:34+00:00\" \/>\n<meta property=\"og:image\" content=\"https:\/\/fundaciomallorcaturisme.net\/wp-content\/uploads\/2026\/02\/planificax2.jpg\" \/>\n\t<meta property=\"og:image:width\" content=\"1346\" \/>\n\t<meta property=\"og:image:height\" content=\"1094\" \/>\n\t<meta property=\"og:image:type\" content=\"image\/jpeg\" \/>\n<meta name=\"twitter:card\" content=\"summary_large_image\" \/>\n<meta name=\"twitter:site\" content=\"@ConselldeMca\" \/>\n<script type=\"application\/ld+json\" class=\"yoast-schema-graph\">{\"@context\":\"https:\\\/\\\/schema.org\",\"@graph\":[{\"@type\":\"WebPage\",\"@id\":\"https:\\\/\\\/fundaciomallorcaturisme.net\\\/ca\\\/la-fundacion\\\/\",\"url\":\"https:\\\/\\\/fundaciomallorcaturisme.net\\\/ca\\\/la-fundacion\\\/\",\"name\":\"La Fundaci\u00f2 - Consell de Mallorca\",\"isPartOf\":{\"@id\":\"https:\\\/\\\/fundaciomallorcaturisme.net\\\/ca\\\/#website\"},\"datePublished\":\"2026-02-04T11:08:51+00:00\",\"dateModified\":\"2026-03-31T06:56:34+00:00\",\"breadcrumb\":{\"@id\":\"https:\\\/\\\/fundaciomallorcaturisme.net\\\/ca\\\/la-fundacion\\\/#breadcrumb\"},\"inLanguage\":\"ca\",\"potentialAction\":[{\"@type\":\"ReadAction\",\"target\":[\"https:\\\/\\\/fundaciomallorcaturisme.net\\\/ca\\\/la-fundacion\\\/\"]}]},{\"@type\":\"BreadcrumbList\",\"@id\":\"https:\\\/\\\/fundaciomallorcaturisme.net\\\/ca\\\/la-fundacion\\\/#breadcrumb\",\"itemListElement\":[{\"@type\":\"ListItem\",\"position\":1,\"name\":\"Inici\",\"item\":\"https:\\\/\\\/fundaciomallorcaturisme.net\\\/ca\\\/\"},{\"@type\":\"ListItem\",\"position\":2,\"name\":\"La Fundaci\u00f2\"}]},{\"@type\":\"WebSite\",\"@id\":\"https:\\\/\\\/fundaciomallorcaturisme.net\\\/ca\\\/#website\",\"url\":\"https:\\\/\\\/fundaciomallorcaturisme.net\\\/ca\\\/\",\"name\":\"Consell de Mallorca\",\"description\":\"\",\"publisher\":{\"@id\":\"https:\\\/\\\/fundaciomallorcaturisme.net\\\/ca\\\/#organization\"},\"alternateName\":\"Mallorca Turisme\",\"potentialAction\":[{\"@type\":\"SearchAction\",\"target\":{\"@type\":\"EntryPoint\",\"urlTemplate\":\"https:\\\/\\\/fundaciomallorcaturisme.net\\\/ca\\\/?s={search_term_string}\"},\"query-input\":{\"@type\":\"PropertyValueSpecification\",\"valueRequired\":true,\"valueName\":\"search_term_string\"}}],\"inLanguage\":\"ca\"},{\"@type\":\"Organization\",\"@id\":\"https:\\\/\\\/fundaciomallorcaturisme.net\\\/ca\\\/#organization\",\"name\":\"Consell de Mallorca\",\"alternateName\":\"Mallorca Turisme\",\"url\":\"https:\\\/\\\/fundaciomallorcaturisme.net\\\/ca\\\/\",\"logo\":{\"@type\":\"ImageObject\",\"inLanguage\":\"ca\",\"@id\":\"https:\\\/\\\/fundaciomallorcaturisme.net\\\/ca\\\/#\\\/schema\\\/logo\\\/image\\\/\",\"url\":\"http:\\\/\\\/fundaciomallorcaturisme.net\\\/wp-content\\\/uploads\\\/2026\\\/03\\\/logo.webp\",\"contentUrl\":\"http:\\\/\\\/fundaciomallorcaturisme.net\\\/wp-content\\\/uploads\\\/2026\\\/03\\\/logo.webp\",\"width\":696,\"height\":570,\"caption\":\"Consell de Mallorca\"},\"image\":{\"@id\":\"https:\\\/\\\/fundaciomallorcaturisme.net\\\/ca\\\/#\\\/schema\\\/logo\\\/image\\\/\"},\"sameAs\":[\"https:\\\/\\\/www.facebook.com\\\/ConselldeMca\\\/\",\"https:\\\/\\\/x.com\\\/ConselldeMca\",\"https:\\\/\\\/www.instagram.com\\\/conselldemca\\\/\",\"https:\\\/\\\/www.youtube.com\\\/user\\\/conselldemallorca\"]}]}<\/script>\n<!-- \/ Yoast SEO plugin. -->","yoast_head_json":{"title":"La Fundaci\u00f2 - Consell de Mallorca","robots":{"index":"index","follow":"follow","max-snippet":"max-snippet:-1","max-image-preview":"max-image-preview:large","max-video-preview":"max-video-preview:-1"},"canonical":"https:\/\/fundaciomallorcaturisme.net\/ca\/la-fundacion\/","og_locale":"ca_ES","og_type":"article","og_title":"La Fundaci\u00f2 - Consell de Mallorca","og_url":"https:\/\/fundaciomallorcaturisme.net\/ca\/la-fundacion\/","og_site_name":"Consell de Mallorca","article_publisher":"https:\/\/www.facebook.com\/ConselldeMca\/","article_modified_time":"2026-03-31T06:56:34+00:00","og_image":[{"width":1346,"height":1094,"url":"https:\/\/fundaciomallorcaturisme.net\/wp-content\/uploads\/2026\/02\/planificax2.jpg","type":"image\/jpeg"}],"twitter_card":"summary_large_image","twitter_site":"@ConselldeMca","schema":{"@context":"https:\/\/schema.org","@graph":[{"@type":"WebPage","@id":"https:\/\/fundaciomallorcaturisme.net\/ca\/la-fundacion\/","url":"https:\/\/fundaciomallorcaturisme.net\/ca\/la-fundacion\/","name":"La Fundaci\u00f2 - Consell de Mallorca","isPartOf":{"@id":"https:\/\/fundaciomallorcaturisme.net\/ca\/#website"},"datePublished":"2026-02-04T11:08:51+00:00","dateModified":"2026-03-31T06:56:34+00:00","breadcrumb":{"@id":"https:\/\/fundaciomallorcaturisme.net\/ca\/la-fundacion\/#breadcrumb"},"inLanguage":"ca","potentialAction":[{"@type":"ReadAction","target":["https:\/\/fundaciomallorcaturisme.net\/ca\/la-fundacion\/"]}]},{"@type":"BreadcrumbList","@id":"https:\/\/fundaciomallorcaturisme.net\/ca\/la-fundacion\/#breadcrumb","itemListElement":[{"@type":"ListItem","position":1,"name":"Inici","item":"https:\/\/fundaciomallorcaturisme.net\/ca\/"},{"@type":"ListItem","position":2,"name":"La Fundaci\u00f2"}]},{"@type":"WebSite","@id":"https:\/\/fundaciomallorcaturisme.net\/ca\/#website","url":"https:\/\/fundaciomallorcaturisme.net\/ca\/","name":"Consell de Mallorca","description":"","publisher":{"@id":"https:\/\/fundaciomallorcaturisme.net\/ca\/#organization"},"alternateName":"Mallorca Turisme","potentialAction":[{"@type":"SearchAction","target":{"@type":"EntryPoint","urlTemplate":"https:\/\/fundaciomallorcaturisme.net\/ca\/?s={search_term_string}"},"query-input":{"@type":"PropertyValueSpecification","valueRequired":true,"valueName":"search_term_string"}}],"inLanguage":"ca"},{"@type":"Organization","@id":"https:\/\/fundaciomallorcaturisme.net\/ca\/#organization","name":"Consell de Mallorca","alternateName":"Mallorca Turisme","url":"https:\/\/fundaciomallorcaturisme.net\/ca\/","logo":{"@type":"ImageObject","inLanguage":"ca","@id":"https:\/\/fundaciomallorcaturisme.net\/ca\/#\/schema\/logo\/image\/","url":"http:\/\/fundaciomallorcaturisme.net\/wp-content\/uploads\/2026\/03\/logo.webp","contentUrl":"http:\/\/fundaciomallorcaturisme.net\/wp-content\/uploads\/2026\/03\/logo.webp","width":696,"height":570,"caption":"Consell de Mallorca"},"image":{"@id":"https:\/\/fundaciomallorcaturisme.net\/ca\/#\/schema\/logo\/image\/"},"sameAs":["https:\/\/www.facebook.com\/ConselldeMca\/","https:\/\/x.com\/ConselldeMca","https:\/\/www.instagram.com\/conselldemca\/","https:\/\/www.youtube.com\/user\/conselldemallorca"]}]}},"_links":{"self":[{"href":"https:\/\/fundaciomallorcaturisme.net\/ca\/wp-json\/wp\/v2\/pages\/2143","targetHints":{"allow":["GET"]}}],"collection":[{"href":"https:\/\/fundaciomallorcaturisme.net\/ca\/wp-json\/wp\/v2\/pages"}],"about":[{"href":"https:\/\/fundaciomallorcaturisme.net\/ca\/wp-json\/wp\/v2\/types\/page"}],"author":[{"embeddable":true,"href":"https:\/\/fundaciomallorcaturisme.net\/ca\/wp-json\/wp\/v2\/users\/1"}],"replies":[{"embeddable":true,"href":"https:\/\/fundaciomallorcaturisme.net\/ca\/wp-json\/wp\/v2\/comments?post=2143"}],"version-history":[{"count":4,"href":"https:\/\/fundaciomallorcaturisme.net\/ca\/wp-json\/wp\/v2\/pages\/2143\/revisions"}],"predecessor-version":[{"id":4586,"href":"https:\/\/fundaciomallorcaturisme.net\/ca\/wp-json\/wp\/v2\/pages\/2143\/revisions\/4586"}],"wp:attachment":[{"href":"https:\/\/fundaciomallorcaturisme.net\/ca\/wp-json\/wp\/v2\/media?parent=2143"}],"curies":[{"name":"wp","href":"https:\/\/api.w.org\/{rel}","templated":true}]}}