{"id":1671,"date":"2026-02-24T11:13:10","date_gmt":"2026-02-24T10:13:10","guid":{"rendered":"http:\/\/fundaciomallorcaturisme.net\/rutas\/"},"modified":"2026-03-20T12:57:42","modified_gmt":"2026-03-20T11:57:42","slug":"rutes","status":"publish","type":"page","link":"https:\/\/fundaciomallorcaturisme.net\/ca\/rutes\/","title":{"rendered":"Rutes"},"content":{"rendered":"","protected":false},"excerpt":{"rendered":"","protected":false},"author":1,"featured_media":0,"parent":0,"menu_order":0,"comment_status":"closed","ping_status":"closed","template":"page-templates\/contenido_flexible.php","meta":{"_acf_changed":false,"footnotes":""},"class_list":["post-1671","page","type-page","status-publish","hentry"],"acf":{"contenido_flexible":[{"acf_fc_layout":"cabecera","titulo":"<h1>Rutes a Mallorca<\/h1>","titulo_grande":false,"subtitulo":"Experi\u00e8ncies per Viure l'Illa els 365 dies.","texto":"<strong>Mallorca no s'atura mai.<\/strong> Tant si busques l'adrenalina d'una ruta per la muntanya, la calma d'una cala amagada o el sabor de la nostra gastronomia m\u00e9s aut\u00e8ntica, aqu\u00ed tens totes les eines per dissenyar el teu dia ideal. <strong>Explora les nostres propostes i viu l'illa al teu ritme.<\/strong>","enlace":"","flecha_abajo":true,"tiene_video":true,"video":"","imagenx1":null,"imagenx2":null,"logos":""},{"acf_fc_layout":"grid_elementos","pretitulo":"Experi\u00e8ncies a Mallorca","titulo":"Explora Mallorca per <strong>tem\u00e0tiques<\/strong>","texto":"No et perdis res del que passa avui. Des dels grans concerts internacionals a Palma fins a les fires tradicionals en municipis com sa Pobla o Santany\u00ed. Mant\u00e9n-te al dia amb la nostra selecci\u00f3 d'esdeveniments culturals i d'oci.","elementos":[{"imagenx1":445,"imagenx2":446,"texto_experiencias":"7 experi\u00e8ncies","titulo":"Art i cultura","subtitulo":"Un tresor per a la inspiraci\u00f3 art\u00edstica","texto":"","enlace":"http:\/\/fundaciomallorcaturisme.net\/ca\/que-fer\/art-i-cultura\/"},{"imagenx1":449,"imagenx2":450,"texto_experiencias":"7 experi\u00e8ncies","titulo":"Gastronomia i producte","subtitulo":"Mallorca, destinaci\u00f3 gastron\u00f2mica","texto":"","enlace":"http:\/\/fundaciomallorcaturisme.net\/ca\/que-fer\/gastronomia\/"},{"imagenx1":451,"imagenx2":452,"texto_experiencias":"7 experi\u00e8ncies","titulo":"Natura i rutes","subtitulo":"Natura amb ecosistemes \u00fanics","texto":"","enlace":"http:\/\/fundaciomallorcaturisme.net\/ca\/que-fer\/natura\/"},{"imagenx1":447,"imagenx2":448,"texto_experiencias":"7 experi\u00e8ncies","titulo":"Platges i cales","subtitulo":"Tot tipus de platges al teu abast","texto":"","enlace":"http:\/\/fundaciomallorcaturisme.net\/ca\/que-fer\/platges\/"}],"cta":"","card_blanca":false},{"acf_fc_layout":"texto_full","texto":"viumallorca"},{"acf_fc_layout":"grid_elementos_flexible","pretitulo":"Inspiraci\u00f3 segons perfil","titulo":"<h2>Plans dissenyats <span>per a tu<\/span> <\/h2>","texto":"Perqu\u00e8 no hi ha una sola manera de viure l'illa, hem seleccionat les millors propostes adaptades al teu estil de viatge. Ja sigui que busquis una escapada plena d'aventura, un retir de desconnexi\u00f3 total o moments inoblidables en fam\u00edlia, aqu\u00ed trobar\u00e0s el pla que sembla pensat exclusivament per a tu.","texto_secundario":"","cta":"","logos":"","alineacion":"izquierda","elementos":[{"icono":"","titulo":"Mallorca en Familia","enlace":"\/ca\/que-fer\/art-i-cultura\/","descripcion":"Diversi\u00f3 per als m\u00e9s petits i tranquil\u00b7litat per als grans.","color_de_fondo":"#ffffff","texto_blanco":false},{"icono":"","titulo":"Busseig i Esports N\u00e0utics","enlace":"\/ca\/que-fer\/esport\/buceig-i-esports-nautics\/","descripcion":"Explora la vida sota la mar i sent Mallorca.","color_de_fondo":"#ffffff","texto_blanco":false},{"icono":"","titulo":"Aventura i Adrenalina","enlace":"\/ca\/que-fer\/esport\/cicloturisme\/","descripcion":"Per a aquells que busquen viure l'illa de forma activa.","color_de_fondo":"#ffffff","texto_blanco":false},{"icono":"","titulo":"MICE i Esdeveniments Professionals","enlace":"\/ca\/que-fer\/mice\/","descripcion":"La destinaci\u00f3 perfecta per als teus congressos i incentius.","color_de_fondo":"#ffffff","texto_blanco":false}],"estilo":"columna","color_de_fondo":"","texto_blanco":false,"ilustracion":""},{"acf_fc_layout":"texto_con_imagen","pretitulo":"Mallorca Film Commission","titulo":"<h2>Mallorca: <strong>Un escenari de cine<\/strong><\/h2>","subtitulo":"","texto":"<strong>Descobreix les localitzacions que han enamorat directors de tot el m\u00f3n.<\/strong> Des de la Serra fins a la costa, Mallorca \u00e9s el plat\u00f3 perfecte per a grans produccions internacionals.","cta":{"title":"Ves a la Mallorca Film Commission","url":"http:\/\/fundaciomallorcaturisme.net\/ca\/film-commission\/","target":""},"imagen":455,"tiene_video":false,"enlace_video":null,"logos":"","color_de_fondo":"#ffffff","texto_en_blanco":false,"son_enlaces":false,"elementos":null,"imagen_izquierda":true,"margen_superior":"","margen_inferior":""},{"acf_fc_layout":"grid_elementos_flexible","pretitulo":"Dissenya el teu viatge perfecte","titulo":"<h2>Planifica la teva estada <span>amb tota la informaci\u00f3 que necessites<\/span><\/h2>","texto":"Volem que la teva experi\u00e8ncia a Mallorca sigui perfecta des del primer moment. Aqu\u00ed trobar\u00e0s des de com arribar i on allotjar-te, fins a la documentaci\u00f3 pr\u00e0ctica i els mitjans de transport que pots utilitzar.","texto_secundario":"","cta":"","logos":"","alineacion":"izquierda","elementos":[{"icono":"","titulo":"Com arribar i moure't per l'illa","enlace":"\/ca\/planifica\/transport\/","descripcion":"","color_de_fondo":"#9bcbeb","texto_blanco":true},{"icono":"","titulo":"Troba l'allotjament ideal","enlace":"\/ca\/planifica\/allotjaments\/","descripcion":"","color_de_fondo":"#ef9600","texto_blanco":false},{"icono":"","titulo":"Despla\u00e7aments en ferri i bus","enlace":"\/ca\/planifica\/transport\/","descripcion":"","color_de_fondo":"#365abd","texto_blanco":true},{"icono":"","titulo":"Informaci\u00f3 pr\u00e0ctica","enlace":"\/ca\/planifica\/informacio-practica\/","descripcion":"","color_de_fondo":"#ffc600","texto_blanco":false}],"estilo":"fila","color_de_fondo":"","texto_blanco":false,"ilustracion":""}]},"yoast_head":"<!-- This site is optimized with the Yoast SEO plugin v27.7 - https:\/\/yoast.com\/product\/yoast-seo-wordpress\/ -->\n<title>Rutes - Consell de Mallorca<\/title>\n<meta name=\"robots\" content=\"index, follow, max-snippet:-1, max-image-preview:large, max-video-preview:-1\" \/>\n<link rel=\"canonical\" href=\"https:\/\/fundaciomallorcaturisme.net\/ca\/rutes\/\" \/>\n<meta property=\"og:locale\" content=\"ca_ES\" \/>\n<meta property=\"og:type\" content=\"article\" \/>\n<meta property=\"og:title\" content=\"Rutes - Consell de Mallorca\" \/>\n<meta property=\"og:url\" content=\"https:\/\/fundaciomallorcaturisme.net\/ca\/rutes\/\" \/>\n<meta property=\"og:site_name\" content=\"Consell de Mallorca\" \/>\n<meta property=\"article:publisher\" content=\"https:\/\/www.facebook.com\/ConselldeMca\/\" \/>\n<meta property=\"article:modified_time\" content=\"2026-03-20T11:57:42+00:00\" \/>\n<meta property=\"og:image\" content=\"https:\/\/fundaciomallorcaturisme.net\/wp-content\/uploads\/2026\/02\/planificax2.jpg\" \/>\n\t<meta property=\"og:image:width\" content=\"1346\" \/>\n\t<meta property=\"og:image:height\" content=\"1094\" \/>\n\t<meta property=\"og:image:type\" content=\"image\/jpeg\" \/>\n<meta name=\"twitter:card\" content=\"summary_large_image\" \/>\n<meta name=\"twitter:site\" content=\"@ConselldeMca\" \/>\n<script type=\"application\/ld+json\" class=\"yoast-schema-graph\">{\"@context\":\"https:\\\/\\\/schema.org\",\"@graph\":[{\"@type\":\"WebPage\",\"@id\":\"https:\\\/\\\/fundaciomallorcaturisme.net\\\/ca\\\/rutes\\\/\",\"url\":\"https:\\\/\\\/fundaciomallorcaturisme.net\\\/ca\\\/rutes\\\/\",\"name\":\"Rutes - Consell de Mallorca\",\"isPartOf\":{\"@id\":\"https:\\\/\\\/fundaciomallorcaturisme.net\\\/ca\\\/#website\"},\"datePublished\":\"2026-02-24T10:13:10+00:00\",\"dateModified\":\"2026-03-20T11:57:42+00:00\",\"breadcrumb\":{\"@id\":\"https:\\\/\\\/fundaciomallorcaturisme.net\\\/ca\\\/rutes\\\/#breadcrumb\"},\"inLanguage\":\"ca\",\"potentialAction\":[{\"@type\":\"ReadAction\",\"target\":[\"https:\\\/\\\/fundaciomallorcaturisme.net\\\/ca\\\/rutes\\\/\"]}]},{\"@type\":\"BreadcrumbList\",\"@id\":\"https:\\\/\\\/fundaciomallorcaturisme.net\\\/ca\\\/rutes\\\/#breadcrumb\",\"itemListElement\":[{\"@type\":\"ListItem\",\"position\":1,\"name\":\"Inici\",\"item\":\"https:\\\/\\\/fundaciomallorcaturisme.net\\\/ca\\\/\"},{\"@type\":\"ListItem\",\"position\":2,\"name\":\"Rutes\"}]},{\"@type\":\"WebSite\",\"@id\":\"https:\\\/\\\/fundaciomallorcaturisme.net\\\/ca\\\/#website\",\"url\":\"https:\\\/\\\/fundaciomallorcaturisme.net\\\/ca\\\/\",\"name\":\"Consell de Mallorca\",\"description\":\"\",\"publisher\":{\"@id\":\"https:\\\/\\\/fundaciomallorcaturisme.net\\\/ca\\\/#organization\"},\"alternateName\":\"Mallorca Turisme\",\"potentialAction\":[{\"@type\":\"SearchAction\",\"target\":{\"@type\":\"EntryPoint\",\"urlTemplate\":\"https:\\\/\\\/fundaciomallorcaturisme.net\\\/ca\\\/?s={search_term_string}\"},\"query-input\":{\"@type\":\"PropertyValueSpecification\",\"valueRequired\":true,\"valueName\":\"search_term_string\"}}],\"inLanguage\":\"ca\"},{\"@type\":\"Organization\",\"@id\":\"https:\\\/\\\/fundaciomallorcaturisme.net\\\/ca\\\/#organization\",\"name\":\"Consell de Mallorca\",\"alternateName\":\"Mallorca Turisme\",\"url\":\"https:\\\/\\\/fundaciomallorcaturisme.net\\\/ca\\\/\",\"logo\":{\"@type\":\"ImageObject\",\"inLanguage\":\"ca\",\"@id\":\"https:\\\/\\\/fundaciomallorcaturisme.net\\\/ca\\\/#\\\/schema\\\/logo\\\/image\\\/\",\"url\":\"http:\\\/\\\/fundaciomallorcaturisme.net\\\/wp-content\\\/uploads\\\/2026\\\/03\\\/logo.webp\",\"contentUrl\":\"http:\\\/\\\/fundaciomallorcaturisme.net\\\/wp-content\\\/uploads\\\/2026\\\/03\\\/logo.webp\",\"width\":696,\"height\":570,\"caption\":\"Consell de Mallorca\"},\"image\":{\"@id\":\"https:\\\/\\\/fundaciomallorcaturisme.net\\\/ca\\\/#\\\/schema\\\/logo\\\/image\\\/\"},\"sameAs\":[\"https:\\\/\\\/www.facebook.com\\\/ConselldeMca\\\/\",\"https:\\\/\\\/x.com\\\/ConselldeMca\",\"https:\\\/\\\/www.instagram.com\\\/conselldemca\\\/\",\"https:\\\/\\\/www.youtube.com\\\/user\\\/conselldemallorca\"]}]}<\/script>\n<!-- \/ Yoast SEO plugin. -->","yoast_head_json":{"title":"Rutes - Consell de Mallorca","robots":{"index":"index","follow":"follow","max-snippet":"max-snippet:-1","max-image-preview":"max-image-preview:large","max-video-preview":"max-video-preview:-1"},"canonical":"https:\/\/fundaciomallorcaturisme.net\/ca\/rutes\/","og_locale":"ca_ES","og_type":"article","og_title":"Rutes - Consell de Mallorca","og_url":"https:\/\/fundaciomallorcaturisme.net\/ca\/rutes\/","og_site_name":"Consell de Mallorca","article_publisher":"https:\/\/www.facebook.com\/ConselldeMca\/","article_modified_time":"2026-03-20T11:57:42+00:00","og_image":[{"width":1346,"height":1094,"url":"https:\/\/fundaciomallorcaturisme.net\/wp-content\/uploads\/2026\/02\/planificax2.jpg","type":"image\/jpeg"}],"twitter_card":"summary_large_image","twitter_site":"@ConselldeMca","schema":{"@context":"https:\/\/schema.org","@graph":[{"@type":"WebPage","@id":"https:\/\/fundaciomallorcaturisme.net\/ca\/rutes\/","url":"https:\/\/fundaciomallorcaturisme.net\/ca\/rutes\/","name":"Rutes - Consell de Mallorca","isPartOf":{"@id":"https:\/\/fundaciomallorcaturisme.net\/ca\/#website"},"datePublished":"2026-02-24T10:13:10+00:00","dateModified":"2026-03-20T11:57:42+00:00","breadcrumb":{"@id":"https:\/\/fundaciomallorcaturisme.net\/ca\/rutes\/#breadcrumb"},"inLanguage":"ca","potentialAction":[{"@type":"ReadAction","target":["https:\/\/fundaciomallorcaturisme.net\/ca\/rutes\/"]}]},{"@type":"BreadcrumbList","@id":"https:\/\/fundaciomallorcaturisme.net\/ca\/rutes\/#breadcrumb","itemListElement":[{"@type":"ListItem","position":1,"name":"Inici","item":"https:\/\/fundaciomallorcaturisme.net\/ca\/"},{"@type":"ListItem","position":2,"name":"Rutes"}]},{"@type":"WebSite","@id":"https:\/\/fundaciomallorcaturisme.net\/ca\/#website","url":"https:\/\/fundaciomallorcaturisme.net\/ca\/","name":"Consell de Mallorca","description":"","publisher":{"@id":"https:\/\/fundaciomallorcaturisme.net\/ca\/#organization"},"alternateName":"Mallorca Turisme","potentialAction":[{"@type":"SearchAction","target":{"@type":"EntryPoint","urlTemplate":"https:\/\/fundaciomallorcaturisme.net\/ca\/?s={search_term_string}"},"query-input":{"@type":"PropertyValueSpecification","valueRequired":true,"valueName":"search_term_string"}}],"inLanguage":"ca"},{"@type":"Organization","@id":"https:\/\/fundaciomallorcaturisme.net\/ca\/#organization","name":"Consell de Mallorca","alternateName":"Mallorca Turisme","url":"https:\/\/fundaciomallorcaturisme.net\/ca\/","logo":{"@type":"ImageObject","inLanguage":"ca","@id":"https:\/\/fundaciomallorcaturisme.net\/ca\/#\/schema\/logo\/image\/","url":"http:\/\/fundaciomallorcaturisme.net\/wp-content\/uploads\/2026\/03\/logo.webp","contentUrl":"http:\/\/fundaciomallorcaturisme.net\/wp-content\/uploads\/2026\/03\/logo.webp","width":696,"height":570,"caption":"Consell de Mallorca"},"image":{"@id":"https:\/\/fundaciomallorcaturisme.net\/ca\/#\/schema\/logo\/image\/"},"sameAs":["https:\/\/www.facebook.com\/ConselldeMca\/","https:\/\/x.com\/ConselldeMca","https:\/\/www.instagram.com\/conselldemca\/","https:\/\/www.youtube.com\/user\/conselldemallorca"]}]}},"_links":{"self":[{"href":"https:\/\/fundaciomallorcaturisme.net\/ca\/wp-json\/wp\/v2\/pages\/1671","targetHints":{"allow":["GET"]}}],"collection":[{"href":"https:\/\/fundaciomallorcaturisme.net\/ca\/wp-json\/wp\/v2\/pages"}],"about":[{"href":"https:\/\/fundaciomallorcaturisme.net\/ca\/wp-json\/wp\/v2\/types\/page"}],"author":[{"embeddable":true,"href":"https:\/\/fundaciomallorcaturisme.net\/ca\/wp-json\/wp\/v2\/users\/1"}],"replies":[{"embeddable":true,"href":"https:\/\/fundaciomallorcaturisme.net\/ca\/wp-json\/wp\/v2\/comments?post=1671"}],"version-history":[{"count":4,"href":"https:\/\/fundaciomallorcaturisme.net\/ca\/wp-json\/wp\/v2\/pages\/1671\/revisions"}],"predecessor-version":[{"id":4502,"href":"https:\/\/fundaciomallorcaturisme.net\/ca\/wp-json\/wp\/v2\/pages\/1671\/revisions\/4502"}],"wp:attachment":[{"href":"https:\/\/fundaciomallorcaturisme.net\/ca\/wp-json\/wp\/v2\/media?parent=1671"}],"curies":[{"name":"wp","href":"https:\/\/api.w.org\/{rel}","templated":true}]}}